{"id":10118,"date":"2021-08-02T13:42:31","date_gmt":"2021-08-02T11:42:31","guid":{"rendered":"https:\/\/www.sngenealogie.ch\/wp\/?page_id=10118"},"modified":"2021-08-02T15:42:18","modified_gmt":"2021-08-02T13:42:18","slug":"anciennes-familles-bevaix","status":"publish","type":"page","link":"https:\/\/www.sngenealogie.ch\/wp\/bulletins\/bulletin-39\/anciennes-familles-bevaix\/","title":{"rendered":"Anciennes familles Bevaix"},"content":{"rendered":"\t\t<div data-elementor-type=\"wp-page\" data-elementor-id=\"10118\" class=\"elementor elementor-10118\">\n\t\t\t\t\t\t<section class=\"elementor-section elementor-top-section elementor-element elementor-element-6c184fb4 elementor-section-boxed elementor-section-height-default elementor-section-height-default\" data-id=\"6c184fb4\" data-element_type=\"section\" data-e-type=\"section\" data-settings=\"{&quot;background_background&quot;:&quot;gradient&quot;}\">\n\t\t\t\t\t\t<div class=\"elementor-container elementor-column-gap-no\">\n\t\t\t\t\t<div class=\"elementor-column elementor-col-100 elementor-top-column elementor-element elementor-element-3c4f2430\" data-id=\"3c4f2430\" data-element_type=\"column\" data-e-type=\"column\">\n\t\t\t<div class=\"elementor-widget-wrap elementor-element-populated\">\n\t\t\t\t\t\t<div class=\"elementor-element elementor-element-28a7be6c elementor-widget elementor-widget-heading\" data-id=\"28a7be6c\" data-element_type=\"widget\" data-e-type=\"widget\" data-widget_type=\"heading.default\">\n\t\t\t\t<div class=\"elementor-widget-container\">\n\t\t\t\t\t<h5 class=\"elementor-heading-title elementor-size-default\">Bulletin 39 \/ D\u00e9cembre 2009<\/h5>\t\t\t\t<\/div>\n\t\t\t\t<\/div>\n\t\t\t\t<div class=\"elementor-element elementor-element-64b397dc elementor-widget elementor-widget-heading\" data-id=\"64b397dc\" data-element_type=\"widget\" data-e-type=\"widget\" data-widget_type=\"heading.default\">\n\t\t\t\t<div class=\"elementor-widget-container\">\n\t\t\t\t\t<h2 class=\"elementor-heading-title elementor-size-default\">Les anciennes familles de Bevaix<\/h2>\t\t\t\t<\/div>\n\t\t\t\t<\/div>\n\t\t\t\t\t<\/div>\n\t\t<\/div>\n\t\t\t\t\t<\/div>\n\t\t<\/section>\n\t\t\t\t<section class=\"elementor-section elementor-top-section elementor-element elementor-element-187d1c15 elementor-section-boxed elementor-section-height-default elementor-section-height-default\" data-id=\"187d1c15\" data-element_type=\"section\" data-e-type=\"section\">\n\t\t\t\t\t\t<div class=\"elementor-container elementor-column-gap-default\">\n\t\t\t\t\t<div class=\"elementor-column elementor-col-100 elementor-top-column elementor-element elementor-element-6539d444\" data-id=\"6539d444\" data-element_type=\"column\" data-e-type=\"column\">\n\t\t\t<div class=\"elementor-widget-wrap elementor-element-populated\">\n\t\t\t\t\t\t<div class=\"elementor-element elementor-element-8457048 elementor-widget elementor-widget-heading\" data-id=\"8457048\" data-element_type=\"widget\" data-e-type=\"widget\" data-widget_type=\"heading.default\">\n\t\t\t\t<div class=\"elementor-widget-container\">\n\t\t\t\t\t<h4 class=\"elementor-heading-title elementor-size-default\">rapport\u00e9e par Fran\u00e7oise Favre<\/h4>\t\t\t\t<\/div>\n\t\t\t\t<\/div>\n\t\t\t\t<div class=\"elementor-element elementor-element-e7770b6 elementor-widget elementor-widget-spacer\" data-id=\"e7770b6\" data-element_type=\"widget\" data-e-type=\"widget\" data-widget_type=\"spacer.default\">\n\t\t\t\t<div class=\"elementor-widget-container\">\n\t\t\t\t\t\t\t<div class=\"elementor-spacer\">\n\t\t\t<div class=\"elementor-spacer-inner\"><\/div>\n\t\t<\/div>\n\t\t\t\t\t\t<\/div>\n\t\t\t\t<\/div>\n\t\t\t\t<div class=\"elementor-element elementor-element-372dc1b elementor-widget elementor-widget-heading\" data-id=\"372dc1b\" data-element_type=\"widget\" data-e-type=\"widget\" data-widget_type=\"heading.default\">\n\t\t\t\t<div class=\"elementor-widget-container\">\n\t\t\t\t\t<h2 class=\"elementor-heading-title elementor-size-default\">Conf\u00e9rence donn\u00e9e par Germain Hausmann<\/h2>\t\t\t\t<\/div>\n\t\t\t\t<\/div>\n\t\t\t\t<div class=\"elementor-element elementor-element-54c66cb elementor-widget elementor-widget-text-editor\" data-id=\"54c66cb\" data-element_type=\"widget\" data-e-type=\"widget\" data-widget_type=\"text-editor.default\">\n\t\t\t\t<div class=\"elementor-widget-container\">\n\t\t\t\t\t\t\t\t\t<p>Vendredi 6 novembre 2009 \u00e0 19h30 au Caf\u00e9 de l&rsquo;Union \u00e0 Fontainemelon, rapport\u00e9e par Fran\u00e7oise Favre-Martel, secr\u00e9taire de la SNG<\/p>\t\t\t\t\t\t\t\t<\/div>\n\t\t\t\t<\/div>\n\t\t\t\t<div class=\"elementor-element elementor-element-fe11693 elementor-widget elementor-widget-heading\" data-id=\"fe11693\" data-element_type=\"widget\" data-e-type=\"widget\" data-widget_type=\"heading.default\">\n\t\t\t\t<div class=\"elementor-widget-container\">\n\t\t\t\t\t<h4 class=\"elementor-heading-title elementor-size-default\">Un peu d'histoire<\/h4>\t\t\t\t<\/div>\n\t\t\t\t<\/div>\n\t\t\t\t<div class=\"elementor-element elementor-element-4d49286 elementor-widget elementor-widget-text-editor\" data-id=\"4d49286\" data-element_type=\"widget\" data-e-type=\"widget\" data-widget_type=\"text-editor.default\">\n\t\t\t\t<div class=\"elementor-widget-container\">\n\t\t\t\t\t\t\t\t\t<p>Bevaix est l&rsquo;une des plus anciennes communes de notre canton. Colombier est cit\u00e9 un peu plus t\u00f4t, le 12 d\u00e9cembre 937, et Areuse remonte aussi au 10e si\u00e8cle, \u00e0 939 pour \u00eatre pr\u00e9cis.<\/p><p><strong>En 998<\/strong>, un certain Rodolphe, appartenant \u00e0 la tr\u00e8s haute noblesse du royaume de Bourgogne, d\u00e9sire fonder un prieur\u00e9. Dans cette intention, il rencontre \u00e0 Payerne l&rsquo;abb\u00e9 de Cluny, Odilon, et donne \u00e0 ce nouvel \u00e9tablissement un certain nombre de terres, de biens et de revenus, par exemple les imp\u00f4ts tir\u00e9s de 10 paysans libres, ce qui nous permet de savoir approximativement qui \u00e9taient les habitants de Bevaix \u00e0 cette \u00e9poque : trois d&rsquo;entre eux portent un nom d&rsquo;origine latine, les autres noms ont une origine germanique. <\/p><p>Ensuite, Rodolphe donne un territoire et une vigne qui vont jusqu&rsquo;au bord du lac. Le prieur\u00e9 est ainsi dot\u00e9 d&rsquo;un territoire, sur lequel s&rsquo;\u00e9rigera une seigneurie, qui correspond \u00e0 peu pr\u00e8s \u00e0 l&rsquo;actuelle commune de Bevaix. On peut encore voir pr\u00e8s du port de Bevaix,\u00a0 dans un jardin priv\u00e9, un bloc erratique qui marquait la limite des terres du prieur\u00e9. A cela s&rsquo;ajoute encore quelques petits villages, l&rsquo;\u00e9glise et le village de St-Martin au Val-de-Ruz. <\/p><p>Puis Rodolphe donne encore 40 personnes qui sont des serfs. L\u00e0 encore, on observe qu&rsquo;une petite part de ces noms a une origine latine et que la plus grande part a une origine germanique. <\/p><p>Rodolphe sera \u00ab\u00a0avou\u00e9\u00a0\u00bb du prieur\u00e9, c&rsquo;est-\u00e0-dire d\u00e9fenseur du monast\u00e8re. Si, au d\u00e9part, l&rsquo;avou\u00e9 est soumis au monast\u00e8re, par la suite, ce sera le contraire. Le contrat stipule que les avou\u00e9s seront toujours choisi parmi ses descendants.<\/p><p>\u00a0<\/p><p>Apr\u00e8s un silence de presque 2 si\u00e8cles et demi, on reparle de Bevaix <strong>vers 1250<\/strong>.<\/p><p>A cette \u00e9poque, il y avait trois avou\u00e9s : Sybille, \u00e9pouse de Renaud d&rsquo;Estavayer, descendante sans doute des seigneurs de Gorgier, Girard de Rochefort et Pierre d&rsquo;Asnens. Vraisemblablement sont-ils issus de trois branches des descendants de Rodolphe. Vers 1250, ils r\u00e8glent leur diff\u00e9rend de mani\u00e8re orale.<\/p><p>Mais en 1263, ces m\u00eames diff\u00e9rends resurgissent, aussi fait-on une convention \u00e9crite pour en garder une trace. Les trois avou\u00e9s ont alors chang\u00e9 : Le fils de Sibille d\u2019Estavayer de Gorgier, Jacques d\u2019Estavayer, la remplace ; Jacques et Renaud de Colombier ont succ\u00e9d\u00e9 \u00e0 Girard de Rochefort. Il en est de m\u00eame pour Hermann, fils de Pierre d\u2019Asnens. Ce document est int\u00e9ressant pour nous, parce qu&rsquo;une liste des noms des familles et des membres du prieur\u00e9 lui est associ\u00e9e. Mais aucun de ces noms ne reparaissent par la suite.<\/p><p>Il faut attendre le <strong>14e si\u00e8cle<\/strong> pour voir appara\u00eetre des noms de famille h\u00e9r\u00e9ditaires \u00e0 Bevaix toujours port\u00e9s actuellement.\u00a0<\/p>\t\t\t\t\t\t\t\t<\/div>\n\t\t\t\t<\/div>\n\t\t\t\t<div class=\"elementor-element elementor-element-797805a elementor-widget elementor-widget-heading\" data-id=\"797805a\" data-element_type=\"widget\" data-e-type=\"widget\" data-widget_type=\"heading.default\">\n\t\t\t\t<div class=\"elementor-widget-container\">\n\t\t\t\t\t<h4 class=\"elementor-heading-title elementor-size-default\">Les familles de Bevaix<\/h4>\t\t\t\t<\/div>\n\t\t\t\t<\/div>\n\t\t\t\t<div class=\"elementor-element elementor-element-db3702b elementor-widget elementor-widget-text-editor\" data-id=\"db3702b\" data-element_type=\"widget\" data-e-type=\"widget\" data-widget_type=\"text-editor.default\">\n\t\t\t\t<div class=\"elementor-widget-container\">\n\t\t\t\t\t\t\t\t\t<p>Dans le cadre d&rsquo;une manifestation populaire \u00e0 Bevaix, Germain Hausmann a \u00e9t\u00e9 amen\u00e9 \u00e0 faire la g\u00e9n\u00e9alogie de plusieurs famille du village. Voir ci-joint la liste des familles originaires de Bevaix. Ces g\u00e9n\u00e9alogies seront publi\u00e9es dans le Bulletin et le pr\u00e9sent compte-rendu ne mentionne \u00e0 propos de ces familles que les personnes sortant du lot.<\/p>\t\t\t\t\t\t\t\t<\/div>\n\t\t\t\t<\/div>\n\t\t\t\t<div class=\"elementor-element elementor-element-26710d0 elementor-widget elementor-widget-text-editor\" data-id=\"26710d0\" data-element_type=\"widget\" data-e-type=\"widget\" data-widget_type=\"text-editor.default\">\n\t\t\t\t<div class=\"elementor-widget-container\">\n\t\t\t\t\t\t\t\t\t<p>BARRET Gustave Henry, enfant de Bevaix, est parti en Afrique et il a pass\u00e9 toute sa vie au Congo \u00e0 Ngayu-Nepoko.<\/p><p>GOTTREUX Henry, mort en 1909, v\u00e9t\u00e9ran retrait\u00e9 , il a servi aux USA, ce qui lui a valu une pension de 6 dollars par an\u2026<\/p><p>MAULEY un patronyme qui s&rsquo;est d&rsquo;abord transmis par les femmes. <\/p><p>MELLIER , une famille qui se ramifie en de nombreuse branches dont une a \u00ab\u00a0\u00e9migr\u00e9\u00a0\u00bb \u00e0 Cortaillod.<\/p><p>Jean-Jacques MELLIER, n\u00e9 en 1723, s&rsquo;engage \u00e0 20 ans au service de la France. Il commence sa carri\u00e8re comme simple soldat et monte en grade peu \u00e0 peu. Ayant atteint le poste le plus \u00e9lev\u00e9 auquel un militaire suisse peut arriver par son seul m\u00e9rite, celui de lieutenant-colonel, il prend sa retraite en 1792, avec une rente de 3&rsquo;700 livres par an (un simple soldat touchait 150 livres\/an). C&rsquo;est un bel exemple de quelqu&rsquo;un qui ne sort pas de la noblesse, mais qui arrive pourtant au sommet de la hi\u00e9rarchie militaire gr\u00e2ce \u00e0 ses comp\u00e9tences. Il meurt le 25 novembre 1805.<\/p><p>RIBAUX, la famille la plus nombreuse de Bevaix.<\/p><p>Adolphe RIBAUX (1863-1915), homme de lettres, auteur de po\u00e8mes (\u00ab\u00a0Feuilles de Lierre\u00a0\u00bb) et de drames historiques \u00ab nationaux \u00bb (Divico, la Reine Berthe).<\/p><p>TINEMBART. bien que ce soit la famille la plus ancienne de Bevaix, elle ne compte aucun personnage c\u00e9l\u00e8bre dans ses rangs.<\/p>\t\t\t\t\t\t\t\t<\/div>\n\t\t\t\t<\/div>\n\t\t\t\t<div class=\"elementor-element elementor-element-a864e0a elementor-widget elementor-widget-text-editor\" data-id=\"a864e0a\" data-element_type=\"widget\" data-e-type=\"widget\" data-widget_type=\"text-editor.default\">\n\t\t\t\t<div class=\"elementor-widget-container\">\n\t\t\t\t\t\t\t\t\t<p>D&rsquo;autres familles de Bevaix se sont \u00e9teintes<\/p><p>BALEY, voir la g\u00e9n\u00e9alogie parue dans le Bulletin 38\u00a0<a href=\"https:\/\/www.sngenealogie.ch\/wp\/bulletins\/bulletin-38\/souche-famille-baley\/\"><i class=\"fas fa-arrow-right\"><\/i><\/a>.<\/p><p>BERGER. Jean-Baptiste BERGER \u00e9pouse Lucie PARIS, laquelle est accus\u00e9e peu apr\u00e8s de sorcellerie et condamn\u00e9e au bannissement. En 1591, Jean-Baptiste se retrouve seul, il a 25 ans et souhaite se remarier. Il demande donc \u00e0 la cour consistoriale le divorce. On lui indique la proc\u00e9dure \u00e0 suivre et on le fait attendre. Finalement en 1593, Lucie PARIS ayant pu \u00eatre contact\u00e9e, elle se d\u00e9clare consentante et le divorce est accord\u00e9, car les pasteurs \u00ab prennent en consid\u00e9ration \u2026 que c\u2019est un jeune homme qui n\u2019a point le don de continence \u2026 il pourrait tomber en paillardise \u00bb.<\/p><p>BISARD ou BIZARD. Jacques BIZARD (1642-1692), parti au Canada comme aide de camp d&rsquo;un noble fran\u00e7ais, FRONTENAC, il finira par \u00eatre nomm\u00e9 suppl\u00e9ant au gouverneur de Montr\u00e9al. Aujourd&rsquo;hui, une grande \u00eele au nord de Montr\u00e9al porte encore son nom. <\/p><p>MONIN une famille qui a donn\u00e9 plusieurs pasteurs au 19e si\u00e8cle.<\/p><p>de CHAMBRIER, une famille dont sont sorties de nombreuses personnes c\u00e9l\u00e8bres. Pour la branche \u00e9tablie \u00e0 Bevaix, citons Alice de CHAMBRIER (1861-1882), auteur et po\u00e9tesse, qui a \u00e9crit de tr\u00e8s belles po\u00e9sies et un roman intitul\u00e9 \u00ab\u00a0Sybille ou le chatelard de Bevaix\u00a0\u00bb.<\/p><p>BON : une l\u00e9gende veut que tous les huguenots r\u00e9fugi\u00e9s dans la Principaut\u00e9 de Neuch\u00e2tel auraient fait fortune\u2026 ce n&rsquo;est en tout cas pas vrai pour cette famille qui fit partie du Quart Monde jusqu\u2019\u00e0 sa r\u00e9cente extinction. <\/p><p>OLIVIER : L&rsquo;anc\u00eatre de cette famille \u00e9tait un enfant r\u00f4deur, qui ne connaissait ni son nom, ni ses parents, ni son \u00e2ge. Il faisait partie d&rsquo;une bande d&rsquo;enfants venu d&rsquo;Italie pour vendre des oranges. Las de cette vie errante, il se cacha et quitta la bande. Recueilli\u00a0 finalement par le pasteur Bonh\u00f4te, il fit un apprentissage de tailleur d\u2019habits. Il re\u00e7oit en 1779 le nom d&rsquo;OLIVIER, peut-\u00eatre pour rappeler son origine ? Il fut alors naturalis\u00e9 neuch\u00e2telois \u00e0 la condition qu\u2019il acquiert une commune dans les deux ans \u00e0 venir. Il sera par la suite \u00ab\u00a0d\u00e9naturalis\u00e9\u00a0\u00bb faute d&rsquo;avoir pu remplir cette condition. Cette famille resta apatride jusqu\u2019\u00e0 son int\u00e9gration dans la commune de Bevaix en 1863.<\/p>\t\t\t\t\t\t\t\t<\/div>\n\t\t\t\t<\/div>\n\t\t\t\t\t<\/div>\n\t\t<\/div>\n\t\t\t\t\t<\/div>\n\t\t<\/section>\n\t\t\t\t<section class=\"elementor-section elementor-top-section elementor-element elementor-element-394a1564 elementor-section-boxed elementor-section-height-default elementor-section-height-default\" data-id=\"394a1564\" data-element_type=\"section\" data-e-type=\"section\">\n\t\t\t\t\t\t<div class=\"elementor-container elementor-column-gap-default\">\n\t\t\t\t\t<div class=\"elementor-column elementor-col-33 elementor-top-column elementor-element elementor-element-2e538c5c\" data-id=\"2e538c5c\" data-element_type=\"column\" data-e-type=\"column\">\n\t\t\t<div class=\"elementor-widget-wrap elementor-element-populated\">\n\t\t\t\t\t\t<div class=\"elementor-element elementor-element-824257a elementor-widget elementor-widget-button\" data-id=\"824257a\" data-element_type=\"widget\" data-e-type=\"widget\" data-widget_type=\"button.default\">\n\t\t\t\t<div class=\"elementor-widget-container\">\n\t\t\t\t\t\t\t\t\t<div class=\"elementor-button-wrapper\">\n\t\t\t\t\t<a class=\"elementor-button elementor-button-link elementor-size-sm\" href=\"https:\/\/www.sngenealogie.ch\/wp\/bulletins\/bulletin-39\/suchard-chocolatiers\/\">\n\t\t\t\t\t\t<span class=\"elementor-button-content-wrapper\">\n\t\t\t\t\t\t<span class=\"elementor-button-icon\">\n\t\t\t\t<i aria-hidden=\"true\" class=\"fas fa-arrow-left\"><\/i>\t\t\t<\/span>\n\t\t\t\t\t\t\t\t\t<span class=\"elementor-button-text\">Article pr\u00e9c\u00e9dent<\/span>\n\t\t\t\t\t<\/span>\n\t\t\t\t\t<\/a>\n\t\t\t\t<\/div>\n\t\t\t\t\t\t\t\t<\/div>\n\t\t\t\t<\/div>\n\t\t\t\t\t<\/div>\n\t\t<\/div>\n\t\t\t\t<div class=\"elementor-column elementor-col-33 elementor-top-column elementor-element elementor-element-99cc7f\" data-id=\"99cc7f\" data-element_type=\"column\" data-e-type=\"column\">\n\t\t\t<div class=\"elementor-widget-wrap elementor-element-populated\">\n\t\t\t\t\t\t<div class=\"elementor-element elementor-element-7414bc44 elementor-align-center elementor-widget elementor-widget-button\" data-id=\"7414bc44\" data-element_type=\"widget\" data-e-type=\"widget\" data-widget_type=\"button.default\">\n\t\t\t\t<div class=\"elementor-widget-container\">\n\t\t\t\t\t\t\t\t\t<div class=\"elementor-button-wrapper\">\n\t\t\t\t\t<a class=\"elementor-button elementor-button-link elementor-size-sm\" href=\"https:\/\/www.sngenealogie.ch\/wp\/bulletins\/bulletin-39\/\">\n\t\t\t\t\t\t<span class=\"elementor-button-content-wrapper\">\n\t\t\t\t\t\t<span class=\"elementor-button-icon\">\n\t\t\t\t<i aria-hidden=\"true\" class=\"fas fa-arrow-up\"><\/i>\t\t\t<\/span>\n\t\t\t\t\t\t\t\t\t<span class=\"elementor-button-text\">Bulletin 39<\/span>\n\t\t\t\t\t<\/span>\n\t\t\t\t\t<\/a>\n\t\t\t\t<\/div>\n\t\t\t\t\t\t\t\t<\/div>\n\t\t\t\t<\/div>\n\t\t\t\t\t<\/div>\n\t\t<\/div>\n\t\t\t\t<div class=\"elementor-column elementor-col-33 elementor-top-column elementor-element elementor-element-35e0edd6\" data-id=\"35e0edd6\" data-element_type=\"column\" data-e-type=\"column\">\n\t\t\t<div class=\"elementor-widget-wrap elementor-element-populated\">\n\t\t\t\t\t\t<div class=\"elementor-element elementor-element-4febe7b0 elementor-align-right elementor-widget elementor-widget-button\" data-id=\"4febe7b0\" data-element_type=\"widget\" data-e-type=\"widget\" data-widget_type=\"button.default\">\n\t\t\t\t<div class=\"elementor-widget-container\">\n\t\t\t\t\t\t\t\t\t<div class=\"elementor-button-wrapper\">\n\t\t\t\t\t<a class=\"elementor-button elementor-button-link elementor-size-sm\" href=\"https:\/\/www.sngenealogie.ch\/wp\/bulletins\/bulletin-39\/david-francois-clerc\/\">\n\t\t\t\t\t\t<span class=\"elementor-button-content-wrapper\">\n\t\t\t\t\t\t<span class=\"elementor-button-icon\">\n\t\t\t\t<i aria-hidden=\"true\" class=\"fas fa-arrow-right\"><\/i>\t\t\t<\/span>\n\t\t\t\t\t\t\t\t\t<span class=\"elementor-button-text\">Article suivant<\/span>\n\t\t\t\t\t<\/span>\n\t\t\t\t\t<\/a>\n\t\t\t\t<\/div>\n\t\t\t\t\t\t\t\t<\/div>\n\t\t\t\t<\/div>\n\t\t\t\t\t<\/div>\n\t\t<\/div>\n\t\t\t\t\t<\/div>\n\t\t<\/section>\n\t\t\t\t<\/div>\n\t\t","protected":false},"excerpt":{"rendered":"<p>Bulletin 39 \/ D\u00e9cembre 2009 Les anciennes familles de Bevaix rapport\u00e9e par Fran\u00e7oise Favre Conf\u00e9rence donn\u00e9e par Germain Hausmann Vendredi [&hellip;]<\/p>\n","protected":false},"author":1,"featured_media":0,"parent":2653,"menu_order":0,"comment_status":"closed","ping_status":"closed","template":"","meta":{"site-sidebar-layout":"no-sidebar","site-content-layout":"page-builder","ast-site-content-layout":"default","site-content-style":"default","site-sidebar-style":"default","ast-global-header-display":"","ast-banner-title-visibility":"","ast-main-header-display":"","ast-hfb-above-header-display":"","ast-hfb-below-header-display":"","ast-hfb-mobile-header-display":"","site-post-title":"disabled","ast-breadcrumbs-content":"","ast-featured-img":"disabled","footer-sml-layout":"","ast-disable-related-posts":"","theme-transparent-header-meta":"default","adv-header-id-meta":"","stick-header-meta":"","header-above-stick-meta":"","header-main-stick-meta":"","header-below-stick-meta":"","astra-migrate-meta-layouts":"default","ast-page-background-enabled":"default","ast-page-background-meta":{"desktop":{"background-color":"","background-image":"","background-repeat":"repeat","background-position":"center center","background-size":"auto","background-attachment":"scroll","background-type":"","background-media":"","overlay-type":"","overlay-color":"","overlay-opacity":"","overlay-gradient":""},"tablet":{"background-color":"","background-image":"","background-repeat":"repeat","background-position":"center center","background-size":"auto","background-attachment":"scroll","background-type":"","background-media":"","overlay-type":"","overlay-color":"","overlay-opacity":"","overlay-gradient":""},"mobile":{"background-color":"","background-image":"","background-repeat":"repeat","background-position":"center center","background-size":"auto","background-attachment":"scroll","background-type":"","background-media":"","overlay-type":"","overlay-color":"","overlay-opacity":"","overlay-gradient":""}},"ast-content-background-meta":{"desktop":{"background-color":"var(--ast-global-color-5)","background-image":"","background-repeat":"repeat","background-position":"center center","background-size":"auto","background-attachment":"scroll","background-type":"","background-media":"","overlay-type":"","overlay-color":"","overlay-opacity":"","overlay-gradient":""},"tablet":{"background-color":"var(--ast-global-color-5)","background-image":"","background-repeat":"repeat","background-position":"center center","background-size":"auto","background-attachment":"scroll","background-type":"","background-media":"","overlay-type":"","overlay-color":"","overlay-opacity":"","overlay-gradient":""},"mobile":{"background-color":"var(--ast-global-color-5)","background-image":"","background-repeat":"repeat","background-position":"center center","background-size":"auto","background-attachment":"scroll","background-type":"","background-media":"","overlay-type":"","overlay-color":"","overlay-opacity":"","overlay-gradient":""}},"footnotes":""},"wf_page_folders":[55],"class_list":["post-10118","page","type-page","status-publish","hentry"],"_links":{"self":[{"href":"https:\/\/www.sngenealogie.ch\/wp\/wp-json\/wp\/v2\/pages\/10118","targetHints":{"allow":["GET"]}}],"collection":[{"href":"https:\/\/www.sngenealogie.ch\/wp\/wp-json\/wp\/v2\/pages"}],"about":[{"href":"https:\/\/www.sngenealogie.ch\/wp\/wp-json\/wp\/v2\/types\/page"}],"author":[{"embeddable":true,"href":"https:\/\/www.sngenealogie.ch\/wp\/wp-json\/wp\/v2\/users\/1"}],"replies":[{"embeddable":true,"href":"https:\/\/www.sngenealogie.ch\/wp\/wp-json\/wp\/v2\/comments?post=10118"}],"version-history":[{"count":8,"href":"https:\/\/www.sngenealogie.ch\/wp\/wp-json\/wp\/v2\/pages\/10118\/revisions"}],"predecessor-version":[{"id":10178,"href":"https:\/\/www.sngenealogie.ch\/wp\/wp-json\/wp\/v2\/pages\/10118\/revisions\/10178"}],"up":[{"embeddable":true,"href":"https:\/\/www.sngenealogie.ch\/wp\/wp-json\/wp\/v2\/pages\/2653"}],"wp:attachment":[{"href":"https:\/\/www.sngenealogie.ch\/wp\/wp-json\/wp\/v2\/media?parent=10118"}],"wp:term":[{"taxonomy":"wf_page_folders","embeddable":true,"href":"https:\/\/www.sngenealogie.ch\/wp\/wp-json\/wp\/v2\/wf_page_folders?post=10118"}],"curies":[{"name":"wp","href":"https:\/\/api.w.org\/{rel}","templated":true}]}}