{"id":10368,"date":"2021-08-03T17:33:11","date_gmt":"2021-08-03T15:33:11","guid":{"rendered":"https:\/\/www.sngenealogie.ch\/wp\/?page_id=10368"},"modified":"2021-08-04T09:55:35","modified_gmt":"2021-08-04T07:55:35","slug":"ascendance-julie-mieville","status":"publish","type":"page","link":"https:\/\/www.sngenealogie.ch\/wp\/bulletins\/bulletin-42\/ascendance-julie-mieville\/","title":{"rendered":"Ascendance Julie Mi\u00e9ville"},"content":{"rendered":"\t\t<div data-elementor-type=\"wp-page\" data-elementor-id=\"10368\" class=\"elementor elementor-10368\">\n\t\t\t\t\t\t<section class=\"elementor-section elementor-top-section elementor-element elementor-element-6c184fb4 elementor-section-boxed elementor-section-height-default elementor-section-height-default\" data-id=\"6c184fb4\" data-element_type=\"section\" data-e-type=\"section\" data-settings=\"{&quot;background_background&quot;:&quot;gradient&quot;}\">\n\t\t\t\t\t\t<div class=\"elementor-container elementor-column-gap-no\">\n\t\t\t\t\t<div class=\"elementor-column elementor-col-100 elementor-top-column elementor-element elementor-element-3c4f2430\" data-id=\"3c4f2430\" data-element_type=\"column\" data-e-type=\"column\">\n\t\t\t<div class=\"elementor-widget-wrap elementor-element-populated\">\n\t\t\t\t\t\t<div class=\"elementor-element elementor-element-28a7be6c elementor-widget elementor-widget-heading\" data-id=\"28a7be6c\" data-element_type=\"widget\" data-e-type=\"widget\" data-widget_type=\"heading.default\">\n\t\t\t\t<div class=\"elementor-widget-container\">\n\t\t\t\t\t<h5 class=\"elementor-heading-title elementor-size-default\">Bulletin 42 \/ D\u00e9cembre 2010<\/h5>\t\t\t\t<\/div>\n\t\t\t\t<\/div>\n\t\t\t\t<div class=\"elementor-element elementor-element-64b397dc elementor-widget elementor-widget-heading\" data-id=\"64b397dc\" data-element_type=\"widget\" data-e-type=\"widget\" data-widget_type=\"heading.default\">\n\t\t\t\t<div class=\"elementor-widget-container\">\n\t\t\t\t\t<h2 class=\"elementor-heading-title elementor-size-default\">L'ascendance de Julie Mi\u00e9ville<\/h2>\t\t\t\t<\/div>\n\t\t\t\t<\/div>\n\t\t\t\t\t<\/div>\n\t\t<\/div>\n\t\t\t\t\t<\/div>\n\t\t<\/section>\n\t\t\t\t<section class=\"elementor-section elementor-top-section elementor-element elementor-element-187d1c15 elementor-section-boxed elementor-section-height-default elementor-section-height-default\" data-id=\"187d1c15\" data-element_type=\"section\" data-e-type=\"section\">\n\t\t\t\t\t\t<div class=\"elementor-container elementor-column-gap-default\">\n\t\t\t\t\t<div class=\"elementor-column elementor-col-100 elementor-top-column elementor-element elementor-element-6539d444\" data-id=\"6539d444\" data-element_type=\"column\" data-e-type=\"column\">\n\t\t\t<div class=\"elementor-widget-wrap elementor-element-populated\">\n\t\t\t\t\t\t<div class=\"elementor-element elementor-element-8457048 elementor-widget elementor-widget-heading\" data-id=\"8457048\" data-element_type=\"widget\" data-e-type=\"widget\" data-widget_type=\"heading.default\">\n\t\t\t\t<div class=\"elementor-widget-container\">\n\t\t\t\t\t<h4 class=\"elementor-heading-title elementor-size-default\">par Pierre-Arnold Borel<\/h4>\t\t\t\t<\/div>\n\t\t\t\t<\/div>\n\t\t\t\t<div class=\"elementor-element elementor-element-e7770b6 elementor-widget elementor-widget-spacer\" data-id=\"e7770b6\" data-element_type=\"widget\" data-e-type=\"widget\" data-widget_type=\"spacer.default\">\n\t\t\t\t<div class=\"elementor-widget-container\">\n\t\t\t\t\t\t\t<div class=\"elementor-spacer\">\n\t\t\t<div class=\"elementor-spacer-inner\"><\/div>\n\t\t<\/div>\n\t\t\t\t\t\t<\/div>\n\t\t\t\t<\/div>\n\t\t\t\t<div class=\"elementor-element elementor-element-4d49286 elementor-widget elementor-widget-text-editor\" data-id=\"4d49286\" data-element_type=\"widget\" data-e-type=\"widget\" data-widget_type=\"text-editor.default\">\n\t\t\t\t<div class=\"elementor-widget-container\">\n\t\t\t\t\t\t\t\t\t<h4>I. Julie MI\u00c9VILLE<\/h4><p>est n\u00e9e le 20 f\u00e9vrier 1822 \u00e0 Cortaillod, en la Principaut\u00e9 et canton de Neuch\u00e2tel en Suisse, fille de Fran\u00e7ois Louis et de Jeanne Louise GENSEL, dans une famille protestante aux id\u00e9es royalistes.<\/p><p>Le 1er novembre 1844, elle fait une demande de passeport pour Dresde, en Saxe, o\u00f9 elle a trouv\u00e9 une situation. C\u00e9libataire, elle met un fils au monde \u00e0 Leipzig en 1846. La naissance de Max Alfred, le 29 octobre 1846, est enregistr\u00e9e \u00e0 Colombier, la commune d&rsquo;origine de Julie.<\/p><p>Max Alfred sera adopt\u00e9 par Heinrich Gottfried M\u00dcLLER, ma\u00eetre de Chapelle \u00e0 Landsberg, district de Halle, et sa femme Johanna n\u00e9e WILHELM. Il portera le double nom de sa m\u00e8re et de son p\u00e8re adoptif. Son petit fils Ernst MI\u00c9VILLE-M\u00dcLLER vivait encore \u00e0 Bernburg, en Saxe Anhlat en 1933<\/p><p>On ne conna\u00eet rien de la vie de Julie, qui semble avoir perdu contact avec sa famille suisse. Selon un document officiel \u00e9manant du consulat allemand de Riga et dat\u00e9 du 4 mai 1910, Julie MI\u00c9VILLE, de nationalit\u00e9 allemande, est d\u00e9c\u00e9d\u00e9e en septembre 1905, \u00e0 l&rsquo;\u00e2ge de 83 ans, sur le domaine de Rentov, dans le district de Dvinsk, pr\u00e8s de Riga en Lettonie. <\/p><h4>II. MI\u00c9VILLE Fran\u00e7ois-Louis<\/h4><p>de Colombier, bourgeois de Neuch\u00e2tel et de Valangin, fils de Fran\u00e7ois Nicolas et de Marguerite CHARLES est n\u00e9 le 13 octobre 1793, \u00e0 Champvent, au pays de Vaud ; d\u00e9c\u00e9d\u00e9 le 9 ao\u00fbt 1844 \u00e0 Boudry. Il est Ma\u00eetre menuisier.<\/p><p>A l&rsquo;\u00e2ge de 50 ans, il exprime le d\u00e9sir d&rsquo;acheter la bourgeoisie de Valangin qu&rsquo;il obtient assez facilement. En ces temps troubl\u00e9s, il se sent fervent patriote et royaliste convaincu. \u00ab\u00a0<em>Vu un placet de Fran\u00e7ois MI\u00c9VILLE, de Colombier, bourgeois de Neuch\u00e2tel, menuisier \u00e0 Boudry, suppliant sa majest\u00e9 de lui accorder la qualit\u00e9 de bourgeois de Valangin, all\u00e9guant qu&rsquo;il a servi dans le bataillon des tirailleurs de la Garde, o\u00f9 il a \u00e9t\u00e9 d\u00e9cor\u00e9 de la M\u00e9daille de fer, et qu&rsquo;en 1831, \u00e9tant domicili\u00e9 \u00e0 Cortaillod, il a pris les armes contre les rebelles ; vu un rapport de M. Cousandier, conseiller d&rsquo;Etat et ch\u00e2telain de Boudry, entendu celui du D\u00e9partement de l&rsquo;Int\u00e9rieur et d\u00e9lib\u00e9r\u00e9 : le Conseil arr\u00eate que le placet du suppl\u00e9ant sera recommand\u00e9 au minist\u00e8re du Roi.<\/em>\u00a0\u00bb \u2013 Ch\u00e2teau de Neuch\u00e2tel, le 22 janvier 1843 (Manuel du Conseil d&rsquo;Etat de la Principaut\u00e9). <\/p><p>Le 6 f\u00e9vrier, le Conseil approuve les rapports \u00e0 la Cour, r\u00e9dig\u00e9s par M. le Chancelier, concernant les lettres de bourgeoisie de Valangin sollicit\u00e9es par M. MI\u00c9VILLE. \u2013 Accord\u00e9 : le 3 juillet 1843.<\/p><p>\u00ab\u00a0<em>Par la pr\u00e9sente lettre, nous recevons, agr\u00e9geons et incorporons au Noble et Vertueux Corps des Bourgeois de Valangin mon dit Sieur Fran\u00e7ois Louis MI\u00c9VILLE et ses l\u00e9gitimes descendants, n\u00e9s en loyal mariage, \u00e0 perp\u00e9tuit\u00e9, et nomm\u00e9ment ses trois fils : Paul, n\u00e9 en 1829, James, en 1832 et Henri-Louis, en 1834.<\/em>\u00ab\u00a0<\/p><p>Le 3 octobre 1835, une convention est pass\u00e9e avec lui pour la livraison de 15 bancs pour le temple de Boudry (Archives de Boudry \u2013 Proc\u00e8s-verbaux 1831-1841 p. 357).<\/p><p>Le 1er juillet 1819, il \u00e9pouse \u00e0 Neuch\u00e2tel, <strong>GENSEL Jeanne Louise Suzanne<\/strong>, de Villars Lussery, au pays de Vaud, fille de Samuel et de Dauphine Jeanne CHAVE ; n\u00e9e le 16 juin 1791 \u00e0 Lausanne ; d\u00e9c\u00e9d\u00e9e le 13 et inhum\u00e9e le 16 mars 1860 \u00e0 Boudry. Ses parents \u00e9taient tous deux issus de r\u00e9fugi\u00e9s huguenots.<br \/><span style=\"font-size: 16px;\">Dans la Bible de famille, David-Fr\u00e9d\u00e9ric GORGERAT, son gendre, a inscrit son d\u00e9c\u00e8s. Avec ses enfants et sa vieille m\u00e8re, elle s&rsquo;est laiss\u00e9e portraiturer en 1845 par le miniaturiste Henri-Louis Convert. Pour cette ravissante miniature, l&rsquo;artiste a re\u00e7u 40 pistoles d&rsquo;or.<br \/><\/span>Le couple a eu onze enfants :<\/p><ul><li>Fran\u00e7oise Louise (1819),<\/li><li>Augustine Louise (1821-1885),<\/li><li>Julie (1822-1905),<\/li><li>Claude Louis (1823-1825),<\/li><li>Marie Philippine (1825-1908),<\/li><li>C\u00e9cile Henriette (1827-1832),<\/li><li>Pauline Fr\u00e9d\u00e9rique (1828-1833),<\/li><li>Paul Arthur (1829-1858),<\/li><li>James Alphonse Louis (1832-1906),<\/li><li>Henri Louis (1834-1870) et<\/li><li>Pauline C\u00e9cile (1836- )<\/li><\/ul><h4>III. MI\u00c9VILLE Fran\u00e7ois Nicolas<\/h4><p>de Colombier, bourgeois de Neuch\u00e2tel, fils de David et de Catherine PIERREHUMBERT, est n\u00e9 le 27 juillet 1769 et baptis\u00e9 le samedi 5 ao\u00fbt \u00e0 Colombier ; d\u00e9c\u00e9d\u00e9 dans la matin\u00e9e du 20 avril 1814 (\u00ab\u00a0\u00e0 l&rsquo;h\u00f4pital pour ali\u00e9n\u00e9s\u00a0\u00bb, sans autre indication de lieu !).<br \/>En 1791, \u00ab\u00a0l\u00e8ve\u00a0\u00bb, c&rsquo;est-\u00e0-dire demande une pi\u00e8ce officielle pour partir \u00e0 l&rsquo;\u00e9tranger. Le 20 avril 1801, il obtient un passeport pour Bruxelles ; en 1811, il le fait valider pour parcourir la Suisse, l&rsquo;Allemagne et la France. Ma\u00eetre menuisier. Il \u00e9pouse \u00e0 Champvent, au pays de Vaud, <strong>CHARLES Suzanne Marguerite<\/strong>, n\u00e9e le 26 novembre 1770 \u00e0 Champvent, fille de CHARLES Pierre Fran\u00e7ois. Publications des bans de mariage \u00e0 Champvent, le 30 juin 1793.<br \/>Le couple a eu sept enfants :<\/p><ul><li>Fran\u00e7ois Louis (1793-1844),<\/li><li>Suzanne Marguerite (1796 &#8211; ),<\/li><li>David Henri (1798-1823),<\/li><li>Jean Fr\u00e9d\u00e9ric (1802 &#8211; ),<\/li><li>Marianne Philippine (1804 &#8211; ),<\/li><li>Louise (1808 &#8211; ) et<\/li><li>Philippe (1810 &#8211; ).<\/li><\/ul><h4>IV. MI\u00c9VILLE David dit David-Henri<\/h4><p>de Colombier, bourgeois de Neuch\u00e2tel, fils de Fran\u00e7ois et d&rsquo;Anne-Marie VUILLEMIN, est n\u00e9 le 6 avril 1732, \u00e0 Colombier ; d\u00e9c\u00e9d\u00e9 au-dit lieu, le 23 juin 1798. <br \/>En 1762, il s&rsquo;\u00e9tablit dans ce village, avec sa famille. Devient bourgeois interne de Neuch\u00e2tel, en 1781. <br \/>Il \u00e9pouse \u00e0 Saint-Aubin, le 22 ao\u00fbt 1761 <strong>PIERREHUMBERT Catherine<\/strong>, de St-Aubin, fille de Jacob et de Marie NICOUD, n\u00e9e en 1726 \u00e0 St-Aubin. D\u00e9c\u00e9d\u00e9e le 27 novembre 1782, \u00e0 Colombier, \u00e2g\u00e9e d&rsquo;environ 57 ans.<br \/>Le 22 juillet 1762, elle ach\u00e8te une portion de maison \u00e0 Colombier. <br \/>Ce couple a eu six enfants :<\/p><ul><li>Jeanne (1764),<\/li><li>Jean David (1766),<\/li><li>Marie (1767),<\/li><li>Fran\u00e7ois Nicolas (1769-1814) et<\/li><li>Marianne ( +1797).<\/li><\/ul><h4>V. MI\u00c9VILLE Fran\u00e7ois Louis<\/h4><p>de Colombier, fils d&rsquo;Henri Fran\u00e7ois, vigneron et de Salom\u00e9 VAUTHIER, est n\u00e9 le 15 juin 1707 \u00e0 Colombier ; cat\u00e9chum\u00e8ne \u00e0 No\u00ebl 1722 ; d\u00e9c\u00e9d\u00e9 entre le 27 septembre et le 10 octobre 1765, \u00e0 Colombier.\u00a0<br \/>Il \u00e9pouse \u00e0 Colombier le 22 f\u00e9vrier 1730 <strong>VUILLEMIN Anne Marie<\/strong>, de Valangin, fille d&rsquo;Henri, n\u00e9e en 1704, d\u00e9c\u00e9d\u00e9e le 12 avril 1768, \u00e0 Colombier (cat\u00e9chum\u00e8ne \u00e0 Valangin en 1717).<br \/>Le couple \u00e0 plusieurs enfants :<\/p><ul><li>Suzanne Marie (1730),<\/li><li>David Henri (1732-1798),<\/li><li>Elisabeth Madelaine (1733),<\/li><li>Fran\u00e7oise Louis (1742).<\/li><\/ul><h4>VI. MI\u00c9VILLE Henri Fran\u00e7ois<\/h4><p>dit aussi Henri Louis, de Colombier, fils d&rsquo;Elie a \u00e9t\u00e9 baptis\u00e9 le 17 octobre 1669 \u00e0 Colombier, d\u00e9c\u00e9d\u00e9 avant 1712. Important vigneron encaveur. Le 11 f\u00e9vrier 1898, il passe un accord avec ses fr\u00e8res et s\u0153urs de m\u00e8re. Le 25 mai 1702 : vendition de ros\u00e9e [1] de vendange, soit 8 hommes [2] de vigne.<br \/>Il \u00e9pouse le 31 octobre 1696 \u00e0 Colombier <strong>VAUTHIER Salom\u00e9<\/strong>, de Colombier, fille de Jonas et de Jeanne BOURQUIN.<br \/>Le 20 mars 1713, celle-ci vend trois morcels de terre, \u00e0 Planeyse, pour 110 livres faibles, puis le 13 mars 1714, elle vend sa propre vendange, 9 hommes de vigne (elle doit alors 139 livres faibles au seigneur vigneron). Le 13 juin 1715, nouvelle vente de sa vendange et 197 livres faibles d\u00fb au seigneur vigneron. Vente analogue le 17 mai 1717. <br \/>Elle est d\u00e9c\u00e9d\u00e9e le 9 janvier 1745 \u00e0 Colombier.<br \/>Le couple a eu plusieurs enfants :<\/p><ul><li>Suzanne Marie (1697),<\/li><li>Jonas et Abraham (1700) jumeaux qui n&rsquo;ont pas v\u00e9cu,<\/li><li>Jeanne Esabeau et Jean Jacques (1702) encore des jumeaux qui n&rsquo;ont pas v\u00e9cu,<\/li><li>Jonas (1704) et<\/li><li>Fran\u00e7ois Louis (1707-1765).<\/li><\/ul><h4>VII. MI\u00c9VILLE Elie<\/h4><p>de Colombier, bourgeois de Neuch\u00e2tel, fils d&rsquo;Abraham, est n\u00e9 le 24 juillet 1642 \u00e0 Colombier ; notaire de 1662 \u00e0 1697 ; en 1681, il est nomm\u00e9 greffier ; ancien d&rsquo;Eglise \u00e0 Colombier, secr\u00e9taire communal, personnage opulent, homme influent ; d\u00e9c\u00e9d\u00e9 le 15 avril 1697 \u00e0 Colombier ; le 2 f\u00e9vrier 1698, ses enfants proc\u00e8dent au partage de ses biens.\u00a0<br \/>Le 20 juin 1666, Elie assiste sa m\u00e8re en justice ; elle a \u00e9t\u00e9 trait\u00e9e de sorci\u00e8re par la femme de David Colin ; \u00e0 cette \u00e9poque, cette accusation \u00e9tait tr\u00e8s grave et pouvait porter un pr\u00e9judice \u00e9norme \u00e0 la personne vis\u00e9e ; le 4 juillet, ces deux dames se sont r\u00e9concili\u00e9es.<br \/>Le 14 juillet 1676, Elie rencontre ses beaux-fr\u00e8res pour proc\u00e9der \u00e0 la vente des biens HORY. <\/p><p>Il \u00e9pouse en premi\u00e8re noce le 25 mars 1668, \u00e0 Colombier <strong>HORY Esabeau<\/strong>, bourgeoise de Neuch\u00e2tel, fille de Blaise, issue d&rsquo;une famille de magistrats. Son apport est important : 3&rsquo;500 livres faibles de dot, de nombreux champs et vignes. En 1671, elle donne quittance \u00e0 sa famille pour ses biens propres h\u00e9rit\u00e9s de ses parents. <br \/>Le 11 f\u00e9vrier 1698, ses enfants passent un trait\u00e9 entre eux au sujet des biens de feue leur m\u00e8re : la dot de 3&rsquo;500 livres faibles leur est restitu\u00e9e, plus les terres, ainsi que le douaire de feue Esabeau GROSSOURDY leur grand-m\u00e8re maternelle,veuve de Jean Jaques PURY, pasteur \u00e0 Neuch\u00e2tel.<br \/>De cette union naissent plusieurs enfants (cit\u00e9s dans le trait\u00e9 de 1898):<\/p><ul><li>Henri Fran\u00e7ois (1669-1745),<\/li><li>Elie (+ 1749),<\/li><li>Anne et Marie Magdeleine. <\/li><\/ul><p>Elie MI\u00c9VILLE \u00e9pouse en 2e noce <strong>Suzanne ANDRI\u00c9<\/strong>, fille de David, des Geneveys sur Fontaines. De cette union naissent plusieurs enfants :<\/p><ul><li>Jean-Pierre,<\/li><li>Suzanne,<\/li><li>Marguerite et<\/li><li>Barbely.<\/li><\/ul><h4>VIII. MI\u00c9VILLE Abraham<\/h4><p>de Colombier, bourgeois de Neuch\u00e2tel, fils de Jonas.<br \/>Cit\u00e9 avec son p\u00e8re le 5 mai 1631 ; gouverneur de la communaut\u00e9 de Colombier en 1649, notaire et greffier, d\u00e9c\u00e9d\u00e9 avant 1668.<br \/>Il \u00e9pouse <strong>DROZ Marie<\/strong>, de Corcelles, fille de N\u2026 <br \/>Elle ach\u00e8te une maison \u00e0 Colombier pour 1800 livres faibles le 10 septembre 1642.<\/p><h4>IX . MI\u00c9VILLE Jonas<\/h4><p>fils de Lienhardt, de Colombier ;<br \/>Le 6 f\u00e9vrier 1613, il \u00e9change une vigne avec Ursely Wattel, sa belle-m\u00e8re ; le 5 mai 1631, il vend des vignes.<br \/>Il \u00e9pouse en premi\u00e8re noce avant 1610 <strong>ROSSEL N\u2026<\/strong>, la fille de Samuel et d&rsquo;Ursely Wattel dit Philibert, de Bevaix (d\u00e9c\u00e9d\u00e9 avant 1580)<br \/>Il \u00e9pouse en deuxi\u00e8me noce <strong>THOMASSET Jehanne<\/strong>, de Colombier, fille de Bernard, dont un enfant qui semble \u00eatre unique, Abraham. <\/p><h4>X. MI\u00c9VILLE Lienhardt<\/h4><p>de Colombier, bourgeois de Neuch\u00e2tel, fils de Jehan, lieutenant de justice en 1582 et gouverneur de Colombier en 1589 ; le 18 novembre 1603, il reconna\u00eet les biens Mi\u00e9vylle, au nom de ses petits-enfants, encore en bas \u00e2ge, n\u00e9s de feu Jean MICHEL, le maire de Cortaillod, et de sa fille Elisabeth MI\u00c9VILLE;<br \/>Il \u00e9pouse <strong>GARROT Marie<\/strong> de Ressudens au pays de Vaud, fille de spectable Humbert.<br \/>Le couple a des enfants : Jonas et Elisabeth.<\/p><h4>XI. MY\u00c9VILLE Jehan<\/h4><p>alias Jordanne, de Colombier, fils de Jaques.<br \/>Bourgeois de Neuch\u00e2tel, vigneron et paysan ; rec. biens le 20 mars 1532 ; \u00ab\u00a0Jehan Myeville de Coulombier feroit \u00ab\u00a0foynesons, moyssons et vendenges quant il fera beaul tems\u00a0\u00bb ; son \u00e9pouse est inconnue ; d\u00e9c\u00e9d\u00e9 vers 1565.<\/p><h4>XII. MY\u00c9VILLE Jaques dit Jaquet<\/h4><p>de Colombier, bourgeois de Neuch\u00e2tel, fils d&rsquo;Estevenin le chappuis ; d\u00e9c\u00e9d\u00e9 avant 1520. <br \/>rec. ses biens \u00e0 Colombier le 14 novembre 1441.<br \/>Il \u00e9pouse <strong>NORMAN\u2026.<\/strong> de Colombier, fille de Jehan.<\/p><h4>XIII. MY\u00c9VILLE Est\u00e9venin<\/h4><p>le chappuis, fils de N\u2026 vit \u00e0 Neuch\u00e2tel en 1440.\u00a0<\/p>\t\t\t\t\t\t\t\t<\/div>\n\t\t\t\t<\/div>\n\t\t\t\t\t<\/div>\n\t\t<\/div>\n\t\t\t\t\t<\/div>\n\t\t<\/section>\n\t\t\t\t<section class=\"elementor-section elementor-top-section elementor-element elementor-element-4eece307 elementor-section-boxed elementor-section-height-default elementor-section-height-default\" data-id=\"4eece307\" data-element_type=\"section\" data-e-type=\"section\">\n\t\t\t\t\t\t<div class=\"elementor-container elementor-column-gap-default\">\n\t\t\t\t\t<div class=\"elementor-column elementor-col-100 elementor-top-column elementor-element elementor-element-dcd9372\" data-id=\"dcd9372\" data-element_type=\"column\" data-e-type=\"column\">\n\t\t\t<div class=\"elementor-widget-wrap elementor-element-populated\">\n\t\t\t\t\t\t<div class=\"elementor-element elementor-element-4fbae316 elementor-widget elementor-widget-heading\" data-id=\"4fbae316\" data-element_type=\"widget\" data-e-type=\"widget\" data-widget_type=\"heading.default\">\n\t\t\t\t<div class=\"elementor-widget-container\">\n\t\t\t\t\t<h4 class=\"elementor-heading-title elementor-size-default\">Notes<\/h4>\t\t\t\t<\/div>\n\t\t\t\t<\/div>\n\t\t\t\t<div class=\"elementor-element elementor-element-2956044c elementor-widget elementor-widget-text-editor\" data-id=\"2956044c\" data-element_type=\"widget\" data-e-type=\"widget\" data-widget_type=\"text-editor.default\">\n\t\t\t\t<div class=\"elementor-widget-container\">\n\t\t\t\t\t\t\t\t\t<ol><li>La coutume appelle ros\u00e9e les fruits annuels de la terre. Se dit au sens g\u00e9n\u00e9ral de r\u00e9colte (Dictionnaire Pierrehumbert)<\/li><li>Unit\u00e9 de surface pour les vignes valant 3 ares \u00bd. (Dictionnaire Pierrhumbert)<\/li><\/ol>\t\t\t\t\t\t\t\t<\/div>\n\t\t\t\t<\/div>\n\t\t\t\t\t<\/div>\n\t\t<\/div>\n\t\t\t\t\t<\/div>\n\t\t<\/section>\n\t\t\t\t<section class=\"elementor-section elementor-top-section elementor-element elementor-element-394a1564 elementor-section-boxed elementor-section-height-default elementor-section-height-default\" data-id=\"394a1564\" data-element_type=\"section\" data-e-type=\"section\">\n\t\t\t\t\t\t<div class=\"elementor-container elementor-column-gap-default\">\n\t\t\t\t\t<div class=\"elementor-column elementor-col-33 elementor-top-column elementor-element elementor-element-2e538c5c\" data-id=\"2e538c5c\" data-element_type=\"column\" data-e-type=\"column\">\n\t\t\t<div class=\"elementor-widget-wrap elementor-element-populated\">\n\t\t\t\t\t\t<div class=\"elementor-element elementor-element-824257a elementor-widget elementor-widget-button\" data-id=\"824257a\" data-element_type=\"widget\" data-e-type=\"widget\" data-widget_type=\"button.default\">\n\t\t\t\t<div class=\"elementor-widget-container\">\n\t\t\t\t\t\t\t\t\t<div class=\"elementor-button-wrapper\">\n\t\t\t\t\t<a class=\"elementor-button elementor-button-link elementor-size-sm\" href=\"https:\/\/www.sngenealogie.ch\/wp\/bulletins\/bulletin-42\/journal-de-chaillet-partie-8\/\">\n\t\t\t\t\t\t<span class=\"elementor-button-content-wrapper\">\n\t\t\t\t\t\t<span class=\"elementor-button-icon\">\n\t\t\t\t<i aria-hidden=\"true\" class=\"fas fa-arrow-left\"><\/i>\t\t\t<\/span>\n\t\t\t\t\t\t\t\t\t<span class=\"elementor-button-text\">Article pr\u00e9c\u00e9dent<\/span>\n\t\t\t\t\t<\/span>\n\t\t\t\t\t<\/a>\n\t\t\t\t<\/div>\n\t\t\t\t\t\t\t\t<\/div>\n\t\t\t\t<\/div>\n\t\t\t\t\t<\/div>\n\t\t<\/div>\n\t\t\t\t<div class=\"elementor-column elementor-col-33 elementor-top-column elementor-element elementor-element-99cc7f\" data-id=\"99cc7f\" data-element_type=\"column\" data-e-type=\"column\">\n\t\t\t<div class=\"elementor-widget-wrap elementor-element-populated\">\n\t\t\t\t\t\t<div class=\"elementor-element elementor-element-7414bc44 elementor-align-center elementor-widget elementor-widget-button\" data-id=\"7414bc44\" data-element_type=\"widget\" data-e-type=\"widget\" data-widget_type=\"button.default\">\n\t\t\t\t<div class=\"elementor-widget-container\">\n\t\t\t\t\t\t\t\t\t<div class=\"elementor-button-wrapper\">\n\t\t\t\t\t<a class=\"elementor-button elementor-button-link elementor-size-sm\" href=\"https:\/\/www.sngenealogie.ch\/wp\/bulletins\/bulletin-42\/\">\n\t\t\t\t\t\t<span class=\"elementor-button-content-wrapper\">\n\t\t\t\t\t\t<span class=\"elementor-button-icon\">\n\t\t\t\t<i aria-hidden=\"true\" class=\"fas fa-arrow-up\"><\/i>\t\t\t<\/span>\n\t\t\t\t\t\t\t\t\t<span class=\"elementor-button-text\">Bulletin 42<\/span>\n\t\t\t\t\t<\/span>\n\t\t\t\t\t<\/a>\n\t\t\t\t<\/div>\n\t\t\t\t\t\t\t\t<\/div>\n\t\t\t\t<\/div>\n\t\t\t\t\t<\/div>\n\t\t<\/div>\n\t\t\t\t<div class=\"elementor-column elementor-col-33 elementor-top-column elementor-element elementor-element-35e0edd6\" data-id=\"35e0edd6\" data-element_type=\"column\" data-e-type=\"column\">\n\t\t\t<div class=\"elementor-widget-wrap elementor-element-populated\">\n\t\t\t\t\t\t<div class=\"elementor-element elementor-element-4febe7b0 elementor-align-right elementor-widget elementor-widget-button\" data-id=\"4febe7b0\" data-element_type=\"widget\" data-e-type=\"widget\" data-widget_type=\"button.default\">\n\t\t\t\t<div class=\"elementor-widget-container\">\n\t\t\t\t\t\t\t\t\t<div class=\"elementor-button-wrapper\">\n\t\t\t\t\t<a class=\"elementor-button elementor-button-link elementor-size-sm\" href=\"https:\/\/www.sngenealogie.ch\/wp\/bulletins\/bulletin-42\/les-mieville-muller\/\">\n\t\t\t\t\t\t<span class=\"elementor-button-content-wrapper\">\n\t\t\t\t\t\t<span class=\"elementor-button-icon\">\n\t\t\t\t<i aria-hidden=\"true\" class=\"fas fa-arrow-right\"><\/i>\t\t\t<\/span>\n\t\t\t\t\t\t\t\t\t<span class=\"elementor-button-text\">Article suivant<\/span>\n\t\t\t\t\t<\/span>\n\t\t\t\t\t<\/a>\n\t\t\t\t<\/div>\n\t\t\t\t\t\t\t\t<\/div>\n\t\t\t\t<\/div>\n\t\t\t\t\t<\/div>\n\t\t<\/div>\n\t\t\t\t\t<\/div>\n\t\t<\/section>\n\t\t\t\t<\/div>\n\t\t","protected":false},"excerpt":{"rendered":"<p>Bulletin 42 \/ D\u00e9cembre 2010 L&rsquo;ascendance de Julie Mi\u00e9ville par Pierre-Arnold Borel I. Julie MI\u00c9VILLE est n\u00e9e le 20 f\u00e9vrier [&hellip;]<\/p>\n","protected":false},"author":1,"featured_media":0,"parent":2629,"menu_order":0,"comment_status":"closed","ping_status":"closed","template":"","meta":{"site-sidebar-layout":"no-sidebar","site-content-layout":"page-builder","ast-site-content-layout":"default","site-content-style":"default","site-sidebar-style":"default","ast-global-header-display":"","ast-banner-title-visibility":"","ast-main-header-display":"","ast-hfb-above-header-display":"","ast-hfb-below-header-display":"","ast-hfb-mobile-header-display":"","site-post-title":"disabled","ast-breadcrumbs-content":"","ast-featured-img":"disabled","footer-sml-layout":"","ast-disable-related-posts":"","theme-transparent-header-meta":"default","adv-header-id-meta":"","stick-header-meta":"","header-above-stick-meta":"","header-main-stick-meta":"","header-below-stick-meta":"","astra-migrate-meta-layouts":"default","ast-page-background-enabled":"default","ast-page-background-meta":{"desktop":{"background-color":"","background-image":"","background-repeat":"repeat","background-position":"center center","background-size":"auto","background-attachment":"scroll","background-type":"","background-media":"","overlay-type":"","overlay-color":"","overlay-opacity":"","overlay-gradient":""},"tablet":{"background-color":"","background-image":"","background-repeat":"repeat","background-position":"center center","background-size":"auto","background-attachment":"scroll","background-type":"","background-media":"","overlay-type":"","overlay-color":"","overlay-opacity":"","overlay-gradient":""},"mobile":{"background-color":"","background-image":"","background-repeat":"repeat","background-position":"center center","background-size":"auto","background-attachment":"scroll","background-type":"","background-media":"","overlay-type":"","overlay-color":"","overlay-opacity":"","overlay-gradient":""}},"ast-content-background-meta":{"desktop":{"background-color":"var(--ast-global-color-5)","background-image":"","background-repeat":"repeat","background-position":"center center","background-size":"auto","background-attachment":"scroll","background-type":"","background-media":"","overlay-type":"","overlay-color":"","overlay-opacity":"","overlay-gradient":""},"tablet":{"background-color":"var(--ast-global-color-5)","background-image":"","background-repeat":"repeat","background-position":"center center","background-size":"auto","background-attachment":"scroll","background-type":"","background-media":"","overlay-type":"","overlay-color":"","overlay-opacity":"","overlay-gradient":""},"mobile":{"background-color":"var(--ast-global-color-5)","background-image":"","background-repeat":"repeat","background-position":"center center","background-size":"auto","background-attachment":"scroll","background-type":"","background-media":"","overlay-type":"","overlay-color":"","overlay-opacity":"","overlay-gradient":""}},"footnotes":""},"wf_page_folders":[57],"class_list":["post-10368","page","type-page","status-publish","hentry"],"_links":{"self":[{"href":"https:\/\/www.sngenealogie.ch\/wp\/wp-json\/wp\/v2\/pages\/10368","targetHints":{"allow":["GET"]}}],"collection":[{"href":"https:\/\/www.sngenealogie.ch\/wp\/wp-json\/wp\/v2\/pages"}],"about":[{"href":"https:\/\/www.sngenealogie.ch\/wp\/wp-json\/wp\/v2\/types\/page"}],"author":[{"embeddable":true,"href":"https:\/\/www.sngenealogie.ch\/wp\/wp-json\/wp\/v2\/users\/1"}],"replies":[{"embeddable":true,"href":"https:\/\/www.sngenealogie.ch\/wp\/wp-json\/wp\/v2\/comments?post=10368"}],"version-history":[{"count":11,"href":"https:\/\/www.sngenealogie.ch\/wp\/wp-json\/wp\/v2\/pages\/10368\/revisions"}],"predecessor-version":[{"id":10483,"href":"https:\/\/www.sngenealogie.ch\/wp\/wp-json\/wp\/v2\/pages\/10368\/revisions\/10483"}],"up":[{"embeddable":true,"href":"https:\/\/www.sngenealogie.ch\/wp\/wp-json\/wp\/v2\/pages\/2629"}],"wp:attachment":[{"href":"https:\/\/www.sngenealogie.ch\/wp\/wp-json\/wp\/v2\/media?parent=10368"}],"wp:term":[{"taxonomy":"wf_page_folders","embeddable":true,"href":"https:\/\/www.sngenealogie.ch\/wp\/wp-json\/wp\/v2\/wf_page_folders?post=10368"}],"curies":[{"name":"wp","href":"https:\/\/api.w.org\/{rel}","templated":true}]}}