{"id":10376,"date":"2021-08-03T18:13:38","date_gmt":"2021-08-03T16:13:38","guid":{"rendered":"https:\/\/www.sngenealogie.ch\/wp\/?page_id=10376"},"modified":"2021-08-04T09:56:24","modified_gmt":"2021-08-04T07:56:24","slug":"les-mieville-muller","status":"publish","type":"page","link":"https:\/\/www.sngenealogie.ch\/wp\/bulletins\/bulletin-42\/les-mieville-muller\/","title":{"rendered":"Les Mi\u00e9ville-M\u00fcller"},"content":{"rendered":"\t\t<div data-elementor-type=\"wp-page\" data-elementor-id=\"10376\" class=\"elementor elementor-10376\">\n\t\t\t\t\t\t<section class=\"elementor-section elementor-top-section elementor-element elementor-element-6c184fb4 elementor-section-boxed elementor-section-height-default elementor-section-height-default\" data-id=\"6c184fb4\" data-element_type=\"section\" data-e-type=\"section\" data-settings=\"{&quot;background_background&quot;:&quot;gradient&quot;}\">\n\t\t\t\t\t\t<div class=\"elementor-container elementor-column-gap-no\">\n\t\t\t\t\t<div class=\"elementor-column elementor-col-100 elementor-top-column elementor-element elementor-element-3c4f2430\" data-id=\"3c4f2430\" data-element_type=\"column\" data-e-type=\"column\">\n\t\t\t<div class=\"elementor-widget-wrap elementor-element-populated\">\n\t\t\t\t\t\t<div class=\"elementor-element elementor-element-28a7be6c elementor-widget elementor-widget-heading\" data-id=\"28a7be6c\" data-element_type=\"widget\" data-e-type=\"widget\" data-widget_type=\"heading.default\">\n\t\t\t\t<div class=\"elementor-widget-container\">\n\t\t\t\t\t<h5 class=\"elementor-heading-title elementor-size-default\">Bulletin 42 \/ D\u00e9cembre 2010<\/h5>\t\t\t\t<\/div>\n\t\t\t\t<\/div>\n\t\t\t\t<div class=\"elementor-element elementor-element-64b397dc elementor-widget elementor-widget-heading\" data-id=\"64b397dc\" data-element_type=\"widget\" data-e-type=\"widget\" data-widget_type=\"heading.default\">\n\t\t\t\t<div class=\"elementor-widget-container\">\n\t\t\t\t\t<h2 class=\"elementor-heading-title elementor-size-default\">Histoire d'une famille allemande, descendante des MI\u00c9VILLE de Colombier, bourgeois de Neuch\u00e2tel<\/h2>\t\t\t\t<\/div>\n\t\t\t\t<\/div>\n\t\t\t\t\t<\/div>\n\t\t<\/div>\n\t\t\t\t\t<\/div>\n\t\t<\/section>\n\t\t\t\t<section class=\"elementor-section elementor-top-section elementor-element elementor-element-187d1c15 elementor-section-boxed elementor-section-height-default elementor-section-height-default\" data-id=\"187d1c15\" data-element_type=\"section\" data-e-type=\"section\">\n\t\t\t\t\t\t<div class=\"elementor-container elementor-column-gap-default\">\n\t\t\t\t\t<div class=\"elementor-column elementor-col-100 elementor-top-column elementor-element elementor-element-6539d444\" data-id=\"6539d444\" data-element_type=\"column\" data-e-type=\"column\">\n\t\t\t<div class=\"elementor-widget-wrap elementor-element-populated\">\n\t\t\t\t\t\t<div class=\"elementor-element elementor-element-8457048 elementor-widget elementor-widget-heading\" data-id=\"8457048\" data-element_type=\"widget\" data-e-type=\"widget\" data-widget_type=\"heading.default\">\n\t\t\t\t<div class=\"elementor-widget-container\">\n\t\t\t\t\t<h4 class=\"elementor-heading-title elementor-size-default\">Recherches r\u00e9alis\u00e9es par P.-A. Borel et Bernd M\u00fcller-Mi\u00e9ville<\/h4>\t\t\t\t<\/div>\n\t\t\t\t<\/div>\n\t\t\t\t<div class=\"elementor-element elementor-element-e7770b6 elementor-widget elementor-widget-spacer\" data-id=\"e7770b6\" data-element_type=\"widget\" data-e-type=\"widget\" data-widget_type=\"spacer.default\">\n\t\t\t\t<div class=\"elementor-widget-container\">\n\t\t\t\t\t\t\t<div class=\"elementor-spacer\">\n\t\t\t<div class=\"elementor-spacer-inner\"><\/div>\n\t\t<\/div>\n\t\t\t\t\t\t<\/div>\n\t\t\t\t<\/div>\n\t\t\t\t<div class=\"elementor-element elementor-element-6a3d326 elementor-widget elementor-widget-image\" data-id=\"6a3d326\" data-element_type=\"widget\" data-e-type=\"widget\" data-widget_type=\"image.default\">\n\t\t\t\t<div class=\"elementor-widget-container\">\n\t\t\t\t\t\t\t\t\t\t\t\t\t\t\t<img fetchpriority=\"high\" decoding=\"async\" width=\"803\" height=\"745\" src=\"https:\/\/www.sngenealogie.ch\/wp\/wp-content\/uploads\/bul-42-mieville-muller.jpg\" class=\"attachment-large size-large wp-image-10378\" alt=\"\" srcset=\"https:\/\/www.sngenealogie.ch\/wp\/wp-content\/uploads\/bul-42-mieville-muller.jpg 803w, https:\/\/www.sngenealogie.ch\/wp\/wp-content\/uploads\/bul-42-mieville-muller-300x278.jpg 300w, https:\/\/www.sngenealogie.ch\/wp\/wp-content\/uploads\/bul-42-mieville-muller-768x713.jpg 768w\" sizes=\"(max-width: 803px) 100vw, 803px\" \/>\t\t\t\t\t\t\t\t\t\t\t\t\t\t\t<\/div>\n\t\t\t\t<\/div>\n\t\t\t\t<div class=\"elementor-element elementor-element-a03588f elementor-widget elementor-widget-heading\" data-id=\"a03588f\" data-element_type=\"widget\" data-e-type=\"widget\" data-widget_type=\"heading.default\">\n\t\t\t\t<div class=\"elementor-widget-container\">\n\t\t\t\t\t<h3 class=\"elementor-heading-title elementor-size-default\">Premier \u00e9pisode<\/h3>\t\t\t\t<\/div>\n\t\t\t\t<\/div>\n\t\t\t\t<div class=\"elementor-element elementor-element-4d49286 elementor-widget elementor-widget-text-editor\" data-id=\"4d49286\" data-element_type=\"widget\" data-e-type=\"widget\" data-widget_type=\"text-editor.default\">\n\t\t\t\t<div class=\"elementor-widget-container\">\n\t\t\t\t\t\t\t\t\t<p>Bernd MI\u00c9VILLE-M\u00dcLLER, demeurant pr\u00e8s de Kiel en Allemagne, a toujours \u00e9t\u00e9 surpris d&rsquo;avoir deux patronymes, l&rsquo;un de consonance francophone (avec un accent aigu !), l&rsquo;autre germanique. C&rsquo;est pourquoi, la retraite venue, il a entrepris des recherches\u00a0 g\u00e9n\u00e9alogiques aupr\u00e8s de l&rsquo;\u00e9tat civil. Le d\u00e9part s&rsquo;av\u00e9rait difficile, car il ne disposait d&rsquo;aucun papier de famille. Le hasard lui a permis de retrouver chez une cousine un certificat de filiation (Ahnenpass), document exig\u00e9 par les autorit\u00e9s allemandes de l&rsquo;\u00e9poque nazie pour prouver que l&rsquo;on \u00e9tait bien de souche aryenne.<\/p><p>Un d\u00e9but qui lui permet de remonter quelques g\u00e9n\u00e9rations, jusqu&rsquo;\u00e0 sa quadrisa\u00efeule Julie MI\u00c9VILLE, neuch\u00e2teloise.<\/p>\t\t\t\t\t\t\t\t<\/div>\n\t\t\t\t<\/div>\n\t\t\t\t<div class=\"elementor-element elementor-element-3aa982a elementor-widget elementor-widget-heading\" data-id=\"3aa982a\" data-element_type=\"widget\" data-e-type=\"widget\" data-widget_type=\"heading.default\">\n\t\t\t\t<div class=\"elementor-widget-container\">\n\t\t\t\t\t<h3 class=\"elementor-heading-title elementor-size-default\">Deuxi\u00e8me \u00e9pisode<\/h3>\t\t\t\t<\/div>\n\t\t\t\t<\/div>\n\t\t\t\t<div class=\"elementor-element elementor-element-88de7e2 elementor-widget elementor-widget-text-editor\" data-id=\"88de7e2\" data-element_type=\"widget\" data-e-type=\"widget\" data-widget_type=\"text-editor.default\">\n\t\t\t\t<div class=\"elementor-widget-container\">\n\t\t\t\t\t\t\t\t\t<p>En septembre 2009, Bernd MI\u00c9VILLE-M\u00dcLLER et son \u00e9pouse viennent \u00e0 Neuch\u00e2tel. Afin d&rsquo;obtenir des renseignements sur Julie MI\u00c9VILLE, ils se rendent aux Archives de l&rsquo;Etat, sans savoir un mot de fran\u00e7ais. Il leur est pr\u00e9sent\u00e9 le \u00ab\u00a0Livre et chronique de raison de la famille MI\u00c9VILLE de Colombier bourgeoise de Neuch\u00e2tel\u00a0\u00bb, paru en 1980. Ils d\u00e9sirent acheter cet ouvrage de Pierre-Arnold BOREL, mais il est \u00e9puis\u00e9. Ils le trouvent finalement \u00ab\u00a0quelque part en Suisse chez un bouquiniste\u00a0\u00bb.<\/p><p>Parall\u00e8lement, ils prennent contact avec Pierre-Arnold BOREL. Jolie surprise, ils d\u00e9couvrent alors que leurs a\u00efeules respectives Julie Mi\u00e9ville et Marie Philippine Mi\u00e9ville sont s\u0153urs !<\/p>\t\t\t\t\t\t\t\t<\/div>\n\t\t\t\t<\/div>\n\t\t\t\t<div class=\"elementor-element elementor-element-0d65e57 elementor-widget elementor-widget-heading\" data-id=\"0d65e57\" data-element_type=\"widget\" data-e-type=\"widget\" data-widget_type=\"heading.default\">\n\t\t\t\t<div class=\"elementor-widget-container\">\n\t\t\t\t\t<h3 class=\"elementor-heading-title elementor-size-default\">Troisi\u00e8me \u00e9pisode<\/h3>\t\t\t\t<\/div>\n\t\t\t\t<\/div>\n\t\t\t\t<div class=\"elementor-element elementor-element-78b3bdf elementor-widget elementor-widget-text-editor\" data-id=\"78b3bdf\" data-element_type=\"widget\" data-e-type=\"widget\" data-widget_type=\"text-editor.default\">\n\t\t\t\t<div class=\"elementor-widget-container\">\n\t\t\t\t\t\t\t\t\t<p>En juillet 2010, pour compl\u00e9ter les recherches faites par Pierre-Arnold BOREL, Bernd MI\u00c9VILLE-M\u00dcLLER un arbre g\u00e9n\u00e9alogique des descendants de Julie Mi\u00e9ville en Allemagne. Pierre-Arnold Borel a traduit les notices et en fera prochainement la publication \u2013 avec l&rsquo;accord de la famille Mi\u00e9ville-M\u00fcller) pour compl\u00e9ter le cahier paru en 1980.<\/p>\t\t\t\t\t\t\t\t<\/div>\n\t\t\t\t<\/div>\n\t\t\t\t\t<\/div>\n\t\t<\/div>\n\t\t\t\t\t<\/div>\n\t\t<\/section>\n\t\t\t\t<section class=\"elementor-section elementor-top-section elementor-element elementor-element-59e25250 elementor-section-boxed elementor-section-height-default elementor-section-height-default\" data-id=\"59e25250\" data-element_type=\"section\" data-e-type=\"section\">\n\t\t\t\t\t\t<div class=\"elementor-container elementor-column-gap-default\">\n\t\t\t\t\t<div class=\"elementor-column elementor-col-100 elementor-top-column elementor-element elementor-element-1f4afcac\" data-id=\"1f4afcac\" data-element_type=\"column\" data-e-type=\"column\">\n\t\t\t<div class=\"elementor-widget-wrap elementor-element-populated\">\n\t\t\t\t\t\t<div class=\"elementor-element elementor-element-aff60e2 elementor-widget elementor-widget-heading\" data-id=\"aff60e2\" data-element_type=\"widget\" data-e-type=\"widget\" data-widget_type=\"heading.default\">\n\t\t\t\t<div class=\"elementor-widget-container\">\n\t\t\t\t\t<h2 class=\"elementor-heading-title elementor-size-default\">G\u00e9n\u00e9alogie<\/h2>\t\t\t\t<\/div>\n\t\t\t\t<\/div>\n\t\t\t\t<div class=\"elementor-element elementor-element-03b07e0 elementor-widget elementor-widget-heading\" data-id=\"03b07e0\" data-element_type=\"widget\" data-e-type=\"widget\" data-widget_type=\"heading.default\">\n\t\t\t\t<div class=\"elementor-widget-container\">\n\t\t\t\t\t<h3 class=\"elementor-heading-title elementor-size-default\">G\u00e9n\u00e9ration 1<\/h3>\t\t\t\t<\/div>\n\t\t\t\t<\/div>\n\t\t\t\t<div class=\"elementor-element elementor-element-579c85f elementor-widget elementor-widget-text-editor\" data-id=\"579c85f\" data-element_type=\"widget\" data-e-type=\"widget\" data-widget_type=\"text-editor.default\">\n\t\t\t\t<div class=\"elementor-widget-container\">\n\t\t\t\t\t\t\t\t\t<h4>1. Julie MI\u00c9VILLE<\/h4><p>est n\u00e9e le 20 f\u00e9vrier 1822 \u00e0 Cortaillod, en la Principaut\u00e9 et canton de Neuch\u00e2tel en Suisse, fille de Fran\u00e7ois Louis et de Jeanne Louise GENSEL, dans une famille protestante aux id\u00e9es royalistes. Elle est la troisi\u00e8me des onze enfants du couple (dont 4 d\u00e9c\u00e8dent en bas \u00e2ge). <\/p><p>Son p\u00e8re, Fran\u00e7ois Louis, d\u00e9c\u00e8de le 9 ao\u00fbt 1844 \u00e0 Boudry. Quelques mois plus tard, le 1er novembre 1844, Julie fait une demande de passeport pour Dresde, en Saxe, o\u00f9 elle a trouv\u00e9 une situation. Fran\u00e7oise, sa s\u0153ur a\u00een\u00e9e fait de m\u00eame le mois suivant et partira en Russie, comme Marie Philippine quelques ann\u00e9es plus tard. En 1846, Julie est \u00e0 Leipzig et met au monde un fils ill\u00e9gitime. On ne conna\u00eet rien de plus de la vie de Julie, qui semble avoir perdu contact avec sa famille suisse. Selon un document officiel \u00e9manant du consulat allemand de Riga et dat\u00e9 du 4 mai 1910, Julie MI\u00c9VILLE, de nationalit\u00e9 allemande, est d\u00e9c\u00e9d\u00e9e en septembre 1905, \u00e0 l&rsquo;\u00e2ge de 83 ans, sur le domaine de Rentov, dans le district de Dvinsk, pr\u00e8s de Riga en Lettonie.<\/p>\t\t\t\t\t\t\t\t<\/div>\n\t\t\t\t<\/div>\n\t\t\t\t<div class=\"elementor-element elementor-element-0dcc44b elementor-widget elementor-widget-heading\" data-id=\"0dcc44b\" data-element_type=\"widget\" data-e-type=\"widget\" data-widget_type=\"heading.default\">\n\t\t\t\t<div class=\"elementor-widget-container\">\n\t\t\t\t\t<h3 class=\"elementor-heading-title elementor-size-default\">G\u00e9n\u00e9ration 2<\/h3>\t\t\t\t<\/div>\n\t\t\t\t<\/div>\n\t\t\t\t<div class=\"elementor-element elementor-element-9730099 elementor-widget elementor-widget-text-editor\" data-id=\"9730099\" data-element_type=\"widget\" data-e-type=\"widget\" data-widget_type=\"text-editor.default\">\n\t\t\t\t<div class=\"elementor-widget-container\">\n\t\t\t\t\t\t\t\t\t<h4>1.1. Max Alfred MI\u00c9VILLE<\/h4><p>est n\u00e9 le 29 octobre 1846 \u00e0 Leipzig, fils ill\u00e9gitime de Julie. Il est baptis\u00e9 le 1er novembre en l&rsquo;\u00e9glise luth\u00e9rienne B\u00e9thanie de Leipzig Schleussig. Sa naissance est communiqu\u00e9e et enregistr\u00e9e \u00e0 Colombier, commune d&rsquo;origine de sa m\u00e8re. <br \/>Il sera serrurier. <\/p><p>Le 26 avril 1874, il \u00e9pouse \u00e0 Bernburg (pr\u00e8s de Leipzig) <strong>Maria Sofia Louise ZABEL<\/strong> (n\u00e9e le 1er d\u00e9cembre 1851 \u00e0 Bernburg). Le registre des mariages pr\u00e9cise qu&rsquo;il est le \u00ab\u00a0fils adoptif d&rsquo;Heinrich Gottfried M\u00dcLLER, ma\u00eetre de chapelle \u00e0 Landsberg, retrait\u00e9, et de sa femme Johanna n\u00e9e WILHELM\u00a0\u00bb. Aucune pr\u00e9cision n&rsquo;est donn\u00e9e sur la date et les modalit\u00e9s de cette adoption. <br \/>Max Alfred porte alors le nom de \u00ab\u00a0MI\u00c9VILLE genannt M\u00dcLLER\u00a0\u00bb (Mi\u00e9ville dit M\u00fcller), un double nom qu&rsquo;il transmettra \u00e0 ses descendants, lesquels remplaceront le mot \u00ab\u00a0genannt\u00a0\u00bb par un trait d&rsquo;union.<br \/>Le couple aura trois fils : Alfred, Ernst et Otto Hans.<br \/>Max Alfred MI\u00c9VILLE est d\u00e9c\u00e9d\u00e9 le 17 novembre 1916 \u00e0 Bernburg ; sa femme est d\u00e9c\u00e9d\u00e9e le 11 avril 1935 \u00e0 Quedlinburg (\u00e0 une centaine de km de Leipzig).<\/p>\t\t\t\t\t\t\t\t<\/div>\n\t\t\t\t<\/div>\n\t\t\t\t<div class=\"elementor-element elementor-element-3e782d4 elementor-widget elementor-widget-heading\" data-id=\"3e782d4\" data-element_type=\"widget\" data-e-type=\"widget\" data-widget_type=\"heading.default\">\n\t\t\t\t<div class=\"elementor-widget-container\">\n\t\t\t\t\t<h3 class=\"elementor-heading-title elementor-size-default\">G\u00e9n\u00e9ration 3<\/h3>\t\t\t\t<\/div>\n\t\t\t\t<\/div>\n\t\t\t\t<div class=\"elementor-element elementor-element-2b21e30 elementor-widget elementor-widget-text-editor\" data-id=\"2b21e30\" data-element_type=\"widget\" data-e-type=\"widget\" data-widget_type=\"text-editor.default\">\n\t\t\t\t<div class=\"elementor-widget-container\">\n\t\t\t\t\t\t\t\t\t<h4>1.1.1 Alfred Mi\u00e9ville genannt M\u00fcller<\/h4><p>est n\u00e9 le 29 f\u00e9vrier 1876 \u00e0 Bernburg. <br \/>Il est forgeron et travaille \u00e0 la Stahl- und Hartgusswerk de B\u00f6sdorf puis comme cadre \u00e0 la briquetterie de B\u00f6sdorf.<br \/>De sa premi\u00e8re femme, il a 3 enfants : Julius Alfred, Kurt, et Dora.<br \/>De sa seconde femme un fils : Heinz. <br \/>Veuf, Alfred s&rsquo;en va vivre \u00e0 Hamm, chez son fils Kurt, o\u00f9 il est d\u00e9c\u00e9d\u00e9 le 19 mars 1964. <\/p><h4>1.1.2. Ernst Mi\u00e9ville genannt M\u00fcller<\/h4><p>est n\u00e9 \u00e0 Bernburg o\u00f9 il se marie. Le couple n&rsquo;aura pas d&rsquo;enfant. <br \/>Il travaille \u00e0 la \u00ab\u00a0Anilin- und Sodafabrik\u00a0\u00bb \u00e0 Bernburg<\/p><h4>1.1.3 Otto Hans Mi\u00e9ville genannt M\u00fcller<\/h4><p>Il est n\u00e9 le 26 mars 1882 \u00e0 Bernburg. Il sera pompier.<br \/>Le 4 juin 1906, il \u00e9pouse \u00e0 Leipzig-Lindenau Anna Bertha Wolan (n\u00e9e le 17.01.1881) <br \/>Le couple aura 4 enfants : Gertrud Charlotte Anna, Charlotte Anna Luise, Elisabeth et Manfred Otto Hans.<br \/>Il est d\u00e9c\u00e9d\u00e9 le 12 avril 1940 \u00e0 Leipzig ; sa femme est d\u00e9c\u00e9d\u00e9e le 22 d\u00e9cembre 1966.<\/p>\t\t\t\t\t\t\t\t<\/div>\n\t\t\t\t<\/div>\n\t\t\t\t<div class=\"elementor-element elementor-element-0d7e7c3 elementor-widget elementor-widget-heading\" data-id=\"0d7e7c3\" data-element_type=\"widget\" data-e-type=\"widget\" data-widget_type=\"heading.default\">\n\t\t\t\t<div class=\"elementor-widget-container\">\n\t\t\t\t\t<h3 class=\"elementor-heading-title elementor-size-default\">G\u00e9n\u00e9ration 4<\/h3>\t\t\t\t<\/div>\n\t\t\t\t<\/div>\n\t\t\t\t<div class=\"elementor-element elementor-element-3a606e3 elementor-widget elementor-widget-text-editor\" data-id=\"3a606e3\" data-element_type=\"widget\" data-e-type=\"widget\" data-widget_type=\"text-editor.default\">\n\t\t\t\t<div class=\"elementor-widget-container\">\n\t\t\t\t\t\t\t\t\t<h4>1.1.1.1. Julius Alfred Mi\u00e9ville-M\u00fcller<\/h4><p>est n\u00e9 \u00e0 Leipzig le 1er avril 1897.<br \/>Durant la premi\u00e8re guerre mondiale il est gravement bless\u00e9. C&rsquo;est \u00e0 R\u00fcgen o\u00f9 il est en convalescence qu&rsquo;il fait connaissance de sa femme Frieda Hartkopf (n\u00e9e le 19 juin 1899). <br \/>Le couple s&rsquo;installe \u00e0 Gerbstedt\/Halle d&rsquo;o\u00f9 vient sa femme. Par la suite, Alfred trouve du travail \u00e0 Hamm et la famille va s&rsquo;installer \u00e0 Hamm-Herringen.\u00a0<br \/>Le couple aura 7 enfants : Dorothea Louisa, Gerhard Alfred, Elfried Johanna, Waltraud Alwine, Helga Agnes, et les jumeaux Margret Gisela et Karl Heinz. <br \/>Alfred est d\u00e9c\u00e9d\u00e9 le 15 janvier 1954 \u00e0 Hamm-Herringen ; sa femme est d\u00e9c\u00e9d\u00e9e le 23 septembre 1995.<\/p><h4>1.1.1.2. Kurt Mi\u00e9ville-M\u00fcller<\/h4><p>est n\u00e9 le 16 janvier \u00e0 Bernburg.<br \/>En 1928, il est compagnon et part faire son voyage d&rsquo;apprentissage. Il s&rsquo;installe ensuite \u00e0 Hamm o\u00f9 il \u00e9pouse Marta Schieweck.<br \/>Le couple aura 3 enfants : Inger, Hans et G\u00fcnther.<\/p><h4>1.1.1.3 Dora Mi\u00e9ville-M\u00fcller<\/h4><p>qui \u00e9pouse Engemann.<\/p><h4>1.1.1.4. Heinz Mi\u00e9ville-M\u00fcller<\/h4><p>est n\u00e9 \u00e0 Leipzig en 1925.<br \/>Durant le r\u00e9gime de la DDR, il passe \u00e0 l&rsquo;Ouest et s&rsquo;installe \u00e0 Hamm. Mais sa femme, fid\u00e8le au parti, est rest\u00e9e \u00e0 l&rsquo;Est et finit par le convaincre de revenir. A son retour, il est imm\u00e9diatement arr\u00eat\u00e9 et emprisonn\u00e9. Plus tard, il rencontrera une femme ayant v\u00e9cu la m\u00eame histoire que lui. Ils se marient et ils habiteront \u00e0 Leipzig. <\/p><h4>1.1.3.1 Gertrud Charlotte Anna Mi\u00e9ville-M\u00fcller<\/h4><p>est n\u00e9e \u00e0 Leipzig-Lindenau le 31.10.1901. <br \/>Elle \u00e9pouse \u00e0 Leipzig le 27 octobre 1923 Walter Ernst Karl Dienemann, ing\u00e9nieur (n\u00e9 le 21 d\u00e9cembre 1893 \u00e0 Magdebourg Buckau). <br \/>Ils auront 3 enfants : Margot Ursula, Hannelore et Walter.<br \/>Gertrud est d\u00e9c\u00e9d\u00e9e \u00e0 Leipzig le 10 octobre 1984 ; son mari est d\u00e9c\u00e9d\u00e9 \u00e0 Magdebourg le 16 novembre 1946.<\/p><h4>1.1.3.2. Charlotte Anna Luise Mi\u00e9ville-M\u00fcller<\/h4><p>est n\u00e9e le 21 octobre 1906 \u00e0 Leipzig-Lindenau.<br \/>Elle \u00e9pouse Willy Riederich avril 1927.<br \/>Le couple aura 5 enfants : Wolfgang, Margot, Gudrun, Siegfried, Roland.<\/p><h4>1.1.3.3. Elisabeth Mi\u00e9ville-M\u00fcller<\/h4><p>est n\u00e9e le 11 novembre 1910 \u00e0 Leipzig-Lindenau.<br \/>Elle \u00e9pouse Heinz Leipnitz.<br \/>Elle est d\u00e9c\u00e9d\u00e9e lors d&rsquo;un bombardement, le 4 d\u00e9cembre 1943.<\/p><h4>1.1.3.4 Manfred Otto Mi\u00e9ville-M\u00fcller<\/h4><p>est n\u00e9 le 30 ao\u00fbt 1912 \u00e0 Leipzig-Lindenau.<br \/>Il \u00e9pouse le 11 juin 1937 \u00e0 Leipzig Maria Magdalena Hammel. <br \/>Ils ont un fils Bernd n\u00e9 en 1943.<br \/>Manfred est d\u00e9c\u00e9d\u00e9 le 17 janvier 2008 \u00e0 Preetz ; sa femme est d\u00e9c\u00e9d\u00e9e le 31 0ctobre 2007 \u00e0 Fintbek.<\/p>\t\t\t\t\t\t\t\t<\/div>\n\t\t\t\t<\/div>\n\t\t\t\t<div class=\"elementor-element elementor-element-5820bcd elementor-widget elementor-widget-heading\" data-id=\"5820bcd\" data-element_type=\"widget\" data-e-type=\"widget\" data-widget_type=\"heading.default\">\n\t\t\t\t<div class=\"elementor-widget-container\">\n\t\t\t\t\t<h3 class=\"elementor-heading-title elementor-size-default\">G\u00e9n\u00e9ration 5<\/h3>\t\t\t\t<\/div>\n\t\t\t\t<\/div>\n\t\t\t\t<div class=\"elementor-element elementor-element-f322172 elementor-widget elementor-widget-text-editor\" data-id=\"f322172\" data-element_type=\"widget\" data-e-type=\"widget\" data-widget_type=\"text-editor.default\">\n\t\t\t\t<div class=\"elementor-widget-container\">\n\t\t\t\t\t\t\t\t\t<p>Bernd Mi\u00e9ville-M\u00fcller<\/p>\t\t\t\t\t\t\t\t<\/div>\n\t\t\t\t<\/div>\n\t\t\t\t\t<\/div>\n\t\t<\/div>\n\t\t\t\t\t<\/div>\n\t\t<\/section>\n\t\t\t\t<section class=\"elementor-section elementor-top-section elementor-element elementor-element-394a1564 elementor-section-boxed elementor-section-height-default elementor-section-height-default\" data-id=\"394a1564\" data-element_type=\"section\" data-e-type=\"section\">\n\t\t\t\t\t\t<div class=\"elementor-container elementor-column-gap-default\">\n\t\t\t\t\t<div class=\"elementor-column elementor-col-33 elementor-top-column elementor-element elementor-element-2e538c5c\" data-id=\"2e538c5c\" data-element_type=\"column\" data-e-type=\"column\">\n\t\t\t<div class=\"elementor-widget-wrap elementor-element-populated\">\n\t\t\t\t\t\t<div class=\"elementor-element elementor-element-824257a elementor-widget elementor-widget-button\" data-id=\"824257a\" data-element_type=\"widget\" data-e-type=\"widget\" data-widget_type=\"button.default\">\n\t\t\t\t<div class=\"elementor-widget-container\">\n\t\t\t\t\t\t\t\t\t<div class=\"elementor-button-wrapper\">\n\t\t\t\t\t<a class=\"elementor-button elementor-button-link elementor-size-sm\" href=\"https:\/\/www.sngenealogie.ch\/wp\/bulletins\/bulletin-42\/ascendance-julie-mieville\/\">\n\t\t\t\t\t\t<span class=\"elementor-button-content-wrapper\">\n\t\t\t\t\t\t<span class=\"elementor-button-icon\">\n\t\t\t\t<i aria-hidden=\"true\" class=\"fas fa-arrow-left\"><\/i>\t\t\t<\/span>\n\t\t\t\t\t\t\t\t\t<span class=\"elementor-button-text\">Article pr\u00e9c\u00e9dent<\/span>\n\t\t\t\t\t<\/span>\n\t\t\t\t\t<\/a>\n\t\t\t\t<\/div>\n\t\t\t\t\t\t\t\t<\/div>\n\t\t\t\t<\/div>\n\t\t\t\t\t<\/div>\n\t\t<\/div>\n\t\t\t\t<div class=\"elementor-column elementor-col-33 elementor-top-column elementor-element elementor-element-99cc7f\" data-id=\"99cc7f\" data-element_type=\"column\" data-e-type=\"column\">\n\t\t\t<div class=\"elementor-widget-wrap elementor-element-populated\">\n\t\t\t\t\t\t<div class=\"elementor-element elementor-element-7414bc44 elementor-align-center elementor-widget elementor-widget-button\" data-id=\"7414bc44\" data-element_type=\"widget\" data-e-type=\"widget\" data-widget_type=\"button.default\">\n\t\t\t\t<div class=\"elementor-widget-container\">\n\t\t\t\t\t\t\t\t\t<div class=\"elementor-button-wrapper\">\n\t\t\t\t\t<a class=\"elementor-button elementor-button-link elementor-size-sm\" href=\"https:\/\/www.sngenealogie.ch\/wp\/bulletins\/bulletin-42\/\">\n\t\t\t\t\t\t<span class=\"elementor-button-content-wrapper\">\n\t\t\t\t\t\t<span class=\"elementor-button-icon\">\n\t\t\t\t<i aria-hidden=\"true\" class=\"fas fa-arrow-up\"><\/i>\t\t\t<\/span>\n\t\t\t\t\t\t\t\t\t<span class=\"elementor-button-text\">Bulletin 42<\/span>\n\t\t\t\t\t<\/span>\n\t\t\t\t\t<\/a>\n\t\t\t\t<\/div>\n\t\t\t\t\t\t\t\t<\/div>\n\t\t\t\t<\/div>\n\t\t\t\t\t<\/div>\n\t\t<\/div>\n\t\t\t\t<div class=\"elementor-column elementor-col-33 elementor-top-column elementor-element elementor-element-35e0edd6\" data-id=\"35e0edd6\" data-element_type=\"column\" data-e-type=\"column\">\n\t\t\t<div class=\"elementor-widget-wrap elementor-element-populated\">\n\t\t\t\t\t\t<div class=\"elementor-element elementor-element-4febe7b0 elementor-align-right elementor-widget elementor-widget-button\" data-id=\"4febe7b0\" data-element_type=\"widget\" data-e-type=\"widget\" data-widget_type=\"button.default\">\n\t\t\t\t<div class=\"elementor-widget-container\">\n\t\t\t\t\t\t\t\t\t<div class=\"elementor-button-wrapper\">\n\t\t\t\t\t<a class=\"elementor-button elementor-button-link elementor-size-sm\" href=\"https:\/\/www.sngenealogie.ch\/wp\/bulletins\/bulletin-42\/henriod-constructeurs-dautomobiles\/\">\n\t\t\t\t\t\t<span class=\"elementor-button-content-wrapper\">\n\t\t\t\t\t\t<span class=\"elementor-button-icon\">\n\t\t\t\t<i aria-hidden=\"true\" class=\"fas fa-arrow-right\"><\/i>\t\t\t<\/span>\n\t\t\t\t\t\t\t\t\t<span class=\"elementor-button-text\">Article suivant<\/span>\n\t\t\t\t\t<\/span>\n\t\t\t\t\t<\/a>\n\t\t\t\t<\/div>\n\t\t\t\t\t\t\t\t<\/div>\n\t\t\t\t<\/div>\n\t\t\t\t\t<\/div>\n\t\t<\/div>\n\t\t\t\t\t<\/div>\n\t\t<\/section>\n\t\t\t\t<\/div>\n\t\t","protected":false},"excerpt":{"rendered":"<p>Bulletin 42 \/ D\u00e9cembre 2010 Histoire d&rsquo;une famille allemande, descendante des MI\u00c9VILLE de Colombier, bourgeois de Neuch\u00e2tel Recherches r\u00e9alis\u00e9es par [&hellip;]<\/p>\n","protected":false},"author":1,"featured_media":0,"parent":2629,"menu_order":0,"comment_status":"closed","ping_status":"closed","template":"","meta":{"site-sidebar-layout":"no-sidebar","site-content-layout":"page-builder","ast-site-content-layout":"default","site-content-style":"default","site-sidebar-style":"default","ast-global-header-display":"","ast-banner-title-visibility":"","ast-main-header-display":"","ast-hfb-above-header-display":"","ast-hfb-below-header-display":"","ast-hfb-mobile-header-display":"","site-post-title":"disabled","ast-breadcrumbs-content":"","ast-featured-img":"disabled","footer-sml-layout":"","ast-disable-related-posts":"","theme-transparent-header-meta":"default","adv-header-id-meta":"","stick-header-meta":"","header-above-stick-meta":"","header-main-stick-meta":"","header-below-stick-meta":"","astra-migrate-meta-layouts":"default","ast-page-background-enabled":"default","ast-page-background-meta":{"desktop":{"background-color":"","background-image":"","background-repeat":"repeat","background-position":"center center","background-size":"auto","background-attachment":"scroll","background-type":"","background-media":"","overlay-type":"","overlay-color":"","overlay-opacity":"","overlay-gradient":""},"tablet":{"background-color":"","background-image":"","background-repeat":"repeat","background-position":"center center","background-size":"auto","background-attachment":"scroll","background-type":"","background-media":"","overlay-type":"","overlay-color":"","overlay-opacity":"","overlay-gradient":""},"mobile":{"background-color":"","background-image":"","background-repeat":"repeat","background-position":"center center","background-size":"auto","background-attachment":"scroll","background-type":"","background-media":"","overlay-type":"","overlay-color":"","overlay-opacity":"","overlay-gradient":""}},"ast-content-background-meta":{"desktop":{"background-color":"var(--ast-global-color-5)","background-image":"","background-repeat":"repeat","background-position":"center center","background-size":"auto","background-attachment":"scroll","background-type":"","background-media":"","overlay-type":"","overlay-color":"","overlay-opacity":"","overlay-gradient":""},"tablet":{"background-color":"var(--ast-global-color-5)","background-image":"","background-repeat":"repeat","background-position":"center center","background-size":"auto","background-attachment":"scroll","background-type":"","background-media":"","overlay-type":"","overlay-color":"","overlay-opacity":"","overlay-gradient":""},"mobile":{"background-color":"var(--ast-global-color-5)","background-image":"","background-repeat":"repeat","background-position":"center center","background-size":"auto","background-attachment":"scroll","background-type":"","background-media":"","overlay-type":"","overlay-color":"","overlay-opacity":"","overlay-gradient":""}},"footnotes":""},"wf_page_folders":[57],"class_list":["post-10376","page","type-page","status-publish","hentry"],"_links":{"self":[{"href":"https:\/\/www.sngenealogie.ch\/wp\/wp-json\/wp\/v2\/pages\/10376","targetHints":{"allow":["GET"]}}],"collection":[{"href":"https:\/\/www.sngenealogie.ch\/wp\/wp-json\/wp\/v2\/pages"}],"about":[{"href":"https:\/\/www.sngenealogie.ch\/wp\/wp-json\/wp\/v2\/types\/page"}],"author":[{"embeddable":true,"href":"https:\/\/www.sngenealogie.ch\/wp\/wp-json\/wp\/v2\/users\/1"}],"replies":[{"embeddable":true,"href":"https:\/\/www.sngenealogie.ch\/wp\/wp-json\/wp\/v2\/comments?post=10376"}],"version-history":[{"count":8,"href":"https:\/\/www.sngenealogie.ch\/wp\/wp-json\/wp\/v2\/pages\/10376\/revisions"}],"predecessor-version":[{"id":10484,"href":"https:\/\/www.sngenealogie.ch\/wp\/wp-json\/wp\/v2\/pages\/10376\/revisions\/10484"}],"up":[{"embeddable":true,"href":"https:\/\/www.sngenealogie.ch\/wp\/wp-json\/wp\/v2\/pages\/2629"}],"wp:attachment":[{"href":"https:\/\/www.sngenealogie.ch\/wp\/wp-json\/wp\/v2\/media?parent=10376"}],"wp:term":[{"taxonomy":"wf_page_folders","embeddable":true,"href":"https:\/\/www.sngenealogie.ch\/wp\/wp-json\/wp\/v2\/wf_page_folders?post=10376"}],"curies":[{"name":"wp","href":"https:\/\/api.w.org\/{rel}","templated":true}]}}