{"id":10719,"date":"2021-08-04T16:20:10","date_gmt":"2021-08-04T14:20:10","guid":{"rendered":"https:\/\/www.sngenealogie.ch\/wp\/?page_id=10719"},"modified":"2021-08-04T16:43:41","modified_gmt":"2021-08-04T14:43:41","slug":"pv-ag-2011","status":"publish","type":"page","link":"https:\/\/www.sngenealogie.ch\/wp\/bulletins\/bulletin-45\/pv-ag-2011\/","title":{"rendered":"PV AG 2011"},"content":{"rendered":"\t\t<div data-elementor-type=\"wp-page\" data-elementor-id=\"10719\" class=\"elementor elementor-10719\">\n\t\t\t\t\t\t<section class=\"elementor-section elementor-top-section elementor-element elementor-element-6c184fb4 elementor-section-boxed elementor-section-height-default elementor-section-height-default\" data-id=\"6c184fb4\" data-element_type=\"section\" data-e-type=\"section\" data-settings=\"{&quot;background_background&quot;:&quot;gradient&quot;}\">\n\t\t\t\t\t\t<div class=\"elementor-container elementor-column-gap-no\">\n\t\t\t\t\t<div class=\"elementor-column elementor-col-100 elementor-top-column elementor-element elementor-element-3c4f2430\" data-id=\"3c4f2430\" data-element_type=\"column\" data-e-type=\"column\">\n\t\t\t<div class=\"elementor-widget-wrap elementor-element-populated\">\n\t\t\t\t\t\t<div class=\"elementor-element elementor-element-28a7be6c elementor-widget elementor-widget-heading\" data-id=\"28a7be6c\" data-element_type=\"widget\" data-e-type=\"widget\" data-widget_type=\"heading.default\">\n\t\t\t\t<div class=\"elementor-widget-container\">\n\t\t\t\t\t<h5 class=\"elementor-heading-title elementor-size-default\">Bulletin 45 \/ D\u00e9cembre 2011<\/h5>\t\t\t\t<\/div>\n\t\t\t\t<\/div>\n\t\t\t\t<div class=\"elementor-element elementor-element-64b397dc elementor-widget elementor-widget-heading\" data-id=\"64b397dc\" data-element_type=\"widget\" data-e-type=\"widget\" data-widget_type=\"heading.default\">\n\t\t\t\t<div class=\"elementor-widget-container\">\n\t\t\t\t\t<h2 class=\"elementor-heading-title elementor-size-default\">Proc\u00e8s-verbal de l'assembl\u00e9e g\u00e9n\u00e9rale<br>\ndu samedi 29 janvier 2011 \u00e0 10h00 heures \u00e0 Neuch\u00e2tel<\/h2>\t\t\t\t<\/div>\n\t\t\t\t<\/div>\n\t\t\t\t\t<\/div>\n\t\t<\/div>\n\t\t\t\t\t<\/div>\n\t\t<\/section>\n\t\t\t\t<section class=\"elementor-section elementor-top-section elementor-element elementor-element-187d1c15 elementor-section-boxed elementor-section-height-default elementor-section-height-default\" data-id=\"187d1c15\" data-element_type=\"section\" data-e-type=\"section\">\n\t\t\t\t\t\t<div class=\"elementor-container elementor-column-gap-default\">\n\t\t\t\t\t<div class=\"elementor-column elementor-col-100 elementor-top-column elementor-element elementor-element-6539d444\" data-id=\"6539d444\" data-element_type=\"column\" data-e-type=\"column\">\n\t\t\t<div class=\"elementor-widget-wrap elementor-element-populated\">\n\t\t\t\t\t\t<div class=\"elementor-element elementor-element-e7770b6 elementor-widget elementor-widget-spacer\" data-id=\"e7770b6\" data-element_type=\"widget\" data-e-type=\"widget\" data-widget_type=\"spacer.default\">\n\t\t\t\t<div class=\"elementor-widget-container\">\n\t\t\t\t\t\t\t<div class=\"elementor-spacer\">\n\t\t\t<div class=\"elementor-spacer-inner\"><\/div>\n\t\t<\/div>\n\t\t\t\t\t\t<\/div>\n\t\t\t\t<\/div>\n\t\t\t\t<div class=\"elementor-element elementor-element-4d49286 elementor-widget elementor-widget-text-editor\" data-id=\"4d49286\" data-element_type=\"widget\" data-e-type=\"widget\" data-widget_type=\"text-editor.default\">\n\t\t\t\t<div class=\"elementor-widget-container\">\n\t\t\t\t\t\t\t\t\t<p>Pr\u00e9sents : 31 personnes (selon liste jointe)<br \/>Excus\u00e9s : 16 personnes<br \/>Pr\u00e9sidence : Anne-Lise Fischer, pr\u00e9sidente<\/p>\t\t\t\t\t\t\t\t<\/div>\n\t\t\t\t<\/div>\n\t\t\t\t<div class=\"elementor-element elementor-element-03e3200 elementor-widget elementor-widget-text-editor\" data-id=\"03e3200\" data-element_type=\"widget\" data-e-type=\"widget\" data-widget_type=\"text-editor.default\">\n\t\t\t\t<div class=\"elementor-widget-container\">\n\t\t\t\t\t\t\t\t\t<h4>Ordre du jour : Partie statutaire<\/h4><ol><li>Salutations, appel, adoption de l&rsquo;ordre du jour.<\/li><li>Proc\u00e8s-verbal de l\u2019assembl\u00e9e g\u00e9n\u00e9rale du 31 janvier 2010 (voir Bulletin 42 <a href=\"https:\/\/www.sngenealogie.ch\/wp\/bulletins\/bulletin-42\/pv-ag-2010\/\"><i class=\"fas fa-arrow-right\"><\/i><\/a>).<\/li><li>Rapport annuel de la pr\u00e9sidente.<\/li><li>Comptes 2010 (rapport du tr\u00e9sorier et des v\u00e9rificateurs, approbation).<\/li><li>Nominations des v\u00e9rificateurs de comptes et suppl\u00e9ants.<\/li><li>D\u00e9missions, admissions de membres.<\/li><li>Propositions individuelles (\u00e0 pr\u00e9senter par \u00e9crit 10 jours avant l\u2019assembl\u00e9e).<\/li><li>Divers.<\/li><\/ol>\t\t\t\t\t\t\t\t<\/div>\n\t\t\t\t<\/div>\n\t\t\t\t<div class=\"elementor-element elementor-element-e1ea3f1 elementor-widget elementor-widget-text-editor\" data-id=\"e1ea3f1\" data-element_type=\"widget\" data-e-type=\"widget\" data-widget_type=\"text-editor.default\">\n\t\t\t\t<div class=\"elementor-widget-container\">\n\t\t\t\t\t\t\t\t\t<h4>1. Salutations, appel, adoption de l&rsquo;ordre du jour<\/h4><p>La pr\u00e9sidente, Anne-Lise Fischer, accueille chaleureusement les membres, particuli\u00e8rement nombreux ce matin !<br \/>Elle salue sp\u00e9cialement Yvette Develey qui repr\u00e9sente Soci\u00e9t\u00e9 genevoise de g\u00e9n\u00e9alogie et Pierre-Yves Pi\u00e8ce qui repr\u00e9sente le Cercle vaudois de g\u00e9n\u00e9alogie. Tous les deux apportent les salutations de leur soci\u00e9t\u00e9 respective. <br \/>Elle fait circuler une liste de pr\u00e9sence qui est annex\u00e9e au pr\u00e9sent proc\u00e8s-verbal.<br \/>L&rsquo;ordre du jour est adopt\u00e9 \u00e0 l&rsquo;unanimit\u00e9.<\/p><h4>2. Proc\u00e8s-verbal de l&rsquo;assembl\u00e9e g\u00e9n\u00e9rale du 30 janvier 2010<\/h4><p>Le proc\u00e8s-verbal a paru dans le Bulletin 42\/d\u00e9cembre 2010. Il n&rsquo;en est pas donn\u00e9 lecture.<br \/>Le PV est adopt\u00e9 avec remerciements \u00e0 son auteur.<\/p><h4>3. Rapport de la Pr\u00e9sidente<\/h4><p>Anne-Lise Fischer donne lecture de son rapport annuel, qui est annex\u00e9 au pr\u00e9sent proc\u00e8s-verbal.<\/p><h4>4. Comptes 2010<\/h4><p>Ils sont pr\u00e9sent\u00e9s par notre caissi\u00e8re, Gilberte Gerber.<br \/>Si l&rsquo;ann\u00e9e a mal commenc\u00e9, puisqu&rsquo;\u00e0 la suite d&rsquo;un accident, elle n&rsquo;a pu reprendre la caisse que dans le courant du 2e trimestre, les comptes ne se sont heureusement pas ressentis de cette situation.<\/p><p><span style=\"text-decoration: underline;\">Les recettes<\/span>: elles sont essentiellement constitu\u00e9es par les cotisations des membres, en l\u00e9g\u00e8re hausse (CHF 5653.-), auxquelles s&rsquo;ajoutent les dons (CHF 452.-) provenant essentiellement de personnes qui viennent consulter le site Internet et chercher de l&rsquo;aide sur le forum.<\/p><p><span style=\"text-decoration: underline;\">Les d\u00e9penses<\/span> : les deux postes principaux sont la publication du Bulletin (trois fois par an) et les frais de fonctionnement (essentiellement les frais d&rsquo;envoi). <\/p><p>La caissi\u00e8re rappelle aux membres de payer leur cotisation par virement postal de pr\u00e9f\u00e9rence, pour \u00e9viter les retenues sur les paiements par BV. Par ailleurs, elle demande \u00e0 tous ceux qui ont une adresse \u00e9lectronique de la communiquer. Cela permet d&rsquo;envoyer tout le courrier par voie \u00e9lectronique et de r\u00e9duire ainsi consid\u00e9rablement les frais et le travail d&rsquo;envoi. <\/p><p>Les comptes bouclent avec un exc\u00e9dent de recettes de CHF 1237,90.<\/p><p><span style=\"text-decoration: underline;\">Rapport des v\u00e9rificateurs<\/span> :<br \/>Les comptes ont \u00e9t\u00e9 v\u00e9rifi\u00e9s par Denis Robert-Charrue et Andr\u00e9 Sandoz. Ce dernier donne lecture du rapport \u00e9tabli.<br \/>Les comptes, tels qu&rsquo;ils ont \u00e9t\u00e9 pr\u00e9sent\u00e9s, sont adopt\u00e9s \u00e0 l&rsquo;unanimit\u00e9 et d\u00e9charge est donn\u00e9 \u00e0 la caissi\u00e8re qui est remerci\u00e9e par des applaudissements.<br \/>A noter que le compte Paypal, qui permettait de faire des versements par Internet sur le compte de la SNG, a \u00e9t\u00e9 ferm\u00e9 d\u00e9but janvier 2011. D&rsquo;une part il y avait peu d&rsquo;utilisateurs et d&rsquo;autre part cela compliquait beaucoup la comptabilit\u00e9.<\/p><h4>5. Nomination des v\u00e9rificateurs des comptes et d&rsquo;un(e) suppl\u00e9ante<\/h4><p>Andr\u00e9 Sandoz ayant exerc\u00e9 deux ans se retire. Maryanne Wixel, suppl\u00e9ante, est nomm\u00e9e v\u00e9rificatrice avec Denis Robert-Charrue. Yolande Huber se propose comme suppl\u00e9ante et elle est \u00e9lue par acclamation.<\/p><h4>6. D\u00e9missions et admissions<\/h4><p>Durant l&rsquo;ann\u00e9e 2010, la SNG a enregistr\u00e9 4 d\u00e9c\u00e8s et 3 d\u00e9missions.<br \/>Ces d\u00e9parts ont \u00e9t\u00e9 compens\u00e9s par l&rsquo;arriv\u00e9e de 15 nouveaux membres.<\/p><h4>7. Propositions individuelles<\/h4><p>La pr\u00e9sidente n&rsquo;a re\u00e7u aucune proposition \u00e9crite.<\/p><h4>8. Divers<\/h4><ul><li>La Pr\u00e9sidente pr\u00e9sente le programme d&rsquo;activit\u00e9s pour l&rsquo;ann\u00e9e 2011. Six rencontres-conf\u00e9rences sont pr\u00e9vues. Elles continueront d&rsquo;avoir lieu le lundi soir au restaurant de l&rsquo;Arros\u00e9e, un lieu qui a fait ses preuves. Une sortie au printemps \u00e0 la Chaux-de-Fonds (visite de la maison Blanche du Corbusier) nous permettra de f\u00eater les 90 ans de notre pr\u00e9sidents d&rsquo;honneur Pierre-Arnold Borel.<br \/>La permanence g\u00e9n\u00e9alogique, chaque dernier jeudi du mois \u00e0 la biblioth\u00e8que du Locle, continue d&rsquo;\u00eatre assur\u00e9e par Paul Favre.<\/li><li>La SNG projette de publier au printemps 2011 un Bulletin sp\u00e9cial \u00e0 l&rsquo;occasion du mill\u00e9naire de Neuch\u00e2tel, qui aura pour contenu le travail de Pierre-Andr\u00e9 Clerc sur les g\u00e9n\u00e9alogies descendantes des bourgeois de Neuch\u00e2tel admis entre 1800 et 1848.<br \/>La pr\u00e9sidente remercie toutes celles et ceux dont l&rsquo;engagement \u00e0 permis \u00e0 notre soci\u00e9t\u00e9 de vivre et de se bien porter. Elle remercie en particulier Denis Robert-Charrue, caissier d\u00e9missionnaire, qui a assur\u00e9 en d\u00e9but d&rsquo;ann\u00e9e son propre int\u00e9rim en attendant que Gilberte Gerber, nouvelle caissi\u00e8re, soit r\u00e9tablie.<\/li><li>La Biblioth\u00e8que de La Chaux-de-Fonds a adress\u00e9 des remerciements \u00e0 la SNG qui lui sert gratuitement son Bulletin.<\/li><li>Denis Robert-Charrue propose que la liste des membres de la SNG, avec leurs adresses postale et \u00e9lectronique, soit envoy\u00e9e \u00e0 tous les membres. Une proposition qui est vivement soutenue par l&rsquo;assembl\u00e9e ! Il serait aussi souhaitable de faire une liste des patronymes sur lesquels les membres font des recherches, afin de permettre des \u00e9changes entre les personnes qui travaillent sur un m\u00eame patronyme. Le comit\u00e9 va plancher sur la question.<\/li><li>Pierre-Yves Pi\u00e8ce signale que les vaudois \u2013 plut\u00f4t que d&rsquo;\u00e9tablir une telle liste \u2013 ont mis sur leur site une rubrique r\u00e9serv\u00e9e aux membres o\u00f9 chacun peut indiquer sur quel patronyme il m\u00e8ne des recherches et entrer en contact avec d&rsquo;autres membres du cercle qui travaillent sur le m\u00eame patronyme. <\/li><\/ul><p>La s\u00e9ance statutaire est lev\u00e9e \u00e0 11 h.<\/p><p style=\"text-align: right;\">Fran\u00e7oise Favre<br \/>secr\u00e9taire<\/p>\t\t\t\t\t\t\t\t<\/div>\n\t\t\t\t<\/div>\n\t\t\t\t\t<\/div>\n\t\t<\/div>\n\t\t\t\t\t<\/div>\n\t\t<\/section>\n\t\t\t\t<section class=\"elementor-section elementor-top-section elementor-element elementor-element-394a1564 elementor-section-boxed elementor-section-height-default elementor-section-height-default\" data-id=\"394a1564\" data-element_type=\"section\" data-e-type=\"section\">\n\t\t\t\t\t\t<div class=\"elementor-container elementor-column-gap-default\">\n\t\t\t\t\t<div class=\"elementor-column elementor-col-33 elementor-top-column elementor-element elementor-element-2e538c5c\" data-id=\"2e538c5c\" data-element_type=\"column\" data-e-type=\"column\">\n\t\t\t<div class=\"elementor-widget-wrap elementor-element-populated\">\n\t\t\t\t\t\t<div class=\"elementor-element elementor-element-824257a elementor-widget elementor-widget-button\" data-id=\"824257a\" data-element_type=\"widget\" data-e-type=\"widget\" data-widget_type=\"button.default\">\n\t\t\t\t<div class=\"elementor-widget-container\">\n\t\t\t\t\t\t\t\t\t<div class=\"elementor-button-wrapper\">\n\t\t\t\t\t<a class=\"elementor-button elementor-button-link elementor-size-sm\" href=\"https:\/\/www.sngenealogie.ch\/wp\/bulletins\/bulletin-45\/etudiants-romands-en-allemagne-au-19e\/\">\n\t\t\t\t\t\t<span class=\"elementor-button-content-wrapper\">\n\t\t\t\t\t\t<span class=\"elementor-button-icon\">\n\t\t\t\t<i aria-hidden=\"true\" class=\"fas fa-arrow-left\"><\/i>\t\t\t<\/span>\n\t\t\t\t\t\t\t\t\t<span class=\"elementor-button-text\">Article pr\u00e9c\u00e9dent<\/span>\n\t\t\t\t\t<\/span>\n\t\t\t\t\t<\/a>\n\t\t\t\t<\/div>\n\t\t\t\t\t\t\t\t<\/div>\n\t\t\t\t<\/div>\n\t\t\t\t\t<\/div>\n\t\t<\/div>\n\t\t\t\t<div class=\"elementor-column elementor-col-33 elementor-top-column elementor-element elementor-element-99cc7f\" data-id=\"99cc7f\" data-element_type=\"column\" data-e-type=\"column\">\n\t\t\t<div class=\"elementor-widget-wrap elementor-element-populated\">\n\t\t\t\t\t\t<div class=\"elementor-element elementor-element-7414bc44 elementor-align-center elementor-widget elementor-widget-button\" data-id=\"7414bc44\" data-element_type=\"widget\" data-e-type=\"widget\" data-widget_type=\"button.default\">\n\t\t\t\t<div class=\"elementor-widget-container\">\n\t\t\t\t\t\t\t\t\t<div class=\"elementor-button-wrapper\">\n\t\t\t\t\t<a class=\"elementor-button elementor-button-link elementor-size-sm\" href=\"https:\/\/www.sngenealogie.ch\/wp\/bulletins\/bulletin-45\/\">\n\t\t\t\t\t\t<span class=\"elementor-button-content-wrapper\">\n\t\t\t\t\t\t<span class=\"elementor-button-icon\">\n\t\t\t\t<i aria-hidden=\"true\" class=\"fas fa-arrow-up\"><\/i>\t\t\t<\/span>\n\t\t\t\t\t\t\t\t\t<span class=\"elementor-button-text\">Bulletin 45<\/span>\n\t\t\t\t\t<\/span>\n\t\t\t\t\t<\/a>\n\t\t\t\t<\/div>\n\t\t\t\t\t\t\t\t<\/div>\n\t\t\t\t<\/div>\n\t\t\t\t\t<\/div>\n\t\t<\/div>\n\t\t\t\t<div class=\"elementor-column elementor-col-33 elementor-top-column elementor-element elementor-element-35e0edd6\" data-id=\"35e0edd6\" data-element_type=\"column\" data-e-type=\"column\">\n\t\t\t<div class=\"elementor-widget-wrap\">\n\t\t\t\t\t\t\t<\/div>\n\t\t<\/div>\n\t\t\t\t\t<\/div>\n\t\t<\/section>\n\t\t\t\t<\/div>\n\t\t","protected":false},"excerpt":{"rendered":"<p>Bulletin 45 \/ D\u00e9cembre 2011 Proc\u00e8s-verbal de l&rsquo;assembl\u00e9e g\u00e9n\u00e9rale du samedi 29 janvier 2011 \u00e0 10h00 heures \u00e0 Neuch\u00e2tel Pr\u00e9sents [&hellip;]<\/p>\n","protected":false},"author":1,"featured_media":0,"parent":2605,"menu_order":0,"comment_status":"closed","ping_status":"closed","template":"","meta":{"site-sidebar-layout":"no-sidebar","site-content-layout":"page-builder","ast-site-content-layout":"default","site-content-style":"default","site-sidebar-style":"default","ast-global-header-display":"","ast-banner-title-visibility":"","ast-main-header-display":"","ast-hfb-above-header-display":"","ast-hfb-below-header-display":"","ast-hfb-mobile-header-display":"","site-post-title":"disabled","ast-breadcrumbs-content":"","ast-featured-img":"disabled","footer-sml-layout":"","ast-disable-related-posts":"","theme-transparent-header-meta":"default","adv-header-id-meta":"","stick-header-meta":"","header-above-stick-meta":"","header-main-stick-meta":"","header-below-stick-meta":"","astra-migrate-meta-layouts":"default","ast-page-background-enabled":"default","ast-page-background-meta":{"desktop":{"background-color":"","background-image":"","background-repeat":"repeat","background-position":"center center","background-size":"auto","background-attachment":"scroll","background-type":"","background-media":"","overlay-type":"","overlay-color":"","overlay-opacity":"","overlay-gradient":""},"tablet":{"background-color":"","background-image":"","background-repeat":"repeat","background-position":"center center","background-size":"auto","background-attachment":"scroll","background-type":"","background-media":"","overlay-type":"","overlay-color":"","overlay-opacity":"","overlay-gradient":""},"mobile":{"background-color":"","background-image":"","background-repeat":"repeat","background-position":"center center","background-size":"auto","background-attachment":"scroll","background-type":"","background-media":"","overlay-type":"","overlay-color":"","overlay-opacity":"","overlay-gradient":""}},"ast-content-background-meta":{"desktop":{"background-color":"var(--ast-global-color-5)","background-image":"","background-repeat":"repeat","background-position":"center center","background-size":"auto","background-attachment":"scroll","background-type":"","background-media":"","overlay-type":"","overlay-color":"","overlay-opacity":"","overlay-gradient":""},"tablet":{"background-color":"var(--ast-global-color-5)","background-image":"","background-repeat":"repeat","background-position":"center center","background-size":"auto","background-attachment":"scroll","background-type":"","background-media":"","overlay-type":"","overlay-color":"","overlay-opacity":"","overlay-gradient":""},"mobile":{"background-color":"var(--ast-global-color-5)","background-image":"","background-repeat":"repeat","background-position":"center center","background-size":"auto","background-attachment":"scroll","background-type":"","background-media":"","overlay-type":"","overlay-color":"","overlay-opacity":"","overlay-gradient":""}},"footnotes":""},"wf_page_folders":[60],"class_list":["post-10719","page","type-page","status-publish","hentry"],"_links":{"self":[{"href":"https:\/\/www.sngenealogie.ch\/wp\/wp-json\/wp\/v2\/pages\/10719","targetHints":{"allow":["GET"]}}],"collection":[{"href":"https:\/\/www.sngenealogie.ch\/wp\/wp-json\/wp\/v2\/pages"}],"about":[{"href":"https:\/\/www.sngenealogie.ch\/wp\/wp-json\/wp\/v2\/types\/page"}],"author":[{"embeddable":true,"href":"https:\/\/www.sngenealogie.ch\/wp\/wp-json\/wp\/v2\/users\/1"}],"replies":[{"embeddable":true,"href":"https:\/\/www.sngenealogie.ch\/wp\/wp-json\/wp\/v2\/comments?post=10719"}],"version-history":[{"count":11,"href":"https:\/\/www.sngenealogie.ch\/wp\/wp-json\/wp\/v2\/pages\/10719\/revisions"}],"predecessor-version":[{"id":10757,"href":"https:\/\/www.sngenealogie.ch\/wp\/wp-json\/wp\/v2\/pages\/10719\/revisions\/10757"}],"up":[{"embeddable":true,"href":"https:\/\/www.sngenealogie.ch\/wp\/wp-json\/wp\/v2\/pages\/2605"}],"wp:attachment":[{"href":"https:\/\/www.sngenealogie.ch\/wp\/wp-json\/wp\/v2\/media?parent=10719"}],"wp:term":[{"taxonomy":"wf_page_folders","embeddable":true,"href":"https:\/\/www.sngenealogie.ch\/wp\/wp-json\/wp\/v2\/wf_page_folders?post=10719"}],"curies":[{"name":"wp","href":"https:\/\/api.w.org\/{rel}","templated":true}]}}