{"id":11288,"date":"2021-08-06T09:57:33","date_gmt":"2021-08-06T07:57:33","guid":{"rendered":"https:\/\/www.sngenealogie.ch\/wp\/?page_id=11288"},"modified":"2021-08-06T10:37:26","modified_gmt":"2021-08-06T08:37:26","slug":"perret-gentil-du-locle-a-curacao","status":"publish","type":"page","link":"https:\/\/www.sngenealogie.ch\/wp\/bulletins\/bulletin-52\/perret-gentil-du-locle-a-curacao\/","title":{"rendered":"Perret-Gentil du Locle \u00e0 Cura\u00e7ao"},"content":{"rendered":"\t\t<div data-elementor-type=\"wp-page\" data-elementor-id=\"11288\" class=\"elementor elementor-11288\">\n\t\t\t\t\t\t<section class=\"elementor-section elementor-top-section elementor-element elementor-element-6c184fb4 elementor-section-boxed elementor-section-height-default elementor-section-height-default\" data-id=\"6c184fb4\" data-element_type=\"section\" data-e-type=\"section\" data-settings=\"{&quot;background_background&quot;:&quot;gradient&quot;}\">\n\t\t\t\t\t\t<div class=\"elementor-container elementor-column-gap-no\">\n\t\t\t\t\t<div class=\"elementor-column elementor-col-100 elementor-top-column elementor-element elementor-element-3c4f2430\" data-id=\"3c4f2430\" data-element_type=\"column\" data-e-type=\"column\">\n\t\t\t<div class=\"elementor-widget-wrap elementor-element-populated\">\n\t\t\t\t\t\t<div class=\"elementor-element elementor-element-28a7be6c elementor-widget elementor-widget-heading\" data-id=\"28a7be6c\" data-element_type=\"widget\" data-e-type=\"widget\" data-widget_type=\"heading.default\">\n\t\t\t\t<div class=\"elementor-widget-container\">\n\t\t\t\t\t<h5 class=\"elementor-heading-title elementor-size-default\">Bulletin 52 \/ Ao\u00fbt 2015<\/h5>\t\t\t\t<\/div>\n\t\t\t\t<\/div>\n\t\t\t\t<div class=\"elementor-element elementor-element-64b397dc elementor-widget elementor-widget-heading\" data-id=\"64b397dc\" data-element_type=\"widget\" data-e-type=\"widget\" data-widget_type=\"heading.default\">\n\t\t\t\t<div class=\"elementor-widget-container\">\n\t\t\t\t\t<h2 class=\"elementor-heading-title elementor-size-default\">La famille Perret-Gentil : du Locle \u00e0 Cura\u00e7ao<\/h2>\t\t\t\t<\/div>\n\t\t\t\t<\/div>\n\t\t\t\t\t<\/div>\n\t\t<\/div>\n\t\t\t\t\t<\/div>\n\t\t<\/section>\n\t\t\t\t<section class=\"elementor-section elementor-top-section elementor-element elementor-element-187d1c15 elementor-section-boxed elementor-section-height-default elementor-section-height-default\" data-id=\"187d1c15\" data-element_type=\"section\" data-e-type=\"section\">\n\t\t\t\t\t\t<div class=\"elementor-container elementor-column-gap-default\">\n\t\t\t\t\t<div class=\"elementor-column elementor-col-100 elementor-top-column elementor-element elementor-element-6539d444\" data-id=\"6539d444\" data-element_type=\"column\" data-e-type=\"column\">\n\t\t\t<div class=\"elementor-widget-wrap elementor-element-populated\">\n\t\t\t\t\t\t<div class=\"elementor-element elementor-element-8457048 elementor-widget elementor-widget-heading\" data-id=\"8457048\" data-element_type=\"widget\" data-e-type=\"widget\" data-widget_type=\"heading.default\">\n\t\t\t\t<div class=\"elementor-widget-container\">\n\t\t\t\t\t<h4 class=\"elementor-heading-title elementor-size-default\">par Hans Leijdesdorff, \u00e9poux de Shareen Perret-Gentil<br>\nTraduction Fran\u00e7oise Favre<\/h4>\t\t\t\t<\/div>\n\t\t\t\t<\/div>\n\t\t\t\t<div class=\"elementor-element elementor-element-e7770b6 elementor-widget elementor-widget-spacer\" data-id=\"e7770b6\" data-element_type=\"widget\" data-e-type=\"widget\" data-widget_type=\"spacer.default\">\n\t\t\t\t<div class=\"elementor-widget-container\">\n\t\t\t\t\t\t\t<div class=\"elementor-spacer\">\n\t\t\t<div class=\"elementor-spacer-inner\"><\/div>\n\t\t<\/div>\n\t\t\t\t\t\t<\/div>\n\t\t\t\t<\/div>\n\t\t\t\t<div class=\"elementor-element elementor-element-4d49286 elementor-widget elementor-widget-text-editor\" data-id=\"4d49286\" data-element_type=\"widget\" data-e-type=\"widget\" data-widget_type=\"text-editor.default\">\n\t\t\t\t<div class=\"elementor-widget-container\">\n\t\t\t\t\t\t\t\t\t<h4>Introduction<\/h4><p>Le 6 juin 1793, on pouvait lire dans le journal \u00ab Rotterdamsche Courant \u00bb : \u00ab <em>Nous avons re\u00e7u la nouvelle de l&rsquo;arriv\u00e9e \u00e0 Cura\u00e7ao, le 27 f\u00e9vrier courant, du vaisseau \u00ab Amicitia \u00bb, capitaine J.P. Rotgans d&rsquo;Amsterdam, avec \u00e0 son bord le lieutenant-colonel Perret-Gentil et une brigade des troupes nationales qui sont tous dans de bonnes conditions<\/em>.\u00bb <br \/>Abraham doit \u00eatre le premier Perret-Gentil a d\u00e9barquer \u00e0 Cura\u00e7ao, dans les Antilles N\u00e9erlandaises [1]. <\/p><h4>I. Tout commence au Locle<\/h4><p>Abraham est n\u00e9 en 1747 au Locle, dans le canton de Neuch\u00e2tel. Ses parents sont Moyse Perret-Gentil, n\u00e9 au Locle le 18 f\u00e9vrier 1725, et Suzanne Marguerite de PERROT. Son grand-p\u00e8re, Abraham Perret-Gentil a \u00e9t\u00e9 baptis\u00e9 au Locle le 13 juin 1697 et a \u00e9pous\u00e9 Ester DROZ. Abraham avait six fr\u00e8res et soeurs : Marie Ester, Susanne Em\u00e9lie, Julie Esabeau, Samuel Henry, Henriette et Charlotte.<br \/>Abraham entre le 1er f\u00e9vrier 1774 dans l&rsquo;arm\u00e9e de la R\u00e9publique des sept Provinces-Unies des Pays-Bas, qui deviendra plus tard la R\u00e9publique batave. Il est capitaine du R\u00e9giment de marine Bentinck \u00e0 &lsquo;s-Hertogendosch (Bois-le-Duc) et part pour le Surinam.<br \/>C&rsquo;est l\u00e0, \u00e0 Paramaribo, capitale de la colonie n\u00e9erlandaise du Surinam, qu&rsquo;il \u00e9pouse le 15 juillet 1776 Elisabeth Jacoba LIJNSLAGER (n\u00e9e en 1754 \u00e0 Leiden, Pays-Bas). Elisabeth \u00e9tait veuve de Fran\u00e7ois Louis CHAILLET, de Neuch\u00e2tel, d\u00e9c\u00e9d\u00e9 \u00e0 Paramaribo.<br \/>Quand Abraham arrive \u00e0 Cura\u00e7ao, le 27 f\u00e9vrier 1793, il prend le commandement de la garnison [2]. La R\u00e9publique batave coop\u00e9rait \u00e9troitement avec la France, ce qui pourrait expliquer qu&rsquo;en 1797, Abraham \u00e9tait stationn\u00e9 \u00e0 Saint-Domingue (aujourd\u2019hui Ha\u00efti) en tant qu&rsquo;officier. Il quitte Saint-Domingue pour revenir \u00e0 Cura\u00e7ao en ao\u00fbt 1797, sous le pr\u00e9texte d&rsquo;y restaurer l&rsquo;ordre social et d&rsquo;accro\u00eetre l\u2019influence fran\u00e7aise [3].<br \/>A la fin de sa carri\u00e8re, Abraham \u00e9tait g\u00e9n\u00e9ral de brigade dans l&rsquo;arm\u00e9e fran\u00e7aise. Il est mort \u00e0 Lyon. Une notice n\u00e9crologie a paru \u00e0 Cura\u00e7ao dans le journal \u00ab De Cura\u00e7aosche Courant \u00bb le 19 juin 1824.Abraham et Elisabeth ont eu quatre enfants.<\/p><h4>II. La g\u00e9n\u00e9ration du Surinam 1777 &#8211; &gt;1824<\/h4><ol><li>Claude Fran\u00e7ois Frederic, l\u2019a\u00een\u00e9 des enfants d&rsquo;Abraham et Elisabeth, est n\u00e9 \u00e0 Paramaribo le 21 mai 1777. Il \u00e9pouse Johanna Catharina Hansz. En 1796 il \u00e9tait \u00e9tabli \u00e0 Cura\u00e7ao comme officier de l&rsquo;arm\u00e9e. De 1800 \u00e0 1803, durant l\u2019occupation britannique, il sert le gouvernement britannique et rompt son serment envers la R\u00e9publique batave, ce qui lui vaut d&rsquo;\u00eatre traduit devant un tribunal militaire au Pays-Bas. Il risque le bannissement et la confiscation de tous ses biens, mais il est seulement licenci\u00e9, parce qu&rsquo;il s&rsquo;av\u00e8re qu&rsquo;il avait d\u00e9j\u00e0 d\u00e9missionn\u00e9 de ses fonctions avant l&rsquo;occupation britannique. En 1815, il s&rsquo;engage \u00e0 nouveau dans l&rsquo;arm\u00e9e comme capitaine du 19e Bataillon d&rsquo;Infanterie \u00e0 Java, o\u00f9 il sert jusqu&rsquo;\u00e0 sa mort le 22 janvier 1818.<\/li><li>Henry Louis (1779-1824), le second fils, est baptis\u00e9 le 11 janvier 1780 \u00e0 l&rsquo;\u00e9glise protestante (\u201c<em>Grote Kerk<\/em>\u201d) de \u2019s-Hertogenbosch (Bois-le-Duc), avec les pr\u00e9noms n\u00e9erlandais de Lodewijk Hendrik. Il \u00e9pouse Diena Maria de Graaf et le couple n&rsquo;a pas eu d&rsquo;enfant.<br \/>De 1819 \u00e0 1824 Henry est colonel dans l&rsquo;arm\u00e9e (<em>de Schutterij<\/em>) stationn\u00e9e \u00e0 Paramaribo, au Surinam. Il est \u00e9galement membre de la Cour de Police et de Justice criminelle (<em>Hof van Policie en Krimineel Justitie<\/em>) de la Colonie du Surinam. Il a des int\u00e9r\u00eats dans plusieurs plantations. A sa mort \u00e0 \u2018s Gravenhage (La Haye), aux Pays-Bas, il est lieutenant-colonel de l&rsquo;arm\u00e9e des Pays-Bas.<\/li><li>Maria Elisabeth Charlotte (n\u00e9e en 1781), la troisi\u00e8me enfant, \u00e9pouse Philip Jacob Roederer. Elle est morte \u00e0 Cura\u00e7ao.<\/li><li>Julie Emelie, la petite derni\u00e8re, est n\u00e9e en 1783 \u00e0 Deventer, aux Pays-Bas. Elle \u00e9pouse Henry Louis Ritter le 9 novembre 1806 \u00e0 Cura\u00e7ao.<\/li><\/ol><h4>III. La premi\u00e8re g\u00e9n\u00e9ration de Cura\u00e7ao 1797-1852<\/h4><p>1. Claude Fran\u00e7ois Frederic et sa femme Johanna Catharina Hansz ont eu trois enfants, tous n\u00e9s \u00e0 Cura\u00e7ao.<\/p><ol><li>Anna Maria (1797-1852), l\u2019a\u00een\u00e9e, \u00e9pouse Casper Voogd.<\/li><li>Abraham Hendrik est n\u00e9 le 6 novembre 1798. Il est mort \u00e0 l&rsquo;\u00e2ge de 17 ans, le 8 novembre 1815.\u00a0<\/li><li>Jan Hendrik est n\u00e9 le 19 octobre 1800. Il \u00e9pouse Cornelia Maria Hendriks le 29 d\u00e9cembre 1824. Il est nomm\u00e9 en juin 1828 \u00e0 la surveillance des poids et mesures pour le vin, le grain et le bois par le Conseil de Police. Jan Hendrik est mort le 10 d\u00e9cembre 1852. Sa femme est morte le 23 septembre 1867. Ils sont les premiers \u00e0 avoir \u00e9t\u00e9 enterr\u00e9s dans le cimeti\u00e8re familial des PERRET-GENTIL de Berg Altena, \u00e0 Willemstad, la capitale de Cura\u00e7ao. <br \/>Jan Hendrik est le seul fils de cette g\u00e9n\u00e9ration qui a eu des descendants, et \u00e0 ce titre, il est consid\u00e9r\u00e9 comme le patriarche de la branche familiale des PERRET-GENTIL de Cura\u00e7ao.<\/li><\/ol><h4>IV. La seconde g\u00e9n\u00e9ration de Cura\u00e7ao 1828-1927<\/h4><p>1.3.1. Casper Claude <span style=\"text-decoration: underline;\">Fran\u00e7ois<\/span> Frederik (1828-1890) est l&rsquo;ain\u00e9 des sept enfants de Jan Hendrik et de Cornelia Maria. Il \u00e9pouse Anna Maria Cornelia Statius Muller<br \/>1.3.2. Cornelia Helena Henriette Louise, dite \u201dLeenchi\u201d (1830-1921), a \u00e9pous\u00e9 Johan Frederik Carel van Eps mais n&rsquo;a pas eu d&rsquo;enfant.<br \/>1.3.3. Cornelis Marinus Hendriks (1837-1862) ne s&rsquo;est pas mari\u00e9 et on ne lui conna\u00eet pas de descendant.<br \/>1.3.4. Johanna Catharina Wilhelmina, dite \u201cKachi\u201d (1839-1870) \u00e9pouse August Frederik Neuman. Ils ont eu une fille unique.<br \/>1.3.5. Abraham Charles Henri <span style=\"text-decoration: underline;\">Louis<\/span> (1841-1905) \u00e9pouse Anna Christina Johanna van Eps.<br \/>1.3.6. August Carel <span style=\"text-decoration: underline;\">Casper<\/span> Pieter (1843-1912) \u00e9pouse Antonia <span style=\"text-decoration: underline;\">Elodie<\/span> Avenda\u00f1o (1855-1922). <br \/>1.3.7. Anna Maria Geertruida Christina dite \u201cMimi\u201d (1846-1927) \u00e9pouse Mattheus Cornelis van Vooren. Ils n&rsquo;ont n&rsquo;a pas eu d&rsquo;enfants.<\/p>\t\t\t\t\t\t\t\t<\/div>\n\t\t\t\t<\/div>\n\t\t\t\t<div class=\"elementor-element elementor-element-1e2edbc elementor-widget elementor-widget-text-editor\" data-id=\"1e2edbc\" data-element_type=\"widget\" data-e-type=\"widget\" data-widget_type=\"text-editor.default\">\n\t\t\t\t<div class=\"elementor-widget-container\">\n\t\t\t\t\t\t\t\t\t<h4>V. La troisi\u00e8me g\u00e9n\u00e9ration de Cura\u00e7ao et les g\u00e9n\u00e9rations suivantes<\/h4><h5>a. La branche de Casper Claude Fran\u00e7ois Frederik<\/h5><p>Fran\u00e7ois (1.3.1) et Anna Maria ont eu trois enfants.<\/p><ul><li>a.1. August est n\u00e9 \u00e0 Coro (Venezuela) le 7 d\u00e9cembre 1859. Il ne s&rsquo;est pas mari\u00e9 et on ne lui conna\u00eet pas de descendant. Il est mort le 10 juillet 1909 \u00e0 Cura\u00e7ao.<\/li><li>a.2. Geertruida Maria (1863-1945) est la seule fille du couple et elle ne s&rsquo;est pas mari\u00e9e.<\/li><li>a.3. Jan Hendrik (1866-1930), dit \u201cJohn I\u201d est le cadet des trois enfants. Il \u00e9pouse sa cousine Cornelia Maria (c.2), la fille d&rsquo;August Carel Casper Pieter (1.3.6.). Ils ont une seule fille, Atala (1914-1983) (a.3.1) qui a \u00e9pous\u00e9 Max Alex Perret-Gentil. <br \/>(c.4.2). John I \u00e9tait fonctionnaire.<\/li><\/ul><h5>b. La branche d&rsquo;Abraham Charles Henri Louis<\/h5><p>Louis (1.3.5) et sa femme, Anna Christina Johanna van Eps, ont eu neuf enfants.<\/p><ul><li>b.1. Jan Hendrik, dit \u201cJohn III\u201d (1889-1950) \u00e9pouse en premi\u00e8res noces sa cousine Marcelina Helena (\u201cDidan\u201d) (c.7), dont il n&rsquo;a pas d&rsquo;enfant. Il \u00e9pouse ensuite Charlotte <span style=\"text-decoration: underline;\">Marie<\/span> Brusse, de Colombie et apr\u00e8s la mort de celle-ci, il \u00e9pouse sa s\u0153ur Leonore <span style=\"text-decoration: underline;\">Josephine<\/span>. Avec Marie, il a eu deux fils, John Coenraad (1941) et Dudley Grandville (1942). Avec Josephine il a eu une fille, Helena Maria Josephine (1948). <br \/>De 1923 \u00e0 1927, John III est fonctionnaire \u00e0 Cura\u00e7ao et \u00e0 Aruba, et gouverneur local (Gezaghebber) de Bonaire. John III est mentionn\u00e9 sous le nom de J.H. Perret-Gentil Lzn. L&rsquo;ajout Lzn n&rsquo;est pas officiel, mais \u00e9tait probablement destin\u00e9 \u00e0 le distinguer de ses parents qui portaient les m\u00eames initiales, John I et John II. Lzn signifiant \u201cfils de Louis\u201d.<br \/>John III s&rsquo;\u00e9tablit avec sa troisi\u00e8me femme et ses enfants en Colombie o\u00f9 il est mort. Ses fils ont vraisemblablement donn\u00e9 naissance \u00e0 une branche des Perret-Gentil en Colombie.<\/li><li>b.2. Urania Helena (1890-1974), deuxi\u00e8me enfant de Louis, \u00e9pouse David van der Ree.<\/li><li>b.3. Johan Frederik Karel (1891-1959) n&rsquo;a pas de descendant.<\/li><li>b.4. Francois Hendriks Casper (n\u00e9 en 1893) \u00e9pouse Maria Pura Dobbs. Il s&rsquo;\u00e9tablit \u00e0 La Guayra (Venezuela) o\u00f9 il est nomm\u00e9 consul honoraire des Pays-Bas dans l&rsquo;Etat de Vargas et de Miranda par un d\u00e9cret royal de 1933. Ils ont trois fils, Edgar, Francois et Richard, et une fille, Viola.<\/li><li>b.5. Cornelis Marinus (1894-1945) ne s&rsquo;est pas mari\u00e9 et n&rsquo;a pas eu d&rsquo;enfants.<\/li><li>b.6. August Hendriks (1895-1896) est mort avant l&rsquo;\u00e2ge d&rsquo;un an.<\/li><li>b.7. Henri Louis (1897-1970 a \u00e9pous\u00e9 Beatrice Irene Brusse. Ils ont eu quatre enfants :<ul><li>b.7.1. Norma Madeline (1925),<\/li><li>b.7.2. Anna Christina (1930-2005), assassin\u00e9e lors d&rsquo;un cambriolage,<\/li><li>b.7.3. Olga Helena (1932) et<\/li><li>b.7.4. Harold Roland, dit \u201cRoly\u201d (1934-1998). <br \/>Roly a \u00e9pous\u00e9 Gusta Martha Hofmans et ils ont eu quatre enfants : Gusta Beatrix (1959), Roland Gerrit dit \u201cRoli\u201d (1960), Mary Ann Solange (1961) et Vanessa Corine (1963). Roly, homme d&rsquo;affaire bien connu \u00e0 Cura\u00e7ao, a des int\u00e9r\u00eats dans la navigation et les services portuaires. En 1995, il remporte le gros lot de la loterie nationale qui s&rsquo;\u00e9l\u00e8ve \u00e0 Nafl 1 million (USD 560,000). C&rsquo;est un membre actif du Yacht Club de Cura\u00e7ao.<br \/>Roli (jr.) a \u00e9pous\u00e9 Miranda Cannegieter. Ils ont deux filles, Stacey Caroline et Cindy Jennifer.<\/li><\/ul><\/li><li>b.8. Cornelia Maria (1898-1962), c\u00e9libataire, institutrice.<\/li><li>b.9. Herman Helenus (n\u00e9 en 1900) \u00e9pouse Nora Ines Meinhard et se fixe \u00e0 Caracas (Venezuela) o\u00f9 sont n\u00e9es ses trois filles, Edna, Ana Christina et Thelma.<\/li><\/ul><h5>c. La branche d&rsquo;August Carel Casper Pieter<\/h5><p>Cette branche est de loin la plus nombreuse. Casper (1.3.6.) s&rsquo;\u00e9tablit tr\u00e8s jeune au Venezuela o\u00f9 il \u00e9pouse Antonia <span style=\"text-decoration: underline;\">Elodie<\/span> Avenda\u00f1o. Il a huit enfants. Les six premiers sont n\u00e9s \u00e0 La Guayra o\u00f9 Casper est consul des Pays-Bas. Avant de revenir \u00e0 Cura\u00e7ao avec sa famille, ce qu&rsquo;il a fait vers 1890, Casper ach\u00e8te la <em>landhuis<\/em> [4] Groot St. Joris, \u00e0 12 km au nord-est de Willemstad, le 23 juillet 1884. Un des premiers bateaux de croisi\u00e8re visitant Cura\u00e7ao, le \u201cPrinzessin Victoria Luise\u201d de la Hamburg American Line, propose dans son guide touristique la visite de Groot St. Joris, le 20 f\u00e9vrier 1903, \u00ab <em>o\u00f9, gr\u00e2ce \u00e0 la bont\u00e9 de son propri\u00e9taire, M. C. Perret-Gentil, les visiteurs peuvent passer la journ\u00e9e \u00e0 chasser s&rsquo;il le d\u00e9sirent.<\/em> \u00bb En\u00a0 1888, il fait construire sur la colline d&rsquo;Altena (<em>Berg Altena<\/em>), \u00e0 Willemstad, une r\u00e9sidence familiale qui a re\u00e7u le nom du pays d&rsquo;origine de sa femme, \u201cPuerto Rico\u201d. <br \/>Casper \u00e9tait un homme d&rsquo;affaire. En 1884 il demande une concession pour une compagnie de t\u00e9l\u00e9phone \u00e0 Cura\u00e7ao, et en 1893, il acquiert la <em>Cura\u00e7aose Tramweg Maatschappij<\/em>, une compagnie de tram \u00e0 Willemstad.<\/p><p><strong>Les descendants d&rsquo;August Carel Casper Pieter et d&rsquo;Antonia Elodie Avenda\u00f1o<\/strong><\/p><ul><li><strong>c.1. John Henry : la branche v\u00e9n\u00e9zu\u00e9lienne<\/strong><br \/>John Henry, dit \u201cJohn II\u201d (1878-1934). Il s&rsquo;\u00e9tablit vers 1915 Ciudad Bolivar, au Venezuela, o\u00f9 il \u00e9pouse Maria Luisa Eugenia Aristeguieta. John II est vice-consul honoraire des Pays-Bas \u00e0 Bolivar dans les territoires d&rsquo;Amazones, de Delta Amacuro et de Yuruary. Il a quatre fils qui sont tous n\u00e9s et ont grandi au Venezuela.<ul><li>c.1.1. Agustin (1917-1972) \u00e9pouse sa cousine Elodie Isabella (c.6.5). Ils ont huit enfants (quatre fils et quatre filles) qui vivent au Venezuela et aux U.S.A. Agustin est ophtalmologue.<\/li><li>c.1.2. Irwin (1920-1994), est ing\u00e9nieur. Il fonde en 1950 le Pering Group (les ing\u00e9nieurs Perret) qui est devenu l&rsquo;une des plus grandes entreprises priv\u00e9es d&rsquo;ing\u00e9nierie, de conception, de construction et d&rsquo;immobilier du Venezuela. Pering est toujours une entreprise priv\u00e9e, dirig\u00e9e en partenariat par les fils d&rsquo;Irwin. Irwin John (c.1.2.1) en est le pr\u00e9sident-directeur-g\u00e9n\u00e9ral et Alberto (c.1.2.2), en est le vice-pr\u00e9sident et directeur ex\u00e9cutif. Irwin \u00e9tait un grand joueur d&rsquo;\u00e9chec et il a remport\u00e9 le second prix du Championnat National de Caracas en d\u00e9cembre 1950. <br \/>Il a eu trois fils et une fille avec sa femme Violeta Mijares<\/li><li>c.1.3. Otho (1922-1997) est juriste, juge, et fondateur de la compagnie d&rsquo;assurance Seguros Orinoco qu&rsquo;il a lui-m\u00eame pr\u00e9sid\u00e9. Il a eu six enfants avec sa femme, Ofelia Hernandez, mais seulement un fils.<\/li><li>c.1.4. Frank (1931-1999), est \u00e9galement juriste et fonctionnaire de haut rang dans le d\u00e9partement de Vargas \u00e0 La Guayra. Comme son fr\u00e8re Irwin, Frank \u00e9tait un excellent joueur d&rsquo;\u00e9chec et il a m\u00eame battu Bobby Fischer dans une partie simultan\u00e9e. Frank et sa femme Violeta Leal ont eu cinq enfants.<br \/><br \/><\/li><\/ul><\/li><li><strong>c.2. Cornelia Maria<\/strong><br \/>Cornelia Maria (1880-1935) \u00e9pouse son cousin Jan Hendrik (voir plus haut a.3.)<br \/><br \/><\/li><li><strong>c.3. Federico Antonio ; La branche de la landhuis Groot St. Joris<\/strong><br \/>En 1904, Federico (1881-1952) qui a \u00e9pous\u00e9 Hendrina Gorsira, avait d\u00e9j\u00e0 succ\u00e9d\u00e9 \u00e0 son p\u00e8re et repris la gestion de la plantation de Groot St Joris (qu&rsquo;on appelle plut\u00f4t \u201cChincho\u201d). Les affaires marchent bien, il y a 2.000 moutons, environ 200 vaches et beaucoup d&rsquo;activit\u00e9s agricoles. On peut visiter la plantation de 450 hectares, s&rsquo;y promener et se baigner dans la baie de Groot St. Joris, \u00e0 condition de louer un chariot dans son \u00e9curie \u201cLa Aurora\u201d.<br \/>La famille a v\u00e9cu environ deux ans au Costa Rica. A leur retour, leur fils Edgar (c.3.4.) (1913-1962) reprend la gestion de la plantation. A cette \u00e9poque, la plantation est r\u00e9put\u00e9e pour son lait et pour sa belle cour. Dans les ann\u00e9es 1950, de plus en plus de produits agricoles et horticoles sont import\u00e9s \u00e0 bas prix. A la plantation, les conditions commerciales se d\u00e9gradent et ce n&rsquo;est que sept ans apr\u00e8s le d\u00e9c\u00e8s de son fr\u00e8re Edgar, que Federico Enrique (c.3.5.) (1918-1985), dit Fiquito, fonctionnaire des imp\u00f4ts \u00e0 la retraite, reprend les activit\u00e9s horticoles. Gr\u00e2ce \u00e0 l&rsquo;utilisation de techniques nouvelles, il arrive \u00e0 obtenir de bons r\u00e9sultats dans la plantation. Fiquito a \u00e9t\u00e9 un gestionnaire marquant et parfois controvers\u00e9. Edgar et Fiquito avaient encore deux fr\u00e8res, Casper Cornelis (c.3.3.) (1910-1958) dit \u201cNes\u201d et Milton Gregory (c.3.6.) (1926-1978) dit \u201cMoni\u201d. Les a\u00een\u00e9s de la famille \u00e9taient les deux filles Elodi Elisabeth (c.3.1 ) (1907-1973) et Vitalia (c.3.2.) (1908-1973). La femme d&rsquo;Edgar, Susana Boom, qu&rsquo;on appelait \u201cTia Chana\u201d, est d\u00e9c\u00e9d\u00e9e \u00e0 102 ans <br \/>en mars 2014. Elle vivait toujours \u00e0 la landhuis Groot St. Joris, avec sa fille Annaclara et son mari. <br \/>Les six descendants de Federico et Hendrina Gorsira ont eu 26 enfants et plus de 20 petits-enfants qui vivent \u00e0 Cura\u00e7ao, aux Pays-Bas et aux Etats-Unis.<br \/><br \/><\/li><li><strong>c.4. Francois Hendriks Louis (\u201cHenry\u201d) ; la branche de la landhuis Joonchi\u00a0<br \/><\/strong>Henry (1882-1929) a commenc\u00e9 sa carri\u00e8re professionnelle \u00e0 la Soci\u00e9t\u00e9 d&rsquo;import-export \u00ab Cura\u00e7ao \u00bb \u00e0 La Guayra, au Venezuela (<em>N.V. Handel- en Industriemaatschappij \u00ab\u00a0Cura\u00e7ao\u00a0\u00bb<\/em>). A cette \u00e9poque il \u00e9tait mari\u00e9 avec Rosalia Caballero. Quand le couple divorce,\u00a0 Henry est mut\u00e9 \u00e0 sa demande dans la branche de Cura\u00e7ao de la Soci\u00e9t\u00e9 \u00ab Cura\u00e7ao \u00bb pour laquelle il travaillait. Les premiers enfants d&rsquo;Henry, Olga Etna (c.4.1.) (1904-1995) et Max Alex (c.4.2) (1907-1985), sont issus de sa relation avec Carmelita Yumares. Pendant son s\u00e9jour \u00e0 Cura\u00e7ao dans la maison familiale de \u201cPuerto Rico\u201d, Henry rencontre Silvia van der Veen Zeppenfeldt, qu&rsquo;il \u00e9pouse en 1919. Henry travaille dans la Soci\u00e9t\u00e9 d&rsquo;import-export \u00ab Cura\u00e7ao \u00bb jusqu&rsquo;\u00e0 la fin de sa vie. Comme son p\u00e8re, il \u00e9tait membre de la <em>Koloniale Raad<\/em> et engag\u00e9 dans diff\u00e9rentes activit\u00e9s charitables et sociales. Silvia van der Veen Zeppenfeldt n&rsquo;avait que 29 ans quand Henry est mort, en ao\u00fbt 1929. Ils avaient six enfants, et en 1932, Silvia d\u00e9cide de partir vivre avec eux \u00e0 Montreux, en Suisse. Plus tard, en 1947, elle est finalement retourn\u00e9e \u00e0 Cura\u00e7ao et elle a v\u00e9cu \u00e0 la <em>landhuis<\/em> Joonchi jusqu&rsquo;\u00e0 sa mort.<br \/><ul><li>c.4.1 Olga Etna, \u00e9pouse Harry Winkel dont elle a une fille. Elle divorce en 1948.<\/li><li>c.4.2. Max Alex avait \u00e9t\u00e9 envoy\u00e9 dans une \u00e9cole aux Pays-Bas \u00e0 l&rsquo;\u00e2ge de sept ans. C&rsquo;est un bon joueur de hockey, qui participe aux matchs de qualification dans l&rsquo;\u00e9quipe nationale de Hollande vers 1926. En 1941 il fait partie de l&rsquo;\u00e9quipe nationale de Hockey de Cura\u00e7ao et joue contre les Anglais. Max travaille dans le tourisme. Avec sa femme Atala (a.3.1) qui est sa cousine, il a quatre filles (dont une est morte \u00e0 l&rsquo;\u00e2ge de 11 ans), et un fils seulement, Henry (1945) qui n&rsquo;a pas eu d&rsquo;enfant.<\/li><li>c.4.3. Sylvia Elodie dite \u201cNenecita\u201d (1920-1999) l\u2019a\u00een\u00e9e des enfants d&rsquo;Henry et Silvia van der Veen Zeppenfeld et sa jeune s\u0153ur Maria Christina, dite \u201cTina\u201d (c.4.6.), \u00e9pousent des Suisses. Leurs enfants ont grandi et ont fait leur vie en Suisse.<\/li><li>c.4.4. Henry Carel Casper, dit \u201cCoy\u201d \u00e9pouse d&rsquo;abord Ginette dont il a deux filles, Carole et Tyna, puis il \u00e9pouse Martine dont il a un fils C\u00e9dric. Tous vivent en Suisse.<\/li><li>c.4.5. Albert Rudolf, dit \u201cTico\u201d (1923-1975), le second fils, \u00e9tudie la m\u00e9decine en Suisse et \u00e0 Utrecht, aux Pays-Bas. Il part ensuite comme m\u00e9decin g\u00e9n\u00e9raliste \u00e0 Cura\u00e7ao en 1954 o\u00f9 il est un m\u00e9decin tr\u00e8s populaire et tr\u00e8s appr\u00e9ci\u00e9. Il n&rsquo;a pas eu d&rsquo;enfant.<\/li><li>c.4.7. Yolanda (1927-1988) est rest\u00e9e c\u00e9libataire.<\/li><li>c.4.8. Mario Casper (1928-2005), sort dipl\u00f4m\u00e9 de l&rsquo;Ecole Polytechnique F\u00e9d\u00e9rale de Lausanne, et fait toute sa carri\u00e8re professionnelle \u00e0 Cura\u00e7ao, dans la firme Shell. Il \u00e9pouse Ingrid Helga Viejou et n&rsquo;a pas d&rsquo;enfant.<br \/><br \/><\/li><\/ul><\/li><li><strong>c. 5. Oscar Eduardo ; la branche de la landhuis Hel<\/strong><br \/>Son p\u00e8re avait un faible pour son plus jeune fils, Oscar Eduardo (1884-1946), et il lui offre la <em>landhuis<\/em> Hel, qui s&rsquo;appelait pr\u00e9c\u00e9demment Paradis. Les pr\u00e9c\u00e9dents propri\u00e9taire avaient eu une vie si mis\u00e9rable que les gens ont appel\u00e9 la maison Hel (enfer). Le nom lui est rest\u00e9 et a fini par \u00eatre le nom officiel. A la mort de leur p\u00e8re en 1912, Oscar et son fr\u00e8re Henry (c.4.) h\u00e9ritent de la <em>landhuis<\/em> Parera. La vente de la propri\u00e9t\u00e9 leur permettra de vivre de leurs rentes jusqu&rsquo;\u00e0 la fin de leur vie. Oscar \u00e9pouse Anna Maria Magdalena (\u201cMiekie\u201d) Rojer (1882-1970). Il ont eu une fille, morte en bas \u00e2ge. Miekie a vendu la landhuis Hel au gouvernement peu avant de mourir.<br \/><br \/><\/li><li><strong>c. 6. Casper Arturo (\u201cShon Tutu\u201d); la branche de la landhuis Jan Thiel<\/strong><br \/>A vingt-huit ans, Arturo (1887-1980) achete la <em>landhuis<\/em> Jan Thiel, construite dans la premi\u00e8re moiti\u00e9 du 18e si\u00e8cle. La plantation comprend une ferme et des terres agricoles, une baie et un lagon o\u00f9 l&rsquo;on peut r\u00e9colter du sel. Sur les terres agricoles, on cultive des arbres fruitiers, notamment les oranges laraha, qui sont export\u00e9es en France pour la fabrication de liqueur et de parfum. Le cheptel est constitu\u00e9 de moutons et de vaches. A Jan Thiel Bay, Arturo a am\u00e9nag\u00e9 une station baln\u00e9aire nomm\u00e9e Vista Alegre avec un h\u00f4tel et quelques bungalows qu&rsquo;il loue. Dans les ann\u00e9es 1970, la <em>landhuis<\/em> et la plantation sont vendues au Fonds de pension du gouvernement APNA, mais Arturo pourra y demeurer jusqu&rsquo;\u00e0 la fin de sa vie. Les alentours de la baie sont alors am\u00e9nag\u00e9s pour le tourisme et c&rsquo;est actuellement une des destinations touristiques les mieux cot\u00e9es de l&rsquo;\u00eele. Le lagon est une r\u00e9serve naturelle. La landhuis a \u00e9t\u00e9 tr\u00e8s bien restaur\u00e9e pour servir de complexe commercial pour la station baln\u00e9aire.<br \/>Arturo \u00e9pouse Maria Virginia Clementina Daal, dite \u201cDjidji\u201d (1889-1975). En 1972, ils ont c\u00e9l\u00e9br\u00e9 le 60e anniversaire de leur mariage. Ils ont eu huit enfants, trente-et-un petits-enfants et plus de vingt arri\u00e8re petits-enfants.<br \/><ul><li>c.6.1. Casper Arturo (1913-1997), l&rsquo;ain\u00e9 des fils, \u00e9pouse Sylvia de Haseth (1912-1995). Casper Arturo est employ\u00e9 de la CPIM (<em>Cura\u00e7aosche Petroleum Industrie Maatschappij<\/em>), une filiale de la Royal Dutch Shell, qui exploite depuis 1918 sur l\u2019\u00eele une raffinerie de p\u00e9trole venant du lac Maraca\u00efbo (Venezuela).<\/li><li>c.6.2. Henry Melchior (1916-2002) a \u00e9pous\u00e9 Ira de Haseth (1920-2007). Il \u00e9tait dentiste \u00e0 Cura\u00e7ao.<\/li><li>c.6.3. Hubert Balthazar (1918-2008), le troisi\u00e8me fils, travaille d&rsquo;abord pour le gouvernement avant de travailler chez Shell o\u00f9 il est rest\u00e9 pendant plus de vingt-cinq ans. Il \u00e9pouse Mae Schotborgh (1925-2010).<\/li><li>c.6.4. Raul (1920-2013), le quatri\u00e8me fils, travaille tr\u00e8s jeune pour une compagnie p\u00e9troli\u00e8re au Venezuela. Avec son cousin Max Alex (c.4.2), il a install\u00e9 une entreprise de concassage de pierres \u00e0 la plantation de Jan Thiel et il exploite un magasin de carrelages \u00ab\u00a0Mosaicos Raul Perret-Gentil\u00a0\u00bb. Il \u00e9pouse Marie Cadieres.<\/li><li>c.6.5. Elodie Isabella dite \u201cNena\u201d est n\u00e9e en 1922. Elle \u00e9pouse son cousin Agustin Perret-Gentil, de la branche venezuelienne (c.1.1).<\/li><li>c.6.6 Ricardo Roberto, dit \u201cTata\u201d, n\u00e9 en 1924, \u00e9pouse Dorothy Schotborgh, dite \u201cDolly\u201d.<\/li><li>c.6.7. Oscar, dit \u201cTali\u201d est un homme d&rsquo;affaire au niveau local. Avec un groupe d&rsquo;amis, il fonde le Yacht Club de Cura\u00e7ao en 1962. A l&rsquo;origine, il s&rsquo;agissait d&rsquo;un club de p\u00eache, qui est le sport le plus pratiqu\u00e9 dans ce club \u00e0 ce jour. Tali \u00e9pouse Vilma Cadieres (1929-1969). <\/li><li>c.6.8. Thelma Virginia (1930-2014) \u00e9pouse Dirk van Vliet (1922-2014)<br \/><br \/><\/li><\/ul><\/li><li><strong>c. 7. Marcelina Helena<\/strong><br \/>Helena dite \u201cDidan\u201d (1891-1937) \u00e9pouse son cousin Jan Hendrik Perret Gentil (\u201cJohn III\u201d) (b.1), le fils de Louis (1.3.5).<br \/><br \/><\/li><li><strong>c. 8. Marcelina Evelina (\u201cShon\u201d)<\/strong><br \/>Shon (1893-1989) est n\u00e9e \u00e0 Cura\u00e7ao dans la maison familiale \u201cPuerto Rico\u201d. Elle \u00e9pouse Cecilio Sarmiento (1892-1951), qui a fui le Venezuela. Apr\u00e8s la mort du dictateur venezuelien Juan Vincente G\u00f3mez en 1935, Cecilio Sarmiento devient consul du Venezuela \u00e0 Aruba. En 1944 Shon, son mari et ses enfants Margarita Elodie (1924-1995), Casper Cecilio (1926-1989) et Eduardo Arturo (1930), vont s&rsquo;\u00e9tablir \u00e0 Caracas, au Venezuela. <br \/>Leur fils Eduardo, ing\u00e9nieur civil \u00e0 la retraite, est un vrai PERRET-GENTIL. Il a une connaissance incroyable de l&rsquo;histoire de sa famille et a aimablement accept\u00e9 de partager son savoir pour la r\u00e9daction de cette histoire familiale.<\/li><\/ul><p style=\"text-align: right;\">Cura\u00e7ao, novembre 2014<\/p>\t\t\t\t\t\t\t\t<\/div>\n\t\t\t\t<\/div>\n\t\t\t\t\t<\/div>\n\t\t<\/div>\n\t\t\t\t\t<\/div>\n\t\t<\/section>\n\t\t\t\t<section class=\"elementor-section elementor-top-section elementor-element elementor-element-2980c206 elementor-section-boxed elementor-section-height-default elementor-section-height-default\" data-id=\"2980c206\" data-element_type=\"section\" data-e-type=\"section\">\n\t\t\t\t\t\t<div class=\"elementor-container elementor-column-gap-default\">\n\t\t\t\t\t<div class=\"elementor-column elementor-col-100 elementor-top-column elementor-element elementor-element-37a48d99\" data-id=\"37a48d99\" data-element_type=\"column\" data-e-type=\"column\">\n\t\t\t<div class=\"elementor-widget-wrap elementor-element-populated\">\n\t\t\t\t\t\t<div class=\"elementor-element elementor-element-6c1e0b6d elementor-widget elementor-widget-heading\" data-id=\"6c1e0b6d\" data-element_type=\"widget\" data-e-type=\"widget\" data-widget_type=\"heading.default\">\n\t\t\t\t<div class=\"elementor-widget-container\">\n\t\t\t\t\t<h4 class=\"elementor-heading-title elementor-size-default\">Notes<\/h4>\t\t\t\t<\/div>\n\t\t\t\t<\/div>\n\t\t\t\t<div class=\"elementor-element elementor-element-12b866ab elementor-widget elementor-widget-text-editor\" data-id=\"12b866ab\" data-element_type=\"widget\" data-e-type=\"widget\" data-widget_type=\"text-editor.default\">\n\t\t\t\t<div class=\"elementor-widget-container\">\n\t\t\t\t\t\t\t\t\t<ol><li>Cura\u00e7ao est une \u00eele situ\u00e9e dans la mer des Cara\u00efbes, au large du Venezuela, dans les Antilles N\u00e9erlandaises. Elle fait partie d&rsquo;un petit groupe d&rsquo;\u00eeles appel\u00e9es \u00ab \u00eeles Sous-le-vent \u00bb, qui sont un pays ou territoire autonome au sein du Royaume n\u00e9erlandais. Les trois \u00eeles principales sont Cura\u00e7ao, Aruba et Bonaire. Population : 150&rsquo;000 habitants, surface : 444 km2, capitale : Willemstad, langue : le papiamentu<\/li><li>Geweld in de West : Een militaire geschiedenis van de Nederlandse Atlantische wereld van 1600-1800, Brill publishers, 7 November 2013<\/li><li>Cura\u00e7ao in the age of revolutions, 1795-1800, edited by Wim Klooster and Gert Oostindie, published by KITLV Press, 2011, p. 157<\/li><li>Landhuis est le nom donn\u00e9 aux maisons de ma\u00eetre des plantations. Elles ont \u00e9t\u00e9 construites entre le 17e et le 19e si\u00e8cle et donnent sa note caract\u00e9ristique au paysage culturel de Cura\u00e7ao. Les plantations de Cura\u00e7ao sont les seules plantations hollandaises sous un climat tropical sec (contrairement aux plantations d&rsquo;Afrique du Sud ou d\u2019Indon\u00e9sie), ce qui signifie qu&rsquo;elles d\u00fb faire face \u00e0 de grands d\u00e9fis en termes de gestion de l&rsquo;eau. Une autre caract\u00e9ristique des plantations de Cura\u00e7ao, c&rsquo;est qu&rsquo;elles n&rsquo;avait pas pour but d&rsquo;exporter, mais qu&rsquo;elles faisaient partie de \u00ab l&rsquo;infrastructure de soutien \u00bb du commerce des esclaves. En cons\u00e9quence, on y pratiquait des cultures mixtes, plut\u00f4t qu&rsquo;une monoculture comme c&rsquo;\u00e9tait le cas dans les autres plantations des Cara\u00efbes.<\/li><\/ol>\t\t\t\t\t\t\t\t<\/div>\n\t\t\t\t<\/div>\n\t\t\t\t\t<\/div>\n\t\t<\/div>\n\t\t\t\t\t<\/div>\n\t\t<\/section>\n\t\t\t\t<section class=\"elementor-section elementor-top-section elementor-element elementor-element-394a1564 elementor-section-boxed elementor-section-height-default elementor-section-height-default\" data-id=\"394a1564\" data-element_type=\"section\" data-e-type=\"section\">\n\t\t\t\t\t\t<div class=\"elementor-container elementor-column-gap-default\">\n\t\t\t\t\t<div class=\"elementor-column elementor-col-33 elementor-top-column elementor-element elementor-element-2e538c5c\" data-id=\"2e538c5c\" data-element_type=\"column\" data-e-type=\"column\">\n\t\t\t<div class=\"elementor-widget-wrap elementor-element-populated\">\n\t\t\t\t\t\t<div class=\"elementor-element elementor-element-824257a elementor-widget elementor-widget-button\" data-id=\"824257a\" data-element_type=\"widget\" data-e-type=\"widget\" data-widget_type=\"button.default\">\n\t\t\t\t<div class=\"elementor-widget-container\">\n\t\t\t\t\t\t\t\t\t<div class=\"elementor-button-wrapper\">\n\t\t\t\t\t<a class=\"elementor-button elementor-button-link elementor-size-sm\" href=\"https:\/\/www.sngenealogie.ch\/wp\/bulletins\/bulletin-52\/deux-lignees-matile-et-vuille-dit-bille\/\">\n\t\t\t\t\t\t<span class=\"elementor-button-content-wrapper\">\n\t\t\t\t\t\t<span class=\"elementor-button-icon\">\n\t\t\t\t<i aria-hidden=\"true\" class=\"fas fa-arrow-left\"><\/i>\t\t\t<\/span>\n\t\t\t\t\t\t\t\t\t<span class=\"elementor-button-text\">Article pr\u00e9c\u00e9dent<\/span>\n\t\t\t\t\t<\/span>\n\t\t\t\t\t<\/a>\n\t\t\t\t<\/div>\n\t\t\t\t\t\t\t\t<\/div>\n\t\t\t\t<\/div>\n\t\t\t\t\t<\/div>\n\t\t<\/div>\n\t\t\t\t<div class=\"elementor-column elementor-col-33 elementor-top-column elementor-element elementor-element-99cc7f\" data-id=\"99cc7f\" data-element_type=\"column\" data-e-type=\"column\">\n\t\t\t<div class=\"elementor-widget-wrap elementor-element-populated\">\n\t\t\t\t\t\t<div class=\"elementor-element elementor-element-7414bc44 elementor-align-center elementor-widget elementor-widget-button\" data-id=\"7414bc44\" data-element_type=\"widget\" data-e-type=\"widget\" data-widget_type=\"button.default\">\n\t\t\t\t<div class=\"elementor-widget-container\">\n\t\t\t\t\t\t\t\t\t<div class=\"elementor-button-wrapper\">\n\t\t\t\t\t<a class=\"elementor-button elementor-button-link elementor-size-sm\" href=\"https:\/\/www.sngenealogie.ch\/wp\/bulletins\/bulletin-52\/\">\n\t\t\t\t\t\t<span class=\"elementor-button-content-wrapper\">\n\t\t\t\t\t\t<span class=\"elementor-button-icon\">\n\t\t\t\t<i aria-hidden=\"true\" class=\"fas fa-arrow-up\"><\/i>\t\t\t<\/span>\n\t\t\t\t\t\t\t\t\t<span class=\"elementor-button-text\">Bulletin 52<\/span>\n\t\t\t\t\t<\/span>\n\t\t\t\t\t<\/a>\n\t\t\t\t<\/div>\n\t\t\t\t\t\t\t\t<\/div>\n\t\t\t\t<\/div>\n\t\t\t\t\t<\/div>\n\t\t<\/div>\n\t\t\t\t<div class=\"elementor-column elementor-col-33 elementor-top-column elementor-element elementor-element-35e0edd6\" data-id=\"35e0edd6\" data-element_type=\"column\" data-e-type=\"column\">\n\t\t\t<div class=\"elementor-widget-wrap elementor-element-populated\">\n\t\t\t\t\t\t<div class=\"elementor-element elementor-element-4febe7b0 elementor-align-right elementor-widget elementor-widget-button\" data-id=\"4febe7b0\" data-element_type=\"widget\" data-e-type=\"widget\" data-widget_type=\"button.default\">\n\t\t\t\t<div class=\"elementor-widget-container\">\n\t\t\t\t\t\t\t\t\t<div class=\"elementor-button-wrapper\">\n\t\t\t\t\t<a class=\"elementor-button elementor-button-link elementor-size-sm\" href=\"https:\/\/www.sngenealogie.ch\/wp\/bulletins\/bulletin-52\/georges-et-louisa-naturel\/\">\n\t\t\t\t\t\t<span class=\"elementor-button-content-wrapper\">\n\t\t\t\t\t\t<span class=\"elementor-button-icon\">\n\t\t\t\t<i aria-hidden=\"true\" class=\"fas fa-arrow-right\"><\/i>\t\t\t<\/span>\n\t\t\t\t\t\t\t\t\t<span class=\"elementor-button-text\">Article suivant<\/span>\n\t\t\t\t\t<\/span>\n\t\t\t\t\t<\/a>\n\t\t\t\t<\/div>\n\t\t\t\t\t\t\t\t<\/div>\n\t\t\t\t<\/div>\n\t\t\t\t\t<\/div>\n\t\t<\/div>\n\t\t\t\t\t<\/div>\n\t\t<\/section>\n\t\t\t\t<\/div>\n\t\t","protected":false},"excerpt":{"rendered":"<p>Bulletin 52 \/ Ao\u00fbt 2015 La famille Perret-Gentil : du Locle \u00e0 Cura\u00e7ao par Hans Leijdesdorff, \u00e9poux de Shareen Perret-Gentil [&hellip;]<\/p>\n","protected":false},"author":1,"featured_media":0,"parent":2541,"menu_order":0,"comment_status":"closed","ping_status":"closed","template":"","meta":{"site-sidebar-layout":"no-sidebar","site-content-layout":"page-builder","ast-site-content-layout":"default","site-content-style":"default","site-sidebar-style":"default","ast-global-header-display":"","ast-banner-title-visibility":"","ast-main-header-display":"","ast-hfb-above-header-display":"","ast-hfb-below-header-display":"","ast-hfb-mobile-header-display":"","site-post-title":"disabled","ast-breadcrumbs-content":"","ast-featured-img":"disabled","footer-sml-layout":"","ast-disable-related-posts":"","theme-transparent-header-meta":"default","adv-header-id-meta":"","stick-header-meta":"","header-above-stick-meta":"","header-main-stick-meta":"","header-below-stick-meta":"","astra-migrate-meta-layouts":"default","ast-page-background-enabled":"default","ast-page-background-meta":{"desktop":{"background-color":"","background-image":"","background-repeat":"repeat","background-position":"center center","background-size":"auto","background-attachment":"scroll","background-type":"","background-media":"","overlay-type":"","overlay-color":"","overlay-opacity":"","overlay-gradient":""},"tablet":{"background-color":"","background-image":"","background-repeat":"repeat","background-position":"center center","background-size":"auto","background-attachment":"scroll","background-type":"","background-media":"","overlay-type":"","overlay-color":"","overlay-opacity":"","overlay-gradient":""},"mobile":{"background-color":"","background-image":"","background-repeat":"repeat","background-position":"center center","background-size":"auto","background-attachment":"scroll","background-type":"","background-media":"","overlay-type":"","overlay-color":"","overlay-opacity":"","overlay-gradient":""}},"ast-content-background-meta":{"desktop":{"background-color":"var(--ast-global-color-5)","background-image":"","background-repeat":"repeat","background-position":"center center","background-size":"auto","background-attachment":"scroll","background-type":"","background-media":"","overlay-type":"","overlay-color":"","overlay-opacity":"","overlay-gradient":""},"tablet":{"background-color":"var(--ast-global-color-5)","background-image":"","background-repeat":"repeat","background-position":"center center","background-size":"auto","background-attachment":"scroll","background-type":"","background-media":"","overlay-type":"","overlay-color":"","overlay-opacity":"","overlay-gradient":""},"mobile":{"background-color":"var(--ast-global-color-5)","background-image":"","background-repeat":"repeat","background-position":"center center","background-size":"auto","background-attachment":"scroll","background-type":"","background-media":"","overlay-type":"","overlay-color":"","overlay-opacity":"","overlay-gradient":""}},"footnotes":""},"wf_page_folders":[67],"class_list":["post-11288","page","type-page","status-publish","hentry"],"_links":{"self":[{"href":"https:\/\/www.sngenealogie.ch\/wp\/wp-json\/wp\/v2\/pages\/11288","targetHints":{"allow":["GET"]}}],"collection":[{"href":"https:\/\/www.sngenealogie.ch\/wp\/wp-json\/wp\/v2\/pages"}],"about":[{"href":"https:\/\/www.sngenealogie.ch\/wp\/wp-json\/wp\/v2\/types\/page"}],"author":[{"embeddable":true,"href":"https:\/\/www.sngenealogie.ch\/wp\/wp-json\/wp\/v2\/users\/1"}],"replies":[{"embeddable":true,"href":"https:\/\/www.sngenealogie.ch\/wp\/wp-json\/wp\/v2\/comments?post=11288"}],"version-history":[{"count":8,"href":"https:\/\/www.sngenealogie.ch\/wp\/wp-json\/wp\/v2\/pages\/11288\/revisions"}],"predecessor-version":[{"id":11315,"href":"https:\/\/www.sngenealogie.ch\/wp\/wp-json\/wp\/v2\/pages\/11288\/revisions\/11315"}],"up":[{"embeddable":true,"href":"https:\/\/www.sngenealogie.ch\/wp\/wp-json\/wp\/v2\/pages\/2541"}],"wp:attachment":[{"href":"https:\/\/www.sngenealogie.ch\/wp\/wp-json\/wp\/v2\/media?parent=11288"}],"wp:term":[{"taxonomy":"wf_page_folders","embeddable":true,"href":"https:\/\/www.sngenealogie.ch\/wp\/wp-json\/wp\/v2\/wf_page_folders?post=11288"}],"curies":[{"name":"wp","href":"https:\/\/api.w.org\/{rel}","templated":true}]}}