{"id":11814,"date":"2021-08-08T16:28:14","date_gmt":"2021-08-08T14:28:14","guid":{"rendered":"https:\/\/www.sngenealogie.ch\/wp\/?page_id=11814"},"modified":"2026-01-23T17:04:39","modified_gmt":"2026-01-23T16:04:39","slug":"sorties-de-la-societe","status":"publish","type":"page","link":"https:\/\/www.sngenealogie.ch\/wp\/programme\/sorties-de-la-societe\/","title":{"rendered":"Sorties de la soci\u00e9t\u00e9"},"content":{"rendered":"\t\t<div data-elementor-type=\"wp-page\" data-elementor-id=\"11814\" class=\"elementor elementor-11814\">\n\t\t\t\t\t\t<section class=\"elementor-section elementor-top-section elementor-element elementor-element-1813a0ad elementor-section-boxed elementor-section-height-default elementor-section-height-default\" data-id=\"1813a0ad\" data-element_type=\"section\" data-e-type=\"section\" data-settings=\"{&quot;background_background&quot;:&quot;gradient&quot;}\">\n\t\t\t\t\t\t<div class=\"elementor-container elementor-column-gap-no\">\n\t\t\t\t\t<div class=\"elementor-column elementor-col-100 elementor-top-column elementor-element elementor-element-7550bd64\" data-id=\"7550bd64\" data-element_type=\"column\" data-e-type=\"column\">\n\t\t\t<div class=\"elementor-widget-wrap elementor-element-populated\">\n\t\t\t\t\t\t<div class=\"elementor-element elementor-element-5fd2fdbe elementor-widget elementor-widget-heading\" data-id=\"5fd2fdbe\" data-element_type=\"widget\" data-e-type=\"widget\" data-widget_type=\"heading.default\">\n\t\t\t\t<div class=\"elementor-widget-container\">\n\t\t\t\t\t<h5 class=\"elementor-heading-title elementor-size-default\">La SNG en balade<\/h5>\t\t\t\t<\/div>\n\t\t\t\t<\/div>\n\t\t\t\t<div class=\"elementor-element elementor-element-72958918 elementor-widget elementor-widget-heading\" data-id=\"72958918\" data-element_type=\"widget\" data-e-type=\"widget\" data-widget_type=\"heading.default\">\n\t\t\t\t<div class=\"elementor-widget-container\">\n\t\t\t\t\t<h2 class=\"elementor-heading-title elementor-size-default\">Sorties de la soci\u00e9t\u00e9<\/h2>\t\t\t\t<\/div>\n\t\t\t\t<\/div>\n\t\t\t\t\t<\/div>\n\t\t<\/div>\n\t\t\t\t\t<\/div>\n\t\t<\/section>\n\t\t    <style>\n      .elementor-control-bwg_view_type_shortcode .elementor-control-input-wrapper,\n      .elementor-control-bwg_elementor_shortcode input {\n        visibility: hidden;\n      }\n      .elementor-control-bwg_elementor_shortcode input {\n        height: 0;\n      }\n      .elementor-control a.bwg-shortcode-btn {\n        text-decoration: none;\n        border-bottom:none;\n      }\n    <\/style>\n    \t\t<section class=\"elementor-section elementor-top-section elementor-element elementor-element-1c2acbdc elementor-section-boxed elementor-section-height-default elementor-section-height-default\" data-id=\"1c2acbdc\" data-element_type=\"section\" data-e-type=\"section\">\n\t\t\t\t\t\t<div class=\"elementor-container elementor-column-gap-default\">\n\t\t\t\t\t<div class=\"elementor-column elementor-col-100 elementor-top-column elementor-element elementor-element-5dbf34b2\" data-id=\"5dbf34b2\" data-element_type=\"column\" data-e-type=\"column\">\n\t\t\t<div class=\"elementor-widget-wrap elementor-element-populated\">\n\t\t\t\t\t\t<div class=\"elementor-element elementor-element-7b84f25 elementor-widget elementor-widget-text-editor\" data-id=\"7b84f25\" data-element_type=\"widget\" data-e-type=\"widget\" data-widget_type=\"text-editor.default\">\n\t\t\t\t<div class=\"elementor-widget-container\">\n\t\t\t\t\t\t\t\t\t<p>Une sortie est l&rsquo;occasion de retrouver les membres de la soci\u00e9t\u00e9 pour d\u00e9couvrir des endroits m\u00e9connus de notre r\u00e9gion et de parler de g\u00e9n\u00e9alogie.\u00a0<\/p><p>Cette page donne une vue d&rsquo;ensemble des derni\u00e8res sorties pour permettre aux membres de se souvenir de ces belles rencontres et aux non-membres d&rsquo;avoir envie de nous rejoindre.<\/p>\t\t\t\t\t\t\t\t<\/div>\n\t\t\t\t<\/div>\n\t\t\t\t<div class=\"elementor-element elementor-element-adaccc9 elementor-widget elementor-widget-heading\" data-id=\"adaccc9\" data-element_type=\"widget\" data-e-type=\"widget\" data-widget_type=\"heading.default\">\n\t\t\t\t<div class=\"elementor-widget-container\">\n\t\t\t\t\t<h3 class=\"elementor-heading-title elementor-size-default\">2025<\/h3>\t\t\t\t<\/div>\n\t\t\t\t<\/div>\n\t\t\t\t<section class=\"elementor-section elementor-inner-section elementor-element elementor-element-1fb5beb elementor-section-boxed elementor-section-height-default elementor-section-height-default\" data-id=\"1fb5beb\" data-element_type=\"section\" data-e-type=\"section\">\n\t\t\t\t\t\t<div class=\"elementor-container elementor-column-gap-default\">\n\t\t\t\t\t<div class=\"elementor-column elementor-col-66 elementor-inner-column elementor-element elementor-element-badb1af\" data-id=\"badb1af\" data-element_type=\"column\" data-e-type=\"column\">\n\t\t\t<div class=\"elementor-widget-wrap elementor-element-populated\">\n\t\t\t\t\t\t<div class=\"elementor-element elementor-element-9868487 elementor-widget elementor-widget-text-editor\" data-id=\"9868487\" data-element_type=\"widget\" data-e-type=\"widget\" data-widget_type=\"text-editor.default\">\n\t\t\t\t<div class=\"elementor-widget-container\">\n\t\t\t\t\t\t\t\t\t<h4>Samedi 24 mai 2025 &#8211; R\u00e9publique du Saugeais<\/h4><p><span style=\"font-size: 16px;\">Visite guid\u00e9e de l&rsquo;Abbaye de Montbeno\u00eet et du Mus\u00e9e du Saugeais<\/span><\/p><p><span style=\"font-size: 16px;\">Repas au restaurant \u00ab\u00a0Au Coeur des R\u00eaves\u00a0\u00bb, Grand&rsquo;Combe Ch\u00e2teleu<\/span><\/p><p>Pr\u00e9sentation de la R\u00e9publique du Saugeais par J\u00e9r\u00f4me Vernez<\/p>\t\t\t\t\t\t\t\t<\/div>\n\t\t\t\t<\/div>\n\t\t\t\t\t<\/div>\n\t\t<\/div>\n\t\t\t\t<div class=\"elementor-column elementor-col-33 elementor-inner-column elementor-element elementor-element-b62cefe\" data-id=\"b62cefe\" data-element_type=\"column\" data-e-type=\"column\">\n\t\t\t<div class=\"elementor-widget-wrap\">\n\t\t\t\t\t\t\t<\/div>\n\t\t<\/div>\n\t\t\t\t\t<\/div>\n\t\t<\/section>\n\t\t\t\t<div class=\"elementor-element elementor-element-c778a62 elementor-widget elementor-widget-heading\" data-id=\"c778a62\" data-element_type=\"widget\" data-e-type=\"widget\" data-widget_type=\"heading.default\">\n\t\t\t\t<div class=\"elementor-widget-container\">\n\t\t\t\t\t<h3 class=\"elementor-heading-title elementor-size-default\">2024<\/h3>\t\t\t\t<\/div>\n\t\t\t\t<\/div>\n\t\t\t\t<section class=\"elementor-section elementor-inner-section elementor-element elementor-element-800aa87 elementor-section-boxed elementor-section-height-default elementor-section-height-default\" data-id=\"800aa87\" data-element_type=\"section\" data-e-type=\"section\">\n\t\t\t\t\t\t<div class=\"elementor-container elementor-column-gap-default\">\n\t\t\t\t\t<div class=\"elementor-column elementor-col-66 elementor-inner-column elementor-element elementor-element-0a02a34\" data-id=\"0a02a34\" data-element_type=\"column\" data-e-type=\"column\">\n\t\t\t<div class=\"elementor-widget-wrap elementor-element-populated\">\n\t\t\t\t\t\t<div class=\"elementor-element elementor-element-5cc4723 elementor-widget elementor-widget-text-editor\" data-id=\"5cc4723\" data-element_type=\"widget\" data-e-type=\"widget\" data-widget_type=\"text-editor.default\">\n\t\t\t\t<div class=\"elementor-widget-container\">\n\t\t\t\t\t\t\t\t\t<h4>Samedi 31 ao\u00fbt 2024 &#8211; La Maison de la Tourbi\u00e8re<\/h4><p>Visite guid\u00e9e du Centre d&rsquo;interpr\u00e9tation de la Maison de la Tourbi\u00e8re aux Ponts-de-Martel.<\/p><p>Repas au restaurant du Cerf.<\/p><p>Balade dans la tourbi\u00e8re<\/p>\t\t\t\t\t\t\t\t<\/div>\n\t\t\t\t<\/div>\n\t\t\t\t<div class=\"elementor-element elementor-element-8facc39 elementor-align-center elementor-widget elementor-widget-button\" data-id=\"8facc39\" data-element_type=\"widget\" data-e-type=\"widget\" data-widget_type=\"button.default\">\n\t\t\t\t<div class=\"elementor-widget-container\">\n\t\t\t\t\t\t\t\t\t<div class=\"elementor-button-wrapper\">\n\t\t\t\t\t<a class=\"elementor-button elementor-button-link elementor-size-sm\" href=\"https:\/\/www.mdt-ne.ch\/\" target=\"_blank\">\n\t\t\t\t\t\t<span class=\"elementor-button-content-wrapper\">\n\t\t\t\t\t\t<span class=\"elementor-button-icon\">\n\t\t\t\t<i aria-hidden=\"true\" class=\"fas fa-external-link-alt\"><\/i>\t\t\t<\/span>\n\t\t\t\t\t\t\t\t\t<span class=\"elementor-button-text\">Site<\/span>\n\t\t\t\t\t<\/span>\n\t\t\t\t\t<\/a>\n\t\t\t\t<\/div>\n\t\t\t\t\t\t\t\t<\/div>\n\t\t\t\t<\/div>\n\t\t\t\t\t<\/div>\n\t\t<\/div>\n\t\t\t\t<div class=\"elementor-column elementor-col-33 elementor-inner-column elementor-element elementor-element-775da4b\" data-id=\"775da4b\" data-element_type=\"column\" data-e-type=\"column\">\n\t\t\t<div class=\"elementor-widget-wrap elementor-element-populated\">\n\t\t\t\t\t\t<div class=\"elementor-element elementor-element-31ed236 elementor-widget elementor-widget-image\" data-id=\"31ed236\" data-element_type=\"widget\" data-e-type=\"widget\" data-widget_type=\"image.default\">\n\t\t\t\t<div class=\"elementor-widget-container\">\n\t\t\t\t\t\t\t\t\t\t\t\t\t\t\t<img fetchpriority=\"high\" decoding=\"async\" width=\"680\" height=\"453\" src=\"https:\/\/www.sngenealogie.ch\/wp\/wp-content\/uploads\/2024_Tourbieres.jpg\" class=\"attachment-large size-large wp-image-13516\" alt=\"Illustration des tourbi\u00e8res\" srcset=\"https:\/\/www.sngenealogie.ch\/wp\/wp-content\/uploads\/2024_Tourbieres.jpg 680w, https:\/\/www.sngenealogie.ch\/wp\/wp-content\/uploads\/2024_Tourbieres-300x200.jpg 300w\" sizes=\"(max-width: 680px) 100vw, 680px\" \/>\t\t\t\t\t\t\t\t\t\t\t\t\t\t\t<\/div>\n\t\t\t\t<\/div>\n\t\t\t\t\t<\/div>\n\t\t<\/div>\n\t\t\t\t\t<\/div>\n\t\t<\/section>\n\t\t\t\t<section class=\"elementor-section elementor-inner-section elementor-element elementor-element-35b6db9 elementor-section-boxed elementor-section-height-default elementor-section-height-default\" data-id=\"35b6db9\" data-element_type=\"section\" data-e-type=\"section\">\n\t\t\t\t\t\t<div class=\"elementor-container elementor-column-gap-default\">\n\t\t\t\t\t<div class=\"elementor-column elementor-col-66 elementor-inner-column elementor-element elementor-element-0cdb8f3\" data-id=\"0cdb8f3\" data-element_type=\"column\" data-e-type=\"column\">\n\t\t\t<div class=\"elementor-widget-wrap elementor-element-populated\">\n\t\t\t\t\t\t<div class=\"elementor-element elementor-element-69fb32a elementor-widget elementor-widget-text-editor\" data-id=\"69fb32a\" data-element_type=\"widget\" data-e-type=\"widget\" data-widget_type=\"text-editor.default\">\n\t\t\t\t<div class=\"elementor-widget-container\">\n\t\t\t\t\t\t\t\t\t<h4>25 mai 2024 &#8211; Le sentier du Sel + Roland Pi\u00e8ce<\/h4><p>Pr\u00e9sentation du Sentier du Sel \u00e0 Panex par Pierre-Yves Pi\u00e8ce et sa compagne (en costumes d&rsquo;\u00e9poque)<\/p><p>Conf\u00e9rence de Pierre-Yves Pi\u00e8ce : \u00ab\u00a0Roland Pi\u00e8ce, pionnier de la Radio en Suisse Romande\u00a0\u00bb<\/p><p>\u00a0<\/p>\t\t\t\t\t\t\t\t<\/div>\n\t\t\t\t<\/div>\n\t\t\t\t\t<\/div>\n\t\t<\/div>\n\t\t\t\t<div class=\"elementor-column elementor-col-33 elementor-inner-column elementor-element elementor-element-4a35505\" data-id=\"4a35505\" data-element_type=\"column\" data-e-type=\"column\">\n\t\t\t<div class=\"elementor-widget-wrap elementor-element-populated\">\n\t\t\t\t\t\t<div class=\"elementor-element elementor-element-0fb7fe5 elementor-widget elementor-widget-image\" data-id=\"0fb7fe5\" data-element_type=\"widget\" data-e-type=\"widget\" data-widget_type=\"image.default\">\n\t\t\t\t<div class=\"elementor-widget-container\">\n\t\t\t\t\t\t\t\t\t\t\t\t\t\t\t<img decoding=\"async\" width=\"225\" height=\"300\" src=\"https:\/\/www.sngenealogie.ch\/wp\/wp-content\/uploads\/DSCN1458-225x300.jpg\" class=\"attachment-medium size-medium wp-image-13269\" alt=\"\" srcset=\"https:\/\/www.sngenealogie.ch\/wp\/wp-content\/uploads\/DSCN1458-225x300.jpg 225w, https:\/\/www.sngenealogie.ch\/wp\/wp-content\/uploads\/DSCN1458-768x1024.jpg 768w, https:\/\/www.sngenealogie.ch\/wp\/wp-content\/uploads\/DSCN1458-1152x1536.jpg 1152w, https:\/\/www.sngenealogie.ch\/wp\/wp-content\/uploads\/DSCN1458-1536x2048.jpg 1536w, https:\/\/www.sngenealogie.ch\/wp\/wp-content\/uploads\/DSCN1458-scaled.jpg 1920w\" sizes=\"(max-width: 225px) 100vw, 225px\" \/>\t\t\t\t\t\t\t\t\t\t\t\t\t\t\t<\/div>\n\t\t\t\t<\/div>\n\t\t\t\t\t<\/div>\n\t\t<\/div>\n\t\t\t\t\t<\/div>\n\t\t<\/section>\n\t\t\t\t<div class=\"elementor-element elementor-element-9eb4b3f elementor-widget elementor-widget-heading\" data-id=\"9eb4b3f\" data-element_type=\"widget\" data-e-type=\"widget\" data-widget_type=\"heading.default\">\n\t\t\t\t<div class=\"elementor-widget-container\">\n\t\t\t\t\t<h3 class=\"elementor-heading-title elementor-size-default\">2023<\/h3>\t\t\t\t<\/div>\n\t\t\t\t<\/div>\n\t\t\t\t<section class=\"elementor-section elementor-inner-section elementor-element elementor-element-7115e6c elementor-section-boxed elementor-section-height-default elementor-section-height-default\" data-id=\"7115e6c\" data-element_type=\"section\" data-e-type=\"section\">\n\t\t\t\t\t\t<div class=\"elementor-container elementor-column-gap-default\">\n\t\t\t\t\t<div class=\"elementor-column elementor-col-50 elementor-inner-column elementor-element elementor-element-1661a87\" data-id=\"1661a87\" data-element_type=\"column\" data-e-type=\"column\">\n\t\t\t<div class=\"elementor-widget-wrap elementor-element-populated\">\n\t\t\t\t\t\t<div class=\"elementor-element elementor-element-1297dae elementor-widget elementor-widget-text-editor\" data-id=\"1297dae\" data-element_type=\"widget\" data-e-type=\"widget\" data-widget_type=\"text-editor.default\">\n\t\t\t\t<div class=\"elementor-widget-container\">\n\t\t\t\t\t\t\t\t\t<h4>10 juin 2023 &#8211; Les J\u00fcrgensen<\/h4><p>Conf\u00e9rence de David Favre, historien des Brenets<\/p><p>Balade \u00e0 la Tour J\u00fcrgensen<\/p>\t\t\t\t\t\t\t\t<\/div>\n\t\t\t\t<\/div>\n\t\t\t\t\t<\/div>\n\t\t<\/div>\n\t\t\t\t<div class=\"elementor-column elementor-col-50 elementor-inner-column elementor-element elementor-element-3b2e86f\" data-id=\"3b2e86f\" data-element_type=\"column\" data-e-type=\"column\">\n\t\t\t<div class=\"elementor-widget-wrap elementor-element-populated\">\n\t\t\t\t\t\t<div class=\"elementor-element elementor-element-84349fd elementor-widget elementor-widget-image\" data-id=\"84349fd\" data-element_type=\"widget\" data-e-type=\"widget\" data-widget_type=\"image.default\">\n\t\t\t\t<div class=\"elementor-widget-container\">\n\t\t\t\t\t\t\t\t\t\t\t\t\t\t\t\t<a href=\"https:\/\/www.sngenealogie.ch\/wp\/wp-content\/uploads\/20230610_030-scaled.jpg\" data-elementor-open-lightbox=\"yes\" data-elementor-lightbox-title=\"20230610_030\" data-elementor-lightbox-description=\"Tour J\u00fcrgensen aux Brenets\" data-e-action-hash=\"#elementor-action%3Aaction%3Dlightbox%26settings%3DeyJpZCI6MTI5MzYsInVybCI6Imh0dHBzOlwvXC93d3cuc25nZW5lYWxvZ2llLmNoXC93cFwvd3AtY29udGVudFwvdXBsb2Fkc1wvMjAyMzA2MTBfMDMwLXNjYWxlZC5qcGcifQ%3D%3D\">\n\t\t\t\t\t\t\t<img decoding=\"async\" width=\"225\" height=\"300\" src=\"https:\/\/www.sngenealogie.ch\/wp\/wp-content\/uploads\/20230610_030-225x300.jpg\" class=\"attachment-medium size-medium wp-image-12936\" alt=\"Tour J\u00fcrgensen aux Brenets\" srcset=\"https:\/\/www.sngenealogie.ch\/wp\/wp-content\/uploads\/20230610_030-225x300.jpg 225w, https:\/\/www.sngenealogie.ch\/wp\/wp-content\/uploads\/20230610_030-768x1024.jpg 768w, https:\/\/www.sngenealogie.ch\/wp\/wp-content\/uploads\/20230610_030-1152x1536.jpg 1152w, https:\/\/www.sngenealogie.ch\/wp\/wp-content\/uploads\/20230610_030-1536x2048.jpg 1536w, https:\/\/www.sngenealogie.ch\/wp\/wp-content\/uploads\/20230610_030-scaled.jpg 1920w\" sizes=\"(max-width: 225px) 100vw, 225px\" \/>\t\t\t\t\t\t\t\t<\/a>\n\t\t\t\t\t\t\t\t\t\t\t\t\t\t\t<\/div>\n\t\t\t\t<\/div>\n\t\t\t\t\t<\/div>\n\t\t<\/div>\n\t\t\t\t\t<\/div>\n\t\t<\/section>\n\t\t\t\t<section class=\"elementor-section elementor-inner-section elementor-element elementor-element-77abb15 elementor-section-boxed elementor-section-height-default elementor-section-height-default\" data-id=\"77abb15\" data-element_type=\"section\" data-e-type=\"section\">\n\t\t\t\t\t\t<div class=\"elementor-container elementor-column-gap-default\">\n\t\t\t\t\t<div class=\"elementor-column elementor-col-100 elementor-inner-column elementor-element elementor-element-48bd6c0\" data-id=\"48bd6c0\" data-element_type=\"column\" data-e-type=\"column\">\n\t\t\t<div class=\"elementor-widget-wrap elementor-element-populated\">\n\t\t\t\t\t\t<div class=\"elementor-element elementor-element-f78f5f5 elementor-widget elementor-widget-heading\" data-id=\"f78f5f5\" data-element_type=\"widget\" data-e-type=\"widget\" data-widget_type=\"heading.default\">\n\t\t\t\t<div class=\"elementor-widget-container\">\n\t\t\t\t\t<h4 class=\"elementor-heading-title elementor-size-default\">Quelques photos<\/h4>\t\t\t\t<\/div>\n\t\t\t\t<\/div>\n\t\t    <style>\n      .elementor-control-bwg_view_type_shortcode .elementor-control-input-wrapper,\n      .elementor-control-bwg_elementor_shortcode input {\n        visibility: hidden;\n      }\n      .elementor-control-bwg_elementor_shortcode input {\n        height: 0;\n      }\n      .elementor-control a.bwg-shortcode-btn {\n        text-decoration: none;\n        border-bottom:none;\n      }\n    <\/style>\n    \t\t<div class=\"elementor-element elementor-element-7c6281a elementor-widget elementor-widget-bwg-elementor\" data-id=\"7c6281a\" data-element_type=\"widget\" data-e-type=\"widget\" data-widget_type=\"bwg-elementor.default\">\n\t\t\t\t<div class=\"elementor-widget-container\">\n\t\t\t\t\t<style id=\"bwg-style-0\">    #bwg_container1_0 #bwg_container2_0 .bwg-container-0.bwg-standard-thumbnails {      width: 1004px;              justify-content: center;        margin:0 auto !important;              background-color: rgba(255, 255, 255, 0.00);            padding-left: 4px;      padding-top: 4px;      max-width: 100%;            }        #bwg_container1_0 #bwg_container2_0 .bwg-container-0.bwg-standard-thumbnails .bwg-item {    justify-content: flex-start;      max-width: 250px;          }    #bwg_container1_0 #bwg_container2_0 .bwg-container-0.bwg-standard-thumbnails .bwg-item a {       margin-right: 4px;       margin-bottom: 4px;    }    #bwg_container1_0 #bwg_container2_0 .bwg-container-0.bwg-standard-thumbnails .bwg-item0 {      padding: 0px;            background-color:rgba(0,0,0, 0.30);      border: 0px none #CCCCCC;      opacity: 1.00;      border-radius: 0;      box-shadow: ;    }    #bwg_container1_0 #bwg_container2_0 .bwg-container-0.bwg-standard-thumbnails .bwg-item1 img {      max-height: none;      max-width: none;      padding: 0 !important;    }         @media only screen and (min-width: 480px) {\t\t#bwg_container1_0 #bwg_container2_0 .bwg-container-0.bwg-standard-thumbnails .bwg-item1 img {\t\t\t-webkit-transition: all .3s; transition: all .3s;\t\t}\t\t#bwg_container1_0 #bwg_container2_0 .bwg-container-0.bwg-standard-thumbnails .bwg-item1 img:hover {\t\t\t-ms-transform: scale(1.08);\t\t\t-webkit-transform: scale(1.08);\t\t\ttransform: scale(1.08);\t\t}\t\t\t\t.bwg-standard-thumbnails .bwg-zoom-effect .bwg-zoom-effect-overlay {\t\t\t\t\t\tbackground-color:rgba(0,0,0, 0.3);\t\t}\t\t.bwg-standard-thumbnails .bwg-zoom-effect:hover img {\t\t\t-ms-transform: scale(1.08);\t\t\t-webkit-transform: scale(1.08);\t\t\ttransform: scale(1.08);\t\t}\t\t      }\t    #bwg_container1_0 #bwg_container2_0 .bwg-container-0.bwg-standard-thumbnails .bwg-item1 {      padding-top: 56%;    }        #bwg_container1_0 #bwg_container2_0 .bwg-container-0.bwg-standard-thumbnails .bwg-title1 {      position: absolute;      top: 0;      z-index: 100;      width: 100%;      height: 100%;      display: flex;      justify-content: center;      align-content: center;      flex-direction: column;      opacity: 0;    }\t      #bwg_container1_0 #bwg_container2_0 .bwg-container-0.bwg-standard-thumbnails .bwg-title2,    #bwg_container1_0 #bwg_container2_0 .bwg-container-0.bwg-standard-thumbnails .bwg-ecommerce2 {      color: #FFFFFF;      font-family: Ubuntu;      font-size: 16px;      font-weight: bold;      padding: 2px;      text-shadow: ;      max-height: 100%;    }    #bwg_container1_0 #bwg_container2_0 .bwg-container-0.bwg-standard-thumbnails .bwg-thumb-description span {    color: #323A45;    font-family: Ubuntu;    font-size: 12px;    max-height: 100%;    word-wrap: break-word;    }    #bwg_container1_0 #bwg_container2_0 .bwg-container-0.bwg-standard-thumbnails .bwg-play-icon2 {      font-size: 32px;    }    #bwg_container1_0 #bwg_container2_0 .bwg-container-0.bwg-standard-thumbnails .bwg-ecommerce2 {      font-size: 19.2px;      color: #323A45;    }    <\/style>    <div id=\"bwg_container1_0\"         class=\"bwg_container bwg_thumbnail bwg_thumbnails \"         data-right-click-protection=\"1\"         data-bwg=\"0\"         data-scroll=\"0\"         data-gallery-type=\"thumbnails\"         data-gallery-view-type=\"thumbnails\"         data-current-url=\"\/wp\/wp-json\/wp\/v2\/pages\/11814\"         data-lightbox-url=\"https:\/\/www.sngenealogie.ch\/wp\/wp-admin\/admin-ajax.php?action=GalleryBox&#038;current_view=0&#038;gallery_id=1&#038;tag=0&#038;theme_id=1&#038;shortcode_id=3&#038;sort_by=order&#038;order_by=asc&#038;current_url=%2Fwp%2Fwp-json%2Fwp%2Fv2%2Fpages%2F11814\"         data-gallery-id=\"1\"         data-popup-width=\"800\"         data-popup-height=\"500\"         data-is-album=\"gallery\"         data-buttons-position=\"bottom\">      <div id=\"bwg_container2_0\">             <div id=\"ajax_loading_0\" class=\"bwg_loading_div_1\">      <div class=\"bwg_loading_div_2\">        <div class=\"bwg_loading_div_3\">          <div id=\"loading_div_0\" class=\"bwg_spider_ajax_loading\">          <\/div>        <\/div>      <\/div>    <\/div>            <form id=\"gal_front_form_0\"              class=\"bwg-hidden\"              method=\"post\"              action=\"#\"              data-current=\"0\"              data-shortcode-id=\"3\"              data-gallery-type=\"thumbnails\"              data-gallery-id=\"1\"              data-tag=\"0\"              data-album-id=\"0\"              data-theme-id=\"1\"              data-ajax-url=\"https:\/\/www.sngenealogie.ch\/wp\/wp-admin\/admin-ajax.php?action=bwg_frontend_data\">          <div id=\"bwg_container3_0\" class=\"bwg-background bwg-background-0\">                <div data-max-count=\"4\"         data-thumbnail-width=\"250\"         data-bwg=\"0\"         data-gallery-id=\"1\"         data-lightbox-url=\"https:\/\/www.sngenealogie.ch\/wp\/wp-admin\/admin-ajax.php?action=GalleryBox&amp;current_view=0&amp;gallery_id=1&amp;tag=0&amp;theme_id=1&amp;shortcode_id=3&amp;sort_by=order&amp;order_by=asc&amp;current_url=%2Fwp%2Fwp-json%2Fwp%2Fv2%2Fpages%2F11814\"         id=\"bwg_thumbnails_0\"         class=\"bwg-container-0 bwg-thumbnails bwg-standard-thumbnails bwg-container bwg-border-box\">            <div class=\"bwg-item\">        <a class=\"bwg-a  bwg_lightbox\"  data-image-id=\"1\" href=\"https:\/\/www.sngenealogie.ch\/wp\/wp-content\/uploads\/photo-gallery\/imported_from_media_libray\/20230610_010.jpg?bwg=1689412903\" data-elementor-open-lightbox=\"no\">                <div class=\"bwg-item0 \">          <div class=\"bwg-item1 bwg-zoom-effect\">            <div class=\"bwg-item2\">              <img decoding=\"async\" class=\"skip-lazy bwg_standart_thumb_img_0 \"                   data-id=\"1\"                   data-width=\"500.00\"                   data-height=\"375.00\"                   data-src=\"https:\/\/www.sngenealogie.ch\/wp\/wp-content\/uploads\/photo-gallery\/imported_from_media_libray\/thumb\/20230610_010.jpg?bwg=1689412903\"                   src=\"https:\/\/www.sngenealogie.ch\/wp\/wp-content\/uploads\/photo-gallery\/imported_from_media_libray\/thumb\/20230610_010.jpg?bwg=1689412903\"                   alt=\"Mont\u00e9e tranquille dans la for\u00eat\"                   title=\"Mont\u00e9e tranquille dans la for\u00eat\" \/>            <\/div>            <div class=\"bwg-zoom-effect-overlay\">              <div class=\"bwg-title1\"><div class=\"bwg-title2\">Mont\u00e9e tranquille dans la for\u00eat<\/div><\/div>                                        <\/div>          <\/div>        <\/div>                        <\/a>              <\/div>            <div class=\"bwg-item\">        <a class=\"bwg-a  bwg_lightbox\"  data-image-id=\"10\" href=\"https:\/\/www.sngenealogie.ch\/wp\/wp-content\/uploads\/photo-gallery\/imported_from_media_libray\/20230610_015.jpg?bwg=1689412903\" data-elementor-open-lightbox=\"no\">                <div class=\"bwg-item0 \">          <div class=\"bwg-item1 bwg-zoom-effect\">            <div class=\"bwg-item2\">              <img decoding=\"async\" class=\"skip-lazy bwg_standart_thumb_img_0 \"                   data-id=\"10\"                   data-width=\"500.00\"                   data-height=\"375.00\"                   data-src=\"https:\/\/www.sngenealogie.ch\/wp\/wp-content\/uploads\/photo-gallery\/imported_from_media_libray\/thumb\/20230610_015.jpg?bwg=1689412903\"                   src=\"https:\/\/www.sngenealogie.ch\/wp\/wp-content\/uploads\/photo-gallery\/imported_from_media_libray\/thumb\/20230610_015.jpg?bwg=1689412903\"                   alt=\"Vue sur les Brenets depuis le point de vue en dessous de la tour\"                   title=\"Vue sur les Brenets depuis le point de vue en dessous de la tour\" \/>            <\/div>            <div class=\"bwg-zoom-effect-overlay\">              <div class=\"bwg-title1\"><div class=\"bwg-title2\">Vue sur les Brenets depuis le point de vue en dessous de la tour<\/div><\/div>                                        <\/div>          <\/div>        <\/div>                        <\/a>              <\/div>            <div class=\"bwg-item\">        <a class=\"bwg-a  bwg_lightbox\"  data-image-id=\"9\" href=\"https:\/\/www.sngenealogie.ch\/wp\/wp-content\/uploads\/photo-gallery\/imported_from_media_libray\/20230610_020.jpg?bwg=1689412903\" data-elementor-open-lightbox=\"no\">                <div class=\"bwg-item0 \">          <div class=\"bwg-item1 bwg-zoom-effect\">            <div class=\"bwg-item2\">              <img decoding=\"async\" class=\"skip-lazy bwg_standart_thumb_img_0 \"                   data-id=\"9\"                   data-width=\"375.00\"                   data-height=\"500.00\"                   data-src=\"https:\/\/www.sngenealogie.ch\/wp\/wp-content\/uploads\/photo-gallery\/imported_from_media_libray\/thumb\/20230610_020.jpg?bwg=1689412903\"                   src=\"https:\/\/www.sngenealogie.ch\/wp\/wp-content\/uploads\/photo-gallery\/imported_from_media_libray\/thumb\/20230610_020.jpg?bwg=1689412903\"                   alt=\"Arriv\u00e9e au bas de la tour\"                   title=\"Arriv\u00e9e au bas de la tour\" \/>            <\/div>            <div class=\"bwg-zoom-effect-overlay\">              <div class=\"bwg-title1\"><div class=\"bwg-title2\">Arriv\u00e9e au bas de la tour<\/div><\/div>                                        <\/div>          <\/div>        <\/div>                        <\/a>              <\/div>            <div class=\"bwg-item\">        <a class=\"bwg-a  bwg_lightbox\"  data-image-id=\"11\" href=\"https:\/\/www.sngenealogie.ch\/wp\/wp-content\/uploads\/photo-gallery\/imported_from_media_libray\/20230610_030-scaled.jpg?bwg=1689413496\" data-elementor-open-lightbox=\"no\">                <div class=\"bwg-item0 \">          <div class=\"bwg-item1 bwg-zoom-effect\">            <div class=\"bwg-item2\">              <img decoding=\"async\" class=\"skip-lazy bwg_standart_thumb_img_0 \"                   data-id=\"11\"                   data-width=\"375.00\"                   data-height=\"500.00\"                   data-src=\"https:\/\/www.sngenealogie.ch\/wp\/wp-content\/uploads\/photo-gallery\/imported_from_media_libray\/thumb\/20230610_030-scaled.jpg?bwg=1689413496\"                   src=\"https:\/\/www.sngenealogie.ch\/wp\/wp-content\/uploads\/photo-gallery\/imported_from_media_libray\/thumb\/20230610_030-scaled.jpg?bwg=1689413496\"                   alt=\"Tour J\u00fcrgensen aux Brenets\"                   title=\"Tour J\u00fcrgensen aux Brenets\" \/>            <\/div>            <div class=\"bwg-zoom-effect-overlay\">              <div class=\"bwg-title1\"><div class=\"bwg-title2\">Tour J\u00fcrgensen aux Brenets<\/div><\/div>                                        <\/div>          <\/div>        <\/div>                        <\/a>              <\/div>            <div class=\"bwg-item\">        <a class=\"bwg-a  bwg_lightbox\"  data-image-id=\"7\" href=\"https:\/\/www.sngenealogie.ch\/wp\/wp-content\/uploads\/photo-gallery\/imported_from_media_libray\/20230610_031.jpg?bwg=1689412903\" data-elementor-open-lightbox=\"no\">                <div class=\"bwg-item0 \">          <div class=\"bwg-item1 bwg-zoom-effect\">            <div class=\"bwg-item2\">              <img decoding=\"async\" class=\"skip-lazy bwg_standart_thumb_img_0 \"                   data-id=\"7\"                   data-width=\"375.00\"                   data-height=\"500.00\"                   data-src=\"https:\/\/www.sngenealogie.ch\/wp\/wp-content\/uploads\/photo-gallery\/imported_from_media_libray\/thumb\/20230610_031.jpg?bwg=1689412903\"                   src=\"https:\/\/www.sngenealogie.ch\/wp\/wp-content\/uploads\/photo-gallery\/imported_from_media_libray\/thumb\/20230610_031.jpg?bwg=1689412903\"                   alt=\"Que se cache-t-il dans l&#039;urne ?\"                   title=\"Que se cache-t-il dans l&#039;urne ?\" \/>            <\/div>            <div class=\"bwg-zoom-effect-overlay\">              <div class=\"bwg-title1\"><div class=\"bwg-title2\">Que se cache-t-il dans l'urne ?<\/div><\/div>                                        <\/div>          <\/div>        <\/div>                        <\/a>              <\/div>            <div class=\"bwg-item\">        <a class=\"bwg-a  bwg_lightbox\"  data-image-id=\"6\" href=\"https:\/\/www.sngenealogie.ch\/wp\/wp-content\/uploads\/photo-gallery\/imported_from_media_libray\/20230610_032.jpg?bwg=1689412903\" data-elementor-open-lightbox=\"no\">                <div class=\"bwg-item0 \">          <div class=\"bwg-item1 bwg-zoom-effect\">            <div class=\"bwg-item2\">              <img decoding=\"async\" class=\"skip-lazy bwg_standart_thumb_img_0 \"                   data-id=\"6\"                   data-width=\"500.00\"                   data-height=\"375.00\"                   data-src=\"https:\/\/www.sngenealogie.ch\/wp\/wp-content\/uploads\/photo-gallery\/imported_from_media_libray\/thumb\/20230610_032.jpg?bwg=1689412903\"                   src=\"https:\/\/www.sngenealogie.ch\/wp\/wp-content\/uploads\/photo-gallery\/imported_from_media_libray\/thumb\/20230610_032.jpg?bwg=1689412903\"                   alt=\"On y est arriv\u00e9 !\"                   title=\"On y est arriv\u00e9 !\" \/>            <\/div>            <div class=\"bwg-zoom-effect-overlay\">              <div class=\"bwg-title1\"><div class=\"bwg-title2\">On y est arriv\u00e9 !<\/div><\/div>                                        <\/div>          <\/div>        <\/div>                        <\/a>              <\/div>            <div class=\"bwg-item\">        <a class=\"bwg-a  bwg_lightbox\"  data-image-id=\"5\" href=\"https:\/\/www.sngenealogie.ch\/wp\/wp-content\/uploads\/photo-gallery\/imported_from_media_libray\/20230610_033-scaled.jpg?bwg=1689412903\" data-elementor-open-lightbox=\"no\">                <div class=\"bwg-item0 \">          <div class=\"bwg-item1 bwg-zoom-effect\">            <div class=\"bwg-item2\">              <img decoding=\"async\" class=\"skip-lazy bwg_standart_thumb_img_0 \"                   data-id=\"5\"                   data-width=\"500.00\"                   data-height=\"375.00\"                   data-src=\"https:\/\/www.sngenealogie.ch\/wp\/wp-content\/uploads\/photo-gallery\/imported_from_media_libray\/thumb\/20230610_033-scaled.jpg?bwg=1689412903\"                   src=\"https:\/\/www.sngenealogie.ch\/wp\/wp-content\/uploads\/photo-gallery\/imported_from_media_libray\/thumb\/20230610_033-scaled.jpg?bwg=1689412903\"                   alt=\"Depuis le sommet de la tour\"                   title=\"Depuis le sommet de la tour\" \/>            <\/div>            <div class=\"bwg-zoom-effect-overlay\">              <div class=\"bwg-title1\"><div class=\"bwg-title2\">Depuis le sommet de la tour<\/div><\/div>                                        <\/div>          <\/div>        <\/div>                        <\/a>              <\/div>            <div class=\"bwg-item\">        <a class=\"bwg-a  bwg_lightbox\"  data-image-id=\"4\" href=\"https:\/\/www.sngenealogie.ch\/wp\/wp-content\/uploads\/photo-gallery\/imported_from_media_libray\/20230610_034-scaled.jpg?bwg=1689412903\" data-elementor-open-lightbox=\"no\">                <div class=\"bwg-item0 \">          <div class=\"bwg-item1 bwg-zoom-effect\">            <div class=\"bwg-item2\">              <img decoding=\"async\" class=\"skip-lazy bwg_standart_thumb_img_0 \"                   data-id=\"4\"                   data-width=\"500.00\"                   data-height=\"375.00\"                   data-src=\"https:\/\/www.sngenealogie.ch\/wp\/wp-content\/uploads\/photo-gallery\/imported_from_media_libray\/thumb\/20230610_034-scaled.jpg?bwg=1689412903\"                   src=\"https:\/\/www.sngenealogie.ch\/wp\/wp-content\/uploads\/photo-gallery\/imported_from_media_libray\/thumb\/20230610_034-scaled.jpg?bwg=1689412903\"                   alt=\"Depuis le sommet de la tour\"                   title=\"Depuis le sommet de la tour\" \/>            <\/div>            <div class=\"bwg-zoom-effect-overlay\">              <div class=\"bwg-title1\"><div class=\"bwg-title2\">Depuis le sommet de la tour<\/div><\/div>                                        <\/div>          <\/div>        <\/div>                        <\/a>              <\/div>            <div class=\"bwg-item\">        <a class=\"bwg-a  bwg_lightbox\"  data-image-id=\"3\" href=\"https:\/\/www.sngenealogie.ch\/wp\/wp-content\/uploads\/photo-gallery\/imported_from_media_libray\/20230610_040.jpg?bwg=1689412903\" data-elementor-open-lightbox=\"no\">                <div class=\"bwg-item0 \">          <div class=\"bwg-item1 bwg-zoom-effect\">            <div class=\"bwg-item2\">              <img decoding=\"async\" class=\"skip-lazy bwg_standart_thumb_img_0 \"                   data-id=\"3\"                   data-width=\"500.00\"                   data-height=\"375.00\"                   data-src=\"https:\/\/www.sngenealogie.ch\/wp\/wp-content\/uploads\/photo-gallery\/imported_from_media_libray\/thumb\/20230610_040.jpg?bwg=1689412903\"                   src=\"https:\/\/www.sngenealogie.ch\/wp\/wp-content\/uploads\/photo-gallery\/imported_from_media_libray\/thumb\/20230610_040.jpg?bwg=1689412903\"                   alt=\"Bravo aux marcheurs\"                   title=\"Bravo aux marcheurs\" \/>            <\/div>            <div class=\"bwg-zoom-effect-overlay\">              <div class=\"bwg-title1\"><div class=\"bwg-title2\">Bravo aux marcheurs<\/div><\/div>                                        <\/div>          <\/div>        <\/div>                        <\/a>              <\/div>            <div class=\"bwg-item\">        <a class=\"bwg-a  bwg_lightbox\"  data-image-id=\"2\" href=\"https:\/\/www.sngenealogie.ch\/wp\/wp-content\/uploads\/photo-gallery\/imported_from_media_libray\/20230610_041-scaled.jpg?bwg=1689412903\" data-elementor-open-lightbox=\"no\">                <div class=\"bwg-item0 \">          <div class=\"bwg-item1 bwg-zoom-effect\">            <div class=\"bwg-item2\">              <img decoding=\"async\" class=\"skip-lazy bwg_standart_thumb_img_0 \"                   data-id=\"2\"                   data-width=\"500.00\"                   data-height=\"375.00\"                   data-src=\"https:\/\/www.sngenealogie.ch\/wp\/wp-content\/uploads\/photo-gallery\/imported_from_media_libray\/thumb\/20230610_041-scaled.jpg?bwg=1689412903\"                   src=\"https:\/\/www.sngenealogie.ch\/wp\/wp-content\/uploads\/photo-gallery\/imported_from_media_libray\/thumb\/20230610_041-scaled.jpg?bwg=1689412903\"                   alt=\"Belle d\u00e9couverte\"                   title=\"Belle d\u00e9couverte\" \/>            <\/div>            <div class=\"bwg-zoom-effect-overlay\">              <div class=\"bwg-title1\"><div class=\"bwg-title2\">Belle d\u00e9couverte<\/div><\/div>                                        <\/div>          <\/div>        <\/div>                        <\/a>              <\/div>          <\/div>    <style>      \/*pagination styles*\/      #bwg_container1_0 #bwg_container2_0 .tablenav-pages_0 {\t\t\t\ttext-align: center;\t\t\t\tfont-size: 12px;\t\t\t\tfont-family: Ubuntu;\t\t\t\tfont-weight: bold;\t\t\t\tcolor: #666666;\t\t\t\tmargin: 6px 0 4px;\t\t\t\tdisplay: block;      }      @media only screen and (max-width : 320px) {      #bwg_container1_0 #bwg_container2_0 .displaying-num_0 {     \t display: none;      }      }      #bwg_container1_0 #bwg_container2_0 .displaying-num_0 {\t\t\t\tfont-size: 12px;\t\t\t\tfont-family: Ubuntu;\t\t\t\tfont-weight: bold;\t\t\t\tcolor: #666666;\t\t\t\tmargin-right: 10px;\t\t\t\tvertical-align: middle;      }      #bwg_container1_0 #bwg_container2_0 .paging-input_0 {\t\t\t\tfont-size: 12px;\t\t\t\tfont-family: Ubuntu;\t\t\t\tfont-weight: bold;\t\t\t\tcolor: #666666;\t\t\t\tvertical-align: middle;      }      #bwg_container1_0 #bwg_container2_0 .tablenav-pages_0 a.disabled,      #bwg_container1_0 #bwg_container2_0 .tablenav-pages_0 a.disabled:hover,      #bwg_container1_0 #bwg_container2_0 .tablenav-pages_0 a.disabled:focus,\t\t\t#bwg_container1_0 #bwg_container2_0 .tablenav-pages_0 input.bwg_current_page {\t\t\t\tcursor: default;\t\t\t\tcolor: rgba(102, 102, 102, 0.5);      }      #bwg_container1_0 #bwg_container2_0 .tablenav-pages_0 a,      #bwg_container1_0 #bwg_container2_0 .tablenav-pages_0 input.bwg_current_page {\t\t\t\tcursor: pointer;\t\t\t\ttext-align: center;\t\t\t\tfont-size: 12px;\t\t\t\tfont-family: Ubuntu;\t\t\t\tfont-weight: bold;\t\t\t\tcolor: #666666;\t\t\t\ttext-decoration: none;\t\t\t\tpadding: 3px 6px;\t\t\t\tmargin: 0;\t\t\t\tborder-radius: 0;\t\t\t\tborder-style: solid;\t\t\t\tborder-width: 1px;\t\t\t\tborder-color: #E3E3E3;\t\t\t\t\t\t\t\tbackground-color: rgba(255, 255, 255, 1.00);\t\t\t\tbox-shadow: 0;\t\t\t\ttransition: all 0.3s ease 0s;-webkit-transition: all 0.3s ease 0s;      }      <\/style>      <span class=\"bwg_nav_cont_0\">              <div class=\"tablenav-pages_0\">                  <\/div>                <input type=\"hidden\" id=\"page_number_0\" name=\"page_number_0\" value=\"1\" \/>      <script type=\"text\/javascript\">        if( jQuery('.bwg_nav_cont_0').length > 1 ) {          jQuery('.bwg_nav_cont_0').first().remove()        }        function spider_page_0(cur, x, y, load_more) {          if (typeof load_more == \"undefined\") {            var load_more = false;          }          if (jQuery(cur).hasClass('disabled')) {            return false;          }          var items_county_0 = 1;          switch (y) {            case 1:              if (x >= items_county_0) {                document.getElementById('page_number_0').value = items_county_0;              }              else {                document.getElementById('page_number_0').value = x + 1;              }              break;            case 2:              document.getElementById('page_number_0').value = items_county_0;              break;            case -1:              if (x == 1) {                document.getElementById('page_number_0').value = 1;              }              else {                document.getElementById('page_number_0').value = x - 1;              }              break;            case -2:              document.getElementById('page_number_0').value = 1;              break;\t\t\t\t\t\tcase 0:              document.getElementById('page_number_0').value = x;              break;            default:              document.getElementById('page_number_0').value = 1;          }          bwg_ajax('gal_front_form_0', '0', 'bwg_thumbnails_0', '0', '', 'gallery', 0, '', '', load_more, '', 1);        }                    jQuery('.first-page-0').on('click', function () {              spider_page_0(this, 1, -2, 'numeric');              return false;            });            jQuery('.prev-page-0').on('click', function () {              spider_page_0(this, 1, -1, 'numeric');              return false;            });            jQuery('.next-page-0').on('click', function () {              spider_page_0(this, 1, 1, 'numeric');              return false;            });            jQuery('.last-page-0').on('click', function () {              spider_page_0(this, 1, 2, 'numeric');              return false;            });        \t\t\t\t\/* Change page on input enter. *\/        function bwg_change_page_0( e, that ) {          if (  e.key == 'Enter' ) {            var to_page = parseInt(jQuery(that).val());            var pages_count = jQuery(that).parents(\".pagination-links\").data(\"pages-count\");            var current_url_param = jQuery(that).attr('data-url-info');            if (to_page > pages_count) {              to_page = 1;            }\t \t\t\t\t\t\t\t\t\t\t\t\tspider_page_0(this, to_page, 0, 'numeric');\t\t\t\t\t\t\treturn false;\t\t\t\t\t\t          }          return true;        }        jQuery('.bwg_load_btn_0').on('click', function () {            spider_page_0(this, 1, 1, true);            return false;        });      <\/script>      <\/span>                <\/div>        <\/form>        <style>          #bwg_container1_0 #bwg_container2_0 #spider_popup_overlay_0 {          background-color: #EEEEEE;          opacity: 0.60;          }          <\/style>        <div id=\"bwg_spider_popup_loading_0\" class=\"bwg_spider_popup_loading\"><\/div>        <div id=\"spider_popup_overlay_0\" class=\"spider_popup_overlay\" onclick=\"spider_destroypopup(1000)\"><\/div>        <input type=\"hidden\" id=\"bwg_random_seed_0\" value=\"345585305\">                <\/div>    <\/div>    <script>      if (document.readyState === 'complete') {        if( typeof bwg_main_ready == 'function' ) {          if ( jQuery(\"#bwg_container1_0\").height() ) {            bwg_main_ready(jQuery(\"#bwg_container1_0\"));          }        }      } else {        document.addEventListener('DOMContentLoaded', function() {          if( typeof bwg_main_ready == 'function' ) {            if ( jQuery(\"#bwg_container1_0\").height() ) {             bwg_main_ready(jQuery(\"#bwg_container1_0\"));            }          }        });      }    <\/script>    \t\t\t\t<\/div>\n\t\t\t\t<\/div>\n\t\t\t\t\t<\/div>\n\t\t<\/div>\n\t\t\t\t\t<\/div>\n\t\t<\/section>\n\t\t\t\t<section class=\"elementor-section elementor-inner-section elementor-element elementor-element-28d98a1 elementor-section-boxed elementor-section-height-default elementor-section-height-default\" data-id=\"28d98a1\" data-element_type=\"section\" data-e-type=\"section\">\n\t\t\t\t\t\t<div class=\"elementor-container elementor-column-gap-default\">\n\t\t\t\t\t<div class=\"elementor-column elementor-col-100 elementor-inner-column elementor-element elementor-element-2b779f8\" data-id=\"2b779f8\" data-element_type=\"column\" data-e-type=\"column\">\n\t\t\t<div class=\"elementor-widget-wrap\">\n\t\t\t\t\t\t\t<\/div>\n\t\t<\/div>\n\t\t\t\t\t<\/div>\n\t\t<\/section>\n\t\t\t\t<div class=\"elementor-element elementor-element-db80de3 elementor-widget elementor-widget-heading\" data-id=\"db80de3\" data-element_type=\"widget\" data-e-type=\"widget\" data-widget_type=\"heading.default\">\n\t\t\t\t<div class=\"elementor-widget-container\">\n\t\t\t\t\t<h3 class=\"elementor-heading-title elementor-size-default\">2022<\/h3>\t\t\t\t<\/div>\n\t\t\t\t<\/div>\n\t\t\t\t<section class=\"elementor-section elementor-inner-section elementor-element elementor-element-5f65d29 elementor-section-boxed elementor-section-height-default elementor-section-height-default\" data-id=\"5f65d29\" data-element_type=\"section\" data-e-type=\"section\">\n\t\t\t\t\t\t<div class=\"elementor-container elementor-column-gap-default\">\n\t\t\t\t\t<div class=\"elementor-column elementor-col-66 elementor-inner-column elementor-element elementor-element-3ecfe75\" data-id=\"3ecfe75\" data-element_type=\"column\" data-e-type=\"column\">\n\t\t\t<div class=\"elementor-widget-wrap elementor-element-populated\">\n\t\t\t\t\t\t<div class=\"elementor-element elementor-element-046706c elementor-widget elementor-widget-text-editor\" data-id=\"046706c\" data-element_type=\"widget\" data-e-type=\"widget\" data-widget_type=\"text-editor.default\">\n\t\t\t\t<div class=\"elementor-widget-container\">\n\t\t\t\t\t\t\t\t\t<h4>10 septembre 2022 &#8211; La Ferme Robert<\/h4><p>Visite de l&rsquo;exposition du naturaliste Robert Hainard<\/p><p>Visite du centre d&rsquo;interpr\u00e9tation comment\u00e9e par Fr\u00e9d\u00e9ric Cuche et pr\u00e9sentation du film \u00ab\u00a0Les Tr\u00e9sors du Creux du Van\u00a0\u00bb<\/p><p>Balade \u00e0 la Fontaine Froide, guid\u00e9e par Fr\u00e9d\u00e9ric Cuche<\/p>\t\t\t\t\t\t\t\t<\/div>\n\t\t\t\t<\/div>\n\t\t\t\t<div class=\"elementor-element elementor-element-c4ddf1f elementor-align-center elementor-widget elementor-widget-button\" data-id=\"c4ddf1f\" data-element_type=\"widget\" data-e-type=\"widget\" data-widget_type=\"button.default\">\n\t\t\t\t<div class=\"elementor-widget-container\">\n\t\t\t\t\t\t\t\t\t<div class=\"elementor-button-wrapper\">\n\t\t\t\t\t<a class=\"elementor-button elementor-button-link elementor-size-sm\" href=\"https:\/\/www.ferme-robert.ch\/le-site\/\" target=\"_blank\">\n\t\t\t\t\t\t<span class=\"elementor-button-content-wrapper\">\n\t\t\t\t\t\t<span class=\"elementor-button-icon\">\n\t\t\t\t<i aria-hidden=\"true\" class=\"fas fa-external-link-alt\"><\/i>\t\t\t<\/span>\n\t\t\t\t\t\t\t\t\t<span class=\"elementor-button-text\">Site<\/span>\n\t\t\t\t\t<\/span>\n\t\t\t\t\t<\/a>\n\t\t\t\t<\/div>\n\t\t\t\t\t\t\t\t<\/div>\n\t\t\t\t<\/div>\n\t\t\t\t\t<\/div>\n\t\t<\/div>\n\t\t\t\t<div class=\"elementor-column elementor-col-33 elementor-inner-column elementor-element elementor-element-6256b14\" data-id=\"6256b14\" data-element_type=\"column\" data-e-type=\"column\">\n\t\t\t<div class=\"elementor-widget-wrap elementor-element-populated\">\n\t\t\t\t\t\t<div class=\"elementor-element elementor-element-568d57e elementor-widget elementor-widget-image\" data-id=\"568d57e\" data-element_type=\"widget\" data-e-type=\"widget\" data-widget_type=\"image.default\">\n\t\t\t\t<div class=\"elementor-widget-container\">\n\t\t\t\t\t\t\t\t\t\t\t\t\t\t\t<img loading=\"lazy\" decoding=\"async\" width=\"300\" height=\"225\" src=\"https:\/\/www.sngenealogie.ch\/wp\/wp-content\/uploads\/20220910_001-300x225.jpg\" class=\"attachment-medium size-medium wp-image-12555\" alt=\"Le Creux du Van depuis la Ferme Robert\" srcset=\"https:\/\/www.sngenealogie.ch\/wp\/wp-content\/uploads\/20220910_001-300x225.jpg 300w, https:\/\/www.sngenealogie.ch\/wp\/wp-content\/uploads\/20220910_001-1024x768.jpg 1024w, https:\/\/www.sngenealogie.ch\/wp\/wp-content\/uploads\/20220910_001-768x576.jpg 768w, https:\/\/www.sngenealogie.ch\/wp\/wp-content\/uploads\/20220910_001-1536x1152.jpg 1536w, https:\/\/www.sngenealogie.ch\/wp\/wp-content\/uploads\/20220910_001-2048x1535.jpg 2048w\" sizes=\"(max-width: 300px) 100vw, 300px\" \/>\t\t\t\t\t\t\t\t\t\t\t\t\t\t\t<\/div>\n\t\t\t\t<\/div>\n\t\t\t\t\t<\/div>\n\t\t<\/div>\n\t\t\t\t\t<\/div>\n\t\t<\/section>\n\t\t\t\t<section class=\"elementor-section elementor-inner-section elementor-element elementor-element-2e798ea elementor-section-boxed elementor-section-height-default elementor-section-height-default\" data-id=\"2e798ea\" data-element_type=\"section\" data-e-type=\"section\">\n\t\t\t\t\t\t<div class=\"elementor-container elementor-column-gap-default\">\n\t\t\t\t\t<div class=\"elementor-column elementor-col-66 elementor-inner-column elementor-element elementor-element-ec7ae7e\" data-id=\"ec7ae7e\" data-element_type=\"column\" data-e-type=\"column\">\n\t\t\t<div class=\"elementor-widget-wrap elementor-element-populated\">\n\t\t\t\t\t\t<div class=\"elementor-element elementor-element-6796fd4 elementor-widget elementor-widget-text-editor\" data-id=\"6796fd4\" data-element_type=\"widget\" data-e-type=\"widget\" data-widget_type=\"text-editor.default\">\n\t\t\t\t<div class=\"elementor-widget-container\">\n\t\t\t\t\t\t\t\t\t<h4>19 ao\u00fbt 2022 &#8211; Le fabuleux destin d&rsquo;Oscar Tschirky du Locle \u00e0 New York<\/h4><p>Visite guid\u00e9e de l&rsquo;exposition temporaire aux moulins souterrains du Col-des-Roches.<\/p><p>\u00a0<\/p>\t\t\t\t\t\t\t\t<\/div>\n\t\t\t\t<\/div>\n\t\t\t\t<div class=\"elementor-element elementor-element-9dcdd62 elementor-align-center elementor-widget elementor-widget-button\" data-id=\"9dcdd62\" data-element_type=\"widget\" data-e-type=\"widget\" data-widget_type=\"button.default\">\n\t\t\t\t<div class=\"elementor-widget-container\">\n\t\t\t\t\t\t\t\t\t<div class=\"elementor-button-wrapper\">\n\t\t\t\t\t<a class=\"elementor-button elementor-button-link elementor-size-sm\" href=\"https:\/\/www.lesmoulins.ch\/fr\/expositions-temporaires\/\" target=\"_blank\">\n\t\t\t\t\t\t<span class=\"elementor-button-content-wrapper\">\n\t\t\t\t\t\t<span class=\"elementor-button-icon\">\n\t\t\t\t<i aria-hidden=\"true\" class=\"fas fa-external-link-alt\"><\/i>\t\t\t<\/span>\n\t\t\t\t\t\t\t\t\t<span class=\"elementor-button-text\">Site du mus\u00e9e<\/span>\n\t\t\t\t\t<\/span>\n\t\t\t\t\t<\/a>\n\t\t\t\t<\/div>\n\t\t\t\t\t\t\t\t<\/div>\n\t\t\t\t<\/div>\n\t\t\t\t\t<\/div>\n\t\t<\/div>\n\t\t\t\t<div class=\"elementor-column elementor-col-33 elementor-inner-column elementor-element elementor-element-37294b9\" data-id=\"37294b9\" data-element_type=\"column\" data-e-type=\"column\">\n\t\t\t<div class=\"elementor-widget-wrap elementor-element-populated\">\n\t\t\t\t\t\t\t<\/div>\n\t\t<\/div>\n\t\t\t\t\t<\/div>\n\t\t<\/section>\n\t\t\t\t<div class=\"elementor-element elementor-element-1059e78 elementor-widget elementor-widget-heading\" data-id=\"1059e78\" data-element_type=\"widget\" data-e-type=\"widget\" data-widget_type=\"heading.default\">\n\t\t\t\t<div class=\"elementor-widget-container\">\n\t\t\t\t\t<h3 class=\"elementor-heading-title elementor-size-default\">2019<\/h3>\t\t\t\t<\/div>\n\t\t\t\t<\/div>\n\t\t\t\t<section class=\"elementor-section elementor-inner-section elementor-element elementor-element-b0b0b0c elementor-section-boxed elementor-section-height-default elementor-section-height-default\" data-id=\"b0b0b0c\" data-element_type=\"section\" data-e-type=\"section\">\n\t\t\t\t\t\t<div class=\"elementor-container elementor-column-gap-default\">\n\t\t\t\t\t<div class=\"elementor-column elementor-col-66 elementor-inner-column elementor-element elementor-element-9d151bd\" data-id=\"9d151bd\" data-element_type=\"column\" data-e-type=\"column\">\n\t\t\t<div class=\"elementor-widget-wrap elementor-element-populated\">\n\t\t\t\t\t\t<div class=\"elementor-element elementor-element-9bf8c96 elementor-widget elementor-widget-text-editor\" data-id=\"9bf8c96\" data-element_type=\"widget\" data-e-type=\"widget\" data-widget_type=\"text-editor.default\">\n\t\t\t\t<div class=\"elementor-widget-container\">\n\t\t\t\t\t\t\t\t\t<h4>3 octobre 2019 &#8211; Sortie au Mus\u00e9e de la vie d&rsquo;Antan \u00e0 Montlebon (Doubs)<\/h4><p>Repas en commun \u00e0 l&rsquo;Auberge du Charron<\/p><p>Visite guid\u00e9e du mus\u00e9e<\/p><p>R\u00e9sum\u00e9 de la visite dans le bulletin 60 <a href=\"https:\/\/www.sngenealogie.ch\/wp\/bulletins\/bulletin-60\/musee-montlebon\/\"><i class=\"fas fa-arrow-right\"><\/i><\/a><\/p>\t\t\t\t\t\t\t\t<\/div>\n\t\t\t\t<\/div>\n\t\t\t\t<div class=\"elementor-element elementor-element-c274158 elementor-align-center elementor-widget elementor-widget-button\" data-id=\"c274158\" data-element_type=\"widget\" data-e-type=\"widget\" data-widget_type=\"button.default\">\n\t\t\t\t<div class=\"elementor-widget-container\">\n\t\t\t\t\t\t\t\t\t<div class=\"elementor-button-wrapper\">\n\t\t\t\t\t<a class=\"elementor-button elementor-button-link elementor-size-sm\" href=\"https:\/\/musee-vie-dantan.fr\/\" target=\"_blank\">\n\t\t\t\t\t\t<span class=\"elementor-button-content-wrapper\">\n\t\t\t\t\t\t<span class=\"elementor-button-icon\">\n\t\t\t\t<i aria-hidden=\"true\" class=\"fas fa-external-link-alt\"><\/i>\t\t\t<\/span>\n\t\t\t\t\t\t\t\t\t<span class=\"elementor-button-text\">Site du mus\u00e9e<\/span>\n\t\t\t\t\t<\/span>\n\t\t\t\t\t<\/a>\n\t\t\t\t<\/div>\n\t\t\t\t\t\t\t\t<\/div>\n\t\t\t\t<\/div>\n\t\t\t\t\t<\/div>\n\t\t<\/div>\n\t\t\t\t<div class=\"elementor-column elementor-col-33 elementor-inner-column elementor-element elementor-element-127b869\" data-id=\"127b869\" data-element_type=\"column\" data-e-type=\"column\">\n\t\t\t<div class=\"elementor-widget-wrap elementor-element-populated\">\n\t\t\t\t\t\t<div class=\"elementor-element elementor-element-f4adfe4 elementor-widget elementor-widget-image\" data-id=\"f4adfe4\" data-element_type=\"widget\" data-e-type=\"widget\" data-widget_type=\"image.default\">\n\t\t\t\t<div class=\"elementor-widget-container\">\n\t\t\t\t\t\t\t\t\t\t\t\t\t\t\t<img loading=\"lazy\" decoding=\"async\" width=\"300\" height=\"225\" src=\"https:\/\/www.sngenealogie.ch\/wp\/wp-content\/uploads\/2019-musee-vie-dantan-300x225.jpg\" class=\"attachment-medium size-medium wp-image-11901\" alt=\"\" srcset=\"https:\/\/www.sngenealogie.ch\/wp\/wp-content\/uploads\/2019-musee-vie-dantan-300x225.jpg 300w, https:\/\/www.sngenealogie.ch\/wp\/wp-content\/uploads\/2019-musee-vie-dantan-1024x768.jpg 1024w, https:\/\/www.sngenealogie.ch\/wp\/wp-content\/uploads\/2019-musee-vie-dantan-768x576.jpg 768w, https:\/\/www.sngenealogie.ch\/wp\/wp-content\/uploads\/2019-musee-vie-dantan-1536x1152.jpg 1536w, https:\/\/www.sngenealogie.ch\/wp\/wp-content\/uploads\/2019-musee-vie-dantan.jpg 2048w\" sizes=\"(max-width: 300px) 100vw, 300px\" \/>\t\t\t\t\t\t\t\t\t\t\t\t\t\t\t<\/div>\n\t\t\t\t<\/div>\n\t\t\t\t\t<\/div>\n\t\t<\/div>\n\t\t\t\t\t<\/div>\n\t\t<\/section>\n\t\t\t\t<section class=\"elementor-section elementor-inner-section elementor-element elementor-element-d0f86a8 elementor-section-boxed elementor-section-height-default elementor-section-height-default\" data-id=\"d0f86a8\" data-element_type=\"section\" data-e-type=\"section\">\n\t\t\t\t\t\t<div class=\"elementor-container elementor-column-gap-default\">\n\t\t\t\t\t<div class=\"elementor-column elementor-col-66 elementor-inner-column elementor-element elementor-element-a506b5b\" data-id=\"a506b5b\" data-element_type=\"column\" data-e-type=\"column\">\n\t\t\t<div class=\"elementor-widget-wrap elementor-element-populated\">\n\t\t\t\t\t\t<div class=\"elementor-element elementor-element-dc0ea6a elementor-widget elementor-widget-text-editor\" data-id=\"dc0ea6a\" data-element_type=\"widget\" data-e-type=\"widget\" data-widget_type=\"text-editor.default\">\n\t\t\t\t<div class=\"elementor-widget-container\">\n\t\t\t\t\t\t\t\t\t<h4>29 juin 2019 &#8211; Mus\u00e9e des Mascarons \u00e0 M\u00f4tiers<\/h4><p>Visite comment\u00e9e par Madame Laurence Vaucher<\/p><p>R\u00e9sum\u00e9 de la visite dans le bulletin 60 <a href=\"https:\/\/www.sngenealogie.ch\/wp\/bulletins\/bulletin-60\/musee-mascarons-2019\/\"><i class=\"fas fa-arrow-right\"><\/i><\/a><\/p>\t\t\t\t\t\t\t\t<\/div>\n\t\t\t\t<\/div>\n\t\t\t\t<div class=\"elementor-element elementor-element-a8f98eb elementor-align-center elementor-widget elementor-widget-button\" data-id=\"a8f98eb\" data-element_type=\"widget\" data-e-type=\"widget\" data-widget_type=\"button.default\">\n\t\t\t\t<div class=\"elementor-widget-container\">\n\t\t\t\t\t\t\t\t\t<div class=\"elementor-button-wrapper\">\n\t\t\t\t\t<a class=\"elementor-button elementor-button-link elementor-size-sm\" href=\"https:\/\/mrvt.ch\/#musee-des-mascarons\" target=\"_blank\">\n\t\t\t\t\t\t<span class=\"elementor-button-content-wrapper\">\n\t\t\t\t\t\t<span class=\"elementor-button-icon\">\n\t\t\t\t<i aria-hidden=\"true\" class=\"fas fa-external-link-alt\"><\/i>\t\t\t<\/span>\n\t\t\t\t\t\t\t\t\t<span class=\"elementor-button-text\">Site du mus\u00e9e<\/span>\n\t\t\t\t\t<\/span>\n\t\t\t\t\t<\/a>\n\t\t\t\t<\/div>\n\t\t\t\t\t\t\t\t<\/div>\n\t\t\t\t<\/div>\n\t\t\t\t\t<\/div>\n\t\t<\/div>\n\t\t\t\t<div class=\"elementor-column elementor-col-33 elementor-inner-column elementor-element elementor-element-9a3b63d\" data-id=\"9a3b63d\" data-element_type=\"column\" data-e-type=\"column\">\n\t\t\t<div class=\"elementor-widget-wrap elementor-element-populated\">\n\t\t\t\t\t\t<div class=\"elementor-element elementor-element-bd16f4e elementor-widget elementor-widget-image\" data-id=\"bd16f4e\" data-element_type=\"widget\" data-e-type=\"widget\" data-widget_type=\"image.default\">\n\t\t\t\t<div class=\"elementor-widget-container\">\n\t\t\t\t\t\t\t\t\t\t\t\t\t\t\t<img loading=\"lazy\" decoding=\"async\" width=\"300\" height=\"251\" src=\"https:\/\/www.sngenealogie.ch\/wp\/wp-content\/uploads\/2019-musee-mascarons-300x251.jpg\" class=\"attachment-medium size-medium wp-image-11900\" alt=\"\" srcset=\"https:\/\/www.sngenealogie.ch\/wp\/wp-content\/uploads\/2019-musee-mascarons-300x251.jpg 300w, https:\/\/www.sngenealogie.ch\/wp\/wp-content\/uploads\/2019-musee-mascarons.jpg 397w\" sizes=\"(max-width: 300px) 100vw, 300px\" \/>\t\t\t\t\t\t\t\t\t\t\t\t\t\t\t<\/div>\n\t\t\t\t<\/div>\n\t\t\t\t\t<\/div>\n\t\t<\/div>\n\t\t\t\t\t<\/div>\n\t\t<\/section>\n\t\t\t\t<div class=\"elementor-element elementor-element-6e8d92a elementor-widget elementor-widget-heading\" data-id=\"6e8d92a\" data-element_type=\"widget\" data-e-type=\"widget\" data-widget_type=\"heading.default\">\n\t\t\t\t<div class=\"elementor-widget-container\">\n\t\t\t\t\t<h3 class=\"elementor-heading-title elementor-size-default\">2018<\/h3>\t\t\t\t<\/div>\n\t\t\t\t<\/div>\n\t\t\t\t<section class=\"elementor-section elementor-inner-section elementor-element elementor-element-8ab4f43 elementor-section-boxed elementor-section-height-default elementor-section-height-default\" data-id=\"8ab4f43\" data-element_type=\"section\" data-e-type=\"section\">\n\t\t\t\t\t\t<div class=\"elementor-container elementor-column-gap-default\">\n\t\t\t\t\t<div class=\"elementor-column elementor-col-66 elementor-inner-column elementor-element elementor-element-7a54997\" data-id=\"7a54997\" data-element_type=\"column\" data-e-type=\"column\">\n\t\t\t<div class=\"elementor-widget-wrap elementor-element-populated\">\n\t\t\t\t\t\t<div class=\"elementor-element elementor-element-aaac86b elementor-widget elementor-widget-text-editor\" data-id=\"aaac86b\" data-element_type=\"widget\" data-e-type=\"widget\" data-widget_type=\"text-editor.default\">\n\t\t\t\t<div class=\"elementor-widget-container\">\n\t\t\t\t\t\t\t\t\t<h4>6 octobre 2018 &#8211; Visite des Archives cantonales du canton de Vaud<\/h4><p>Le directeur Gilbert Coutaz nous fait visiter<\/p><p>Repas en commun au restaurant Da Nino \u00e0 Dorigny<\/p><p>R\u00e9sum\u00e9 de la visite dans le bulletin 59 <a href=\"https:\/\/www.sngenealogie.ch\/wp\/bulletins\/bulletin-59\/visite-des-archives-cantonales-du-canton-de-vaud\/\"><i class=\"fas fa-arrow-right\"><\/i><\/a><\/p>\t\t\t\t\t\t\t\t<\/div>\n\t\t\t\t<\/div>\n\t\t\t\t<div class=\"elementor-element elementor-element-802792a elementor-align-center elementor-widget elementor-widget-button\" data-id=\"802792a\" data-element_type=\"widget\" data-e-type=\"widget\" data-widget_type=\"button.default\">\n\t\t\t\t<div class=\"elementor-widget-container\">\n\t\t\t\t\t\t\t\t\t<div class=\"elementor-button-wrapper\">\n\t\t\t\t\t<a class=\"elementor-button elementor-button-link elementor-size-sm\" href=\"https:\/\/www.vd.ch\/toutes-les-autorites\/archives-cantonales-vaudoises-acv\/\" target=\"_blank\">\n\t\t\t\t\t\t<span class=\"elementor-button-content-wrapper\">\n\t\t\t\t\t\t<span class=\"elementor-button-icon\">\n\t\t\t\t<i aria-hidden=\"true\" class=\"fas fa-external-link-alt\"><\/i>\t\t\t<\/span>\n\t\t\t\t\t\t\t\t\t<span class=\"elementor-button-text\">Site des archives<\/span>\n\t\t\t\t\t<\/span>\n\t\t\t\t\t<\/a>\n\t\t\t\t<\/div>\n\t\t\t\t\t\t\t\t<\/div>\n\t\t\t\t<\/div>\n\t\t\t\t\t<\/div>\n\t\t<\/div>\n\t\t\t\t<div class=\"elementor-column elementor-col-33 elementor-inner-column elementor-element elementor-element-fff519a\" data-id=\"fff519a\" data-element_type=\"column\" data-e-type=\"column\">\n\t\t\t<div class=\"elementor-widget-wrap elementor-element-populated\">\n\t\t\t\t\t\t<div class=\"elementor-element elementor-element-c4565d7 elementor-widget elementor-widget-image\" data-id=\"c4565d7\" data-element_type=\"widget\" data-e-type=\"widget\" data-widget_type=\"image.default\">\n\t\t\t\t<div class=\"elementor-widget-container\">\n\t\t\t\t\t\t\t\t\t\t\t\t\t\t\t<img loading=\"lazy\" decoding=\"async\" width=\"300\" height=\"225\" src=\"https:\/\/www.sngenealogie.ch\/wp\/wp-content\/uploads\/2018-archives-vd-300x225.jpg\" class=\"attachment-medium size-medium wp-image-11903\" alt=\"\" srcset=\"https:\/\/www.sngenealogie.ch\/wp\/wp-content\/uploads\/2018-archives-vd-300x225.jpg 300w, https:\/\/www.sngenealogie.ch\/wp\/wp-content\/uploads\/2018-archives-vd-1024x768.jpg 1024w, https:\/\/www.sngenealogie.ch\/wp\/wp-content\/uploads\/2018-archives-vd-768x576.jpg 768w, https:\/\/www.sngenealogie.ch\/wp\/wp-content\/uploads\/2018-archives-vd-1536x1152.jpg 1536w, https:\/\/www.sngenealogie.ch\/wp\/wp-content\/uploads\/2018-archives-vd.jpg 2048w\" sizes=\"(max-width: 300px) 100vw, 300px\" \/>\t\t\t\t\t\t\t\t\t\t\t\t\t\t\t<\/div>\n\t\t\t\t<\/div>\n\t\t\t\t\t<\/div>\n\t\t<\/div>\n\t\t\t\t\t<\/div>\n\t\t<\/section>\n\t\t\t\t<section class=\"elementor-section elementor-inner-section elementor-element elementor-element-9c15cdf elementor-section-boxed elementor-section-height-default elementor-section-height-default\" data-id=\"9c15cdf\" data-element_type=\"section\" data-e-type=\"section\">\n\t\t\t\t\t\t<div class=\"elementor-container elementor-column-gap-default\">\n\t\t\t\t\t<div class=\"elementor-column elementor-col-66 elementor-inner-column elementor-element elementor-element-a72a427\" data-id=\"a72a427\" data-element_type=\"column\" data-e-type=\"column\">\n\t\t\t<div class=\"elementor-widget-wrap elementor-element-populated\">\n\t\t\t\t\t\t<div class=\"elementor-element elementor-element-5d01dac elementor-widget elementor-widget-text-editor\" data-id=\"5d01dac\" data-element_type=\"widget\" data-e-type=\"widget\" data-widget_type=\"text-editor.default\">\n\t\t\t\t<div class=\"elementor-widget-container\">\n\t\t\t\t\t\t\t\t\t<h4>2 juin 2018 &#8211; Balade \u00e0 travers La Chaux-de-Fonds<\/h4><p>Traces juives dans la ville de la Chaux-de-Fonds<\/p><p>Balade sous la conduite de Marc Perrenoud, historien<\/p><p>R\u00e9sum\u00e9 de la visite dans le bulletin 58 <a href=\"https:\/\/www.sngenealogie.ch\/wp\/bulletins\/bulletin-58\/traces-juives-dans-la-ville-de-la-chaux-de-fonds\/\"><i class=\"fas fa-arrow-right\"><\/i><\/a><\/p>\t\t\t\t\t\t\t\t<\/div>\n\t\t\t\t<\/div>\n\t\t\t\t\t<\/div>\n\t\t<\/div>\n\t\t\t\t<div class=\"elementor-column elementor-col-33 elementor-inner-column elementor-element elementor-element-0fad87e\" data-id=\"0fad87e\" data-element_type=\"column\" data-e-type=\"column\">\n\t\t\t<div class=\"elementor-widget-wrap elementor-element-populated\">\n\t\t\t\t\t\t<div class=\"elementor-element elementor-element-15da328 elementor-widget elementor-widget-image\" data-id=\"15da328\" data-element_type=\"widget\" data-e-type=\"widget\" data-widget_type=\"image.default\">\n\t\t\t\t<div class=\"elementor-widget-container\">\n\t\t\t\t\t\t\t\t\t\t\t\t\t\t\t<img loading=\"lazy\" decoding=\"async\" width=\"300\" height=\"262\" src=\"https:\/\/www.sngenealogie.ch\/wp\/wp-content\/uploads\/2018-chaux-de-fonds-300x262.jpg\" class=\"attachment-medium size-medium wp-image-11902\" alt=\"\" srcset=\"https:\/\/www.sngenealogie.ch\/wp\/wp-content\/uploads\/2018-chaux-de-fonds-300x262.jpg 300w, https:\/\/www.sngenealogie.ch\/wp\/wp-content\/uploads\/2018-chaux-de-fonds.jpg 414w\" sizes=\"(max-width: 300px) 100vw, 300px\" \/>\t\t\t\t\t\t\t\t\t\t\t\t\t\t\t<\/div>\n\t\t\t\t<\/div>\n\t\t\t\t\t<\/div>\n\t\t<\/div>\n\t\t\t\t\t<\/div>\n\t\t<\/section>\n\t\t\t\t<div class=\"elementor-element elementor-element-fe24151 elementor-widget elementor-widget-heading\" data-id=\"fe24151\" data-element_type=\"widget\" data-e-type=\"widget\" data-widget_type=\"heading.default\">\n\t\t\t\t<div class=\"elementor-widget-container\">\n\t\t\t\t\t<h3 class=\"elementor-heading-title elementor-size-default\">2017<\/h3>\t\t\t\t<\/div>\n\t\t\t\t<\/div>\n\t\t\t\t<section class=\"elementor-section elementor-inner-section elementor-element elementor-element-700f3d6 elementor-section-boxed elementor-section-height-default elementor-section-height-default\" data-id=\"700f3d6\" data-element_type=\"section\" data-e-type=\"section\">\n\t\t\t\t\t\t<div class=\"elementor-container elementor-column-gap-default\">\n\t\t\t\t\t<div class=\"elementor-column elementor-col-66 elementor-inner-column elementor-element elementor-element-8cd437d\" data-id=\"8cd437d\" data-element_type=\"column\" data-e-type=\"column\">\n\t\t\t<div class=\"elementor-widget-wrap elementor-element-populated\">\n\t\t\t\t\t\t<div class=\"elementor-element elementor-element-f9f8de0 elementor-widget elementor-widget-text-editor\" data-id=\"f9f8de0\" data-element_type=\"widget\" data-e-type=\"widget\" data-widget_type=\"text-editor.default\">\n\t\t\t\t<div class=\"elementor-widget-container\">\n\t\t\t\t\t\t\t\t\t<h4>21 octobre 2017 &#8211; Sur les traces des r\u00e9fugi\u00e9s hugenots \u00e0 Neuch\u00e2tel<\/h4><p>Visite guid\u00e9e par Marc Bridel<\/p><p>Repas en commun \u00e0 l&rsquo;H\u00f4tel du March\u00e9<\/p><p>R\u00e9sum\u00e9 de la visite dans le bulletin 57\u00a0 <a href=\"https:\/\/www.sngenealogie.ch\/wp\/bulletins\/bulletin-57\/sur-les-traces-des-refugies-huguenots-a-neuchatel\/\"><i class=\"fas fa-arrow-right\"><\/i><\/a><\/p>\t\t\t\t\t\t\t\t<\/div>\n\t\t\t\t<\/div>\n\t\t\t\t\t<\/div>\n\t\t<\/div>\n\t\t\t\t<div class=\"elementor-column elementor-col-33 elementor-inner-column elementor-element elementor-element-3f22370\" data-id=\"3f22370\" data-element_type=\"column\" data-e-type=\"column\">\n\t\t\t<div class=\"elementor-widget-wrap elementor-element-populated\">\n\t\t\t\t\t\t<div class=\"elementor-element elementor-element-a4ff51b elementor-widget elementor-widget-image\" data-id=\"a4ff51b\" data-element_type=\"widget\" data-e-type=\"widget\" data-widget_type=\"image.default\">\n\t\t\t\t<div class=\"elementor-widget-container\">\n\t\t\t\t\t\t\t\t\t\t\t\t\t\t\t<img loading=\"lazy\" decoding=\"async\" width=\"300\" height=\"226\" src=\"https:\/\/www.sngenealogie.ch\/wp\/wp-content\/uploads\/2017-neuchatel-300x226.jpg\" class=\"attachment-medium size-medium wp-image-11904\" alt=\"\" srcset=\"https:\/\/www.sngenealogie.ch\/wp\/wp-content\/uploads\/2017-neuchatel-300x226.jpg 300w, https:\/\/www.sngenealogie.ch\/wp\/wp-content\/uploads\/2017-neuchatel.jpg 539w\" sizes=\"(max-width: 300px) 100vw, 300px\" \/>\t\t\t\t\t\t\t\t\t\t\t\t\t\t\t<\/div>\n\t\t\t\t<\/div>\n\t\t\t\t\t<\/div>\n\t\t<\/div>\n\t\t\t\t\t<\/div>\n\t\t<\/section>\n\t\t\t\t<section class=\"elementor-section elementor-inner-section elementor-element elementor-element-e6b7f1b elementor-section-boxed elementor-section-height-default elementor-section-height-default\" data-id=\"e6b7f1b\" data-element_type=\"section\" data-e-type=\"section\">\n\t\t\t\t\t\t<div class=\"elementor-container elementor-column-gap-default\">\n\t\t\t\t\t<div class=\"elementor-column elementor-col-66 elementor-inner-column elementor-element elementor-element-4426ac7\" data-id=\"4426ac7\" data-element_type=\"column\" data-e-type=\"column\">\n\t\t\t<div class=\"elementor-widget-wrap elementor-element-populated\">\n\t\t\t\t\t\t<div class=\"elementor-element elementor-element-b89e3a3 elementor-widget elementor-widget-text-editor\" data-id=\"b89e3a3\" data-element_type=\"widget\" data-e-type=\"widget\" data-widget_type=\"text-editor.default\">\n\t\t\t\t<div class=\"elementor-widget-container\">\n\t\t\t\t\t\t\t\t\t<h4>10 juin 2017 &#8211; Valangin<\/h4><p>Promenade autour de Valangin avec Fr\u00e9d\u00e9ric Cuche<\/p><p>Repas en commun au Relais du Ch\u00e2teau \u00e0 Valangin<\/p><p>Conf\u00e9rence de Maurice Evard : Que s&rsquo;est-il pass\u00e9 le 15 ao\u00fbt 1530\u00a0<a href=\"https:\/\/www.sngenealogie.ch\/wp\/bulletins\/bulletin-56\/que-sest-il-passe-le-15-aout-1530\/\"><i class=\"fas fa-arrow-right\"><\/i><\/a><\/p>\t\t\t\t\t\t\t\t<\/div>\n\t\t\t\t<\/div>\n\t\t\t\t\t<\/div>\n\t\t<\/div>\n\t\t\t\t<div class=\"elementor-column elementor-col-33 elementor-inner-column elementor-element elementor-element-9143f6d\" data-id=\"9143f6d\" data-element_type=\"column\" data-e-type=\"column\">\n\t\t\t<div class=\"elementor-widget-wrap elementor-element-populated\">\n\t\t\t\t\t\t<div class=\"elementor-element elementor-element-d9ec87e elementor-widget elementor-widget-image\" data-id=\"d9ec87e\" data-element_type=\"widget\" data-e-type=\"widget\" data-widget_type=\"image.default\">\n\t\t\t\t<div class=\"elementor-widget-container\">\n\t\t\t\t\t\t\t\t\t\t\t\t\t\t\t<img loading=\"lazy\" decoding=\"async\" width=\"300\" height=\"225\" src=\"https:\/\/www.sngenealogie.ch\/wp\/wp-content\/uploads\/2017-valangin-300x225.jpg\" class=\"attachment-medium size-medium wp-image-11908\" alt=\"\" srcset=\"https:\/\/www.sngenealogie.ch\/wp\/wp-content\/uploads\/2017-valangin-300x225.jpg 300w, https:\/\/www.sngenealogie.ch\/wp\/wp-content\/uploads\/2017-valangin-1024x768.jpg 1024w, https:\/\/www.sngenealogie.ch\/wp\/wp-content\/uploads\/2017-valangin-768x576.jpg 768w, https:\/\/www.sngenealogie.ch\/wp\/wp-content\/uploads\/2017-valangin-1536x1152.jpg 1536w, https:\/\/www.sngenealogie.ch\/wp\/wp-content\/uploads\/2017-valangin-2048x1536.jpg 2048w\" sizes=\"(max-width: 300px) 100vw, 300px\" \/>\t\t\t\t\t\t\t\t\t\t\t\t\t\t\t<\/div>\n\t\t\t\t<\/div>\n\t\t\t\t\t<\/div>\n\t\t<\/div>\n\t\t\t\t\t<\/div>\n\t\t<\/section>\n\t\t\t\t<div class=\"elementor-element elementor-element-b8b585f elementor-widget elementor-widget-heading\" data-id=\"b8b585f\" data-element_type=\"widget\" data-e-type=\"widget\" data-widget_type=\"heading.default\">\n\t\t\t\t<div class=\"elementor-widget-container\">\n\t\t\t\t\t<h3 class=\"elementor-heading-title elementor-size-default\">2016<\/h3>\t\t\t\t<\/div>\n\t\t\t\t<\/div>\n\t\t\t\t<section class=\"elementor-section elementor-inner-section elementor-element elementor-element-0df58ad elementor-section-boxed elementor-section-height-default elementor-section-height-default\" data-id=\"0df58ad\" data-element_type=\"section\" data-e-type=\"section\">\n\t\t\t\t\t\t<div class=\"elementor-container elementor-column-gap-default\">\n\t\t\t\t\t<div class=\"elementor-column elementor-col-66 elementor-inner-column elementor-element elementor-element-16aaf38\" data-id=\"16aaf38\" data-element_type=\"column\" data-e-type=\"column\">\n\t\t\t<div class=\"elementor-widget-wrap elementor-element-populated\">\n\t\t\t\t\t\t<div class=\"elementor-element elementor-element-dfd01f8 elementor-widget elementor-widget-text-editor\" data-id=\"dfd01f8\" data-element_type=\"widget\" data-e-type=\"widget\" data-widget_type=\"text-editor.default\">\n\t\t\t\t<div class=\"elementor-widget-container\">\n\t\t\t\t\t\t\t\t\t<h4>24 septembre 2016 &#8211; Mus\u00e9e agricole de Coffrane<\/h4><p>Visite guid\u00e9e par Nathalie Merminod<\/p><p>R\u00e9sum\u00e9 de la visite <a href=\"https:\/\/www.sngenealogie.ch\/wp\/bulletins\/bulletin-55\/musee-paysan-de-coffrane\/\"><i class=\"fas fa-arrow-right\"><\/i><\/a><\/p>\t\t\t\t\t\t\t\t<\/div>\n\t\t\t\t<\/div>\n\t\t\t\t<div class=\"elementor-element elementor-element-52f12ba elementor-align-center elementor-widget elementor-widget-button\" data-id=\"52f12ba\" data-element_type=\"widget\" data-e-type=\"widget\" data-widget_type=\"button.default\">\n\t\t\t\t<div class=\"elementor-widget-container\">\n\t\t\t\t\t\t\t\t\t<div class=\"elementor-button-wrapper\">\n\t\t\t\t\t<a class=\"elementor-button elementor-button-link elementor-size-sm\" href=\"http:\/\/www.musee-agricole.ch\/\" target=\"_blank\">\n\t\t\t\t\t\t<span class=\"elementor-button-content-wrapper\">\n\t\t\t\t\t\t<span class=\"elementor-button-icon\">\n\t\t\t\t<i aria-hidden=\"true\" class=\"fas fa-external-link-alt\"><\/i>\t\t\t<\/span>\n\t\t\t\t\t\t\t\t\t<span class=\"elementor-button-text\">Site du mus\u00e9e<\/span>\n\t\t\t\t\t<\/span>\n\t\t\t\t\t<\/a>\n\t\t\t\t<\/div>\n\t\t\t\t\t\t\t\t<\/div>\n\t\t\t\t<\/div>\n\t\t\t\t\t<\/div>\n\t\t<\/div>\n\t\t\t\t<div class=\"elementor-column elementor-col-33 elementor-inner-column elementor-element elementor-element-6527ed5\" data-id=\"6527ed5\" data-element_type=\"column\" data-e-type=\"column\">\n\t\t\t<div class=\"elementor-widget-wrap elementor-element-populated\">\n\t\t\t\t\t\t<div class=\"elementor-element elementor-element-81cf307 elementor-widget elementor-widget-image\" data-id=\"81cf307\" data-element_type=\"widget\" data-e-type=\"widget\" data-widget_type=\"image.default\">\n\t\t\t\t<div class=\"elementor-widget-container\">\n\t\t\t\t\t\t\t\t\t\t\t\t\t\t\t<img loading=\"lazy\" decoding=\"async\" width=\"300\" height=\"225\" src=\"https:\/\/www.sngenealogie.ch\/wp\/wp-content\/uploads\/2016-coffrane-300x225.jpg\" class=\"attachment-medium size-medium wp-image-11912\" alt=\"\" srcset=\"https:\/\/www.sngenealogie.ch\/wp\/wp-content\/uploads\/2016-coffrane-300x225.jpg 300w, https:\/\/www.sngenealogie.ch\/wp\/wp-content\/uploads\/2016-coffrane-1024x768.jpg 1024w, https:\/\/www.sngenealogie.ch\/wp\/wp-content\/uploads\/2016-coffrane-768x576.jpg 768w, https:\/\/www.sngenealogie.ch\/wp\/wp-content\/uploads\/2016-coffrane-1536x1152.jpg 1536w, https:\/\/www.sngenealogie.ch\/wp\/wp-content\/uploads\/2016-coffrane-2048x1536.jpg 2048w\" sizes=\"(max-width: 300px) 100vw, 300px\" \/>\t\t\t\t\t\t\t\t\t\t\t\t\t\t\t<\/div>\n\t\t\t\t<\/div>\n\t\t\t\t\t<\/div>\n\t\t<\/div>\n\t\t\t\t\t<\/div>\n\t\t<\/section>\n\t\t\t\t<section class=\"elementor-section elementor-inner-section elementor-element elementor-element-e46e885 elementor-section-boxed elementor-section-height-default elementor-section-height-default\" data-id=\"e46e885\" data-element_type=\"section\" data-e-type=\"section\">\n\t\t\t\t\t\t<div class=\"elementor-container elementor-column-gap-default\">\n\t\t\t\t\t<div class=\"elementor-column elementor-col-66 elementor-inner-column elementor-element elementor-element-5324234\" data-id=\"5324234\" data-element_type=\"column\" data-e-type=\"column\">\n\t\t\t<div class=\"elementor-widget-wrap elementor-element-populated\">\n\t\t\t\t\t\t<div class=\"elementor-element elementor-element-524cb3c elementor-widget elementor-widget-text-editor\" data-id=\"524cb3c\" data-element_type=\"widget\" data-e-type=\"widget\" data-widget_type=\"text-editor.default\">\n\t\t\t\t<div class=\"elementor-widget-container\">\n\t\t\t\t\t\t\t\t\t<h4>4 juin 2016 &#8211; Le sentier Bourbaki aux Verri\u00e8res<\/h4><p>Visite guid\u00e9e par Alexis Boillad, pr\u00e9sident de l&rsquo;association des Bourbaki<\/p><p>R\u00e9sum\u00e9 de la visite <a href=\"https:\/\/www.sngenealogie.ch\/wp\/bulletins\/bulletin-54\/sentier-bourbaki-verrieres\/\"><i class=\"fas fa-arrow-right\"><\/i><\/a><\/p>\t\t\t\t\t\t\t\t<\/div>\n\t\t\t\t<\/div>\n\t\t\t\t<div class=\"elementor-element elementor-element-94630b2 elementor-align-center elementor-widget elementor-widget-button\" data-id=\"94630b2\" data-element_type=\"widget\" data-e-type=\"widget\" data-widget_type=\"button.default\">\n\t\t\t\t<div class=\"elementor-widget-container\">\n\t\t\t\t\t\t\t\t\t<div class=\"elementor-button-wrapper\">\n\t\t\t\t\t<a class=\"elementor-button elementor-button-link elementor-size-sm\" href=\"http:\/\/www.bourbaki-verrieres.ch\/\" target=\"_blank\">\n\t\t\t\t\t\t<span class=\"elementor-button-content-wrapper\">\n\t\t\t\t\t\t<span class=\"elementor-button-icon\">\n\t\t\t\t<i aria-hidden=\"true\" class=\"fas fa-external-link-alt\"><\/i>\t\t\t<\/span>\n\t\t\t\t\t\t\t\t\t<span class=\"elementor-button-text\">Site du sentier<\/span>\n\t\t\t\t\t<\/span>\n\t\t\t\t\t<\/a>\n\t\t\t\t<\/div>\n\t\t\t\t\t\t\t\t<\/div>\n\t\t\t\t<\/div>\n\t\t\t\t\t<\/div>\n\t\t<\/div>\n\t\t\t\t<div class=\"elementor-column elementor-col-33 elementor-inner-column elementor-element elementor-element-f6da166\" data-id=\"f6da166\" data-element_type=\"column\" data-e-type=\"column\">\n\t\t\t<div class=\"elementor-widget-wrap elementor-element-populated\">\n\t\t\t\t\t\t<div class=\"elementor-element elementor-element-17e1f2e elementor-widget elementor-widget-image\" data-id=\"17e1f2e\" data-element_type=\"widget\" data-e-type=\"widget\" data-widget_type=\"image.default\">\n\t\t\t\t<div class=\"elementor-widget-container\">\n\t\t\t\t\t\t\t\t\t\t\t\t\t\t\t<img loading=\"lazy\" decoding=\"async\" width=\"300\" height=\"169\" src=\"https:\/\/www.sngenealogie.ch\/wp\/wp-content\/uploads\/2016-bourbaki-300x169.jpg\" class=\"attachment-medium size-medium wp-image-11913\" alt=\"\" srcset=\"https:\/\/www.sngenealogie.ch\/wp\/wp-content\/uploads\/2016-bourbaki-300x169.jpg 300w, https:\/\/www.sngenealogie.ch\/wp\/wp-content\/uploads\/2016-bourbaki-1024x576.jpg 1024w, https:\/\/www.sngenealogie.ch\/wp\/wp-content\/uploads\/2016-bourbaki-768x432.jpg 768w, https:\/\/www.sngenealogie.ch\/wp\/wp-content\/uploads\/2016-bourbaki-1536x864.jpg 1536w, https:\/\/www.sngenealogie.ch\/wp\/wp-content\/uploads\/2016-bourbaki-2048x1152.jpg 2048w\" sizes=\"(max-width: 300px) 100vw, 300px\" \/>\t\t\t\t\t\t\t\t\t\t\t\t\t\t\t<\/div>\n\t\t\t\t<\/div>\n\t\t\t\t\t<\/div>\n\t\t<\/div>\n\t\t\t\t\t<\/div>\n\t\t<\/section>\n\t\t\t\t<div class=\"elementor-element elementor-element-a2b7591 elementor-widget elementor-widget-heading\" data-id=\"a2b7591\" data-element_type=\"widget\" data-e-type=\"widget\" data-widget_type=\"heading.default\">\n\t\t\t\t<div class=\"elementor-widget-container\">\n\t\t\t\t\t<h3 class=\"elementor-heading-title elementor-size-default\">2015<\/h3>\t\t\t\t<\/div>\n\t\t\t\t<\/div>\n\t\t\t\t<section class=\"elementor-section elementor-inner-section elementor-element elementor-element-dfd1186 elementor-section-boxed elementor-section-height-default elementor-section-height-default\" data-id=\"dfd1186\" data-element_type=\"section\" data-e-type=\"section\">\n\t\t\t\t\t\t<div class=\"elementor-container elementor-column-gap-default\">\n\t\t\t\t\t<div class=\"elementor-column elementor-col-66 elementor-inner-column elementor-element elementor-element-04cc433\" data-id=\"04cc433\" data-element_type=\"column\" data-e-type=\"column\">\n\t\t\t<div class=\"elementor-widget-wrap elementor-element-populated\">\n\t\t\t\t\t\t<div class=\"elementor-element elementor-element-f706e25 elementor-widget elementor-widget-text-editor\" data-id=\"f706e25\" data-element_type=\"widget\" data-e-type=\"widget\" data-widget_type=\"text-editor.default\">\n\t\t\t\t<div class=\"elementor-widget-container\">\n\t\t\t\t\t\t\t\t\t<h4>3 octobre 2015 &#8211; Les mines d&rsquo;asphalte du Val-de-Travers<\/h4><p>Sortie avec les g\u00e9n\u00e9alogistes du canton de Gen\u00e8ve et de l&rsquo;Ancien Ev\u00each\u00e9 de B\u00e2le<\/p><p>Visite guid\u00e9e de mines d&rsquo;asphalte<\/p><p>Repas en commun au Caf\u00e9 des Mines : Jambon cuit dans l&rsquo;asphalte<\/p><p>R\u00e9sum\u00e9 de la visite <a href=\"https:\/\/www.sngenealogie.ch\/wp\/bulletins\/bulletin-53\/sortie-mines-dasphalte-2015\/\"><i class=\"fas fa-arrow-right\"><\/i><\/a><\/p>\t\t\t\t\t\t\t\t<\/div>\n\t\t\t\t<\/div>\n\t\t\t\t<div class=\"elementor-element elementor-element-151c53c elementor-align-center elementor-widget elementor-widget-button\" data-id=\"151c53c\" data-element_type=\"widget\" data-e-type=\"widget\" data-widget_type=\"button.default\">\n\t\t\t\t<div class=\"elementor-widget-container\">\n\t\t\t\t\t\t\t\t\t<div class=\"elementor-button-wrapper\">\n\t\t\t\t\t<a class=\"elementor-button elementor-button-link elementor-size-sm\" href=\"https:\/\/www.mines-asphalte.ch\/\" target=\"_blank\">\n\t\t\t\t\t\t<span class=\"elementor-button-content-wrapper\">\n\t\t\t\t\t\t<span class=\"elementor-button-icon\">\n\t\t\t\t<i aria-hidden=\"true\" class=\"fas fa-external-link-alt\"><\/i>\t\t\t<\/span>\n\t\t\t\t\t\t\t\t\t<span class=\"elementor-button-text\">Site des mines<\/span>\n\t\t\t\t\t<\/span>\n\t\t\t\t\t<\/a>\n\t\t\t\t<\/div>\n\t\t\t\t\t\t\t\t<\/div>\n\t\t\t\t<\/div>\n\t\t\t\t\t<\/div>\n\t\t<\/div>\n\t\t\t\t<div class=\"elementor-column elementor-col-33 elementor-inner-column elementor-element elementor-element-dc5af27\" data-id=\"dc5af27\" data-element_type=\"column\" data-e-type=\"column\">\n\t\t\t<div class=\"elementor-widget-wrap elementor-element-populated\">\n\t\t\t\t\t\t<div class=\"elementor-element elementor-element-19b2aba elementor-widget elementor-widget-image\" data-id=\"19b2aba\" data-element_type=\"widget\" data-e-type=\"widget\" data-widget_type=\"image.default\">\n\t\t\t\t<div class=\"elementor-widget-container\">\n\t\t\t\t\t\t\t\t\t\t\t\t\t\t\t<img loading=\"lazy\" decoding=\"async\" width=\"300\" height=\"200\" src=\"https:\/\/www.sngenealogie.ch\/wp\/wp-content\/uploads\/2015-mines-300x200.jpg\" class=\"attachment-medium size-medium wp-image-11915\" alt=\"\" srcset=\"https:\/\/www.sngenealogie.ch\/wp\/wp-content\/uploads\/2015-mines-300x200.jpg 300w, https:\/\/www.sngenealogie.ch\/wp\/wp-content\/uploads\/2015-mines-768x512.jpg 768w, https:\/\/www.sngenealogie.ch\/wp\/wp-content\/uploads\/2015-mines.jpg 1010w\" sizes=\"(max-width: 300px) 100vw, 300px\" \/>\t\t\t\t\t\t\t\t\t\t\t\t\t\t\t<\/div>\n\t\t\t\t<\/div>\n\t\t\t\t\t<\/div>\n\t\t<\/div>\n\t\t\t\t\t<\/div>\n\t\t<\/section>\n\t\t\t\t<section class=\"elementor-section elementor-inner-section elementor-element elementor-element-e9abd36 elementor-section-boxed elementor-section-height-default elementor-section-height-default\" data-id=\"e9abd36\" data-element_type=\"section\" data-e-type=\"section\">\n\t\t\t\t\t\t<div class=\"elementor-container elementor-column-gap-default\">\n\t\t\t\t\t<div class=\"elementor-column elementor-col-66 elementor-inner-column elementor-element elementor-element-4341197\" data-id=\"4341197\" data-element_type=\"column\" data-e-type=\"column\">\n\t\t\t<div class=\"elementor-widget-wrap elementor-element-populated\">\n\t\t\t\t\t\t<div class=\"elementor-element elementor-element-dd47d4e elementor-widget elementor-widget-text-editor\" data-id=\"dd47d4e\" data-element_type=\"widget\" data-e-type=\"widget\" data-widget_type=\"text-editor.default\">\n\t\t\t\t<div class=\"elementor-widget-container\">\n\t\t\t\t\t\t\t\t\t<h4>6 juin 2015 &#8211; Balade le long des fontaines \u00e0 Saint-Blaise<\/h4><p>Balade accompagn\u00e9e par Serge Mamie<\/p><p>\u00a0<\/p>\t\t\t\t\t\t\t\t<\/div>\n\t\t\t\t<\/div>\n\t\t\t\t<div class=\"elementor-element elementor-element-fe26f8c elementor-align-center elementor-widget elementor-widget-button\" data-id=\"fe26f8c\" data-element_type=\"widget\" data-e-type=\"widget\" data-widget_type=\"button.default\">\n\t\t\t\t<div class=\"elementor-widget-container\">\n\t\t\t\t\t\t\t\t\t<div class=\"elementor-button-wrapper\">\n\t\t\t\t\t<a class=\"elementor-button elementor-button-link elementor-size-sm\" href=\"https:\/\/www.saint-blaise.ch\/fr\/decouverte\/bouger\/excursions\/\" target=\"_blank\">\n\t\t\t\t\t\t<span class=\"elementor-button-content-wrapper\">\n\t\t\t\t\t\t<span class=\"elementor-button-icon\">\n\t\t\t\t<i aria-hidden=\"true\" class=\"fas fa-external-link-alt\"><\/i>\t\t\t<\/span>\n\t\t\t\t\t\t\t\t\t<span class=\"elementor-button-text\">Site de Saint-Blaise<\/span>\n\t\t\t\t\t<\/span>\n\t\t\t\t\t<\/a>\n\t\t\t\t<\/div>\n\t\t\t\t\t\t\t\t<\/div>\n\t\t\t\t<\/div>\n\t\t\t\t\t<\/div>\n\t\t<\/div>\n\t\t\t\t<div class=\"elementor-column elementor-col-33 elementor-inner-column elementor-element elementor-element-81f4fb4\" data-id=\"81f4fb4\" data-element_type=\"column\" data-e-type=\"column\">\n\t\t\t<div class=\"elementor-widget-wrap elementor-element-populated\">\n\t\t\t\t\t\t<div class=\"elementor-element elementor-element-2e294ca elementor-widget elementor-widget-image\" data-id=\"2e294ca\" data-element_type=\"widget\" data-e-type=\"widget\" data-widget_type=\"image.default\">\n\t\t\t\t<div class=\"elementor-widget-container\">\n\t\t\t\t\t\t\t\t\t\t\t\t\t\t\t<img loading=\"lazy\" decoding=\"async\" width=\"300\" height=\"200\" src=\"https:\/\/www.sngenealogie.ch\/wp\/wp-content\/uploads\/2015-st-blaise-300x200.jpg\" class=\"attachment-medium size-medium wp-image-11914\" alt=\"\" srcset=\"https:\/\/www.sngenealogie.ch\/wp\/wp-content\/uploads\/2015-st-blaise-300x200.jpg 300w, https:\/\/www.sngenealogie.ch\/wp\/wp-content\/uploads\/2015-st-blaise.jpg 600w\" sizes=\"(max-width: 300px) 100vw, 300px\" \/>\t\t\t\t\t\t\t\t\t\t\t\t\t\t\t<\/div>\n\t\t\t\t<\/div>\n\t\t\t\t\t<\/div>\n\t\t<\/div>\n\t\t\t\t\t<\/div>\n\t\t<\/section>\n\t\t\t\t<div class=\"elementor-element elementor-element-3c84131 elementor-widget elementor-widget-heading\" data-id=\"3c84131\" data-element_type=\"widget\" data-e-type=\"widget\" data-widget_type=\"heading.default\">\n\t\t\t\t<div class=\"elementor-widget-container\">\n\t\t\t\t\t<h3 class=\"elementor-heading-title elementor-size-default\">2014<\/h3>\t\t\t\t<\/div>\n\t\t\t\t<\/div>\n\t\t\t\t<section class=\"elementor-section elementor-inner-section elementor-element elementor-element-c01be0d elementor-section-boxed elementor-section-height-default elementor-section-height-default\" data-id=\"c01be0d\" data-element_type=\"section\" data-e-type=\"section\">\n\t\t\t\t\t\t<div class=\"elementor-container elementor-column-gap-default\">\n\t\t\t\t\t<div class=\"elementor-column elementor-col-66 elementor-inner-column elementor-element elementor-element-debb70c\" data-id=\"debb70c\" data-element_type=\"column\" data-e-type=\"column\">\n\t\t\t<div class=\"elementor-widget-wrap elementor-element-populated\">\n\t\t\t\t\t\t<div class=\"elementor-element elementor-element-eb4619e elementor-widget elementor-widget-text-editor\" data-id=\"eb4619e\" data-element_type=\"widget\" data-e-type=\"widget\" data-widget_type=\"text-editor.default\">\n\t\t\t\t<div class=\"elementor-widget-container\">\n\t\t\t\t\t\t\t\t\t<h4>13 septembre 2014 &#8211; L&rsquo;indiennage dans la Basse-Areuse<\/h4><p>Balade avec Maurice Evard<\/p>\t\t\t\t\t\t\t\t<\/div>\n\t\t\t\t<\/div>\n\t\t\t\t\t<\/div>\n\t\t<\/div>\n\t\t\t\t<div class=\"elementor-column elementor-col-33 elementor-inner-column elementor-element elementor-element-7990f4b\" data-id=\"7990f4b\" data-element_type=\"column\" data-e-type=\"column\">\n\t\t\t<div class=\"elementor-widget-wrap elementor-element-populated\">\n\t\t\t\t\t\t<div class=\"elementor-element elementor-element-c656dce elementor-widget elementor-widget-image\" data-id=\"c656dce\" data-element_type=\"widget\" data-e-type=\"widget\" data-widget_type=\"image.default\">\n\t\t\t\t<div class=\"elementor-widget-container\">\n\t\t\t\t\t\t\t\t\t\t\t\t\t\t\t<img loading=\"lazy\" decoding=\"async\" width=\"236\" height=\"300\" src=\"https:\/\/www.sngenealogie.ch\/wp\/wp-content\/uploads\/2014-indiennes-236x300.jpg\" class=\"attachment-medium size-medium wp-image-11919\" alt=\"\" srcset=\"https:\/\/www.sngenealogie.ch\/wp\/wp-content\/uploads\/2014-indiennes-236x300.jpg 236w, https:\/\/www.sngenealogie.ch\/wp\/wp-content\/uploads\/2014-indiennes.jpg 402w\" sizes=\"(max-width: 236px) 100vw, 236px\" \/>\t\t\t\t\t\t\t\t\t\t\t\t\t\t\t<\/div>\n\t\t\t\t<\/div>\n\t\t\t\t\t<\/div>\n\t\t<\/div>\n\t\t\t\t\t<\/div>\n\t\t<\/section>\n\t\t\t\t<section class=\"elementor-section elementor-inner-section elementor-element elementor-element-5dfa914 elementor-section-boxed elementor-section-height-default elementor-section-height-default\" data-id=\"5dfa914\" data-element_type=\"section\" data-e-type=\"section\">\n\t\t\t\t\t\t<div class=\"elementor-container elementor-column-gap-default\">\n\t\t\t\t\t<div class=\"elementor-column elementor-col-66 elementor-inner-column elementor-element elementor-element-1bae240\" data-id=\"1bae240\" data-element_type=\"column\" data-e-type=\"column\">\n\t\t\t<div class=\"elementor-widget-wrap elementor-element-populated\">\n\t\t\t\t\t\t<div class=\"elementor-element elementor-element-c454ed0 elementor-widget elementor-widget-text-editor\" data-id=\"c454ed0\" data-element_type=\"widget\" data-e-type=\"widget\" data-widget_type=\"text-editor.default\">\n\t\t\t\t<div class=\"elementor-widget-container\">\n\t\t\t\t\t\t\t\t\t<h4>16 juin 2014 &#8211; Les fontaines \u00e0 Fontaines<\/h4><p>Conf\u00e9rence sur site de Ren\u00e9 Guye<\/p>\t\t\t\t\t\t\t\t<\/div>\n\t\t\t\t<\/div>\n\t\t\t\t\t<\/div>\n\t\t<\/div>\n\t\t\t\t<div class=\"elementor-column elementor-col-33 elementor-inner-column elementor-element elementor-element-80a5c6b\" data-id=\"80a5c6b\" data-element_type=\"column\" data-e-type=\"column\">\n\t\t\t<div class=\"elementor-widget-wrap elementor-element-populated\">\n\t\t\t\t\t\t<div class=\"elementor-element elementor-element-1586d2a elementor-widget elementor-widget-image\" data-id=\"1586d2a\" data-element_type=\"widget\" data-e-type=\"widget\" data-widget_type=\"image.default\">\n\t\t\t\t<div class=\"elementor-widget-container\">\n\t\t\t\t\t\t\t\t\t\t\t\t\t\t\t<img loading=\"lazy\" decoding=\"async\" width=\"270\" height=\"300\" src=\"https:\/\/www.sngenealogie.ch\/wp\/wp-content\/uploads\/bul-50-fontaine-meyer-270x300.jpg\" class=\"attachment-medium size-medium wp-image-11135\" alt=\"\" srcset=\"https:\/\/www.sngenealogie.ch\/wp\/wp-content\/uploads\/bul-50-fontaine-meyer-270x300.jpg 270w, https:\/\/www.sngenealogie.ch\/wp\/wp-content\/uploads\/bul-50-fontaine-meyer.jpg 417w\" sizes=\"(max-width: 270px) 100vw, 270px\" \/>\t\t\t\t\t\t\t\t\t\t\t\t\t\t\t<\/div>\n\t\t\t\t<\/div>\n\t\t\t\t\t<\/div>\n\t\t<\/div>\n\t\t\t\t\t<\/div>\n\t\t<\/section>\n\t\t\t\t<div class=\"elementor-element elementor-element-a5d3c52 elementor-widget elementor-widget-heading\" data-id=\"a5d3c52\" data-element_type=\"widget\" data-e-type=\"widget\" data-widget_type=\"heading.default\">\n\t\t\t\t<div class=\"elementor-widget-container\">\n\t\t\t\t\t<h3 class=\"elementor-heading-title elementor-size-default\">2013<\/h3>\t\t\t\t<\/div>\n\t\t\t\t<\/div>\n\t\t\t\t<section class=\"elementor-section elementor-inner-section elementor-element elementor-element-55211a2 elementor-section-boxed elementor-section-height-default elementor-section-height-default\" data-id=\"55211a2\" data-element_type=\"section\" data-e-type=\"section\">\n\t\t\t\t\t\t<div class=\"elementor-container elementor-column-gap-default\">\n\t\t\t\t\t<div class=\"elementor-column elementor-col-66 elementor-inner-column elementor-element elementor-element-9c831b2\" data-id=\"9c831b2\" data-element_type=\"column\" data-e-type=\"column\">\n\t\t\t<div class=\"elementor-widget-wrap elementor-element-populated\">\n\t\t\t\t\t\t<div class=\"elementor-element elementor-element-7c0c4b6 elementor-widget elementor-widget-text-editor\" data-id=\"7c0c4b6\" data-element_type=\"widget\" data-e-type=\"widget\" data-widget_type=\"text-editor.default\">\n\t\t\t\t<div class=\"elementor-widget-container\">\n\t\t\t\t\t\t\t\t\t<h4>24 ao\u00fbt 2013 &#8211; Visites de \u00ab\u00a0M\u00e9moires d&rsquo;ici\u00a0\u00bb et de \u00ab\u00a0CEJARE\u00a0\u00bb<\/h4><p>Sortie \u00e0 Saint-Imier<\/p><p>Visite de \u00ab\u00a0M\u00e9moires d&rsquo;ici\u00a0\u00bb<\/p><p>Repas en commun<\/p><p>Visite du CEJARE (Centre jurassien d&rsquo;archives et de recherches \u00e9conomiques)<\/p><p>R\u00e9sum\u00e9 de la journ\u00e9e <a href=\"https:\/\/www.sngenealogie.ch\/wp\/bulletins\/bulletin-49\/sortie-memoires-dici\/\"><i class=\"fas fa-arrow-right\"><\/i><\/a><\/p>\t\t\t\t\t\t\t\t<\/div>\n\t\t\t\t<\/div>\n\t\t\t\t<div class=\"elementor-element elementor-element-22d49f8 elementor-align-center elementor-widget__width-auto elementor-widget elementor-widget-button\" data-id=\"22d49f8\" data-element_type=\"widget\" data-e-type=\"widget\" data-widget_type=\"button.default\">\n\t\t\t\t<div class=\"elementor-widget-container\">\n\t\t\t\t\t\t\t\t\t<div class=\"elementor-button-wrapper\">\n\t\t\t\t\t<a class=\"elementor-button elementor-button-link elementor-size-sm\" href=\"https:\/\/www.m-ici.ch\/\" target=\"_blank\">\n\t\t\t\t\t\t<span class=\"elementor-button-content-wrapper\">\n\t\t\t\t\t\t<span class=\"elementor-button-icon\">\n\t\t\t\t<i aria-hidden=\"true\" class=\"fas fa-external-link-alt\"><\/i>\t\t\t<\/span>\n\t\t\t\t\t\t\t\t\t<span class=\"elementor-button-text\">Site de M\u00e9moires d'ici<\/span>\n\t\t\t\t\t<\/span>\n\t\t\t\t\t<\/a>\n\t\t\t\t<\/div>\n\t\t\t\t\t\t\t\t<\/div>\n\t\t\t\t<\/div>\n\t\t\t\t<div class=\"elementor-element elementor-element-162bb7f elementor-align-center elementor-widget__width-auto elementor-widget elementor-widget-button\" data-id=\"162bb7f\" data-element_type=\"widget\" data-e-type=\"widget\" data-widget_type=\"button.default\">\n\t\t\t\t<div class=\"elementor-widget-container\">\n\t\t\t\t\t\t\t\t\t<div class=\"elementor-button-wrapper\">\n\t\t\t\t\t<a class=\"elementor-button elementor-button-link elementor-size-sm\" href=\"https:\/\/www.cejare.ch\/\" target=\"_blank\">\n\t\t\t\t\t\t<span class=\"elementor-button-content-wrapper\">\n\t\t\t\t\t\t<span class=\"elementor-button-icon\">\n\t\t\t\t<i aria-hidden=\"true\" class=\"fas fa-external-link-alt\"><\/i>\t\t\t<\/span>\n\t\t\t\t\t\t\t\t\t<span class=\"elementor-button-text\">Site de CEJARE<\/span>\n\t\t\t\t\t<\/span>\n\t\t\t\t\t<\/a>\n\t\t\t\t<\/div>\n\t\t\t\t\t\t\t\t<\/div>\n\t\t\t\t<\/div>\n\t\t\t\t\t<\/div>\n\t\t<\/div>\n\t\t\t\t<div class=\"elementor-column elementor-col-33 elementor-inner-column elementor-element elementor-element-832a9bb\" data-id=\"832a9bb\" data-element_type=\"column\" data-e-type=\"column\">\n\t\t\t<div class=\"elementor-widget-wrap elementor-element-populated\">\n\t\t\t\t\t\t<div class=\"elementor-element elementor-element-ae36a01 elementor-widget elementor-widget-image\" data-id=\"ae36a01\" data-element_type=\"widget\" data-e-type=\"widget\" data-widget_type=\"image.default\">\n\t\t\t\t<div class=\"elementor-widget-container\">\n\t\t\t\t\t\t\t\t\t\t\t\t\t\t\t<img loading=\"lazy\" decoding=\"async\" width=\"300\" height=\"300\" src=\"https:\/\/www.sngenealogie.ch\/wp\/wp-content\/uploads\/2013-st-imier-300x300.jpg\" class=\"attachment-medium size-medium wp-image-11920\" alt=\"\" srcset=\"https:\/\/www.sngenealogie.ch\/wp\/wp-content\/uploads\/2013-st-imier-300x300.jpg 300w, https:\/\/www.sngenealogie.ch\/wp\/wp-content\/uploads\/2013-st-imier-150x150.jpg 150w, https:\/\/www.sngenealogie.ch\/wp\/wp-content\/uploads\/2013-st-imier.jpg 595w\" sizes=\"(max-width: 300px) 100vw, 300px\" \/>\t\t\t\t\t\t\t\t\t\t\t\t\t\t\t<\/div>\n\t\t\t\t<\/div>\n\t\t\t\t\t<\/div>\n\t\t<\/div>\n\t\t\t\t\t<\/div>\n\t\t<\/section>\n\t\t\t\t<div class=\"elementor-element elementor-element-bda371a elementor-widget elementor-widget-heading\" data-id=\"bda371a\" data-element_type=\"widget\" data-e-type=\"widget\" data-widget_type=\"heading.default\">\n\t\t\t\t<div class=\"elementor-widget-container\">\n\t\t\t\t\t<h3 class=\"elementor-heading-title elementor-size-default\">2012<\/h3>\t\t\t\t<\/div>\n\t\t\t\t<\/div>\n\t\t\t\t<section class=\"elementor-section elementor-inner-section elementor-element elementor-element-5e6a419 elementor-section-boxed elementor-section-height-default elementor-section-height-default\" data-id=\"5e6a419\" data-element_type=\"section\" data-e-type=\"section\">\n\t\t\t\t\t\t<div class=\"elementor-container elementor-column-gap-default\">\n\t\t\t\t\t<div class=\"elementor-column elementor-col-66 elementor-inner-column elementor-element elementor-element-e02e228\" data-id=\"e02e228\" data-element_type=\"column\" data-e-type=\"column\">\n\t\t\t<div class=\"elementor-widget-wrap elementor-element-populated\">\n\t\t\t\t\t\t<div class=\"elementor-element elementor-element-32d05d1 elementor-widget elementor-widget-text-editor\" data-id=\"32d05d1\" data-element_type=\"widget\" data-e-type=\"widget\" data-widget_type=\"text-editor.default\">\n\t\t\t\t<div class=\"elementor-widget-container\">\n\t\t\t\t\t\t\t\t\t<h4>20 octobre 2012 &#8211; Visite du Mus\u00e9e de l&rsquo;Areuse<\/h4><p>Visite guid\u00e9e par le conservateur Pierre-Henri B\u00e9guin<\/p><p>R\u00e9sum\u00e9 de la visite <a href=\"https:\/\/www.sngenealogie.ch\/wp\/bulletins\/bulletin-47\/visite-musee-de-lareuse\/\"><i class=\"fas fa-arrow-right\"><\/i><\/a><\/p>\t\t\t\t\t\t\t\t<\/div>\n\t\t\t\t<\/div>\n\t\t\t\t<div class=\"elementor-element elementor-element-0a0ea5b elementor-align-center elementor-widget__width-auto elementor-widget elementor-widget-button\" data-id=\"0a0ea5b\" data-element_type=\"widget\" data-e-type=\"widget\" data-widget_type=\"button.default\">\n\t\t\t\t<div class=\"elementor-widget-container\">\n\t\t\t\t\t\t\t\t\t<div class=\"elementor-button-wrapper\">\n\t\t\t\t\t<a class=\"elementor-button elementor-button-link elementor-size-sm\" href=\"http:\/\/www.le-musee.ch\/\" target=\"_blank\">\n\t\t\t\t\t\t<span class=\"elementor-button-content-wrapper\">\n\t\t\t\t\t\t<span class=\"elementor-button-icon\">\n\t\t\t\t<i aria-hidden=\"true\" class=\"fas fa-external-link-alt\"><\/i>\t\t\t<\/span>\n\t\t\t\t\t\t\t\t\t<span class=\"elementor-button-text\">Site du mus\u00e9e<\/span>\n\t\t\t\t\t<\/span>\n\t\t\t\t\t<\/a>\n\t\t\t\t<\/div>\n\t\t\t\t\t\t\t\t<\/div>\n\t\t\t\t<\/div>\n\t\t\t\t\t<\/div>\n\t\t<\/div>\n\t\t\t\t<div class=\"elementor-column elementor-col-33 elementor-inner-column elementor-element elementor-element-f451a0f\" data-id=\"f451a0f\" data-element_type=\"column\" data-e-type=\"column\">\n\t\t\t<div class=\"elementor-widget-wrap elementor-element-populated\">\n\t\t\t\t\t\t<div class=\"elementor-element elementor-element-e236e32 elementor-widget elementor-widget-image\" data-id=\"e236e32\" data-element_type=\"widget\" data-e-type=\"widget\" data-widget_type=\"image.default\">\n\t\t\t\t<div class=\"elementor-widget-container\">\n\t\t\t\t\t\t\t\t\t\t\t\t\t\t\t<img loading=\"lazy\" decoding=\"async\" width=\"225\" height=\"300\" src=\"https:\/\/www.sngenealogie.ch\/wp\/wp-content\/uploads\/bul-47-musee-de-lareuse-225x300.jpg\" class=\"attachment-medium size-medium wp-image-4990\" alt=\"\" srcset=\"https:\/\/www.sngenealogie.ch\/wp\/wp-content\/uploads\/bul-47-musee-de-lareuse-225x300.jpg 225w, https:\/\/www.sngenealogie.ch\/wp\/wp-content\/uploads\/bul-47-musee-de-lareuse.jpg 250w\" sizes=\"(max-width: 225px) 100vw, 225px\" \/>\t\t\t\t\t\t\t\t\t\t\t\t\t\t\t<\/div>\n\t\t\t\t<\/div>\n\t\t\t\t\t<\/div>\n\t\t<\/div>\n\t\t\t\t\t<\/div>\n\t\t<\/section>\n\t\t\t\t<section class=\"elementor-section elementor-inner-section elementor-element elementor-element-b3b26bb elementor-section-boxed elementor-section-height-default elementor-section-height-default\" data-id=\"b3b26bb\" data-element_type=\"section\" data-e-type=\"section\">\n\t\t\t\t\t\t<div class=\"elementor-container elementor-column-gap-default\">\n\t\t\t\t\t<div class=\"elementor-column elementor-col-66 elementor-inner-column elementor-element elementor-element-2442ffe\" data-id=\"2442ffe\" data-element_type=\"column\" data-e-type=\"column\">\n\t\t\t<div class=\"elementor-widget-wrap elementor-element-populated\">\n\t\t\t\t\t\t<div class=\"elementor-element elementor-element-41c2bfa elementor-widget elementor-widget-text-editor\" data-id=\"41c2bfa\" data-element_type=\"widget\" data-e-type=\"widget\" data-widget_type=\"text-editor.default\">\n\t\t\t\t<div class=\"elementor-widget-container\">\n\t\t\t\t\t\t\t\t\t<h4>16 juin 2012 &#8211; Visite de l&rsquo;Eglise du Bizot<\/h4><p>Eglise du Bizot \u00e0 quelques kilom\u00e8tres de Morteau<\/p><p>Visite guid\u00e9e par Jean-Fran\u00e7ois Chopard, historien de la r\u00e9gion<\/p><p>Repas en commun \u00e0 l&rsquo;Auberge du Russey<\/p><p>R\u00e9sum\u00e9 de la visite <a href=\"https:\/\/www.sngenealogie.ch\/wp\/bulletins\/bulletin-47\/visite-eglise-du-bizot\/\"><i class=\"fas fa-arrow-right\"><\/i><\/a><\/p>\t\t\t\t\t\t\t\t<\/div>\n\t\t\t\t<\/div>\n\t\t\t\t<div class=\"elementor-element elementor-element-8ae0b5d elementor-align-center elementor-widget__width-auto elementor-widget elementor-widget-button\" data-id=\"8ae0b5d\" data-element_type=\"widget\" data-e-type=\"widget\" data-widget_type=\"button.default\">\n\t\t\t\t<div class=\"elementor-widget-container\">\n\t\t\t\t\t\t\t\t\t<div class=\"elementor-button-wrapper\">\n\t\t\t\t\t<a class=\"elementor-button elementor-button-link elementor-size-sm\" href=\"http:\/\/www.le-musee.ch\/\" target=\"_blank\">\n\t\t\t\t\t\t<span class=\"elementor-button-content-wrapper\">\n\t\t\t\t\t\t<span class=\"elementor-button-icon\">\n\t\t\t\t<i aria-hidden=\"true\" class=\"fas fa-external-link-alt\"><\/i>\t\t\t<\/span>\n\t\t\t\t\t\t\t\t\t<span class=\"elementor-button-text\">Site du mus\u00e9e<\/span>\n\t\t\t\t\t<\/span>\n\t\t\t\t\t<\/a>\n\t\t\t\t<\/div>\n\t\t\t\t\t\t\t\t<\/div>\n\t\t\t\t<\/div>\n\t\t\t\t\t<\/div>\n\t\t<\/div>\n\t\t\t\t<div class=\"elementor-column elementor-col-33 elementor-inner-column elementor-element elementor-element-f4d12e7\" data-id=\"f4d12e7\" data-element_type=\"column\" data-e-type=\"column\">\n\t\t\t<div class=\"elementor-widget-wrap elementor-element-populated\">\n\t\t\t\t\t\t<div class=\"elementor-element elementor-element-3a61a68 elementor-widget elementor-widget-image\" data-id=\"3a61a68\" data-element_type=\"widget\" data-e-type=\"widget\" data-widget_type=\"image.default\">\n\t\t\t\t<div class=\"elementor-widget-container\">\n\t\t\t\t\t\t\t\t\t\t\t\t\t\t\t<img loading=\"lazy\" decoding=\"async\" width=\"300\" height=\"225\" src=\"https:\/\/www.sngenealogie.ch\/wp\/wp-content\/uploads\/2012-bizot-300x225.jpg\" class=\"attachment-medium size-medium wp-image-11921\" alt=\"\" srcset=\"https:\/\/www.sngenealogie.ch\/wp\/wp-content\/uploads\/2012-bizot-300x225.jpg 300w, https:\/\/www.sngenealogie.ch\/wp\/wp-content\/uploads\/2012-bizot-1024x768.jpg 1024w, https:\/\/www.sngenealogie.ch\/wp\/wp-content\/uploads\/2012-bizot-768x576.jpg 768w, https:\/\/www.sngenealogie.ch\/wp\/wp-content\/uploads\/2012-bizot-1536x1152.jpg 1536w, https:\/\/www.sngenealogie.ch\/wp\/wp-content\/uploads\/2012-bizot-2048x1536.jpg 2048w\" sizes=\"(max-width: 300px) 100vw, 300px\" \/>\t\t\t\t\t\t\t\t\t\t\t\t\t\t\t<\/div>\n\t\t\t\t<\/div>\n\t\t\t\t\t<\/div>\n\t\t<\/div>\n\t\t\t\t\t<\/div>\n\t\t<\/section>\n\t\t\t\t<div class=\"elementor-element elementor-element-6e7767d elementor-widget elementor-widget-text-editor\" data-id=\"6e7767d\" data-element_type=\"widget\" data-e-type=\"widget\" data-widget_type=\"text-editor.default\">\n\t\t\t\t<div class=\"elementor-widget-container\">\n\t\t\t\t\t\t\t\t\t<h3>2011<\/h3><p>22 octobre 2011 : Visite de la Borcarderie <a href=\"https:\/\/www.sngenealogie.ch\/wp\/bulletins\/bulletin-45\/visite-borcarderie-a-valangin\/\"><i class=\"fas fa-arrow-right\"><\/i><\/a><\/p><p>11 mai 2011 : Visite de la Maison Blanche Le Corbusier <a href=\"https:\/\/www.sngenealogie.ch\/wp\/bulletins\/bulletin-44\/maison-blanche-du-corbusier\/\" target=\"_blank\" rel=\"noopener\"><i class=\"fas fa-arrow-right\"><\/i><\/a><\/p><h3>2010<\/h3><p>23 octobre 2010 : Sortie \u00e0 Morteau, visite du Mus\u00e9e <a href=\"https:\/\/www.sngenealogie.ch\/wp\/bulletins\/bulletin-42\/musee-de-morteau\/\"><i class=\"fas fa-arrow-right\"><\/i><\/a><\/p><p>25 juin 2010 : Visite Mus\u00e9e de la Sagne<\/p><h3>2009<\/h3><p>24 octobre 2009 : Ch\u00e2teau de Penthes <a href=\"https:\/\/www.sngenealogie.ch\/wp\/bulletins\/bulletin-39\/sortie-24-octobre-2009\/\"><i class=\"fas fa-arrow-right\"><\/i><\/a><\/p><p>6 juin 2009 : Visite des Archives de Fribourg <a href=\"https:\/\/www.sngenealogie.ch\/wp\/bulletins\/bulletin-38\/sortie-6-juin-2009\/\"><i class=\"fas fa-arrow-right\"><\/i><\/a><\/p><h3>2008<\/h3><p>25 octobre 2008 : Sortie \u00e0 Grandval Moutier <a href=\"https:\/\/www.sngenealogie.ch\/wp\/bulletins\/bulletin-37\/sortie-25-octobre-2008\/\"><i class=\"fas fa-arrow-right\"><\/i><\/a><\/p><p>16 mai 2008 : Moulin de Bayerel <a href=\"https:\/\/www.sngenealogie.ch\/wp\/bulletins\/bulletin-35\/sortie-16-mai-2008\/\"><i class=\"fas fa-arrow-right\"><\/i><\/a><\/p><h3>2007<\/h3><p>6 octobre 2007 : Ch\u00e2teau de Belvoir <a href=\"https:\/\/www.sngenealogie.ch\/wp\/bulletins\/bulletin-33\/sortie-6-octobre-2007\/\"><i class=\"fas fa-arrow-right\"><\/i><\/a><\/p><p>21 mai 2007 : Mus\u00e9e du Col-des-Roches. Expo T. Combes<\/p><h3>2006<\/h3><p>3 septembre 2006 : Ferme Robert <a href=\"https:\/\/www.sngenealogie.ch\/wp\/bulletins\/bulletin-29\/sortie-3-septembre-2006\/\"><i class=\"fas fa-arrow-right\"><\/i><\/a><\/p><p>10 juin 2006 : Visite des Archives <a href=\"https:\/\/www.sngenealogie.ch\/wp\/bulletins\/bulletin-29\/sortie-10-juin-2006\/\"><i class=\"fas fa-arrow-right\"><\/i><\/a><\/p><p>Mus\u00e9e de la Pince \u00e0 Mont\u00e9cheroux<\/p><h3>2005<\/h3><p>15 octobre 2005 : Visite du Mus\u00e9e rural jurassien des Geneveys <a href=\"https:\/\/www.sngenealogie.ch\/wp\/bulletins\/bulletin-27\/sortie-15-octobre-2005\/\"><i class=\"fas fa-arrow-right\"><\/i><\/a><\/p><h3>2004<\/h3><p>19 juin 2004 : Couvet <a href=\"https:\/\/www.sngenealogie.ch\/wp\/bulletins\/bulletin-23\/sortie-19-juin-2004\/\"><i class=\"fas fa-arrow-right\"><\/i><\/a><\/p><p>22 mars 2004 : Sortie \u00e0 l&rsquo;office de l&rsquo;\u00e9tat civil du Locle <a href=\"https:\/\/www.sngenealogie.ch\/wp\/bulletins\/bulletin-23\/sortie-22-mars-2004\/\"><i class=\"fas fa-arrow-right\"><\/i><\/a><\/p><p>Sortie \u00e0 Develier Mus\u00e9e Chappuis<\/p>\t\t\t\t\t\t\t\t<\/div>\n\t\t\t\t<\/div>\n\t\t\t\t<section class=\"elementor-section elementor-inner-section elementor-element elementor-element-b0a91f0 elementor-section-boxed elementor-section-height-default elementor-section-height-default\" data-id=\"b0a91f0\" data-element_type=\"section\" data-e-type=\"section\">\n\t\t\t\t\t\t<div class=\"elementor-container elementor-column-gap-default\">\n\t\t\t\t\t<div class=\"elementor-column elementor-col-50 elementor-inner-column elementor-element elementor-element-538f018\" data-id=\"538f018\" data-element_type=\"column\" data-e-type=\"column\">\n\t\t\t<div class=\"elementor-widget-wrap\">\n\t\t\t\t\t\t\t<\/div>\n\t\t<\/div>\n\t\t\t\t<div class=\"elementor-column elementor-col-50 elementor-inner-column elementor-element elementor-element-dc082c7\" data-id=\"dc082c7\" data-element_type=\"column\" data-e-type=\"column\">\n\t\t\t<div class=\"elementor-widget-wrap\">\n\t\t\t\t\t\t\t<\/div>\n\t\t<\/div>\n\t\t\t\t\t<\/div>\n\t\t<\/section>\n\t\t\t\t\t<\/div>\n\t\t<\/div>\n\t\t\t\t\t<\/div>\n\t\t<\/section>\n\t\t\t\t<\/div>\n\t\t","protected":false},"excerpt":{"rendered":"<p>La SNG en balade Sorties de la soci\u00e9t\u00e9 Une sortie est l&rsquo;occasion de retrouver les membres de la soci\u00e9t\u00e9 pour [&hellip;]<\/p>\n","protected":false},"author":1,"featured_media":0,"parent":5133,"menu_order":0,"comment_status":"closed","ping_status":"closed","template":"","meta":{"site-sidebar-layout":"no-sidebar","site-content-layout":"page-builder","ast-site-content-layout":"default","site-content-style":"default","site-sidebar-style":"default","ast-global-header-display":"","ast-banner-title-visibility":"","ast-main-header-display":"","ast-hfb-above-header-display":"","ast-hfb-below-header-display":"","ast-hfb-mobile-header-display":"","site-post-title":"disabled","ast-breadcrumbs-content":"","ast-featured-img":"disabled","footer-sml-layout":"","ast-disable-related-posts":"","theme-transparent-header-meta":"default","adv-header-id-meta":"","stick-header-meta":"","header-above-stick-meta":"","header-main-stick-meta":"","header-below-stick-meta":"","astra-migrate-meta-layouts":"default","ast-page-background-enabled":"default","ast-page-background-meta":{"desktop":{"background-color":"","background-image":"","background-repeat":"repeat","background-position":"center center","background-size":"auto","background-attachment":"scroll","background-type":"","background-media":"","overlay-type":"","overlay-color":"","overlay-opacity":"","overlay-gradient":""},"tablet":{"background-color":"","background-image":"","background-repeat":"repeat","background-position":"center center","background-size":"auto","background-attachment":"scroll","background-type":"","background-media":"","overlay-type":"","overlay-color":"","overlay-opacity":"","overlay-gradient":""},"mobile":{"background-color":"","background-image":"","background-repeat":"repeat","background-position":"center center","background-size":"auto","background-attachment":"scroll","background-type":"","background-media":"","overlay-type":"","overlay-color":"","overlay-opacity":"","overlay-gradient":""}},"ast-content-background-meta":{"desktop":{"background-color":"var(--ast-global-color-5)","background-image":"","background-repeat":"repeat","background-position":"center center","background-size":"auto","background-attachment":"scroll","background-type":"","background-media":"","overlay-type":"","overlay-color":"","overlay-opacity":"","overlay-gradient":""},"tablet":{"background-color":"var(--ast-global-color-5)","background-image":"","background-repeat":"repeat","background-position":"center center","background-size":"auto","background-attachment":"scroll","background-type":"","background-media":"","overlay-type":"","overlay-color":"","overlay-opacity":"","overlay-gradient":""},"mobile":{"background-color":"var(--ast-global-color-5)","background-image":"","background-repeat":"repeat","background-position":"center center","background-size":"auto","background-attachment":"scroll","background-type":"","background-media":"","overlay-type":"","overlay-color":"","overlay-opacity":"","overlay-gradient":""}},"footnotes":""},"wf_page_folders":[89],"class_list":["post-11814","page","type-page","status-publish","hentry"],"_links":{"self":[{"href":"https:\/\/www.sngenealogie.ch\/wp\/wp-json\/wp\/v2\/pages\/11814","targetHints":{"allow":["GET"]}}],"collection":[{"href":"https:\/\/www.sngenealogie.ch\/wp\/wp-json\/wp\/v2\/pages"}],"about":[{"href":"https:\/\/www.sngenealogie.ch\/wp\/wp-json\/wp\/v2\/types\/page"}],"author":[{"embeddable":true,"href":"https:\/\/www.sngenealogie.ch\/wp\/wp-json\/wp\/v2\/users\/1"}],"replies":[{"embeddable":true,"href":"https:\/\/www.sngenealogie.ch\/wp\/wp-json\/wp\/v2\/comments?post=11814"}],"version-history":[{"count":50,"href":"https:\/\/www.sngenealogie.ch\/wp\/wp-json\/wp\/v2\/pages\/11814\/revisions"}],"predecessor-version":[{"id":13856,"href":"https:\/\/www.sngenealogie.ch\/wp\/wp-json\/wp\/v2\/pages\/11814\/revisions\/13856"}],"up":[{"embeddable":true,"href":"https:\/\/www.sngenealogie.ch\/wp\/wp-json\/wp\/v2\/pages\/5133"}],"wp:attachment":[{"href":"https:\/\/www.sngenealogie.ch\/wp\/wp-json\/wp\/v2\/media?parent=11814"}],"wp:term":[{"taxonomy":"wf_page_folders","embeddable":true,"href":"https:\/\/www.sngenealogie.ch\/wp\/wp-json\/wp\/v2\/wf_page_folders?post=11814"}],"curies":[{"name":"wp","href":"https:\/\/api.w.org\/{rel}","templated":true}]}}