{"id":12745,"date":"2023-02-04T10:46:34","date_gmt":"2023-02-04T09:46:34","guid":{"rendered":"https:\/\/www.sngenealogie.ch\/wp\/?page_id=12745"},"modified":"2023-02-04T11:24:03","modified_gmt":"2023-02-04T10:24:03","slug":"albert-juvet-emilie-languth","status":"publish","type":"page","link":"https:\/\/www.sngenealogie.ch\/wp\/bulletins\/bulletin-60\/albert-juvet-emilie-languth\/","title":{"rendered":"Albert Juvet, Emilie Languth"},"content":{"rendered":"\t\t<div data-elementor-type=\"wp-page\" data-elementor-id=\"12745\" class=\"elementor elementor-12745\">\n\t\t\t\t\t\t<section class=\"elementor-section elementor-top-section elementor-element elementor-element-6c184fb4 elementor-section-boxed elementor-section-height-default elementor-section-height-default\" data-id=\"6c184fb4\" data-element_type=\"section\" data-e-type=\"section\" data-settings=\"{&quot;background_background&quot;:&quot;gradient&quot;}\">\n\t\t\t\t\t\t<div class=\"elementor-container elementor-column-gap-no\">\n\t\t\t\t\t<div class=\"elementor-column elementor-col-100 elementor-top-column elementor-element elementor-element-3c4f2430\" data-id=\"3c4f2430\" data-element_type=\"column\" data-e-type=\"column\">\n\t\t\t<div class=\"elementor-widget-wrap elementor-element-populated\">\n\t\t\t\t\t\t<div class=\"elementor-element elementor-element-28a7be6c elementor-widget elementor-widget-heading\" data-id=\"28a7be6c\" data-element_type=\"widget\" data-e-type=\"widget\" data-widget_type=\"heading.default\">\n\t\t\t\t<div class=\"elementor-widget-container\">\n\t\t\t\t\t<h5 class=\"elementor-heading-title elementor-size-default\">Bulletin 60 \/ D\u00e9cembre 2019<\/h5>\t\t\t\t<\/div>\n\t\t\t\t<\/div>\n\t\t\t\t<div class=\"elementor-element elementor-element-64b397dc elementor-widget elementor-widget-heading\" data-id=\"64b397dc\" data-element_type=\"widget\" data-e-type=\"widget\" data-widget_type=\"heading.default\">\n\t\t\t\t<div class=\"elementor-widget-container\">\n\t\t\t\t\t<h2 class=\"elementor-heading-title elementor-size-default\">Albert JUVET, Emilie LANGUTH<br>\net leur beau-fr\u00e8re et fr\u00e8re au lourd pass\u00e9<\/h2>\t\t\t\t<\/div>\n\t\t\t\t<\/div>\n\t\t\t\t\t<\/div>\n\t\t<\/div>\n\t\t\t\t\t<\/div>\n\t\t<\/section>\n\t\t\t\t<section class=\"elementor-section elementor-top-section elementor-element elementor-element-187d1c15 elementor-section-boxed elementor-section-height-default elementor-section-height-default\" data-id=\"187d1c15\" data-element_type=\"section\" data-e-type=\"section\">\n\t\t\t\t\t\t<div class=\"elementor-container elementor-column-gap-default\">\n\t\t\t\t\t<div class=\"elementor-column elementor-col-100 elementor-top-column elementor-element elementor-element-6539d444\" data-id=\"6539d444\" data-element_type=\"column\" data-e-type=\"column\">\n\t\t\t<div class=\"elementor-widget-wrap elementor-element-populated\">\n\t\t\t\t\t\t<div class=\"elementor-element elementor-element-8457048 elementor-widget elementor-widget-heading\" data-id=\"8457048\" data-element_type=\"widget\" data-e-type=\"widget\" data-widget_type=\"heading.default\">\n\t\t\t\t<div class=\"elementor-widget-container\">\n\t\t\t\t\t<h4 class=\"elementor-heading-title elementor-size-default\">par Marie-Claude Pinguet<\/h4>\t\t\t\t<\/div>\n\t\t\t\t<\/div>\n\t\t\t\t<div class=\"elementor-element elementor-element-e7770b6 elementor-widget elementor-widget-spacer\" data-id=\"e7770b6\" data-element_type=\"widget\" data-e-type=\"widget\" data-widget_type=\"spacer.default\">\n\t\t\t\t<div class=\"elementor-widget-container\">\n\t\t\t\t\t\t\t<div class=\"elementor-spacer\">\n\t\t\t<div class=\"elementor-spacer-inner\"><\/div>\n\t\t<\/div>\n\t\t\t\t\t\t<\/div>\n\t\t\t\t<\/div>\n\t\t\t\t<div class=\"elementor-element elementor-element-4d49286 elementor-widget elementor-widget-text-editor\" data-id=\"4d49286\" data-element_type=\"widget\" data-e-type=\"widget\" data-widget_type=\"text-editor.default\">\n\t\t\t\t<div class=\"elementor-widget-container\">\n\t\t\t\t\t\t\t\t\t<p>Sans aller jusqu\u2019\u00e0 penser comme La Bruy\u00e8re que <em>\u201cTout homme descend \u00e0 la fois d&rsquo;un roi et d&rsquo;un pendu\u201d,<\/em> des destins peu ordinaires permettent de sortir du monde de ceux sur lesquels on sait bien peu de ce que furent r\u00e9ellement leurs vies.<\/p><p><strong>\u00a0<\/strong><\/p><h4>Albert JUVET et les siens<\/h4><p>Avant de venir travailler \u00e0 Besan\u00e7on, Albert JUVET tout comme son fr\u00e8re Louis <u>Henri<\/u> et leur s\u0153ur d\u00e9c\u00e9d\u00e9e \u00e0 un an \u00e9taient natifs de Fleurier mais originaires de Buttes, l\u00e0-m\u00eame o\u00f9 s\u2019\u00e9taient mari\u00e9s leurs parents, Louis Th\u00e9ophile et <a href=\"https:\/\/gw.geneanet.org\/kreism?lang=fr&amp;pz=etienne&amp;nz=barbezat&amp;ocz=3&amp;alwsurn=yes&amp;p=virginie+marianne+henriette&amp;n=berthoud+esaie\">Virginie Marianne Henriette BERTHOUD-ESA\u00cfE<\/a> en 1838. Les deux gar\u00e7ons ont 5 et 3 ans lorsque leur m\u00e8re meurt le 28 avril 1845. Le p\u00e8re se remarie avec <a href=\"https:\/\/gw.geneanet.org\/kreism?lang=fr&amp;pz=etienne&amp;nz=barbezat&amp;ocz=3&amp;p=marie+henriette&amp;n=juvet+chasseur\">Marie Henriette JUVET-CHASSEUR<\/a> le 6 mars 1847. Il n\u2019a que 32 ans lorsqu\u2019il d\u00e9c\u00e8de de phtisie pulmonaire le 25 ao\u00fbt suivant.<\/p><p>Nous ne savons rien de la situation des deux orphelins avant de rencontrer Albert \u00e0 Besan\u00e7on (Doubs). C\u2019est le 12 octobre 1868, au moment o\u00f9 il se reconna\u00eet p\u00e8re d\u2019un enfant, <u>Henri<\/u> Albert. Enfant qu\u2019il va l\u00e9gitimer en \u00e9pousant la m\u00e8re <strong>Marianne <u>Emilie<\/u> LAMGOUTT\/ LANGUTH<\/strong> deux ans plus tard le 21 ao\u00fbt 1870 alors qu\u2019elle s\u2019appr\u00eate \u00e0 donner naissance \u00e0 un second fils L\u00e9on le 2 septembre suivant. P\u00e8re et m\u00e8re sont horlogers. La famille s\u2019agrandit encore avec Ad\u00e8le le 23 juillet 1873, L\u00e9opold le\u00a03\u00a0f\u00e9vrier\u00a01875, Charles Edouard le\u00a013\u00a0mai\u00a01877 et Louise Agathe le\u00a020\u00a0juin\u00a01878. Tous n\u00e9s \u00e0 Besan\u00e7on. Pour la petite derni\u00e8re, t\u00e9moigne son oncle paternel Henri JUVET signant <em>H<sup>ri<\/sup> Juvet,<\/em> qu\u2019on dit aussi horloger demeurant \u00e0 Besan\u00e7on.<\/p><p>Apr\u00e8s 1878, on perd la trace de cette famille \u00e0 Besan\u00e7on. Ne voir aucun des gar\u00e7ons faire l\u2019objet d\u2019un recrutement annuel militaire dans le Doubs, laisse penser qu\u2019ils ont quitt\u00e9 la r\u00e9gion avant 1888.<\/p><p>C\u2019est le 2 mai 1893, qu\u2019on les retrouve \u00e0 la Chaux-de-Fonds quand <u>Henri<\/u> Albert, l\u2019a\u00een\u00e9 qui est remonteur, \u00e9pouse <u>Marie<\/u> Juliette von AESCH. Cinq ans plus tard, apr\u00e8s avoir divorc\u00e9, il se remarie avec sa belle-s\u0153ur <u>Laure<\/u> Fanny von AESCH. Il meurt le\u00a029\u00a0f\u00e9vrier\u00a01948 \u00e0 l\u2019\u00e2ge de 79\u00a0ans.<\/p><p>Mari\u00e9 <em>le\u00a07\u00a0f\u00e9vrier\u00a01896 \u00e0 La Chaux-de-Fonds avec Eug\u00e9nie <u>Suzanne<\/u> JACCOUD, L\u00e9on JUVET, second de la fratrie, n\u2019a que 33 ans lorsque la tuberculose l\u2019emporte le <\/em>13\u00a0janvier\u00a01904<em>. Il \u00e9tait <\/em>horloger repasseur.<\/p><p>C\u2019est le 11 mai 1900 que L\u00e9opold, horloger \u00e9galement, s\u2019unit \u00e0 Payerne (VD) avec Nancy MORATTEL. Lui aussi conna\u00eet, comme son fr\u00e8re L\u00e9on, un d\u00e9c\u00e8s pr\u00e9matur\u00e9 d\u00fb \u00e0 la tuberculose \u00e0 l\u2019\u00e2ge de 30 ans le\u00a022\u00a0mai\u00a01905 \u00e0 La Chaux-de-Fonds.<\/p><p>Louise Agathe a 89\u00a0ans lorsqu\u2019elle meurt \u00e0 Perreux le\u00a016\u00a0juin\u00a01968.<\/p><p>On ne sait pas ce que sont devenus Ad\u00e8le et Charles Edouard. En revanche, dans les descendances d\u2019Henri, L\u00e9on et L\u00e9opold, les g\u00e9n\u00e9rations suivantes t\u00e9moignent d\u2019une dispersion g\u00e9ographique largement hors du canton de Neuch\u00e2tel.<\/p><p>Albert JUVET s\u2019\u00e9tait \u00e9teint \u00e0 Perreux le\u00a022\u00a0janvier\u00a01927, \u00e0 l\u2019\u00e2ge de 84\u00a0ans. Son \u00e9pouse Emilie l\u2019avait pr\u00e9c\u00e9d\u00e9 le 19 avril 1909 \u00e0 La Chaux-de-Fonds, succombant \u00e0 une bronchite aig\u00fce.<\/p><p><strong>\u00a0<\/strong><\/p><h4>Marianne <u>Emilie<\/u> LANGUTH<\/h4><p>Si elle meurt sous le nom de LANGUTH, elle \u00e9tait n\u00e9e \u00e0 Beaucourt (Territoire-de-Belfort) le 21 novembre 1846 et s\u2019\u00e9tait mari\u00e9e sous celui de LAMGOUTT. Son p\u00e8re signait alors <em>Languth<\/em> comme son a\u00efeul Wilhelm LANGUTH qui, n\u00e9 \u00e0 Stuttgart (Allemagne), \u00e9tait venu au d\u00e9but du XIX<sup>e<\/sup> si\u00e8cle \u00e0 Beaucourt \u00e0 proximit\u00e9 de Montb\u00e9liard, apr\u00e8s avoir transit\u00e9 par Baden (AG) et Dietikon (ZH). Selon les capacit\u00e9s du scribe fran\u00e7ais du lieu de d\u00e9claration \u00e0 \u00e9crire les mots allemands, ce patronyme prend de multiples graphies. Lorsque l\u2019\u00e9criture germanique est connue par les scribes, les noms ont des formes comme<em> Languth, Langg\u00fctt, Lamg\u00fctt, Lanngutt<\/em>. Ceux des enfants n\u00e9s dans la localit\u00e9 voisine de Montbouton (Territoire-de-Belfort), comme ceux n\u00e9s \u00e0 L\u2019Isle-sur-le-Doubs (Doubs), voient leurs noms \u00e9crits en <em>Langout(t)e, Langouthe, Langouth<\/em>. Mais parfois la graphie change selon les actes. Sa r\u00e9gularisation ult\u00e9rieure interviendra en France lors de la cr\u00e9ation des livrets de famille en 1876.<\/p><p>Les parents d\u2019Emilie, Fran\u00e7ois LANGUTH et Victoire DUCH\u00caNE avaient rejoint Besan\u00e7on comme d\u2019autres fr\u00e8res et s\u0153ur, devenant horlogers ou horlog\u00e8res. Comme Emilie, Joseph Emile \u00e9tait n\u00e9 \u00e0 Beaucourt le 5 mai 1844, tandis que Julien Auguste avait vu le jour le 23 octobre 1848 \u00e0 L\u2019Isle-sur-le Doubs (Doubs) et Armand Auguste \u00e0 Besan\u00e7on.<\/p><p>A la mort de leur m\u00e8re le 28 avril 1861,\u00a0 Joseph Emile a 17 ans, Emilie 15 ans, Julien Auguste 13 ans. Armand Auguste n\u2019a que trois ans. Le p\u00e8re se remarie trois ans plus tard mais n\u2019aura pas d\u2019enfant de sa seconde \u00e9pouse. Julien Emile, horloger, deviendra fabricant d\u2019horlogerie, voyageur de commerce en horlogerie puis n\u00e9gociant. Julien Auguste, d\u2019horloger \u00e0 l\u2019occasion, sera marchand fripier, puis antiquaire.<\/p><p>Et puis, Armand Auguste\u2026<\/p><p><strong>\u00a0<\/strong><\/p><h4>Un fr\u00e8re au pass\u00e9 encombrant<\/h4><p>Armand Auguste LAMGUTH [1], n\u00e9 le 22 avril 1859 \u00e0 Besan\u00e7on, fr\u00e9quente l\u2019\u00e9cole, sait lire et \u00e9crire. Il fait un apprentissage de repasseur en horlogerie mais la surveillance parentale laisse beaucoup \u00e0 d\u00e9sirer. C\u2019est une forte t\u00eate, ses mauvaises fr\u00e9quentations, le fait que la seconde \u00e9pouse du p\u00e8re le d\u00e9teste\u00a0 font que les punitions vont s\u2019encha\u00eener et se multiplier au fil des ans.<\/p><p>D\u00e8s avant 14 ans, il commence \u00e0 faire parler de lui en soustrayant frau\u00adduleusement diff\u00e9rents objets\u00a0au pr\u00e9judice de plusieurs personnes. Le 24 janvier 1873, le Tribunal correctionnel de Besan\u00e7on, consid\u00e9rant qu\u2019il a agi sans discernement, l\u2019acquitte mais ordonne qu\u2019il soit envoy\u00e9 dans une maison de correction jusqu\u2019\u00e0 l\u2019\u00e2ge de 15 ans. Ce sera la maison de correction de Bellevaux \u00e0 Besan\u00e7on, puis la colonie p\u00e9nitentiaire de Citeaux (C\u00f4te-d\u2019Or). Correction inefficace puisque, d\u00e8s sa sortie, le 26 septembre 1874, il \u00e9cope de 15 jours de prison \u00e0 Besan\u00e7on pour avoir frauduleusement achet\u00e9 avec deux pi\u00e8ces gros\u00adsi\u00e8rement imit\u00e9es <em>des p\u00eaches<\/em> et <em>un \u00e9cheveau de fil<\/em> \u00e0 une \u00e9pici\u00e8re. En 1877, il exporte ses activit\u00e9s illicites hors du Doubs. Le 30 janvier 1877 \u00e0 D\u00f4le (Jura), un nouveau vol l\u2019envoie s\u00e9journer en prison pendant un mois [2]. Alors qu\u2019il est sans domicile fixe, le 16 mars 1877 \u00e0 M\u00e2con (Sa\u00f4ne-et-Loire) avec un complice, il<em> soustrait frau\u00adduleusement une bague en or<\/em> <em>\u00e0 un individu rest\u00e9 inconnu.<\/em> Le Tribunal correctionnel de la ville le condamne \u00e0 trois mois de prison le 26 mars suivant. Peine qu\u2019il accomplit \u00e0 la prison de Ch\u00e2lons-sur-Sa\u00f4ne (Sa\u00f4ne-et-Loire). Si certains jugements signal\u00e9s par la fiche de transportation n\u2019ont pas \u00e9t\u00e9 trouv\u00e9s, on sait que le condamn\u00e9 a \u00e9t\u00e9 transf\u00e9r\u00e9 en 1877 pendant un mois de la maison d\u2019arr\u00eat et de justice de Besan\u00e7on \u00e0 la Maison Centrale de Clairvaux (Aube).<\/p><p>Et cet habitu\u00e9 des ge\u00f4les n\u2019en reste pas l\u00e0. De retour \u00e0 Besan\u00e7on, il passe avec un coaccus\u00e9 en Cour d\u2019assises le 1<sup>er<\/sup> avril 1879 pour s\u2019\u00eatre rendu complice de diff\u00e9rents vols et recels d\u2019objets et sommes d\u2019argent. Les ant\u00e9c\u00e9dents d\u2019Armand LAMGUTH conduisent \u00e0 ce que les m\u00eames m\u00e9faits donnent \u00e0 son acolyte cinq ans de prison tandis que lui est condamn\u00e9 \u00e0 six ans de travaux forc\u00e9s et dix ans de surveillance.<\/p><p>Destination\u00a0: la Nouvelle Cal\u00e9donie o\u00f9 un bagne a \u00e9t\u00e9 institu\u00e9 depuis 1863.<\/p><p>Le 24 avril 1879 il est transf\u00e9r\u00e9 au d\u00e9p\u00f4t des travaux forc\u00e9s de La Rochelle (Charente-Maritime). Il embarque probablement au port de Saint-Martin-de-R\u00e9 (Charente-Maritime) sur le voilier <em>La Loire<\/em>, enferm\u00e9 dans une cage en fer avec quelques 80 autres hommes, pour un voyage qui va durer plus de 100 jours avant d\u2019arriver le 30 septembre 1879 \u00e0 la colonie p\u00e9nitentiaire et d\u2019\u00eatre dirig\u00e9 comme les autres condamn\u00e9s aux travaux forc\u00e9s\u00a0vers l\u2019\u00eele Nou face \u00e0 Noum\u00e9a.<\/p><p>Six ans passent\u2026en 1885, alors que lib\u00e9r\u00e9, il est astreint \u00e0 r\u00e9sider sur place, Armand LAMGUTH est une nouvelle fois condamn\u00e9 aux travaux forc\u00e9s par le Conseil de guerre de Noum\u00e9a, pour <em>outrages par paroles \u00e0 un surveillant militaire dans l\u2019exercice de ses fonctions<\/em>.\u00a0<\/p><p>Et les r\u00e9cidives et les condamnations vont sans rel\u00e2che se succ\u00e9der, parfois m\u00eame se juxtaposer tout au long de 50 ann\u00e9es d\u2019insoumission pass\u00e9es sur cette terre lointaine de grande punition.<\/p><p>La mort le lib\u00e8re le 13 avril 1930 \u00e0 Noum\u00e9a. Rest\u00e9 <em>c\u00e9libataire<\/em> on le dit toujours <em>horloger<\/em> <em>domicili\u00e9 \u00e0 Besan\u00e7on<\/em>. Cet incorrigible multir\u00e9cidiviste, que l\u2019accumulation des punitions n\u2019a nullement r\u00e9g\u00e9n\u00e9r\u00e9 avait alors 71 ans.<\/p><p>Armand LAMGUTH \u00e9tait un cousin germain de mon grand-p\u00e8re maternel Louis LANGOUTTE, n\u00e9 la m\u00eame ann\u00e9e que lui \u00e0 un mois d\u2019intervalle \u00e0 Besan\u00e7on.<\/p><p>Si les agissements de ce fr\u00e8re n\u2019ont pu \u00eatre ignor\u00e9s des membres de sa fratrie demeurant sur place au moment des faits et de son p\u00e8re qui ne meurt qu\u2019en 1881, on peut penser que l\u2019information de la famille se soit arr\u00eat\u00e9e au proc\u00e8s de Besan\u00e7on.<\/p><p>Qu\u2019est-ce qui pr\u00e9dispose dans une famille \u00e0 ce que l\u2019un des membres ne devienne celui <em>qui a mal tourn\u00e9<\/em> comme on le dit commun\u00e9ment ? Mais aussi celui qui, par sa destin\u00e9e hors du commun,\u00a0pr\u00e9sente bien des d\u00e9cennies plus tard un int\u00e9r\u00eat pour le chercheur qui cousine avec lui. Je comprends n\u00e9anmoins que ma curiosit\u00e9 intellectuelle puisse heurter mes lointains cousins JUVET qui pr\u00e9f\u00e9reraient peut-\u00eatre l\u2019ignorance \u00e0 la r\u00e9v\u00e9lation d\u2019un pass\u00e9 encombrant.<\/p><p style=\"text-align: right;\">Marie-Claude Pinguet<\/p><p>\u00a0<\/p><p>Merci \u00e0 Michel Kreis pour la mise en ligne de ses donn\u00e9es, pour sa disponibilit\u00e9 et ses conseils.<\/p><p>\u00a0<\/p><p><u>Sources<\/u> ; archives neuch\u00e2teloises\u00a0; archives d\u00e9partementales et municipales fran\u00ad\u00e7aises\u00a0; archives nationales d\u2019outre-mer (ANOM)\u00a0sur le site\u00a0:\u00a0<em><a href=\"http:\/\/anom.archivesnationales.culture.gouv.fr\/caomec2\/\" target=\"_blank\" rel=\"noopener\">anom.archivesnationales.culture.gouv<\/a>.<\/em><\/p><p>\u00a0<\/p><p style=\"text-align: left;\">\u00a0<\/p>\t\t\t\t\t\t\t\t<\/div>\n\t\t\t\t<\/div>\n\t\t\t\t\t<\/div>\n\t\t<\/div>\n\t\t\t\t\t<\/div>\n\t\t<\/section>\n\t\t\t\t<section class=\"elementor-section elementor-top-section elementor-element elementor-element-5430fda4 elementor-section-boxed elementor-section-height-default elementor-section-height-default\" data-id=\"5430fda4\" data-element_type=\"section\" data-e-type=\"section\">\n\t\t\t\t\t\t<div class=\"elementor-container elementor-column-gap-default\">\n\t\t\t\t\t<div class=\"elementor-column elementor-col-100 elementor-top-column elementor-element elementor-element-1d22fff0\" data-id=\"1d22fff0\" data-element_type=\"column\" data-e-type=\"column\">\n\t\t\t<div class=\"elementor-widget-wrap elementor-element-populated\">\n\t\t\t\t\t\t<div class=\"elementor-element elementor-element-361a9a98 elementor-widget elementor-widget-heading\" data-id=\"361a9a98\" data-element_type=\"widget\" data-e-type=\"widget\" data-widget_type=\"heading.default\">\n\t\t\t\t<div class=\"elementor-widget-container\">\n\t\t\t\t\t<h4 class=\"elementor-heading-title elementor-size-default\">Notes<\/h4>\t\t\t\t<\/div>\n\t\t\t\t<\/div>\n\t\t\t\t<div class=\"elementor-element elementor-element-ea57fa0 elementor-widget elementor-widget-text-editor\" data-id=\"ea57fa0\" data-element_type=\"widget\" data-e-type=\"widget\" data-widget_type=\"text-editor.default\">\n\t\t\t\t<div class=\"elementor-widget-container\">\n\t\t\t\t\t\t\t\t\t<ol><li>Nous gardons cette graphie qui est permanente dans tous les documents consult\u00e9s qui lui sont relatifs<\/li><li><p>L\u2019information issue de la fiche matricule de transportation n\u2019a pu \u00eatre compl\u00e9t\u00e9e en raison de lacunes dans les minutes de jugements correctionnels et les registres d\u2019\u00e9crou portant sur l\u2019ann\u00e9e 1877 aux archives fran\u00e7aises du Jura.<\/p><\/li><\/ol>\t\t\t\t\t\t\t\t<\/div>\n\t\t\t\t<\/div>\n\t\t\t\t\t<\/div>\n\t\t<\/div>\n\t\t\t\t\t<\/div>\n\t\t<\/section>\n\t\t\t\t<section class=\"elementor-section elementor-top-section elementor-element elementor-element-394a1564 elementor-section-boxed elementor-section-height-default elementor-section-height-default\" data-id=\"394a1564\" data-element_type=\"section\" data-e-type=\"section\">\n\t\t\t\t\t\t<div class=\"elementor-container elementor-column-gap-default\">\n\t\t\t\t\t<div class=\"elementor-column elementor-col-33 elementor-top-column elementor-element elementor-element-2e538c5c\" data-id=\"2e538c5c\" data-element_type=\"column\" data-e-type=\"column\">\n\t\t\t<div class=\"elementor-widget-wrap elementor-element-populated\">\n\t\t\t\t\t\t<div class=\"elementor-element elementor-element-824257a elementor-widget elementor-widget-button\" data-id=\"824257a\" data-element_type=\"widget\" data-e-type=\"widget\" data-widget_type=\"button.default\">\n\t\t\t\t<div class=\"elementor-widget-container\">\n\t\t\t\t\t\t\t\t\t<div class=\"elementor-button-wrapper\">\n\t\t\t\t\t<a class=\"elementor-button elementor-button-link elementor-size-sm\" href=\"https:\/\/www.sngenealogie.ch\/wp\/bulletins\/bulletin-60\/tableau-genealogique-mouchet\/\">\n\t\t\t\t\t\t<span class=\"elementor-button-content-wrapper\">\n\t\t\t\t\t\t<span class=\"elementor-button-icon\">\n\t\t\t\t<i aria-hidden=\"true\" class=\"fas fa-arrow-left\"><\/i>\t\t\t<\/span>\n\t\t\t\t\t\t\t\t\t<span class=\"elementor-button-text\">Article pr\u00e9c\u00e9dent<\/span>\n\t\t\t\t\t<\/span>\n\t\t\t\t\t<\/a>\n\t\t\t\t<\/div>\n\t\t\t\t\t\t\t\t<\/div>\n\t\t\t\t<\/div>\n\t\t\t\t\t<\/div>\n\t\t<\/div>\n\t\t\t\t<div class=\"elementor-column elementor-col-33 elementor-top-column elementor-element elementor-element-99cc7f\" data-id=\"99cc7f\" data-element_type=\"column\" data-e-type=\"column\">\n\t\t\t<div class=\"elementor-widget-wrap elementor-element-populated\">\n\t\t\t\t\t\t<div class=\"elementor-element elementor-element-7414bc44 elementor-align-center elementor-widget elementor-widget-button\" data-id=\"7414bc44\" data-element_type=\"widget\" data-e-type=\"widget\" data-widget_type=\"button.default\">\n\t\t\t\t<div class=\"elementor-widget-container\">\n\t\t\t\t\t\t\t\t\t<div class=\"elementor-button-wrapper\">\n\t\t\t\t\t<a class=\"elementor-button elementor-button-link elementor-size-sm\" href=\"https:\/\/www.sngenealogie.ch\/wp\/bulletins\/bulletin-60\/\">\n\t\t\t\t\t\t<span class=\"elementor-button-content-wrapper\">\n\t\t\t\t\t\t<span class=\"elementor-button-icon\">\n\t\t\t\t<i aria-hidden=\"true\" class=\"fas fa-arrow-up\"><\/i>\t\t\t<\/span>\n\t\t\t\t\t\t\t\t\t<span class=\"elementor-button-text\">Bulletin 60<\/span>\n\t\t\t\t\t<\/span>\n\t\t\t\t\t<\/a>\n\t\t\t\t<\/div>\n\t\t\t\t\t\t\t\t<\/div>\n\t\t\t\t<\/div>\n\t\t\t\t\t<\/div>\n\t\t<\/div>\n\t\t\t\t<div class=\"elementor-column elementor-col-33 elementor-top-column elementor-element elementor-element-35e0edd6\" data-id=\"35e0edd6\" data-element_type=\"column\" data-e-type=\"column\">\n\t\t\t<div class=\"elementor-widget-wrap elementor-element-populated\">\n\t\t\t\t\t\t<div class=\"elementor-element elementor-element-4febe7b0 elementor-align-right elementor-widget elementor-widget-button\" data-id=\"4febe7b0\" data-element_type=\"widget\" data-e-type=\"widget\" data-widget_type=\"button.default\">\n\t\t\t\t<div class=\"elementor-widget-container\">\n\t\t\t\t\t\t\t\t\t<div class=\"elementor-button-wrapper\">\n\t\t\t\t\t<a class=\"elementor-button elementor-button-link elementor-size-sm\" href=\"https:\/\/www.sngenealogie.ch\/wp\/bulletins\/bulletin-60\/huguenin-dumittan-aux-etats-unis\/\">\n\t\t\t\t\t\t<span class=\"elementor-button-content-wrapper\">\n\t\t\t\t\t\t<span class=\"elementor-button-icon\">\n\t\t\t\t<i aria-hidden=\"true\" class=\"fas fa-arrow-right\"><\/i>\t\t\t<\/span>\n\t\t\t\t\t\t\t\t\t<span class=\"elementor-button-text\">Article suivant<\/span>\n\t\t\t\t\t<\/span>\n\t\t\t\t\t<\/a>\n\t\t\t\t<\/div>\n\t\t\t\t\t\t\t\t<\/div>\n\t\t\t\t<\/div>\n\t\t\t\t\t<\/div>\n\t\t<\/div>\n\t\t\t\t\t<\/div>\n\t\t<\/section>\n\t\t\t\t<\/div>\n\t\t","protected":false},"excerpt":{"rendered":"<p>Bulletin 60 \/ D\u00e9cembre 2019 Albert JUVET, Emilie LANGUTH et leur beau-fr\u00e8re et fr\u00e8re au lourd pass\u00e9 par Marie-Claude Pinguet [&hellip;]<\/p>\n","protected":false},"author":1,"featured_media":0,"parent":2381,"menu_order":0,"comment_status":"closed","ping_status":"closed","template":"","meta":{"site-sidebar-layout":"no-sidebar","site-content-layout":"page-builder","ast-site-content-layout":"default","site-content-style":"default","site-sidebar-style":"default","ast-global-header-display":"","ast-banner-title-visibility":"","ast-main-header-display":"","ast-hfb-above-header-display":"","ast-hfb-below-header-display":"","ast-hfb-mobile-header-display":"","site-post-title":"disabled","ast-breadcrumbs-content":"","ast-featured-img":"disabled","footer-sml-layout":"","ast-disable-related-posts":"","theme-transparent-header-meta":"default","adv-header-id-meta":"","stick-header-meta":"","header-above-stick-meta":"","header-main-stick-meta":"","header-below-stick-meta":"","astra-migrate-meta-layouts":"default","ast-page-background-enabled":"default","ast-page-background-meta":{"desktop":{"background-color":"","background-image":"","background-repeat":"repeat","background-position":"center center","background-size":"auto","background-attachment":"scroll","background-type":"","background-media":"","overlay-type":"","overlay-color":"","overlay-opacity":"","overlay-gradient":""},"tablet":{"background-color":"","background-image":"","background-repeat":"repeat","background-position":"center center","background-size":"auto","background-attachment":"scroll","background-type":"","background-media":"","overlay-type":"","overlay-color":"","overlay-opacity":"","overlay-gradient":""},"mobile":{"background-color":"","background-image":"","background-repeat":"repeat","background-position":"center center","background-size":"auto","background-attachment":"scroll","background-type":"","background-media":"","overlay-type":"","overlay-color":"","overlay-opacity":"","overlay-gradient":""}},"ast-content-background-meta":{"desktop":{"background-color":"var(--ast-global-color-5)","background-image":"","background-repeat":"repeat","background-position":"center center","background-size":"auto","background-attachment":"scroll","background-type":"","background-media":"","overlay-type":"","overlay-color":"","overlay-opacity":"","overlay-gradient":""},"tablet":{"background-color":"var(--ast-global-color-5)","background-image":"","background-repeat":"repeat","background-position":"center center","background-size":"auto","background-attachment":"scroll","background-type":"","background-media":"","overlay-type":"","overlay-color":"","overlay-opacity":"","overlay-gradient":""},"mobile":{"background-color":"var(--ast-global-color-5)","background-image":"","background-repeat":"repeat","background-position":"center center","background-size":"auto","background-attachment":"scroll","background-type":"","background-media":"","overlay-type":"","overlay-color":"","overlay-opacity":"","overlay-gradient":""}},"footnotes":""},"wf_page_folders":[82],"class_list":["post-12745","page","type-page","status-publish","hentry"],"_links":{"self":[{"href":"https:\/\/www.sngenealogie.ch\/wp\/wp-json\/wp\/v2\/pages\/12745","targetHints":{"allow":["GET"]}}],"collection":[{"href":"https:\/\/www.sngenealogie.ch\/wp\/wp-json\/wp\/v2\/pages"}],"about":[{"href":"https:\/\/www.sngenealogie.ch\/wp\/wp-json\/wp\/v2\/types\/page"}],"author":[{"embeddable":true,"href":"https:\/\/www.sngenealogie.ch\/wp\/wp-json\/wp\/v2\/users\/1"}],"replies":[{"embeddable":true,"href":"https:\/\/www.sngenealogie.ch\/wp\/wp-json\/wp\/v2\/comments?post=12745"}],"version-history":[{"count":10,"href":"https:\/\/www.sngenealogie.ch\/wp\/wp-json\/wp\/v2\/pages\/12745\/revisions"}],"predecessor-version":[{"id":12767,"href":"https:\/\/www.sngenealogie.ch\/wp\/wp-json\/wp\/v2\/pages\/12745\/revisions\/12767"}],"up":[{"embeddable":true,"href":"https:\/\/www.sngenealogie.ch\/wp\/wp-json\/wp\/v2\/pages\/2381"}],"wp:attachment":[{"href":"https:\/\/www.sngenealogie.ch\/wp\/wp-json\/wp\/v2\/media?parent=12745"}],"wp:term":[{"taxonomy":"wf_page_folders","embeddable":true,"href":"https:\/\/www.sngenealogie.ch\/wp\/wp-json\/wp\/v2\/wf_page_folders?post=12745"}],"curies":[{"name":"wp","href":"https:\/\/api.w.org\/{rel}","templated":true}]}}