{"id":2953,"date":"2021-04-18T14:28:49","date_gmt":"2021-04-18T12:28:49","guid":{"rendered":"https:\/\/www.sngenealogie.ch\/wp\/?page_id=2953"},"modified":"2021-05-24T16:15:23","modified_gmt":"2021-05-24T14:15:23","slug":"reunion-des-junod-lignieres","status":"publish","type":"page","link":"https:\/\/www.sngenealogie.ch\/wp\/bulletins\/bulletin-1\/reunion-des-junod-lignieres\/","title":{"rendered":"R\u00e9union des Junod Ligni\u00e8res"},"content":{"rendered":"\t\t<div data-elementor-type=\"wp-page\" data-elementor-id=\"2953\" class=\"elementor elementor-2953\">\n\t\t\t\t\t\t<section class=\"elementor-section elementor-top-section elementor-element elementor-element-6ced42d5 elementor-section-boxed elementor-section-height-default elementor-section-height-default\" data-id=\"6ced42d5\" data-element_type=\"section\" data-e-type=\"section\" data-settings=\"{&quot;background_background&quot;:&quot;gradient&quot;}\">\n\t\t\t\t\t\t<div class=\"elementor-container elementor-column-gap-no\">\n\t\t\t\t\t<div class=\"elementor-column elementor-col-100 elementor-top-column elementor-element elementor-element-1cbdeeda\" data-id=\"1cbdeeda\" data-element_type=\"column\" data-e-type=\"column\">\n\t\t\t<div class=\"elementor-widget-wrap elementor-element-populated\">\n\t\t\t\t\t\t<div class=\"elementor-element elementor-element-633b50bb elementor-widget elementor-widget-heading\" data-id=\"633b50bb\" data-element_type=\"widget\" data-e-type=\"widget\" data-widget_type=\"heading.default\">\n\t\t\t\t<div class=\"elementor-widget-container\">\n\t\t\t\t\t<h5 class=\"elementor-heading-title elementor-size-default\">Bulletin 1 \/ 1995<\/h5>\t\t\t\t<\/div>\n\t\t\t\t<\/div>\n\t\t\t\t<div class=\"elementor-element elementor-element-3abcde6c elementor-widget elementor-widget-heading\" data-id=\"3abcde6c\" data-element_type=\"widget\" data-e-type=\"widget\" data-widget_type=\"heading.default\">\n\t\t\t\t<div class=\"elementor-widget-container\">\n\t\t\t\t\t<h1 class=\"elementor-heading-title elementor-size-default\">R\u00e9union des Junod<\/h1>\t\t\t\t<\/div>\n\t\t\t\t<\/div>\n\t\t\t\t\t<\/div>\n\t\t<\/div>\n\t\t\t\t\t<\/div>\n\t\t<\/section>\n\t\t\t\t<section class=\"elementor-section elementor-top-section elementor-element elementor-element-5ce1690d elementor-section-boxed elementor-section-height-default elementor-section-height-default\" data-id=\"5ce1690d\" data-element_type=\"section\" data-e-type=\"section\">\n\t\t\t\t\t\t<div class=\"elementor-container elementor-column-gap-default\">\n\t\t\t\t\t<div class=\"elementor-column elementor-col-100 elementor-top-column elementor-element elementor-element-31671ae6\" data-id=\"31671ae6\" data-element_type=\"column\" data-e-type=\"column\">\n\t\t\t<div class=\"elementor-widget-wrap elementor-element-populated\">\n\t\t\t\t\t\t<div class=\"elementor-element elementor-element-e124058 elementor-widget elementor-widget-heading\" data-id=\"e124058\" data-element_type=\"widget\" data-e-type=\"widget\" data-widget_type=\"heading.default\">\n\t\t\t\t<div class=\"elementor-widget-container\">\n\t\t\t\t\t<h2 class=\"elementor-heading-title elementor-size-default\">R\u00e9union des Junod de et \u00e0 Ligni\u00e8res, le 30 septembre 1995<\/h2>\t\t\t\t<\/div>\n\t\t\t\t<\/div>\n\t\t\t\t<div class=\"elementor-element elementor-element-7113c51 elementor-widget elementor-widget-text-editor\" data-id=\"7113c51\" data-element_type=\"widget\" data-e-type=\"widget\" data-widget_type=\"text-editor.default\">\n\t\t\t\t<div class=\"elementor-widget-container\">\n\t\t\t\t\t\t\t\t\t<p>Le 30 septembre dernier, une centaine de descendants de Girard Junod (d\u00e9c\u00e9d\u00e9 avant 1600) se sont donn\u00e9s rendez-vous \u00e0 l&rsquo;occasion de la premi\u00e8re rencontre des familles Junod originaires de Ligni\u00e8res.<\/p><p>Venus en majeure partie de Suisse Romande, certains n&rsquo;ont pas h\u00e9sit\u00e9 \u00e0 parcourir un long chemin, venant de Strasbourg et du Tessin.<\/p><p>L&rsquo;accueil d\u00e9butait d\u00e8s 9h00 \u00e0 la buvette du F.C. de Ligni\u00e8res, avec caf\u00e9 croissant et jus d&rsquo;orange servis aux participants. Une enveloppe leur \u00e9tait remise, contenant une plaquette souvenir, badges et divers autres documents.<\/p><p>La salle \u00e9tait d\u00e9cor\u00e9e de plusieurs arbres g\u00e9n\u00e9alogiques (dont certains atteignaient 8m50 de longueur), divis\u00e9s en 3 branches distinctes, de couleur diff\u00e9rentes.<\/p><p>Les badges des participants \u00e9taient \u00e9galement de couleur, selon leur appartenance \u00e0 l&rsquo;une ou l&rsquo;autre de ces 3 lign\u00e9es, Cette diff\u00e9rentiation leur permettait \u00e9galement de reconna\u00eetre certains de leurs cousins plus proches que d&rsquo;autres.<\/p><p>Une deuxi\u00e8me section de l&rsquo;exposition \u00e9tait consacr\u00e9e \u00e0 l&rsquo;\u00e9migration, la troisi\u00e8me au village de Ligni\u00e8res.<\/p><p>Le tout \u00e9tait compl\u00e9t\u00e9 par une vari\u00e9t\u00e9 de documents, livres et autres objets, permettant \u00e0 chacun une vue assez compl\u00e8te des travaux r\u00e9alis\u00e9s \u00e0 ce jour sur la g\u00e9n\u00e9alogie de la famille ainsi que l&rsquo;histoire du village de Ligni\u00e8res.<\/p><p>La partie officielle d\u00e9buta \u00e0 10h00 par un discours de l&rsquo;organisateur, Nicolas A. Junod, r\u00e9sumant ses recherches g\u00e9n\u00e9alogiques, d\u00e9but\u00e9es en 1993 et repr\u00e9sentant, \u00e0 ce jour, pr\u00e8s de 3000 personnes, toutes li\u00e9es , dont plus de 400 vivent et habitent en Suisse, 200 aux USA. D&rsquo;autres familles en Argentine, Ukraine et France restent \u00e0 d\u00e9couvrir.<\/p><p>Le discours se poursuivit par les recherches entreprises en parall\u00e8le sur l&rsquo;histoire du village de Ligni\u00e8res et repr\u00e9sentant, \u00e0 ce jour, plusieurs centaines de pages, de 1178 \u00e0 nos jours.<\/p><p>II fut relev\u00e9 l&rsquo;extr\u00eame gentillesse et int\u00e9r\u00eat de l&rsquo;officier d&rsquo;\u00e9tat civil de Ligni\u00e8res, Monsieur M.-A. Descombes, et son \u00e9pouse, qui ont consacr\u00e9s plusieurs journ\u00e9es de travail &#8211; b\u00e9n\u00e9vole &#8211; \u00e0 la famille Junod.<\/p><p>Pr\u00e9sents en qualit\u00e9 d&rsquo;invit\u00e9s d&rsquo;honneur, M. et Mme Descombes furent chaleureusement applaudis et se virent remettre une belle corbeille, en signe de reconnaissance de la famille Junod.<\/p><p>Apr\u00e8s une s\u00e9ance de photos de famille, Monsieur Guy Humbert-Droz, Pr\u00e9sident de la commune de Ligni\u00e8res, adressa au nom des autorit\u00e9s quelques mots de bienvenue, avant d&rsquo;offrir le Vin d&rsquo;honneur.<\/p><p>Un repas pris au centre de la Gouverni\u00e8re, une fl\u00e2nerie \u00e0 travers les rues du village, d\u00e9cor\u00e9es et anim\u00e9es \u00e0 l&rsquo;occasion de la d\u00e9salpe, le cort\u00e8ge de la d\u00e9salpe: l&rsquo;apr\u00e8s-midi de d\u00e9tente se terminait vers 17h30 au local de r\u00e9union o\u00f9 plusieurs personnes \u00e9taient revenues pour consulter plus en d\u00e9tail les divers documents pr\u00e9sent\u00e9s.<\/p><p>Pour ces prochaines ann\u00e9es, divers projets seront lanc\u00e9s, dont la cr\u00e9ation de la Phratrie des familles Junod de Ligni\u00e8res (en 1996).<\/p><p>Les recherches se poursuivront, dans l&rsquo;espoir de voir d&rsquo;ici l&rsquo;an 2000 la publication de plusieurs ouvrages, consacr\u00e9s \u00e0 la famille et son village d&rsquo;origine.<\/p><p>La 2\u00e8me r\u00e9union est agend\u00e9e pour la d\u00e9salpe de l&rsquo;an 2000 (la 25\u00e8me du nom), et sera ouverte aux Junod de Lign\u00e8res du monde entier.<\/p><p>Nicolas A. Junod<\/p>\t\t\t\t\t\t\t\t<\/div>\n\t\t\t\t<\/div>\n\t\t\t\t\t<\/div>\n\t\t<\/div>\n\t\t\t\t\t<\/div>\n\t\t<\/section>\n\t\t\t\t<section class=\"elementor-section elementor-top-section elementor-element elementor-element-2cdd83c elementor-section-boxed elementor-section-height-default elementor-section-height-default\" data-id=\"2cdd83c\" data-element_type=\"section\" data-e-type=\"section\">\n\t\t\t\t\t\t<div class=\"elementor-container elementor-column-gap-default\">\n\t\t\t\t\t<div class=\"elementor-column elementor-col-100 elementor-top-column elementor-element elementor-element-70dc31ae\" data-id=\"70dc31ae\" data-element_type=\"column\" data-e-type=\"column\">\n\t\t\t<div class=\"elementor-widget-wrap elementor-element-populated\">\n\t\t\t\t\t\t<div class=\"elementor-element elementor-element-89b21b4 content-align-cta-default elementor-widget elementor-widget-eael-cta-box\" data-id=\"89b21b4\" data-element_type=\"widget\" data-e-type=\"widget\" data-widget_type=\"eael-cta-box.default\">\n\t\t\t\t<div class=\"elementor-widget-container\">\n\t\t\t\t\t\t\t<div class=\"eael-call-to-action cta-basic bg-lite cta-preset-1\">\n        <h2 class=\"title eael-cta-heading\">Int\u00e9ress\u00e9 par la famille Junod ?<\/h2><p>N'h\u00e9sitez pas \u00e0 visiter le site de Nicolas Junod consacr\u00e9 \u00e0 la g\u00e9n\u00e9alogie et l'histoire des Junod de Ligni\u00e8res<\/p><a href=\"https:\/\/www.junod.ch\/fr\/\" class=\"cta-button cta-preset-1  \">Voir le site<\/a>\t<\/div>\n\t\t\t\t\t\t\t\t<\/div>\n\t\t\t\t<\/div>\n\t\t\t\t\t<\/div>\n\t\t<\/div>\n\t\t\t\t\t<\/div>\n\t\t<\/section>\n\t\t\t\t<section class=\"elementor-section elementor-top-section elementor-element elementor-element-836850e elementor-section-boxed elementor-section-height-default elementor-section-height-default\" data-id=\"836850e\" data-element_type=\"section\" data-e-type=\"section\">\n\t\t\t\t\t\t<div class=\"elementor-container elementor-column-gap-default\">\n\t\t\t\t\t<div class=\"elementor-column elementor-col-33 elementor-top-column elementor-element elementor-element-a74f1a9\" data-id=\"a74f1a9\" data-element_type=\"column\" data-e-type=\"column\">\n\t\t\t<div class=\"elementor-widget-wrap elementor-element-populated\">\n\t\t\t\t\t\t<div class=\"elementor-element elementor-element-9704f5e elementor-widget elementor-widget-button\" data-id=\"9704f5e\" data-element_type=\"widget\" data-e-type=\"widget\" data-widget_type=\"button.default\">\n\t\t\t\t<div class=\"elementor-widget-container\">\n\t\t\t\t\t\t\t\t\t<div class=\"elementor-button-wrapper\">\n\t\t\t\t\t<a class=\"elementor-button elementor-button-link elementor-size-sm\" href=\"https:\/\/www.sngenealogie.ch\/wp\/bulletins\/bulletin-1\/fritz-ramseyer-missionnaire\/\">\n\t\t\t\t\t\t<span class=\"elementor-button-content-wrapper\">\n\t\t\t\t\t\t<span class=\"elementor-button-icon\">\n\t\t\t\t<i aria-hidden=\"true\" class=\"fas fa-arrow-left\"><\/i>\t\t\t<\/span>\n\t\t\t\t\t\t\t\t\t<span class=\"elementor-button-text\">Article pr\u00e9c\u00e9dent<\/span>\n\t\t\t\t\t<\/span>\n\t\t\t\t\t<\/a>\n\t\t\t\t<\/div>\n\t\t\t\t\t\t\t\t<\/div>\n\t\t\t\t<\/div>\n\t\t\t\t\t<\/div>\n\t\t<\/div>\n\t\t\t\t<div class=\"elementor-column elementor-col-33 elementor-top-column elementor-element elementor-element-3d5de43\" data-id=\"3d5de43\" data-element_type=\"column\" data-e-type=\"column\">\n\t\t\t<div class=\"elementor-widget-wrap elementor-element-populated\">\n\t\t\t\t\t\t<div class=\"elementor-element elementor-element-3d8105e elementor-align-center elementor-widget elementor-widget-button\" data-id=\"3d8105e\" data-element_type=\"widget\" data-e-type=\"widget\" data-widget_type=\"button.default\">\n\t\t\t\t<div class=\"elementor-widget-container\">\n\t\t\t\t\t\t\t\t\t<div class=\"elementor-button-wrapper\">\n\t\t\t\t\t<a class=\"elementor-button elementor-button-link elementor-size-sm\" href=\"https:\/\/www.sngenealogie.ch\/wp\/bulletins\/bulletin-1\/\">\n\t\t\t\t\t\t<span class=\"elementor-button-content-wrapper\">\n\t\t\t\t\t\t<span class=\"elementor-button-icon\">\n\t\t\t\t<i aria-hidden=\"true\" class=\"fas fa-arrow-up\"><\/i>\t\t\t<\/span>\n\t\t\t\t\t\t\t\t\t<span class=\"elementor-button-text\">Bulletin 1<\/span>\n\t\t\t\t\t<\/span>\n\t\t\t\t\t<\/a>\n\t\t\t\t<\/div>\n\t\t\t\t\t\t\t\t<\/div>\n\t\t\t\t<\/div>\n\t\t\t\t\t<\/div>\n\t\t<\/div>\n\t\t\t\t<div class=\"elementor-column elementor-col-33 elementor-top-column elementor-element elementor-element-59ec958\" data-id=\"59ec958\" data-element_type=\"column\" data-e-type=\"column\">\n\t\t\t<div class=\"elementor-widget-wrap\">\n\t\t\t\t\t\t\t<\/div>\n\t\t<\/div>\n\t\t\t\t\t<\/div>\n\t\t<\/section>\n\t\t\t\t<\/div>\n\t\t","protected":false},"excerpt":{"rendered":"<p>Bulletin 1 \/ 1995 R\u00e9union des Junod R\u00e9union des Junod de et \u00e0 Ligni\u00e8res, le 30 septembre 1995 Le 30 [&hellip;]<\/p>\n","protected":false},"author":1,"featured_media":0,"parent":2898,"menu_order":0,"comment_status":"closed","ping_status":"closed","template":"","meta":{"site-sidebar-layout":"no-sidebar","site-content-layout":"page-builder","ast-site-content-layout":"default","site-content-style":"default","site-sidebar-style":"default","ast-global-header-display":"","ast-banner-title-visibility":"","ast-main-header-display":"","ast-hfb-above-header-display":"","ast-hfb-below-header-display":"","ast-hfb-mobile-header-display":"","site-post-title":"disabled","ast-breadcrumbs-content":"","ast-featured-img":"disabled","footer-sml-layout":"","ast-disable-related-posts":"","theme-transparent-header-meta":"default","adv-header-id-meta":"","stick-header-meta":"","header-above-stick-meta":"","header-main-stick-meta":"","header-below-stick-meta":"","astra-migrate-meta-layouts":"default","ast-page-background-enabled":"default","ast-page-background-meta":{"desktop":{"background-color":"","background-image":"","background-repeat":"repeat","background-position":"center center","background-size":"auto","background-attachment":"scroll","background-type":"","background-media":"","overlay-type":"","overlay-color":"","overlay-opacity":"","overlay-gradient":""},"tablet":{"background-color":"","background-image":"","background-repeat":"repeat","background-position":"center center","background-size":"auto","background-attachment":"scroll","background-type":"","background-media":"","overlay-type":"","overlay-color":"","overlay-opacity":"","overlay-gradient":""},"mobile":{"background-color":"","background-image":"","background-repeat":"repeat","background-position":"center center","background-size":"auto","background-attachment":"scroll","background-type":"","background-media":"","overlay-type":"","overlay-color":"","overlay-opacity":"","overlay-gradient":""}},"ast-content-background-meta":{"desktop":{"background-color":"var(--ast-global-color-5)","background-image":"","background-repeat":"repeat","background-position":"center center","background-size":"auto","background-attachment":"scroll","background-type":"","background-media":"","overlay-type":"","overlay-color":"","overlay-opacity":"","overlay-gradient":""},"tablet":{"background-color":"var(--ast-global-color-5)","background-image":"","background-repeat":"repeat","background-position":"center center","background-size":"auto","background-attachment":"scroll","background-type":"","background-media":"","overlay-type":"","overlay-color":"","overlay-opacity":"","overlay-gradient":""},"mobile":{"background-color":"var(--ast-global-color-5)","background-image":"","background-repeat":"repeat","background-position":"center center","background-size":"auto","background-attachment":"scroll","background-type":"","background-media":"","overlay-type":"","overlay-color":"","overlay-opacity":"","overlay-gradient":""}},"footnotes":""},"wf_page_folders":[72],"class_list":["post-2953","page","type-page","status-publish","hentry"],"_links":{"self":[{"href":"https:\/\/www.sngenealogie.ch\/wp\/wp-json\/wp\/v2\/pages\/2953","targetHints":{"allow":["GET"]}}],"collection":[{"href":"https:\/\/www.sngenealogie.ch\/wp\/wp-json\/wp\/v2\/pages"}],"about":[{"href":"https:\/\/www.sngenealogie.ch\/wp\/wp-json\/wp\/v2\/types\/page"}],"author":[{"embeddable":true,"href":"https:\/\/www.sngenealogie.ch\/wp\/wp-json\/wp\/v2\/users\/1"}],"replies":[{"embeddable":true,"href":"https:\/\/www.sngenealogie.ch\/wp\/wp-json\/wp\/v2\/comments?post=2953"}],"version-history":[{"count":8,"href":"https:\/\/www.sngenealogie.ch\/wp\/wp-json\/wp\/v2\/pages\/2953\/revisions"}],"predecessor-version":[{"id":2974,"href":"https:\/\/www.sngenealogie.ch\/wp\/wp-json\/wp\/v2\/pages\/2953\/revisions\/2974"}],"up":[{"embeddable":true,"href":"https:\/\/www.sngenealogie.ch\/wp\/wp-json\/wp\/v2\/pages\/2898"}],"wp:attachment":[{"href":"https:\/\/www.sngenealogie.ch\/wp\/wp-json\/wp\/v2\/media?parent=2953"}],"wp:term":[{"taxonomy":"wf_page_folders","embeddable":true,"href":"https:\/\/www.sngenealogie.ch\/wp\/wp-json\/wp\/v2\/wf_page_folders?post=2953"}],"curies":[{"name":"wp","href":"https:\/\/api.w.org\/{rel}","templated":true}]}}