{"id":3485,"date":"2021-04-27T19:35:42","date_gmt":"2021-04-27T17:35:42","guid":{"rendered":"https:\/\/www.sngenealogie.ch\/wp\/?page_id=3485"},"modified":"2021-05-27T20:42:37","modified_gmt":"2021-05-27T18:42:37","slug":"famille-bille-errata","status":"publish","type":"page","link":"https:\/\/www.sngenealogie.ch\/wp\/bulletins\/bulletin-8-9\/famille-bille-errata\/","title":{"rendered":"Famille Bille errata"},"content":{"rendered":"\t\t<div data-elementor-type=\"wp-page\" data-elementor-id=\"3485\" class=\"elementor elementor-3485\">\n\t\t\t\t\t\t<section class=\"elementor-section elementor-top-section elementor-element elementor-element-3a5b961a elementor-section-boxed elementor-section-height-default elementor-section-height-default\" data-id=\"3a5b961a\" data-element_type=\"section\" data-e-type=\"section\" data-settings=\"{&quot;background_background&quot;:&quot;gradient&quot;}\">\n\t\t\t\t\t\t<div class=\"elementor-container elementor-column-gap-no\">\n\t\t\t\t\t<div class=\"elementor-column elementor-col-100 elementor-top-column elementor-element elementor-element-50962b43\" data-id=\"50962b43\" data-element_type=\"column\" data-e-type=\"column\">\n\t\t\t<div class=\"elementor-widget-wrap elementor-element-populated\">\n\t\t\t\t\t\t<div class=\"elementor-element elementor-element-3dc45329 elementor-widget elementor-widget-heading\" data-id=\"3dc45329\" data-element_type=\"widget\" data-e-type=\"widget\" data-widget_type=\"heading.default\">\n\t\t\t\t<div class=\"elementor-widget-container\">\n\t\t\t\t\t<h5 class=\"elementor-heading-title elementor-size-default\">Bulletin 8-9 \/ Ao\u00fbt 1997<\/h5>\t\t\t\t<\/div>\n\t\t\t\t<\/div>\n\t\t\t\t<div class=\"elementor-element elementor-element-2d96584c elementor-widget elementor-widget-heading\" data-id=\"2d96584c\" data-element_type=\"widget\" data-e-type=\"widget\" data-widget_type=\"heading.default\">\n\t\t\t\t<div class=\"elementor-widget-container\">\n\t\t\t\t\t<h1 class=\"elementor-heading-title elementor-size-default\">Famille Bille errata<\/h1>\t\t\t\t<\/div>\n\t\t\t\t<\/div>\n\t\t\t\t\t<\/div>\n\t\t<\/div>\n\t\t\t\t\t<\/div>\n\t\t<\/section>\n\t\t\t\t<section class=\"elementor-section elementor-top-section elementor-element elementor-element-66bf6f55 elementor-section-boxed elementor-section-height-default elementor-section-height-default\" data-id=\"66bf6f55\" data-element_type=\"section\" data-e-type=\"section\">\n\t\t\t\t\t\t<div class=\"elementor-container elementor-column-gap-default\">\n\t\t\t\t\t<div class=\"elementor-column elementor-col-100 elementor-top-column elementor-element elementor-element-6293f337\" data-id=\"6293f337\" data-element_type=\"column\" data-e-type=\"column\">\n\t\t\t<div class=\"elementor-widget-wrap elementor-element-populated\">\n\t\t\t\t\t\t<div class=\"elementor-element elementor-element-0496deb elementor-widget elementor-widget-heading\" data-id=\"0496deb\" data-element_type=\"widget\" data-e-type=\"widget\" data-widget_type=\"heading.default\">\n\t\t\t\t<div class=\"elementor-widget-container\">\n\t\t\t\t\t<h2 class=\"elementor-heading-title elementor-size-default\">A propos de la famille Bille<\/h2>\t\t\t\t<\/div>\n\t\t\t\t<\/div>\n\t\t\t\t<div class=\"elementor-element elementor-element-a700e3e elementor-widget elementor-widget-heading\" data-id=\"a700e3e\" data-element_type=\"widget\" data-e-type=\"widget\" data-widget_type=\"heading.default\">\n\t\t\t\t<div class=\"elementor-widget-container\">\n\t\t\t\t\t<h3 class=\"elementor-heading-title elementor-size-default\">Errata et addenda<\/h3>\t\t\t\t<\/div>\n\t\t\t\t<\/div>\n\t\t\t\t<div class=\"elementor-element elementor-element-3d26733 elementor-widget elementor-widget-text-editor\" data-id=\"3d26733\" data-element_type=\"widget\" data-e-type=\"widget\" data-widget_type=\"text-editor.default\">\n\t\t\t\t<div class=\"elementor-widget-container\">\n\t\t\t\t\t\t\t\t\t<p>Monsieur Ren\u00e9 Pierre Bille, \u00e0 Sierre, nous prie de corriger et compl\u00e9ter la g\u00e9n\u00e9alogie de la famille d&rsquo;Edmond Bille, peintre-verrier, parue dans les nos 6-7 (avril 97) de notre Bulletin.<br \/><br \/><\/p><ul><li><strong>A la page 39<\/strong>, article de Simone Bovey et Louis Barrelet :<br \/>Corina Bille (1912-1979) n&rsquo;est pas la fille de la premi\u00e8re \u00e9pouse d&rsquo;Edmond Bille, mais issue de son second mariage avec Catherine Tapparel.<br \/><br \/><\/li><li><strong>A la page 40<\/strong>, article de J. et P.-A. Borel :<br \/>Jean Bille (1904-1985) est l&rsquo;\u00e9poux d&rsquo;El\u00e9onore de Mot.<br \/><br \/><\/li><li><strong>A la page 41<\/strong> :<br \/>Jacques Bille na\u00eet en 1908 et suit l&rsquo;\u00e9cole d&rsquo;agriculturevde Marcelin pr\u00e8s de Morges.<br \/>Ren\u00e9 Pierre Bille \u00e9pouse en 1953 Th\u00e9r\u00e8se Lepers qui est n\u00e9e en 1932.<br \/><br \/><\/li><li><strong>A la page 42<\/strong> :<br \/>Nicolas Bille, fils de Ren\u00e9 Pierre, n\u00e9 en janvier 1964, est avocat et juriste.<br \/>Andr\u00e9 Bille d\u00e9c\u00e8de en 1985 et non pas en 1984.<\/li><\/ul>\t\t\t\t\t\t\t\t<\/div>\n\t\t\t\t<\/div>\n\t\t\t\t<div class=\"elementor-element elementor-element-5efdb98 elementor-widget elementor-widget-text-editor\" data-id=\"5efdb98\" data-element_type=\"widget\" data-e-type=\"widget\" data-widget_type=\"text-editor.default\">\n\t\t\t\t<div class=\"elementor-widget-container\">\n\t\t\t\t\t\t\t\t\t<p>Monsieur Louis Barrelet nous adresse en outre les compl\u00e9ments suivants :<br \/><br \/><\/p><h4>Souche de la famille Bille<\/h4><p>I. Henriet<\/p><p>II. Nycolet Bille est dit feu avant 1499<\/p><p>III. Jehan Bille vivant vers 1606<\/p><p>IV. Guillaume Billye de Malvilliers, bourgeois de Valangin<\/p><p>V. Pierre Bille passe reconnaissance de biens le 17 mars 1533 puis le 20 may 1563 Pierre Bille a une fille :<\/p><p>VI. Louise Bille qui \u00e9pouse :\u00a0Claude Rollier dit Bille d\u00e9c\u00e8de avant juin 1603<\/p><p>VII. Pierre Rollier dit Bille<\/p><p>VIII. Claude Bille<\/p><p>IX. Pierre Bille n\u00e9 avant 1629 et mort avant 1704. Laboureur. Communier de Boudeviliiers et de Coffrane. Pierre Bille se marie avec :\u00a0Susanne BAROD<\/p><p>X. Jean Bille n\u00e9 vers 1645, d\u00e9c\u00e9d\u00e9 vers 1713-1714. Reconnaissance de biens aux Genevey-sur-Coffrane le 12 d\u00e9cembre 1703. Avant 1675 il a \u00e9pous\u00e9 :\u00a0Susanne Breguet de Coffrane.<br \/>Leur fils:\u00a0Daniel Bille, meurt entre 1722 et 1730. Auparavant, il sera p\u00e8re d&rsquo;un fils :\u00a0Jean-Henry Bille<\/p><p>II y a risque de confusion entre ce qui serait l&rsquo;oncle et le neveu, soit entre Pierre fils de Claude et Pierre fils de Guillaume.<br \/><br \/><\/p><p>Le registre de la famille Bille des diff\u00e9rentes branches est \u00e0 peu pr\u00e8s complet aussi par les femmes : plus de cent personnages sur cartes de famille (feuilles SSEG).<\/p>\t\t\t\t\t\t\t\t<\/div>\n\t\t\t\t<\/div>\n\t\t\t\t\t<\/div>\n\t\t<\/div>\n\t\t\t\t\t<\/div>\n\t\t<\/section>\n\t\t\t\t<section class=\"elementor-section elementor-top-section elementor-element elementor-element-73d46a56 elementor-section-boxed elementor-section-height-default elementor-section-height-default\" data-id=\"73d46a56\" data-element_type=\"section\" data-e-type=\"section\">\n\t\t\t\t\t\t<div class=\"elementor-container elementor-column-gap-default\">\n\t\t\t\t\t<div class=\"elementor-column elementor-col-100 elementor-top-column elementor-element elementor-element-64ff2e88\" data-id=\"64ff2e88\" data-element_type=\"column\" data-e-type=\"column\">\n\t\t\t<div class=\"elementor-widget-wrap elementor-element-populated\">\n\t\t\t\t\t\t<div class=\"elementor-element elementor-element-42613b89 content-align-cta-default elementor-widget elementor-widget-eael-cta-box\" data-id=\"42613b89\" data-element_type=\"widget\" data-e-type=\"widget\" data-widget_type=\"eael-cta-box.default\">\n\t\t\t\t<div class=\"elementor-widget-container\">\n\t\t\t\t\t\t\t<div class=\"eael-call-to-action cta-basic bg-lite cta-preset-1\">\n        <h2 class=\"title eael-cta-heading\">Article original<\/h2><p>Retrouvez l'article publi\u00e9 dans le Bulletin 6-7 d'avril 1997<\/p><a href=\"https:\/\/www.sngenealogie.ch\/wp\/bulletins\/bulletin-6-7\/famille-bille-branche-peintre-verrier\/\" class=\"cta-button cta-preset-1  \">Lien<\/a>\t<\/div>\n\t\t\t\t\t\t\t\t<\/div>\n\t\t\t\t<\/div>\n\t\t\t\t\t<\/div>\n\t\t<\/div>\n\t\t\t\t\t<\/div>\n\t\t<\/section>\n\t\t\t\t<section class=\"elementor-section elementor-top-section elementor-element elementor-element-cbd9240 elementor-section-boxed elementor-section-height-default elementor-section-height-default\" data-id=\"cbd9240\" data-element_type=\"section\" data-e-type=\"section\">\n\t\t\t\t\t\t<div class=\"elementor-container elementor-column-gap-default\">\n\t\t\t\t\t<div class=\"elementor-column elementor-col-33 elementor-top-column elementor-element elementor-element-75759b02\" data-id=\"75759b02\" data-element_type=\"column\" data-e-type=\"column\">\n\t\t\t<div class=\"elementor-widget-wrap elementor-element-populated\">\n\t\t\t\t\t\t<div class=\"elementor-element elementor-element-20129b elementor-widget elementor-widget-button\" data-id=\"20129b\" data-element_type=\"widget\" data-e-type=\"widget\" data-widget_type=\"button.default\">\n\t\t\t\t<div class=\"elementor-widget-container\">\n\t\t\t\t\t\t\t\t\t<div class=\"elementor-button-wrapper\">\n\t\t\t\t\t<a class=\"elementor-button elementor-button-link elementor-size-sm\" href=\"https:\/\/www.sngenealogie.ch\/wp\/bulletins\/bulletin-8-9\/georges-francois-de-bosset\/\">\n\t\t\t\t\t\t<span class=\"elementor-button-content-wrapper\">\n\t\t\t\t\t\t<span class=\"elementor-button-icon\">\n\t\t\t\t<i aria-hidden=\"true\" class=\"fas fa-arrow-left\"><\/i>\t\t\t<\/span>\n\t\t\t\t\t\t\t\t\t<span class=\"elementor-button-text\">Article pr\u00e9c\u00e9dent<\/span>\n\t\t\t\t\t<\/span>\n\t\t\t\t\t<\/a>\n\t\t\t\t<\/div>\n\t\t\t\t\t\t\t\t<\/div>\n\t\t\t\t<\/div>\n\t\t\t\t\t<\/div>\n\t\t<\/div>\n\t\t\t\t<div class=\"elementor-column elementor-col-33 elementor-top-column elementor-element elementor-element-23df75c7\" data-id=\"23df75c7\" data-element_type=\"column\" data-e-type=\"column\">\n\t\t\t<div class=\"elementor-widget-wrap elementor-element-populated\">\n\t\t\t\t\t\t<div class=\"elementor-element elementor-element-192d7511 elementor-align-center elementor-widget elementor-widget-button\" data-id=\"192d7511\" data-element_type=\"widget\" data-e-type=\"widget\" data-widget_type=\"button.default\">\n\t\t\t\t<div class=\"elementor-widget-container\">\n\t\t\t\t\t\t\t\t\t<div class=\"elementor-button-wrapper\">\n\t\t\t\t\t<a class=\"elementor-button elementor-button-link elementor-size-sm\" href=\"https:\/\/www.sngenealogie.ch\/wp\/bulletins\/bulletin-8-9\/\">\n\t\t\t\t\t\t<span class=\"elementor-button-content-wrapper\">\n\t\t\t\t\t\t<span class=\"elementor-button-icon\">\n\t\t\t\t<i aria-hidden=\"true\" class=\"fas fa-arrow-up\"><\/i>\t\t\t<\/span>\n\t\t\t\t\t\t\t\t\t<span class=\"elementor-button-text\">Bulletin 8-9<\/span>\n\t\t\t\t\t<\/span>\n\t\t\t\t\t<\/a>\n\t\t\t\t<\/div>\n\t\t\t\t\t\t\t\t<\/div>\n\t\t\t\t<\/div>\n\t\t\t\t\t<\/div>\n\t\t<\/div>\n\t\t\t\t<div class=\"elementor-column elementor-col-33 elementor-top-column elementor-element elementor-element-431cec8f\" data-id=\"431cec8f\" data-element_type=\"column\" data-e-type=\"column\">\n\t\t\t<div class=\"elementor-widget-wrap elementor-element-populated\">\n\t\t\t\t\t\t<div class=\"elementor-element elementor-element-13c272a3 elementor-align-right elementor-widget elementor-widget-button\" data-id=\"13c272a3\" data-element_type=\"widget\" data-e-type=\"widget\" data-widget_type=\"button.default\">\n\t\t\t\t<div class=\"elementor-widget-container\">\n\t\t\t\t\t\t\t\t\t<div class=\"elementor-button-wrapper\">\n\t\t\t\t\t<a class=\"elementor-button elementor-button-link elementor-size-sm\" href=\"https:\/\/www.sngenealogie.ch\/wp\/bulletins\/bulletin-8-9\/epopee-des-bourbaki\/\">\n\t\t\t\t\t\t<span class=\"elementor-button-content-wrapper\">\n\t\t\t\t\t\t<span class=\"elementor-button-icon\">\n\t\t\t\t<i aria-hidden=\"true\" class=\"fas fa-arrow-right\"><\/i>\t\t\t<\/span>\n\t\t\t\t\t\t\t\t\t<span class=\"elementor-button-text\">Article suivant<\/span>\n\t\t\t\t\t<\/span>\n\t\t\t\t\t<\/a>\n\t\t\t\t<\/div>\n\t\t\t\t\t\t\t\t<\/div>\n\t\t\t\t<\/div>\n\t\t\t\t\t<\/div>\n\t\t<\/div>\n\t\t\t\t\t<\/div>\n\t\t<\/section>\n\t\t\t\t<\/div>\n\t\t","protected":false},"excerpt":{"rendered":"<p>Bulletin 8-9 \/ Ao\u00fbt 1997 Famille Bille errata A propos de la famille Bille Errata et addenda Monsieur Ren\u00e9 Pierre [&hellip;]<\/p>\n","protected":false},"author":1,"featured_media":0,"parent":2875,"menu_order":0,"comment_status":"closed","ping_status":"closed","template":"","meta":{"site-sidebar-layout":"no-sidebar","site-content-layout":"page-builder","ast-site-content-layout":"default","site-content-style":"default","site-sidebar-style":"default","ast-global-header-display":"","ast-banner-title-visibility":"","ast-main-header-display":"","ast-hfb-above-header-display":"","ast-hfb-below-header-display":"","ast-hfb-mobile-header-display":"","site-post-title":"disabled","ast-breadcrumbs-content":"","ast-featured-img":"disabled","footer-sml-layout":"","ast-disable-related-posts":"","theme-transparent-header-meta":"default","adv-header-id-meta":"","stick-header-meta":"","header-above-stick-meta":"","header-main-stick-meta":"","header-below-stick-meta":"","astra-migrate-meta-layouts":"default","ast-page-background-enabled":"default","ast-page-background-meta":{"desktop":{"background-color":"","background-image":"","background-repeat":"repeat","background-position":"center center","background-size":"auto","background-attachment":"scroll","background-type":"","background-media":"","overlay-type":"","overlay-color":"","overlay-opacity":"","overlay-gradient":""},"tablet":{"background-color":"","background-image":"","background-repeat":"repeat","background-position":"center center","background-size":"auto","background-attachment":"scroll","background-type":"","background-media":"","overlay-type":"","overlay-color":"","overlay-opacity":"","overlay-gradient":""},"mobile":{"background-color":"","background-image":"","background-repeat":"repeat","background-position":"center center","background-size":"auto","background-attachment":"scroll","background-type":"","background-media":"","overlay-type":"","overlay-color":"","overlay-opacity":"","overlay-gradient":""}},"ast-content-background-meta":{"desktop":{"background-color":"var(--ast-global-color-5)","background-image":"","background-repeat":"repeat","background-position":"center center","background-size":"auto","background-attachment":"scroll","background-type":"","background-media":"","overlay-type":"","overlay-color":"","overlay-opacity":"","overlay-gradient":""},"tablet":{"background-color":"var(--ast-global-color-5)","background-image":"","background-repeat":"repeat","background-position":"center center","background-size":"auto","background-attachment":"scroll","background-type":"","background-media":"","overlay-type":"","overlay-color":"","overlay-opacity":"","overlay-gradient":""},"mobile":{"background-color":"var(--ast-global-color-5)","background-image":"","background-repeat":"repeat","background-position":"center center","background-size":"auto","background-attachment":"scroll","background-type":"","background-media":"","overlay-type":"","overlay-color":"","overlay-opacity":"","overlay-gradient":""}},"footnotes":""},"wf_page_folders":[76],"class_list":["post-3485","page","type-page","status-publish","hentry"],"_links":{"self":[{"href":"https:\/\/www.sngenealogie.ch\/wp\/wp-json\/wp\/v2\/pages\/3485","targetHints":{"allow":["GET"]}}],"collection":[{"href":"https:\/\/www.sngenealogie.ch\/wp\/wp-json\/wp\/v2\/pages"}],"about":[{"href":"https:\/\/www.sngenealogie.ch\/wp\/wp-json\/wp\/v2\/types\/page"}],"author":[{"embeddable":true,"href":"https:\/\/www.sngenealogie.ch\/wp\/wp-json\/wp\/v2\/users\/1"}],"replies":[{"embeddable":true,"href":"https:\/\/www.sngenealogie.ch\/wp\/wp-json\/wp\/v2\/comments?post=3485"}],"version-history":[{"count":24,"href":"https:\/\/www.sngenealogie.ch\/wp\/wp-json\/wp\/v2\/pages\/3485\/revisions"}],"predecessor-version":[{"id":6640,"href":"https:\/\/www.sngenealogie.ch\/wp\/wp-json\/wp\/v2\/pages\/3485\/revisions\/6640"}],"up":[{"embeddable":true,"href":"https:\/\/www.sngenealogie.ch\/wp\/wp-json\/wp\/v2\/pages\/2875"}],"wp:attachment":[{"href":"https:\/\/www.sngenealogie.ch\/wp\/wp-json\/wp\/v2\/media?parent=3485"}],"wp:term":[{"taxonomy":"wf_page_folders","embeddable":true,"href":"https:\/\/www.sngenealogie.ch\/wp\/wp-json\/wp\/v2\/wf_page_folders?post=3485"}],"curies":[{"name":"wp","href":"https:\/\/api.w.org\/{rel}","templated":true}]}}