{"id":3735,"date":"2021-05-01T13:09:44","date_gmt":"2021-05-01T11:09:44","guid":{"rendered":"https:\/\/www.sngenealogie.ch\/wp\/?page_id=3735"},"modified":"2021-08-07T18:39:06","modified_gmt":"2021-08-07T16:39:06","slug":"a-propos-doscar-huguenin","status":"publish","type":"page","link":"https:\/\/www.sngenealogie.ch\/wp\/bulletins\/bulletin-11\/a-propos-doscar-huguenin\/","title":{"rendered":"A propos d&rsquo;Oscar Huguenin"},"content":{"rendered":"\t\t<div data-elementor-type=\"wp-page\" data-elementor-id=\"3735\" class=\"elementor elementor-3735\">\n\t\t\t\t\t\t<section class=\"elementor-section elementor-top-section elementor-element elementor-element-54c04b69 elementor-section-boxed elementor-section-height-default elementor-section-height-default\" data-id=\"54c04b69\" data-element_type=\"section\" data-e-type=\"section\" data-settings=\"{&quot;background_background&quot;:&quot;gradient&quot;}\">\n\t\t\t\t\t\t<div class=\"elementor-container elementor-column-gap-no\">\n\t\t\t\t\t<div class=\"elementor-column elementor-col-100 elementor-top-column elementor-element elementor-element-75c7f592\" data-id=\"75c7f592\" data-element_type=\"column\" data-e-type=\"column\">\n\t\t\t<div class=\"elementor-widget-wrap elementor-element-populated\">\n\t\t\t\t\t\t<div class=\"elementor-element elementor-element-3004b2b4 elementor-widget elementor-widget-heading\" data-id=\"3004b2b4\" data-element_type=\"widget\" data-e-type=\"widget\" data-widget_type=\"heading.default\">\n\t\t\t\t<div class=\"elementor-widget-container\">\n\t\t\t\t\t<h5 class=\"elementor-heading-title elementor-size-default\">Bulletin 11 \/ Juillet 1998<\/h5>\t\t\t\t<\/div>\n\t\t\t\t<\/div>\n\t\t\t\t<div class=\"elementor-element elementor-element-445aef54 elementor-widget elementor-widget-heading\" data-id=\"445aef54\" data-element_type=\"widget\" data-e-type=\"widget\" data-widget_type=\"heading.default\">\n\t\t\t\t<div class=\"elementor-widget-container\">\n\t\t\t\t\t<h1 class=\"elementor-heading-title elementor-size-default\">A propos d'Oscar Huguenin<\/h1>\t\t\t\t<\/div>\n\t\t\t\t<\/div>\n\t\t\t\t\t<\/div>\n\t\t<\/div>\n\t\t\t\t\t<\/div>\n\t\t<\/section>\n\t\t\t\t<section class=\"elementor-section elementor-top-section elementor-element elementor-element-52eebf9 elementor-section-boxed elementor-section-height-default elementor-section-height-default\" data-id=\"52eebf9\" data-element_type=\"section\" data-e-type=\"section\">\n\t\t\t\t\t\t<div class=\"elementor-container elementor-column-gap-default\">\n\t\t\t\t\t<div class=\"elementor-column elementor-col-100 elementor-top-column elementor-element elementor-element-3526def4\" data-id=\"3526def4\" data-element_type=\"column\" data-e-type=\"column\">\n\t\t\t<div class=\"elementor-widget-wrap elementor-element-populated\">\n\t\t\t\t\t\t<div class=\"elementor-element elementor-element-94db820 elementor-widget elementor-widget-heading\" data-id=\"94db820\" data-element_type=\"widget\" data-e-type=\"widget\" data-widget_type=\"heading.default\">\n\t\t\t\t<div class=\"elementor-widget-container\">\n\t\t\t\t\t<h2 class=\"elementor-heading-title elementor-size-default\">A propos d'Oscar Huguenin - Auteur neuch\u00e2telois<\/h2>\t\t\t\t<\/div>\n\t\t\t\t<\/div>\n\t\t\t\t<div class=\"elementor-element elementor-element-029b33c elementor-widget elementor-widget-heading\" data-id=\"029b33c\" data-element_type=\"widget\" data-e-type=\"widget\" data-widget_type=\"heading.default\">\n\t\t\t\t<div class=\"elementor-widget-container\">\n\t\t\t\t\t<h4 class=\"elementor-heading-title elementor-size-default\">par Eric-Andr\u00e9 Klauser, historien<\/h4>\t\t\t\t<\/div>\n\t\t\t\t<\/div>\n\t\t\t\t<div class=\"elementor-element elementor-element-eb89573 elementor-widget elementor-widget-spacer\" data-id=\"eb89573\" data-element_type=\"widget\" data-e-type=\"widget\" data-widget_type=\"spacer.default\">\n\t\t\t\t<div class=\"elementor-widget-container\">\n\t\t\t\t\t\t\t<div class=\"elementor-spacer\">\n\t\t\t<div class=\"elementor-spacer-inner\"><\/div>\n\t\t<\/div>\n\t\t\t\t\t\t<\/div>\n\t\t\t\t<\/div>\n\t\t\t\t<div class=\"elementor-element elementor-element-a4571a7 elementor-widget elementor-widget-text-editor\" data-id=\"a4571a7\" data-element_type=\"widget\" data-e-type=\"widget\" data-widget_type=\"text-editor.default\">\n\t\t\t\t<div class=\"elementor-widget-container\">\n\t\t\t\t\t\t\t\t\t<ul><li><strong style=\"font-size: 16px;\">Oscar Huguenin <\/strong><span style=\"font-size: 16px;\">n&rsquo;a fait qu&rsquo;un remplacement d&rsquo;un instituteur malade, \u00e0 Couvet, d&rsquo;octobre 1860 \u00e0 mars 1861 ; d\u00e8s avril, il est nomm\u00e9 \u00e0 B\u00f4le.<\/span><\/li><li>L&rsquo;album <em>\u00ab\u00a0Episodes de l&rsquo;internement en Suisse de l&rsquo;arm\u00e9e Bourbaki en 1871\u00a0\u00bb<\/em>, croquis d&rsquo;Oscar Huguenin \u00e0 B\u00f4le, prix Fr. 5.-, Imprimerie J.-J. Ulrich, Zurich, chez H. Appenzeller \u00e9diteur. Il contient 6 croquis et 6 textes en vers d&rsquo;accompagnement. Les croquis portent l&rsquo;indication \u00ab\u00a0Lichtdruck von R\u00f6mmler &amp; Jonas, Dresden\u00a0\u00bb. Cet album est conserv\u00e9 \u00e0 la Zentralbibliothek de Lucerne, Sempacherstrasse 10.<\/li><li>L&rsquo;homme de lettres Philippe Godet disait de lui : \u00ab\u00a0Oscar Huguenin \u00e9crivain et dessinateur n&rsquo;avait qu&rsquo;une pr\u00e9occupation, conserver le souvenir respectueux de notre pass\u00e9 local\u00a0\u00bb.<\/li><li>Le tableau peint par Oscar Huguenin et offert \u00e0 la ville de Boudry, d\u00e9pos\u00e9 \u00e0 l&rsquo;H\u00f4tel de ville, est une huile de 90 sur 65 cm, repr\u00e9sentant trois personnes, en l&rsquo;occurrence trois Anciens d&rsquo;Eglise de la paroisse de B\u00f4le-Colombier (Eglise ind\u00e9pendante de l&rsquo;Etat), soit, de gauche \u00e0 droite :<ul><li>Charles-Fr\u00e9d\u00e9ric Marthe (1812-1893), architecte, arch\u00e9ologue, restaurateur de monuments anciens, sculpteur et professeur de dessin d&rsquo;Oscar Huguenin lorsqu&rsquo;il enseigna \u00e0 La Chaux-de-Fonds ;<\/li><li>un paysan anonyme de B\u00f4le ;<\/li><li>Oscar Huguenin.<\/li><\/ul><\/li><li>L&rsquo;autoportrait peint \u00e0 Boudry en 1895, huile sur bois de 22,2 sur 16,8 cm, repr\u00e9sente Oscar Huguenin plus \u00e2g\u00e9 que sur le pr\u00e9c\u00e9dent. Il est d\u00e9pos\u00e9 au Mus\u00e9e d&rsquo;Art et d&rsquo;Histoire de Neuch\u00e2tel. De nombreuses \u0153uvres artistiques du peintre, dessins, huiles, appartiennent \u00e0 des collections priv\u00e9es et publiques : Salle du Maire Louis Challandes \u00e0 la Biblioth\u00e8que de la Ville \u00e0 La Chaux-de-Fonds, Mus\u00e9e de l&rsquo;Areuse \u00e0 Boudry, Archives de l&rsquo;Etat \u00e0 Neuch\u00e2tel, Mus\u00e9e r\u00e9gional du Val-de-Travers \u00e0 M\u00f4tiers, Mus\u00e9e de La Sagne, Mus\u00e9e paysan des Eplatures, etc.<\/li><li>Les \u0153uvres litt\u00e9raires d&rsquo;Oscar Huguenin, soit ses 15 romans, recueils de nouvelles et r\u00e9cits ont \u00e9t\u00e9 r\u00e9\u00e9dit\u00e9s, depuis 1977, par l&rsquo;Imprimerie Nouvelle \u00e0 Neuch\u00e2tel, puis par les Editions Belle-Rivi\u00e8re \u00e0 Lausanne et par l&rsquo;Imprimerie La Fusion \u00e0 La Chaux-de-Fonds.<\/li><li>Son roman <em>Le Solitaire des Sagnes <\/em>avait paru pour la premi\u00e8re fois en 1893.<\/li><\/ul>\t\t\t\t\t\t\t\t<\/div>\n\t\t\t\t<\/div>\n\t\t\t\t<div class=\"elementor-element elementor-element-cb59c88 elementor-widget elementor-widget-image\" data-id=\"cb59c88\" data-element_type=\"widget\" data-e-type=\"widget\" data-widget_type=\"image.default\">\n\t\t\t\t<div class=\"elementor-widget-container\">\n\t\t\t\t\t\t\t\t\t\t\t\t\t\t\t<img fetchpriority=\"high\" decoding=\"async\" width=\"900\" height=\"600\" src=\"https:\/\/www.sngenealogie.ch\/wp\/wp-content\/uploads\/bul_11_oscar_huguenin.jpg\" class=\"attachment-large size-large wp-image-3738\" alt=\"Oscar Huguenin Autoportrait\" srcset=\"https:\/\/www.sngenealogie.ch\/wp\/wp-content\/uploads\/bul_11_oscar_huguenin.jpg 900w, https:\/\/www.sngenealogie.ch\/wp\/wp-content\/uploads\/bul_11_oscar_huguenin-300x200.jpg 300w, https:\/\/www.sngenealogie.ch\/wp\/wp-content\/uploads\/bul_11_oscar_huguenin-768x512.jpg 768w\" sizes=\"(max-width: 900px) 100vw, 900px\" \/>\t\t\t\t\t\t\t\t\t\t\t\t\t\t\t<\/div>\n\t\t\t\t<\/div>\n\t\t\t\t<div class=\"elementor-element elementor-element-8cb600f elementor-widget elementor-widget-text-editor\" data-id=\"8cb600f\" data-element_type=\"widget\" data-e-type=\"widget\" data-widget_type=\"text-editor.default\">\n\t\t\t\t<div class=\"elementor-widget-container\">\n\t\t\t\t\t\t\t\t\t<div style=\"text-align: center;\">Oscar HUGUENIN (1842-1803) &#8211; Autoportrait<\/div><div style=\"text-align: center;\">(1895, Mus\u00e9e d&rsquo;Art et d&rsquo;Histoire, Neuch\u00e2tel)<\/div>\t\t\t\t\t\t\t\t<\/div>\n\t\t\t\t<\/div>\n\t\t\t\t<div class=\"elementor-element elementor-element-3f90b12 elementor-widget elementor-widget-spacer\" data-id=\"3f90b12\" data-element_type=\"widget\" data-e-type=\"widget\" data-widget_type=\"spacer.default\">\n\t\t\t\t<div class=\"elementor-widget-container\">\n\t\t\t\t\t\t\t<div class=\"elementor-spacer\">\n\t\t\t<div class=\"elementor-spacer-inner\"><\/div>\n\t\t<\/div>\n\t\t\t\t\t\t<\/div>\n\t\t\t\t<\/div>\n\t\t\t\t<div class=\"elementor-element elementor-element-103833f elementor-widget elementor-widget-text-editor\" data-id=\"103833f\" data-element_type=\"widget\" data-e-type=\"widget\" data-widget_type=\"text-editor.default\">\n\t\t\t\t<div class=\"elementor-widget-container\">\n\t\t\t\t\t\t\t\t\t<p>On sait qu&rsquo;<strong>Oscar HUGUENIN<\/strong> s&rsquo;est mari\u00e9 deux fois :<\/p><p><strong>Anna ENGWILLER<\/strong>, sa premi\u00e8re \u00e9pouse, \u00e9tait fille du pasteur d&rsquo;H\u00e9risau. Celui-ci d\u00e9laissa son pastorat pour pouvoir devenir chancelier de l&rsquo;Etat d&rsquo;Appenzell-Rhodes ext\u00e9rieures. Anna \u00e9tait n\u00e9e \u00e0 Teufen le 10 octobre 1852 et mourut en couches en 1876, \u00e0 Boudry, \u00e0 la naissance de leur petite Laure (1876-1918).<\/p><p><strong>Elisabetha ENGWILLER<\/strong> (1851-1906), sa seconde \u00e9pouse, lui donna deux enfants :<\/p><ul><li><strong>Anna<\/strong>, n\u00e9e en 1885, d\u00e9c\u00e9d\u00e9e \u00e0 Neuch\u00e2tel en 1983 ;<\/li><li><strong>Alfred<\/strong>, n\u00e9 en 1887, d\u00e9c\u00e9d\u00e9 en 1926, sans descendance.<\/li><\/ul><p><strong>Anna <\/strong>\u00e9pouse en premi\u00e8res noces <strong>Felix LANGEN<\/strong>, de Cologne, ing\u00e9nieur, de la famille propri\u00e9taire des Sucreries Langen en Allemagne et \u00e0 Monthey en Suisse. Anna \u00e9pouse ensuite <strong>Gerhardt RITTERSHAUS<\/strong>, m\u00e9decin \u00e0 Schweinfurt, cousin germain du premier mari dont une fille, <strong>Anne-Marie <\/strong>n\u00e9e en 1918, est l&rsquo;unique descendante de l&rsquo;\u00e9crivain Oscar HUGUENIN.<\/p>\t\t\t\t\t\t\t\t<\/div>\n\t\t\t\t<\/div>\n\t\t\t\t<div class=\"elementor-element elementor-element-7fba9c7 elementor-widget elementor-widget-heading\" data-id=\"7fba9c7\" data-element_type=\"widget\" data-e-type=\"widget\" data-widget_type=\"heading.default\">\n\t\t\t\t<div class=\"elementor-widget-container\">\n\t\t\t\t\t<h3 class=\"elementor-heading-title elementor-size-default\">Ouvrages \u00e0 consulter<\/h3>\t\t\t\t<\/div>\n\t\t\t\t<\/div>\n\t\t\t\t<div class=\"elementor-element elementor-element-b7b969e elementor-widget elementor-widget-text-editor\" data-id=\"b7b969e\" data-element_type=\"widget\" data-e-type=\"widget\" data-widget_type=\"text-editor.default\">\n\t\t\t\t<div class=\"elementor-widget-container\">\n\t\t\t\t\t\t\t\t\t<ul><li><strong><em>Oscar Huguenin, imagier du Pays de Neuch\u00e2tel<\/em><\/strong><br \/>par Eric-A. Klauser, Editions du Ruau 1992<\/li><li><strong><em>Oscar Huguenin<\/em><\/strong><br \/>par Andr\u00e9 Tissot-Daguette, dans <em>La Revue neuch\u00e2teloise <\/em>n\u00b0 102, 1983.<\/li><li><strong><em>Oscar Hugenin-Tenet, peintre et \u00e9crivain et son ascendance<\/em><\/strong><br \/>par Pierre-Arnold Borel dans <em>L&rsquo;Annuaire de la SSEG<\/em>, ann\u00e9e 1981.<\/li><li><em><strong>Oscar Huguenin &#8211; Treize oeufs \u00e0 la douzaine<br \/><\/strong><\/em>article illustr\u00e9 paru dans <em>l&rsquo;Express <\/em>du 2 d\u00e9cembre 1992 <a href=\"http:\/\/www.lexpressarchives.ch\/Olive\/APA\/SwissSNP_Fr\/SharedView.Article.aspx?href=EXP%2F1992%2F12%2F02&amp;id=Ar01200&amp;sk=FD1E1B8D&amp;viewMode=image\" target=\"_blank\" rel=\"noopener\"><i class=\"fas fa-external-link-alt\"><\/i><\/a><\/li><li><strong><em>D&rsquo;Oscar Huguenin \u00e0 Marcel North<\/em><\/strong><br \/>avec autoportrait, dans <em>Bulletin officiel de la ville de Neuch\u00e2tel <\/em>du 29 mars 1992.<\/li><\/ul>\t\t\t\t\t\t\t\t<\/div>\n\t\t\t\t<\/div>\n\t\t\t\t\t<\/div>\n\t\t<\/div>\n\t\t\t\t\t<\/div>\n\t\t<\/section>\n\t\t\t\t<section class=\"elementor-section elementor-top-section elementor-element elementor-element-603967f2 elementor-section-boxed elementor-section-height-default elementor-section-height-default\" data-id=\"603967f2\" data-element_type=\"section\" data-e-type=\"section\">\n\t\t\t\t\t\t<div class=\"elementor-container elementor-column-gap-default\">\n\t\t\t\t\t<div class=\"elementor-column elementor-col-33 elementor-top-column elementor-element elementor-element-6c5d042d\" data-id=\"6c5d042d\" data-element_type=\"column\" data-e-type=\"column\">\n\t\t\t<div class=\"elementor-widget-wrap elementor-element-populated\">\n\t\t\t\t\t\t<div class=\"elementor-element elementor-element-35322f36 elementor-widget elementor-widget-button\" data-id=\"35322f36\" data-element_type=\"widget\" data-e-type=\"widget\" data-widget_type=\"button.default\">\n\t\t\t\t<div class=\"elementor-widget-container\">\n\t\t\t\t\t\t\t\t\t<div class=\"elementor-button-wrapper\">\n\t\t\t\t\t<a class=\"elementor-button elementor-button-link elementor-size-sm\" href=\"https:\/\/www.sngenealogie.ch\/wp\/bulletins\/bulletin-11\/oscar-huguenin-a-la-sagne\/\">\n\t\t\t\t\t\t<span class=\"elementor-button-content-wrapper\">\n\t\t\t\t\t\t<span class=\"elementor-button-icon\">\n\t\t\t\t<i aria-hidden=\"true\" class=\"fas fa-arrow-left\"><\/i>\t\t\t<\/span>\n\t\t\t\t\t\t\t\t\t<span class=\"elementor-button-text\">Article pr\u00e9c\u00e9dent<\/span>\n\t\t\t\t\t<\/span>\n\t\t\t\t\t<\/a>\n\t\t\t\t<\/div>\n\t\t\t\t\t\t\t\t<\/div>\n\t\t\t\t<\/div>\n\t\t\t\t\t<\/div>\n\t\t<\/div>\n\t\t\t\t<div class=\"elementor-column elementor-col-33 elementor-top-column elementor-element elementor-element-4289de22\" data-id=\"4289de22\" data-element_type=\"column\" data-e-type=\"column\">\n\t\t\t<div class=\"elementor-widget-wrap elementor-element-populated\">\n\t\t\t\t\t\t<div class=\"elementor-element elementor-element-6e07538 elementor-align-center elementor-widget elementor-widget-button\" data-id=\"6e07538\" data-element_type=\"widget\" data-e-type=\"widget\" data-widget_type=\"button.default\">\n\t\t\t\t<div class=\"elementor-widget-container\">\n\t\t\t\t\t\t\t\t\t<div class=\"elementor-button-wrapper\">\n\t\t\t\t\t<a class=\"elementor-button elementor-button-link elementor-size-sm\" href=\"https:\/\/www.sngenealogie.ch\/wp\/bulletins\/bulletin-11\/\">\n\t\t\t\t\t\t<span class=\"elementor-button-content-wrapper\">\n\t\t\t\t\t\t<span class=\"elementor-button-icon\">\n\t\t\t\t<i aria-hidden=\"true\" class=\"fas fa-arrow-up\"><\/i>\t\t\t<\/span>\n\t\t\t\t\t\t\t\t\t<span class=\"elementor-button-text\">Bulletin 11<\/span>\n\t\t\t\t\t<\/span>\n\t\t\t\t\t<\/a>\n\t\t\t\t<\/div>\n\t\t\t\t\t\t\t\t<\/div>\n\t\t\t\t<\/div>\n\t\t\t\t\t<\/div>\n\t\t<\/div>\n\t\t\t\t<div class=\"elementor-column elementor-col-33 elementor-top-column elementor-element elementor-element-186cca5a\" data-id=\"186cca5a\" data-element_type=\"column\" data-e-type=\"column\">\n\t\t\t<div class=\"elementor-widget-wrap elementor-element-populated\">\n\t\t\t\t\t\t<div class=\"elementor-element elementor-element-3192edd0 elementor-align-right elementor-widget elementor-widget-button\" data-id=\"3192edd0\" data-element_type=\"widget\" data-e-type=\"widget\" data-widget_type=\"button.default\">\n\t\t\t\t<div class=\"elementor-widget-container\">\n\t\t\t\t\t\t\t\t\t<div class=\"elementor-button-wrapper\">\n\t\t\t\t\t<a class=\"elementor-button elementor-button-link elementor-size-sm\" href=\"https:\/\/www.sngenealogie.ch\/wp\/bulletins\/bulletin-11\/ascendance-maternelle-doscar-huguenin\/\">\n\t\t\t\t\t\t<span class=\"elementor-button-content-wrapper\">\n\t\t\t\t\t\t<span class=\"elementor-button-icon\">\n\t\t\t\t<i aria-hidden=\"true\" class=\"fas fa-arrow-right\"><\/i>\t\t\t<\/span>\n\t\t\t\t\t\t\t\t\t<span class=\"elementor-button-text\">Article suivant<\/span>\n\t\t\t\t\t<\/span>\n\t\t\t\t\t<\/a>\n\t\t\t\t<\/div>\n\t\t\t\t\t\t\t\t<\/div>\n\t\t\t\t<\/div>\n\t\t\t\t\t<\/div>\n\t\t<\/div>\n\t\t\t\t\t<\/div>\n\t\t<\/section>\n\t\t\t\t<\/div>\n\t\t","protected":false},"excerpt":{"rendered":"<p>Bulletin 11 \/ Juillet 1998 A propos d&rsquo;Oscar Huguenin A propos d&rsquo;Oscar Huguenin &#8211; Auteur neuch\u00e2telois par Eric-Andr\u00e9 Klauser, historien [&hellip;]<\/p>\n","protected":false},"author":1,"featured_media":0,"parent":2865,"menu_order":0,"comment_status":"closed","ping_status":"closed","template":"","meta":{"site-sidebar-layout":"no-sidebar","site-content-layout":"page-builder","ast-site-content-layout":"default","site-content-style":"default","site-sidebar-style":"default","ast-global-header-display":"","ast-banner-title-visibility":"","ast-main-header-display":"","ast-hfb-above-header-display":"","ast-hfb-below-header-display":"","ast-hfb-mobile-header-display":"","site-post-title":"disabled","ast-breadcrumbs-content":"","ast-featured-img":"disabled","footer-sml-layout":"","ast-disable-related-posts":"","theme-transparent-header-meta":"default","adv-header-id-meta":"","stick-header-meta":"","header-above-stick-meta":"","header-main-stick-meta":"","header-below-stick-meta":"","astra-migrate-meta-layouts":"default","ast-page-background-enabled":"default","ast-page-background-meta":{"desktop":{"background-color":"","background-image":"","background-repeat":"repeat","background-position":"center center","background-size":"auto","background-attachment":"scroll","background-type":"","background-media":"","overlay-type":"","overlay-color":"","overlay-opacity":"","overlay-gradient":""},"tablet":{"background-color":"","background-image":"","background-repeat":"repeat","background-position":"center center","background-size":"auto","background-attachment":"scroll","background-type":"","background-media":"","overlay-type":"","overlay-color":"","overlay-opacity":"","overlay-gradient":""},"mobile":{"background-color":"","background-image":"","background-repeat":"repeat","background-position":"center center","background-size":"auto","background-attachment":"scroll","background-type":"","background-media":"","overlay-type":"","overlay-color":"","overlay-opacity":"","overlay-gradient":""}},"ast-content-background-meta":{"desktop":{"background-color":"var(--ast-global-color-5)","background-image":"","background-repeat":"repeat","background-position":"center center","background-size":"auto","background-attachment":"scroll","background-type":"","background-media":"","overlay-type":"","overlay-color":"","overlay-opacity":"","overlay-gradient":""},"tablet":{"background-color":"var(--ast-global-color-5)","background-image":"","background-repeat":"repeat","background-position":"center center","background-size":"auto","background-attachment":"scroll","background-type":"","background-media":"","overlay-type":"","overlay-color":"","overlay-opacity":"","overlay-gradient":""},"mobile":{"background-color":"var(--ast-global-color-5)","background-image":"","background-repeat":"repeat","background-position":"center center","background-size":"auto","background-attachment":"scroll","background-type":"","background-media":"","overlay-type":"","overlay-color":"","overlay-opacity":"","overlay-gradient":""}},"footnotes":""},"wf_page_folders":[28],"class_list":["post-3735","page","type-page","status-publish","hentry"],"_links":{"self":[{"href":"https:\/\/www.sngenealogie.ch\/wp\/wp-json\/wp\/v2\/pages\/3735","targetHints":{"allow":["GET"]}}],"collection":[{"href":"https:\/\/www.sngenealogie.ch\/wp\/wp-json\/wp\/v2\/pages"}],"about":[{"href":"https:\/\/www.sngenealogie.ch\/wp\/wp-json\/wp\/v2\/types\/page"}],"author":[{"embeddable":true,"href":"https:\/\/www.sngenealogie.ch\/wp\/wp-json\/wp\/v2\/users\/1"}],"replies":[{"embeddable":true,"href":"https:\/\/www.sngenealogie.ch\/wp\/wp-json\/wp\/v2\/comments?post=3735"}],"version-history":[{"count":15,"href":"https:\/\/www.sngenealogie.ch\/wp\/wp-json\/wp\/v2\/pages\/3735\/revisions"}],"predecessor-version":[{"id":7032,"href":"https:\/\/www.sngenealogie.ch\/wp\/wp-json\/wp\/v2\/pages\/3735\/revisions\/7032"}],"up":[{"embeddable":true,"href":"https:\/\/www.sngenealogie.ch\/wp\/wp-json\/wp\/v2\/pages\/2865"}],"wp:attachment":[{"href":"https:\/\/www.sngenealogie.ch\/wp\/wp-json\/wp\/v2\/media?parent=3735"}],"wp:term":[{"taxonomy":"wf_page_folders","embeddable":true,"href":"https:\/\/www.sngenealogie.ch\/wp\/wp-json\/wp\/v2\/wf_page_folders?post=3735"}],"curies":[{"name":"wp","href":"https:\/\/api.w.org\/{rel}","templated":true}]}}