{"id":3975,"date":"2021-05-01T19:36:54","date_gmt":"2021-05-01T17:36:54","guid":{"rendered":"https:\/\/www.sngenealogie.ch\/wp\/?page_id=3975"},"modified":"2021-06-13T19:10:06","modified_gmt":"2021-06-13T17:10:06","slug":"descendance-comtes-de-neuchatel","status":"publish","type":"page","link":"https:\/\/www.sngenealogie.ch\/wp\/bulletins\/bulletin-14\/descendance-comtes-de-neuchatel\/","title":{"rendered":"Descendance comtes de Neuch\u00e2tel"},"content":{"rendered":"\t\t<div data-elementor-type=\"wp-page\" data-elementor-id=\"3975\" class=\"elementor elementor-3975\">\n\t\t\t\t\t\t<section class=\"elementor-section elementor-top-section elementor-element elementor-element-55c64971 elementor-section-boxed elementor-section-height-default elementor-section-height-default\" data-id=\"55c64971\" data-element_type=\"section\" data-e-type=\"section\" data-settings=\"{&quot;background_background&quot;:&quot;gradient&quot;}\">\n\t\t\t\t\t\t<div class=\"elementor-container elementor-column-gap-no\">\n\t\t\t\t\t<div class=\"elementor-column elementor-col-100 elementor-top-column elementor-element elementor-element-6b4f148d\" data-id=\"6b4f148d\" data-element_type=\"column\" data-e-type=\"column\">\n\t\t\t<div class=\"elementor-widget-wrap elementor-element-populated\">\n\t\t\t\t\t\t<div class=\"elementor-element elementor-element-12cb9712 elementor-widget elementor-widget-heading\" data-id=\"12cb9712\" data-element_type=\"widget\" data-e-type=\"widget\" data-widget_type=\"heading.default\">\n\t\t\t\t<div class=\"elementor-widget-container\">\n\t\t\t\t\t<h5 class=\"elementor-heading-title elementor-size-default\">Bulletin 14 \/ Et\u00e9 2000<\/h5>\t\t\t\t<\/div>\n\t\t\t\t<\/div>\n\t\t\t\t<div class=\"elementor-element elementor-element-48359de0 elementor-widget elementor-widget-heading\" data-id=\"48359de0\" data-element_type=\"widget\" data-e-type=\"widget\" data-widget_type=\"heading.default\">\n\t\t\t\t<div class=\"elementor-widget-container\">\n\t\t\t\t\t<h1 class=\"elementor-heading-title elementor-size-default\">Descendance comtes de Neuch\u00e2tel<\/h1>\t\t\t\t<\/div>\n\t\t\t\t<\/div>\n\t\t\t\t\t<\/div>\n\t\t<\/div>\n\t\t\t\t\t<\/div>\n\t\t<\/section>\n\t\t\t\t<section class=\"elementor-section elementor-top-section elementor-element elementor-element-5c03c627 elementor-section-boxed elementor-section-height-default elementor-section-height-default\" data-id=\"5c03c627\" data-element_type=\"section\" data-e-type=\"section\">\n\t\t\t\t\t\t<div class=\"elementor-container elementor-column-gap-default\">\n\t\t\t\t\t<div class=\"elementor-column elementor-col-100 elementor-top-column elementor-element elementor-element-6c155721\" data-id=\"6c155721\" data-element_type=\"column\" data-e-type=\"column\">\n\t\t\t<div class=\"elementor-widget-wrap elementor-element-populated\">\n\t\t\t\t\t\t<div class=\"elementor-element elementor-element-8e731e1 elementor-widget elementor-widget-heading\" data-id=\"8e731e1\" data-element_type=\"widget\" data-e-type=\"widget\" data-widget_type=\"heading.default\">\n\t\t\t\t<div class=\"elementor-widget-container\">\n\t\t\t\t\t<h2 class=\"elementor-heading-title elementor-size-default\">Descendances des comtes de Neuch\u00e2tel depuis Jannin le b\u00e2tard du Seigneur Am\u00e9d\u00e9e die Amey<\/h2>\t\t\t\t<\/div>\n\t\t\t\t<\/div>\n\t\t\t\t<div class=\"elementor-element elementor-element-d6649ac elementor-widget elementor-widget-heading\" data-id=\"d6649ac\" data-element_type=\"widget\" data-e-type=\"widget\" data-widget_type=\"heading.default\">\n\t\t\t\t<div class=\"elementor-widget-container\">\n\t\t\t\t\t<h3 class=\"elementor-heading-title elementor-size-default\">Descendance donnant une branche de la famille Gorgerat<\/h3>\t\t\t\t<\/div>\n\t\t\t\t<\/div>\n\t\t\t\t<div class=\"elementor-element elementor-element-d485053 elementor-widget elementor-widget-heading\" data-id=\"d485053\" data-element_type=\"widget\" data-e-type=\"widget\" data-widget_type=\"heading.default\">\n\t\t\t\t<div class=\"elementor-widget-container\">\n\t\t\t\t\t<h4 class=\"elementor-heading-title elementor-size-default\">par Pierre-Arnold Borel avec les compl\u00e9ments d'Olivier Clottu et de Georges Fallet<\/h4>\t\t\t\t<\/div>\n\t\t\t\t<\/div>\n\t\t\t\t<div class=\"elementor-element elementor-element-5e0628d elementor-widget elementor-widget-spacer\" data-id=\"5e0628d\" data-element_type=\"widget\" data-e-type=\"widget\" data-widget_type=\"spacer.default\">\n\t\t\t\t<div class=\"elementor-widget-container\">\n\t\t\t\t\t\t\t<div class=\"elementor-spacer\">\n\t\t\t<div class=\"elementor-spacer-inner\"><\/div>\n\t\t<\/div>\n\t\t\t\t\t\t<\/div>\n\t\t\t\t<\/div>\n\t\t\t\t<div class=\"elementor-element elementor-element-4899602 elementor-widget elementor-widget-text-editor\" data-id=\"4899602\" data-element_type=\"widget\" data-e-type=\"widget\" data-widget_type=\"text-editor.default\">\n\t\t\t\t<div class=\"elementor-widget-container\">\n\t\t\t\t\t\t\t\t\t<h4>Perrette fille de Jannin le bastard.<\/h4><p>Elle est petite-fille d&rsquo;Amey de Neufchastel. <em>Isabelle comtesse de Neufchastel d\u00e9c\u00e9dera en 1395, mais, auparavant, le 1er avril 1375 elle a lib\u00e9r\u00e9 sa parente Perrette de l&rsquo;obligation d&rsquo;entretenir un sergent au ch\u00e2teau de Thielle. Elle lui accorde aussi des champs, pr\u00e9s et ouches dans la chastellenie de Thi\u00e8le. Isabelle comtesse de Neuch\u00e2tel, est fille du comte Louys, le fils de Rollin V qui \u00e9tait fils d&rsquo;Am\u00e9d\u00e9e. Elle \u00e9tait l\u2019arri\u00e8re-petite-fille du dit Am\u00e9d\u00e9e seigneur de Neuch\u00e2tel Isabelle a \u00e9pous\u00e9 Rodolphe IV de Nidau.<\/em><\/p><p>Perrette, dite aussi Pernette, a \u00e9pous\u00e9<\/p><h4>II.\u00a0Jehan Brunier\u00a0<\/h4><p>surnomm\u00e9 \u00ab\u00a0le prince\u00a0\u00bb; homme command du comte de Neuch\u00e2tel. Il \u00e9pouse Nycole Aciez d&rsquo;Hauterive.<\/p><h4>III.\u00a0Jehannerod\u00a0le Prince<\/h4><p>Jehannerod le Prince bourgeois de Neuch\u00e2tel. Il est cit\u00e9 \u00e0 Saint-Biaise le 31 mars 1431; son \u00e9pouse est\u00a0Juveta Clotuz la fille de Jehan, de d&rsquo;Alexon. Elle est cit\u00e9e le 2 avril 1477. Leurs enfants sont:<\/p><ul><li>Guillaume, ligne directe<\/li><li>Jaques<\/li><li>Humbert<\/li><li>Pierre<\/li><\/ul><h4>IV.\u00a0Guillaume\u00a0Prince dit Jehannerod<\/h4><p>Guillaume Prince dit Jehannerod est l&rsquo;\u00e9poux\u00a0d&rsquo;Ursely de Confyans la fille de Claude, bourgeois de Soleure. Ils ont deux fils:\u00a0<\/p><ul><li>Andrey qui sera le tuteur des enfants de Jehan, son fr\u00e8re. Andrey a \u00e9pous\u00e9 Clauda Aubert, fille de Jaques le fils de Jehan, d&rsquo;Engollon.<\/li><li>Jehan, ligne directe<\/li><\/ul><h4>V.\u00a0Jehan Prince\u00a0<\/h4><p>Jehan Prince de Saint-Blaise, chastelain de Thielle; cit\u00e9 le 31 mars 1533; il est notaire; \u00ab\u00a0consid\u00e9rant sa d\u00e9bilit\u00e9, le 18 septembre 1564, teste en sa maison sise devant l&rsquo;\u00e9glise de Saint-Blaise\u00a0\u00bb. Sa premi\u00e8re femme est Perrenon Cunod, fille de feu Pierre, de Cornaux. Ils ont:<\/p><ul><li>Guillaume<\/li><li>Jehan<\/li><li>Jeanjaques<\/li><li>Daniel, ligne directe<\/li><li>Barbely<\/li><li>Sarah<\/li><\/ul><p>Veuf de Perrenon, Jehan Prince \u00e9pouse Perrenettte Chiffelle dit Perrin, fille de Jehan. Elle-m\u00eame sera veuve de Jehan\u00a0Prince et se remariera avec Vuillemin Aubry, de Saignel\u00e9gier.<\/p><h4>VI.\u00a0Daniel Prince<\/h4><p>Daniel Prince est notaire. Le 10 avril 1566 il a un premier diff\u00e9rend avec ses fr\u00e8res et soeurs au sujet des biens de famille, puis suivra un proc\u00e8s \u00e0 ce sujet en date du 7 avril 1574. Le nom de son \u00e9pouse ne nous est pas connu. Son fils est Jehan, ligne directe.<\/p><h4>VII.\u00a0Jehan Prince<\/h4><p>Jehan Prince est fils de Daniel. Il est notaire. Il passe reconnaissance de ses biens le 28 avril 1609. Il mourra avant 1625. Il a d&rsquo;abord \u00e9pous\u00e9 Marguerite Dardel fille de Pierre, de Saint-Blaise, mais elle meurt avant le 18 d\u00e9cembre 1589. Veuf, Jehan se remarie avec\u00a0Barbely Favarger fille de J\u00e9r\u00e9mie, bourgeois de Neuch\u00e2tel, fils de Pierre, et de Jehannette Thonney,\u00a0dont :<\/p><ul><li>Rose, ligne directe<\/li><li>Jehan<\/li><li>Daniel<\/li><li>Sim\u00e9on<\/li><li>Pierre.<\/li><\/ul><h4>VIII.\u00a0Rose Prince<\/h4><p>Rose Prince communi\u00e8re de Saint-Blaise, village o\u00f9 elle \u00e9pouse, le 4 janvier 1625, Jehan Elzinguer, le fils de feu Jehan, bourgeois de Zurich, \u00e9tabli ma\u00eetre-meunier \u00e0 Saint-Aubin en la B\u00e9roche.<\/p><h4>IX.\u00a0Jeanjaques Elzingre\u00a0<\/h4><p>Jeanjaques Elzingre bourgeois de Zurich, maistre-meunier \u00e0 Saint-Aubin; cite en 1661. Il \u00e9pouse\u00a0Elisabeth Dubois, fille de David, de Saint-Aubin, et de Marie Bonin de Gen\u00e8ve.<\/p><h4>X.\u00a0Jeanne Marie Elzingre\u00a0<\/h4><p>Jeanne Marie Elzingre est n\u00e9e en 1653 et morte en 1726. En 1675 elle \u00e9pouse Abraham Bizard dit le Jeune, de Bevaix, ma\u00eetre-cordonnier.<\/p><h4>XI.\u00a0Jean Bizard\u00a0<\/h4><p>Jean Bizard n\u00e9 \u00e0 Bevaix en 1682; deviendra gouverneur de ce village et, en 1714, \u00e9pousera Marguerite Henry, 1688-1762, de Cortaillod.<\/p><h4>XII.\u00a0Jean Pierre Bizard\u00a0<\/h4><p>Jean Pierre Bizard 1724-1805; communier de Bevaix; qui \u00e9pouse Susanne Marie Gosset 1726-1779; de Bevaix.<\/p><h4>XIII.\u00a0Madelaine Bizard\u00a0<\/h4><p>Madelaine Bizard est n\u00e9e en 1757, fille de Jean-Pierre. Elle \u00e9pouse Pierre David Bourquin, n\u00e9 en 1765; de Gorgier.<\/p><h4>XIV.\u00a0Susette Sophie Bourquin\u00a0<\/h4><p>Susette Sophie Bourquin 1799-1860, fille de Pierre-David, \u00e9pouse Fran\u00e7ois-Louis Gorgerat 1801-1831, bourgeois de Boudry.<\/p><h4>XV.\u00a0David Fr\u00e9d\u00e9ric Gorgerat\u00a0<\/h4><p>David Fr\u00e9d\u00e9ric Gorgerat 1828-1894; artiste-graveur sur or. Il a \u00e9pous\u00e9 Marie-Philippine Mi\u00e9ville 1825-1908, de Colombier.<\/p><h4>XVI.\u00a0Fanny\u00a0Louise Gorgerat\u00a0<\/h4><p>Fanny\u00a0Louise Gorgerat fille de David Fr\u00e9d\u00e9ric graveur de bo\u00eetes de montres en or. N\u00e9e \u00e0 Boudry en 1851, d\u00e9c\u00e9d\u00e9e \u00e0 Peseux en 1913 au 7 de la rue de Corcelles. Elle re\u00e7oit, le 19 mars 1868, un passeport lui permettant de se rendre en Allemagne comme gouvernante d&rsquo;enfants et institutrice francophone. En 1870, dame de compagnie de jeunes filles \u00e0 Varsovie, elle contracte le typhus. De retour en Suisse, elle \u00e9pouse Jules Ami Jeanneret-Grosjean, fils de Jean Samuel, du Locle, aux Eplatures. Ils ont :<\/p><ul><li>Jean Samuel 1878-1958; pasteur<\/li><li>Fr\u00e9d\u00e9ric-Louis 1880-1917<\/li><li>Mathilde 1886-1965.<\/li><\/ul>\t\t\t\t\t\t\t\t<\/div>\n\t\t\t\t<\/div>\n\t\t\t\t<div class=\"elementor-element elementor-element-1a2caf2 elementor-widget elementor-widget-heading\" data-id=\"1a2caf2\" data-element_type=\"widget\" data-e-type=\"widget\" data-widget_type=\"heading.default\">\n\t\t\t\t<div class=\"elementor-widget-container\">\n\t\t\t\t\t<h3 class=\"elementor-heading-title elementor-size-default\">Compl\u00e9ments d'apr\u00e8s les textes d'Olivier Clottu et de Georges Fallet<\/h3>\t\t\t\t<\/div>\n\t\t\t\t<\/div>\n\t\t\t\t<div class=\"elementor-element elementor-element-097eb09 elementor-widget elementor-widget-text-editor\" data-id=\"097eb09\" data-element_type=\"widget\" data-e-type=\"widget\" data-widget_type=\"text-editor.default\">\n\t\t\t\t<div class=\"elementor-widget-container\">\n\t\t\t\t\t\t\t\t\t<p>\u00ab\u00a0Le 11 de janvier 1688 par devant David Girard commissaire, de Savagnier, honorable et prudent jur\u00e9 en la justice de Saint-Blaise, G\u00e9d\u00e9on Prince fils de feu Jean Jaques qui \u00e9toit fils de Jean Jaques fils de Jehan fils de Guillaume fils de Jeannerod fils de Jehan Prince Bourgeois de Neuchastel, reconnaist poss\u00e9der Sus les Plances \u00e0 Marin la moiti\u00e9 de joran d&rsquo;une pose de terre lequelle pi\u00e8ce avec plusieurs autres avait \u00e9t\u00e9 donn\u00e9e \u00e0 Jeannin Bastard du comte Am\u00e9d\u00e9e dit Amey de Neufchastel qui en ceste consid\u00e9ration estoit oblig\u00e9 de tenir un sergent au Pont de Thielle dont Madame Isabelle comptesse de Neufchastel femme du dit seigneur Amey en passa quittance \u00e0 Perrenette fille du dit Jeannin, jadis mari\u00e9e \u00e0 un pr\u00e9d\u00e9cesseur des Prince dit Lahire, partant, en vertu de la dite quittance, elle se trouve estre franche de ceux et de toutes autres charges et servitudes \u2026\u00a0\u00bb <\/p><p>\u00ab\u00a0Le 1er avril 1375 Isabelle comtesse de Neufchastel lib\u00e8re de l&rsquo;obligation d&rsquo;entretenir un sergent au chasteau de Thielle. Perrenette fille de Jannin le bastard d&rsquo;Am\u00e9d\u00e9e seigneur de Neufchastel \u00e0 qui elle avoit accord\u00e9 champs, pr\u00e9s et ouches dans la Chastelainie. Les\u00a0 petits-fils de Perrenette fils de Jehannerod Brunier aultrement le Prince, hommes commands reconnurent leurs biens \u00e0 Saint-Blaise en 1434. <\/p><p>De ses descendants seul Jehan fils de Guillaume eut une post\u00e9rit\u00e9 connue. Jaquet Prince fut un violent adversaire du r\u00e9formateur Guillaume Farel. La descendance de Jaquet prend le nom de Prince dit Lahire.<\/p>\t\t\t\t\t\t\t\t<\/div>\n\t\t\t\t<\/div>\n\t\t\t\t\t<\/div>\n\t\t<\/div>\n\t\t\t\t\t<\/div>\n\t\t<\/section>\n\t\t\t\t<section class=\"elementor-section elementor-top-section elementor-element elementor-element-26936d79 elementor-section-boxed elementor-section-height-default elementor-section-height-default\" data-id=\"26936d79\" data-element_type=\"section\" data-e-type=\"section\">\n\t\t\t\t\t\t<div class=\"elementor-container elementor-column-gap-default\">\n\t\t\t\t\t<div class=\"elementor-column elementor-col-33 elementor-top-column elementor-element elementor-element-345af53c\" data-id=\"345af53c\" data-element_type=\"column\" data-e-type=\"column\">\n\t\t\t<div class=\"elementor-widget-wrap elementor-element-populated\">\n\t\t\t\t\t\t<div class=\"elementor-element elementor-element-7e8e4557 elementor-widget elementor-widget-button\" data-id=\"7e8e4557\" data-element_type=\"widget\" data-e-type=\"widget\" data-widget_type=\"button.default\">\n\t\t\t\t<div class=\"elementor-widget-container\">\n\t\t\t\t\t\t\t\t\t<div class=\"elementor-button-wrapper\">\n\t\t\t\t\t<a class=\"elementor-button elementor-button-link elementor-size-sm\" href=\"https:\/\/www.sngenealogie.ch\/wp\/bulletins\/bulletin-14\/president-bulletin-14\/\">\n\t\t\t\t\t\t<span class=\"elementor-button-content-wrapper\">\n\t\t\t\t\t\t<span class=\"elementor-button-icon\">\n\t\t\t\t<i aria-hidden=\"true\" class=\"fas fa-arrow-left\"><\/i>\t\t\t<\/span>\n\t\t\t\t\t\t\t\t\t<span class=\"elementor-button-text\">Article pr\u00e9c\u00e9dent<\/span>\n\t\t\t\t\t<\/span>\n\t\t\t\t\t<\/a>\n\t\t\t\t<\/div>\n\t\t\t\t\t\t\t\t<\/div>\n\t\t\t\t<\/div>\n\t\t\t\t\t<\/div>\n\t\t<\/div>\n\t\t\t\t<div class=\"elementor-column elementor-col-33 elementor-top-column elementor-element elementor-element-2fbf8fba\" data-id=\"2fbf8fba\" data-element_type=\"column\" data-e-type=\"column\">\n\t\t\t<div class=\"elementor-widget-wrap elementor-element-populated\">\n\t\t\t\t\t\t<div class=\"elementor-element elementor-element-2e4166cc elementor-align-center elementor-widget elementor-widget-button\" data-id=\"2e4166cc\" data-element_type=\"widget\" data-e-type=\"widget\" data-widget_type=\"button.default\">\n\t\t\t\t<div class=\"elementor-widget-container\">\n\t\t\t\t\t\t\t\t\t<div class=\"elementor-button-wrapper\">\n\t\t\t\t\t<a class=\"elementor-button elementor-button-link elementor-size-sm\" href=\"https:\/\/www.sngenealogie.ch\/wp\/bulletins\/bulletin-14\/\">\n\t\t\t\t\t\t<span class=\"elementor-button-content-wrapper\">\n\t\t\t\t\t\t<span class=\"elementor-button-icon\">\n\t\t\t\t<i aria-hidden=\"true\" class=\"fas fa-arrow-up\"><\/i>\t\t\t<\/span>\n\t\t\t\t\t\t\t\t\t<span class=\"elementor-button-text\">Bulletin 14<\/span>\n\t\t\t\t\t<\/span>\n\t\t\t\t\t<\/a>\n\t\t\t\t<\/div>\n\t\t\t\t\t\t\t\t<\/div>\n\t\t\t\t<\/div>\n\t\t\t\t\t<\/div>\n\t\t<\/div>\n\t\t\t\t<div class=\"elementor-column elementor-col-33 elementor-top-column elementor-element elementor-element-4fd9938d\" data-id=\"4fd9938d\" data-element_type=\"column\" data-e-type=\"column\">\n\t\t\t<div class=\"elementor-widget-wrap elementor-element-populated\">\n\t\t\t\t\t\t<div class=\"elementor-element elementor-element-2d0e5b49 elementor-align-right elementor-widget elementor-widget-button\" data-id=\"2d0e5b49\" data-element_type=\"widget\" data-e-type=\"widget\" data-widget_type=\"button.default\">\n\t\t\t\t<div class=\"elementor-widget-container\">\n\t\t\t\t\t\t\t\t\t<div class=\"elementor-button-wrapper\">\n\t\t\t\t\t<a class=\"elementor-button elementor-button-link elementor-size-sm\" href=\"https:\/\/www.sngenealogie.ch\/wp\/bulletins\/bulletin-14\/relations-entre-mulhouse-et-neuchatel\/\">\n\t\t\t\t\t\t<span class=\"elementor-button-content-wrapper\">\n\t\t\t\t\t\t<span class=\"elementor-button-icon\">\n\t\t\t\t<i aria-hidden=\"true\" class=\"fas fa-arrow-right\"><\/i>\t\t\t<\/span>\n\t\t\t\t\t\t\t\t\t<span class=\"elementor-button-text\">Article suivant<\/span>\n\t\t\t\t\t<\/span>\n\t\t\t\t\t<\/a>\n\t\t\t\t<\/div>\n\t\t\t\t\t\t\t\t<\/div>\n\t\t\t\t<\/div>\n\t\t\t\t\t<\/div>\n\t\t<\/div>\n\t\t\t\t\t<\/div>\n\t\t<\/section>\n\t\t\t\t<\/div>\n\t\t","protected":false},"excerpt":{"rendered":"<p>Bulletin 14 \/ Et\u00e9 2000 Descendance comtes de Neuch\u00e2tel Descendances des comtes de Neuch\u00e2tel depuis Jannin le b\u00e2tard du Seigneur [&hellip;]<\/p>\n","protected":false},"author":1,"featured_media":0,"parent":2847,"menu_order":0,"comment_status":"closed","ping_status":"closed","template":"","meta":{"site-sidebar-layout":"no-sidebar","site-content-layout":"page-builder","ast-site-content-layout":"default","site-content-style":"default","site-sidebar-style":"default","ast-global-header-display":"","ast-banner-title-visibility":"","ast-main-header-display":"","ast-hfb-above-header-display":"","ast-hfb-below-header-display":"","ast-hfb-mobile-header-display":"","site-post-title":"disabled","ast-breadcrumbs-content":"","ast-featured-img":"disabled","footer-sml-layout":"","ast-disable-related-posts":"","theme-transparent-header-meta":"default","adv-header-id-meta":"","stick-header-meta":"","header-above-stick-meta":"","header-main-stick-meta":"","header-below-stick-meta":"","astra-migrate-meta-layouts":"default","ast-page-background-enabled":"default","ast-page-background-meta":{"desktop":{"background-color":"","background-image":"","background-repeat":"repeat","background-position":"center center","background-size":"auto","background-attachment":"scroll","background-type":"","background-media":"","overlay-type":"","overlay-color":"","overlay-opacity":"","overlay-gradient":""},"tablet":{"background-color":"","background-image":"","background-repeat":"repeat","background-position":"center center","background-size":"auto","background-attachment":"scroll","background-type":"","background-media":"","overlay-type":"","overlay-color":"","overlay-opacity":"","overlay-gradient":""},"mobile":{"background-color":"","background-image":"","background-repeat":"repeat","background-position":"center center","background-size":"auto","background-attachment":"scroll","background-type":"","background-media":"","overlay-type":"","overlay-color":"","overlay-opacity":"","overlay-gradient":""}},"ast-content-background-meta":{"desktop":{"background-color":"var(--ast-global-color-5)","background-image":"","background-repeat":"repeat","background-position":"center center","background-size":"auto","background-attachment":"scroll","background-type":"","background-media":"","overlay-type":"","overlay-color":"","overlay-opacity":"","overlay-gradient":""},"tablet":{"background-color":"var(--ast-global-color-5)","background-image":"","background-repeat":"repeat","background-position":"center center","background-size":"auto","background-attachment":"scroll","background-type":"","background-media":"","overlay-type":"","overlay-color":"","overlay-opacity":"","overlay-gradient":""},"mobile":{"background-color":"var(--ast-global-color-5)","background-image":"","background-repeat":"repeat","background-position":"center center","background-size":"auto","background-attachment":"scroll","background-type":"","background-media":"","overlay-type":"","overlay-color":"","overlay-opacity":"","overlay-gradient":""}},"footnotes":""},"wf_page_folders":[31],"class_list":["post-3975","page","type-page","status-publish","hentry"],"_links":{"self":[{"href":"https:\/\/www.sngenealogie.ch\/wp\/wp-json\/wp\/v2\/pages\/3975","targetHints":{"allow":["GET"]}}],"collection":[{"href":"https:\/\/www.sngenealogie.ch\/wp\/wp-json\/wp\/v2\/pages"}],"about":[{"href":"https:\/\/www.sngenealogie.ch\/wp\/wp-json\/wp\/v2\/types\/page"}],"author":[{"embeddable":true,"href":"https:\/\/www.sngenealogie.ch\/wp\/wp-json\/wp\/v2\/users\/1"}],"replies":[{"embeddable":true,"href":"https:\/\/www.sngenealogie.ch\/wp\/wp-json\/wp\/v2\/comments?post=3975"}],"version-history":[{"count":18,"href":"https:\/\/www.sngenealogie.ch\/wp\/wp-json\/wp\/v2\/pages\/3975\/revisions"}],"predecessor-version":[{"id":7311,"href":"https:\/\/www.sngenealogie.ch\/wp\/wp-json\/wp\/v2\/pages\/3975\/revisions\/7311"}],"up":[{"embeddable":true,"href":"https:\/\/www.sngenealogie.ch\/wp\/wp-json\/wp\/v2\/pages\/2847"}],"wp:attachment":[{"href":"https:\/\/www.sngenealogie.ch\/wp\/wp-json\/wp\/v2\/media?parent=3975"}],"wp:term":[{"taxonomy":"wf_page_folders","embeddable":true,"href":"https:\/\/www.sngenealogie.ch\/wp\/wp-json\/wp\/v2\/wf_page_folders?post=3975"}],"curies":[{"name":"wp","href":"https:\/\/api.w.org\/{rel}","templated":true}]}}