{"id":4024,"date":"2021-05-02T11:21:31","date_gmt":"2021-05-02T09:21:31","guid":{"rendered":"https:\/\/www.sngenealogie.ch\/wp\/?page_id=4024"},"modified":"2021-06-27T11:33:17","modified_gmt":"2021-06-27T09:33:17","slug":"tel-pere-tel-fils","status":"publish","type":"page","link":"https:\/\/www.sngenealogie.ch\/wp\/bulletins\/bulletin-14\/tel-pere-tel-fils\/","title":{"rendered":"Tel p\u00e8re &#8211; tel fils"},"content":{"rendered":"\t\t<div data-elementor-type=\"wp-page\" data-elementor-id=\"4024\" class=\"elementor elementor-4024\">\n\t\t\t\t\t\t<section class=\"elementor-section elementor-top-section elementor-element elementor-element-60e7af5a elementor-section-boxed elementor-section-height-default elementor-section-height-default\" data-id=\"60e7af5a\" data-element_type=\"section\" data-e-type=\"section\" data-settings=\"{&quot;background_background&quot;:&quot;gradient&quot;}\">\n\t\t\t\t\t\t<div class=\"elementor-container elementor-column-gap-no\">\n\t\t\t\t\t<div class=\"elementor-column elementor-col-100 elementor-top-column elementor-element elementor-element-49ea6d1e\" data-id=\"49ea6d1e\" data-element_type=\"column\" data-e-type=\"column\">\n\t\t\t<div class=\"elementor-widget-wrap elementor-element-populated\">\n\t\t\t\t\t\t<div class=\"elementor-element elementor-element-7990dba5 elementor-widget elementor-widget-heading\" data-id=\"7990dba5\" data-element_type=\"widget\" data-e-type=\"widget\" data-widget_type=\"heading.default\">\n\t\t\t\t<div class=\"elementor-widget-container\">\n\t\t\t\t\t<h5 class=\"elementor-heading-title elementor-size-default\">Bulletin 14 \/ Et\u00e9 2000<\/h5>\t\t\t\t<\/div>\n\t\t\t\t<\/div>\n\t\t\t\t<div class=\"elementor-element elementor-element-5ea6bc44 elementor-widget elementor-widget-heading\" data-id=\"5ea6bc44\" data-element_type=\"widget\" data-e-type=\"widget\" data-widget_type=\"heading.default\">\n\t\t\t\t<div class=\"elementor-widget-container\">\n\t\t\t\t\t<h1 class=\"elementor-heading-title elementor-size-default\">Tel p\u00e8re - tel fils<\/h1>\t\t\t\t<\/div>\n\t\t\t\t<\/div>\n\t\t\t\t\t<\/div>\n\t\t<\/div>\n\t\t\t\t\t<\/div>\n\t\t<\/section>\n\t\t\t\t<section class=\"elementor-section elementor-top-section elementor-element elementor-element-26786443 elementor-section-boxed elementor-section-height-default elementor-section-height-default\" data-id=\"26786443\" data-element_type=\"section\" data-e-type=\"section\">\n\t\t\t\t\t\t<div class=\"elementor-container elementor-column-gap-default\">\n\t\t\t\t\t<div class=\"elementor-column elementor-col-100 elementor-top-column elementor-element elementor-element-549688d5\" data-id=\"549688d5\" data-element_type=\"column\" data-e-type=\"column\">\n\t\t\t<div class=\"elementor-widget-wrap elementor-element-populated\">\n\t\t\t\t\t\t<div class=\"elementor-element elementor-element-857982f elementor-widget elementor-widget-heading\" data-id=\"857982f\" data-element_type=\"widget\" data-e-type=\"widget\" data-widget_type=\"heading.default\">\n\t\t\t\t<div class=\"elementor-widget-container\">\n\t\t\t\t\t<h2 class=\"elementor-heading-title elementor-size-default\">Tel p\u00e8re - tel fils, ou petite musique de g\u00e9n\u00e9alogie<\/h2>\t\t\t\t<\/div>\n\t\t\t\t<\/div>\n\t\t\t\t<div class=\"elementor-element elementor-element-f9594f3 elementor-widget elementor-widget-heading\" data-id=\"f9594f3\" data-element_type=\"widget\" data-e-type=\"widget\" data-widget_type=\"heading.default\">\n\t\t\t\t<div class=\"elementor-widget-container\">\n\t\t\t\t\t<h4 class=\"elementor-heading-title elementor-size-default\">par Georges Fallet<\/h4>\t\t\t\t<\/div>\n\t\t\t\t<\/div>\n\t\t\t\t<div class=\"elementor-element elementor-element-bb8a380 elementor-widget elementor-widget-spacer\" data-id=\"bb8a380\" data-element_type=\"widget\" data-e-type=\"widget\" data-widget_type=\"spacer.default\">\n\t\t\t\t<div class=\"elementor-widget-container\">\n\t\t\t\t\t\t\t<div class=\"elementor-spacer\">\n\t\t\t<div class=\"elementor-spacer-inner\"><\/div>\n\t\t<\/div>\n\t\t\t\t\t\t<\/div>\n\t\t\t\t<\/div>\n\t\t\t\t<div class=\"elementor-element elementor-element-cc6de3d elementor-widget elementor-widget-text-editor\" data-id=\"cc6de3d\" data-element_type=\"widget\" data-e-type=\"widget\" data-widget_type=\"text-editor.default\">\n\t\t\t\t<div class=\"elementor-widget-container\">\n\t\t\t\t\t\t\t\t\t<p>XIV. Aim\u00e9 Henry FALLET (* Dombresson ma 28.01, b 09.02.1800 &#8211; + Dombresson o\u00f9 habite je. 05.08.1859 \u00e0 9h00; inh. 9 ao\u00fbt)<\/p><p>P\u00e8re: David Henry FALLET (12.10.1780 &#8211; . .18?)<br \/>M\u00e8re: Marie Anne JAQUET (20.08.1777 &#8211; 26.08.1831)<br \/>GPp.: Jean Pierre FALLET (b 03.01.1745 &#8211; inh. 13.04.1822), de Dombresson; ancien d&rsquo;\u00e9glise<br \/>GMp.: Anne Marie MOSSET (08.08.1745 &#8211; inh. 21.10.1807), de Villiers.<br \/>GPm.: David JAQUET (b . .17? -inh. . .1? ), du P\u00e2quier, (NE)<br \/>GMm.: Marie LOBLO (b . .17 -inh. . .1? ).<\/p><p>Selon Lettre d&rsquo;origine de Dombresson le 23.02.1816 &#8211; devant le notaire Josu\u00e9 SANDOZ (* 31.12.1768 , +15.09.1838; celui-l\u00e0 m\u00eame qui, aussi r\u00e9gent d&rsquo;\u00e9cole, se fit tancer pour trop faire l&rsquo;\u00e9cole buissonni\u00e8re!) [A.T. IL P 168] fut plac\u00e9 \u00e0 Witzwyll pour apprendre l&rsquo;allemand.<\/p><p>Or, selon DHBS (vol. VII p. 365) le domaine actuel de Witzwil, d&rsquo;une superficie d&rsquo;environ 1&rsquo;000\u00a0ha en 1934, situ\u00e9 sur la commune bernoise d&rsquo;Anet au district de Cerlier ainsi que sur la commune fribourgeoise de Gampelen au district du Lac, devrait son nom au notaire WITZ, de Cerlier, qui aurait acquis ces terrains mar\u00e9cageux mais rendus cultivables gr\u00e2ce \u00e0 la correction des eaux du Jura, en 1860, soit bien apr\u00e8s le placement de notre parent. De toute fa\u00e7on, rachet\u00e9 en 1891 par l&rsquo;Etat de Berne \u00e0 une tierce entreprise qui avait fait faillite en 1879, ce domaine fut d&rsquo;abord d\u00e9pendant, jusqu&rsquo;en 1895, de la maison de correction de Saint-Jean, avant d&rsquo;acqu\u00e9rir son autonomie.<\/p><p>Par contre, il est \u00e0 douter que les pensionnaires de cette \u00ab\u00a0Maison\u00a0\u00bb consid\u00e8rent comme un \u00ab\u00a0witz\u00a0\u00bb de s&rsquo;y trouver plac\u00e9s!<\/p><p>Pour ce qui est de notre parent Aim\u00e9 Henry FALLET, il est le plus souvent situ\u00e9 \u00e0 Renan (BE), o\u00f9 il exer\u00e7a la profession de charpentier, et o\u00f9 il se maria en 1829 avec Catherine SAUNIER (16.03.1804 &#8211; 28.05.1875), fille de Jean Henry SAUNIER, de Tavannes, et o\u00f9 la plupart de leurs enfants naquirent et furent baptis\u00e9s. M\u00eame qu&rsquo;il y est encore cit\u00e9 le 10.09.1852 lorsque la Commune bourgeoise de Renan lui vendit sept bancs de foire pour le prix de 347 francs et 83 centimes f\u00e9d\u00e9raux [Fonds Marius FALLET, carton 13]. Par la suite, et \u00e0 la date de son d\u00e9c\u00e8s, est cit\u00e9 comme cultivateur \u00e0 Dombresson.<\/p><p>Mais le plus surprenant est l&rsquo;un de ses fils cadets: Alfred FALLET (*Renan 11.05.1846 &#8211; + apr\u00e8s 1917, ann\u00e9e o\u00f9 il confectionna l&rsquo;un des deux \u00ab\u00a0violons Fallet\u00a0\u00bb, propri\u00e9t\u00e9s vers 1988 de Cousin Roland FALLET (*21.8.1917) domicili\u00e9 \u00e0 La Serraz, 74500 Evian] que j&rsquo;ai pu admirer!). Lequel Alfred Fallet, passe le plus souvent inaper\u00e7u parce qu&rsquo;il est toujours cit\u00e9 sous sa seule profession officielle d&rsquo;\u00e9b\u00e9niste.<\/p><p>Mais quelle \u00e9trange co\u00efncidence entre un p\u00e8re qui aurait appris l&rsquo;allemand \u00ab\u00a0au violon\u00a0\u00bb et un fils par la suite passionn\u00e9 par la lutherie! En ce qui me concerne, j&rsquo;y perd mes faibles notions de solf\u00e8ge, ce d&rsquo;autant plus que Cousin Roland d&rsquo;Evian m&rsquo;avait avou\u00e9 \u00eatre sur le point de racheter une contrebasse \u00e0 l&rsquo;ancien directeur du service commercial des CFF, Cousin <u>Edouard<\/u>-Marius FALLET (* 25.10.1904 &#8211; celui-ci \u00e9tant trop \u00e2g\u00e9 pour en jouer encore), lequel n&rsquo;est autre que l&rsquo;horloger-historien <u>Marius<\/u>-Edouard FALLET (Grenchen 17.12.1876 &#8211; La Chaux-de-Fonds 24.07.1957) ce dernier \u00e9tant cousin au quatri\u00e8me degr\u00e9 de Anna <u>Z\u00e9lie<\/u> FALLET (04.03.1919 &#8211; 21.05.1995), ma m\u00e8re.<\/p>\t\t\t\t\t\t\t\t<\/div>\n\t\t\t\t<\/div>\n\t\t\t\t\t<\/div>\n\t\t<\/div>\n\t\t\t\t\t<\/div>\n\t\t<\/section>\n\t\t\t\t<section class=\"elementor-section elementor-top-section elementor-element elementor-element-6a083f45 elementor-section-boxed elementor-section-height-default elementor-section-height-default\" data-id=\"6a083f45\" data-element_type=\"section\" data-e-type=\"section\">\n\t\t\t\t\t\t<div class=\"elementor-container elementor-column-gap-default\">\n\t\t\t\t\t<div class=\"elementor-column elementor-col-33 elementor-top-column elementor-element elementor-element-22b43256\" data-id=\"22b43256\" data-element_type=\"column\" data-e-type=\"column\">\n\t\t\t<div class=\"elementor-widget-wrap elementor-element-populated\">\n\t\t\t\t\t\t<div class=\"elementor-element elementor-element-48c2add0 elementor-widget elementor-widget-button\" data-id=\"48c2add0\" data-element_type=\"widget\" data-e-type=\"widget\" data-widget_type=\"button.default\">\n\t\t\t\t<div class=\"elementor-widget-container\">\n\t\t\t\t\t\t\t\t\t<div class=\"elementor-button-wrapper\">\n\t\t\t\t\t<a class=\"elementor-button elementor-button-link elementor-size-sm\" href=\"https:\/\/www.sngenealogie.ch\/wp\/bulletins\/bulletin-14\/louis-favre-etudiant-partie-1\/\">\n\t\t\t\t\t\t<span class=\"elementor-button-content-wrapper\">\n\t\t\t\t\t\t<span class=\"elementor-button-icon\">\n\t\t\t\t<i aria-hidden=\"true\" class=\"fas fa-arrow-left\"><\/i>\t\t\t<\/span>\n\t\t\t\t\t\t\t\t\t<span class=\"elementor-button-text\">Article pr\u00e9c\u00e9dent<\/span>\n\t\t\t\t\t<\/span>\n\t\t\t\t\t<\/a>\n\t\t\t\t<\/div>\n\t\t\t\t\t\t\t\t<\/div>\n\t\t\t\t<\/div>\n\t\t\t\t\t<\/div>\n\t\t<\/div>\n\t\t\t\t<div class=\"elementor-column elementor-col-33 elementor-top-column elementor-element elementor-element-795f2ab2\" data-id=\"795f2ab2\" data-element_type=\"column\" data-e-type=\"column\">\n\t\t\t<div class=\"elementor-widget-wrap elementor-element-populated\">\n\t\t\t\t\t\t<div class=\"elementor-element elementor-element-20804202 elementor-align-center elementor-widget elementor-widget-button\" data-id=\"20804202\" data-element_type=\"widget\" data-e-type=\"widget\" data-widget_type=\"button.default\">\n\t\t\t\t<div class=\"elementor-widget-container\">\n\t\t\t\t\t\t\t\t\t<div class=\"elementor-button-wrapper\">\n\t\t\t\t\t<a class=\"elementor-button elementor-button-link elementor-size-sm\" href=\"https:\/\/www.sngenealogie.ch\/wp\/bulletins\/bulletin-14\/\">\n\t\t\t\t\t\t<span class=\"elementor-button-content-wrapper\">\n\t\t\t\t\t\t<span class=\"elementor-button-icon\">\n\t\t\t\t<i aria-hidden=\"true\" class=\"fas fa-arrow-up\"><\/i>\t\t\t<\/span>\n\t\t\t\t\t\t\t\t\t<span class=\"elementor-button-text\">Bulletin 14<\/span>\n\t\t\t\t\t<\/span>\n\t\t\t\t\t<\/a>\n\t\t\t\t<\/div>\n\t\t\t\t\t\t\t\t<\/div>\n\t\t\t\t<\/div>\n\t\t\t\t\t<\/div>\n\t\t<\/div>\n\t\t\t\t<div class=\"elementor-column elementor-col-33 elementor-top-column elementor-element elementor-element-5a67ccf\" data-id=\"5a67ccf\" data-element_type=\"column\" data-e-type=\"column\">\n\t\t\t<div class=\"elementor-widget-wrap elementor-element-populated\">\n\t\t\t\t\t\t<div class=\"elementor-element elementor-element-171a6efb elementor-align-right elementor-widget elementor-widget-button\" data-id=\"171a6efb\" data-element_type=\"widget\" data-e-type=\"widget\" data-widget_type=\"button.default\">\n\t\t\t\t<div class=\"elementor-widget-container\">\n\t\t\t\t\t\t\t\t\t<div class=\"elementor-button-wrapper\">\n\t\t\t\t\t<a class=\"elementor-button elementor-button-link elementor-size-sm\" href=\"https:\/\/www.sngenealogie.ch\/wp\/bulletins\/bulletin-14\/bibliographie-elementaire\/\">\n\t\t\t\t\t\t<span class=\"elementor-button-content-wrapper\">\n\t\t\t\t\t\t<span class=\"elementor-button-icon\">\n\t\t\t\t<i aria-hidden=\"true\" class=\"fas fa-arrow-right\"><\/i>\t\t\t<\/span>\n\t\t\t\t\t\t\t\t\t<span class=\"elementor-button-text\">Article suivant<\/span>\n\t\t\t\t\t<\/span>\n\t\t\t\t\t<\/a>\n\t\t\t\t<\/div>\n\t\t\t\t\t\t\t\t<\/div>\n\t\t\t\t<\/div>\n\t\t\t\t\t<\/div>\n\t\t<\/div>\n\t\t\t\t\t<\/div>\n\t\t<\/section>\n\t\t\t\t<\/div>\n\t\t","protected":false},"excerpt":{"rendered":"<p>Bulletin 14 \/ Et\u00e9 2000 Tel p\u00e8re &#8211; tel fils Tel p\u00e8re &#8211; tel fils, ou petite musique de g\u00e9n\u00e9alogie [&hellip;]<\/p>\n","protected":false},"author":1,"featured_media":0,"parent":2847,"menu_order":0,"comment_status":"closed","ping_status":"closed","template":"","meta":{"site-sidebar-layout":"no-sidebar","site-content-layout":"page-builder","ast-site-content-layout":"default","site-content-style":"default","site-sidebar-style":"default","ast-global-header-display":"","ast-banner-title-visibility":"","ast-main-header-display":"","ast-hfb-above-header-display":"","ast-hfb-below-header-display":"","ast-hfb-mobile-header-display":"","site-post-title":"disabled","ast-breadcrumbs-content":"","ast-featured-img":"disabled","footer-sml-layout":"","ast-disable-related-posts":"","theme-transparent-header-meta":"default","adv-header-id-meta":"","stick-header-meta":"","header-above-stick-meta":"","header-main-stick-meta":"","header-below-stick-meta":"","astra-migrate-meta-layouts":"default","ast-page-background-enabled":"default","ast-page-background-meta":{"desktop":{"background-color":"","background-image":"","background-repeat":"repeat","background-position":"center center","background-size":"auto","background-attachment":"scroll","background-type":"","background-media":"","overlay-type":"","overlay-color":"","overlay-opacity":"","overlay-gradient":""},"tablet":{"background-color":"","background-image":"","background-repeat":"repeat","background-position":"center center","background-size":"auto","background-attachment":"scroll","background-type":"","background-media":"","overlay-type":"","overlay-color":"","overlay-opacity":"","overlay-gradient":""},"mobile":{"background-color":"","background-image":"","background-repeat":"repeat","background-position":"center center","background-size":"auto","background-attachment":"scroll","background-type":"","background-media":"","overlay-type":"","overlay-color":"","overlay-opacity":"","overlay-gradient":""}},"ast-content-background-meta":{"desktop":{"background-color":"var(--ast-global-color-5)","background-image":"","background-repeat":"repeat","background-position":"center center","background-size":"auto","background-attachment":"scroll","background-type":"","background-media":"","overlay-type":"","overlay-color":"","overlay-opacity":"","overlay-gradient":""},"tablet":{"background-color":"var(--ast-global-color-5)","background-image":"","background-repeat":"repeat","background-position":"center center","background-size":"auto","background-attachment":"scroll","background-type":"","background-media":"","overlay-type":"","overlay-color":"","overlay-opacity":"","overlay-gradient":""},"mobile":{"background-color":"var(--ast-global-color-5)","background-image":"","background-repeat":"repeat","background-position":"center center","background-size":"auto","background-attachment":"scroll","background-type":"","background-media":"","overlay-type":"","overlay-color":"","overlay-opacity":"","overlay-gradient":""}},"footnotes":""},"wf_page_folders":[31],"class_list":["post-4024","page","type-page","status-publish","hentry"],"_links":{"self":[{"href":"https:\/\/www.sngenealogie.ch\/wp\/wp-json\/wp\/v2\/pages\/4024","targetHints":{"allow":["GET"]}}],"collection":[{"href":"https:\/\/www.sngenealogie.ch\/wp\/wp-json\/wp\/v2\/pages"}],"about":[{"href":"https:\/\/www.sngenealogie.ch\/wp\/wp-json\/wp\/v2\/types\/page"}],"author":[{"embeddable":true,"href":"https:\/\/www.sngenealogie.ch\/wp\/wp-json\/wp\/v2\/users\/1"}],"replies":[{"embeddable":true,"href":"https:\/\/www.sngenealogie.ch\/wp\/wp-json\/wp\/v2\/comments?post=4024"}],"version-history":[{"count":15,"href":"https:\/\/www.sngenealogie.ch\/wp\/wp-json\/wp\/v2\/pages\/4024\/revisions"}],"predecessor-version":[{"id":7343,"href":"https:\/\/www.sngenealogie.ch\/wp\/wp-json\/wp\/v2\/pages\/4024\/revisions\/7343"}],"up":[{"embeddable":true,"href":"https:\/\/www.sngenealogie.ch\/wp\/wp-json\/wp\/v2\/pages\/2847"}],"wp:attachment":[{"href":"https:\/\/www.sngenealogie.ch\/wp\/wp-json\/wp\/v2\/media?parent=4024"}],"wp:term":[{"taxonomy":"wf_page_folders","embeddable":true,"href":"https:\/\/www.sngenealogie.ch\/wp\/wp-json\/wp\/v2\/wf_page_folders?post=4024"}],"curies":[{"name":"wp","href":"https:\/\/api.w.org\/{rel}","templated":true}]}}