{"id":4116,"date":"2021-05-02T12:12:10","date_gmt":"2021-05-02T10:12:10","guid":{"rendered":"https:\/\/www.sngenealogie.ch\/wp\/?page_id=4116"},"modified":"2021-07-04T15:31:46","modified_gmt":"2021-07-04T13:31:46","slug":"famille-grandjean","status":"publish","type":"page","link":"https:\/\/www.sngenealogie.ch\/wp\/bulletins\/bulletin-15\/famille-grandjean\/","title":{"rendered":"Famille Grandjean"},"content":{"rendered":"\t\t<div data-elementor-type=\"wp-page\" data-elementor-id=\"4116\" class=\"elementor elementor-4116\">\n\t\t\t\t\t\t<section class=\"elementor-section elementor-top-section elementor-element elementor-element-42497cdd elementor-section-boxed elementor-section-height-default elementor-section-height-default\" data-id=\"42497cdd\" data-element_type=\"section\" data-e-type=\"section\" data-settings=\"{&quot;background_background&quot;:&quot;gradient&quot;}\">\n\t\t\t\t\t\t<div class=\"elementor-container elementor-column-gap-no\">\n\t\t\t\t\t<div class=\"elementor-column elementor-col-100 elementor-top-column elementor-element elementor-element-7149a11c\" data-id=\"7149a11c\" data-element_type=\"column\" data-e-type=\"column\">\n\t\t\t<div class=\"elementor-widget-wrap elementor-element-populated\">\n\t\t\t\t\t\t<div class=\"elementor-element elementor-element-76092f62 elementor-widget elementor-widget-heading\" data-id=\"76092f62\" data-element_type=\"widget\" data-e-type=\"widget\" data-widget_type=\"heading.default\">\n\t\t\t\t<div class=\"elementor-widget-container\">\n\t\t\t\t\t<h5 class=\"elementor-heading-title elementor-size-default\">Bulletin 15 \/ D\u00e9cembre 2000<\/h5>\t\t\t\t<\/div>\n\t\t\t\t<\/div>\n\t\t\t\t<div class=\"elementor-element elementor-element-499bb0d2 elementor-widget elementor-widget-heading\" data-id=\"499bb0d2\" data-element_type=\"widget\" data-e-type=\"widget\" data-widget_type=\"heading.default\">\n\t\t\t\t<div class=\"elementor-widget-container\">\n\t\t\t\t\t<h1 class=\"elementor-heading-title elementor-size-default\">Famille Grandjean<\/h1>\t\t\t\t<\/div>\n\t\t\t\t<\/div>\n\t\t\t\t\t<\/div>\n\t\t<\/div>\n\t\t\t\t\t<\/div>\n\t\t<\/section>\n\t\t\t\t<section class=\"elementor-section elementor-top-section elementor-element elementor-element-6989dfac elementor-section-boxed elementor-section-height-default elementor-section-height-default\" data-id=\"6989dfac\" data-element_type=\"section\" data-e-type=\"section\">\n\t\t\t\t\t\t<div class=\"elementor-container elementor-column-gap-default\">\n\t\t\t\t\t<div class=\"elementor-column elementor-col-100 elementor-top-column elementor-element elementor-element-72b0f6e\" data-id=\"72b0f6e\" data-element_type=\"column\" data-e-type=\"column\">\n\t\t\t<div class=\"elementor-widget-wrap elementor-element-populated\">\n\t\t\t\t\t\t<div class=\"elementor-element elementor-element-6676378 elementor-widget elementor-widget-heading\" data-id=\"6676378\" data-element_type=\"widget\" data-e-type=\"widget\" data-widget_type=\"heading.default\">\n\t\t\t\t<div class=\"elementor-widget-container\">\n\t\t\t\t\t<h2 class=\"elementor-heading-title elementor-size-default\">Famille Grandjean, communi\u00e8re de Buttes<\/h2>\t\t\t\t<\/div>\n\t\t\t\t<\/div>\n\t\t\t\t<div class=\"elementor-element elementor-element-e998468 elementor-widget elementor-widget-heading\" data-id=\"e998468\" data-element_type=\"widget\" data-e-type=\"widget\" data-widget_type=\"heading.default\">\n\t\t\t\t<div class=\"elementor-widget-container\">\n\t\t\t\t\t<h2 class=\"elementor-heading-title elementor-size-default\">Branche \u00e9tablie dans les Ardennes<\/h2>\t\t\t\t<\/div>\n\t\t\t\t<\/div>\n\t\t\t\t<div class=\"elementor-element elementor-element-0293bff elementor-widget elementor-widget-heading\" data-id=\"0293bff\" data-element_type=\"widget\" data-e-type=\"widget\" data-widget_type=\"heading.default\">\n\t\t\t\t<div class=\"elementor-widget-container\">\n\t\t\t\t\t<h4 class=\"elementor-heading-title elementor-size-default\">par Fabienne Grandjean, Haudrecy, Ardennes<\/h4>\t\t\t\t<\/div>\n\t\t\t\t<\/div>\n\t\t\t\t<div class=\"elementor-element elementor-element-074762c elementor-widget elementor-widget-spacer\" data-id=\"074762c\" data-element_type=\"widget\" data-e-type=\"widget\" data-widget_type=\"spacer.default\">\n\t\t\t\t<div class=\"elementor-widget-container\">\n\t\t\t\t\t\t\t<div class=\"elementor-spacer\">\n\t\t\t<div class=\"elementor-spacer-inner\"><\/div>\n\t\t<\/div>\n\t\t\t\t\t\t<\/div>\n\t\t\t\t<\/div>\n\t\t\t\t<div class=\"elementor-element elementor-element-0591c51 elementor-widget elementor-widget-text-editor\" data-id=\"0591c51\" data-element_type=\"widget\" data-e-type=\"widget\" data-widget_type=\"text-editor.default\">\n\t\t\t\t<div class=\"elementor-widget-container\">\n\t\t\t\t\t\t\t\t\t<p>L&rsquo;une des branches de la famille Grandjean de Buttes aboutit en France dans les Ardennes. Il s&rsquo;agit de Jonas, descendant de la branche de Thi\u00e9bauld. N\u00e9 en 1749 \u00e0 La C\u00f4te-aux-F\u00e9es, il \u00e9tait le fils de Jonas Grandjean, ma\u00eetre ma\u00e7on, et de Sara Leuba.<\/p><p>C&rsquo;est en effectuant son service militaire dans le r\u00e9giment de Diesbach qu&rsquo;il fut amen\u00e9 \u00e0 s\u00e9journer en France et notamment dans les Ardennes. En 1773, il \u00e9tait domicili\u00e9 dans la commune de Sept Fontaines et Fagnon.<\/p><p>Pour pouvoir \u00e9pouser une Fran\u00e7aise, Jeanne Promera, et rester en France, Jonas demanda un cong\u00e9 absolu \u00e0 son capitaine. Jeanne \u00e9tait catholique. Il dut donc renoncer au protestantisme en 1774. C&rsquo;est \u00e0 compter de cette date que la famille Grandjean devient catholique. Le p\u00e8re de Jonas refusa de donner son consentement pour proc\u00e9der \u00e0 l&rsquo;abjuration de son fils. Le protestantisme \u00e9tait d\u00e9crit par l&rsquo;Eglise catholique comme une secte et ses pratiquants \u00e9taient d\u00e9clar\u00e9s h\u00e9r\u00e9tiques. Le p\u00e8re de Jonas refusa \u00e9galement de donner son accord pour le mariage.<\/p><p>Le premier Grandjean n\u00e9 dans les Ardennes fut J\u00e9r\u00f4me, n\u00e9 en 1774 \u00e0 Neuville Les This. Mais il ne v\u00e9cut que 15 mois. Pierre Jonas, second fils de Jonas et Jeanne, \u00e9tait ma\u00e7on, domicili\u00e9 \u00e0 Neuville Les This. Il eut 11 enfants dont 5 fils. Un seul de ses 11 enfants ne surv\u00e9cut pas \u00e0 l&rsquo;enfance: Alexandre Th\u00e9ophile, d\u00e9c\u00e9d\u00e9 \u00e0 l&rsquo;\u00e2ge de 8 mois. Trois des autres fils ainsi que Pierre Jonas \u00e9taient tant\u00f4t ma\u00e7on tant\u00f4t tailleur de pierre.<\/p><p>Le premier Grandjean domicili\u00e9 \u00e0 Belval fut Jean S\u00e9bastien en 1855. Il fut d&rsquo;abord tisserand, puis ma\u00e7on.<\/p><p>Le premier Grandjean domicili\u00e9 \u00e0 Ham Sur Meuse fut Jean Nicolas vers 1838, suivi de son fr\u00e8re Pierre Alexandre. Ne trouvant peut-\u00eatre pas de travail aux alentours de Neuville Les This, ils mont\u00e8rent dans la Vall\u00e9e de la Meuse travailler dans les carri\u00e8res de pierre. Ils \u00e9taient tour \u00e0 tour, ma\u00e7on, tailleur de pierre, carrier, journalier, et garde champ\u00eatre vers l&rsquo;\u00e2ge de 62 ans. Pierre Alexandre occupait encore cette fonction en 1890. Il avait 69 ans. Tous deux ont \u00e9pous\u00e9 des femmes originaires de Ham Sur Meuse et se sont \u00e9tablis d\u00e9finitivement dans la r\u00e9gion.<\/p><p>C&rsquo;est ainsi que la famille Grandjean, implant\u00e9e \u00e0 Neuville Les This, s&rsquo;est s\u00e9par\u00e9e en deux axes principaux: Bel val et Ham Sur Meuse. A noter que le 4\u00e8me fils, Jean Nicolas Dieudonn\u00e9, \u00e9tait consid\u00e9r\u00e9 en 1875 comme disparu sans laisser d&rsquo;adresse par ses fr\u00e8res et s\u0153urs depuis 15 ans.<\/p><p>Le d\u00e9veloppement du chemin de fer va annoncer un renouveau et permettre aux familles de la Vall\u00e9e qui connaissaient des conditions de vie difficiles de se reconvertir dans une voie moins pr\u00e9caire. Il faut dire qu&rsquo;\u00e0 une \u00e9poque, Ham Sur Meuse portait le triste nom de Ham Les Malades. C&rsquo;est ainsi que Fran\u00e7ois Lambert et la plupart de ses fils passent de journalier, tailleur de pierre \u00e0 employ\u00e9 de chemin de fer de la Companie de l&rsquo;Est.<\/p><p>Plus de traces de la famille Grandjean \u00e0 Hame Sur Meuse d\u00e9but 1900. Certains ont suivi la compagnie de chemin de fer et se sont install\u00e9s dans un premier temps \u00e0 Anchamps, puis d\u00e9finitivement \u00e0 Revin.<\/p><p>De nos jours, il n&rsquo;y aurait plus de Grandjean dans la petite commune de Ham Sur Meuse d&rsquo;apr\u00e8s l&#8217;employ\u00e9 de mairie. Si l&rsquo;on consulte la liste des abonn\u00e9s de l&rsquo;annuaire t\u00e9l\u00e9phonique, il n&rsquo;y a plus de Grandjean actuellement \u00e0 Revin.<\/p><p>N\u00e9anmoins, deux personnes dont le nom de jeune fille est Grandjean, demeuraient encore dans cette commune en 1996. Il s&rsquo;agit de Lucette Grandjean, fille de Henri Aur\u00e9lien, brigadier des douanes, et Yvette Grandjean, fille de Auguste Aim\u00e9 Fran\u00e7ois qui \u00e9tait employ\u00e9 SNCF. Les autres ont quitt\u00e9 le d\u00e9partement pour la r\u00e9gion parisienne.<\/p><p>Par contre, il reste des Grandjean \u00e0 Belval. L&rsquo;un d&rsquo;entre eux, Charles Raymond, s&rsquo;est install\u00e9 \u00e0 Tournes en 1924 comme charcutier. Dans les\u00a0ann\u00e9es soixante, Guy Paulin est parti \u00e0 Gen\u00e8ve pour des raisons professionnelles. A ce jour, son fils et son ex \u00e9pouse r\u00e9sident toujours dans le canton de Gen\u00e8ve, et ont adopt\u00e9 la nationalit\u00e9 suisse.<\/p>\t\t\t\t\t\t\t\t<\/div>\n\t\t\t\t<\/div>\n\t\t\t\t\t<\/div>\n\t\t<\/div>\n\t\t\t\t\t<\/div>\n\t\t<\/section>\n\t\t\t\t<section class=\"elementor-section elementor-top-section elementor-element elementor-element-5d8fa022 elementor-section-boxed elementor-section-height-default elementor-section-height-default\" data-id=\"5d8fa022\" data-element_type=\"section\" data-e-type=\"section\">\n\t\t\t\t\t\t<div class=\"elementor-container elementor-column-gap-default\">\n\t\t\t\t\t<div class=\"elementor-column elementor-col-33 elementor-top-column elementor-element elementor-element-1f1c93bb\" data-id=\"1f1c93bb\" data-element_type=\"column\" data-e-type=\"column\">\n\t\t\t<div class=\"elementor-widget-wrap elementor-element-populated\">\n\t\t\t\t\t\t<div class=\"elementor-element elementor-element-566123c elementor-widget elementor-widget-button\" data-id=\"566123c\" data-element_type=\"widget\" data-e-type=\"widget\" data-widget_type=\"button.default\">\n\t\t\t\t<div class=\"elementor-widget-container\">\n\t\t\t\t\t\t\t\t\t<div class=\"elementor-button-wrapper\">\n\t\t\t\t\t<a class=\"elementor-button elementor-button-link elementor-size-sm\" href=\"https:\/\/www.sngenealogie.ch\/wp\/bulletins\/bulletin-15\/famille-perret\/\">\n\t\t\t\t\t\t<span class=\"elementor-button-content-wrapper\">\n\t\t\t\t\t\t<span class=\"elementor-button-icon\">\n\t\t\t\t<i aria-hidden=\"true\" class=\"fas fa-arrow-left\"><\/i>\t\t\t<\/span>\n\t\t\t\t\t\t\t\t\t<span class=\"elementor-button-text\">Article pr\u00e9c\u00e9dent<\/span>\n\t\t\t\t\t<\/span>\n\t\t\t\t\t<\/a>\n\t\t\t\t<\/div>\n\t\t\t\t\t\t\t\t<\/div>\n\t\t\t\t<\/div>\n\t\t\t\t\t<\/div>\n\t\t<\/div>\n\t\t\t\t<div class=\"elementor-column elementor-col-33 elementor-top-column elementor-element elementor-element-449523b9\" data-id=\"449523b9\" data-element_type=\"column\" data-e-type=\"column\">\n\t\t\t<div class=\"elementor-widget-wrap elementor-element-populated\">\n\t\t\t\t\t\t<div class=\"elementor-element elementor-element-22acb4ac elementor-align-center elementor-widget elementor-widget-button\" data-id=\"22acb4ac\" data-element_type=\"widget\" data-e-type=\"widget\" data-widget_type=\"button.default\">\n\t\t\t\t<div class=\"elementor-widget-container\">\n\t\t\t\t\t\t\t\t\t<div class=\"elementor-button-wrapper\">\n\t\t\t\t\t<a class=\"elementor-button elementor-button-link elementor-size-sm\" href=\"https:\/\/www.sngenealogie.ch\/wp\/bulletins\/bulletin-15\/\">\n\t\t\t\t\t\t<span class=\"elementor-button-content-wrapper\">\n\t\t\t\t\t\t<span class=\"elementor-button-icon\">\n\t\t\t\t<i aria-hidden=\"true\" class=\"fas fa-arrow-up\"><\/i>\t\t\t<\/span>\n\t\t\t\t\t\t\t\t\t<span class=\"elementor-button-text\">Bulletin 15<\/span>\n\t\t\t\t\t<\/span>\n\t\t\t\t\t<\/a>\n\t\t\t\t<\/div>\n\t\t\t\t\t\t\t\t<\/div>\n\t\t\t\t<\/div>\n\t\t\t\t\t<\/div>\n\t\t<\/div>\n\t\t\t\t<div class=\"elementor-column elementor-col-33 elementor-top-column elementor-element elementor-element-40a0c9db\" data-id=\"40a0c9db\" data-element_type=\"column\" data-e-type=\"column\">\n\t\t\t<div class=\"elementor-widget-wrap elementor-element-populated\">\n\t\t\t\t\t\t<div class=\"elementor-element elementor-element-46938535 elementor-align-right elementor-widget elementor-widget-button\" data-id=\"46938535\" data-element_type=\"widget\" data-e-type=\"widget\" data-widget_type=\"button.default\">\n\t\t\t\t<div class=\"elementor-widget-container\">\n\t\t\t\t\t\t\t\t\t<div class=\"elementor-button-wrapper\">\n\t\t\t\t\t<a class=\"elementor-button elementor-button-link elementor-size-sm\" href=\"https:\/\/www.sngenealogie.ch\/wp\/bulletins\/bulletin-15\/formule-du-serment\/\">\n\t\t\t\t\t\t<span class=\"elementor-button-content-wrapper\">\n\t\t\t\t\t\t<span class=\"elementor-button-icon\">\n\t\t\t\t<i aria-hidden=\"true\" class=\"fas fa-arrow-right\"><\/i>\t\t\t<\/span>\n\t\t\t\t\t\t\t\t\t<span class=\"elementor-button-text\">Article suivant<\/span>\n\t\t\t\t\t<\/span>\n\t\t\t\t\t<\/a>\n\t\t\t\t<\/div>\n\t\t\t\t\t\t\t\t<\/div>\n\t\t\t\t<\/div>\n\t\t\t\t\t<\/div>\n\t\t<\/div>\n\t\t\t\t\t<\/div>\n\t\t<\/section>\n\t\t\t\t<\/div>\n\t\t","protected":false},"excerpt":{"rendered":"<p>Bulletin 15 \/ D\u00e9cembre 2000 Famille Grandjean Famille Grandjean, communi\u00e8re de Buttes Branche \u00e9tablie dans les Ardennes par Fabienne Grandjean, [&hellip;]<\/p>\n","protected":false},"author":1,"featured_media":0,"parent":2842,"menu_order":0,"comment_status":"closed","ping_status":"closed","template":"","meta":{"site-sidebar-layout":"no-sidebar","site-content-layout":"page-builder","ast-site-content-layout":"default","site-content-style":"default","site-sidebar-style":"default","ast-global-header-display":"","ast-banner-title-visibility":"","ast-main-header-display":"","ast-hfb-above-header-display":"","ast-hfb-below-header-display":"","ast-hfb-mobile-header-display":"","site-post-title":"disabled","ast-breadcrumbs-content":"","ast-featured-img":"disabled","footer-sml-layout":"","ast-disable-related-posts":"","theme-transparent-header-meta":"default","adv-header-id-meta":"","stick-header-meta":"","header-above-stick-meta":"","header-main-stick-meta":"","header-below-stick-meta":"","astra-migrate-meta-layouts":"default","ast-page-background-enabled":"default","ast-page-background-meta":{"desktop":{"background-color":"","background-image":"","background-repeat":"repeat","background-position":"center center","background-size":"auto","background-attachment":"scroll","background-type":"","background-media":"","overlay-type":"","overlay-color":"","overlay-opacity":"","overlay-gradient":""},"tablet":{"background-color":"","background-image":"","background-repeat":"repeat","background-position":"center center","background-size":"auto","background-attachment":"scroll","background-type":"","background-media":"","overlay-type":"","overlay-color":"","overlay-opacity":"","overlay-gradient":""},"mobile":{"background-color":"","background-image":"","background-repeat":"repeat","background-position":"center center","background-size":"auto","background-attachment":"scroll","background-type":"","background-media":"","overlay-type":"","overlay-color":"","overlay-opacity":"","overlay-gradient":""}},"ast-content-background-meta":{"desktop":{"background-color":"var(--ast-global-color-5)","background-image":"","background-repeat":"repeat","background-position":"center center","background-size":"auto","background-attachment":"scroll","background-type":"","background-media":"","overlay-type":"","overlay-color":"","overlay-opacity":"","overlay-gradient":""},"tablet":{"background-color":"var(--ast-global-color-5)","background-image":"","background-repeat":"repeat","background-position":"center center","background-size":"auto","background-attachment":"scroll","background-type":"","background-media":"","overlay-type":"","overlay-color":"","overlay-opacity":"","overlay-gradient":""},"mobile":{"background-color":"var(--ast-global-color-5)","background-image":"","background-repeat":"repeat","background-position":"center center","background-size":"auto","background-attachment":"scroll","background-type":"","background-media":"","overlay-type":"","overlay-color":"","overlay-opacity":"","overlay-gradient":""}},"footnotes":""},"wf_page_folders":[32],"class_list":["post-4116","page","type-page","status-publish","hentry"],"_links":{"self":[{"href":"https:\/\/www.sngenealogie.ch\/wp\/wp-json\/wp\/v2\/pages\/4116","targetHints":{"allow":["GET"]}}],"collection":[{"href":"https:\/\/www.sngenealogie.ch\/wp\/wp-json\/wp\/v2\/pages"}],"about":[{"href":"https:\/\/www.sngenealogie.ch\/wp\/wp-json\/wp\/v2\/types\/page"}],"author":[{"embeddable":true,"href":"https:\/\/www.sngenealogie.ch\/wp\/wp-json\/wp\/v2\/users\/1"}],"replies":[{"embeddable":true,"href":"https:\/\/www.sngenealogie.ch\/wp\/wp-json\/wp\/v2\/comments?post=4116"}],"version-history":[{"count":18,"href":"https:\/\/www.sngenealogie.ch\/wp\/wp-json\/wp\/v2\/pages\/4116\/revisions"}],"predecessor-version":[{"id":7461,"href":"https:\/\/www.sngenealogie.ch\/wp\/wp-json\/wp\/v2\/pages\/4116\/revisions\/7461"}],"up":[{"embeddable":true,"href":"https:\/\/www.sngenealogie.ch\/wp\/wp-json\/wp\/v2\/pages\/2842"}],"wp:attachment":[{"href":"https:\/\/www.sngenealogie.ch\/wp\/wp-json\/wp\/v2\/media?parent=4116"}],"wp:term":[{"taxonomy":"wf_page_folders","embeddable":true,"href":"https:\/\/www.sngenealogie.ch\/wp\/wp-json\/wp\/v2\/wf_page_folders?post=4116"}],"curies":[{"name":"wp","href":"https:\/\/api.w.org\/{rel}","templated":true}]}}