{"id":4455,"date":"2021-05-02T17:23:19","date_gmt":"2021-05-02T15:23:19","guid":{"rendered":"https:\/\/www.sngenealogie.ch\/wp\/?page_id=4455"},"modified":"2021-07-17T12:02:49","modified_gmt":"2021-07-17T10:02:49","slug":"les-noms-de-famille-et-leur-origine","status":"publish","type":"page","link":"https:\/\/www.sngenealogie.ch\/wp\/bulletins\/bulletin-18\/les-noms-de-famille-et-leur-origine\/","title":{"rendered":"Les noms de famille et leur origine"},"content":{"rendered":"\t\t<div data-elementor-type=\"wp-page\" data-elementor-id=\"4455\" class=\"elementor elementor-4455\">\n\t\t\t\t\t\t<section class=\"elementor-section elementor-top-section elementor-element elementor-element-603019dc elementor-section-boxed elementor-section-height-default elementor-section-height-default\" data-id=\"603019dc\" data-element_type=\"section\" data-e-type=\"section\" data-settings=\"{&quot;background_background&quot;:&quot;gradient&quot;}\">\n\t\t\t\t\t\t<div class=\"elementor-container elementor-column-gap-no\">\n\t\t\t\t\t<div class=\"elementor-column elementor-col-100 elementor-top-column elementor-element elementor-element-22ecc002\" data-id=\"22ecc002\" data-element_type=\"column\" data-e-type=\"column\">\n\t\t\t<div class=\"elementor-widget-wrap elementor-element-populated\">\n\t\t\t\t\t\t<div class=\"elementor-element elementor-element-61c2a490 elementor-widget elementor-widget-heading\" data-id=\"61c2a490\" data-element_type=\"widget\" data-e-type=\"widget\" data-widget_type=\"heading.default\">\n\t\t\t\t<div class=\"elementor-widget-container\">\n\t\t\t\t\t<h5 class=\"elementor-heading-title elementor-size-default\">Bulletin 18 \/ Printemps 2002<\/h5>\t\t\t\t<\/div>\n\t\t\t\t<\/div>\n\t\t\t\t<div class=\"elementor-element elementor-element-642ffac5 elementor-widget elementor-widget-heading\" data-id=\"642ffac5\" data-element_type=\"widget\" data-e-type=\"widget\" data-widget_type=\"heading.default\">\n\t\t\t\t<div class=\"elementor-widget-container\">\n\t\t\t\t\t<h1 class=\"elementor-heading-title elementor-size-default\">Les noms de famille et leur origine<\/h1>\t\t\t\t<\/div>\n\t\t\t\t<\/div>\n\t\t\t\t\t<\/div>\n\t\t<\/div>\n\t\t\t\t\t<\/div>\n\t\t<\/section>\n\t\t\t\t<section class=\"elementor-section elementor-top-section elementor-element elementor-element-66b5058b elementor-section-boxed elementor-section-height-default elementor-section-height-default\" data-id=\"66b5058b\" data-element_type=\"section\" data-e-type=\"section\">\n\t\t\t\t\t\t<div class=\"elementor-container elementor-column-gap-default\">\n\t\t\t\t\t<div class=\"elementor-column elementor-col-100 elementor-top-column elementor-element elementor-element-414874ba\" data-id=\"414874ba\" data-element_type=\"column\" data-e-type=\"column\">\n\t\t\t<div class=\"elementor-widget-wrap elementor-element-populated\">\n\t\t\t\t\t\t<div class=\"elementor-element elementor-element-8e44d70 elementor-widget elementor-widget-heading\" data-id=\"8e44d70\" data-element_type=\"widget\" data-e-type=\"widget\" data-widget_type=\"heading.default\">\n\t\t\t\t<div class=\"elementor-widget-container\">\n\t\t\t\t\t<h2 class=\"elementor-heading-title elementor-size-default\">Charles Ruchet, \"Les noms de famille et leur origine\", dans la revue historique vaudoise n\u00b031, 1923, p.22<\/h2>\t\t\t\t<\/div>\n\t\t\t\t<\/div>\n\t\t\t\t<div class=\"elementor-element elementor-element-ba2a76e elementor-widget elementor-widget-heading\" data-id=\"ba2a76e\" data-element_type=\"widget\" data-e-type=\"widget\" data-widget_type=\"heading.default\">\n\t\t\t\t<div class=\"elementor-widget-container\">\n\t\t\t\t\t<h4 class=\"elementor-heading-title elementor-size-default\">relev\u00e9 de Pierre-Yves Favet<\/h4>\t\t\t\t<\/div>\n\t\t\t\t<\/div>\n\t\t\t\t<div class=\"elementor-element elementor-element-b39f5b9 elementor-widget elementor-widget-spacer\" data-id=\"b39f5b9\" data-element_type=\"widget\" data-e-type=\"widget\" data-widget_type=\"spacer.default\">\n\t\t\t\t<div class=\"elementor-widget-container\">\n\t\t\t\t\t\t\t<div class=\"elementor-spacer\">\n\t\t\t<div class=\"elementor-spacer-inner\"><\/div>\n\t\t<\/div>\n\t\t\t\t\t\t<\/div>\n\t\t\t\t<\/div>\n\t\t\t\t<div class=\"elementor-element elementor-element-ef1d48d elementor-widget elementor-widget-text-editor\" data-id=\"ef1d48d\" data-element_type=\"widget\" data-e-type=\"widget\" data-widget_type=\"text-editor.default\">\n\t\t\t\t<div class=\"elementor-widget-container\">\n\t\t\t\t\t\t\t\t\t<p>Un jour, ou plut\u00f4t, un soir, un homme se pr\u00e9cipitait dans la salle de th\u00e9\u00e2tre d&rsquo;une petite ville allemande et mettant ses deux mains en porte-voix, cria le plus fort qu&rsquo;il put : \u00ab\u00a0M\u00fcller, il br\u00fble chez toi !\u00a0\u00bb Comme mue par un ressort, la salle enti\u00e8re se leva et se rua vers la sortie. Il se sauvait des M\u00fcller de tout les c\u00f4t\u00e9s. Cependant au premier rang du parterre, trois spectateurs assistaient ahuris \u00e0 cet exode d\u00e9sordonn\u00e9 : S&rsquo;appelaient-ils peut-\u00eatre Schulze, Wyss ou Meyer ? Renseignements pris, ils s&rsquo;appelaient aussi M\u00fcller, seulement ils \u00e9taient sourds !<\/p><p>Passons \u00e0 une autre profession. Nous avons des\u00a0<strong>Boraley<\/strong>, forme patoise du fran\u00e7ais bourrelier, et des\u00a0<strong>Sellier<\/strong>. Les Sellier, comme nom de famille, ne sont pas tr\u00e8s r\u00e9pandus dans le canton de Vaud, si m\u00eame ils y sont connus. Il y a une nuance entre le bourrelier et le sellier. Le premier travaille pour les paysans et les voituriers, tandis que le sellier travaille plut\u00f4t pour les riches oisifs. Un quatrain de Philippe Godet nous am\u00e8nera \u00e0 vous parler d&rsquo;un nom de famille qui rentre plut\u00f4t dans la cat\u00e9gorie pr\u00e9c\u00e9dente, mais qui, par sa racine est parent des Boraley.<\/p><p style=\"text-align: center;\">Couvet est un charmant village,<br \/>Au sein d&rsquo;un fertile mar\u00e9cage<br \/>Qui produit deux tr\u00e9sors r\u00e9els,<br \/>L&rsquo;extrait d&rsquo;absinthe et les Borels.<\/p><p>Passent encore pour les\u00a0<strong>Borel<\/strong>, mais pour l&rsquo;absinthe ! Nous savons ce qu&rsquo;il faut en penser ! Borel, vieux mot pour bourreau se rattache ai-je dit, au m\u00eame radical que Bourrelier. Borreau, signifie en vieux fran\u00e7ais, une corde de bourre, de l\u00e0 le mot bourreau pour celui qui pend \u00e0 l&rsquo;aide de cette corde. Donc, bourreau signifiait exclusivement \u00e0 l&rsquo;origine, pendeur. Les Allemands disent Der Henker, du verbe h\u00e4ngen, ou henken, pendre (Les Borel neuch\u00e2telois portent un nom tir\u00e9 du patois, borrel le collier de cheval de trait, confectionn\u00e9 par le bourrelier. On dit qu&rsquo;il y a plus de borrels covassons que de chevaux !) Les cabaretiers sont repr\u00e9sent\u00e9s par les\u00a0<strong>Taverney<\/strong> forme patoise de tavernier, par les\u00a0<strong>Cruchon<\/strong> l&rsquo;exacte pendant de l&rsquo;allemand\u00a0<strong>Kr\u00fcger<\/strong> qui vend \u00e0 boire \u00e0 la cruche. Les\u00a0<strong>Charron<\/strong> sont nombreux en France et les Wagner en Allemagne. A Gen\u00e8ve, nous avons, venus de France, sans doute, les\u00a0<strong>Royer<\/strong>, du bas latin roatrius, faiseur de roues.<\/p><p>Dans les comptes de la bourserie de la ville de Neuch\u00e2tel nous lisons : d\u00e9livr\u00e9 tant \u00e0 Jaques le royer pour reffaire les chars de l&rsquo;artillerie de la ville. Les voituriers sont repr\u00e9sent\u00e9s dans notre pays par les\u00a0<strong>Charroton<\/strong>, les\u00a0<strong>Charton<\/strong>, les\u00a0<strong>Cartier<\/strong>,\u00a0<strong>Quartier<\/strong>, et et\u00a0<strong>Roulier<\/strong>; la chapellerie par les\u00a0<strong>Chapallaz<\/strong>; les fabricants de chappes par les\u00a0<strong>Chappaz<\/strong> et les\u00a0<strong>Chappey<\/strong>; la menuiserie et la charpente par les\u00a0<strong>Chapuis<\/strong> les\u00a0<strong>Chapuisat<\/strong> du patois\u00a0<strong>Tsappou\u00e8<\/strong> = charpentier, et les\u00a0<strong>Manigley<\/strong>, mot patois qui remplace notre mot menuisier, lequel ne date que de la fin du XVI\u00e8me si\u00e8cle. La v\u00e9nerie nous a fourni les\u00a0<strong>Chasseur<\/strong>, famille aujourd&rsquo;hui \u00e9teinte; les <b>Fauconnet<\/b>, les\u00a0<strong>Falconnet<\/strong>, les\u00a0<strong>Falconnier<\/strong>, en allemand\u00a0<strong>Falkner<\/strong>, en hollandais\u00a0<strong>Walkena\u00ebr<\/strong>, qui dresse les oiseaux de proie pour la chasse; les\u00a0<strong>Ozelley<\/strong>, forme patoise du mot oiseleur, en allemand <b>Vogler<\/b>. La chaudronnerie nous a donn\u00e9 les\u00a0<strong>Magne<\/strong>, les\u00a0<strong>Magnin<\/strong>, et les\u00a0<strong>Maguenat<\/strong>, les\u00a0<strong>Magnan<\/strong> dans certaines parties de la France; les\u00a0<strong>Magnano<\/strong> en Italie. Le magnin est un chaudronnier ambulant qui raccommode aussi la fa\u00efence et fait subir certaine op\u00e9ration aux animaux qu&rsquo;on veut engraisser. Il y a comme vous le voyez plusieurs cordes \u00e0 son arc. La vielle chanson vaudoise du magnin arrivant dans un village disait :<\/p><p style=\"text-align: center;\">Lo magnin cei va pass\u00e0:<br \/>N&rsquo;ai-vo ran a retakouma ?<br \/>Queque tsauderon perci<br \/>A rallogi ? (A remettre en \u00e9tat).<\/p><p>A l&rsquo;industrie du cuir se rattache les\u00a0<strong>Ecoffey\u00a0<\/strong>vaudois, les\u00a0<strong>Excoffier<\/strong> fran\u00e7ais, les\u00a0<strong>Gerber<\/strong> germaniques. Le hameau de l&rsquo;Ecofferie, commune du Chenit, \u00e0 tir\u00e9 son nom des tanneries \u00e9tablies autrefois dans ce lieu.<\/p>\t\t\t\t\t\t\t\t<\/div>\n\t\t\t\t<\/div>\n\t\t\t\t\t<\/div>\n\t\t<\/div>\n\t\t\t\t\t<\/div>\n\t\t<\/section>\n\t\t\t\t<section class=\"elementor-section elementor-top-section elementor-element elementor-element-4da8a934 elementor-section-boxed elementor-section-height-default elementor-section-height-default\" data-id=\"4da8a934\" data-element_type=\"section\" data-e-type=\"section\">\n\t\t\t\t\t\t<div class=\"elementor-container elementor-column-gap-default\">\n\t\t\t\t\t<div class=\"elementor-column elementor-col-33 elementor-top-column elementor-element elementor-element-648aee1b\" data-id=\"648aee1b\" data-element_type=\"column\" data-e-type=\"column\">\n\t\t\t<div class=\"elementor-widget-wrap elementor-element-populated\">\n\t\t\t\t\t\t<div class=\"elementor-element elementor-element-5dae0ac2 elementor-widget elementor-widget-button\" data-id=\"5dae0ac2\" data-element_type=\"widget\" data-e-type=\"widget\" data-widget_type=\"button.default\">\n\t\t\t\t<div class=\"elementor-widget-container\">\n\t\t\t\t\t\t\t\t\t<div class=\"elementor-button-wrapper\">\n\t\t\t\t\t<a class=\"elementor-button elementor-button-link elementor-size-sm\" href=\"https:\/\/www.sngenealogie.ch\/wp\/bulletins\/bulletin-18\/genealogie-famille-grisel\/\">\n\t\t\t\t\t\t<span class=\"elementor-button-content-wrapper\">\n\t\t\t\t\t\t<span class=\"elementor-button-icon\">\n\t\t\t\t<i aria-hidden=\"true\" class=\"fas fa-arrow-left\"><\/i>\t\t\t<\/span>\n\t\t\t\t\t\t\t\t\t<span class=\"elementor-button-text\">Article pr\u00e9c\u00e9dent<\/span>\n\t\t\t\t\t<\/span>\n\t\t\t\t\t<\/a>\n\t\t\t\t<\/div>\n\t\t\t\t\t\t\t\t<\/div>\n\t\t\t\t<\/div>\n\t\t\t\t\t<\/div>\n\t\t<\/div>\n\t\t\t\t<div class=\"elementor-column elementor-col-33 elementor-top-column elementor-element elementor-element-6fd23261\" data-id=\"6fd23261\" data-element_type=\"column\" data-e-type=\"column\">\n\t\t\t<div class=\"elementor-widget-wrap elementor-element-populated\">\n\t\t\t\t\t\t<div class=\"elementor-element elementor-element-2664276d elementor-align-center elementor-widget elementor-widget-button\" data-id=\"2664276d\" data-element_type=\"widget\" data-e-type=\"widget\" data-widget_type=\"button.default\">\n\t\t\t\t<div class=\"elementor-widget-container\">\n\t\t\t\t\t\t\t\t\t<div class=\"elementor-button-wrapper\">\n\t\t\t\t\t<a class=\"elementor-button elementor-button-link elementor-size-sm\" href=\"https:\/\/www.sngenealogie.ch\/wp\/bulletins\/bulletin-18\/\">\n\t\t\t\t\t\t<span class=\"elementor-button-content-wrapper\">\n\t\t\t\t\t\t<span class=\"elementor-button-icon\">\n\t\t\t\t<i aria-hidden=\"true\" class=\"fas fa-arrow-up\"><\/i>\t\t\t<\/span>\n\t\t\t\t\t\t\t\t\t<span class=\"elementor-button-text\">Bulletin 18<\/span>\n\t\t\t\t\t<\/span>\n\t\t\t\t\t<\/a>\n\t\t\t\t<\/div>\n\t\t\t\t\t\t\t\t<\/div>\n\t\t\t\t<\/div>\n\t\t\t\t\t<\/div>\n\t\t<\/div>\n\t\t\t\t<div class=\"elementor-column elementor-col-33 elementor-top-column elementor-element elementor-element-404ce163\" data-id=\"404ce163\" data-element_type=\"column\" data-e-type=\"column\">\n\t\t\t<div class=\"elementor-widget-wrap elementor-element-populated\">\n\t\t\t\t\t\t<div class=\"elementor-element elementor-element-35e01f09 elementor-align-right elementor-widget elementor-widget-button\" data-id=\"35e01f09\" data-element_type=\"widget\" data-e-type=\"widget\" data-widget_type=\"button.default\">\n\t\t\t\t<div class=\"elementor-widget-container\">\n\t\t\t\t\t\t\t\t\t<div class=\"elementor-button-wrapper\">\n\t\t\t\t\t<a class=\"elementor-button elementor-button-link elementor-size-sm\" href=\"https:\/\/www.sngenealogie.ch\/wp\/bulletins\/bulletin-18\/au-nom-du-pere\/\">\n\t\t\t\t\t\t<span class=\"elementor-button-content-wrapper\">\n\t\t\t\t\t\t<span class=\"elementor-button-icon\">\n\t\t\t\t<i aria-hidden=\"true\" class=\"fas fa-arrow-right\"><\/i>\t\t\t<\/span>\n\t\t\t\t\t\t\t\t\t<span class=\"elementor-button-text\">Article suivant<\/span>\n\t\t\t\t\t<\/span>\n\t\t\t\t\t<\/a>\n\t\t\t\t<\/div>\n\t\t\t\t\t\t\t\t<\/div>\n\t\t\t\t<\/div>\n\t\t\t\t\t<\/div>\n\t\t<\/div>\n\t\t\t\t\t<\/div>\n\t\t<\/section>\n\t\t\t\t<\/div>\n\t\t","protected":false},"excerpt":{"rendered":"<p>Bulletin 18 \/ Printemps 2002 Les noms de famille et leur origine Charles Ruchet, \u00ab\u00a0Les noms de famille et leur [&hellip;]<\/p>\n","protected":false},"author":1,"featured_media":0,"parent":2827,"menu_order":0,"comment_status":"closed","ping_status":"closed","template":"","meta":{"site-sidebar-layout":"no-sidebar","site-content-layout":"page-builder","ast-site-content-layout":"default","site-content-style":"default","site-sidebar-style":"default","ast-global-header-display":"","ast-banner-title-visibility":"","ast-main-header-display":"","ast-hfb-above-header-display":"","ast-hfb-below-header-display":"","ast-hfb-mobile-header-display":"","site-post-title":"disabled","ast-breadcrumbs-content":"","ast-featured-img":"disabled","footer-sml-layout":"","ast-disable-related-posts":"","theme-transparent-header-meta":"default","adv-header-id-meta":"","stick-header-meta":"","header-above-stick-meta":"","header-main-stick-meta":"","header-below-stick-meta":"","astra-migrate-meta-layouts":"default","ast-page-background-enabled":"default","ast-page-background-meta":{"desktop":{"background-color":"","background-image":"","background-repeat":"repeat","background-position":"center center","background-size":"auto","background-attachment":"scroll","background-type":"","background-media":"","overlay-type":"","overlay-color":"","overlay-opacity":"","overlay-gradient":""},"tablet":{"background-color":"","background-image":"","background-repeat":"repeat","background-position":"center center","background-size":"auto","background-attachment":"scroll","background-type":"","background-media":"","overlay-type":"","overlay-color":"","overlay-opacity":"","overlay-gradient":""},"mobile":{"background-color":"","background-image":"","background-repeat":"repeat","background-position":"center center","background-size":"auto","background-attachment":"scroll","background-type":"","background-media":"","overlay-type":"","overlay-color":"","overlay-opacity":"","overlay-gradient":""}},"ast-content-background-meta":{"desktop":{"background-color":"var(--ast-global-color-5)","background-image":"","background-repeat":"repeat","background-position":"center center","background-size":"auto","background-attachment":"scroll","background-type":"","background-media":"","overlay-type":"","overlay-color":"","overlay-opacity":"","overlay-gradient":""},"tablet":{"background-color":"var(--ast-global-color-5)","background-image":"","background-repeat":"repeat","background-position":"center center","background-size":"auto","background-attachment":"scroll","background-type":"","background-media":"","overlay-type":"","overlay-color":"","overlay-opacity":"","overlay-gradient":""},"mobile":{"background-color":"var(--ast-global-color-5)","background-image":"","background-repeat":"repeat","background-position":"center center","background-size":"auto","background-attachment":"scroll","background-type":"","background-media":"","overlay-type":"","overlay-color":"","overlay-opacity":"","overlay-gradient":""}},"footnotes":""},"wf_page_folders":[35],"class_list":["post-4455","page","type-page","status-publish","hentry"],"_links":{"self":[{"href":"https:\/\/www.sngenealogie.ch\/wp\/wp-json\/wp\/v2\/pages\/4455","targetHints":{"allow":["GET"]}}],"collection":[{"href":"https:\/\/www.sngenealogie.ch\/wp\/wp-json\/wp\/v2\/pages"}],"about":[{"href":"https:\/\/www.sngenealogie.ch\/wp\/wp-json\/wp\/v2\/types\/page"}],"author":[{"embeddable":true,"href":"https:\/\/www.sngenealogie.ch\/wp\/wp-json\/wp\/v2\/users\/1"}],"replies":[{"embeddable":true,"href":"https:\/\/www.sngenealogie.ch\/wp\/wp-json\/wp\/v2\/comments?post=4455"}],"version-history":[{"count":12,"href":"https:\/\/www.sngenealogie.ch\/wp\/wp-json\/wp\/v2\/pages\/4455\/revisions"}],"predecessor-version":[{"id":7842,"href":"https:\/\/www.sngenealogie.ch\/wp\/wp-json\/wp\/v2\/pages\/4455\/revisions\/7842"}],"up":[{"embeddable":true,"href":"https:\/\/www.sngenealogie.ch\/wp\/wp-json\/wp\/v2\/pages\/2827"}],"wp:attachment":[{"href":"https:\/\/www.sngenealogie.ch\/wp\/wp-json\/wp\/v2\/media?parent=4455"}],"wp:term":[{"taxonomy":"wf_page_folders","embeddable":true,"href":"https:\/\/www.sngenealogie.ch\/wp\/wp-json\/wp\/v2\/wf_page_folders?post=4455"}],"curies":[{"name":"wp","href":"https:\/\/api.w.org\/{rel}","templated":true}]}}