{"id":4461,"date":"2021-05-02T17:26:00","date_gmt":"2021-05-02T15:26:00","guid":{"rendered":"https:\/\/www.sngenealogie.ch\/wp\/?page_id=4461"},"modified":"2021-07-17T12:03:12","modified_gmt":"2021-07-17T10:03:12","slug":"au-nom-du-pere","status":"publish","type":"page","link":"https:\/\/www.sngenealogie.ch\/wp\/bulletins\/bulletin-18\/au-nom-du-pere\/","title":{"rendered":"Au nom du p\u00e8re"},"content":{"rendered":"\t\t<div data-elementor-type=\"wp-page\" data-elementor-id=\"4461\" class=\"elementor elementor-4461\">\n\t\t\t\t\t\t<section class=\"elementor-section elementor-top-section elementor-element elementor-element-435085c7 elementor-section-boxed elementor-section-height-default elementor-section-height-default\" data-id=\"435085c7\" data-element_type=\"section\" data-e-type=\"section\" data-settings=\"{&quot;background_background&quot;:&quot;gradient&quot;}\">\n\t\t\t\t\t\t<div class=\"elementor-container elementor-column-gap-no\">\n\t\t\t\t\t<div class=\"elementor-column elementor-col-100 elementor-top-column elementor-element elementor-element-29581ffb\" data-id=\"29581ffb\" data-element_type=\"column\" data-e-type=\"column\">\n\t\t\t<div class=\"elementor-widget-wrap elementor-element-populated\">\n\t\t\t\t\t\t<div class=\"elementor-element elementor-element-55252527 elementor-widget elementor-widget-heading\" data-id=\"55252527\" data-element_type=\"widget\" data-e-type=\"widget\" data-widget_type=\"heading.default\">\n\t\t\t\t<div class=\"elementor-widget-container\">\n\t\t\t\t\t<h5 class=\"elementor-heading-title elementor-size-default\">Bulletin 18 \/ Printemps 2002<\/h5>\t\t\t\t<\/div>\n\t\t\t\t<\/div>\n\t\t\t\t<div class=\"elementor-element elementor-element-768089e4 elementor-widget elementor-widget-heading\" data-id=\"768089e4\" data-element_type=\"widget\" data-e-type=\"widget\" data-widget_type=\"heading.default\">\n\t\t\t\t<div class=\"elementor-widget-container\">\n\t\t\t\t\t<h1 class=\"elementor-heading-title elementor-size-default\">Au nom du p\u00e8re<\/h1>\t\t\t\t<\/div>\n\t\t\t\t<\/div>\n\t\t\t\t\t<\/div>\n\t\t<\/div>\n\t\t\t\t\t<\/div>\n\t\t<\/section>\n\t\t\t\t<section class=\"elementor-section elementor-top-section elementor-element elementor-element-4dc92afb elementor-section-boxed elementor-section-height-default elementor-section-height-default\" data-id=\"4dc92afb\" data-element_type=\"section\" data-e-type=\"section\">\n\t\t\t\t\t\t<div class=\"elementor-container elementor-column-gap-default\">\n\t\t\t\t\t<div class=\"elementor-column elementor-col-100 elementor-top-column elementor-element elementor-element-25599cb4\" data-id=\"25599cb4\" data-element_type=\"column\" data-e-type=\"column\">\n\t\t\t<div class=\"elementor-widget-wrap elementor-element-populated\">\n\t\t\t\t\t\t<div class=\"elementor-element elementor-element-50fbe5f elementor-widget elementor-widget-heading\" data-id=\"50fbe5f\" data-element_type=\"widget\" data-e-type=\"widget\" data-widget_type=\"heading.default\">\n\t\t\t\t<div class=\"elementor-widget-container\">\n\t\t\t\t\t<h4 class=\"elementor-heading-title elementor-size-default\">par Eric-Andr\u00e9 Klauser<\/h4>\t\t\t\t<\/div>\n\t\t\t\t<\/div>\n\t\t\t\t<div class=\"elementor-element elementor-element-abe56d0 elementor-widget elementor-widget-spacer\" data-id=\"abe56d0\" data-element_type=\"widget\" data-e-type=\"widget\" data-widget_type=\"spacer.default\">\n\t\t\t\t<div class=\"elementor-widget-container\">\n\t\t\t\t\t\t\t<div class=\"elementor-spacer\">\n\t\t\t<div class=\"elementor-spacer-inner\"><\/div>\n\t\t<\/div>\n\t\t\t\t\t\t<\/div>\n\t\t\t\t<\/div>\n\t\t\t\t<div class=\"elementor-element elementor-element-7970e5f elementor-widget elementor-widget-text-editor\" data-id=\"7970e5f\" data-element_type=\"widget\" data-e-type=\"widget\" data-widget_type=\"text-editor.default\">\n\t\t\t\t<div class=\"elementor-widget-container\">\n\t\t\t\t\t\t\t\t\t<p>Sous ce titre et avec le sous-titre \u00ab\u00a0<em>G\u00e8nes, pas de test de paternit\u00e9 en vue dans les pharmacies suisses. L&rsquo;entreprise romande qui se proposait de le diffuser renonce. La question de la filiation reste pos\u00e9e\u00a0\u00bb<\/em>, le magazine L&rsquo;Hebdo du 24 janvier 2002 \u00a0a publi\u00e9 un article d&rsquo;Elisabeth Gordon qui int\u00e9resse directement les g\u00e9n\u00e9alogistes.<\/p><p>D&rsquo;entr\u00e9e, la journaliste observe : \u00ab\u00a0Oh, le doute ! L&rsquo;affreux doute : cet enfant est-il vraiment le mien ? A cette question vieille comme les p\u00e8res, la science apporte d\u00e9sormais, gr\u00e2ce aux analyses d&rsquo;ADN, une r\u00e9ponse qui ne laisse plus de place \u00e0 l&rsquo;ambigu\u00eft\u00e9. On s&rsquo;adresse \u00e0 un institut de m\u00e9decine l\u00e9gale ou l&rsquo;on ach\u00e8te un test via Internet. Et l&rsquo;on sait. Cela aurait m\u00eame pu \u00eatre beaucoup plus simple : la soci\u00e9t\u00e9 Eatech, bas\u00e9e \u00e0 Gen\u00e8ve et \u00e0 Sion, envisageait en effet de commercialiser un kit [PATERtest] en pharmacie. Facile. Trois b\u00e2tonnets pour pr\u00e9lever, en famille, la salive de papa, maman et enfant. Puis, quelques jours plus tard, la v\u00e9rit\u00e9.\u00a0\u00bb Et de s&rsquo;interroger : \u00ab\u00a0D&rsquo;o\u00f9 vient, chez les hommes, ce besoin de savoir \u00e0 tout prix que leur enfant est bien \u00ab\u00a0<strong>le sang de leur sang<\/strong>\u00ab\u00a0, ou \u00ab\u00a0<strong>le g\u00e9nome<\/strong> [ensemble des chromosomes d&rsquo;un gam\u00e8te] de leur g\u00e9nome\u00a0\u00bb, comme on serait maintenant tent\u00e9 de le dire ?\u00a0\u00bb<\/p><p>En guise de r\u00e9ponse, elle relate notamment les propos d&rsquo;un th\u00e9ologien et d&rsquo;un scientifique : \u00ab\u00a0Les questions li\u00e9es \u00e0 la paternit\u00e9, et \u00e0 travers elle, aux moeurs, se sont en fait toujours pos\u00e9es. \u00ab\u00a0<em>Toute l&rsquo;histoire de l&rsquo;humanit\u00e9, de l&rsquo;Eglise, de la litt\u00e9rature le montre<\/em>\u00ab\u00a0, constate Denis M\u00fcller, professeur d&rsquo;\u00e9thique \u00e0 la Facult\u00e9 de th\u00e9ologie de l&rsquo;Universit\u00e9 de Lausanne. Mais l&rsquo;apparition de ce s\u00e9rum de v\u00e9rit\u00e9 que sont les tests ADN a singuli\u00e8rement chang\u00e9 la donne. \u00ab\u00a0<i>Le mirage de la certitude du tout-g\u00e9n\u00e9tique laisse entendre qu&rsquo;on pourrait enfin r\u00e9soudre par la science le myst\u00e8re de la paternit\u00e9, de la filiation, de la parentalit\u00e9. Comme si ce myst\u00e8re pouvait \u00eatre compl\u00e8tement domin\u00e9 par une connaissance objective; comme si le biologique \u00e9tait la cl\u00e9 du myst\u00e8re du sens. Cela ne signifie pas que le biologique n&rsquo;a aucune importance, mais cela montre la confusion des genres<\/i>\u00ab\u00a0. Fran\u00e7ois Ansermet, m\u00e9decin-chef au SUPEA, le service de p\u00e9dopsychiatrie \u00e0 Lausanne, ne dit pas autre chose lorsqu&rsquo;il estime qu&rsquo; \u00ab\u00a0<em><strong>on ne peut r\u00e9duire un p\u00e8re aux spermatozo\u00efdes<\/strong><\/em>\u00ab\u00a0. Pour lui, le test en paternit\u00e9 donne une \u00ab\u00a0fausse r\u00e9ponse \u00e0 une vraie question\u00a0\u00bb. S&rsquo;il est l\u00e9gitime de se demander \u00ab\u00a0<em>qu&rsquo;est-ce qu&rsquo;un p\u00e8re ?<\/em>\u00ab\u00a0, il est faux de r\u00e9pondre \u00ab\u00a0<em>celui qui a donn\u00e9 ses spermatozo\u00efdes<\/em>\u00ab\u00a0. Et l&rsquo;enfant dans tout cela ? Nul ne lui conteste le droit de conna\u00eetre ses origines biologiques. Il n&#8217;emp\u00eache. \u00ab\u00a0<strong><em>Ce qui compte dans la construction de l&rsquo;identit\u00e9 d&rsquo;un enfant, c&rsquo;est la filiation psychique, dit Fran\u00e7ois Ansermet. On est le fils d&rsquo;une relation qui s&rsquo;\u00e9tablit avec les membres de son entourage; on est le fils d&rsquo;une famille et de son histoire.<\/em><\/strong><em> A travers une s\u00e9rie d&rsquo;identifications, on emprunte d&rsquo;ailleurs des traits \u00e0 son p\u00e8re ou \u00e0 sa m\u00e8re\u00a0\u00bb.<\/em><\/p><p>Des r\u00e9flexions \u00e0 mettre en parall\u00e8le avec ces quelques lignes parues dans l&rsquo;hebdomadaire Femina du 23 d\u00e9cembre 2001 : \u00ab\u00a0Les fondamentalistes qui tentent de\u00a0<strong>r\u00e9duire \u00ab\u00a0<i>la femme \u00e0 son ut\u00e9rus<\/i>\u00ab\u00a0<\/strong> n&rsquo;ont heureusement pas eu gain de cause \u00e0 Berne. Le Conseil national a clairement recommand\u00e9 (139 voix contre 7) de rejeter l&rsquo;initiative populaire \u00ab\u00a0Pour la m\u00e8re et l&rsquo;enfant\u00a0\u00bb qui interdit l&rsquo;avortement, sauf si la vie de la m\u00e8re est gravement menac\u00e9e. \u00ab\u00a0<em>Excessive, inapplicable, rigide, cette initiative nous ait revenir cent ans en arri\u00e8re, au temps des faiseuses d&rsquo;anges<\/em>\u00ab\u00a0, a dit la rapporteuse de la commission, Anne-Catherine Men\u00e9trey (Verts \/ VD), ajoutant qu&rsquo;il est particuli\u00e8rement choquant qu&rsquo;elle n&rsquo;autorise m\u00eame pas l&rsquo;interruption d&rsquo;une grossesse r\u00e9sultant d&rsquo;un viol. En juin dernier, le Conseil des Etats l&rsquo;avait d\u00e9j\u00e0 balay\u00e9e par 35 voix contre 0. Il appartient maintenant au peuple de se prononcer, vraisemblablement en juin prochain.\u00a0\u00bb<\/p>\t\t\t\t\t\t\t\t<\/div>\n\t\t\t\t<\/div>\n\t\t\t\t\t<\/div>\n\t\t<\/div>\n\t\t\t\t\t<\/div>\n\t\t<\/section>\n\t\t\t\t<section class=\"elementor-section elementor-top-section elementor-element elementor-element-50b7b058 elementor-section-boxed elementor-section-height-default elementor-section-height-default\" data-id=\"50b7b058\" data-element_type=\"section\" data-e-type=\"section\">\n\t\t\t\t\t\t<div class=\"elementor-container elementor-column-gap-default\">\n\t\t\t\t\t<div class=\"elementor-column elementor-col-33 elementor-top-column elementor-element elementor-element-26c985db\" data-id=\"26c985db\" data-element_type=\"column\" data-e-type=\"column\">\n\t\t\t<div class=\"elementor-widget-wrap elementor-element-populated\">\n\t\t\t\t\t\t<div class=\"elementor-element elementor-element-55ac31f7 elementor-widget elementor-widget-button\" data-id=\"55ac31f7\" data-element_type=\"widget\" data-e-type=\"widget\" data-widget_type=\"button.default\">\n\t\t\t\t<div class=\"elementor-widget-container\">\n\t\t\t\t\t\t\t\t\t<div class=\"elementor-button-wrapper\">\n\t\t\t\t\t<a class=\"elementor-button elementor-button-link elementor-size-sm\" href=\"https:\/\/www.sngenealogie.ch\/wp\/bulletins\/bulletin-18\/les-noms-de-famille-et-leur-origine\/\">\n\t\t\t\t\t\t<span class=\"elementor-button-content-wrapper\">\n\t\t\t\t\t\t<span class=\"elementor-button-icon\">\n\t\t\t\t<i aria-hidden=\"true\" class=\"fas fa-arrow-left\"><\/i>\t\t\t<\/span>\n\t\t\t\t\t\t\t\t\t<span class=\"elementor-button-text\">Article pr\u00e9c\u00e9dent<\/span>\n\t\t\t\t\t<\/span>\n\t\t\t\t\t<\/a>\n\t\t\t\t<\/div>\n\t\t\t\t\t\t\t\t<\/div>\n\t\t\t\t<\/div>\n\t\t\t\t\t<\/div>\n\t\t<\/div>\n\t\t\t\t<div class=\"elementor-column elementor-col-33 elementor-top-column elementor-element elementor-element-6fda6ca1\" data-id=\"6fda6ca1\" data-element_type=\"column\" data-e-type=\"column\">\n\t\t\t<div class=\"elementor-widget-wrap elementor-element-populated\">\n\t\t\t\t\t\t<div class=\"elementor-element elementor-element-7d09fee0 elementor-align-center elementor-widget elementor-widget-button\" data-id=\"7d09fee0\" data-element_type=\"widget\" data-e-type=\"widget\" data-widget_type=\"button.default\">\n\t\t\t\t<div class=\"elementor-widget-container\">\n\t\t\t\t\t\t\t\t\t<div class=\"elementor-button-wrapper\">\n\t\t\t\t\t<a class=\"elementor-button elementor-button-link elementor-size-sm\" href=\"https:\/\/www.sngenealogie.ch\/wp\/bulletins\/bulletin-18\/\">\n\t\t\t\t\t\t<span class=\"elementor-button-content-wrapper\">\n\t\t\t\t\t\t<span class=\"elementor-button-icon\">\n\t\t\t\t<i aria-hidden=\"true\" class=\"fas fa-arrow-up\"><\/i>\t\t\t<\/span>\n\t\t\t\t\t\t\t\t\t<span class=\"elementor-button-text\">Bulletin 18<\/span>\n\t\t\t\t\t<\/span>\n\t\t\t\t\t<\/a>\n\t\t\t\t<\/div>\n\t\t\t\t\t\t\t\t<\/div>\n\t\t\t\t<\/div>\n\t\t\t\t\t<\/div>\n\t\t<\/div>\n\t\t\t\t<div class=\"elementor-column elementor-col-33 elementor-top-column elementor-element elementor-element-5b214ec2\" data-id=\"5b214ec2\" data-element_type=\"column\" data-e-type=\"column\">\n\t\t\t<div class=\"elementor-widget-wrap elementor-element-populated\">\n\t\t\t\t\t\t<div class=\"elementor-element elementor-element-2774c970 elementor-align-right elementor-widget elementor-widget-button\" data-id=\"2774c970\" data-element_type=\"widget\" data-e-type=\"widget\" data-widget_type=\"button.default\">\n\t\t\t\t<div class=\"elementor-widget-container\">\n\t\t\t\t\t\t\t\t\t<div class=\"elementor-button-wrapper\">\n\t\t\t\t\t<a class=\"elementor-button elementor-button-link elementor-size-sm\" href=\"https:\/\/www.sngenealogie.ch\/wp\/bulletins\/bulletin-18\/t-combe-ecrivain-neuchatelois\/\">\n\t\t\t\t\t\t<span class=\"elementor-button-content-wrapper\">\n\t\t\t\t\t\t<span class=\"elementor-button-icon\">\n\t\t\t\t<i aria-hidden=\"true\" class=\"fas fa-arrow-right\"><\/i>\t\t\t<\/span>\n\t\t\t\t\t\t\t\t\t<span class=\"elementor-button-text\">Article suivant<\/span>\n\t\t\t\t\t<\/span>\n\t\t\t\t\t<\/a>\n\t\t\t\t<\/div>\n\t\t\t\t\t\t\t\t<\/div>\n\t\t\t\t<\/div>\n\t\t\t\t\t<\/div>\n\t\t<\/div>\n\t\t\t\t\t<\/div>\n\t\t<\/section>\n\t\t\t\t<\/div>\n\t\t","protected":false},"excerpt":{"rendered":"<p>Bulletin 18 \/ Printemps 2002 Au nom du p\u00e8re par Eric-Andr\u00e9 Klauser Sous ce titre et avec le sous-titre \u00ab\u00a0G\u00e8nes, [&hellip;]<\/p>\n","protected":false},"author":1,"featured_media":0,"parent":2827,"menu_order":0,"comment_status":"closed","ping_status":"closed","template":"","meta":{"site-sidebar-layout":"no-sidebar","site-content-layout":"page-builder","ast-site-content-layout":"default","site-content-style":"default","site-sidebar-style":"default","ast-global-header-display":"","ast-banner-title-visibility":"","ast-main-header-display":"","ast-hfb-above-header-display":"","ast-hfb-below-header-display":"","ast-hfb-mobile-header-display":"","site-post-title":"disabled","ast-breadcrumbs-content":"","ast-featured-img":"disabled","footer-sml-layout":"","ast-disable-related-posts":"","theme-transparent-header-meta":"default","adv-header-id-meta":"","stick-header-meta":"","header-above-stick-meta":"","header-main-stick-meta":"","header-below-stick-meta":"","astra-migrate-meta-layouts":"default","ast-page-background-enabled":"default","ast-page-background-meta":{"desktop":{"background-color":"","background-image":"","background-repeat":"repeat","background-position":"center center","background-size":"auto","background-attachment":"scroll","background-type":"","background-media":"","overlay-type":"","overlay-color":"","overlay-opacity":"","overlay-gradient":""},"tablet":{"background-color":"","background-image":"","background-repeat":"repeat","background-position":"center center","background-size":"auto","background-attachment":"scroll","background-type":"","background-media":"","overlay-type":"","overlay-color":"","overlay-opacity":"","overlay-gradient":""},"mobile":{"background-color":"","background-image":"","background-repeat":"repeat","background-position":"center center","background-size":"auto","background-attachment":"scroll","background-type":"","background-media":"","overlay-type":"","overlay-color":"","overlay-opacity":"","overlay-gradient":""}},"ast-content-background-meta":{"desktop":{"background-color":"var(--ast-global-color-5)","background-image":"","background-repeat":"repeat","background-position":"center center","background-size":"auto","background-attachment":"scroll","background-type":"","background-media":"","overlay-type":"","overlay-color":"","overlay-opacity":"","overlay-gradient":""},"tablet":{"background-color":"var(--ast-global-color-5)","background-image":"","background-repeat":"repeat","background-position":"center center","background-size":"auto","background-attachment":"scroll","background-type":"","background-media":"","overlay-type":"","overlay-color":"","overlay-opacity":"","overlay-gradient":""},"mobile":{"background-color":"var(--ast-global-color-5)","background-image":"","background-repeat":"repeat","background-position":"center center","background-size":"auto","background-attachment":"scroll","background-type":"","background-media":"","overlay-type":"","overlay-color":"","overlay-opacity":"","overlay-gradient":""}},"footnotes":""},"wf_page_folders":[35],"class_list":["post-4461","page","type-page","status-publish","hentry"],"_links":{"self":[{"href":"https:\/\/www.sngenealogie.ch\/wp\/wp-json\/wp\/v2\/pages\/4461","targetHints":{"allow":["GET"]}}],"collection":[{"href":"https:\/\/www.sngenealogie.ch\/wp\/wp-json\/wp\/v2\/pages"}],"about":[{"href":"https:\/\/www.sngenealogie.ch\/wp\/wp-json\/wp\/v2\/types\/page"}],"author":[{"embeddable":true,"href":"https:\/\/www.sngenealogie.ch\/wp\/wp-json\/wp\/v2\/users\/1"}],"replies":[{"embeddable":true,"href":"https:\/\/www.sngenealogie.ch\/wp\/wp-json\/wp\/v2\/comments?post=4461"}],"version-history":[{"count":12,"href":"https:\/\/www.sngenealogie.ch\/wp\/wp-json\/wp\/v2\/pages\/4461\/revisions"}],"predecessor-version":[{"id":7843,"href":"https:\/\/www.sngenealogie.ch\/wp\/wp-json\/wp\/v2\/pages\/4461\/revisions\/7843"}],"up":[{"embeddable":true,"href":"https:\/\/www.sngenealogie.ch\/wp\/wp-json\/wp\/v2\/pages\/2827"}],"wp:attachment":[{"href":"https:\/\/www.sngenealogie.ch\/wp\/wp-json\/wp\/v2\/media?parent=4461"}],"wp:term":[{"taxonomy":"wf_page_folders","embeddable":true,"href":"https:\/\/www.sngenealogie.ch\/wp\/wp-json\/wp\/v2\/wf_page_folders?post=4461"}],"curies":[{"name":"wp","href":"https:\/\/api.w.org\/{rel}","templated":true}]}}