{"id":4467,"date":"2021-05-02T17:27:39","date_gmt":"2021-05-02T15:27:39","guid":{"rendered":"https:\/\/www.sngenealogie.ch\/wp\/?page_id=4467"},"modified":"2021-07-17T12:17:12","modified_gmt":"2021-07-17T10:17:12","slug":"t-combe-ecrivain-neuchatelois","status":"publish","type":"page","link":"https:\/\/www.sngenealogie.ch\/wp\/bulletins\/bulletin-18\/t-combe-ecrivain-neuchatelois\/","title":{"rendered":"T. Combe \u00e9crivain neuch\u00e2telois"},"content":{"rendered":"\t\t<div data-elementor-type=\"wp-page\" data-elementor-id=\"4467\" class=\"elementor elementor-4467\">\n\t\t\t\t\t\t<section class=\"elementor-section elementor-top-section elementor-element elementor-element-548a8af1 elementor-section-boxed elementor-section-height-default elementor-section-height-default\" data-id=\"548a8af1\" data-element_type=\"section\" data-e-type=\"section\" data-settings=\"{&quot;background_background&quot;:&quot;gradient&quot;}\">\n\t\t\t\t\t\t<div class=\"elementor-container elementor-column-gap-no\">\n\t\t\t\t\t<div class=\"elementor-column elementor-col-100 elementor-top-column elementor-element elementor-element-4596873b\" data-id=\"4596873b\" data-element_type=\"column\" data-e-type=\"column\">\n\t\t\t<div class=\"elementor-widget-wrap elementor-element-populated\">\n\t\t\t\t\t\t<div class=\"elementor-element elementor-element-5eb628dd elementor-widget elementor-widget-heading\" data-id=\"5eb628dd\" data-element_type=\"widget\" data-e-type=\"widget\" data-widget_type=\"heading.default\">\n\t\t\t\t<div class=\"elementor-widget-container\">\n\t\t\t\t\t<h5 class=\"elementor-heading-title elementor-size-default\">Bulletin 18 \/ Printemps 2002<\/h5>\t\t\t\t<\/div>\n\t\t\t\t<\/div>\n\t\t\t\t<div class=\"elementor-element elementor-element-3aef3b04 elementor-widget elementor-widget-heading\" data-id=\"3aef3b04\" data-element_type=\"widget\" data-e-type=\"widget\" data-widget_type=\"heading.default\">\n\t\t\t\t<div class=\"elementor-widget-container\">\n\t\t\t\t\t<h1 class=\"elementor-heading-title elementor-size-default\">T. Combe \u00e9crivain neuch\u00e2telois<\/h1>\t\t\t\t<\/div>\n\t\t\t\t<\/div>\n\t\t\t\t\t<\/div>\n\t\t<\/div>\n\t\t\t\t\t<\/div>\n\t\t<\/section>\n\t\t\t\t<section class=\"elementor-section elementor-top-section elementor-element elementor-element-4ca81d56 elementor-section-boxed elementor-section-height-default elementor-section-height-default\" data-id=\"4ca81d56\" data-element_type=\"section\" data-e-type=\"section\">\n\t\t\t\t\t\t<div class=\"elementor-container elementor-column-gap-default\">\n\t\t\t\t\t<div class=\"elementor-column elementor-col-100 elementor-top-column elementor-element elementor-element-808db86\" data-id=\"808db86\" data-element_type=\"column\" data-e-type=\"column\">\n\t\t\t<div class=\"elementor-widget-wrap elementor-element-populated\">\n\t\t\t\t\t\t<div class=\"elementor-element elementor-element-0f331e4 elementor-widget elementor-widget-heading\" data-id=\"0f331e4\" data-element_type=\"widget\" data-e-type=\"widget\" data-widget_type=\"heading.default\">\n\t\t\t\t<div class=\"elementor-widget-container\">\n\t\t\t\t\t<h2 class=\"elementor-heading-title elementor-size-default\">T. Combe, \u00e9crivain neuch\u00e2telois (1856-1933), et son ascendance<\/h2>\t\t\t\t<\/div>\n\t\t\t\t<\/div>\n\t\t\t\t<div class=\"elementor-element elementor-element-c074877 elementor-widget elementor-widget-heading\" data-id=\"c074877\" data-element_type=\"widget\" data-e-type=\"widget\" data-widget_type=\"heading.default\">\n\t\t\t\t<div class=\"elementor-widget-container\">\n\t\t\t\t\t<h4 class=\"elementor-heading-title elementor-size-default\">par Jacqueline et Pierre-Arnold Borel, La Chaux-de-Fonds<\/h4>\t\t\t\t<\/div>\n\t\t\t\t<\/div>\n\t\t\t\t<div class=\"elementor-element elementor-element-6929c0f elementor-widget elementor-widget-spacer\" data-id=\"6929c0f\" data-element_type=\"widget\" data-e-type=\"widget\" data-widget_type=\"spacer.default\">\n\t\t\t\t<div class=\"elementor-widget-container\">\n\t\t\t\t\t\t\t<div class=\"elementor-spacer\">\n\t\t\t<div class=\"elementor-spacer-inner\"><\/div>\n\t\t<\/div>\n\t\t\t\t\t\t<\/div>\n\t\t\t\t<\/div>\n\t\t\t\t<div class=\"elementor-element elementor-element-244dfb9 elementor-widget elementor-widget-text-editor\" data-id=\"244dfb9\" data-element_type=\"widget\" data-e-type=\"widget\" data-widget_type=\"text-editor.default\">\n\t\t\t\t<div class=\"elementor-widget-container\">\n\t\t\t\t\t\t\t\t\t<p><i><img fetchpriority=\"high\" decoding=\"async\" class=\"alignright wp-image-4470 size-full\" src=\"https:\/\/www.sngenealogie.ch\/wp\/wp-content\/uploads\/bul_18_t_combe.jpg\" alt=\"T. Combe\" width=\"360\" height=\"530\" srcset=\"https:\/\/www.sngenealogie.ch\/wp\/wp-content\/uploads\/bul_18_t_combe.jpg 360w, https:\/\/www.sngenealogie.ch\/wp\/wp-content\/uploads\/bul_18_t_combe-204x300.jpg 204w\" sizes=\"(max-width: 360px) 100vw, 360px\" \/><\/i>Ad\u00e8le Huguenin na\u00eet au Locle, en 1856, au 10 de la rue de France, o\u00f9 son p\u00e8re travaille \u00e0 domicile, comme les horlogers d&rsquo;autrefois; sa m\u00e8re aussi, tout en \u00e9levant Ad\u00e8le et sa petite soeur Am\u00e9lie, passe de nombreuses heures \u00e0 l&rsquo;\u00e9tabli. Devenue femme de lettres, sous le pseudonyme de T. Combe, Ad\u00e8le \u00e9crira plus tard une nouvelle intitul\u00e9e \u00ab\u00a0Chambre d&rsquo;horlogers\u00a0\u00bb, d\u00e9crivant cette vie consacr\u00e9e \u00e0 l&rsquo;ouvrage bien fait.<\/p><p>Fillette, Ad\u00e8le emploie son don de conteuse \u00e0 captiver son entourage par ses r\u00e9cits. Elle raconte \u00e0 sa soeur la belle histoire de \u00ab\u00a0La maison au balcon bleu\u00a0\u00bb qui n&rsquo;est autre que leur maison de famille. Comme sa soeur s&rsquo;en lasse, Ad\u00e8le transposera son don de conteuse en celui d&rsquo;\u00e9crivain. Ecoli\u00e8re, elle aura la fiert\u00e9 de voir ses r\u00e9dactions prim\u00e9es (r\u00e9dactions conserv\u00e9es \u00e0 la Biblioth\u00e8que du Locle). A 16 ans d\u00e9j\u00e0, son brevet d&rsquo;institutrice en poche, elle professe comme \u00ab\u00a0r\u00e9gente\u00a0\u00bb dans sa ville natale. Elle \u00e9tudie l&rsquo;allemand, le latin et le grec. Partie en Angleterre pour y apprendre la langue, toute jeune encore, croyant \u00eatre mari\u00e9e, elle s&rsquo;y retrouve compl\u00e8tement abandonn\u00e9e par l&rsquo;homme qu&rsquo;elle aime. C&rsquo;est de cette douloureuse exp\u00e9rience que d\u00e9pendra son avenir d&rsquo;\u00e9crivain. Elle parlera plus tard, en 1928, dans un roman ayant pour titre \u00ab\u00a0Cinq \u00e9pisode d&rsquo;une vie\u00a0\u00bb de son chagrin. De Londres, elle se lance avec le courage de vaincre, et participe \u00e0 un concours litt\u00e9raire, organis\u00e9 par l&rsquo;Institut genevois, et en obtient le premier prix. Elle prend alors le pseudonyme de T. Combe.<\/p><p>Rentr\u00e9e au Locle, elle publie une de ses meilleures nouvelles \u00ab\u00a0Les bonnes gens du Crozet\u00a0\u00bb, en 1879. Puis ses livres se suivent : \u00ab\u00a0Le mari de Jonquille, aventures d&rsquo;un contrebandier du Doubs\u00a0\u00bb, sort en 1888; \u00ab\u00a0Neiges d&rsquo;Antan\u00a0\u00bb en 1889 et \u00ab\u00a0Chez nous\u00a0\u00bb en 1890. Dans ses \u00e9crits, c&rsquo;est la vie simple des gens de chez nous, leurs mots de patois neuch\u00e2telois, nos coutumes. Dans leur cadre du Val-de-Travers, de la vall\u00e9e de la Br\u00e9vine, du Locle et des Brenets, les h\u00e9ros de ses romans vivent la vie de leur coin de terre.<\/p><p>T. Combe vit largement de sa plume. Elle collabore \u00e0 la \u00ab\u00a0Biblioth\u00e8que Universelle\u00a0\u00bb, au \u00ab\u00a0Foyer Domestique\u00a0\u00bb et \u00e0 un autre journal : \u00ab\u00a0La Semaine litt\u00e9raire\u00a0\u00bb. Ses \u00e9crits ne sont pas toujours \u00e0 valeur \u00e9gale, mais ont pourtant \u00e9t\u00e9 largement traduits en allemand et en anglais. Ils sont un t\u00e9moignage constant de la lutte contre l&rsquo;alcoolisme, bien n\u00e9cessaire \u00e0 son \u00e9poque. Elle milite aussi avec acharnement pour l&rsquo;am\u00e9lioration du sort de la femme. Lucien Descaves, de l&rsquo;Acad\u00e9mie Goncourt, l&rsquo;admire beaucoup. Il semblerait qu&rsquo;elle ait correspondu aussi avec Romain Rolland, mais il ne reste aucune preuve qui nous permette de l&rsquo;affirmer.<\/p><p>Pendant la Grande Guerre, elle \u00e9dite un journal (au tirage extraordinaire de 33.000 exemplaires) \u00ab\u00a0Le Rameau d&rsquo;olivier\u00a0\u00bb, pour int\u00e9resser les enfants romands \u00e0 la condition des infirmes de guerre. D\u00e8s 1922, elle imprime un hebdomadaire tirant \u00e0 4000 unit\u00e9s, \u00ab\u00a0Le samedi soir\u00a0\u00bb, qui \u00e9tait attendu dans les familles avec grande impatience; parmi ses articles r\u00e9cr\u00e9atifs, elle donnait des recettes d&rsquo;hygi\u00e8ne, des rem\u00e8des naturels et des conseils aux m\u00e8res de familles nombreuses et aux ouvri\u00e8res pour les aider, si possible, \u00e0 s&rsquo;\u00e9lever socialement par elles-m\u00eames.<\/p><p>T. Combe \u00e9crit jusqu&rsquo;\u00e0 son dernier souffle, publiant de tr\u00e8s nombreuses brochures et une soixantaine de romans. Elle meurt le 25 avril 1933, aux Brenets, dans sa maison \u00ab\u00a0La Capucine\u00a0\u00bb; ses concitoyens, en 1956, ann\u00e9e du centenaire de sa naissance, commandent au sculpteur Henri Huguenin-Dumittan une sculpture qu&rsquo;ils placent sur sa tombe, au cimeti\u00e8re du Locle. Il y a aussi une plaque comm\u00e9morative \u00e0 sa maison natale.<\/p>\t\t\t\t\t\t\t\t<\/div>\n\t\t\t\t<\/div>\n\t\t\t\t<div class=\"elementor-element elementor-element-4976518 elementor-widget elementor-widget-heading\" data-id=\"4976518\" data-element_type=\"widget\" data-e-type=\"widget\" data-widget_type=\"heading.default\">\n\t\t\t\t<div class=\"elementor-widget-container\">\n\t\t\t\t\t<h3 class=\"elementor-heading-title elementor-size-default\">Nomenclature des principaux ouvrages litt\u00e9raires de T. Combe<\/h3>\t\t\t\t<\/div>\n\t\t\t\t<\/div>\n\t\t\t\t<div class=\"elementor-element elementor-element-55baa4d elementor-widget elementor-widget-text-editor\" data-id=\"55baa4d\" data-element_type=\"widget\" data-e-type=\"widget\" data-widget_type=\"text-editor.default\">\n\t\t\t\t<div class=\"elementor-widget-container\">\n\t\t\t\t\t\t\t\t\t<p>\u00ab\u00a0Pauvre Marcel\u00a0\u00bb, Bridel \u00e9diteur, Lausanne.<\/p><p>\u00ab\u00a0Croquis montagnards\u00a0\u00bb chez Bridel, toujours lu actuellement (\u00e9dit\u00e9 en 1882).<\/p><p>\u00ab\u00a0La fortune de Luc\u00a0\u00bb, nouvelle jurassienne (1885, chez Mignot, Lausanne).<\/p><p>\u00ab\u00a0Le mari de Jonquille\u00a0\u00bb (1888), encore appr\u00e9ci\u00e9 de nos jours.<\/p><p>\u00ab\u00a0Neiges d&rsquo;antan\u00a0\u00bb, ouvrage illustr\u00e9 par Oscar Huguenin et Auguste Bachelin ainsi qu&rsquo;Huguenin Lassauguette.<\/p><p>\u00ab\u00a0Chez nous\u00a0\u00bb, illustr\u00e9, et l&rsquo;Etincelle \u00a0\u00bb (Mignot 1890)<\/p><p>\u00ab\u00a0Une Croix\u00a0\u00bb, chez Grassart, Paris, 1891.<\/p><p>\u00ab\u00a0La Maltourn\u00e9e\u00a0\u00bb et \u00ab\u00a0Enfant de commune\u00a0\u00bb, \u00e0 la Libraire acad\u00e9mique Perrin (Paris 1912).<\/p><p>\u00ab\u00a0Neuch\u00e2tel pittoresque\u00a0\u00bb (vall\u00e9es et montagnes), illustr\u00e9, de Philippe Godet et T. Combe (Gen\u00e8ve), paru chez S.A. Arts graphiques, a toujours ses admirateurs puisque r\u00e9\u00e9dit\u00e9 en 1980.<\/p><p>Dans les \u00ab\u00a0Lectures romandes\u00a0\u00bb : \u00ab\u00a0L&rsquo;Echarde au Coeur\u00a0\u00bb, chez Attinger fr\u00e8res, Neuch\u00e2tel.<\/p><p>Ouvrages pour enfants : \u00ab\u00a0Ch\u00e2teau pointu\u00a0\u00bb; \u00ab\u00a0Histoire de la famille Gigliant\u00a0\u00bb; les trois volumes de \u00ab\u00a0Yeux clos\u00a0\u00bb; \u00ab\u00a0Notre Gad\u00a0\u00bb; et son chef-d&rsquo;oeuvre en duex volumes, excellent roman, encore lu actuellement : \u00ab\u00a0Tim Boum et Tat Boum et Tim Boum grand gar\u00e7on\u00a0\u00bb.<\/p><p>A la Biblioth\u00e8que de la ville du Locle, nous avons trouv\u00e9, gr\u00e2ce \u00e0 Mademoiselle Elisabeth Blunier et Monsieur Pierre Henri Jeanneret, biblioth\u00e9caire, ces quelques notes personnelles de Madame T. Combe, glan\u00e9es parmi ses archives tr\u00e8s importantes.<\/p><p>D&rsquo;un carnet intime : &#8230; Croquis montagnards, mon premier volume compos\u00e9 de 1. \u00ab\u00a0Les bonnes gens du Crozet\u00a0\u00bb, \u00ab\u00a0Monsieur v\u00e9lo\u00a0\u00bb et le \u00ab\u00a0Secret d&rsquo;Hercule\u00a0\u00bb, vol. de 323 pages, paru chez Bridel, \u00e9diteur \u00e0 Lausanne, le 4 xi 1881. Il porte le mill\u00e9sime de 1882, il a \u00e9t\u00e9 tir\u00e9 \u00e0 2000 exemplaires et m&rsquo;a \u00e9t\u00e9 pay\u00e9 frs. 500<\/p><p>&#8230; \u00ab\u00a0les deux premi\u00e8res nouvelles avaient \u00e9t\u00e9 publi\u00e9es en feuilleton, dans la \u00ab\u00a0Biblioth\u00e8que Universelle\u00a0\u00bb, en 1879&Prime; (la troisi\u00e8me est in\u00e9dite).<\/p><p>\u00ab\u00a0&#8230; 2. &#8211; mon deuxi\u00e8me volume \u00ab\u00a0Fianc\u00e9s\u00a0\u00bb comprend : \u00ab\u00a0Job le m\u00e8ge\u00a0\u00bb, \u00e9crit en Ecosse, et \u00ab\u00a0Tante Judith\u00a0\u00bb, publi\u00e9s aussi \u00e0 la Biblioth\u00e8que Universelle, en 1881. Ce vol. de 371 pages a paru chez Bridel, le 6 XII 1882. Il m&rsquo;a \u00e9t\u00e9 pay\u00e9 frs.500.-, en un seul versement.\u00a0\u00bb<\/p><p>\u00ab\u00a0Drei Novellen aus dem Jura\u00a0\u00bb (Croquis montagnards), Verlag Nachbar Hamburg. \u00ab\u00a0Der arme Marcel\u00a0\u00bb, Verlag Julius Zivistler, WolfenbUttel, et \u00ab\u00a0Le Mari de Jonquille\u00a0\u00bb, publi\u00e9s \u00e0 Tr\u00e8ves (Trier), (histoire de contrebandier du Doubs).<\/p><p>&#8230; \u00ab\u00a0le 8 II 1891, j&rsquo;ai autoris\u00e9 la Deutsche Verlagsanstalt, \u00e0 Stuttgart, \u00e0 publier, dans sa revue \u00ab\u00a0Aus fermden Zungen\u00a0\u00bb mes trois nouvelles : \u00ab\u00a0Laquelle des trois ?\u00a0\u00bb &#8211; \u00ab\u00a0Celui de Jenny\u00a0\u00bb et \u00ab\u00a0Mica\u00a0\u00bb, tir\u00e9es du livre \u00ab\u00a0Chez nous\u00a0\u00bb &#8211; Nouvelles jurassiennes, illustr\u00e9 par Auguste Bachelin, Oscar Huguenin et F. Huguenin &#8211; Lassauguette, paru en fran\u00e7ais, en 1890, chez Mianot \u00e9diteur \u00e0 Lausanne.<\/p><p>Le 18 X 1989, j&rsquo;autorise la traduction en anglais du \u00ab\u00a0Mari de Jonquille\u00a0\u00bb et de \u00ab\u00a0Monique\u00a0\u00bb, par Beckerley, \u00e0 Canterbury, sans condition de prix\u00a0\u00bb.<\/p>\t\t\t\t\t\t\t\t<\/div>\n\t\t\t\t<\/div>\n\t\t\t\t<div class=\"elementor-element elementor-element-c26ecdb elementor-widget elementor-widget-heading\" data-id=\"c26ecdb\" data-element_type=\"widget\" data-e-type=\"widget\" data-widget_type=\"heading.default\">\n\t\t\t\t<div class=\"elementor-widget-container\">\n\t\t\t\t\t<h3 class=\"elementor-heading-title elementor-size-default\">Sources<\/h3>\t\t\t\t<\/div>\n\t\t\t\t<\/div>\n\t\t\t\t<div class=\"elementor-element elementor-element-d4dcfc8 elementor-widget elementor-widget-text-editor\" data-id=\"d4dcfc8\" data-element_type=\"widget\" data-e-type=\"widget\" data-widget_type=\"text-editor.default\">\n\t\t\t\t<div class=\"elementor-widget-container\">\n\t\t\t\t\t\t\t\t\t<p>Travail de licence en lettres \u00ab\u00a0T. Combe, \u00e9crivain\u00a0\u00bb de Mademoiselle Elisabeth Blunier, Universit\u00e9 de Lausanne, 1980.<\/p><p>\u00ab\u00a0Lettres de jeunesse de T. Combe\u00a0\u00bb, par F. Jung, Archives T. Combe, Biblioth\u00e8que de la ville du Locle.<\/p><p>Archives de l&rsquo;Etat, Neuch\u00e2tel.<\/p>\t\t\t\t\t\t\t\t<\/div>\n\t\t\t\t<\/div>\n\t\t\t\t\t<\/div>\n\t\t<\/div>\n\t\t\t\t\t<\/div>\n\t\t<\/section>\n\t\t\t\t<section class=\"elementor-section elementor-top-section elementor-element elementor-element-4e65b03e elementor-section-boxed elementor-section-height-default elementor-section-height-default\" data-id=\"4e65b03e\" data-element_type=\"section\" data-e-type=\"section\">\n\t\t\t\t\t\t<div class=\"elementor-container elementor-column-gap-default\">\n\t\t\t\t\t<div class=\"elementor-column elementor-col-100 elementor-top-column elementor-element elementor-element-3b671fa1\" data-id=\"3b671fa1\" data-element_type=\"column\" data-e-type=\"column\">\n\t\t\t<div class=\"elementor-widget-wrap elementor-element-populated\">\n\t\t\t\t\t\t<div class=\"elementor-element elementor-element-732181b elementor-widget elementor-widget-heading\" data-id=\"732181b\" data-element_type=\"widget\" data-e-type=\"widget\" data-widget_type=\"heading.default\">\n\t\t\t\t<div class=\"elementor-widget-container\">\n\t\t\t\t\t<h2 class=\"elementor-heading-title elementor-size-default\">G\u00e9n\u00e9alogie<\/h2>\t\t\t\t<\/div>\n\t\t\t\t<\/div>\n\t\t\t\t<div class=\"elementor-element elementor-element-dcd8494 elementor-widget elementor-widget-text-editor\" data-id=\"dcd8494\" data-element_type=\"widget\" data-e-type=\"widget\" data-widget_type=\"text-editor.default\">\n\t\t\t\t<div class=\"elementor-widget-container\">\n\t\t\t\t\t\t\t\t\t<p>T. Combe 1856 &#8211; 1933<\/p><p>Huguenin-Vuillemin, Ad\u00e8le,<\/p><p>communi\u00e8re du Locle et de La Br\u00e9vine, fille de Williams, x le 6 VIII 1856 au Locle, + le 25 IV 1933 aux Brenets, romanci\u00e8re.<\/p><p><strong>Deuxi\u00e8me g\u00e9n\u00e9ration<\/strong><\/p><p>Huguenin-Vuillemin Williams-Humbert, du Locle et de la Br\u00e9vine, fils d&rsquo;Henri-Louis, x le 3 VIII 1830, + le 7 II 1893 au Locle,<br \/>Artisan horloger \u00e0 domicile;<\/p><p>oo le 22 V 1855 au Locle<\/p><p>Humbert-Droz, Ad\u00e8le, du Locle, fille de Jules-Henri et d&rsquo;Ad\u00e8le Brandt, aussi du Locle, x 29 I 1832, + 29 I 1893.<\/p><p>Ad\u00e8le Brandt, d&rsquo;une famille neuch\u00e2teloise, \u00e9tablie en France, na\u00eet le 12 II 1809 \u00e0 Besan\u00e7on; + au Locle le 8 X 1882. Elle est fille de Pierre-Fr\u00e9d\u00e9ric Brandt et de Julie Robert-Tissot, tous deux originaires du Locle.<\/p><p>Jules-Henri Humbert-Droz est fils d&rsquo;Humbert-Fr\u00e9d\u00e9ric et de Marie Esther Droz dit Busset, aussi originaires du Locle. Il na\u00eet le 5 XII 1806 et meurt le 10 Ix 1858.<\/p><p>Enfants, baptis\u00e9s au mo\u00fbtier du Locle :<\/p><p>Ad\u00e8le, 1856-1922, femme de lettres<\/p><p>Am\u00e9lie, 1858-1916 + \u00e0 Jersey City aux U.S.A. comptable. oo Favre Arnold, du Locle, x en 1874. Le couple s&rsquo;expatrie en Am\u00e9rique.<\/p><p><strong>Troisi\u00e8me g\u00e9n\u00e9ration<\/strong><\/p><p>Huguenin-Vuillemin, Henri-Louis, du Locle et de La Br\u00e9vine, bourgeois incorpor\u00e9 de Valangin. Fils de David, x 23 IX 1789 \u00e0 La Br\u00e9vine, + 3 IV 1853 au Locle, horloger pendulier, \u00ab\u00a0Incorpor\u00e9 dans le noble et vertueux corps des bourgeois de Valangin.\u00a0\u00bb Maitre bourgeois, le 31 I 1837 est \u00e9tabli une lettre de bourgeoisie en faveur du sieur Henri-Louis Huguenin. Le 14 mai 1850, la communaut\u00e9 du Locle lui d\u00e9livre un acte d&rsquo;origine avec sceau.<\/p><p>En 1818, il habite le quartier du Verger et en 1827 Sur les Monts, au Locle.\u00a0<\/p><p>oo 5 XI 1808 \u00e0 La Sagne, Gessel, Maria Elizabeth, dit Lizette, fille de Geora Jakob et de Maria Elizabeth, n\u00e9e Cortailloud, de Gl\u00e9r\u00e9sse,<\/p><p>x 15 I 1784 \u00e0 Berne, baptis\u00e9e le 13 III \u00e0 la cath\u00e9drale. Enfants, baptis\u00e9s au mo\u00fbtier du Locle :<\/p><ul><li>Jean-Louis : Ag\u00e9 de 22 ans en 1831, + avant 1892. Il a un fils appel\u00e9 Alfred Henri.<\/li><li>Fritz Henri : Sa fille Marie est institutrice \u00e0 Leipzig pour enseigner le fran\u00e7ais.<\/li><li>Justin Constant<\/li><li>Sophie Fanny : oo Sylvain Perret, de La Sagne.<\/li><li>Adolphe Henri : baptis\u00e9 le 19 II 1814 au temple de la Sagne.<\/li><li>William Humbert : n\u00e9 en 1830<\/li><li>Adeline : oo Constant Courvoisier, du Locle, sans enfant, + 1892.<\/li><\/ul><p><strong>Quatri\u00e8me g\u00e9n\u00e9ration<\/strong><\/p><p>Huguenin-Vuillemin, David, fils de Baltazard, du Locle et de la Chaux d&rsquo;Estaill\u00e8res, bourgeois incorpor\u00e9 au noble et vertueux corps des bourgeois de Valangin,<\/p><p>x 25 XI, baptis\u00e9 le 17 XII 1755 \u00e0 La Br\u00e9vine.<\/p><p>Sa reconnaissance de communier du Locle date du 8 IV 1810.<\/p><p>oo Montandon, Suzanne Henriette, fille de Jaques Louis, du Locle et de La Br\u00e9vine, bourgeois de Valangin.<\/p><p>Enfants, baptis\u00e9s au temple de La Br\u00e9vine :<\/p><ul><li>Suzanne Henriette, x 1779<\/li><li>Julie, x 1781, + enfant.<\/li><li>Julie, x 1784, dentelli\u00e8re, oo 1810 Fran\u00e7ois Alexandre Aym\u00e9 Matthey, fils de Fran\u00e7ois, de La Br\u00e9vine<\/li><li>David Fran\u00e7ois, x 1786, soldat au bataillon neuch\u00e2telois des Canaris<\/li><li>Henri Louis, x 1789, horloger<\/li><li>Suzanne Henriette, x 1792<\/li><li>Henri Fr\u00e9d\u00e9rich, x 1796, + enfant<\/li><li>Henri Fr\u00e9d\u00e9rich, x 1798<\/li><\/ul><p><strong>Cinqui\u00e8me g\u00e9n\u00e9ration<\/strong><\/p><p>Huguenin-Vuillemin, Baltazard, fils de David, du Locle et de La Chaux d&rsquo;Estaill\u00e8res, bourgeois incorpor\u00e9 de Valangin, protestant, baptis\u00e9 le 23 IV 1730 au temple de La Br\u00e9vine, paysan, laboureur,\u00a0<\/p><p>oo I. le 12 X 1754 \u00e0 La Br\u00e9vine Sandoz Marie Elisabeth, fille de David, du Locle et de La Br\u00e9vine,<\/p><p>oo II. le 19 VI 1779 \u00e0 La Br\u00e9vine Matthey Elisabeth, fille de David.<\/p><p>Enfants, baptis\u00e9s \u00e0 La Br\u00e9vine :<\/p><ul><li>David, 1755<\/li><li>Marie Madelaine, 1758<\/li><li>Charles Fr\u00e9d\u00e9rich, 1759 (il porte le pr\u00e9nom de notre bon roi)<\/li><li>Marie Louise, 1762<\/li><li>Marianne, 1764<\/li><li>Suzanne Henriette, 1766<\/li><li>Henry\u00a0Guillaume, 1768<\/li><li>Henry Guillaume, x 1772, oo 1795 \u00e0 Neuch\u00e2tel Suzanne Marie Bille, de Boudevilliers<\/li><li>Elie, x 1774, horloger \u00e0 La Chaux-de-Fonds, oo Suzanne L&rsquo;Ep\u00e9e<\/li><\/ul><p><strong>Sixi\u00e8me g\u00e9n\u00e9ration<\/strong><\/p><p>Huguenin-Vuillemin, David, fils de Baltazard, du Locle et de La Chaux d&rsquo;Estaill\u00e8res, incorpor\u00e9 en 1722 dans le noble et vertueux corps des bourgeois de Valangin, paysan ais\u00e9, cultive les terres h\u00e9rit\u00e9es de ses anc\u00eatres, + avant 1754.<\/p><p>oo Dumont Magdelaine, de La Chaux d&rsquo;Estaill\u00e8res et du Locle.<\/p><p>Enfants, n\u00e9s \u00e0 La Br\u00e9vine :<\/p><p>Baltazard, x 1730<\/p><p>David.\u00a0Homme influent, capitaine des milices neuch\u00e2teloises. Conseiller de mairie.<\/p><p>Le 16 XI 1777, pr\u00eate serment aux autorit\u00e9s et au prince.<\/p><p>oo Suzanne Madelaine Calame, du Locle. Leur fils, David-Guillaume, 1765-1841, maire de La Chaux d&rsquo;Estaill\u00e8res, est nomm\u00e9 par la cour conseiller d&rsquo;Etat.<\/p><p>Il a laiss\u00e9 23 cahiers manuscrits de m\u00e9moires, couvrant les ann\u00e9es 1830-31, et 12 autres pour la p\u00e9riode 1832-34. Justicier \u00e0 La Br\u00e9vine d\u00e8s 1794, lieutenant civil d\u00e8s 1797, maire d\u00e8s 1800, conseiller d&rsquo;Etat et d\u00e9put\u00e9 au corps l\u00e9gislatif d\u00e8s 1831. Fervent royaliste, auteur du livre \u00ab\u00a0Les ch\u00e2teaux neuch\u00e2telois\u00a0\u00bb et de \u00ab\u00a0La Description de la juridiction de La Br\u00e9vine\u00a0\u00bb, ouvrages remarquables, illustr\u00e9s.<\/p><p>oo 1794 \u00e0 La Br\u00e9vine Julie Matthey Doret, fille de Mo\u00ffse, du dit lieu.<\/p><p><strong>Septi\u00e8me g\u00e9n\u00e9ration<\/strong><\/p><p>Huguenin-Vuillemin, Baltazard,<\/p><p>fils de Jehan du Locle et de La Chaux d&rsquo;Estaill\u00e8res, bourgeois de Valangin. Laboureur, il reconna\u00eet les biens h\u00e9rit\u00e9s des anc\u00eatres, le 30 VI 1658, pour pouvoir payer le cens \u00e0 S.A. dont il est franc-sujet. Poss\u00e8de une maison au village de La Br\u00e9vine avec 2V2 faux de terre, un maix et h\u00e9ritage au Rosier et Sur le Gey, 3 faux de terre arable Vers chez Humbert. Il doit annuellement \u00e0 S.A. 4 livres or, 19 deniers et 25 sols de cens. Le 6 VII 1657, il s&rsquo;oblige \u00e0 son beau-p\u00e8re pour 341 livres coursables dans le comt\u00e9<\/p><p>oo Borrel N. fille de Claudy, le jur\u00e9 de Couvet, bourgeois de Neuch\u00e2tel.<\/p><p>Enfants :<\/p><ul><li>Jehan, mazelier (boucher), oo Marie Sandoz, fille de David, anc\u00eatre de P.A. Borel, auteur de cet article.<\/li><li>Marie, oo Abraham Montandon-Clerc<\/li><li>David<\/li><\/ul><p>Pour les diff\u00e9rencier des autres Huguenin, on ajoute le pr\u00e9nom de l&rsquo;A\u00efeul \u00e0 leur patronyme.<\/p><p><strong>Huiti\u00e8me g\u00e9n\u00e9ration<\/strong><\/p><p>Huguenin, Jehan,<\/p><p>fils de Vuillemin, du Locle et de La Chaux d&rsquo;Estaill\u00e8res, bourgeois de Valangin, \u00e9tabli dans la baronnie du Vaux Travers, dans le comt\u00e9 de Neufchastel. Laboureur, reconna\u00eet ses biens le 26 VIII 1596 sous le r\u00e8gne de Marie de Bourbon, dame et princesse de Neufchastel (Neuch\u00e2tel), duchesse de Longueville, situ\u00e9s \u00e0 La Combe de la Racine, autrement Sur les Gey. Ses biens appartenaient \u00e0 la famille Sandoz d\u00e8s le 5 IX 1566 et ont pass\u00e9 dans la famille Huguenin par mariage. Jehan Huguenin, mari\u00e9 sous le r\u00e9gime matrilocal, s&rsquo;est \u00e9tabli chez son beau-p\u00e8re.<\/p><p>oo I. Sandoz, Perrenon, fille de Petitjehan, de La Chaux des Taill\u00e8res\u00a0et du Locle.<\/p><p>oo II. Montandon Marie, veuve, se remarie avec Claudy Borrel, jur\u00e9 de Couvet, + avant 1636.<\/p><p>Enfants :<\/p><ul><li>Baltazard<\/li><li>Jehan. Conseiller des Chaux. Le 13 mai 1681, \u00e2g\u00e9 et fort malade, teste. oo I. Marie Sandoz, fille d&rsquo;Abraham, soeur de David. oo II. Blaisa Huguenin, fille de Jaques. Elle poss\u00e8de avec son fr\u00e8re un morcel de sagnes en indivis. Le seigneur lui octroie un droit de four dans sa maison de La Br\u00e9vine pour y cuire son Pain. Riche paysan.<\/li><\/ul><p><strong>Neuvi\u00e8me g\u00e9n\u00e9ration<\/strong><\/p><p>Huguenin, Vuillemin, fils de Petitjehan, du Locle, bourgeois de Valangin. Le 30 IX 1552, il reconna\u00eet ses biens\u00a0au Locle. Paysan, + avant 1615.<\/p><p>oo NN&#8230;<\/p><p>Enfants :<\/p><ul><li>Jehan<\/li><li>Abraham<\/li><\/ul><p><strong>Dixi\u00e8me g\u00e9n\u00e9ration<\/strong><\/p><p>Huguenin, Petitjehan<\/p><p>fils d&rsquo;Huguenin, du Locle, bourgeois de Valangin, laboureur.<\/p><p>oo NN &#8230; Jehanne<\/p><p>Enfants :<\/p><ul><li>Jehan<\/li><li>Guillaume, oo Montandon Bastienna, fille de Jaques et de Courvoisier Blaiza<\/li><li>Blaise, oo Montandon Jaquette, soeur de Bastienna<\/li><li>Vuillemin<\/li><li>Pierrelion<\/li><li>Richard<\/li><li>Huguenin<\/li><\/ul><p><strong>Onzi\u00e8me g\u00e9n\u00e9ration<\/strong><\/p><p>Huguenin, Huguenin,<\/p><p>fils d&rsquo;Othenin, du Locle,<\/p><p>homme franc et libre du seigneur de Valangin, laboureur et b\u00fbcheron.<\/p><p>oo NN&#8230;<\/p><p>Enfants :\u00a0<\/p><ul><li>Petitjehan. Il exploite les terres appartenant \u00e0 son p\u00e8re.<\/li><li>Blaise, + avant 1550<\/li><\/ul><p><strong>Douzi\u00e8me g\u00e9n\u00e9ration<\/strong><\/p><p>Huguenin, Othenin&#8230;<\/p><p>fils de N&#8230; descend de Huguenin, franc-bourgeois du Locle.<\/p><p>Ag\u00e9 et caduc, le 28 mai 1507, il prie ses fils de reconna\u00eetre leurs biens \u00e0 sa place.<\/p><p>Le 17 mai 1473, il passe un accord avec le comte de Neuch\u00e2tel pour l&rsquo;exploitation au Locle d&rsquo;une joux de 7 faux. oo NN&#8230;<\/p><p>Enfants :<\/p><ul><li>Jacquot<\/li><li>Otthenin ou Octhenin ou Othenin<\/li><li>Jehan<\/li><li>Huguenin<\/li><\/ul>\t\t\t\t\t\t\t\t<\/div>\n\t\t\t\t<\/div>\n\t\t\t\t\t<\/div>\n\t\t<\/div>\n\t\t\t\t\t<\/div>\n\t\t<\/section>\n\t\t\t\t<section class=\"elementor-section elementor-top-section elementor-element elementor-element-427a755e elementor-section-boxed elementor-section-height-default elementor-section-height-default\" data-id=\"427a755e\" data-element_type=\"section\" data-e-type=\"section\">\n\t\t\t\t\t\t<div class=\"elementor-container elementor-column-gap-default\">\n\t\t\t\t\t<div class=\"elementor-column elementor-col-33 elementor-top-column elementor-element elementor-element-5d196ec0\" data-id=\"5d196ec0\" data-element_type=\"column\" data-e-type=\"column\">\n\t\t\t<div class=\"elementor-widget-wrap elementor-element-populated\">\n\t\t\t\t\t\t<div class=\"elementor-element elementor-element-2ea370cb elementor-widget elementor-widget-button\" data-id=\"2ea370cb\" data-element_type=\"widget\" data-e-type=\"widget\" data-widget_type=\"button.default\">\n\t\t\t\t<div class=\"elementor-widget-container\">\n\t\t\t\t\t\t\t\t\t<div class=\"elementor-button-wrapper\">\n\t\t\t\t\t<a class=\"elementor-button elementor-button-link elementor-size-sm\" href=\"https:\/\/www.sngenealogie.ch\/wp\/bulletins\/bulletin-18\/au-nom-du-pere\/\">\n\t\t\t\t\t\t<span class=\"elementor-button-content-wrapper\">\n\t\t\t\t\t\t<span class=\"elementor-button-icon\">\n\t\t\t\t<i aria-hidden=\"true\" class=\"fas fa-arrow-left\"><\/i>\t\t\t<\/span>\n\t\t\t\t\t\t\t\t\t<span class=\"elementor-button-text\">Article pr\u00e9c\u00e9dent<\/span>\n\t\t\t\t\t<\/span>\n\t\t\t\t\t<\/a>\n\t\t\t\t<\/div>\n\t\t\t\t\t\t\t\t<\/div>\n\t\t\t\t<\/div>\n\t\t\t\t\t<\/div>\n\t\t<\/div>\n\t\t\t\t<div class=\"elementor-column elementor-col-33 elementor-top-column elementor-element elementor-element-129d7b9a\" data-id=\"129d7b9a\" data-element_type=\"column\" data-e-type=\"column\">\n\t\t\t<div class=\"elementor-widget-wrap elementor-element-populated\">\n\t\t\t\t\t\t<div class=\"elementor-element elementor-element-334c86bd elementor-align-center elementor-widget elementor-widget-button\" data-id=\"334c86bd\" data-element_type=\"widget\" data-e-type=\"widget\" data-widget_type=\"button.default\">\n\t\t\t\t<div class=\"elementor-widget-container\">\n\t\t\t\t\t\t\t\t\t<div class=\"elementor-button-wrapper\">\n\t\t\t\t\t<a class=\"elementor-button elementor-button-link elementor-size-sm\" href=\"https:\/\/www.sngenealogie.ch\/wp\/bulletins\/bulletin-18\/\">\n\t\t\t\t\t\t<span class=\"elementor-button-content-wrapper\">\n\t\t\t\t\t\t<span class=\"elementor-button-icon\">\n\t\t\t\t<i aria-hidden=\"true\" class=\"fas fa-arrow-up\"><\/i>\t\t\t<\/span>\n\t\t\t\t\t\t\t\t\t<span class=\"elementor-button-text\">Bulletin 18<\/span>\n\t\t\t\t\t<\/span>\n\t\t\t\t\t<\/a>\n\t\t\t\t<\/div>\n\t\t\t\t\t\t\t\t<\/div>\n\t\t\t\t<\/div>\n\t\t\t\t\t<\/div>\n\t\t<\/div>\n\t\t\t\t<div class=\"elementor-column elementor-col-33 elementor-top-column elementor-element elementor-element-72f39a72\" data-id=\"72f39a72\" data-element_type=\"column\" data-e-type=\"column\">\n\t\t\t<div class=\"elementor-widget-wrap elementor-element-populated\">\n\t\t\t\t\t\t<div class=\"elementor-element elementor-element-4c21e162 elementor-align-right elementor-widget elementor-widget-button\" data-id=\"4c21e162\" data-element_type=\"widget\" data-e-type=\"widget\" data-widget_type=\"button.default\">\n\t\t\t\t<div class=\"elementor-widget-container\">\n\t\t\t\t\t\t\t\t\t<div class=\"elementor-button-wrapper\">\n\t\t\t\t\t<a class=\"elementor-button elementor-button-link elementor-size-sm\" href=\"https:\/\/www.sngenealogie.ch\/wp\/bulletins\/bulletin-18\/patronymes-neuchatelois-avec-preposition\/\">\n\t\t\t\t\t\t<span class=\"elementor-button-content-wrapper\">\n\t\t\t\t\t\t<span class=\"elementor-button-icon\">\n\t\t\t\t<i aria-hidden=\"true\" class=\"fas fa-arrow-right\"><\/i>\t\t\t<\/span>\n\t\t\t\t\t\t\t\t\t<span class=\"elementor-button-text\">Article suivant<\/span>\n\t\t\t\t\t<\/span>\n\t\t\t\t\t<\/a>\n\t\t\t\t<\/div>\n\t\t\t\t\t\t\t\t<\/div>\n\t\t\t\t<\/div>\n\t\t\t\t\t<\/div>\n\t\t<\/div>\n\t\t\t\t\t<\/div>\n\t\t<\/section>\n\t\t\t\t<\/div>\n\t\t","protected":false},"excerpt":{"rendered":"<p>Bulletin 18 \/ Printemps 2002 T. Combe \u00e9crivain neuch\u00e2telois T. Combe, \u00e9crivain neuch\u00e2telois (1856-1933), et son ascendance par Jacqueline et [&hellip;]<\/p>\n","protected":false},"author":1,"featured_media":0,"parent":2827,"menu_order":0,"comment_status":"closed","ping_status":"closed","template":"","meta":{"site-sidebar-layout":"no-sidebar","site-content-layout":"page-builder","ast-site-content-layout":"default","site-content-style":"default","site-sidebar-style":"default","ast-global-header-display":"","ast-banner-title-visibility":"","ast-main-header-display":"","ast-hfb-above-header-display":"","ast-hfb-below-header-display":"","ast-hfb-mobile-header-display":"","site-post-title":"disabled","ast-breadcrumbs-content":"","ast-featured-img":"disabled","footer-sml-layout":"","ast-disable-related-posts":"","theme-transparent-header-meta":"default","adv-header-id-meta":"","stick-header-meta":"","header-above-stick-meta":"","header-main-stick-meta":"","header-below-stick-meta":"","astra-migrate-meta-layouts":"default","ast-page-background-enabled":"default","ast-page-background-meta":{"desktop":{"background-color":"","background-image":"","background-repeat":"repeat","background-position":"center center","background-size":"auto","background-attachment":"scroll","background-type":"","background-media":"","overlay-type":"","overlay-color":"","overlay-opacity":"","overlay-gradient":""},"tablet":{"background-color":"","background-image":"","background-repeat":"repeat","background-position":"center center","background-size":"auto","background-attachment":"scroll","background-type":"","background-media":"","overlay-type":"","overlay-color":"","overlay-opacity":"","overlay-gradient":""},"mobile":{"background-color":"","background-image":"","background-repeat":"repeat","background-position":"center center","background-size":"auto","background-attachment":"scroll","background-type":"","background-media":"","overlay-type":"","overlay-color":"","overlay-opacity":"","overlay-gradient":""}},"ast-content-background-meta":{"desktop":{"background-color":"var(--ast-global-color-5)","background-image":"","background-repeat":"repeat","background-position":"center center","background-size":"auto","background-attachment":"scroll","background-type":"","background-media":"","overlay-type":"","overlay-color":"","overlay-opacity":"","overlay-gradient":""},"tablet":{"background-color":"var(--ast-global-color-5)","background-image":"","background-repeat":"repeat","background-position":"center center","background-size":"auto","background-attachment":"scroll","background-type":"","background-media":"","overlay-type":"","overlay-color":"","overlay-opacity":"","overlay-gradient":""},"mobile":{"background-color":"var(--ast-global-color-5)","background-image":"","background-repeat":"repeat","background-position":"center center","background-size":"auto","background-attachment":"scroll","background-type":"","background-media":"","overlay-type":"","overlay-color":"","overlay-opacity":"","overlay-gradient":""}},"footnotes":""},"wf_page_folders":[35],"class_list":["post-4467","page","type-page","status-publish","hentry"],"_links":{"self":[{"href":"https:\/\/www.sngenealogie.ch\/wp\/wp-json\/wp\/v2\/pages\/4467","targetHints":{"allow":["GET"]}}],"collection":[{"href":"https:\/\/www.sngenealogie.ch\/wp\/wp-json\/wp\/v2\/pages"}],"about":[{"href":"https:\/\/www.sngenealogie.ch\/wp\/wp-json\/wp\/v2\/types\/page"}],"author":[{"embeddable":true,"href":"https:\/\/www.sngenealogie.ch\/wp\/wp-json\/wp\/v2\/users\/1"}],"replies":[{"embeddable":true,"href":"https:\/\/www.sngenealogie.ch\/wp\/wp-json\/wp\/v2\/comments?post=4467"}],"version-history":[{"count":15,"href":"https:\/\/www.sngenealogie.ch\/wp\/wp-json\/wp\/v2\/pages\/4467\/revisions"}],"predecessor-version":[{"id":7853,"href":"https:\/\/www.sngenealogie.ch\/wp\/wp-json\/wp\/v2\/pages\/4467\/revisions\/7853"}],"up":[{"embeddable":true,"href":"https:\/\/www.sngenealogie.ch\/wp\/wp-json\/wp\/v2\/pages\/2827"}],"wp:attachment":[{"href":"https:\/\/www.sngenealogie.ch\/wp\/wp-json\/wp\/v2\/media?parent=4467"}],"wp:term":[{"taxonomy":"wf_page_folders","embeddable":true,"href":"https:\/\/www.sngenealogie.ch\/wp\/wp-json\/wp\/v2\/wf_page_folders?post=4467"}],"curies":[{"name":"wp","href":"https:\/\/api.w.org\/{rel}","templated":true}]}}