{"id":6202,"date":"2021-05-22T18:59:46","date_gmt":"2021-05-22T16:59:46","guid":{"rendered":"https:\/\/www.sngenealogie.ch\/wp\/?page_id=6202"},"modified":"2021-05-23T20:33:47","modified_gmt":"2021-05-23T18:33:47","slug":"pv-16-novembre-1996","status":"publish","type":"page","link":"https:\/\/www.sngenealogie.ch\/wp\/bulletins\/bulletin-6-7\/pv-16-novembre-1996\/","title":{"rendered":"PV 16 novembre 1996"},"content":{"rendered":"\t\t<div data-elementor-type=\"wp-page\" data-elementor-id=\"6202\" class=\"elementor elementor-6202\">\n\t\t\t\t\t\t<section class=\"elementor-section elementor-top-section elementor-element elementor-element-6c184fb4 elementor-section-boxed elementor-section-height-default elementor-section-height-default\" data-id=\"6c184fb4\" data-element_type=\"section\" data-e-type=\"section\" data-settings=\"{&quot;background_background&quot;:&quot;gradient&quot;}\">\n\t\t\t\t\t\t<div class=\"elementor-container elementor-column-gap-no\">\n\t\t\t\t\t<div class=\"elementor-column elementor-col-100 elementor-top-column elementor-element elementor-element-3c4f2430\" data-id=\"3c4f2430\" data-element_type=\"column\" data-e-type=\"column\">\n\t\t\t<div class=\"elementor-widget-wrap elementor-element-populated\">\n\t\t\t\t\t\t<div class=\"elementor-element elementor-element-28a7be6c elementor-widget elementor-widget-heading\" data-id=\"28a7be6c\" data-element_type=\"widget\" data-e-type=\"widget\" data-widget_type=\"heading.default\">\n\t\t\t\t<div class=\"elementor-widget-container\">\n\t\t\t\t\t<h5 class=\"elementor-heading-title elementor-size-default\">Bulletin 6-7 \/ Avril 1997<\/h5>\t\t\t\t<\/div>\n\t\t\t\t<\/div>\n\t\t\t\t<div class=\"elementor-element elementor-element-64b397dc elementor-widget elementor-widget-heading\" data-id=\"64b397dc\" data-element_type=\"widget\" data-e-type=\"widget\" data-widget_type=\"heading.default\">\n\t\t\t\t<div class=\"elementor-widget-container\">\n\t\t\t\t\t<h1 class=\"elementor-heading-title elementor-size-default\">Proc\u00e8s-verbal du 16 novembre 1996<\/h1>\t\t\t\t<\/div>\n\t\t\t\t<\/div>\n\t\t\t\t\t<\/div>\n\t\t<\/div>\n\t\t\t\t\t<\/div>\n\t\t<\/section>\n\t\t\t\t<section class=\"elementor-section elementor-top-section elementor-element elementor-element-187d1c15 elementor-section-boxed elementor-section-height-default elementor-section-height-default\" data-id=\"187d1c15\" data-element_type=\"section\" data-e-type=\"section\">\n\t\t\t\t\t\t<div class=\"elementor-container elementor-column-gap-default\">\n\t\t\t\t\t<div class=\"elementor-column elementor-col-100 elementor-top-column elementor-element elementor-element-6539d444\" data-id=\"6539d444\" data-element_type=\"column\" data-e-type=\"column\">\n\t\t\t<div class=\"elementor-widget-wrap elementor-element-populated\">\n\t\t\t\t\t\t<div class=\"elementor-element elementor-element-8457048 elementor-widget elementor-widget-heading\" data-id=\"8457048\" data-element_type=\"widget\" data-e-type=\"widget\" data-widget_type=\"heading.default\">\n\t\t\t\t<div class=\"elementor-widget-container\">\n\t\t\t\t\t<h4 class=\"elementor-heading-title elementor-size-default\">par Germain Hausmann<\/h4>\t\t\t\t<\/div>\n\t\t\t\t<\/div>\n\t\t\t\t<div class=\"elementor-element elementor-element-6412bb2 elementor-widget elementor-widget-spacer\" data-id=\"6412bb2\" data-element_type=\"widget\" data-e-type=\"widget\" data-widget_type=\"spacer.default\">\n\t\t\t\t<div class=\"elementor-widget-container\">\n\t\t\t\t\t\t\t<div class=\"elementor-spacer\">\n\t\t\t<div class=\"elementor-spacer-inner\"><\/div>\n\t\t<\/div>\n\t\t\t\t\t\t<\/div>\n\t\t\t\t<\/div>\n\t\t\t\t<div class=\"elementor-element elementor-element-d16d261 elementor-widget elementor-widget-heading\" data-id=\"d16d261\" data-element_type=\"widget\" data-e-type=\"widget\" data-widget_type=\"heading.default\">\n\t\t\t\t<div class=\"elementor-widget-container\">\n\t\t\t\t\t<h3 class=\"elementor-heading-title elementor-size-default\">Conf\u00e9rence de Georges Fallet<\/h3>\t\t\t\t<\/div>\n\t\t\t\t<\/div>\n\t\t\t\t<div class=\"elementor-element elementor-element-4d49286 elementor-widget elementor-widget-text-editor\" data-id=\"4d49286\" data-element_type=\"widget\" data-e-type=\"widget\" data-widget_type=\"text-editor.default\">\n\t\t\t\t<div class=\"elementor-widget-container\">\n\t\t\t\t\t\t\t\t\t<p>Sont pr\u00e9sents : 12 personnes.<br \/>Se sont excus\u00e9s : 4 personnes.<\/p><p>Commen\u00e7ons par r\u00e9gler un point de proc\u00e9dure : notre pr\u00e9sident d\u00e9sire quitter sa fonction le 31 d\u00e9cembre prochain. Aussi, il avait pr\u00e9vu de convoquer une assembl\u00e9e g\u00e9n\u00e9rale en d\u00e9cembre, afin qu&rsquo;un nouveau comit\u00e9 soit \u00e9lu. Notre caissier se rebiffe, car il ne pourra pas boucler ses comptes \u00e0 la fin de cette ann\u00e9e, comme cela est de r\u00e8gle. En d\u00e9cembre, son bouclement sera boiteux, puisque, par exemple, les int\u00e9r\u00eats de notre petit capital, d\u00e9pos\u00e9 en banque, ne seront pas connus. Malgr\u00e9 tout, apr\u00e8s discussion, nous maintenons l&rsquo;assembl\u00e9e g\u00e9n\u00e9rale avant No\u00ebl.<\/p><p>Notre pr\u00e9sident nous pr\u00e9sente notre conf\u00e9rencier, M. Georges Fallet, homme fort connu dans notre soci\u00e9t\u00e9. Ses recherches aux Archives de l&rsquo;\u00c9tat l&rsquo;am\u00e8nent \u00e0 certaines occasions de faire des d\u00e9couvertes \u00e9tonnantes : par exemple, il prend la fiche d&rsquo;un certain Claude Fran\u00e7ois Bonnet, n\u00e9 le 8 novembre 1810, baptis\u00e9 au Landeron le 19 d\u00e9cembre 1810, fils de Claude Baptiste et de Marie Th\u00e9r\u00e8se Oninal. Son p\u00e8re, pr\u00e9pos\u00e9 aux douanes imp\u00e9riales de France, est cantonn\u00e9 \u00e0 Nods alors dans le d\u00e9partement du Haut-Rhin, aujourd&rsquo;hui dans le Jura bernois. Cette famille, catholique, tire son origine de Lure, dans le d\u00e9partement de Haute-Sa\u00f4ne. Jusque-l\u00e0 rien d&rsquo;extraordinaire. Il faut attendre 1846 pour conna\u00eetre la destin\u00e9e de ce personnage. Le 23 mai 1846, un certain Jeanrenaud, de M\u00f4tiers, \u00e9crit au Conseil d&rsquo;\u00c9tat et lui annonce qu&rsquo;il fait des recherches pour trouver les h\u00e9ritiers dudit Claude Fran\u00e7ois Bonnet, qui est mort vers 1823. Il avait fait fortune sous les Tropiques et s&rsquo;\u00e9tait m\u00eame d\u00e9clar\u00e9 souverain de Madagascar. C&rsquo;est du moins ce qu&rsquo;annon\u00e7aient les journaux en 1828. Cette nouvelle avait attis\u00e9 la convoitise de tous les Bonnet du monde, en particulier les Fran\u00e7ais. Mais, les Anglais avaient annonc\u00e9 qu&rsquo;il s&rsquo;agissait d&rsquo;un Bonnet suisse. Grand \u00e9moi chez ceux-ci, qui, pour leur malheur, ne comptent aucun Claude Fran\u00e7ois connu dans leurs rangs. Peut-\u00eatre s&rsquo;agit-il de ce Bonnet, de Gen\u00e8ve, n\u00e9 en 1696, parti aux Indes vers 1725. Il s&rsquo;y est sans doute mari\u00e9 et l&rsquo;un des ses fils pourrait avoir acc\u00e9d\u00e9 \u00e0 une royaut\u00e9 tropicale. Voil\u00e0 o\u00f9 en \u00e9taient les recherches de Jeanrenaud. Nous ne connaissons pas la r\u00e9ponse du Conseil d&rsquo;\u00c9tat. Gageons que les h\u00e9ritiers putatifs de ce roi de pacotille purent encore longtemps attendre la fortune de ce vague cousin naturalis\u00e9 malgache.<\/p><p>M. Fallet commence son expos\u00e9 dont nous lirons un r\u00e9sum\u00e9 en annexe. Sa conf\u00e9rence se termine dans une discussion g\u00e9n\u00e9rale, chacun essayant d&rsquo;aiguiller notre conf\u00e9rencier dans ses recherches, lui donner quelques renseignements en sa possession. Notre cercle devient ce qu&rsquo;il est trop rarement, un centre d&rsquo;entraide entre g\u00e9n\u00e9alogistes, un espace de d\u00e9bats o\u00f9 les exp\u00e9riences de chacun, mises en commun, peuvent donner de nouvelles directions aux recherches des participants.<\/p><p>M. Nussl\u00e9 nous pr\u00e9sente le bulletin \u00e0 venir, qui, fort heureusement, ne manque pas de mati\u00e8re. On a voulu y honorer notre ancien pr\u00e9sident, M. Pierre de Rougemont. A son \u00e9poque, les assembl\u00e9es de notre soci\u00e9t\u00e9 \u00e9taient fort diff\u00e9rentes. Il s&rsquo;agissait alors d&rsquo;un club ferm\u00e9, avec peu de contact avec l&rsquo;ext\u00e9rieur. Mme Heidi Renaud, M. Pierre-Arnold Borel l&rsquo;aidaient beaucoup dans ses activit\u00e9s pr\u00e9sidentielles. \u00ab\u00a0Voil\u00e0 mon \u00e9tat-major qui travaille\u00a0\u00bb ; c&rsquo;est ainsi qu&rsquo;il d\u00e9signait ses aides. En son souvenir, nous publierons un petit article qu&rsquo;il avait r\u00e9dig\u00e9 \u00e0 propos des trois signataires de l&rsquo;acte de rattachement de la principaut\u00e9 de Neuch\u00e2tel \u00e0 la Suisse. Il descendait de ces trois personnages. Notre bulletin est envoy\u00e9 en \u00e9change \u00e0 d&rsquo;autres soci\u00e9t\u00e9s, celle de Savoie, de Franche-Comt\u00e9, etc., qui de leur c\u00f4t\u00e9 nous envoient leur propres publications.<\/p><p>En conclusion, M. Junod termine par l&rsquo;\u00e9vocation de plusieurs points. Il nous d\u00e9crit tout d&rsquo;abord la journ\u00e9e enrichissante que les quatre membres de notre section ont v\u00e9cue \u00e0 Bienne, le 19 octobre dernier, o\u00f9 la Soci\u00e9t\u00e9 suisse nous avait convi\u00e9 \u00e0 une r\u00e9union consacr\u00e9e aux registres paroissiaux. En deuxi\u00e8me lieu, il nous pr\u00e9sente un r\u00e9sultat interm\u00e9diaire du travail de d\u00e9pouillement des g\u00e9n\u00e9alogies d\u00e9pos\u00e9es aux Archives de l&rsquo;\u00c9tat de Neuch\u00e2tel. Plus de 155 familles ont \u00e9t\u00e9 recens\u00e9es. Ce fichier informatique a \u00e9t\u00e9 envoy\u00e9 aux Archives de l&rsquo;\u00c9tat, \u00e0 M. von Moos. Cette t\u00e2che devra se poursuivre en suivant une nouvelle m\u00e9thode. La sortie avec nos amis franc-comtois se termine avec un petit b\u00e9n\u00e9fice. Enfin, M. Junod est en grande discussion avec Herr Doktor Stricker qui d\u00e9sirerait cr\u00e9er un site g\u00e9n\u00e9alogique unique pour toute la Suisse. Nous sommes plus favorables \u00e0 des sites r\u00e9gionaux, plus faciles \u00e0 g\u00e9rer. En outre, Neuch\u00e2tel, Vaud, Valais, Saint-Gall sont d\u00e9j\u00e0 sur Internet. Inutile de chambouler tout le paysage \u00ab\u00a0internetique\u00a0\u00bb de la Suisse g\u00e9n\u00e9alogique.<\/p><p>La s\u00e9ance est lev\u00e9e \u00e0 9 heures 45.<\/p>\t\t\t\t\t\t\t\t<\/div>\n\t\t\t\t<\/div>\n\t\t\t\t\t<\/div>\n\t\t<\/div>\n\t\t\t\t\t<\/div>\n\t\t<\/section>\n\t\t\t\t<section class=\"elementor-section elementor-top-section elementor-element elementor-element-394a1564 elementor-section-boxed elementor-section-height-default elementor-section-height-default\" data-id=\"394a1564\" data-element_type=\"section\" data-e-type=\"section\">\n\t\t\t\t\t\t<div class=\"elementor-container elementor-column-gap-default\">\n\t\t\t\t\t<div class=\"elementor-column elementor-col-33 elementor-top-column elementor-element elementor-element-2e538c5c\" data-id=\"2e538c5c\" data-element_type=\"column\" data-e-type=\"column\">\n\t\t\t<div class=\"elementor-widget-wrap elementor-element-populated\">\n\t\t\t\t\t\t<div class=\"elementor-element elementor-element-824257a elementor-widget elementor-widget-button\" data-id=\"824257a\" data-element_type=\"widget\" data-e-type=\"widget\" data-widget_type=\"button.default\">\n\t\t\t\t<div class=\"elementor-widget-container\">\n\t\t\t\t\t\t\t\t\t<div class=\"elementor-button-wrapper\">\n\t\t\t\t\t<a class=\"elementor-button elementor-button-link elementor-size-sm\" href=\"https:\/\/www.sngenealogie.ch\/wp\/bulletins\/bulletin-6-7\/rencontre-22-septembre-1996\/\">\n\t\t\t\t\t\t<span class=\"elementor-button-content-wrapper\">\n\t\t\t\t\t\t<span class=\"elementor-button-icon\">\n\t\t\t\t<i aria-hidden=\"true\" class=\"fas fa-arrow-left\"><\/i>\t\t\t<\/span>\n\t\t\t\t\t\t\t\t\t<span class=\"elementor-button-text\">Article pr\u00e9c\u00e9dent<\/span>\n\t\t\t\t\t<\/span>\n\t\t\t\t\t<\/a>\n\t\t\t\t<\/div>\n\t\t\t\t\t\t\t\t<\/div>\n\t\t\t\t<\/div>\n\t\t\t\t\t<\/div>\n\t\t<\/div>\n\t\t\t\t<div class=\"elementor-column elementor-col-33 elementor-top-column elementor-element elementor-element-99cc7f\" data-id=\"99cc7f\" data-element_type=\"column\" data-e-type=\"column\">\n\t\t\t<div class=\"elementor-widget-wrap elementor-element-populated\">\n\t\t\t\t\t\t<div class=\"elementor-element elementor-element-7414bc44 elementor-align-center elementor-widget elementor-widget-button\" data-id=\"7414bc44\" data-element_type=\"widget\" data-e-type=\"widget\" data-widget_type=\"button.default\">\n\t\t\t\t<div class=\"elementor-widget-container\">\n\t\t\t\t\t\t\t\t\t<div class=\"elementor-button-wrapper\">\n\t\t\t\t\t<a class=\"elementor-button elementor-button-link elementor-size-sm\" href=\"https:\/\/www.sngenealogie.ch\/wp\/bulletins\/bulletin-6-7\/\">\n\t\t\t\t\t\t<span class=\"elementor-button-content-wrapper\">\n\t\t\t\t\t\t<span class=\"elementor-button-icon\">\n\t\t\t\t<i aria-hidden=\"true\" class=\"fas fa-arrow-up\"><\/i>\t\t\t<\/span>\n\t\t\t\t\t\t\t\t\t<span class=\"elementor-button-text\">Bulletin 6-7<\/span>\n\t\t\t\t\t<\/span>\n\t\t\t\t\t<\/a>\n\t\t\t\t<\/div>\n\t\t\t\t\t\t\t\t<\/div>\n\t\t\t\t<\/div>\n\t\t\t\t\t<\/div>\n\t\t<\/div>\n\t\t\t\t<div class=\"elementor-column elementor-col-33 elementor-top-column elementor-element elementor-element-35e0edd6\" data-id=\"35e0edd6\" data-element_type=\"column\" data-e-type=\"column\">\n\t\t\t<div class=\"elementor-widget-wrap elementor-element-populated\">\n\t\t\t\t\t\t<div class=\"elementor-element elementor-element-4febe7b0 elementor-align-right elementor-widget elementor-widget-button\" data-id=\"4febe7b0\" data-element_type=\"widget\" data-e-type=\"widget\" data-widget_type=\"button.default\">\n\t\t\t\t<div class=\"elementor-widget-container\">\n\t\t\t\t\t\t\t\t\t<div class=\"elementor-button-wrapper\">\n\t\t\t\t\t<a class=\"elementor-button elementor-button-link elementor-size-sm\" href=\"https:\/\/www.sngenealogie.ch\/wp\/bulletins\/bulletin-6-7\/meuniers-du-moulin-de-la-charriere\/\">\n\t\t\t\t\t\t<span class=\"elementor-button-content-wrapper\">\n\t\t\t\t\t\t<span class=\"elementor-button-icon\">\n\t\t\t\t<i aria-hidden=\"true\" class=\"fas fa-arrow-right\"><\/i>\t\t\t<\/span>\n\t\t\t\t\t\t\t\t\t<span class=\"elementor-button-text\">Article suivant<\/span>\n\t\t\t\t\t<\/span>\n\t\t\t\t\t<\/a>\n\t\t\t\t<\/div>\n\t\t\t\t\t\t\t\t<\/div>\n\t\t\t\t<\/div>\n\t\t\t\t\t<\/div>\n\t\t<\/div>\n\t\t\t\t\t<\/div>\n\t\t<\/section>\n\t\t\t\t<\/div>\n\t\t","protected":false},"excerpt":{"rendered":"<p>Bulletin 6-7 \/ Avril 1997 Proc\u00e8s-verbal du 16 novembre 1996 par Germain Hausmann Conf\u00e9rence de Georges Fallet Sont pr\u00e9sents : [&hellip;]<\/p>\n","protected":false},"author":1,"featured_media":0,"parent":2883,"menu_order":0,"comment_status":"closed","ping_status":"closed","template":"","meta":{"site-sidebar-layout":"no-sidebar","site-content-layout":"page-builder","ast-site-content-layout":"default","site-content-style":"default","site-sidebar-style":"default","ast-global-header-display":"","ast-banner-title-visibility":"","ast-main-header-display":"","ast-hfb-above-header-display":"","ast-hfb-below-header-display":"","ast-hfb-mobile-header-display":"","site-post-title":"disabled","ast-breadcrumbs-content":"","ast-featured-img":"disabled","footer-sml-layout":"","ast-disable-related-posts":"","theme-transparent-header-meta":"default","adv-header-id-meta":"","stick-header-meta":"","header-above-stick-meta":"","header-main-stick-meta":"","header-below-stick-meta":"","astra-migrate-meta-layouts":"default","ast-page-background-enabled":"default","ast-page-background-meta":{"desktop":{"background-color":"","background-image":"","background-repeat":"repeat","background-position":"center center","background-size":"auto","background-attachment":"scroll","background-type":"","background-media":"","overlay-type":"","overlay-color":"","overlay-opacity":"","overlay-gradient":""},"tablet":{"background-color":"","background-image":"","background-repeat":"repeat","background-position":"center center","background-size":"auto","background-attachment":"scroll","background-type":"","background-media":"","overlay-type":"","overlay-color":"","overlay-opacity":"","overlay-gradient":""},"mobile":{"background-color":"","background-image":"","background-repeat":"repeat","background-position":"center center","background-size":"auto","background-attachment":"scroll","background-type":"","background-media":"","overlay-type":"","overlay-color":"","overlay-opacity":"","overlay-gradient":""}},"ast-content-background-meta":{"desktop":{"background-color":"var(--ast-global-color-5)","background-image":"","background-repeat":"repeat","background-position":"center center","background-size":"auto","background-attachment":"scroll","background-type":"","background-media":"","overlay-type":"","overlay-color":"","overlay-opacity":"","overlay-gradient":""},"tablet":{"background-color":"var(--ast-global-color-5)","background-image":"","background-repeat":"repeat","background-position":"center center","background-size":"auto","background-attachment":"scroll","background-type":"","background-media":"","overlay-type":"","overlay-color":"","overlay-opacity":"","overlay-gradient":""},"mobile":{"background-color":"var(--ast-global-color-5)","background-image":"","background-repeat":"repeat","background-position":"center center","background-size":"auto","background-attachment":"scroll","background-type":"","background-media":"","overlay-type":"","overlay-color":"","overlay-opacity":"","overlay-gradient":""}},"footnotes":""},"wf_page_folders":[75],"class_list":["post-6202","page","type-page","status-publish","hentry"],"_links":{"self":[{"href":"https:\/\/www.sngenealogie.ch\/wp\/wp-json\/wp\/v2\/pages\/6202","targetHints":{"allow":["GET"]}}],"collection":[{"href":"https:\/\/www.sngenealogie.ch\/wp\/wp-json\/wp\/v2\/pages"}],"about":[{"href":"https:\/\/www.sngenealogie.ch\/wp\/wp-json\/wp\/v2\/types\/page"}],"author":[{"embeddable":true,"href":"https:\/\/www.sngenealogie.ch\/wp\/wp-json\/wp\/v2\/users\/1"}],"replies":[{"embeddable":true,"href":"https:\/\/www.sngenealogie.ch\/wp\/wp-json\/wp\/v2\/comments?post=6202"}],"version-history":[{"count":8,"href":"https:\/\/www.sngenealogie.ch\/wp\/wp-json\/wp\/v2\/pages\/6202\/revisions"}],"predecessor-version":[{"id":6380,"href":"https:\/\/www.sngenealogie.ch\/wp\/wp-json\/wp\/v2\/pages\/6202\/revisions\/6380"}],"up":[{"embeddable":true,"href":"https:\/\/www.sngenealogie.ch\/wp\/wp-json\/wp\/v2\/pages\/2883"}],"wp:attachment":[{"href":"https:\/\/www.sngenealogie.ch\/wp\/wp-json\/wp\/v2\/media?parent=6202"}],"wp:term":[{"taxonomy":"wf_page_folders","embeddable":true,"href":"https:\/\/www.sngenealogie.ch\/wp\/wp-json\/wp\/v2\/wf_page_folders?post=6202"}],"curies":[{"name":"wp","href":"https:\/\/api.w.org\/{rel}","templated":true}]}}