{"id":6462,"date":"2021-05-24T18:19:45","date_gmt":"2021-05-24T16:19:45","guid":{"rendered":"https:\/\/www.sngenealogie.ch\/wp\/?page_id=6462"},"modified":"2021-05-24T20:23:25","modified_gmt":"2021-05-24T18:23:25","slug":"pv-18-fevrier-1997","status":"publish","type":"page","link":"https:\/\/www.sngenealogie.ch\/wp\/bulletins\/bulletin-8-9\/pv-18-fevrier-1997\/","title":{"rendered":"PV 18 f\u00e9vrier 1997"},"content":{"rendered":"\t\t<div data-elementor-type=\"wp-page\" data-elementor-id=\"6462\" class=\"elementor elementor-6462\">\n\t\t\t\t\t\t<section class=\"elementor-section elementor-top-section elementor-element elementor-element-6c184fb4 elementor-section-boxed elementor-section-height-default elementor-section-height-default\" data-id=\"6c184fb4\" data-element_type=\"section\" data-e-type=\"section\" data-settings=\"{&quot;background_background&quot;:&quot;gradient&quot;}\">\n\t\t\t\t\t\t<div class=\"elementor-container elementor-column-gap-no\">\n\t\t\t\t\t<div class=\"elementor-column elementor-col-100 elementor-top-column elementor-element elementor-element-3c4f2430\" data-id=\"3c4f2430\" data-element_type=\"column\" data-e-type=\"column\">\n\t\t\t<div class=\"elementor-widget-wrap elementor-element-populated\">\n\t\t\t\t\t\t<div class=\"elementor-element elementor-element-28a7be6c elementor-widget elementor-widget-heading\" data-id=\"28a7be6c\" data-element_type=\"widget\" data-e-type=\"widget\" data-widget_type=\"heading.default\">\n\t\t\t\t<div class=\"elementor-widget-container\">\n\t\t\t\t\t<h5 class=\"elementor-heading-title elementor-size-default\">Bulletin 8-9 \/ Ao\u00fbt 1997<\/h5>\t\t\t\t<\/div>\n\t\t\t\t<\/div>\n\t\t\t\t<div class=\"elementor-element elementor-element-64b397dc elementor-widget elementor-widget-heading\" data-id=\"64b397dc\" data-element_type=\"widget\" data-e-type=\"widget\" data-widget_type=\"heading.default\">\n\t\t\t\t<div class=\"elementor-widget-container\">\n\t\t\t\t\t<h1 class=\"elementor-heading-title elementor-size-default\">Proc\u00e8s-verbal du 18 f\u00e9vrier 1997<\/h1>\t\t\t\t<\/div>\n\t\t\t\t<\/div>\n\t\t\t\t\t<\/div>\n\t\t<\/div>\n\t\t\t\t\t<\/div>\n\t\t<\/section>\n\t\t\t\t<section class=\"elementor-section elementor-top-section elementor-element elementor-element-187d1c15 elementor-section-boxed elementor-section-height-default elementor-section-height-default\" data-id=\"187d1c15\" data-element_type=\"section\" data-e-type=\"section\">\n\t\t\t\t\t\t<div class=\"elementor-container elementor-column-gap-default\">\n\t\t\t\t\t<div class=\"elementor-column elementor-col-100 elementor-top-column elementor-element elementor-element-6539d444\" data-id=\"6539d444\" data-element_type=\"column\" data-e-type=\"column\">\n\t\t\t<div class=\"elementor-widget-wrap elementor-element-populated\">\n\t\t\t\t\t\t<div class=\"elementor-element elementor-element-f7091c7 elementor-widget elementor-widget-heading\" data-id=\"f7091c7\" data-element_type=\"widget\" data-e-type=\"widget\" data-widget_type=\"heading.default\">\n\t\t\t\t<div class=\"elementor-widget-container\">\n\t\t\t\t\t<h2 class=\"elementor-heading-title elementor-size-default\">Proc\u00e8s-verbal de la rencontre du 18 f\u00e9vrier 1997<\/h2>\t\t\t\t<\/div>\n\t\t\t\t<\/div>\n\t\t\t\t<div class=\"elementor-element elementor-element-8457048 elementor-widget elementor-widget-heading\" data-id=\"8457048\" data-element_type=\"widget\" data-e-type=\"widget\" data-widget_type=\"heading.default\">\n\t\t\t\t<div class=\"elementor-widget-container\">\n\t\t\t\t\t<h4 class=\"elementor-heading-title elementor-size-default\">par Germain Hausmann<\/h4>\t\t\t\t<\/div>\n\t\t\t\t<\/div>\n\t\t\t\t<div class=\"elementor-element elementor-element-e7770b6 elementor-widget elementor-widget-spacer\" data-id=\"e7770b6\" data-element_type=\"widget\" data-e-type=\"widget\" data-widget_type=\"spacer.default\">\n\t\t\t\t<div class=\"elementor-widget-container\">\n\t\t\t\t\t\t\t<div class=\"elementor-spacer\">\n\t\t\t<div class=\"elementor-spacer-inner\"><\/div>\n\t\t<\/div>\n\t\t\t\t\t\t<\/div>\n\t\t\t\t<\/div>\n\t\t\t\t<div class=\"elementor-element elementor-element-4d49286 elementor-widget elementor-widget-text-editor\" data-id=\"4d49286\" data-element_type=\"widget\" data-e-type=\"widget\" data-widget_type=\"text-editor.default\">\n\t\t\t\t<div class=\"elementor-widget-container\">\n\t\t\t\t\t\t\t\t\t<p>Sont pr\u00e9sents : 12 personnes.<br \/>Se sont excus\u00e9s : 3 personnes.<\/p><p>Notre nouveau pr\u00e9sident, M. Nicolas Junod, commence son mandat par une nouveaut\u00e9. Nous ne r\u00e9unissons pas aujourd&rsquo;hui au Coll\u00e8ge latin, comme d&rsquo;habitude, mais aux Centre P\u22c5O\u22c5I\u22c5N\u22c5T, \u00e0 l&rsquo;avenue de la Gare, centre de consultation de l&#8217;emploi pr\u00e9parant \u00e0 la r\u00e9insertion professionnelle, o\u00f9 l&rsquo;un de nos membres, M. Eric Nussl\u00e9, nous a invit\u00e9s ce soir.<\/p><p>En ce d\u00e9but de r\u00e9union, notre comit\u00e9 nous pr\u00e9sente quelques nouveaut\u00e9s qu&rsquo;il se propose d&rsquo;introduire. En premier lieu, nous n&rsquo;enverrons plus de convocations pour chaque s\u00e9ance. Un agenda, pr\u00e9par\u00e9 par le comit\u00e9, donnera la liste des manifestations pour l&rsquo;ann\u00e9e enti\u00e8re, \u00e0 charge de nos membres de noter sur leur agenda la date des activit\u00e9s qui les int\u00e9ressent. Ce programme nous semble assez bien \u00e9quilibr\u00e9, puisqu&rsquo;il allie des conf\u00e9rences traditionnelles \u00e0 des visites aupr\u00e8s des sections s\u0153urs ou, comme ce soir, \u00e0 des r\u00e9unions consacr\u00e9es \u00e0 des d\u00e9monstrations.<\/p><p>En deuxi\u00e8me lieu, nous avons \u00e9dit\u00e9 un petit d\u00e9pliant dans lequel sont pr\u00e9sent\u00e9s l&rsquo;histoire de notre soci\u00e9t\u00e9, ses buts, son insertion sur\u00a0<em>Internet<\/em>, son bulletin et sa biblioth\u00e8que. Tout amateur de g\u00e9n\u00e9alogie peut en devenir membre en \u00e9crivant ses coordonn\u00e9es sur un coupon \u00e0 d\u00e9tacher. Ce d\u00e9pliant sera d\u00e9pos\u00e9 sur un pr\u00e9sentoir aux Archives de l&rsquo;\u00c9tat. Nous esp\u00e9rons que, par cet interm\u00e9diaire, nous ferons conna\u00eetre notre existence \u00e0 des chercheurs isol\u00e9s et que nous les attirerons ainsi dans nos rangs.<\/p><p>M. Nussl\u00e9 nous donne quelques pr\u00e9cisions sur le prochain congr\u00e8s de Bourges. Lui-m\u00eame s&rsquo;y rendra et ceux qui voudraient l&rsquo;y accompagner peuvent prendre contact avec lui. A ce propos, M. P.-A. Borel a \u00e9t\u00e9 invit\u00e9 \u00e0 cette r\u00e9union et s&rsquo;y rendra par ses propres moyens.<\/p>\t\t\t\t\t\t\t\t<\/div>\n\t\t\t\t<\/div>\n\t\t\t\t<div class=\"elementor-element elementor-element-88881e3 elementor-widget elementor-widget-heading\" data-id=\"88881e3\" data-element_type=\"widget\" data-e-type=\"widget\" data-widget_type=\"heading.default\">\n\t\t\t\t<div class=\"elementor-widget-container\">\n\t\t\t\t\t<h3 class=\"elementor-heading-title elementor-size-default\">Notre biblioth\u00e8que<\/h3>\t\t\t\t<\/div>\n\t\t\t\t<\/div>\n\t\t\t\t<div class=\"elementor-element elementor-element-a9d3b5a elementor-widget elementor-widget-text-editor\" data-id=\"a9d3b5a\" data-element_type=\"widget\" data-e-type=\"widget\" data-widget_type=\"text-editor.default\">\n\t\t\t\t<div class=\"elementor-widget-container\">\n\t\t\t\t\t\t\t\t\t<p>Passons maintenant \u00e0 notre biblioth\u00e8que : M. Borel, notre ancien pr\u00e9sident, recevait de fa\u00e7on tr\u00e8s r\u00e9guli\u00e8re des revues g\u00e9n\u00e9alogiques, achetait des ouvrages pour notre biblioth\u00e8que. Cherchant des endroits pour d\u00e9poser cette documentation souvent int\u00e9ressante, il s&rsquo;adressa d&rsquo;abord \u00e0 la Biblioth\u00e8que publique et universitaire de Neuch\u00e2tel, qui ne peut nous donner une r\u00e9ponse favorable, car elle manque d\u00e9j\u00e0 de locaux pour ses propres fonds. La Biblioth\u00e8que de la Ville de La Chaux-de-Fonds, contact\u00e9e en deuxi\u00e8me lieu, accepte dans un premier \u00e9lan, puis, \u00e0 la r\u00e9flexion, se montre beaucoup plus r\u00e9ticente, car elle est aussi \u00e0 l&rsquo;\u00e9troit.<\/p><p>Nous nous sommes donc tourn\u00e9s vers la Biblioth\u00e8que de la Ville du Locle. Son directeur, M. Tissot-Daguette, nous a re\u00e7u avec enthousiasme. En effet, il lui para\u00eet que son institution est souvent oubli\u00e9e \u00e0 c\u00f4t\u00e9 des deux grandes s\u0153urs neuch\u00e2teloise et chaux-de-fonni\u00e8re. Avec la voiture ou avec le train, on peut facilement s&rsquo;y rendre et la cr\u00e9ation du fonds consacr\u00e9 \u00e0 la g\u00e9n\u00e9alogie ne peut qu&rsquo;am\u00e9liorer son attrait.<\/p><p>Il convient maintenant de discuter des clauses de la convention que nous allons passer avec cette institution. Il faut d\u00e9terminer les conditions d&rsquo;acc\u00e8s aux livres (pas d&rsquo;acc\u00e8s direct), d&#8217;emprunts (consultation sur place, pas d&#8217;emprunt), d&rsquo;inventaire (les livres seront inventori\u00e9s sur le R\u00e9seau romand, si possible). Afin que tout soit regroup\u00e9 en un m\u00eame endroit, nous retirerons notre fonds conserv\u00e9 aux Archives de l&rsquo;Etat (en fait nos proc\u00e8s-verbaux) pour le monter au Locle. Nous esp\u00e9rons que certains d&rsquo;entre nous y d\u00e9poseront leurs g\u00e9n\u00e9alogies familiales. Cependant, nous devons mettre quelques limites \u00e0 ces d\u00e9p\u00f4ts, afin que des notes informes ou des brouillons inf\u00e2mes n&rsquo;en fassent pas partie ; nous voulons au contraire que seules, des g\u00e9n\u00e9alogies form\u00e9es, si possible avec index, y soient conserv\u00e9es.<\/p>\t\t\t\t\t\t\t\t<\/div>\n\t\t\t\t<\/div>\n\t\t\t\t<div class=\"elementor-element elementor-element-8c33435 elementor-widget elementor-widget-heading\" data-id=\"8c33435\" data-element_type=\"widget\" data-e-type=\"widget\" data-widget_type=\"heading.default\">\n\t\t\t\t<div class=\"elementor-widget-container\">\n\t\t\t\t\t<h3 class=\"elementor-heading-title elementor-size-default\">Inventaires des g\u00e9n\u00e9alogies aux AEN<\/h3>\t\t\t\t<\/div>\n\t\t\t\t<\/div>\n\t\t\t\t<div class=\"elementor-element elementor-element-8773f54 elementor-widget elementor-widget-text-editor\" data-id=\"8773f54\" data-element_type=\"widget\" data-e-type=\"widget\" data-widget_type=\"text-editor.default\">\n\t\t\t\t<div class=\"elementor-widget-container\">\n\t\t\t\t\t\t\t\t\t<p>L&rsquo;ann\u00e9e derni\u00e8re, nous avons commenc\u00e9 l&rsquo;inventaire des g\u00e9n\u00e9alogies d\u00e9pos\u00e9es aux Archives de l&rsquo;Etat. Dans un premier temps, nous avons trait\u00e9 des arbres g\u00e9n\u00e9alogiques dessin\u00e9s sur des grandes feuilles de papier roul\u00e9es. Il s&rsquo;agit maintenant de poursuivre en faisant la collation des travaux se pr\u00e9sentant sur feuilles de format A4. Ceux-ci se trouvent le plus souvent dans des fonds priv\u00e9s provenant par exemple de g\u00e9n\u00e9alogistes : Pettavel, Aubert, le docteur Clottu, Pierre-Arnold Borel, etc. On peut aussi les d\u00e9couvrir dans les dossiers de familles constitu\u00e9s par les Archives. M. Hausmann demande \u00e0 toutes les personnes voulant poursuivre cette t\u00e2che de l&rsquo;aider et de prendre contact avec lui pour organiser le travail en commun.<\/p><p>M. Pierre-Arnold Borel, qui est pr\u00e9sent, prend \u00e0 ce sujet la parole. Le fonds qu&rsquo;il a d\u00e9pos\u00e9 aux Archives ne peut \u00eatre consult\u00e9, car il contient des documents personnels qu&rsquo;il ne veut pas donner en p\u00e2ture \u00e0 des lecteurs indiscrets. D&rsquo;autre part, beaucoup de ses recherches seraient tout \u00e0 fait consultables. Il propose donc de faire le tri dans son fonds entre ces deux sortes de pi\u00e8ces. Apr\u00e8s indexation, une partie de son fonds sera donc facilement accessible au public. Quant \u00e0 sa biblioth\u00e8que g\u00e9n\u00e9alogique personnelle, il prend toutes les dispositions pour qu&rsquo;elle soit d\u00e9pos\u00e9e \u00e0 la Biblioth\u00e8que du Locle lorsqu&rsquo;il voudra s&rsquo;en d\u00e9faire.<\/p>\t\t\t\t\t\t\t\t<\/div>\n\t\t\t\t<\/div>\n\t\t\t\t<div class=\"elementor-element elementor-element-c8e3838 elementor-widget elementor-widget-heading\" data-id=\"c8e3838\" data-element_type=\"widget\" data-e-type=\"widget\" data-widget_type=\"heading.default\">\n\t\t\t\t<div class=\"elementor-widget-container\">\n\t\t\t\t\t<h3 class=\"elementor-heading-title elementor-size-default\">SSEG<\/h3>\t\t\t\t<\/div>\n\t\t\t\t<\/div>\n\t\t\t\t<div class=\"elementor-element elementor-element-59578e2 elementor-widget elementor-widget-text-editor\" data-id=\"59578e2\" data-element_type=\"widget\" data-e-type=\"widget\" data-widget_type=\"text-editor.default\">\n\t\t\t\t<div class=\"elementor-widget-container\">\n\t\t\t\t\t\t\t\t\t<p>M. Borel continue en nous rapportant les d\u00e9cisions prises \u00e0 l&rsquo;Assembl\u00e9e de la SSEG-Suisse \u00e0 Olten, le 7 f\u00e9vrier dernier. La rencontre a \u00e9t\u00e9 amicale, car les \u00e9l\u00e9ments perturbateurs ont d\u00e9missionn\u00e9. La soci\u00e9t\u00e9 renonce \u00e0 se dissoudre. On cr\u00e9e un comit\u00e9 de trois personnes sous la responsabilit\u00e9 de P.-Y. Favez. Il s&rsquo;agit maintenant de r\u00e9organiser cette soci\u00e9t\u00e9 fa\u00eeti\u00e8re. Pour ce faire, un questionnaire sera envoy\u00e9 aux sections. Celles-ci pourront y d\u00e9crire quel r\u00f4le elles entendent faire jouer \u00e0 la SSEG centrale. En tous cas, l&rsquo;Annuaire para\u00eetra en 1998.<\/p>\t\t\t\t\t\t\t\t<\/div>\n\t\t\t\t<\/div>\n\t\t\t\t<div class=\"elementor-element elementor-element-9187820 elementor-widget elementor-widget-heading\" data-id=\"9187820\" data-element_type=\"widget\" data-e-type=\"widget\" data-widget_type=\"heading.default\">\n\t\t\t\t<div class=\"elementor-widget-container\">\n\t\t\t\t\t<h3 class=\"elementor-heading-title elementor-size-default\">Informatique et g\u00e9n\u00e9alogie<\/h3>\t\t\t\t<\/div>\n\t\t\t\t<\/div>\n\t\t\t\t<div class=\"elementor-element elementor-element-d627983 elementor-widget elementor-widget-text-editor\" data-id=\"d627983\" data-element_type=\"widget\" data-e-type=\"widget\" data-widget_type=\"text-editor.default\">\n\t\t\t\t<div class=\"elementor-widget-container\">\n\t\t\t\t\t\t\t\t\t<p>Apr\u00e8s cette partie administrative, M. Junod nous montre les avantages et d\u00e9savantages de divers programmes informatiques de g\u00e9n\u00e9alogie, R\u00e9union (en anglais),\u00a0<em>G\u00e9n\u00e9atique<\/em> et\u00a0<em>Heredis<\/em> (en fran\u00e7ais). Nous n&rsquo;entrerons pas dans les d\u00e9tails de ces d\u00e9monstrations, car ces explications techniques ne peuvent se faire que devant un \u00e9cran d&rsquo;ordinateur.<\/p><p>La s\u00e9ance est lev\u00e9e \u00e0 21 heures 45.<\/p>\t\t\t\t\t\t\t\t<\/div>\n\t\t\t\t<\/div>\n\t\t\t\t\t<\/div>\n\t\t<\/div>\n\t\t\t\t\t<\/div>\n\t\t<\/section>\n\t\t\t\t<section class=\"elementor-section elementor-top-section elementor-element elementor-element-394a1564 elementor-section-boxed elementor-section-height-default elementor-section-height-default\" data-id=\"394a1564\" data-element_type=\"section\" data-e-type=\"section\">\n\t\t\t\t\t\t<div class=\"elementor-container elementor-column-gap-default\">\n\t\t\t\t\t<div class=\"elementor-column elementor-col-33 elementor-top-column elementor-element elementor-element-2e538c5c\" data-id=\"2e538c5c\" data-element_type=\"column\" data-e-type=\"column\">\n\t\t\t<div class=\"elementor-widget-wrap elementor-element-populated\">\n\t\t\t\t\t\t<div class=\"elementor-element elementor-element-824257a elementor-widget elementor-widget-button\" data-id=\"824257a\" data-element_type=\"widget\" data-e-type=\"widget\" data-widget_type=\"button.default\">\n\t\t\t\t<div class=\"elementor-widget-container\">\n\t\t\t\t\t\t\t\t\t<div class=\"elementor-button-wrapper\">\n\t\t\t\t\t<a class=\"elementor-button elementor-button-link elementor-size-sm\" href=\"https:\/\/www.sngenealogie.ch\/wp\/bulletins\/bulletin-8-9\/editorial-bulletin-8-9\/\">\n\t\t\t\t\t\t<span class=\"elementor-button-content-wrapper\">\n\t\t\t\t\t\t<span class=\"elementor-button-icon\">\n\t\t\t\t<i aria-hidden=\"true\" class=\"fas fa-arrow-left\"><\/i>\t\t\t<\/span>\n\t\t\t\t\t\t\t\t\t<span class=\"elementor-button-text\">Article pr\u00e9c\u00e9dent<\/span>\n\t\t\t\t\t<\/span>\n\t\t\t\t\t<\/a>\n\t\t\t\t<\/div>\n\t\t\t\t\t\t\t\t<\/div>\n\t\t\t\t<\/div>\n\t\t\t\t\t<\/div>\n\t\t<\/div>\n\t\t\t\t<div class=\"elementor-column elementor-col-33 elementor-top-column elementor-element elementor-element-99cc7f\" data-id=\"99cc7f\" data-element_type=\"column\" data-e-type=\"column\">\n\t\t\t<div class=\"elementor-widget-wrap elementor-element-populated\">\n\t\t\t\t\t\t<div class=\"elementor-element elementor-element-7414bc44 elementor-align-center elementor-widget elementor-widget-button\" data-id=\"7414bc44\" data-element_type=\"widget\" data-e-type=\"widget\" data-widget_type=\"button.default\">\n\t\t\t\t<div class=\"elementor-widget-container\">\n\t\t\t\t\t\t\t\t\t<div class=\"elementor-button-wrapper\">\n\t\t\t\t\t<a class=\"elementor-button elementor-button-link elementor-size-sm\" href=\"https:\/\/www.sngenealogie.ch\/wp\/bulletins\/bulletin-8-9\/\">\n\t\t\t\t\t\t<span class=\"elementor-button-content-wrapper\">\n\t\t\t\t\t\t<span class=\"elementor-button-icon\">\n\t\t\t\t<i aria-hidden=\"true\" class=\"fas fa-arrow-up\"><\/i>\t\t\t<\/span>\n\t\t\t\t\t\t\t\t\t<span class=\"elementor-button-text\">Bulletin 8-9<\/span>\n\t\t\t\t\t<\/span>\n\t\t\t\t\t<\/a>\n\t\t\t\t<\/div>\n\t\t\t\t\t\t\t\t<\/div>\n\t\t\t\t<\/div>\n\t\t\t\t\t<\/div>\n\t\t<\/div>\n\t\t\t\t<div class=\"elementor-column elementor-col-33 elementor-top-column elementor-element elementor-element-35e0edd6\" data-id=\"35e0edd6\" data-element_type=\"column\" data-e-type=\"column\">\n\t\t\t<div class=\"elementor-widget-wrap elementor-element-populated\">\n\t\t\t\t\t\t<div class=\"elementor-element elementor-element-4febe7b0 elementor-align-right elementor-widget elementor-widget-button\" data-id=\"4febe7b0\" data-element_type=\"widget\" data-e-type=\"widget\" data-widget_type=\"button.default\">\n\t\t\t\t<div class=\"elementor-widget-container\">\n\t\t\t\t\t\t\t\t\t<div class=\"elementor-button-wrapper\">\n\t\t\t\t\t<a class=\"elementor-button elementor-button-link elementor-size-sm\" href=\"https:\/\/www.sngenealogie.ch\/wp\/bulletins\/bulletin-8-9\/pv-19-mars-1997\/\">\n\t\t\t\t\t\t<span class=\"elementor-button-content-wrapper\">\n\t\t\t\t\t\t<span class=\"elementor-button-icon\">\n\t\t\t\t<i aria-hidden=\"true\" class=\"fas fa-arrow-right\"><\/i>\t\t\t<\/span>\n\t\t\t\t\t\t\t\t\t<span class=\"elementor-button-text\">Article suivant<\/span>\n\t\t\t\t\t<\/span>\n\t\t\t\t\t<\/a>\n\t\t\t\t<\/div>\n\t\t\t\t\t\t\t\t<\/div>\n\t\t\t\t<\/div>\n\t\t\t\t\t<\/div>\n\t\t<\/div>\n\t\t\t\t\t<\/div>\n\t\t<\/section>\n\t\t\t\t<\/div>\n\t\t","protected":false},"excerpt":{"rendered":"<p>Bulletin 8-9 \/ Ao\u00fbt 1997 Proc\u00e8s-verbal du 18 f\u00e9vrier 1997 Proc\u00e8s-verbal de la rencontre du 18 f\u00e9vrier 1997 par Germain [&hellip;]<\/p>\n","protected":false},"author":1,"featured_media":0,"parent":2875,"menu_order":0,"comment_status":"closed","ping_status":"closed","template":"","meta":{"site-sidebar-layout":"no-sidebar","site-content-layout":"page-builder","ast-site-content-layout":"default","site-content-style":"default","site-sidebar-style":"default","ast-global-header-display":"","ast-banner-title-visibility":"","ast-main-header-display":"","ast-hfb-above-header-display":"","ast-hfb-below-header-display":"","ast-hfb-mobile-header-display":"","site-post-title":"disabled","ast-breadcrumbs-content":"","ast-featured-img":"disabled","footer-sml-layout":"","ast-disable-related-posts":"","theme-transparent-header-meta":"default","adv-header-id-meta":"","stick-header-meta":"","header-above-stick-meta":"","header-main-stick-meta":"","header-below-stick-meta":"","astra-migrate-meta-layouts":"default","ast-page-background-enabled":"default","ast-page-background-meta":{"desktop":{"background-color":"","background-image":"","background-repeat":"repeat","background-position":"center center","background-size":"auto","background-attachment":"scroll","background-type":"","background-media":"","overlay-type":"","overlay-color":"","overlay-opacity":"","overlay-gradient":""},"tablet":{"background-color":"","background-image":"","background-repeat":"repeat","background-position":"center center","background-size":"auto","background-attachment":"scroll","background-type":"","background-media":"","overlay-type":"","overlay-color":"","overlay-opacity":"","overlay-gradient":""},"mobile":{"background-color":"","background-image":"","background-repeat":"repeat","background-position":"center center","background-size":"auto","background-attachment":"scroll","background-type":"","background-media":"","overlay-type":"","overlay-color":"","overlay-opacity":"","overlay-gradient":""}},"ast-content-background-meta":{"desktop":{"background-color":"var(--ast-global-color-5)","background-image":"","background-repeat":"repeat","background-position":"center center","background-size":"auto","background-attachment":"scroll","background-type":"","background-media":"","overlay-type":"","overlay-color":"","overlay-opacity":"","overlay-gradient":""},"tablet":{"background-color":"var(--ast-global-color-5)","background-image":"","background-repeat":"repeat","background-position":"center center","background-size":"auto","background-attachment":"scroll","background-type":"","background-media":"","overlay-type":"","overlay-color":"","overlay-opacity":"","overlay-gradient":""},"mobile":{"background-color":"var(--ast-global-color-5)","background-image":"","background-repeat":"repeat","background-position":"center center","background-size":"auto","background-attachment":"scroll","background-type":"","background-media":"","overlay-type":"","overlay-color":"","overlay-opacity":"","overlay-gradient":""}},"footnotes":""},"wf_page_folders":[76],"class_list":["post-6462","page","type-page","status-publish","hentry"],"_links":{"self":[{"href":"https:\/\/www.sngenealogie.ch\/wp\/wp-json\/wp\/v2\/pages\/6462","targetHints":{"allow":["GET"]}}],"collection":[{"href":"https:\/\/www.sngenealogie.ch\/wp\/wp-json\/wp\/v2\/pages"}],"about":[{"href":"https:\/\/www.sngenealogie.ch\/wp\/wp-json\/wp\/v2\/types\/page"}],"author":[{"embeddable":true,"href":"https:\/\/www.sngenealogie.ch\/wp\/wp-json\/wp\/v2\/users\/1"}],"replies":[{"embeddable":true,"href":"https:\/\/www.sngenealogie.ch\/wp\/wp-json\/wp\/v2\/comments?post=6462"}],"version-history":[{"count":8,"href":"https:\/\/www.sngenealogie.ch\/wp\/wp-json\/wp\/v2\/pages\/6462\/revisions"}],"predecessor-version":[{"id":6480,"href":"https:\/\/www.sngenealogie.ch\/wp\/wp-json\/wp\/v2\/pages\/6462\/revisions\/6480"}],"up":[{"embeddable":true,"href":"https:\/\/www.sngenealogie.ch\/wp\/wp-json\/wp\/v2\/pages\/2875"}],"wp:attachment":[{"href":"https:\/\/www.sngenealogie.ch\/wp\/wp-json\/wp\/v2\/media?parent=6462"}],"wp:term":[{"taxonomy":"wf_page_folders","embeddable":true,"href":"https:\/\/www.sngenealogie.ch\/wp\/wp-json\/wp\/v2\/wf_page_folders?post=6462"}],"curies":[{"name":"wp","href":"https:\/\/api.w.org\/{rel}","templated":true}]}}