{"id":6705,"date":"2021-05-29T20:31:38","date_gmt":"2021-05-29T18:31:38","guid":{"rendered":"https:\/\/www.sngenealogie.ch\/wp\/?page_id=6705"},"modified":"2021-05-30T15:28:34","modified_gmt":"2021-05-30T13:28:34","slug":"visite-surpierre","status":"publish","type":"page","link":"https:\/\/www.sngenealogie.ch\/wp\/bulletins\/bulletin-10\/visite-surpierre\/","title":{"rendered":"Visite Surpierre"},"content":{"rendered":"\t\t<div data-elementor-type=\"wp-page\" data-elementor-id=\"6705\" class=\"elementor elementor-6705\">\n\t\t\t\t\t\t<section class=\"elementor-section elementor-top-section elementor-element elementor-element-6c184fb4 elementor-section-boxed elementor-section-height-default elementor-section-height-default\" data-id=\"6c184fb4\" data-element_type=\"section\" data-e-type=\"section\" data-settings=\"{&quot;background_background&quot;:&quot;gradient&quot;}\">\n\t\t\t\t\t\t<div class=\"elementor-container elementor-column-gap-no\">\n\t\t\t\t\t<div class=\"elementor-column elementor-col-100 elementor-top-column elementor-element elementor-element-3c4f2430\" data-id=\"3c4f2430\" data-element_type=\"column\" data-e-type=\"column\">\n\t\t\t<div class=\"elementor-widget-wrap elementor-element-populated\">\n\t\t\t\t\t\t<div class=\"elementor-element elementor-element-28a7be6c elementor-widget elementor-widget-heading\" data-id=\"28a7be6c\" data-element_type=\"widget\" data-e-type=\"widget\" data-widget_type=\"heading.default\">\n\t\t\t\t<div class=\"elementor-widget-container\">\n\t\t\t\t\t<h5 class=\"elementor-heading-title elementor-size-default\">Bulletin 10 \/ F\u00e9vrier 1998<\/h5>\t\t\t\t<\/div>\n\t\t\t\t<\/div>\n\t\t\t\t<div class=\"elementor-element elementor-element-64b397dc elementor-widget elementor-widget-heading\" data-id=\"64b397dc\" data-element_type=\"widget\" data-e-type=\"widget\" data-widget_type=\"heading.default\">\n\t\t\t\t<div class=\"elementor-widget-container\">\n\t\t\t\t\t<h1 class=\"elementor-heading-title elementor-size-default\">Visite du ch\u00e2teau de Surpierre<\/h1>\t\t\t\t<\/div>\n\t\t\t\t<\/div>\n\t\t\t\t\t<\/div>\n\t\t<\/div>\n\t\t\t\t\t<\/div>\n\t\t<\/section>\n\t\t\t\t<section class=\"elementor-section elementor-top-section elementor-element elementor-element-187d1c15 elementor-section-boxed elementor-section-height-default elementor-section-height-default\" data-id=\"187d1c15\" data-element_type=\"section\" data-e-type=\"section\">\n\t\t\t\t\t\t<div class=\"elementor-container elementor-column-gap-default\">\n\t\t\t\t\t<div class=\"elementor-column elementor-col-100 elementor-top-column elementor-element elementor-element-6539d444\" data-id=\"6539d444\" data-element_type=\"column\" data-e-type=\"column\">\n\t\t\t<div class=\"elementor-widget-wrap elementor-element-populated\">\n\t\t\t\t\t\t<div class=\"elementor-element elementor-element-41f149e elementor-widget elementor-widget-heading\" data-id=\"41f149e\" data-element_type=\"widget\" data-e-type=\"widget\" data-widget_type=\"heading.default\">\n\t\t\t\t<div class=\"elementor-widget-container\">\n\t\t\t\t\t<h2 class=\"elementor-heading-title elementor-size-default\">Visite du ch\u00e2teau de Surpierre avec l'institut fribourgeois de g\u00e9n\u00e9alogie et d'h\u00e9raldique le 18 octobre 1997<\/h2>\t\t\t\t<\/div>\n\t\t\t\t<\/div>\n\t\t\t\t<div class=\"elementor-element elementor-element-8457048 elementor-widget elementor-widget-heading\" data-id=\"8457048\" data-element_type=\"widget\" data-e-type=\"widget\" data-widget_type=\"heading.default\">\n\t\t\t\t<div class=\"elementor-widget-container\">\n\t\t\t\t\t<h4 class=\"elementor-heading-title elementor-size-default\">par Eric Nussl\u00e9<\/h4>\t\t\t\t<\/div>\n\t\t\t\t<\/div>\n\t\t\t\t<div class=\"elementor-element elementor-element-e7770b6 elementor-widget elementor-widget-spacer\" data-id=\"e7770b6\" data-element_type=\"widget\" data-e-type=\"widget\" data-widget_type=\"spacer.default\">\n\t\t\t\t<div class=\"elementor-widget-container\">\n\t\t\t\t\t\t\t<div class=\"elementor-spacer\">\n\t\t\t<div class=\"elementor-spacer-inner\"><\/div>\n\t\t<\/div>\n\t\t\t\t\t\t<\/div>\n\t\t\t\t<\/div>\n\t\t\t\t<div class=\"elementor-element elementor-element-4d49286 elementor-widget elementor-widget-text-editor\" data-id=\"4d49286\" data-element_type=\"widget\" data-e-type=\"widget\" data-widget_type=\"text-editor.default\">\n\t\t\t\t<div class=\"elementor-widget-container\">\n\t\t\t\t\t\t\t\t\t<p>Pr\u00e9sents (de la section neuch\u00e2teloise): 14 personnes<\/p><p>Nous avions rendez-vous devant l&rsquo;\u00e9glise de Surpierre \u00e0 14 heures 45. A l&rsquo;heure dite, nous nous rendons par une all\u00e9e bord\u00e9e d&rsquo;arbres centenaires au ch\u00e2teau, qui est situ\u00e9 un peu \u00e0 l&rsquo;\u00e9cart du village en contrebas. Nous y sommes accueillis tr\u00e8s aimablement par les propri\u00e9taires des lieux, Monsieur et Madame B\u00fcrki. Nous passons sur un ancien foss\u00e9 et p\u00e9n\u00e9trons par une entr\u00e9e pittoresque jusqu&rsquo;\u00e0 une terrasse qui surplombe la vall\u00e9e de la Broye. Au loin, nous entendons un cor des alpes, ce qui augmente encore l&rsquo;ambiance bucolique qui r\u00e8gne en ces lieux.<\/p><p>M. Pedrazzini, pr\u00e9sident fribourgeois de la soci\u00e9t\u00e9 de g\u00e9n\u00e9alogie et d&rsquo;h\u00e9raldique, commence par nous dire quelques mots d&rsquo;introduction. Il se f\u00e9licite qu&rsquo;au temps de l&rsquo;Europe Unie, de la mondialisation, d&rsquo;Internet, les deux sections neuch\u00e2teloise et fribourgeoise aient pu, enfin, se rassembler pour une manifestation commune. Il est d&rsquo;ailleurs heureux du tr\u00e8s grand nombre de participants. Il passe ensuite la parole \u00e0 la ch\u00e2telaine, Madame B\u00fcrki, qui nous parle du b\u00e2timent devant lequel nous nous trouvons. <a href=\"http:\/\/www.swisscastles.ch\/Fribourg\/surpierre.html\" target=\"_blank\" rel=\"noopener\"><i class=\"fas fa-external-link-alt\"><\/i><\/a><\/p>\t\t\t\t\t\t\t\t<\/div>\n\t\t\t\t<\/div>\n\t\t\t\t<div class=\"elementor-element elementor-element-d21dd96 elementor-widget elementor-widget-heading\" data-id=\"d21dd96\" data-element_type=\"widget\" data-e-type=\"widget\" data-widget_type=\"heading.default\">\n\t\t\t\t<div class=\"elementor-widget-container\">\n\t\t\t\t\t<h3 class=\"elementor-heading-title elementor-size-default\">L'origine<\/h3>\t\t\t\t<\/div>\n\t\t\t\t<\/div>\n\t\t\t\t<div class=\"elementor-element elementor-element-cee50ec elementor-widget elementor-widget-text-editor\" data-id=\"cee50ec\" data-element_type=\"widget\" data-e-type=\"widget\" data-widget_type=\"text-editor.default\">\n\t\t\t\t<div class=\"elementor-widget-container\">\n\t\t\t\t\t\t\t\t\t<p>La partie la plus ancienne de ce ch\u00e2teau est constitu\u00e9e par la chapelle du XIIIe si\u00e8cle, alors que la partie principale date du XVIe. Une famille portant le nom de Surpierre y habitait. Cette lign\u00e9e appara\u00eet en 1142, par Guillaume, t\u00e9moin de l&rsquo;acte de fondation de l&rsquo;abbaye de Montberon pr\u00e8s de Lausanne. Elle dispara\u00eet en 1233 en la personne de Pierre. Les membres de cette dynastie agissent souvent comme t\u00e9moins, mais aucun document les concernant particuli\u00e8rement n&rsquo;a \u00e9t\u00e9 conserv\u00e9; c&rsquo;est dire que nous ne connaissons de cette <br \/>famille que quelques noms; une g\u00e9n\u00e9alogie ne peut pas \u00eatre restitu\u00e9e \u00e0 leur propos. <\/p><p>A l&rsquo;extinction de ces premiers dynastes, la seigneurie de Surpierre revient \u00e0 leur suzerain, les Cossonay. A c\u00f4t\u00e9 du ch\u00e2teau en pierre, se trouvait un bourg. Nous en connaissons l&rsquo;existence par diverses extentes conserv\u00e9es \u00e0 Fribourg ou \u00e0 Turin. Ces registres nous permettent \u00e9galement d&rsquo;\u00e9valuer l&rsquo;\u00e9tendue de cette ch\u00e2tellenie. Elle rapporte environ 200 livres lausannoises par an. Les coutumes de Moudon ou d&rsquo;Estavayer y sont appliqu\u00e9es.\u00a0<\/p>\t\t\t\t\t\t\t\t<\/div>\n\t\t\t\t<\/div>\n\t\t\t\t<div class=\"elementor-element elementor-element-a524235 elementor-widget elementor-widget-image\" data-id=\"a524235\" data-element_type=\"widget\" data-e-type=\"widget\" data-widget_type=\"image.default\">\n\t\t\t\t<div class=\"elementor-widget-container\">\n\t\t\t\t\t\t\t\t\t\t\t\t\t\t\t<img fetchpriority=\"high\" decoding=\"async\" width=\"800\" height=\"560\" src=\"https:\/\/www.sngenealogie.ch\/wp\/wp-content\/uploads\/bul-10-surpierre.jpg\" class=\"attachment-large size-large wp-image-6710\" alt=\"\" srcset=\"https:\/\/www.sngenealogie.ch\/wp\/wp-content\/uploads\/bul-10-surpierre.jpg 800w, https:\/\/www.sngenealogie.ch\/wp\/wp-content\/uploads\/bul-10-surpierre-300x210.jpg 300w, https:\/\/www.sngenealogie.ch\/wp\/wp-content\/uploads\/bul-10-surpierre-768x538.jpg 768w\" sizes=\"(max-width: 800px) 100vw, 800px\" \/>\t\t\t\t\t\t\t\t\t\t\t\t\t\t\t<\/div>\n\t\t\t\t<\/div>\n\t\t\t\t<div class=\"elementor-element elementor-element-77f7021 elementor-widget elementor-widget-heading\" data-id=\"77f7021\" data-element_type=\"widget\" data-e-type=\"widget\" data-widget_type=\"heading.default\">\n\t\t\t\t<div class=\"elementor-widget-container\">\n\t\t\t\t\t<h3 class=\"elementor-heading-title elementor-size-default\">Les propri\u00e9taires<\/h3>\t\t\t\t<\/div>\n\t\t\t\t<\/div>\n\t\t\t\t<div class=\"elementor-element elementor-element-ae327c1 elementor-widget elementor-widget-text-editor\" data-id=\"ae327c1\" data-element_type=\"widget\" data-e-type=\"widget\" data-widget_type=\"text-editor.default\">\n\t\t\t\t<div class=\"elementor-widget-container\">\n\t\t\t\t\t\t\t\t\t<p>Vendue \u00e0 une \u00e9poque inconnue par la veuve de Jean II de Cossonay \u00e0 Guillaume d&rsquo;Estavayer pour 3000 livres lausannoises, cette seigneurie est rachet\u00e9e par les propri\u00e9taires d&rsquo;origine en 1316. Au dernier m\u00e2le de la famille, Louis II de Cossonay, mort de la peste en 1383, succ\u00e8de son h\u00e9riti\u00e8re, sa petite-ni\u00e8ce, Jeanne, \u00e9pouse de Jean de Rougemont en Bourgogne. En 1399, ce couple vend Surpierre \u00e0 leur cr\u00e9ancier, Yblet de Challant. En 1404, celui-ci se soumet \u00e0 la vassalit\u00e9 des comtes de Savoie qui acqui\u00e8rent ce bien en 1472 de Fran\u00e7ois de Glerens. En 1475-1476, la b\u00e2tisse souffre des guerres de Bourgogne, est occup\u00e9 plusieurs fois par les Suisses qui finissent par l&rsquo;incendier. Apr\u00e8s cette p\u00e9riode mouvement\u00e9e, elle revient aux Savoie jusqu&rsquo;en 1536. <\/p><p>Alors, le ch\u00e2teau est occup\u00e9 par les Bernois qui le tiennent 10 jours pour le c\u00e9der ensuite aux Fribourgeois contre des terres \u00e0 Vevey. La cit\u00e9 du bord de la Sarine y organise un bailliage qui durera jusqu&rsquo;en 1803. Au XIXe si\u00e8cle, la pr\u00e9fecture est fix\u00e9e \u00e0 Estavayer, si bien qu&rsquo;en 1850, le b\u00e2timent est vendu \u00e0 M. Leenhardt, n\u00e9gociant \u00e0 Marseille, pour 12 000 francs de l&rsquo;\u00e9poque. Depuis, il a toujours appartenu \u00e0 des priv\u00e9s, par exemple \u00e0 la famille fran\u00e7aise Delpech ou aux B\u00fcrki qui y habitent aujourd&rsquo;hui.<\/p>\t\t\t\t\t\t\t\t<\/div>\n\t\t\t\t<\/div>\n\t\t\t\t<div class=\"elementor-element elementor-element-41170dc elementor-widget elementor-widget-heading\" data-id=\"41170dc\" data-element_type=\"widget\" data-e-type=\"widget\" data-widget_type=\"heading.default\">\n\t\t\t\t<div class=\"elementor-widget-container\">\n\t\t\t\t\t<h3 class=\"elementor-heading-title elementor-size-default\">La visite<\/h3>\t\t\t\t<\/div>\n\t\t\t\t<\/div>\n\t\t\t\t<div class=\"elementor-element elementor-element-f857879 elementor-widget elementor-widget-text-editor\" data-id=\"f857879\" data-element_type=\"widget\" data-e-type=\"widget\" data-widget_type=\"text-editor.default\">\n\t\t\t\t<div class=\"elementor-widget-container\">\n\t\t\t\t\t\t\t\t\t<p>Apr\u00e8s avoir pass\u00e9 sous un portail d&rsquo;entr\u00e9e armori\u00e9 du XVIIe si\u00e8cle, nous commen\u00e7ons par visiter le salon d&rsquo;\u00e9poque Renaissance. C&rsquo;est le moment que choisit l&rsquo;un des participants \u00e0 cette visite, M. Desarzens, pour raconter une l\u00e9gende. Il para\u00eet qu&rsquo;une dame blanche se jette dans le ravin du ch\u00e2teau, car, dit-on, elle aurait \u00e9t\u00e9 \u00e9conduite par un chevalier. Cette histoire rappelle celle que l&rsquo;on raconte \u00e0 propos du donjon de la Moli\u00e8re. Apr\u00e8s ce petit interm\u00e8de, nous passons dans la salle \u00e0 manger, puis dans la chapelle remarquable du\u00a0 XIIIe si\u00e8cle. Des catelles y portent les armes de quelques baillis de Surpierre.<\/p><p>Nous montons ensuite \u00e0 l&rsquo;\u00e9tage dans la salle des chevaliers. Cette pi\u00e8ce remarquable est entour\u00e9e de dessins de blasons de plusieurs baillis ayant v\u00e9cu \u00e0 Surpierre au XVIIe si\u00e8cle. M. Pedrazzini nous d\u00e9crit chacune de ces armoiries, nous ne nous y attarderons pas puisqu&rsquo;elles ne concernent que des familles fribourgeoises.<\/p>\t\t\t\t\t\t\t\t<\/div>\n\t\t\t\t<\/div>\n\t\t\t\t<div class=\"elementor-element elementor-element-40b043f elementor-widget elementor-widget-heading\" data-id=\"40b043f\" data-element_type=\"widget\" data-e-type=\"widget\" data-widget_type=\"heading.default\">\n\t\t\t\t<div class=\"elementor-widget-container\">\n\t\t\t\t\t<h3 class=\"elementor-heading-title elementor-size-default\">Etat fribourgeois<\/h3>\t\t\t\t<\/div>\n\t\t\t\t<\/div>\n\t\t\t\t<div class=\"elementor-element elementor-element-219d553 elementor-widget elementor-widget-text-editor\" data-id=\"219d553\" data-element_type=\"widget\" data-e-type=\"widget\" data-widget_type=\"text-editor.default\">\n\t\t\t\t<div class=\"elementor-widget-container\">\n\t\t\t\t\t\t\t\t\t<p>Il nous explique en outre les structures de l&rsquo;Etat fribourgeois de l&rsquo;Ancien R\u00e9gime. Le pouvoir n&rsquo;appartenait qu&rsquo;\u00e0 quelques familles dites patriciennes ou capables de gouvernement. Leur nombre ne s&rsquo;\u00e9levait th\u00e9oriquement qu&rsquo;\u00e0 67, puis \u00e0 100, en r\u00e9alit\u00e9 moins. L&rsquo;Etat est g\u00e9r\u00e9 par quelques magistrats: les deux\u00a0avoyers, qui r\u00e9gissent l&rsquo;administration alternativement pour une ann\u00e9e, l&rsquo;un dit r\u00e9gnant (Amtschultheiss), l&rsquo;autre nomm\u00e9 ancien avoyer (Altschultheiss) appel\u00e9 \u00e0 remplacer le pr\u00e9c\u00e9dent l&rsquo;ann\u00e9e suivante, le tr\u00e9sorier, le chancelier, etc. Ils pr\u00e9sident ou participent aux diff\u00e9rents Conseils de la Ville: le Grand Conseil de 200 membres (dit aussi Conseil des 200), le Conseil des Soixante, le Petit Conseil de 24 membres. Des chambres et des commissions en sont issues. C&rsquo;est parmi ce personnel que sont choisis les baillis.<\/p><p>La Ville de Fribourg est divis\u00e9e en quatre banni\u00e8res: Bourg, Auge, H\u00f4pitaux et Neuveville. Les 27 paroisses qui entourent cette cit\u00e9 forment les Anciennes Terres. Au del\u00e0, le territoire est divis\u00e9 en bailliages. Il s&rsquo;agit de domaines annex\u00e9s par la Ville \u00e0 diverses \u00e9poques et selon divers moyens: achats ou conqu\u00eates. Quatre baillis ne r\u00e9sident pas dans leurs circonscriptions; les autres y demeurent dans un ch\u00e2teau appartenant \u00e0 l&rsquo;Etat. C&rsquo;\u00e9tait la situation de Surpierre, bailliage par droit de conqu\u00eate depuis 1536. Le r\u00f4le du bailli peut se <br \/>comparer plus ou moins \u00e0 celui des pr\u00e9fets actuels: il remplace l&rsquo;ancien seigneur et repr\u00e9sente au niveau local l&rsquo;Etat fribourgeois. Il est choisi pour 5 ans et n&rsquo;est pas r\u00e9\u00e9ligible pour un nouveau quinquennal. II doit \u00eatre \u00e2g\u00e9 de plus de 32 ans. Au niveau local, la\u00a0 circonscription importante, c&rsquo;est la paroisse, \u00e0 la fois civile et religieuse. Elle s&rsquo;occupe des \u00e9coles, des pauvres, de l&rsquo;\u00e9quipement de la milice, etc.<\/p>\t\t\t\t\t\t\t\t<\/div>\n\t\t\t\t<\/div>\n\t\t\t\t<div class=\"elementor-element elementor-element-2f9befc elementor-widget elementor-widget-heading\" data-id=\"2f9befc\" data-element_type=\"widget\" data-e-type=\"widget\" data-widget_type=\"heading.default\">\n\t\t\t\t<div class=\"elementor-widget-container\">\n\t\t\t\t\t<h3 class=\"elementor-heading-title elementor-size-default\">Suite de la journ\u00e9e<\/h3>\t\t\t\t<\/div>\n\t\t\t\t<\/div>\n\t\t\t\t<div class=\"elementor-element elementor-element-2ef795a elementor-widget elementor-widget-text-editor\" data-id=\"2ef795a\" data-element_type=\"widget\" data-e-type=\"widget\" data-widget_type=\"text-editor.default\">\n\t\t\t\t<div class=\"elementor-widget-container\">\n\t\t\t\t\t\t\t\t\t<p>Apr\u00e8s toutes ces int\u00e9ressantes explications, nos h\u00f4tes nous offrent un ap\u00e9ritif bienvenu. Mais d\u00e9j\u00e0 il est temps de se quitter et de remercier comme il se doit la famille B\u00fcrki qui a bien voulu nous laisser entrer dans leur magrifique demeure. En partant, nous faisons encore un petit tour dans la biblioth\u00e8que o\u00f9 nous admirons deux armoiries Boccard et Castella.<\/p><p>Notre journ\u00e9e n&rsquo;est pas termin\u00e9e: M. Zwicki a organis\u00e9 pour nous une sorte de petit rallye. Apr\u00e8s avoir quitt\u00e9 Surpierre, il nous est recommand\u00e9 de nous arr\u00eater \u00e0 Treytorrens (district de Payerne) pour visiter une magnifique \u00e9glise gothique. Puis, nous poursuivons jusqu&rsquo;\u00e0 Murist. L\u00e0, en prenant un chemin de campagne, nous arrivons \u00e0 ce que, au XIXe si\u00e8cle, l&rsquo;historien Kuenlin croit pouvoir identifier \u00e0 l&rsquo;\u0153il de l&rsquo;Helv\u00e9tie cit\u00e9 par C\u00e9sar.<\/p><p>Nous nous trouvons au sommet d&rsquo;une colline, \u00e0 la lisi\u00e8re d&rsquo;une for\u00eat. En prenant un chemin de terre \u00e0 gauche, nous nous approchons d&rsquo;une tour f\u00e9odale. Il s&rsquo;agit du ch\u00e2teau de la Moli\u00e8re. <a href=\"http:\/\/www.swisscastles.ch\/Fribourg\/moliere.html\" target=\"_blank\" rel=\"noopener\"><i class=\"fas fa-external-link-alt\"><\/i><\/a>\u00a0Cette b\u00e2tisse fut le si\u00e8ge de la famille du m\u00eame nom issue des sires de Font. Il n&rsquo;en reste qu&rsquo;un donjon carr\u00e9 qui semble dater du XIIIe si\u00e8cle. Le reste est en ruine et a servi de carri\u00e8re aux habitants de Murist pour construire leurs maisons et la cure.<\/p><p>Nous avons pu monter au sommet de ce donjon. On y jouit d&rsquo;une vue remarquable, la plus \u00e9tendue de ce coin de pays. Malheureusement, un brouillard qui tra\u00eenait en fond de vall\u00e9e nous a emp\u00each\u00e9 de voir notre beau pays de Neuch\u00e2tel. Mais, soyez en s\u00fbrs, nous reviendrons aux beaux jours. II suffit de demander la cl\u00e9 au restaurant de la Tour \u00e0 Murist, moyennant le d\u00e9p\u00f4t d&rsquo;une caution de 50 francs.<\/p>\t\t\t\t\t\t\t\t<\/div>\n\t\t\t\t<\/div>\n\t\t\t\t\t<\/div>\n\t\t<\/div>\n\t\t\t\t\t<\/div>\n\t\t<\/section>\n\t\t\t\t<section class=\"elementor-section elementor-top-section elementor-element elementor-element-394a1564 elementor-section-boxed elementor-section-height-default elementor-section-height-default\" data-id=\"394a1564\" data-element_type=\"section\" data-e-type=\"section\">\n\t\t\t\t\t\t<div class=\"elementor-container elementor-column-gap-default\">\n\t\t\t\t\t<div class=\"elementor-column elementor-col-33 elementor-top-column elementor-element elementor-element-2e538c5c\" data-id=\"2e538c5c\" data-element_type=\"column\" data-e-type=\"column\">\n\t\t\t<div class=\"elementor-widget-wrap elementor-element-populated\">\n\t\t\t\t\t\t<div class=\"elementor-element elementor-element-824257a elementor-widget elementor-widget-button\" data-id=\"824257a\" data-element_type=\"widget\" data-e-type=\"widget\" data-widget_type=\"button.default\">\n\t\t\t\t<div class=\"elementor-widget-container\">\n\t\t\t\t\t\t\t\t\t<div class=\"elementor-button-wrapper\">\n\t\t\t\t\t<a class=\"elementor-button elementor-button-link elementor-size-sm\" href=\"https:\/\/www.sngenealogie.ch\/wp\/bulletins\/bulletin-10\/des-republicains-chez-les-borel-partie-2\/\">\n\t\t\t\t\t\t<span class=\"elementor-button-content-wrapper\">\n\t\t\t\t\t\t<span class=\"elementor-button-icon\">\n\t\t\t\t<i aria-hidden=\"true\" class=\"fas fa-arrow-left\"><\/i>\t\t\t<\/span>\n\t\t\t\t\t\t\t\t\t<span class=\"elementor-button-text\">Article pr\u00e9c\u00e9dent<\/span>\n\t\t\t\t\t<\/span>\n\t\t\t\t\t<\/a>\n\t\t\t\t<\/div>\n\t\t\t\t\t\t\t\t<\/div>\n\t\t\t\t<\/div>\n\t\t\t\t\t<\/div>\n\t\t<\/div>\n\t\t\t\t<div class=\"elementor-column elementor-col-33 elementor-top-column elementor-element elementor-element-99cc7f\" data-id=\"99cc7f\" data-element_type=\"column\" data-e-type=\"column\">\n\t\t\t<div class=\"elementor-widget-wrap elementor-element-populated\">\n\t\t\t\t\t\t<div class=\"elementor-element elementor-element-7414bc44 elementor-align-center elementor-widget elementor-widget-button\" data-id=\"7414bc44\" data-element_type=\"widget\" data-e-type=\"widget\" data-widget_type=\"button.default\">\n\t\t\t\t<div class=\"elementor-widget-container\">\n\t\t\t\t\t\t\t\t\t<div class=\"elementor-button-wrapper\">\n\t\t\t\t\t<a class=\"elementor-button elementor-button-link elementor-size-sm\" href=\"https:\/\/www.sngenealogie.ch\/wp\/bulletins\/bulletin-10\/\">\n\t\t\t\t\t\t<span class=\"elementor-button-content-wrapper\">\n\t\t\t\t\t\t<span class=\"elementor-button-icon\">\n\t\t\t\t<i aria-hidden=\"true\" class=\"fas fa-arrow-up\"><\/i>\t\t\t<\/span>\n\t\t\t\t\t\t\t\t\t<span class=\"elementor-button-text\">Bulletin 10<\/span>\n\t\t\t\t\t<\/span>\n\t\t\t\t\t<\/a>\n\t\t\t\t<\/div>\n\t\t\t\t\t\t\t\t<\/div>\n\t\t\t\t<\/div>\n\t\t\t\t\t<\/div>\n\t\t<\/div>\n\t\t\t\t<div class=\"elementor-column elementor-col-33 elementor-top-column elementor-element elementor-element-35e0edd6\" data-id=\"35e0edd6\" data-element_type=\"column\" data-e-type=\"column\">\n\t\t\t<div class=\"elementor-widget-wrap elementor-element-populated\">\n\t\t\t\t\t\t<div class=\"elementor-element elementor-element-4febe7b0 elementor-align-right elementor-widget elementor-widget-button\" data-id=\"4febe7b0\" data-element_type=\"widget\" data-e-type=\"widget\" data-widget_type=\"button.default\">\n\t\t\t\t<div class=\"elementor-widget-container\">\n\t\t\t\t\t\t\t\t\t<div class=\"elementor-button-wrapper\">\n\t\t\t\t\t<a class=\"elementor-button elementor-button-link elementor-size-sm\" href=\"https:\/\/www.sngenealogie.ch\/wp\/bulletins\/bulletin-10\/rencontre-11-novembre-1997\/\">\n\t\t\t\t\t\t<span class=\"elementor-button-content-wrapper\">\n\t\t\t\t\t\t<span class=\"elementor-button-icon\">\n\t\t\t\t<i aria-hidden=\"true\" class=\"fas fa-arrow-right\"><\/i>\t\t\t<\/span>\n\t\t\t\t\t\t\t\t\t<span class=\"elementor-button-text\">Article suivant<\/span>\n\t\t\t\t\t<\/span>\n\t\t\t\t\t<\/a>\n\t\t\t\t<\/div>\n\t\t\t\t\t\t\t\t<\/div>\n\t\t\t\t<\/div>\n\t\t\t\t\t<\/div>\n\t\t<\/div>\n\t\t\t\t\t<\/div>\n\t\t<\/section>\n\t\t\t\t<\/div>\n\t\t","protected":false},"excerpt":{"rendered":"<p>Bulletin 10 \/ F\u00e9vrier 1998 Visite du ch\u00e2teau de Surpierre Visite du ch\u00e2teau de Surpierre avec l&rsquo;institut fribourgeois de g\u00e9n\u00e9alogie [&hellip;]<\/p>\n","protected":false},"author":1,"featured_media":0,"parent":2870,"menu_order":0,"comment_status":"closed","ping_status":"closed","template":"","meta":{"site-sidebar-layout":"no-sidebar","site-content-layout":"page-builder","ast-site-content-layout":"default","site-content-style":"default","site-sidebar-style":"default","ast-global-header-display":"","ast-banner-title-visibility":"","ast-main-header-display":"","ast-hfb-above-header-display":"","ast-hfb-below-header-display":"","ast-hfb-mobile-header-display":"","site-post-title":"disabled","ast-breadcrumbs-content":"","ast-featured-img":"disabled","footer-sml-layout":"","ast-disable-related-posts":"","theme-transparent-header-meta":"default","adv-header-id-meta":"","stick-header-meta":"","header-above-stick-meta":"","header-main-stick-meta":"","header-below-stick-meta":"","astra-migrate-meta-layouts":"default","ast-page-background-enabled":"default","ast-page-background-meta":{"desktop":{"background-color":"","background-image":"","background-repeat":"repeat","background-position":"center center","background-size":"auto","background-attachment":"scroll","background-type":"","background-media":"","overlay-type":"","overlay-color":"","overlay-opacity":"","overlay-gradient":""},"tablet":{"background-color":"","background-image":"","background-repeat":"repeat","background-position":"center center","background-size":"auto","background-attachment":"scroll","background-type":"","background-media":"","overlay-type":"","overlay-color":"","overlay-opacity":"","overlay-gradient":""},"mobile":{"background-color":"","background-image":"","background-repeat":"repeat","background-position":"center center","background-size":"auto","background-attachment":"scroll","background-type":"","background-media":"","overlay-type":"","overlay-color":"","overlay-opacity":"","overlay-gradient":""}},"ast-content-background-meta":{"desktop":{"background-color":"var(--ast-global-color-5)","background-image":"","background-repeat":"repeat","background-position":"center center","background-size":"auto","background-attachment":"scroll","background-type":"","background-media":"","overlay-type":"","overlay-color":"","overlay-opacity":"","overlay-gradient":""},"tablet":{"background-color":"var(--ast-global-color-5)","background-image":"","background-repeat":"repeat","background-position":"center center","background-size":"auto","background-attachment":"scroll","background-type":"","background-media":"","overlay-type":"","overlay-color":"","overlay-opacity":"","overlay-gradient":""},"mobile":{"background-color":"var(--ast-global-color-5)","background-image":"","background-repeat":"repeat","background-position":"center center","background-size":"auto","background-attachment":"scroll","background-type":"","background-media":"","overlay-type":"","overlay-color":"","overlay-opacity":"","overlay-gradient":""}},"footnotes":""},"wf_page_folders":[77],"class_list":["post-6705","page","type-page","status-publish","hentry"],"_links":{"self":[{"href":"https:\/\/www.sngenealogie.ch\/wp\/wp-json\/wp\/v2\/pages\/6705","targetHints":{"allow":["GET"]}}],"collection":[{"href":"https:\/\/www.sngenealogie.ch\/wp\/wp-json\/wp\/v2\/pages"}],"about":[{"href":"https:\/\/www.sngenealogie.ch\/wp\/wp-json\/wp\/v2\/types\/page"}],"author":[{"embeddable":true,"href":"https:\/\/www.sngenealogie.ch\/wp\/wp-json\/wp\/v2\/users\/1"}],"replies":[{"embeddable":true,"href":"https:\/\/www.sngenealogie.ch\/wp\/wp-json\/wp\/v2\/comments?post=6705"}],"version-history":[{"count":11,"href":"https:\/\/www.sngenealogie.ch\/wp\/wp-json\/wp\/v2\/pages\/6705\/revisions"}],"predecessor-version":[{"id":6796,"href":"https:\/\/www.sngenealogie.ch\/wp\/wp-json\/wp\/v2\/pages\/6705\/revisions\/6796"}],"up":[{"embeddable":true,"href":"https:\/\/www.sngenealogie.ch\/wp\/wp-json\/wp\/v2\/pages\/2870"}],"wp:attachment":[{"href":"https:\/\/www.sngenealogie.ch\/wp\/wp-json\/wp\/v2\/media?parent=6705"}],"wp:term":[{"taxonomy":"wf_page_folders","embeddable":true,"href":"https:\/\/www.sngenealogie.ch\/wp\/wp-json\/wp\/v2\/wf_page_folders?post=6705"}],"curies":[{"name":"wp","href":"https:\/\/api.w.org\/{rel}","templated":true}]}}