{"id":7344,"date":"2021-06-27T18:04:39","date_gmt":"2021-06-27T16:04:39","guid":{"rendered":"https:\/\/www.sngenealogie.ch\/wp\/?page_id=7344"},"modified":"2021-07-04T15:28:42","modified_gmt":"2021-07-04T13:28:42","slug":"adieu-a-georges-fallet","status":"publish","type":"page","link":"https:\/\/www.sngenealogie.ch\/wp\/bulletins\/bulletin-15\/adieu-a-georges-fallet\/","title":{"rendered":"Adieu \u00e0 Georges Fallet"},"content":{"rendered":"\t\t<div data-elementor-type=\"wp-page\" data-elementor-id=\"7344\" class=\"elementor elementor-7344\">\n\t\t\t\t\t\t<section class=\"elementor-section elementor-top-section elementor-element elementor-element-6c184fb4 elementor-section-boxed elementor-section-height-default elementor-section-height-default\" data-id=\"6c184fb4\" data-element_type=\"section\" data-e-type=\"section\" data-settings=\"{&quot;background_background&quot;:&quot;gradient&quot;}\">\n\t\t\t\t\t\t<div class=\"elementor-container elementor-column-gap-no\">\n\t\t\t\t\t<div class=\"elementor-column elementor-col-100 elementor-top-column elementor-element elementor-element-3c4f2430\" data-id=\"3c4f2430\" data-element_type=\"column\" data-e-type=\"column\">\n\t\t\t<div class=\"elementor-widget-wrap elementor-element-populated\">\n\t\t\t\t\t\t<div class=\"elementor-element elementor-element-28a7be6c elementor-widget elementor-widget-heading\" data-id=\"28a7be6c\" data-element_type=\"widget\" data-e-type=\"widget\" data-widget_type=\"heading.default\">\n\t\t\t\t<div class=\"elementor-widget-container\">\n\t\t\t\t\t<h5 class=\"elementor-heading-title elementor-size-default\">Bulletin 15 \/ D\u00e9cembre 2000<\/h5>\t\t\t\t<\/div>\n\t\t\t\t<\/div>\n\t\t\t\t<div class=\"elementor-element elementor-element-64b397dc elementor-widget elementor-widget-heading\" data-id=\"64b397dc\" data-element_type=\"widget\" data-e-type=\"widget\" data-widget_type=\"heading.default\">\n\t\t\t\t<div class=\"elementor-widget-container\">\n\t\t\t\t\t<h1 class=\"elementor-heading-title elementor-size-default\">Adieu \u00e0 Georges Fallet<\/h1>\t\t\t\t<\/div>\n\t\t\t\t<\/div>\n\t\t\t\t\t<\/div>\n\t\t<\/div>\n\t\t\t\t\t<\/div>\n\t\t<\/section>\n\t\t\t\t<section class=\"elementor-section elementor-top-section elementor-element elementor-element-187d1c15 elementor-section-boxed elementor-section-height-default elementor-section-height-default\" data-id=\"187d1c15\" data-element_type=\"section\" data-e-type=\"section\">\n\t\t\t\t\t\t<div class=\"elementor-container elementor-column-gap-default\">\n\t\t\t\t\t<div class=\"elementor-column elementor-col-100 elementor-top-column elementor-element elementor-element-6539d444\" data-id=\"6539d444\" data-element_type=\"column\" data-e-type=\"column\">\n\t\t\t<div class=\"elementor-widget-wrap elementor-element-populated\">\n\t\t\t\t\t\t<div class=\"elementor-element elementor-element-8457048 elementor-widget elementor-widget-heading\" data-id=\"8457048\" data-element_type=\"widget\" data-e-type=\"widget\" data-widget_type=\"heading.default\">\n\t\t\t\t<div class=\"elementor-widget-container\">\n\t\t\t\t\t<h4 class=\"elementor-heading-title elementor-size-default\">par Germain Hausmann<\/h4>\t\t\t\t<\/div>\n\t\t\t\t<\/div>\n\t\t\t\t<div class=\"elementor-element elementor-element-e7770b6 elementor-widget elementor-widget-spacer\" data-id=\"e7770b6\" data-element_type=\"widget\" data-e-type=\"widget\" data-widget_type=\"spacer.default\">\n\t\t\t\t<div class=\"elementor-widget-container\">\n\t\t\t\t\t\t\t<div class=\"elementor-spacer\">\n\t\t\t<div class=\"elementor-spacer-inner\"><\/div>\n\t\t<\/div>\n\t\t\t\t\t\t<\/div>\n\t\t\t\t<\/div>\n\t\t\t\t<div class=\"elementor-element elementor-element-4d49286 elementor-widget elementor-widget-text-editor\" data-id=\"4d49286\" data-element_type=\"widget\" data-e-type=\"widget\" data-widget_type=\"text-editor.default\">\n\t\t\t\t<div class=\"elementor-widget-container\">\n\t\t\t\t\t\t\t\t\t<p>Lorsque nous avons appris le d\u00e9c\u00e8s subit de Georges Fallet, ce fut pour nous tous un choc car rien ne pouvait faire penser \u00e0 une fin si rapide et si soudaine. Je l&rsquo;avais personnellement rencontr\u00e9 il y a une dizaine de jours aux Archives. Il semblait \u00eatre en pleine forme, passionn\u00e9 par ses recherches, plaisantant sur une faute d&rsquo;orthographe, fier de me pr\u00e9senter ses derni\u00e8res trouvailles. Comme souvent, pour ne pas perdre de pr\u00e9cieuses minutes, il \u00e9tait mont\u00e9 quatre \u00e0 quatre les Escaliers du Ch\u00e2teau. Il avait atteint le sommet de la colline, essouffl\u00e9 certes (on le serait \u00e0 moins), mais en meilleures condition physique que de plus jeunes.<\/p><p>La vie n&rsquo; avait pas toujours \u00e9t\u00e9 pour lui un long fleuve tranquille. N\u00e9 de p\u00e8re inconnu, il n&rsquo;avait pu \u00eatre \u00e9lev\u00e9 aupr\u00e8s de sa m\u00e8re. Passant d&rsquo;une famille d&rsquo;accueil \u00e0 l&rsquo;autre, il connut une enfance ballott\u00e9e, sans jamais esp\u00e9rer pouvoir \u00e9tablir des relations stables avec son entourage. Il n&rsquo;\u00e9tait d&rsquo;ailleurs pas toujours bien trait\u00e9. Il a parfois jou\u00e9 le r\u00f4le d&rsquo;une petite Cosette au masculin chez des Th\u00e9nardier o\u00f9 les desserts et les douceurs n&rsquo;\u00e9taient r\u00e9serv\u00e9s qu&rsquo;aux enfants de la famille. Un jours que je lui racontais que, dans un dossier\u00a0 d&rsquo;assistance que je venais de consulter, j&rsquo;avais rencontr\u00e9 une enfant pouss\u00e9e par la faim \u00e0 manger de l&rsquo;herbe, il ne s&rsquo;\u00e9tait pas choqu\u00e9 qu&rsquo;une telle situation puisse se produire. Alors que je m&rsquo;\u00e9tonnais de son insensibilit\u00e9, il m&rsquo;avoua qu&rsquo;une telle m\u00e9saventure lui \u00e9tait personnellement arriv\u00e9e lors d&rsquo;un placement chez des gens habitant au bord du Lac L\u00e9man. Aussi, les s\u00e9jours qu&rsquo;il faisait dans la maison de son grand-p\u00e8re, \u00e0 Dombresson, lui laiss\u00e8rent des souvenirs merveilleux, comme de brefs instants de bonheur familial.<\/p><p>Apr\u00e8s son \u00e9cole obligatoire, il entreprit un apprentissage de vendeur dont il avait gard\u00e9 un go\u00fbt certain pour les chiffres, ainsi qu&rsquo;une grande s\u00fbret\u00e9 et rapidit\u00e9 en calcul mental. Son certificat en poche, il partit en Suisse al\u00e9manique. Apr\u00e8s un bref s\u00e9jour \u00e0 Lucerne, o\u00f9 son logeur lui coupait l&rsquo;\u00e9lectricit\u00e9 le soir, il s&rsquo;\u00e9tablit \u00e0 Saint-Gall. Il s&rsquo;attacha vite \u00e0 cette petite cit\u00e9, un peu provinciale, qui devint pour lui une seconde patrie d&rsquo;origine. Il aimait aussi ses habitants et leur langage chantant et remplit ses obligations militaires dans les troupes saint-galloises. Il conserva m\u00eame l&rsquo;habitude, jusqu&rsquo;\u00e0 la fin de sa vie, d&rsquo;\u00e9couter la radio al\u00e9manique. Il se r\u00e9jouissait tout particuli\u00e8rement d&rsquo;y retourner, en cet automne 2000, apr\u00e8s avoir \u00e9conomis\u00e9, sou par sou, l&rsquo;argent du billet de train. C&rsquo;est l\u00e0 qu&rsquo;il tomba en pleine rue, \u00e0 son arriv\u00e9e, le 13 octobre dernier, terrass\u00e9 par une crise cardiaque dans sa cinquante-cinqui\u00e8me ann\u00e9e.<\/p>\t\t\t\t\t\t\t\t<\/div>\n\t\t\t\t<\/div>\n\t\t\t\t<div class=\"elementor-element elementor-element-18d7b3f elementor-widget elementor-widget-text-editor\" data-id=\"18d7b3f\" data-element_type=\"widget\" data-e-type=\"widget\" data-widget_type=\"text-editor.default\">\n\t\t\t\t<div class=\"elementor-widget-container\">\n\t\t\t\t\t\t\t\t\t<p>Mais reprenons le fil de son existence. Apr\u00e8s son s\u00e9jour \u00e0 Saint-Gall il trouva un emploi chez Suchard o\u00f9 la fabrication du chocolat n&rsquo;eut bient\u00f4t plus de secret pour lui. Bien int\u00e9gr\u00e9, il repr\u00e9senta m\u00eame ses coll\u00e8gues au sein du Conseil d&rsquo;entreprise.<\/p><p>Ce retour en terre neuch\u00e2teloise lui permit d&rsquo;assouvir sa passion pour la g\u00e9n\u00e9alogie. Il passait toutes ses vacances aux Archives \u00e0 la recherche de ses anc\u00eatres, d&rsquo;abord sous le regard s\u00e9v\u00e8re de M. Schnegg, puis sous la direction de M. Courvoisier. Gr\u00e2ce \u00e0 plusieurs ann\u00e9es d&rsquo;efforts, il put reconstituer toute la g\u00e9n\u00e9alogie de sa famille. Tout naturellement, il entra \u00e0 la Soci\u00e9t\u00e9 neuch\u00e2teloise de g\u00e9n\u00e9alogie de Neuch\u00e2tel et s&rsquo;y distingua tout de suite par son assiduit\u00e9. Bien que tr\u00e8s r\u00e9serv\u00e9, il se fit conna\u00eetre par sa disponibilit\u00e9 et ses connaissances et fit m\u00eame partie du comit\u00e9.<\/p><p>Hospitalis\u00e9 pendant plusieurs mois, les services charg\u00e9s de vider son appartement jet\u00e8rent tous ses travaux g\u00e9n\u00e9alogiques, ses notes, ses photographies. Il perdit ainsi le fruit d&rsquo;ann\u00e9es de travail et ses souvenirs de Saint-Gall auxquels il tenait tant. Il tomba alors dans une profonde d\u00e9pression. Puis, un jour, il revint aux Archives, d\u00e9sormais dirig\u00e9es par M. de Tribolet et reconstitua non seulement la g\u00e9n\u00e9alogie des Fallet, mais celle de toutes les familles alli\u00e9es. Il se consacra d\u00e9sormais presque \u00e0 plein temps \u00e0 sa passion\u00a0 g\u00e9n\u00e9alogique. Il contribua activement au recensement des g\u00e9n\u00e9alogies conserv\u00e9es au Ch\u00e2teau et devint le \u00ab r\u00e9pondeur officiel \u00bb aux questions pos\u00e9es dans notre Bulletin. En quelques ann\u00e9es, Georges Fallet rassembla un nombre impressionnant de donn\u00e9es g\u00e9n\u00e9alogiques qui, esp\u00e9rons-le, ne dispara\u00eetront pas comme la derni\u00e8re fois mais permettront de constituer un \u00ab Fonds Fallet \u00bb \u00e0 la Biblioth\u00e8que de la Ville du Locle, o\u00f9 est d\u00e9pos\u00e9e la biblioth\u00e8que de notre soci\u00e9t\u00e9.<\/p>\t\t\t\t\t\t\t\t<\/div>\n\t\t\t\t<\/div>\n\t\t\t\t\t<\/div>\n\t\t<\/div>\n\t\t\t\t\t<\/div>\n\t\t<\/section>\n\t\t\t\t<section class=\"elementor-section elementor-top-section elementor-element elementor-element-394a1564 elementor-section-boxed elementor-section-height-default elementor-section-height-default\" data-id=\"394a1564\" data-element_type=\"section\" data-e-type=\"section\">\n\t\t\t\t\t\t<div class=\"elementor-container elementor-column-gap-default\">\n\t\t\t\t\t<div class=\"elementor-column elementor-col-33 elementor-top-column elementor-element elementor-element-2e538c5c\" data-id=\"2e538c5c\" data-element_type=\"column\" data-e-type=\"column\">\n\t\t\t<div class=\"elementor-widget-wrap\">\n\t\t\t\t\t\t\t<\/div>\n\t\t<\/div>\n\t\t\t\t<div class=\"elementor-column elementor-col-33 elementor-top-column elementor-element elementor-element-99cc7f\" data-id=\"99cc7f\" data-element_type=\"column\" data-e-type=\"column\">\n\t\t\t<div class=\"elementor-widget-wrap elementor-element-populated\">\n\t\t\t\t\t\t<div class=\"elementor-element elementor-element-7414bc44 elementor-align-center elementor-widget elementor-widget-button\" data-id=\"7414bc44\" data-element_type=\"widget\" data-e-type=\"widget\" data-widget_type=\"button.default\">\n\t\t\t\t<div class=\"elementor-widget-container\">\n\t\t\t\t\t\t\t\t\t<div class=\"elementor-button-wrapper\">\n\t\t\t\t\t<a class=\"elementor-button elementor-button-link elementor-size-sm\" href=\"https:\/\/www.sngenealogie.ch\/wp\/bulletins\/bulletin-15\/\">\n\t\t\t\t\t\t<span class=\"elementor-button-content-wrapper\">\n\t\t\t\t\t\t<span class=\"elementor-button-icon\">\n\t\t\t\t<i aria-hidden=\"true\" class=\"fas fa-arrow-up\"><\/i>\t\t\t<\/span>\n\t\t\t\t\t\t\t\t\t<span class=\"elementor-button-text\">Bulletin 15<\/span>\n\t\t\t\t\t<\/span>\n\t\t\t\t\t<\/a>\n\t\t\t\t<\/div>\n\t\t\t\t\t\t\t\t<\/div>\n\t\t\t\t<\/div>\n\t\t\t\t\t<\/div>\n\t\t<\/div>\n\t\t\t\t<div class=\"elementor-column elementor-col-33 elementor-top-column elementor-element elementor-element-35e0edd6\" data-id=\"35e0edd6\" data-element_type=\"column\" data-e-type=\"column\">\n\t\t\t<div class=\"elementor-widget-wrap elementor-element-populated\">\n\t\t\t\t\t\t<div class=\"elementor-element elementor-element-4febe7b0 elementor-align-right elementor-widget elementor-widget-button\" data-id=\"4febe7b0\" data-element_type=\"widget\" data-e-type=\"widget\" data-widget_type=\"button.default\">\n\t\t\t\t<div class=\"elementor-widget-container\">\n\t\t\t\t\t\t\t\t\t<div class=\"elementor-button-wrapper\">\n\t\t\t\t\t<a class=\"elementor-button elementor-button-link elementor-size-sm\" href=\"https:\/\/www.sngenealogie.ch\/wp\/bulletins\/bulletin-15\/editorial-bulletin-15\/\">\n\t\t\t\t\t\t<span class=\"elementor-button-content-wrapper\">\n\t\t\t\t\t\t<span class=\"elementor-button-icon\">\n\t\t\t\t<i aria-hidden=\"true\" class=\"fas fa-arrow-right\"><\/i>\t\t\t<\/span>\n\t\t\t\t\t\t\t\t\t<span class=\"elementor-button-text\">Article suivant<\/span>\n\t\t\t\t\t<\/span>\n\t\t\t\t\t<\/a>\n\t\t\t\t<\/div>\n\t\t\t\t\t\t\t\t<\/div>\n\t\t\t\t<\/div>\n\t\t\t\t\t<\/div>\n\t\t<\/div>\n\t\t\t\t\t<\/div>\n\t\t<\/section>\n\t\t\t\t<\/div>\n\t\t","protected":false},"excerpt":{"rendered":"<p>Bulletin 15 \/ D\u00e9cembre 2000 Adieu \u00e0 Georges Fallet par Germain Hausmann Lorsque nous avons appris le d\u00e9c\u00e8s subit de [&hellip;]<\/p>\n","protected":false},"author":1,"featured_media":0,"parent":2842,"menu_order":0,"comment_status":"closed","ping_status":"closed","template":"","meta":{"site-sidebar-layout":"no-sidebar","site-content-layout":"page-builder","ast-site-content-layout":"default","site-content-style":"default","site-sidebar-style":"default","ast-global-header-display":"","ast-banner-title-visibility":"","ast-main-header-display":"","ast-hfb-above-header-display":"","ast-hfb-below-header-display":"","ast-hfb-mobile-header-display":"","site-post-title":"disabled","ast-breadcrumbs-content":"","ast-featured-img":"disabled","footer-sml-layout":"","ast-disable-related-posts":"","theme-transparent-header-meta":"default","adv-header-id-meta":"","stick-header-meta":"","header-above-stick-meta":"","header-main-stick-meta":"","header-below-stick-meta":"","astra-migrate-meta-layouts":"default","ast-page-background-enabled":"default","ast-page-background-meta":{"desktop":{"background-color":"","background-image":"","background-repeat":"repeat","background-position":"center center","background-size":"auto","background-attachment":"scroll","background-type":"","background-media":"","overlay-type":"","overlay-color":"","overlay-opacity":"","overlay-gradient":""},"tablet":{"background-color":"","background-image":"","background-repeat":"repeat","background-position":"center center","background-size":"auto","background-attachment":"scroll","background-type":"","background-media":"","overlay-type":"","overlay-color":"","overlay-opacity":"","overlay-gradient":""},"mobile":{"background-color":"","background-image":"","background-repeat":"repeat","background-position":"center center","background-size":"auto","background-attachment":"scroll","background-type":"","background-media":"","overlay-type":"","overlay-color":"","overlay-opacity":"","overlay-gradient":""}},"ast-content-background-meta":{"desktop":{"background-color":"var(--ast-global-color-5)","background-image":"","background-repeat":"repeat","background-position":"center center","background-size":"auto","background-attachment":"scroll","background-type":"","background-media":"","overlay-type":"","overlay-color":"","overlay-opacity":"","overlay-gradient":""},"tablet":{"background-color":"var(--ast-global-color-5)","background-image":"","background-repeat":"repeat","background-position":"center center","background-size":"auto","background-attachment":"scroll","background-type":"","background-media":"","overlay-type":"","overlay-color":"","overlay-opacity":"","overlay-gradient":""},"mobile":{"background-color":"var(--ast-global-color-5)","background-image":"","background-repeat":"repeat","background-position":"center center","background-size":"auto","background-attachment":"scroll","background-type":"","background-media":"","overlay-type":"","overlay-color":"","overlay-opacity":"","overlay-gradient":""}},"footnotes":""},"wf_page_folders":[32],"class_list":["post-7344","page","type-page","status-publish","hentry"],"_links":{"self":[{"href":"https:\/\/www.sngenealogie.ch\/wp\/wp-json\/wp\/v2\/pages\/7344","targetHints":{"allow":["GET"]}}],"collection":[{"href":"https:\/\/www.sngenealogie.ch\/wp\/wp-json\/wp\/v2\/pages"}],"about":[{"href":"https:\/\/www.sngenealogie.ch\/wp\/wp-json\/wp\/v2\/types\/page"}],"author":[{"embeddable":true,"href":"https:\/\/www.sngenealogie.ch\/wp\/wp-json\/wp\/v2\/users\/1"}],"replies":[{"embeddable":true,"href":"https:\/\/www.sngenealogie.ch\/wp\/wp-json\/wp\/v2\/comments?post=7344"}],"version-history":[{"count":11,"href":"https:\/\/www.sngenealogie.ch\/wp\/wp-json\/wp\/v2\/pages\/7344\/revisions"}],"predecessor-version":[{"id":7451,"href":"https:\/\/www.sngenealogie.ch\/wp\/wp-json\/wp\/v2\/pages\/7344\/revisions\/7451"}],"up":[{"embeddable":true,"href":"https:\/\/www.sngenealogie.ch\/wp\/wp-json\/wp\/v2\/pages\/2842"}],"wp:attachment":[{"href":"https:\/\/www.sngenealogie.ch\/wp\/wp-json\/wp\/v2\/media?parent=7344"}],"wp:term":[{"taxonomy":"wf_page_folders","embeddable":true,"href":"https:\/\/www.sngenealogie.ch\/wp\/wp-json\/wp\/v2\/wf_page_folders?post=7344"}],"curies":[{"name":"wp","href":"https:\/\/api.w.org\/{rel}","templated":true}]}}