{"id":8071,"date":"2021-07-18T14:19:11","date_gmt":"2021-07-18T12:19:11","guid":{"rendered":"https:\/\/www.sngenealogie.ch\/wp\/?page_id=8071"},"modified":"2021-07-18T18:05:20","modified_gmt":"2021-07-18T16:05:20","slug":"eugene-borel","status":"publish","type":"page","link":"https:\/\/www.sngenealogie.ch\/wp\/bulletins\/bulletin-22\/eugene-borel\/","title":{"rendered":"Eug\u00e8ne Borel"},"content":{"rendered":"\t\t<div data-elementor-type=\"wp-page\" data-elementor-id=\"8071\" class=\"elementor elementor-8071\">\n\t\t\t\t\t\t<section class=\"elementor-section elementor-top-section elementor-element elementor-element-6c184fb4 elementor-section-boxed elementor-section-height-default elementor-section-height-default\" data-id=\"6c184fb4\" data-element_type=\"section\" data-e-type=\"section\" data-settings=\"{&quot;background_background&quot;:&quot;gradient&quot;}\">\n\t\t\t\t\t\t<div class=\"elementor-container elementor-column-gap-no\">\n\t\t\t\t\t<div class=\"elementor-column elementor-col-100 elementor-top-column elementor-element elementor-element-3c4f2430\" data-id=\"3c4f2430\" data-element_type=\"column\" data-e-type=\"column\">\n\t\t\t<div class=\"elementor-widget-wrap elementor-element-populated\">\n\t\t\t\t\t\t<div class=\"elementor-element elementor-element-28a7be6c elementor-widget elementor-widget-heading\" data-id=\"28a7be6c\" data-element_type=\"widget\" data-e-type=\"widget\" data-widget_type=\"heading.default\">\n\t\t\t\t<div class=\"elementor-widget-container\">\n\t\t\t\t\t<h5 class=\"elementor-heading-title elementor-size-default\">Bulletin 22 \/ 2004<\/h5>\t\t\t\t<\/div>\n\t\t\t\t<\/div>\n\t\t\t\t<div class=\"elementor-element elementor-element-64b397dc elementor-widget elementor-widget-heading\" data-id=\"64b397dc\" data-element_type=\"widget\" data-e-type=\"widget\" data-widget_type=\"heading.default\">\n\t\t\t\t<div class=\"elementor-widget-container\">\n\t\t\t\t\t<h1 class=\"elementor-heading-title elementor-size-default\">Eug\u00e8ne Borel (1835-1892)<\/h1>\t\t\t\t<\/div>\n\t\t\t\t<\/div>\n\t\t\t\t\t<\/div>\n\t\t<\/div>\n\t\t\t\t\t<\/div>\n\t\t<\/section>\n\t\t\t\t<section class=\"elementor-section elementor-top-section elementor-element elementor-element-187d1c15 elementor-section-boxed elementor-section-height-default elementor-section-height-default\" data-id=\"187d1c15\" data-element_type=\"section\" data-e-type=\"section\">\n\t\t\t\t\t\t<div class=\"elementor-container elementor-column-gap-default\">\n\t\t\t\t\t<div class=\"elementor-column elementor-col-100 elementor-top-column elementor-element elementor-element-6539d444\" data-id=\"6539d444\" data-element_type=\"column\" data-e-type=\"column\">\n\t\t\t<div class=\"elementor-widget-wrap elementor-element-populated\">\n\t\t\t\t\t\t<div class=\"elementor-element elementor-element-c9b1f4d elementor-widget elementor-widget-heading\" data-id=\"c9b1f4d\" data-element_type=\"widget\" data-e-type=\"widget\" data-widget_type=\"heading.default\">\n\t\t\t\t<div class=\"elementor-widget-container\">\n\t\t\t\t\t<h2 class=\"elementor-heading-title elementor-size-default\">Le Covasson Eug\u00e8ne Borel, conseiller d'Etat, conseiller f\u00e9d\u00e9ral et directeur de l'Union postale universelle<\/h2>\t\t\t\t<\/div>\n\t\t\t\t<\/div>\n\t\t\t\t<div class=\"elementor-element elementor-element-8457048 elementor-widget elementor-widget-heading\" data-id=\"8457048\" data-element_type=\"widget\" data-e-type=\"widget\" data-widget_type=\"heading.default\">\n\t\t\t\t<div class=\"elementor-widget-container\">\n\t\t\t\t\t<h4 class=\"elementor-heading-title elementor-size-default\">par Pierre-Arnold Borel<\/h4>\t\t\t\t<\/div>\n\t\t\t\t<\/div>\n\t\t\t\t<div class=\"elementor-element elementor-element-e7770b6 elementor-widget elementor-widget-spacer\" data-id=\"e7770b6\" data-element_type=\"widget\" data-e-type=\"widget\" data-widget_type=\"spacer.default\">\n\t\t\t\t<div class=\"elementor-widget-container\">\n\t\t\t\t\t\t\t<div class=\"elementor-spacer\">\n\t\t\t<div class=\"elementor-spacer-inner\"><\/div>\n\t\t<\/div>\n\t\t\t\t\t\t<\/div>\n\t\t\t\t<\/div>\n\t\t\t\t<div class=\"elementor-element elementor-element-4d49286 elementor-widget elementor-widget-text-editor\" data-id=\"4d49286\" data-element_type=\"widget\" data-e-type=\"widget\" data-widget_type=\"text-editor.default\">\n\t\t\t\t<div class=\"elementor-widget-container\">\n\t\t\t\t\t\t\t\t\t<p><em>Evoquant des souvenirs de sa jeunesse, le pasteur et libraire Alfred-Georges Berthoud (1835-1924) rappelle que \u00able 15 octobre 1847 \u00e9tait le jour de la f\u00eate du roi (R\u00e9d. Fr\u00e9d\u00e9ric-Guillaume IV). Nous nous rend\u00eemes avec quelques camarades \u00e0 un culte \u00e0 la Coll\u00e9giale. Le <\/em><em>gouverneur de Pfuel y assistait en grand uniforme de g\u00e9n\u00e9ral prussien. Au retour, nous admirions la rue de l&rsquo;H\u00f4pital, magnifiquement pavois\u00e9e, lorsque nous rencontrons un de nos camarades qui se pavanait fi\u00e8rement avec une croix f\u00e9d\u00e9rale \u00e0 sa casquette.<\/em><\/p><p><em>Indign\u00e9s et remplis d&rsquo;un beau z\u00e8le, nous nous pr\u00e9cipitons sur lui, quatre contre un! Il s&rsquo;\u00e9clipsa rapidement dans un corridor. Ce camarade \u00e9tait Eug\u00e8ne Borel, futur conseiller f\u00e9d\u00e9ral, caract\u00e8re d\u00e9cid\u00e9, ayant eu de bonne heure ses convictions politiques et n&rsquo;ayant jamais cach\u00e9 son drapeau.\u00a0\u00bb<\/em><\/p>\t\t\t\t\t\t\t\t<\/div>\n\t\t\t\t<\/div>\n\t\t\t\t<div class=\"elementor-element elementor-element-cc5a057 elementor-widget elementor-widget-heading\" data-id=\"cc5a057\" data-element_type=\"widget\" data-e-type=\"widget\" data-widget_type=\"heading.default\">\n\t\t\t\t<div class=\"elementor-widget-container\">\n\t\t\t\t\t<h3 class=\"elementor-heading-title elementor-size-default\">Eug\u00e8ne Borel<\/h3>\t\t\t\t<\/div>\n\t\t\t\t<\/div>\n\t\t\t\t<div class=\"elementor-element elementor-element-0ed55bf elementor-widget elementor-widget-text-editor\" data-id=\"0ed55bf\" data-element_type=\"widget\" data-e-type=\"widget\" data-widget_type=\"text-editor.default\">\n\t\t\t\t<div class=\"elementor-widget-container\">\n\t\t\t\t\t\t\t\t\t<p>Le 14 juin 1892, \u00e0 trois jours de son 57e anniversaire, d\u00e9c\u00e9dait \u00e0 Berne Victor-Eug\u00e8ne-Sigismond Borel, n\u00e9 \u00e0 Neuch\u00e2tel le 17 juin 1835, o\u00f9 son p\u00e8re, Fran\u00e7ois-Victor Borel-Fauche, d&rsquo;abord pr\u00e9cepteur \u00e0 Munich, enseignait la calligraphie \u00e0 la Maison des orphelins et au coll\u00e8ge, sous le surnom de \u00abBorel Six Pouces\u00bb du fait de sa petite taille. A la 15e g\u00e9n\u00e9ration, il descendait directement du plus ancien anc\u00eatre connu de la famille covassonne des Borel (Valch\u00e9rius, n\u00e9 vers 1290) et appartenait \u00e0 la branche des Borel dits Petitjaquet.<\/p><p>Eug\u00e8ne Borel, qui manifesta de bonne heure une intelligence peu commune, des dons exceptionnels, un caract\u00e8re ind\u00e9pendant et une ardeur extr\u00eame, fit ses humanit\u00e9s au Gymnase du chef-lieu avant d&rsquo;\u00e9tudier le droit \u00e0 Munich et \u00e0 Heidelberg. De retour dans sa ville natale, il y pratiqua quelque temps comme avocat, mais se lan\u00e7a tr\u00e8s t\u00f4t dans la vie politique radicale: conseiller g\u00e9n\u00e9ral de Neuch\u00e2tel (1857), d\u00e9put\u00e9 au Grand Conseil (1862), conseiller municipal (1864) et conseiller d&rsquo;Etat d\u00e8s 1865 comme directeur du d\u00e9partement militaire jusqu&rsquo;en 1870, puis du d\u00e9partement de justice pendant deux ans.<\/p><p>Sa carri\u00e8re au niveau f\u00e9d\u00e9ral d\u00e9buta en 1860 en qualit\u00e9 d&rsquo;auditeur de la Conf\u00e9d\u00e9ration, lors de l&rsquo;occupation de Gen\u00e8ve, et de traducteur au Conseil national. C&rsquo;est alors que, sur l&rsquo;invitation du Conseil f\u00e9d\u00e9ral, il traduisit et compl\u00e9ta le \u00abDroit public suisse\u00bb d&rsquo;Eduard Ulmer, travail remarquable qui le mit en vue; il fut nomm\u00e9 par le Tribunal f\u00e9d\u00e9ral juge d&rsquo;instruction pour la Suisse romande. Elu en 1865 d\u00e9put\u00e9 neuch\u00e2telois au Conseil des Etats &#8211; dont il devint pr\u00e9sident en 1869 \u2013, il y si\u00e9gea jusqu&rsquo;en 1872, date de son \u00e9lection au Conseil f\u00e9d\u00e9ral \u00e0 l&rsquo;\u00e2ge de 37 ans. Au gouvernement helv\u00e9tique, il prit et garda la direction des postes et t\u00e9l\u00e9graphes. Il se signala dans son administration toujours exp\u00e9ditive et pratique par un abaissement des taxes et travailla \u00e0 la cr\u00e9ation de l&rsquo;Union postale universelle, qui fut fond\u00e9e, lors d&rsquo;un Congr\u00e8s international tenu \u00e0 Berne, le 15 septembre 1874, et qu&rsquo;il pr\u00e9sida avec un talent et un tact sup\u00e9rieurs. Ce congr\u00e8s d\u00e9cr\u00e9ta un office central dans la ville f\u00e9d\u00e9rale, et E. Borel en fut nomm\u00e9 directeur. Il quitta donc le Conseil f\u00e9d\u00e9ral le 31 d\u00e9cembre 1875 pour s&rsquo;adonner au perfectionnement d&rsquo;une institution destin\u00e9e \u00e0 favoriser les relations entre tous les peuples de la Terre. Comme militaire, le ressortissant covasson parcourut aussi tous les degr\u00e9s, du grade de caporal jusqu&rsquo;\u00e0 celui de colonel de l&rsquo;\u00e9tat-major judiciaire. Nomm\u00e9 capitaine en 1857, \u00e0 22 ans, il devint grand-juge de la 3e division, puis pr\u00e9sident de la Cour de cassation, enfin auditeur en chef, le grade le plus \u00e9lev\u00e9, fonction qu&rsquo;il remplit gratuitement!<\/p><p>\u00abEug\u00e8ne Borel, a \u00e9crit un de ses biographes, \u00e9tait une figure sympathique, par son ext\u00e9rieur, par son esprit, par le charme de sa parole; on subissait de bonne gr\u00e2ce l&rsquo;ascendant de sa sup\u00e9riorit\u00e9. Tr\u00e8s cultiv\u00e9, tr\u00e8s ouvert \u00e0 tous les genres d&rsquo;\u00e9tudes, il aimait les lettres, l&rsquo;histoire, m\u00eame la po\u00e9sie; on a de lui de fort jolis vers. Il publia avec son beau-fr\u00e8re le Dr Louis Guillaume (des Verri\u00e8res) une biographie du patriote Fr\u00e9d\u00e9ric Roessinger (de Couvet), et une histoire des \u00abF\u00eates de tir en Suisse\u00bb. Il faisait partie \u00e0 Berne d&rsquo;un petit<br \/>cercle: le Caveau bernois, dont la litt\u00e9rature, la po\u00e9sie et l&rsquo;amiti\u00e9 formaient le lien. Cet homme \u00e9minent a succomb\u00e9 aux atteintes d&rsquo;une maladie de c\u0153ur dont il souffrait depuis bien des ann\u00e9es\u00bb. En 1861, il avait \u00e9pous\u00e9 la Verrisanne Marie Guillaume (1840-1928) qui lui donna trois enfants. En 1882, il avait h\u00e9rit\u00e9 de son ami Edouard Desor, naturaliste, le domaine de Combe-Varin, \u00e0 l&rsquo;extr\u00e9mit\u00e9 nord de la commune de Noiraigue, aujourd&rsquo;hui encore propri\u00e9t\u00e9 de ses descendants.<\/p><p>A l&rsquo;occasion du centenaire de l&rsquo;Union postale universelle, les PTT ont \u00e9mis en 1974 un timbre de 30 c. \u00e0 son effigie, et en 1990 le Conseil communal de Neuch\u00e2tel a baptis\u00e9 \u00abQuai Eug\u00e8ne Borel\u00bb la nouvelle promenade de la baie de l&rsquo;Evole.<\/p><p style=\"text-align: right;\">Eric Andr\u00e9 Klauser, historien \u271e<\/p>\t\t\t\t\t\t\t\t<\/div>\n\t\t\t\t<\/div>\n\t\t\t\t\t<\/div>\n\t\t<\/div>\n\t\t\t\t\t<\/div>\n\t\t<\/section>\n\t\t\t\t<section class=\"elementor-section elementor-top-section elementor-element elementor-element-25e9a784 elementor-section-boxed elementor-section-height-default elementor-section-height-default\" data-id=\"25e9a784\" data-element_type=\"section\" data-e-type=\"section\">\n\t\t\t\t\t\t<div class=\"elementor-container elementor-column-gap-default\">\n\t\t\t\t\t<div class=\"elementor-column elementor-col-100 elementor-top-column elementor-element elementor-element-10a2824e\" data-id=\"10a2824e\" data-element_type=\"column\" data-e-type=\"column\">\n\t\t\t<div class=\"elementor-widget-wrap elementor-element-populated\">\n\t\t\t\t\t\t<div class=\"elementor-element elementor-element-86ea994 elementor-widget elementor-widget-heading\" data-id=\"86ea994\" data-element_type=\"widget\" data-e-type=\"widget\" data-widget_type=\"heading.default\">\n\t\t\t\t<div class=\"elementor-widget-container\">\n\t\t\t\t\t<h2 class=\"elementor-heading-title elementor-size-default\">Branche des Borel du Mont<\/h2>\t\t\t\t<\/div>\n\t\t\t\t<\/div>\n\t\t\t\t<div class=\"elementor-element elementor-element-d23fee6 elementor-widget elementor-widget-heading\" data-id=\"d23fee6\" data-element_type=\"widget\" data-e-type=\"widget\" data-widget_type=\"heading.default\">\n\t\t\t\t<div class=\"elementor-widget-container\">\n\t\t\t\t\t<h4 class=\"elementor-heading-title elementor-size-default\">I. Victor-Eug\u00e8ne-Sigismond Borel<\/h4>\t\t\t\t<\/div>\n\t\t\t\t<\/div>\n\t\t\t\t<div class=\"elementor-element elementor-element-61e1b3e elementor-widget elementor-widget-text-editor\" data-id=\"61e1b3e\" data-element_type=\"widget\" data-e-type=\"widget\" data-widget_type=\"text-editor.default\">\n\t\t\t\t<div class=\"elementor-widget-container\">\n\t\t\t\t\t\t\t\t\t<p>Fils de Fran\u00e7ois-Victor; communier de Couvet, bourgeois de Neuch\u00e2tel. N\u00e9 le 17 juin 1835; + le 14 juin 1892. Avocat, conseiller f\u00e9d\u00e9ral de 1872 \u00e0 1874; depuis 1874, directeur-fondateur de l&rsquo;Union Postale Universelle. Propri\u00e9taire du domaine de Combe-Varin dans la vall\u00e9e des Ponts-de-Martel, lui venant par h\u00e9ritage, en 1882, de son ami le g\u00e9ologue Edouard Desor (1811-1882). Cette ancienne propri\u00e9t\u00e9 de Pierre avait pass\u00e9, du m\u00e9decin Fr\u00e9d\u00e9ric Desor (sans descendance) \u00e0 son fr\u00e8re Edouard. Madame Fr\u00e9d\u00e9ric Desor avait apport\u00e9 Combe-Varin en dot \u00e0 son mari; elle \u00e9tait n\u00e9e Charlotte-Louise-Alexandrine de Pierre, fille de Jean-Fr\u00e9d\u00e9ric (voir Chronique de la famille de Pierre de P.-A. Borel, page 21).<\/p><p>Il \u00e9pouse d&rsquo;abord: <span style=\"text-decoration: underline;\">Anna M\u00fchleisen<\/span>, fille de Johannes Martin, originaire de Eningen, royaume de Wurtemberg, et de Barbara n\u00e9e Lotterer. Elle mourra en 1861. <\/p><p>Enfants n\u00e9s et baptis\u00e9s \u00e0 Neuch\u00e2tel: <\/p><ul><li>Marie n\u00e9e le 10 X 1858; alli\u00e9e Gerster<\/li><li>Louis-Eug\u00e8ne n\u00e9 le 24 XII 1859; libraire \u00e0 Paris; sans descendance <\/li><li>Laure Anna n\u00e9e le 15 II 1861; alli\u00e9e Grob; le couple habitait Milan.<\/li><\/ul><p>Veuf, Eug\u00e8ne se remarie \u00e0 Neuch\u00e2tel le 9 ao\u00fbt 1861 avec <span style=\"text-decoration: underline;\">Marie Guillaume<\/span>, fille de Louis-Constant, notaire des Verri\u00e8res, et de Marianne Virginie n\u00e9e Fatton, des Bayards. Marie est n\u00e9e le 7 X 1840; morte \u00e0 Berne en 1928. <em>Elle est s\u0153ur de Louis Guillaume, docteur en m\u00e9decine (1833-1924), alli\u00e9 \u00e0 Elise Verdan. Les Guillaume-Verdan ont trois enfants: Louis artiste peintre, Constant et Laure alli\u00e9e Fraissard.<\/em><\/p><p>Enfants Borel n\u00e9s et baptis\u00e9s \u00e0 Neuch\u00e2tel:<\/p><ul><li>Jules Eug\u00e8ne n\u00e9 le 20 juin 1862; avocat, procureur g\u00e9n\u00e9ral et membre puis pr\u00e9sident du Grand Conseil neuch\u00e2telois. Il est re\u00e7u citoyen de Gen\u00e8ve le 19 avril 1912. Sa fille Nathalie habite Gen\u00e8ve en 1992.<\/li><li>Charles n\u00e9 \u00e0 Neuch\u00e2tel le 21 d\u00e9cembre 1863; meurt \u00e0 Gen\u00e8ve en 1947; \u00e9pouse Alice Lauterburg, bourgeoise de Berne. Parents d&rsquo;Alfred Borel habitant Corsier.<\/li><li>Eug\u00e9nie-Alice n\u00e9e \u00e0 Berne le 18 avril 1874. Meurt \u00e0 Muri (BE) en 1948. Sa descendance est propri\u00e9taire de Combe-Varin (pr\u00e8s Brot-Plamboz), <span style=\"text-decoration: underline;\"><em>au sud de ce domaine, la cr\u00eate de la montagne dominant le village de Rosi\u00e8res et la C\u00f4te de Jorat, se trouve le lieu-dit ainsi que le pin baptis\u00e9 \u00ab\u00a0La Marie-Borel\u00a0\u00bb, du nom de la femme du Conseiller f\u00e9d\u00e9ral.<\/em><\/span><\/li><\/ul>\t\t\t\t\t\t\t\t<\/div>\n\t\t\t\t<\/div>\n\t\t\t\t<div class=\"elementor-element elementor-element-8d13727 elementor-widget elementor-widget-heading\" data-id=\"8d13727\" data-element_type=\"widget\" data-e-type=\"widget\" data-widget_type=\"heading.default\">\n\t\t\t\t<div class=\"elementor-widget-container\">\n\t\t\t\t\t<h4 class=\"elementor-heading-title elementor-size-default\">II. Fran\u00e7ois-Victor Borel fils de Jean-Henry<\/h4>\t\t\t\t<\/div>\n\t\t\t\t<\/div>\n\t\t\t\t<div class=\"elementor-element elementor-element-4875f42 elementor-widget elementor-widget-text-editor\" data-id=\"4875f42\" data-element_type=\"widget\" data-e-type=\"widget\" data-widget_type=\"text-editor.default\">\n\t\t\t\t<div class=\"elementor-widget-container\">\n\t\t\t\t\t\t\t\t\t<p>Pr\u00e9cepteur \u00e0 Munich, puis professeur de calligraphie au coll\u00e8ge de Neuch\u00e2tel o\u00f9 il est surnomm\u00e9 \u00ab\u00a0Borel Six-Pouces\u00a0\u00bb du fait de sa petite taille. Il \u00e9pouse en 1831 Jos\u00e9phine-Constance-<span style=\"text-decoration: underline;\"><strong>Louise<\/strong> Fauche<\/span> fille d&rsquo; Abram-Auguste bourgeois de Neuch\u00e2tel; libraire du roi de Prusse \u00e0 Neuch\u00e2tel, et de Rosalie-Isabelle Reymond, communi\u00e8re de Boveresse, fille d&rsquo;Abram-Henry architecte, bourgeois de Neuch\u00e2tel, et de Doroth\u00e9e-Henriette Besancenet. Louise est n\u00e9e en 1801.<\/p><p>Enfants n\u00e9s et baptis\u00e9s \u00e0 Neuch\u00e2tel:<\/p><ul><li>Sophie Rosalie n\u00e9e le 24 avril 1832, baptis\u00e9e le 9 juillet; parrain: le baron Rudolph von Eichthal, marraine; Sophie von Eichthal s\u0153ur du parrain.<\/li><li>Jules Ernest n\u00e9 le 9 mai 1833, baptis\u00e9 1er juin; parrain: le baron Julius von Eichthal, marraine: Amalia von Eichthal.<\/li><li><span style=\"text-decoration: underline;\">Victor Eug\u00e8ne Sigismond<\/span> n\u00e9 le 17 juin 1835, baptis\u00e9 25 juin; parrain: le baron Simon von Eichthal, de Munich; marraines: Julia baronne von Eichthal femme du parrain et Augusta Leroux n\u00e9e Fauche s\u0153ur de la m\u00e8re de l&rsquo;enfant.<br \/>Eug\u00e8ne sera membre du Tribunal F\u00e9d\u00e9ral, colonel \u00e0 l&rsquo;Etat-Major judiciaire et procureur. Avec son beau-fr\u00e8re, le docteur Louis Guillaume, il \u00e9crit un ouvrage remarquable: \u00ab\u00a0Histoire des f\u00eates de tir en Suisse\u00a0\u00bb et \u00ab\u00a0Le patriote Roessinger, un covasson promis \u00e0 la mort\u00a0\u00bb, dont le manuscrit a h\u00e9las disparu (voir \u00ab\u00a0Feuille d&rsquo;Avis de Neuch\u00e2tel\u00a0\u00bb du 25\/26 mai 1974 <a href=\"http:\/\/www.lexpressarchives.ch\/Olive\/APA\/SwissSNP_Fr\/sharedpages\/SharedView.Page.aspx?sk=559A2B20&amp;href=EXP%2F1974%2F05%2F25&amp;page=21\" target=\"_blank\" rel=\"noopener\"><i class=\"fas fa-external-link-alt\"><\/i><\/a>).<\/li><li>Gustave Charles Auguste n\u00e9 le 1er juin 1843, baptis\u00e9 le 11 juillet; parrain: Gustave Jeanjaquet, de Couvet; marraine: Marianne Elise Mi\u00e9ville.<\/li><\/ul>\t\t\t\t\t\t\t\t<\/div>\n\t\t\t\t<\/div>\n\t\t\t\t<div class=\"elementor-element elementor-element-9acd9b7 elementor-widget elementor-widget-heading\" data-id=\"9acd9b7\" data-element_type=\"widget\" data-e-type=\"widget\" data-widget_type=\"heading.default\">\n\t\t\t\t<div class=\"elementor-widget-container\">\n\t\t\t\t\t<h4 class=\"elementor-heading-title elementor-size-default\">III. Jean-Henry<\/h4>\t\t\t\t<\/div>\n\t\t\t\t<\/div>\n\t\t\t\t<div class=\"elementor-element elementor-element-4384033 elementor-widget elementor-widget-text-editor\" data-id=\"4384033\" data-element_type=\"widget\" data-e-type=\"widget\" data-widget_type=\"text-editor.default\">\n\t\t\t\t<div class=\"elementor-widget-container\">\n\t\t\t\t\t\t\t\t\t<p>fils de Pierre-Abram, de Couvet, bourgeois de Neuch\u00e2tel; baptis\u00e9 \u00e0 Couvet, le 15 II 1761.<\/p><p>Il \u00e9pouse <span style=\"text-decoration: underline;\">Marie-Elizabeth Matthey-Henry<\/span>, fille de Daniel, de La Br\u00e9vine.<\/p><p>Enfants n\u00e9s sur le territoire de Couvet; baptis\u00e9s \u00e0 Couvet:<\/p><ul><li>Daniel-Henry n\u00e9 le 7 nov., baptis\u00e9 le 19 nov. 1791; parrain: son grand-p\u00e8re Daniel Matthey-Henry; marraine: sa grand&rsquo;m\u00e8re Matthey-Henry n\u00e9e Rose-Marie Jacot.<\/li><li>Susanne-Marguerite n\u00e9e le 29 avril 1794, baptis\u00e9e le 10 mai.<\/li><li>Charles-Henry n\u00e9 le 25 mars 1795, baptis\u00e9 le 11 avril. Le fr\u00e8re de son p\u00e8re est son parrain, c&rsquo;est Jean-Pierre Borrel. Sa marraine est la femme de Jean-Pierre: Susanne Simon fille de Pierre, de Mauborget.<\/li><li>Jean-Louis n\u00e9 le 6 juin, baptis\u00e9 le 30 juin 1798; parrain: Jean-Henry Borrel des Riaux; marraine: Madelaine Matthey, femme du parrain.<\/li><li>Fr\u00e9d\u00e9ric Edouard n\u00e9 le 20 f\u00e9vrier 1801, baptis\u00e9 le 8 mars; parrain: David-Fr\u00e9d\u00e9ric Favre-Bulle; marraine: Marianne Matthey-Henry, femme du parrain; oncle et tante de l&rsquo;enfant.<\/li><li><span style=\"text-decoration: underline;\">Fran\u00e7ois-Victor<\/span> n\u00e9 le 3 f\u00e9vrier 1803, baptis\u00e9 le 27 du m\u00eame mois; parrain: Henry Fran\u00e7ois Reymondaz et marraine: Susanne-Marguerite Matthey-Henry; oncle et tante de l&rsquo;enfant<\/li><\/ul>\t\t\t\t\t\t\t\t<\/div>\n\t\t\t\t<\/div>\n\t\t\t\t<div class=\"elementor-element elementor-element-62b2a17 elementor-widget elementor-widget-heading\" data-id=\"62b2a17\" data-element_type=\"widget\" data-e-type=\"widget\" data-widget_type=\"heading.default\">\n\t\t\t\t<div class=\"elementor-widget-container\">\n\t\t\t\t\t<h4 class=\"elementor-heading-title elementor-size-default\">IV. Pierre-Abram<\/h4>\t\t\t\t<\/div>\n\t\t\t\t<\/div>\n\t\t\t\t<div class=\"elementor-element elementor-element-aaf2471 elementor-widget elementor-widget-text-editor\" data-id=\"aaf2471\" data-element_type=\"widget\" data-e-type=\"widget\" data-widget_type=\"text-editor.default\">\n\t\t\t\t<div class=\"elementor-widget-container\">\n\t\t\t\t\t\t\t\t\t<p>fils de Pierre, de Couvet, bgs. de Neuch\u00e2tel. Baptis\u00e9 le 2 mars 1727; il est cit\u00e9 vivant en 1795, dans sa maison du Mont sur Couvet. D\u00e9c\u00e9d\u00e9 vers 1798.<\/p><p>Il \u00e9pouse <span style=\"text-decoration: underline;\">Marie-Esther Jacot-Descombes<\/span> fille de Jean-Jaques, du Locle; bourgeois de Valangin. <\/p><p>Enfants n\u00e9s au Mont et baptis\u00e9s \u00e0 Couvet: <\/p><ul><li>Jean-Pierre baptis\u00e9 le 19 octobre 1755; il \u00e9pousera Susanne Simon fille de Pierre, de Mauborget (VD); dont descendance.<\/li><li>Jean-Louis baptis\u00e9 le 18 septembre 1757.<\/li><li><span style=\"text-decoration: underline;\">Jean-Henry<\/span> baptis\u00e9 le 15 f\u00e9vrier 1761, parrain: Jean-Pierre Borel graveur sur bois \u00e0 la fabrique d&rsquo;indiennes de Couvet; marraine: Jeanne-Marie Jacot-Descombes, sa tante maternelle. Il \u00e9pouse Marie-Elizabeth Matthey-Henry. <\/li><li>Pierre-Henry baptis\u00e9 le 21 juillet 1763, parrain: Pierre-David Borrel, son cousin. Pierre-Henry \u00e9pousera Esabeau Petitpierre, fille de Josu\u00e9, de Couvet; dont descendance. <\/li><li>Marie-Marguerite baptis\u00e9e le 21 avril 1765.\u00a0<\/li><li>Abram-Henry baptis\u00e9 le 11 mai 1766; il \u00e9pousera Marie Henriette Vaucher fille de Jean-Frederich, de Fleurier; dont descendance.<\/li><li>Abram-Louis baptis\u00e9 le 20 septembre 1767; marraine: Judith fille de Jean Borel, fr\u00e8re du p\u00e8re.<\/li><\/ul>\t\t\t\t\t\t\t\t<\/div>\n\t\t\t\t<\/div>\n\t\t\t\t<div class=\"elementor-element elementor-element-f5ba307 elementor-widget elementor-widget-heading\" data-id=\"f5ba307\" data-element_type=\"widget\" data-e-type=\"widget\" data-widget_type=\"heading.default\">\n\t\t\t\t<div class=\"elementor-widget-container\">\n\t\t\t\t\t<h4 class=\"elementor-heading-title elementor-size-default\">V. Pierre Borrel du Mont<\/h4>\t\t\t\t<\/div>\n\t\t\t\t<\/div>\n\t\t\t\t<div class=\"elementor-element elementor-element-62b4e47 elementor-widget elementor-widget-text-editor\" data-id=\"62b4e47\" data-element_type=\"widget\" data-e-type=\"widget\" data-widget_type=\"text-editor.default\">\n\t\t\t\t<div class=\"elementor-widget-container\">\n\t\t\t\t\t\t\t\t\t<p>fils de Jean, de Couvet, bourgeois de Neuch\u00e2tel, le justicier. N\u00e9 vers 1685\u20131687; sa Premi\u00e8re Communion en 1703, au temple de Couvet. En 1736, passe une reconnaissance personnelle o\u00f9 il est cit\u00e9 avec Jean-Jaques son fr\u00e8re ainsi que Susanne Marie leur s\u0153ur. Il vit sur \u00ab\u00a0Le Mont\u00a0\u00bb. A Couvet, le 18 avril 1711, il \u00e9pouse <span style=\"text-decoration: underline;\">Marie-Magdelaine Jeannet<\/span> fille de feu Jean-Jonas, de Rosi\u00e8res, le justicier de Travers. Elle meurt \u00e0 l&rsquo;\u00e2ge approximatif de 77 ans, et est enterr\u00e9e le 21 avril 1766. Leurs enfants ont \u00e9t\u00e9 baptis\u00e9s \u00e0 Couvet; ils sont:<\/p><ul><li>Jean baptis\u00e9 le 14 mai 1712. Lors de l&rsquo;inscription au registre des bapt\u00eames, le pasteur note:<em> .. il a \u00e9t\u00e9 ordonn\u00e9 qu&rsquo;on marqueroit aussi le nom de la m\u00e8re aussi bien que celui du p\u00e8re<\/em>. parrain: Jean-Jaques Borel fr\u00e8re du p\u00e8re, et marraine: Jeanne-Marie Borel femme du parrain. <\/li><li>Marie-Marguerite baptis\u00e9e le 22 avril 1714.<\/li><li>Susanne-Marie baptis\u00e9e le 12 d\u00e9cembre 1717.<\/li><li>Judith baptis\u00e9e le 8 septembre 1720.<\/li><li>Marguerite baptis\u00e9e le 24 octobre 1723.<\/li><li><span style=\"text-decoration: underline;\">Pierre-Abram<\/span> baptis\u00e9 le 2 mars 1727.<\/li><li>Jaques baptis\u00e9 le 12 novembre 1730 et dont le parrain est Jean-Jaques Borrel son oncle c\u00f4t\u00e9 paternel et la marraine, tante Elizabeth Berthoud du Four, femme du parrain.<\/li><li>Jeanne-Marguerite baptis\u00e9e le 27 juillet 1732.<\/li><\/ul>\t\t\t\t\t\t\t\t<\/div>\n\t\t\t\t<\/div>\n\t\t\t\t<div class=\"elementor-element elementor-element-ad436a7 elementor-widget elementor-widget-heading\" data-id=\"ad436a7\" data-element_type=\"widget\" data-e-type=\"widget\" data-widget_type=\"heading.default\">\n\t\t\t\t<div class=\"elementor-widget-container\">\n\t\t\t\t\t<h4 class=\"elementor-heading-title elementor-size-default\">VI. Jean Borrel du Mont<\/h4>\t\t\t\t<\/div>\n\t\t\t\t<\/div>\n\t\t\t\t<div class=\"elementor-element elementor-element-cd50fa0 elementor-widget elementor-widget-text-editor\" data-id=\"cd50fa0\" data-element_type=\"widget\" data-e-type=\"widget\" data-widget_type=\"text-editor.default\">\n\t\t\t\t<div class=\"elementor-widget-container\">\n\t\t\t\t\t\t\t\t\t<p>fils d&rsquo;Anthoyne, de Couvet, bourgeois de Neuch\u00e2tel. Justicier en la justice du Vauxtravers. Habite Au Mont sur l&rsquo;h\u00e9ritage familial. II mourra vers 1711. Le 15 juin 1692, Jean vend une terre sise au Mont \u00e0 son fr\u00e8re Pierre (voir acte concernant Jean Borrel chez Abram Jeanjaquet notaire \u00e0 Couvet, dat\u00e9 du 18 janvier 1677; voir \u00e9galement chez Borel Guillamet notaire: acte du 18 mars 1680). Jean Borrel du Mont \u00e9pouse <span style=\"text-decoration: underline;\">Marguerite Berthoud du Four<\/span> de Plancemont. Dite veuve \u00e0 la date du 3 mars 1703, elle habite au Mont sur Couvet avec ses enfants Pierre, Jean-Jaques et Susanne-Marie.<\/p>\t\t\t\t\t\t\t\t<\/div>\n\t\t\t\t<\/div>\n\t\t\t\t<div class=\"elementor-element elementor-element-972b8be elementor-widget elementor-widget-heading\" data-id=\"972b8be\" data-element_type=\"widget\" data-e-type=\"widget\" data-widget_type=\"heading.default\">\n\t\t\t\t<div class=\"elementor-widget-container\">\n\t\t\t\t\t<h4 class=\"elementor-heading-title elementor-size-default\">VII. Anthoyne Borrel<\/h4>\t\t\t\t<\/div>\n\t\t\t\t<\/div>\n\t\t\t\t<div class=\"elementor-element elementor-element-c9b8e92 elementor-widget elementor-widget-text-editor\" data-id=\"c9b8e92\" data-element_type=\"widget\" data-e-type=\"widget\" data-widget_type=\"text-editor.default\">\n\t\t\t\t<div class=\"elementor-widget-container\">\n\t\t\t\t\t\t\t\t\t<p>fils de Pierre IV fils d&rsquo;un autre Antoine lui-m\u00eame fils d&rsquo;Estevenin fils de Petitjaquet fils de Pierre III fils de Pierre II fils de Pierre I fils de Valch\u00e9rius.<\/p><p>Antoine, habitant au Mont, fait baptiser \u00e0 M\u00f4tiers, le 21 mars 1654, sa fille Elizabeth, que lui a donn\u00e9 <span style=\"text-decoration: underline;\">Susanne Borrel-Petitjaquet<\/span>, fille de Jean fils de Guillaume, de Couvet, sa femme. Susanne, veuve, le 25 mai 1657, s&rsquo;appensionne avec ses enfants, soit Pierre qui est majeur, Jean, en bas \u00e2ge, Jaques aussi en bas \u00e2ge, Marguerite \u00e9pouse de Pierre Favre, de Couvet, ma\u00eetre ma\u00e7on, et Madelaine \u00e9pouse de Pierre fils d&rsquo;Antoine Dubied, de Couvet; cette Madelaine est aussi dite femme d&rsquo;Anthoyne Borrel-Jehangoz.<\/p><p>Les fils de feu Antoine et de sa veuve Susanne, \u00e0 la date du 11 f\u00e9vrier 1659, h\u00e9ritent d&rsquo;une demi-maison sise au Mont; les filles re\u00e7oivent les terres de Montbrenin. Le 2 ao\u00fbt 1660, les biens personnels de Susanne doivent \u00eatre vendus pour payer les dettes de son d\u00e9funt mari.<\/p>\t\t\t\t\t\t\t\t<\/div>\n\t\t\t\t<\/div>\n\t\t\t\t\t<\/div>\n\t\t<\/div>\n\t\t\t\t\t<\/div>\n\t\t<\/section>\n\t\t\t\t<section class=\"elementor-section elementor-top-section elementor-element elementor-element-ceeba04 elementor-section-boxed elementor-section-height-default elementor-section-height-default\" data-id=\"ceeba04\" data-element_type=\"section\" data-e-type=\"section\">\n\t\t\t\t\t\t<div class=\"elementor-container elementor-column-gap-default\">\n\t\t\t\t\t<div class=\"elementor-column elementor-col-100 elementor-top-column elementor-element elementor-element-6394794f\" data-id=\"6394794f\" data-element_type=\"column\" data-e-type=\"column\">\n\t\t\t<div class=\"elementor-widget-wrap elementor-element-populated\">\n\t\t\t\t\t\t<div class=\"elementor-element elementor-element-000e6e9 elementor-widget elementor-widget-image\" data-id=\"000e6e9\" data-element_type=\"widget\" data-e-type=\"widget\" data-widget_type=\"image.default\">\n\t\t\t\t<div class=\"elementor-widget-container\">\n\t\t\t\t\t\t\t\t\t\t\t\t<figure class=\"wp-caption\">\n\t\t\t\t\t\t\t\t\t\t<img fetchpriority=\"high\" decoding=\"async\" width=\"755\" height=\"743\" src=\"https:\/\/www.sngenealogie.ch\/wp\/wp-content\/uploads\/bul-22-blason-borel.jpg\" class=\"attachment-large size-large wp-image-8073\" alt=\"\" srcset=\"https:\/\/www.sngenealogie.ch\/wp\/wp-content\/uploads\/bul-22-blason-borel.jpg 755w, https:\/\/www.sngenealogie.ch\/wp\/wp-content\/uploads\/bul-22-blason-borel-300x295.jpg 300w\" sizes=\"(max-width: 755px) 100vw, 755px\" \/>\t\t\t\t\t\t\t\t\t\t\t<figcaption class=\"widget-image-caption wp-caption-text\">Jacques de Rougemont, blason de la famille Borel XVIII\u00e8me si\u00e8cle communi\u00e8re de Couvet, bourgeoise de Neuch\u00e2tel<\/figcaption>\n\t\t\t\t\t\t\t\t\t\t<\/figure>\n\t\t\t\t\t\t\t\t\t<\/div>\n\t\t\t\t<\/div>\n\t\t\t\t\t<\/div>\n\t\t<\/div>\n\t\t\t\t\t<\/div>\n\t\t<\/section>\n\t\t\t\t<section class=\"elementor-section elementor-top-section elementor-element elementor-element-3cc9af5 elementor-section-boxed elementor-section-height-default elementor-section-height-default\" data-id=\"3cc9af5\" data-element_type=\"section\" data-e-type=\"section\">\n\t\t\t\t\t\t<div class=\"elementor-container elementor-column-gap-default\">\n\t\t\t\t\t<div class=\"elementor-column elementor-col-100 elementor-top-column elementor-element elementor-element-1704793d\" data-id=\"1704793d\" data-element_type=\"column\" data-e-type=\"column\">\n\t\t\t<div class=\"elementor-widget-wrap elementor-element-populated\">\n\t\t\t\t\t\t<div class=\"elementor-element elementor-element-5302e703 content-align-cta-default elementor-widget elementor-widget-eael-cta-box\" data-id=\"5302e703\" data-element_type=\"widget\" data-e-type=\"widget\" data-widget_type=\"eael-cta-box.default\">\n\t\t\t\t<div class=\"elementor-widget-container\">\n\t\t\t\t\t\t\t<div class=\"eael-call-to-action cta-basic bg-lite cta-preset-1\">\n        <h2 class=\"title eael-cta-heading\">Famille Borel<\/h2><p>La biographie de la famille Borel a paru dans le bulletin 21<\/p><a href=\"https:\/\/www.sngenealogie.ch\/wp\/bulletins\/bulletin-21\/famille-borel-de-plancemont\/\" class=\"cta-button cta-preset-1  \">Article<\/a>\t<\/div>\n\t\t\t\t\t\t\t\t<\/div>\n\t\t\t\t<\/div>\n\t\t\t\t\t<\/div>\n\t\t<\/div>\n\t\t\t\t\t<\/div>\n\t\t<\/section>\n\t\t\t\t<section class=\"elementor-section elementor-top-section elementor-element elementor-element-394a1564 elementor-section-boxed elementor-section-height-default elementor-section-height-default\" data-id=\"394a1564\" data-element_type=\"section\" data-e-type=\"section\">\n\t\t\t\t\t\t<div class=\"elementor-container elementor-column-gap-default\">\n\t\t\t\t\t<div class=\"elementor-column elementor-col-33 elementor-top-column elementor-element elementor-element-2e538c5c\" data-id=\"2e538c5c\" data-element_type=\"column\" data-e-type=\"column\">\n\t\t\t<div class=\"elementor-widget-wrap elementor-element-populated\">\n\t\t\t\t\t\t<div class=\"elementor-element elementor-element-824257a elementor-widget elementor-widget-button\" data-id=\"824257a\" data-element_type=\"widget\" data-e-type=\"widget\" data-widget_type=\"button.default\">\n\t\t\t\t<div class=\"elementor-widget-container\">\n\t\t\t\t\t\t\t\t\t<div class=\"elementor-button-wrapper\">\n\t\t\t\t\t<a class=\"elementor-button elementor-button-link elementor-size-sm\" href=\"https:\/\/www.sngenealogie.ch\/wp\/bulletins\/bulletin-22\/president-bulletin-22\/\">\n\t\t\t\t\t\t<span class=\"elementor-button-content-wrapper\">\n\t\t\t\t\t\t<span class=\"elementor-button-icon\">\n\t\t\t\t<i aria-hidden=\"true\" class=\"fas fa-arrow-left\"><\/i>\t\t\t<\/span>\n\t\t\t\t\t\t\t\t\t<span class=\"elementor-button-text\">Article pr\u00e9c\u00e9dent<\/span>\n\t\t\t\t\t<\/span>\n\t\t\t\t\t<\/a>\n\t\t\t\t<\/div>\n\t\t\t\t\t\t\t\t<\/div>\n\t\t\t\t<\/div>\n\t\t\t\t\t<\/div>\n\t\t<\/div>\n\t\t\t\t<div class=\"elementor-column elementor-col-33 elementor-top-column elementor-element elementor-element-99cc7f\" data-id=\"99cc7f\" data-element_type=\"column\" data-e-type=\"column\">\n\t\t\t<div class=\"elementor-widget-wrap elementor-element-populated\">\n\t\t\t\t\t\t<div class=\"elementor-element elementor-element-7414bc44 elementor-align-center elementor-widget elementor-widget-button\" data-id=\"7414bc44\" data-element_type=\"widget\" data-e-type=\"widget\" data-widget_type=\"button.default\">\n\t\t\t\t<div class=\"elementor-widget-container\">\n\t\t\t\t\t\t\t\t\t<div class=\"elementor-button-wrapper\">\n\t\t\t\t\t<a class=\"elementor-button elementor-button-link elementor-size-sm\" href=\"https:\/\/www.sngenealogie.ch\/wp\/bulletins\/bulletin-22\/\">\n\t\t\t\t\t\t<span class=\"elementor-button-content-wrapper\">\n\t\t\t\t\t\t<span class=\"elementor-button-icon\">\n\t\t\t\t<i aria-hidden=\"true\" class=\"fas fa-arrow-up\"><\/i>\t\t\t<\/span>\n\t\t\t\t\t\t\t\t\t<span class=\"elementor-button-text\">Bulletin 22<\/span>\n\t\t\t\t\t<\/span>\n\t\t\t\t\t<\/a>\n\t\t\t\t<\/div>\n\t\t\t\t\t\t\t\t<\/div>\n\t\t\t\t<\/div>\n\t\t\t\t\t<\/div>\n\t\t<\/div>\n\t\t\t\t<div class=\"elementor-column elementor-col-33 elementor-top-column elementor-element elementor-element-35e0edd6\" data-id=\"35e0edd6\" data-element_type=\"column\" data-e-type=\"column\">\n\t\t\t<div class=\"elementor-widget-wrap elementor-element-populated\">\n\t\t\t\t\t\t<div class=\"elementor-element elementor-element-4febe7b0 elementor-align-right elementor-widget elementor-widget-button\" data-id=\"4febe7b0\" data-element_type=\"widget\" data-e-type=\"widget\" data-widget_type=\"button.default\">\n\t\t\t\t<div class=\"elementor-widget-container\">\n\t\t\t\t\t\t\t\t\t<div class=\"elementor-button-wrapper\">\n\t\t\t\t\t<a class=\"elementor-button elementor-button-link elementor-size-sm\" href=\"https:\/\/www.sngenealogie.ch\/wp\/bulletins\/bulletin-22\/repeuplement-alsace\/\">\n\t\t\t\t\t\t<span class=\"elementor-button-content-wrapper\">\n\t\t\t\t\t\t<span class=\"elementor-button-icon\">\n\t\t\t\t<i aria-hidden=\"true\" class=\"fas fa-arrow-right\"><\/i>\t\t\t<\/span>\n\t\t\t\t\t\t\t\t\t<span class=\"elementor-button-text\">Article suivant<\/span>\n\t\t\t\t\t<\/span>\n\t\t\t\t\t<\/a>\n\t\t\t\t<\/div>\n\t\t\t\t\t\t\t\t<\/div>\n\t\t\t\t<\/div>\n\t\t\t\t\t<\/div>\n\t\t<\/div>\n\t\t\t\t\t<\/div>\n\t\t<\/section>\n\t\t\t\t<\/div>\n\t\t","protected":false},"excerpt":{"rendered":"<p>Bulletin 22 \/ 2004 Eug\u00e8ne Borel (1835-1892) Le Covasson Eug\u00e8ne Borel, conseiller d&rsquo;Etat, conseiller f\u00e9d\u00e9ral et directeur de l&rsquo;Union postale [&hellip;]<\/p>\n","protected":false},"author":1,"featured_media":0,"parent":2798,"menu_order":0,"comment_status":"closed","ping_status":"closed","template":"","meta":{"site-sidebar-layout":"no-sidebar","site-content-layout":"page-builder","ast-site-content-layout":"default","site-content-style":"default","site-sidebar-style":"default","ast-global-header-display":"","ast-banner-title-visibility":"","ast-main-header-display":"","ast-hfb-above-header-display":"","ast-hfb-below-header-display":"","ast-hfb-mobile-header-display":"","site-post-title":"disabled","ast-breadcrumbs-content":"","ast-featured-img":"disabled","footer-sml-layout":"","ast-disable-related-posts":"","theme-transparent-header-meta":"default","adv-header-id-meta":"","stick-header-meta":"","header-above-stick-meta":"","header-main-stick-meta":"","header-below-stick-meta":"","astra-migrate-meta-layouts":"default","ast-page-background-enabled":"default","ast-page-background-meta":{"desktop":{"background-color":"","background-image":"","background-repeat":"repeat","background-position":"center center","background-size":"auto","background-attachment":"scroll","background-type":"","background-media":"","overlay-type":"","overlay-color":"","overlay-opacity":"","overlay-gradient":""},"tablet":{"background-color":"","background-image":"","background-repeat":"repeat","background-position":"center center","background-size":"auto","background-attachment":"scroll","background-type":"","background-media":"","overlay-type":"","overlay-color":"","overlay-opacity":"","overlay-gradient":""},"mobile":{"background-color":"","background-image":"","background-repeat":"repeat","background-position":"center center","background-size":"auto","background-attachment":"scroll","background-type":"","background-media":"","overlay-type":"","overlay-color":"","overlay-opacity":"","overlay-gradient":""}},"ast-content-background-meta":{"desktop":{"background-color":"var(--ast-global-color-5)","background-image":"","background-repeat":"repeat","background-position":"center center","background-size":"auto","background-attachment":"scroll","background-type":"","background-media":"","overlay-type":"","overlay-color":"","overlay-opacity":"","overlay-gradient":""},"tablet":{"background-color":"var(--ast-global-color-5)","background-image":"","background-repeat":"repeat","background-position":"center center","background-size":"auto","background-attachment":"scroll","background-type":"","background-media":"","overlay-type":"","overlay-color":"","overlay-opacity":"","overlay-gradient":""},"mobile":{"background-color":"var(--ast-global-color-5)","background-image":"","background-repeat":"repeat","background-position":"center center","background-size":"auto","background-attachment":"scroll","background-type":"","background-media":"","overlay-type":"","overlay-color":"","overlay-opacity":"","overlay-gradient":""}},"footnotes":""},"wf_page_folders":[39],"class_list":["post-8071","page","type-page","status-publish","hentry"],"_links":{"self":[{"href":"https:\/\/www.sngenealogie.ch\/wp\/wp-json\/wp\/v2\/pages\/8071","targetHints":{"allow":["GET"]}}],"collection":[{"href":"https:\/\/www.sngenealogie.ch\/wp\/wp-json\/wp\/v2\/pages"}],"about":[{"href":"https:\/\/www.sngenealogie.ch\/wp\/wp-json\/wp\/v2\/types\/page"}],"author":[{"embeddable":true,"href":"https:\/\/www.sngenealogie.ch\/wp\/wp-json\/wp\/v2\/users\/1"}],"replies":[{"embeddable":true,"href":"https:\/\/www.sngenealogie.ch\/wp\/wp-json\/wp\/v2\/comments?post=8071"}],"version-history":[{"count":11,"href":"https:\/\/www.sngenealogie.ch\/wp\/wp-json\/wp\/v2\/pages\/8071\/revisions"}],"predecessor-version":[{"id":8134,"href":"https:\/\/www.sngenealogie.ch\/wp\/wp-json\/wp\/v2\/pages\/8071\/revisions\/8134"}],"up":[{"embeddable":true,"href":"https:\/\/www.sngenealogie.ch\/wp\/wp-json\/wp\/v2\/pages\/2798"}],"wp:attachment":[{"href":"https:\/\/www.sngenealogie.ch\/wp\/wp-json\/wp\/v2\/media?parent=8071"}],"wp:term":[{"taxonomy":"wf_page_folders","embeddable":true,"href":"https:\/\/www.sngenealogie.ch\/wp\/wp-json\/wp\/v2\/wf_page_folders?post=8071"}],"curies":[{"name":"wp","href":"https:\/\/api.w.org\/{rel}","templated":true}]}}