{"id":8229,"date":"2021-07-25T10:47:23","date_gmt":"2021-07-25T08:47:23","guid":{"rendered":"https:\/\/www.sngenealogie.ch\/wp\/?page_id=8229"},"modified":"2021-07-25T17:47:15","modified_gmt":"2021-07-25T15:47:15","slug":"disette-boudry-1816","status":"publish","type":"page","link":"https:\/\/www.sngenealogie.ch\/wp\/bulletins\/bulletin-23\/disette-boudry-1816\/","title":{"rendered":"Disette Boudry 1816"},"content":{"rendered":"\t\t<div data-elementor-type=\"wp-page\" data-elementor-id=\"8229\" class=\"elementor elementor-8229\">\n\t\t\t\t\t\t<section class=\"elementor-section elementor-top-section elementor-element elementor-element-6c184fb4 elementor-section-boxed elementor-section-height-default elementor-section-height-default\" data-id=\"6c184fb4\" data-element_type=\"section\" data-e-type=\"section\" data-settings=\"{&quot;background_background&quot;:&quot;gradient&quot;}\">\n\t\t\t\t\t\t<div class=\"elementor-container elementor-column-gap-no\">\n\t\t\t\t\t<div class=\"elementor-column elementor-col-100 elementor-top-column elementor-element elementor-element-3c4f2430\" data-id=\"3c4f2430\" data-element_type=\"column\" data-e-type=\"column\">\n\t\t\t<div class=\"elementor-widget-wrap elementor-element-populated\">\n\t\t\t\t\t\t<div class=\"elementor-element elementor-element-28a7be6c elementor-widget elementor-widget-heading\" data-id=\"28a7be6c\" data-element_type=\"widget\" data-e-type=\"widget\" data-widget_type=\"heading.default\">\n\t\t\t\t<div class=\"elementor-widget-container\">\n\t\t\t\t\t<h5 class=\"elementor-heading-title elementor-size-default\">Bulletin 23 \/ 2004<\/h5>\t\t\t\t<\/div>\n\t\t\t\t<\/div>\n\t\t\t\t<div class=\"elementor-element elementor-element-64b397dc elementor-widget elementor-widget-heading\" data-id=\"64b397dc\" data-element_type=\"widget\" data-e-type=\"widget\" data-widget_type=\"heading.default\">\n\t\t\t\t<div class=\"elementor-widget-container\">\n\t\t\t\t\t<h1 class=\"elementor-heading-title elementor-size-default\">La disette \u00e0 Boudry en 1816<\/h1>\t\t\t\t<\/div>\n\t\t\t\t<\/div>\n\t\t\t\t\t<\/div>\n\t\t<\/div>\n\t\t\t\t\t<\/div>\n\t\t<\/section>\n\t\t\t\t<section class=\"elementor-section elementor-top-section elementor-element elementor-element-187d1c15 elementor-section-boxed elementor-section-height-default elementor-section-height-default\" data-id=\"187d1c15\" data-element_type=\"section\" data-e-type=\"section\">\n\t\t\t\t\t\t<div class=\"elementor-container elementor-column-gap-default\">\n\t\t\t\t\t<div class=\"elementor-column elementor-col-100 elementor-top-column elementor-element elementor-element-6539d444\" data-id=\"6539d444\" data-element_type=\"column\" data-e-type=\"column\">\n\t\t\t<div class=\"elementor-widget-wrap elementor-element-populated\">\n\t\t\t\t\t\t<div class=\"elementor-element elementor-element-8457048 elementor-widget elementor-widget-heading\" data-id=\"8457048\" data-element_type=\"widget\" data-e-type=\"widget\" data-widget_type=\"heading.default\">\n\t\t\t\t<div class=\"elementor-widget-container\">\n\t\t\t\t\t<h4 class=\"elementor-heading-title elementor-size-default\">par Jean-Yves Barbier<\/h4>\t\t\t\t<\/div>\n\t\t\t\t<\/div>\n\t\t\t\t<div class=\"elementor-element elementor-element-e7770b6 elementor-widget elementor-widget-spacer\" data-id=\"e7770b6\" data-element_type=\"widget\" data-e-type=\"widget\" data-widget_type=\"spacer.default\">\n\t\t\t\t<div class=\"elementor-widget-container\">\n\t\t\t\t\t\t\t<div class=\"elementor-spacer\">\n\t\t\t<div class=\"elementor-spacer-inner\"><\/div>\n\t\t<\/div>\n\t\t\t\t\t\t<\/div>\n\t\t\t\t<\/div>\n\t\t\t\t<div class=\"elementor-element elementor-element-4d49286 elementor-widget elementor-widget-text-editor\" data-id=\"4d49286\" data-element_type=\"widget\" data-e-type=\"widget\" data-widget_type=\"text-editor.default\">\n\t\t\t\t<div class=\"elementor-widget-container\">\n\t\t\t\t\t\t\t\t\t<p>Dans son livre \u00ab\u00a0Boudry pour la petite histoire\u00a0\u00bb paru aux Editions du Corban en 1993 \u00e0 l&rsquo;occasion du 650\u00e8me anniversaire de la Charte de Franchises octroy\u00e9es \u00e0 la ville de Boudry par le comte Louis, seigneur de Neuch\u00e2tel, l&rsquo;historien Pierre-Henri B\u00e9guin, note aussi \u00e0 sa mani\u00e8re enlev\u00e9e, pour l&rsquo;ann\u00e9e 1816 sous le titre \u00a0\u00bb A grandes eaux, petits vins\u00a0\u00bb:<\/p><p>\u00ab\u00a0Inutile de chercher un haricot \u00e0 Boudry en cet \u00e9t\u00e9 de 1816: les champs, les jardins, les caves, tout \u00e9tait sous l&rsquo;eau. Depuis le d\u00e9but de l&rsquo;ann\u00e9e, la pluie, torrentielle, ne d\u00e9sarmait pas. Pour comble, un froid persistant aggravait cette calamit\u00e9. Les trois lacs s&rsquo;\u00e9taient rejoints; l&rsquo;Areuse se d\u00e9guisait en Colorado, et on naviguait dans les rues de la ville.<\/p><p>\u00ab\u00a0point de bl\u00e9, point de l\u00e9gumes\u2026\u00a0\u00bb La faim ravagea les chaumi\u00e8res, fl\u00e9au terrible, elle a s\u00e9vi tr\u00e8s r\u00e9guli\u00e8rement en tous temps \u00e0 Boudry, et jusqu&rsquo;\u00e0 la fin du si\u00e8cle pass\u00e9.<\/p><p>Le pasteur Samuel-David Bonh\u00f4te voulut faire une qu\u00eate; en vain: l&rsquo;argent manquait tout autant que les vivres. Le conseil d&rsquo;Etat voulut prendre des mesures \u00e0 grand peine et \u00e0 grand prix; il acheta du bl\u00e9 qu&rsquo;il pensait revendre \u00e0 prix raisonnable. On n&rsquo;acheta rien, faute d&rsquo;argent et l&rsquo;Etat se mit dans les dettes. \u2026 Il lui fallut donner le bl\u00e9.<\/p><p>La faim. Le froid. Et la pluie sans discontinuer. Ce fut la disette la plus terrible de tout le si\u00e8cle\u2026 Les prix mont\u00e8rent en fl\u00e8che: le froment passa de 22 batzs \u00e0 76 batz pour une \u00e9mine! Le 30 octobre, on n&rsquo;avait encore rien pu vendanger, la calamit\u00e9 devenait catastrophe. Claude Bovet-Fels n&rsquo;y tint plus; ce directeur de la fabrique d&rsquo;indiennes convoquait ce jour-l\u00e0 une assembl\u00e9e en la Maison de Ville; il voulait conjurer de telles disettes en cr\u00e9ant un grenier pour tout le littoral. Dans le ch\u00e2teau de Boudry, par exemple. Mais il \u00e9choua; les autres communes ne purent accepter que Boudry e\u00fbt, seule, cet honneur! Qu&rsquo;\u00e0 cela ne tienne, il mettrait sa fabrique \u00e0 disposition; lui-m\u00eame, il partirait \u00e0 Mayence pour acheter du bl\u00e9 moins cher\u2026 Cette magnifique g\u00e9n\u00e9rosit\u00e9 ne fut pas couronn\u00e9e de succ\u00e8s; il eut mille ennuis et quand, enfin, il put livrer le bl\u00e9, la disette \u00e9tait termin\u00e9e\u2026<\/p><p>La neige inaugura le mois de novembre. Ce fut alors, sous de tr\u00e8s fortes gel\u00e9es qu&rsquo;on vendangea quelques vignes\u2026 Les grappes cr\u00e9pitaient en tombant dans les gerles; on les \u00e9crasait avec des serpes ou des haches! Le vin qu&rsquo;on en tira\u2026 une bibine \u00e0 vous flanquer des ulc\u00e8res.<\/p><p>A la fin de l&rsquo;hiver seulement, le niveau des eaux baissa. Au mois de janvier, un redoux exceptionnel allait permettre\u2026 de moissonner le bl\u00e9! Le pain fut aussi gastronomique que le vin\u2026<\/p><p>La disette touchait \u00e0 sa fin, on remangeait \u00e0 sa faim. Mais l&rsquo;Etat \u00e9tait perclus de dettes. Un sauveur fut alors pressenti: le roi de Prusse! Apr\u00e8s tout, le prince de Neuch\u00e2tel pourrait bien venir au secours de ses fid\u00e8les sujets! On oubliait \u00e9videmment un peu que, si un subside royal \u00e9tait allou\u00e9, il devrait, n\u00e9cessairement, \u00eatre compens\u00e9, apr\u00e8s, par un imp\u00f4t extraordinaire. Or, au cours des \u00e2ges, les bourgeois ne manqu\u00e8rent jamais une occasion de brandir leur Charte de Franchises pour refuser tout imp\u00f4t nouveau! <\/p><p>La r\u00e9ponse du roi de Prusse fut cinglante comme un coup de serpe dans un raisin gel\u00e9: -\u00ab\u00a0<em>\u2026 n&rsquo;ayant pas le droit de lever un imp\u00f4t extraordinaire<\/em>\u00ab\u00a0, il \u00ab\u00a0.<em>.. ne saurait donc contribuer de ses caisses \u00e0 ces d\u00e9penses impr\u00e9vues<\/em>\u00ab\u00a0! Et toc!\u00a0\u00bb<\/p><p><strong>Mon propre anc\u00eatre, Aim\u00e9 Barbier, bourgeois de Boudry, alors \u00e2g\u00e9 de 33 ans, quitta sa ville natale et \u00e9migra dans la r\u00e9gion lyonnaise o\u00f9 il f\u00eet souche.<\/strong><\/p>\t\t\t\t\t\t\t\t<\/div>\n\t\t\t\t<\/div>\n\t\t\t\t\t<\/div>\n\t\t<\/div>\n\t\t\t\t\t<\/div>\n\t\t<\/section>\n\t\t\t\t<section class=\"elementor-section elementor-top-section elementor-element elementor-element-394a1564 elementor-section-boxed elementor-section-height-default elementor-section-height-default\" data-id=\"394a1564\" data-element_type=\"section\" data-e-type=\"section\">\n\t\t\t\t\t\t<div class=\"elementor-container elementor-column-gap-default\">\n\t\t\t\t\t<div class=\"elementor-column elementor-col-33 elementor-top-column elementor-element elementor-element-2e538c5c\" data-id=\"2e538c5c\" data-element_type=\"column\" data-e-type=\"column\">\n\t\t\t<div class=\"elementor-widget-wrap elementor-element-populated\">\n\t\t\t\t\t\t<div class=\"elementor-element elementor-element-824257a elementor-widget elementor-widget-button\" data-id=\"824257a\" data-element_type=\"widget\" data-e-type=\"widget\" data-widget_type=\"button.default\">\n\t\t\t\t<div class=\"elementor-widget-container\">\n\t\t\t\t\t\t\t\t\t<div class=\"elementor-button-wrapper\">\n\t\t\t\t\t<a class=\"elementor-button elementor-button-link elementor-size-sm\" href=\"https:\/\/www.sngenealogie.ch\/wp\/bulletins\/bulletin-23\/exposition-rene-richard-1992\/\">\n\t\t\t\t\t\t<span class=\"elementor-button-content-wrapper\">\n\t\t\t\t\t\t<span class=\"elementor-button-icon\">\n\t\t\t\t<i aria-hidden=\"true\" class=\"fas fa-arrow-left\"><\/i>\t\t\t<\/span>\n\t\t\t\t\t\t\t\t\t<span class=\"elementor-button-text\">Article pr\u00e9c\u00e9dent<\/span>\n\t\t\t\t\t<\/span>\n\t\t\t\t\t<\/a>\n\t\t\t\t<\/div>\n\t\t\t\t\t\t\t\t<\/div>\n\t\t\t\t<\/div>\n\t\t\t\t\t<\/div>\n\t\t<\/div>\n\t\t\t\t<div class=\"elementor-column elementor-col-33 elementor-top-column elementor-element elementor-element-99cc7f\" data-id=\"99cc7f\" data-element_type=\"column\" data-e-type=\"column\">\n\t\t\t<div class=\"elementor-widget-wrap elementor-element-populated\">\n\t\t\t\t\t\t<div class=\"elementor-element elementor-element-7414bc44 elementor-align-center elementor-widget elementor-widget-button\" data-id=\"7414bc44\" data-element_type=\"widget\" data-e-type=\"widget\" data-widget_type=\"button.default\">\n\t\t\t\t<div class=\"elementor-widget-container\">\n\t\t\t\t\t\t\t\t\t<div class=\"elementor-button-wrapper\">\n\t\t\t\t\t<a class=\"elementor-button elementor-button-link elementor-size-sm\" href=\"https:\/\/www.sngenealogie.ch\/wp\/bulletins\/bulletin-23\/\">\n\t\t\t\t\t\t<span class=\"elementor-button-content-wrapper\">\n\t\t\t\t\t\t<span class=\"elementor-button-icon\">\n\t\t\t\t<i aria-hidden=\"true\" class=\"fas fa-arrow-up\"><\/i>\t\t\t<\/span>\n\t\t\t\t\t\t\t\t\t<span class=\"elementor-button-text\">Bulletin 23<\/span>\n\t\t\t\t\t<\/span>\n\t\t\t\t\t<\/a>\n\t\t\t\t<\/div>\n\t\t\t\t\t\t\t\t<\/div>\n\t\t\t\t<\/div>\n\t\t\t\t\t<\/div>\n\t\t<\/div>\n\t\t\t\t<div class=\"elementor-column elementor-col-33 elementor-top-column elementor-element elementor-element-35e0edd6\" data-id=\"35e0edd6\" data-element_type=\"column\" data-e-type=\"column\">\n\t\t\t<div class=\"elementor-widget-wrap elementor-element-populated\">\n\t\t\t\t\t\t<div class=\"elementor-element elementor-element-4febe7b0 elementor-align-right elementor-widget elementor-widget-button\" data-id=\"4febe7b0\" data-element_type=\"widget\" data-e-type=\"widget\" data-widget_type=\"button.default\">\n\t\t\t\t<div class=\"elementor-widget-container\">\n\t\t\t\t\t\t\t\t\t<div class=\"elementor-button-wrapper\">\n\t\t\t\t\t<a class=\"elementor-button elementor-button-link elementor-size-sm\" href=\"https:\/\/www.sngenealogie.ch\/wp\/bulletins\/bulletin-23\/famille-roessinger\/\">\n\t\t\t\t\t\t<span class=\"elementor-button-content-wrapper\">\n\t\t\t\t\t\t<span class=\"elementor-button-icon\">\n\t\t\t\t<i aria-hidden=\"true\" class=\"fas fa-arrow-right\"><\/i>\t\t\t<\/span>\n\t\t\t\t\t\t\t\t\t<span class=\"elementor-button-text\">Article suivant<\/span>\n\t\t\t\t\t<\/span>\n\t\t\t\t\t<\/a>\n\t\t\t\t<\/div>\n\t\t\t\t\t\t\t\t<\/div>\n\t\t\t\t<\/div>\n\t\t\t\t\t<\/div>\n\t\t<\/div>\n\t\t\t\t\t<\/div>\n\t\t<\/section>\n\t\t\t\t<\/div>\n\t\t","protected":false},"excerpt":{"rendered":"<p>Bulletin 23 \/ 2004 La disette \u00e0 Boudry en 1816 par Jean-Yves Barbier Dans son livre \u00ab\u00a0Boudry pour la petite [&hellip;]<\/p>\n","protected":false},"author":1,"featured_media":0,"parent":2790,"menu_order":0,"comment_status":"closed","ping_status":"closed","template":"","meta":{"site-sidebar-layout":"no-sidebar","site-content-layout":"page-builder","ast-site-content-layout":"default","site-content-style":"default","site-sidebar-style":"default","ast-global-header-display":"","ast-banner-title-visibility":"","ast-main-header-display":"","ast-hfb-above-header-display":"","ast-hfb-below-header-display":"","ast-hfb-mobile-header-display":"","site-post-title":"disabled","ast-breadcrumbs-content":"","ast-featured-img":"disabled","footer-sml-layout":"","ast-disable-related-posts":"","theme-transparent-header-meta":"default","adv-header-id-meta":"","stick-header-meta":"","header-above-stick-meta":"","header-main-stick-meta":"","header-below-stick-meta":"","astra-migrate-meta-layouts":"default","ast-page-background-enabled":"default","ast-page-background-meta":{"desktop":{"background-color":"","background-image":"","background-repeat":"repeat","background-position":"center center","background-size":"auto","background-attachment":"scroll","background-type":"","background-media":"","overlay-type":"","overlay-color":"","overlay-opacity":"","overlay-gradient":""},"tablet":{"background-color":"","background-image":"","background-repeat":"repeat","background-position":"center center","background-size":"auto","background-attachment":"scroll","background-type":"","background-media":"","overlay-type":"","overlay-color":"","overlay-opacity":"","overlay-gradient":""},"mobile":{"background-color":"","background-image":"","background-repeat":"repeat","background-position":"center center","background-size":"auto","background-attachment":"scroll","background-type":"","background-media":"","overlay-type":"","overlay-color":"","overlay-opacity":"","overlay-gradient":""}},"ast-content-background-meta":{"desktop":{"background-color":"var(--ast-global-color-5)","background-image":"","background-repeat":"repeat","background-position":"center center","background-size":"auto","background-attachment":"scroll","background-type":"","background-media":"","overlay-type":"","overlay-color":"","overlay-opacity":"","overlay-gradient":""},"tablet":{"background-color":"var(--ast-global-color-5)","background-image":"","background-repeat":"repeat","background-position":"center center","background-size":"auto","background-attachment":"scroll","background-type":"","background-media":"","overlay-type":"","overlay-color":"","overlay-opacity":"","overlay-gradient":""},"mobile":{"background-color":"var(--ast-global-color-5)","background-image":"","background-repeat":"repeat","background-position":"center center","background-size":"auto","background-attachment":"scroll","background-type":"","background-media":"","overlay-type":"","overlay-color":"","overlay-opacity":"","overlay-gradient":""}},"footnotes":""},"wf_page_folders":[40],"class_list":["post-8229","page","type-page","status-publish","hentry"],"_links":{"self":[{"href":"https:\/\/www.sngenealogie.ch\/wp\/wp-json\/wp\/v2\/pages\/8229","targetHints":{"allow":["GET"]}}],"collection":[{"href":"https:\/\/www.sngenealogie.ch\/wp\/wp-json\/wp\/v2\/pages"}],"about":[{"href":"https:\/\/www.sngenealogie.ch\/wp\/wp-json\/wp\/v2\/types\/page"}],"author":[{"embeddable":true,"href":"https:\/\/www.sngenealogie.ch\/wp\/wp-json\/wp\/v2\/users\/1"}],"replies":[{"embeddable":true,"href":"https:\/\/www.sngenealogie.ch\/wp\/wp-json\/wp\/v2\/comments?post=8229"}],"version-history":[{"count":8,"href":"https:\/\/www.sngenealogie.ch\/wp\/wp-json\/wp\/v2\/pages\/8229\/revisions"}],"predecessor-version":[{"id":8280,"href":"https:\/\/www.sngenealogie.ch\/wp\/wp-json\/wp\/v2\/pages\/8229\/revisions\/8280"}],"up":[{"embeddable":true,"href":"https:\/\/www.sngenealogie.ch\/wp\/wp-json\/wp\/v2\/pages\/2790"}],"wp:attachment":[{"href":"https:\/\/www.sngenealogie.ch\/wp\/wp-json\/wp\/v2\/media?parent=8229"}],"wp:term":[{"taxonomy":"wf_page_folders","embeddable":true,"href":"https:\/\/www.sngenealogie.ch\/wp\/wp-json\/wp\/v2\/wf_page_folders?post=8229"}],"curies":[{"name":"wp","href":"https:\/\/api.w.org\/{rel}","templated":true}]}}