{"id":8294,"date":"2021-07-25T18:11:06","date_gmt":"2021-07-25T16:11:06","guid":{"rendered":"https:\/\/www.sngenealogie.ch\/wp\/?page_id=8294"},"modified":"2021-07-26T08:47:05","modified_gmt":"2021-07-26T06:47:05","slug":"president-bulletin-24","status":"publish","type":"page","link":"https:\/\/www.sngenealogie.ch\/wp\/bulletins\/bulletin-24\/president-bulletin-24\/","title":{"rendered":"Pr\u00e9sident Bulletin 24"},"content":{"rendered":"\t\t<div data-elementor-type=\"wp-page\" data-elementor-id=\"8294\" class=\"elementor elementor-8294\">\n\t\t\t\t\t\t<section class=\"elementor-section elementor-top-section elementor-element elementor-element-6c184fb4 elementor-section-boxed elementor-section-height-default elementor-section-height-default\" data-id=\"6c184fb4\" data-element_type=\"section\" data-e-type=\"section\" data-settings=\"{&quot;background_background&quot;:&quot;gradient&quot;}\">\n\t\t\t\t\t\t<div class=\"elementor-container elementor-column-gap-no\">\n\t\t\t\t\t<div class=\"elementor-column elementor-col-100 elementor-top-column elementor-element elementor-element-3c4f2430\" data-id=\"3c4f2430\" data-element_type=\"column\" data-e-type=\"column\">\n\t\t\t<div class=\"elementor-widget-wrap elementor-element-populated\">\n\t\t\t\t\t\t<div class=\"elementor-element elementor-element-28a7be6c elementor-widget elementor-widget-heading\" data-id=\"28a7be6c\" data-element_type=\"widget\" data-e-type=\"widget\" data-widget_type=\"heading.default\">\n\t\t\t\t<div class=\"elementor-widget-container\">\n\t\t\t\t\t<h5 class=\"elementor-heading-title elementor-size-default\">Bulletin 24 \/ 2004<\/h5>\t\t\t\t<\/div>\n\t\t\t\t<\/div>\n\t\t\t\t<div class=\"elementor-element elementor-element-64b397dc elementor-widget elementor-widget-heading\" data-id=\"64b397dc\" data-element_type=\"widget\" data-e-type=\"widget\" data-widget_type=\"heading.default\">\n\t\t\t\t<div class=\"elementor-widget-container\">\n\t\t\t\t\t<h1 class=\"elementor-heading-title elementor-size-default\">Le mot du pr\u00e9sident<\/h1>\t\t\t\t<\/div>\n\t\t\t\t<\/div>\n\t\t\t\t\t<\/div>\n\t\t<\/div>\n\t\t\t\t\t<\/div>\n\t\t<\/section>\n\t\t\t\t<section class=\"elementor-section elementor-top-section elementor-element elementor-element-187d1c15 elementor-section-boxed elementor-section-height-default elementor-section-height-default\" data-id=\"187d1c15\" data-element_type=\"section\" data-e-type=\"section\">\n\t\t\t\t\t\t<div class=\"elementor-container elementor-column-gap-default\">\n\t\t\t\t\t<div class=\"elementor-column elementor-col-100 elementor-top-column elementor-element elementor-element-6539d444\" data-id=\"6539d444\" data-element_type=\"column\" data-e-type=\"column\">\n\t\t\t<div class=\"elementor-widget-wrap elementor-element-populated\">\n\t\t\t\t\t\t<div class=\"elementor-element elementor-element-8457048 elementor-widget elementor-widget-heading\" data-id=\"8457048\" data-element_type=\"widget\" data-e-type=\"widget\" data-widget_type=\"heading.default\">\n\t\t\t\t<div class=\"elementor-widget-container\">\n\t\t\t\t\t<h4 class=\"elementor-heading-title elementor-size-default\">par Eric Nussl\u00e9<\/h4>\t\t\t\t<\/div>\n\t\t\t\t<\/div>\n\t\t\t\t<div class=\"elementor-element elementor-element-e7770b6 elementor-widget elementor-widget-spacer\" data-id=\"e7770b6\" data-element_type=\"widget\" data-e-type=\"widget\" data-widget_type=\"spacer.default\">\n\t\t\t\t<div class=\"elementor-widget-container\">\n\t\t\t\t\t\t\t<div class=\"elementor-spacer\">\n\t\t\t<div class=\"elementor-spacer-inner\"><\/div>\n\t\t<\/div>\n\t\t\t\t\t\t<\/div>\n\t\t\t\t<\/div>\n\t\t\t\t<div class=\"elementor-element elementor-element-4d49286 elementor-widget elementor-widget-text-editor\" data-id=\"4d49286\" data-element_type=\"widget\" data-e-type=\"widget\" data-widget_type=\"text-editor.default\">\n\t\t\t\t<div class=\"elementor-widget-container\">\n\t\t\t\t\t\t\t\t\t<p>Un groupement de g\u00e9n\u00e9alogistes amateurs, r\u00e9unis en 1938 sous l\u2019\u00e9gide de la Soci\u00e9t\u00e9 suisse d\u2019\u00e9tudes g\u00e9n\u00e9alogiques fond\u00e9e cinq ans plus t\u00f4t, en cr\u00e9ait la section neuch\u00e2teloise. Devenue une soci\u00e9t\u00e9 autonome lorsque la SSEG cesse d\u2019\u00eatre une association fa\u00eeti\u00e8re au tournant du mill\u00e9naire, la SNG pr\u00e9cise, \u00e0 l\u2019article premier de ses statuts : <em>La Soci\u00e9t\u00e9 neuch\u00e2teloise de g\u00e9n\u00e9alogie est une association r\u00e9gie par les articles 60 et suivants du Code civil suisse. Elle a son si\u00e8ge au domicile de son pr\u00e9sident.<\/em><\/p><p>Pr\u00e9sid\u00e9e depuis plusieurs ann\u00e9es par un g\u00e9n\u00e9alogiste professionnel ayant son propre bureau et dirigeant une fondation d\u2019archives familiales, la SNG compte en outre deux autres professionnels au sein de son comit\u00e9 et autant dans ses rangs. Malgr\u00e9 cette situation qui avait, \u00e0 l\u2019\u00e9poque, aliment\u00e9 la pol\u00e9mique autour du conflit d\u2019int\u00e9r\u00eats entre professionnels et non professionnels, notre Soci\u00e9t\u00e9 avait r\u00e9ussi \u00e0 d\u00e9montrer que la collaboration \u00e9tait non seulement possible mais pouvait m\u00eame \u00eatre profitable \u00e0 l\u2019ensemble des\u00a0 membres.<\/p><p>J\u2019ai subi depuis deux ans des probl\u00e8mes de sant\u00e9 et, d\u00e8s la fin de l\u2019ann\u00e9e derni\u00e8re, j\u2019ai d\u00fb suspendre mon activit\u00e9 pendant de nombreux mois, pour ne retrouver mon rythme de croisi\u00e8re qu\u2019\u00e0 la fin de cette ann\u00e9e-ci. J\u2019ai entretemps renonc\u00e9 \u00e0 mes mandats \u00e0 l\u2019ext\u00e9rieur du canton et, fort d\u2019un nouveau syst\u00e8me de navigation \u00e0 vue et d\u2019un appareil locomoteur \u00e0 nouveau performant, je me consacre d\u00e9sormais \u00e0 des activit\u00e9s professionnelles, associatives et politiques locales.<\/p><p>La Soci\u00e9t\u00e9 neuch\u00e2teloise de g\u00e9n\u00e9alogie a \u00e9galement souffert de cette longue indisponibilit\u00e9, en particulier au niveau de la communication avec les membres. Plusieurs questions et courriers sont demeur\u00e9s sans r\u00e9ponse et le probl\u00e8me du conflit d\u2019int\u00e9r\u00eats a \u00e9t\u00e9 \u00e0 nouveau \u00e9voqu\u00e9, en particulier en raison du fait que le courrier, postal ou \u00e9lectronique, arrivait au bureau du pr\u00e9sident.<\/p><p>Conscient du probl\u00e8me, le comit\u00e9 a r\u00e9agi et pris plusieurs dispositions qui, je l\u2019esp\u00e8re, seront efficaces et satisferont l\u2019ensemble des membres. En effet, si le si\u00e8ge de la Soci\u00e9t\u00e9 neuch\u00e2teloise de g\u00e9n\u00e9alogie reste statutairement au domicile du pr\u00e9sident, ses adresses postale et \u00e9lectronique peuvent parfaitement se trouver ailleurs. Le courrier traditionnel s\u2019adressera dor\u00e9navant \u00e0 Mme Fran\u00e7oise Favre, secr\u00e9taire, et le courrier \u00e9lectronique parviendra directement \u00e0 Monsieur Frainier, r\u00e9dacteur du Bulletin, par ailleurs charg\u00e9 de publier les r\u00e9ponses aux questions \u00e9manant des membres.<\/p><p>A ce sujet, un inventaire des questions demeur\u00e9es en suspens a \u00e9t\u00e9 \u00e9tabli par le comit\u00e9 qui s\u2019engage \u00e0 y r\u00e9pondre dans les meilleurs d\u00e9lais, soit d\u00e8s la publication du prochain Bulletin. Enfin, un moment de discussion a \u00e9t\u00e9 r\u00e9serv\u00e9 au point \u00ab divers et propositions individuelles \u00bb de notre Assembl\u00e9e g\u00e9n\u00e9rale.<\/p><p>Vous trouverez les nouvelles adresses de la Soci\u00e9t\u00e9 neuch\u00e2teloise de g\u00e9n\u00e9alogie en page 3 de couverture, mais je vous laisse \u00e9galement d\u00e9couvrir dans ce Bulletin l\u2019agenda g\u00e9n\u00e9alogique pour l\u2019ann\u00e9e prochaine. Vous trouverez \u00e9galement toutes ces informations sur notre site.<\/p><p>Il ne me reste plus qu\u2019\u00e0 remercier mes coll\u00e8gues du comit\u00e9 de leur efficacit\u00e9 et de leur excellent esprit de coll\u00e9gialit\u00e9 et \u00e0 remercier l\u2019ensemble des membres de sa patience et de sa compr\u00e9hension. J\u2019adresse \u00e0 chacun mes plus cordiales salutations et mes v\u0153ux sinc\u00e8res pour la nouvelle ann\u00e9e.<\/p><p style=\"text-align: right;\">Eric Nussl\u00e9, pr\u00e9sident<\/p>\t\t\t\t\t\t\t\t<\/div>\n\t\t\t\t<\/div>\n\t\t\t\t\t<\/div>\n\t\t<\/div>\n\t\t\t\t\t<\/div>\n\t\t<\/section>\n\t\t\t\t<section class=\"elementor-section elementor-top-section elementor-element elementor-element-394a1564 elementor-section-boxed elementor-section-height-default elementor-section-height-default\" data-id=\"394a1564\" data-element_type=\"section\" data-e-type=\"section\">\n\t\t\t\t\t\t<div class=\"elementor-container elementor-column-gap-default\">\n\t\t\t\t\t<div class=\"elementor-column elementor-col-33 elementor-top-column elementor-element elementor-element-2e538c5c\" data-id=\"2e538c5c\" data-element_type=\"column\" data-e-type=\"column\">\n\t\t\t<div class=\"elementor-widget-wrap elementor-element-populated\">\n\t\t\t\t\t\t<div class=\"elementor-element elementor-element-824257a elementor-widget elementor-widget-button\" data-id=\"824257a\" data-element_type=\"widget\" data-e-type=\"widget\" data-widget_type=\"button.default\">\n\t\t\t\t<div class=\"elementor-widget-container\">\n\t\t\t\t\t\t\t\t\t<div class=\"elementor-button-wrapper\">\n\t\t\t\t\t<a class=\"elementor-button elementor-size-sm\" role=\"button\">\n\t\t\t\t\t\t<span class=\"elementor-button-content-wrapper\">\n\t\t\t\t\t\t<span class=\"elementor-button-icon\">\n\t\t\t\t<i aria-hidden=\"true\" class=\"fas fa-arrow-left\"><\/i>\t\t\t<\/span>\n\t\t\t\t\t\t\t\t\t<span class=\"elementor-button-text\">Article pr\u00e9c\u00e9dent<\/span>\n\t\t\t\t\t<\/span>\n\t\t\t\t\t<\/a>\n\t\t\t\t<\/div>\n\t\t\t\t\t\t\t\t<\/div>\n\t\t\t\t<\/div>\n\t\t\t\t\t<\/div>\n\t\t<\/div>\n\t\t\t\t<div class=\"elementor-column elementor-col-33 elementor-top-column elementor-element elementor-element-99cc7f\" data-id=\"99cc7f\" data-element_type=\"column\" data-e-type=\"column\">\n\t\t\t<div class=\"elementor-widget-wrap elementor-element-populated\">\n\t\t\t\t\t\t<div class=\"elementor-element elementor-element-7414bc44 elementor-align-center elementor-widget elementor-widget-button\" data-id=\"7414bc44\" data-element_type=\"widget\" data-e-type=\"widget\" data-widget_type=\"button.default\">\n\t\t\t\t<div class=\"elementor-widget-container\">\n\t\t\t\t\t\t\t\t\t<div class=\"elementor-button-wrapper\">\n\t\t\t\t\t<a class=\"elementor-button elementor-button-link elementor-size-sm\" href=\"https:\/\/www.sngenealogie.ch\/wp\/bulletins\/bulletin-24\/\">\n\t\t\t\t\t\t<span class=\"elementor-button-content-wrapper\">\n\t\t\t\t\t\t<span class=\"elementor-button-icon\">\n\t\t\t\t<i aria-hidden=\"true\" class=\"fas fa-arrow-up\"><\/i>\t\t\t<\/span>\n\t\t\t\t\t\t\t\t\t<span class=\"elementor-button-text\">Bulletin 24<\/span>\n\t\t\t\t\t<\/span>\n\t\t\t\t\t<\/a>\n\t\t\t\t<\/div>\n\t\t\t\t\t\t\t\t<\/div>\n\t\t\t\t<\/div>\n\t\t\t\t\t<\/div>\n\t\t<\/div>\n\t\t\t\t<div class=\"elementor-column elementor-col-33 elementor-top-column elementor-element elementor-element-35e0edd6\" data-id=\"35e0edd6\" data-element_type=\"column\" data-e-type=\"column\">\n\t\t\t<div class=\"elementor-widget-wrap elementor-element-populated\">\n\t\t\t\t\t\t<div class=\"elementor-element elementor-element-4febe7b0 elementor-align-right elementor-widget elementor-widget-button\" data-id=\"4febe7b0\" data-element_type=\"widget\" data-e-type=\"widget\" data-widget_type=\"button.default\">\n\t\t\t\t<div class=\"elementor-widget-container\">\n\t\t\t\t\t\t\t\t\t<div class=\"elementor-button-wrapper\">\n\t\t\t\t\t<a class=\"elementor-button elementor-button-link elementor-size-sm\" href=\"https:\/\/www.sngenealogie.ch\/wp\/bulletins\/bulletin-24\/branche-de-numa-droz\/\">\n\t\t\t\t\t\t<span class=\"elementor-button-content-wrapper\">\n\t\t\t\t\t\t<span class=\"elementor-button-icon\">\n\t\t\t\t<i aria-hidden=\"true\" class=\"fas fa-arrow-right\"><\/i>\t\t\t<\/span>\n\t\t\t\t\t\t\t\t\t<span class=\"elementor-button-text\">Article suivant<\/span>\n\t\t\t\t\t<\/span>\n\t\t\t\t\t<\/a>\n\t\t\t\t<\/div>\n\t\t\t\t\t\t\t\t<\/div>\n\t\t\t\t<\/div>\n\t\t\t\t\t<\/div>\n\t\t<\/div>\n\t\t\t\t\t<\/div>\n\t\t<\/section>\n\t\t\t\t<\/div>\n\t\t","protected":false},"excerpt":{"rendered":"<p>Bulletin 24 \/ 2004 Le mot du pr\u00e9sident par Eric Nussl\u00e9 Un groupement de g\u00e9n\u00e9alogistes amateurs, r\u00e9unis en 1938 sous [&hellip;]<\/p>\n","protected":false},"author":1,"featured_media":0,"parent":2782,"menu_order":0,"comment_status":"closed","ping_status":"closed","template":"","meta":{"site-sidebar-layout":"no-sidebar","site-content-layout":"page-builder","ast-site-content-layout":"default","site-content-style":"default","site-sidebar-style":"default","ast-global-header-display":"","ast-banner-title-visibility":"","ast-main-header-display":"","ast-hfb-above-header-display":"","ast-hfb-below-header-display":"","ast-hfb-mobile-header-display":"","site-post-title":"disabled","ast-breadcrumbs-content":"","ast-featured-img":"disabled","footer-sml-layout":"","ast-disable-related-posts":"","theme-transparent-header-meta":"default","adv-header-id-meta":"","stick-header-meta":"","header-above-stick-meta":"","header-main-stick-meta":"","header-below-stick-meta":"","astra-migrate-meta-layouts":"default","ast-page-background-enabled":"default","ast-page-background-meta":{"desktop":{"background-color":"","background-image":"","background-repeat":"repeat","background-position":"center center","background-size":"auto","background-attachment":"scroll","background-type":"","background-media":"","overlay-type":"","overlay-color":"","overlay-opacity":"","overlay-gradient":""},"tablet":{"background-color":"","background-image":"","background-repeat":"repeat","background-position":"center center","background-size":"auto","background-attachment":"scroll","background-type":"","background-media":"","overlay-type":"","overlay-color":"","overlay-opacity":"","overlay-gradient":""},"mobile":{"background-color":"","background-image":"","background-repeat":"repeat","background-position":"center center","background-size":"auto","background-attachment":"scroll","background-type":"","background-media":"","overlay-type":"","overlay-color":"","overlay-opacity":"","overlay-gradient":""}},"ast-content-background-meta":{"desktop":{"background-color":"var(--ast-global-color-5)","background-image":"","background-repeat":"repeat","background-position":"center center","background-size":"auto","background-attachment":"scroll","background-type":"","background-media":"","overlay-type":"","overlay-color":"","overlay-opacity":"","overlay-gradient":""},"tablet":{"background-color":"var(--ast-global-color-5)","background-image":"","background-repeat":"repeat","background-position":"center center","background-size":"auto","background-attachment":"scroll","background-type":"","background-media":"","overlay-type":"","overlay-color":"","overlay-opacity":"","overlay-gradient":""},"mobile":{"background-color":"var(--ast-global-color-5)","background-image":"","background-repeat":"repeat","background-position":"center center","background-size":"auto","background-attachment":"scroll","background-type":"","background-media":"","overlay-type":"","overlay-color":"","overlay-opacity":"","overlay-gradient":""}},"footnotes":""},"wf_page_folders":[20],"class_list":["post-8294","page","type-page","status-publish","hentry"],"_links":{"self":[{"href":"https:\/\/www.sngenealogie.ch\/wp\/wp-json\/wp\/v2\/pages\/8294","targetHints":{"allow":["GET"]}}],"collection":[{"href":"https:\/\/www.sngenealogie.ch\/wp\/wp-json\/wp\/v2\/pages"}],"about":[{"href":"https:\/\/www.sngenealogie.ch\/wp\/wp-json\/wp\/v2\/types\/page"}],"author":[{"embeddable":true,"href":"https:\/\/www.sngenealogie.ch\/wp\/wp-json\/wp\/v2\/users\/1"}],"replies":[{"embeddable":true,"href":"https:\/\/www.sngenealogie.ch\/wp\/wp-json\/wp\/v2\/comments?post=8294"}],"version-history":[{"count":8,"href":"https:\/\/www.sngenealogie.ch\/wp\/wp-json\/wp\/v2\/pages\/8294\/revisions"}],"predecessor-version":[{"id":8441,"href":"https:\/\/www.sngenealogie.ch\/wp\/wp-json\/wp\/v2\/pages\/8294\/revisions\/8441"}],"up":[{"embeddable":true,"href":"https:\/\/www.sngenealogie.ch\/wp\/wp-json\/wp\/v2\/pages\/2782"}],"wp:attachment":[{"href":"https:\/\/www.sngenealogie.ch\/wp\/wp-json\/wp\/v2\/media?parent=8294"}],"wp:term":[{"taxonomy":"wf_page_folders","embeddable":true,"href":"https:\/\/www.sngenealogie.ch\/wp\/wp-json\/wp\/v2\/wf_page_folders?post=8294"}],"curies":[{"name":"wp","href":"https:\/\/api.w.org\/{rel}","templated":true}]}}