{"id":8555,"date":"2021-07-27T08:25:06","date_gmt":"2021-07-27T06:25:06","guid":{"rendered":"https:\/\/www.sngenealogie.ch\/wp\/?page_id=8555"},"modified":"2021-07-27T12:17:43","modified_gmt":"2021-07-27T10:17:43","slug":"branche-pic-eveche-de-bale","status":"publish","type":"page","link":"https:\/\/www.sngenealogie.ch\/wp\/bulletins\/bulletin-25\/branche-pic-eveche-de-bale\/","title":{"rendered":"Branche Pic Ev\u00each\u00e9 de B\u00e2le"},"content":{"rendered":"\t\t<div data-elementor-type=\"wp-page\" data-elementor-id=\"8555\" class=\"elementor elementor-8555\">\n\t\t\t\t\t\t<section class=\"elementor-section elementor-top-section elementor-element elementor-element-6c184fb4 elementor-section-boxed elementor-section-height-default elementor-section-height-default\" data-id=\"6c184fb4\" data-element_type=\"section\" data-e-type=\"section\" data-settings=\"{&quot;background_background&quot;:&quot;gradient&quot;}\">\n\t\t\t\t\t\t<div class=\"elementor-container elementor-column-gap-no\">\n\t\t\t\t\t<div class=\"elementor-column elementor-col-100 elementor-top-column elementor-element elementor-element-3c4f2430\" data-id=\"3c4f2430\" data-element_type=\"column\" data-e-type=\"column\">\n\t\t\t<div class=\"elementor-widget-wrap elementor-element-populated\">\n\t\t\t\t\t\t<div class=\"elementor-element elementor-element-28a7be6c elementor-widget elementor-widget-heading\" data-id=\"28a7be6c\" data-element_type=\"widget\" data-e-type=\"widget\" data-widget_type=\"heading.default\">\n\t\t\t\t<div class=\"elementor-widget-container\">\n\t\t\t\t\t<h5 class=\"elementor-heading-title elementor-size-default\">Bulletin 25 \/ 2005<\/h5>\t\t\t\t<\/div>\n\t\t\t\t<\/div>\n\t\t\t\t<div class=\"elementor-element elementor-element-64b397dc elementor-widget elementor-widget-heading\" data-id=\"64b397dc\" data-element_type=\"widget\" data-e-type=\"widget\" data-widget_type=\"heading.default\">\n\t\t\t\t<div class=\"elementor-widget-container\">\n\t\t\t\t\t<h2 class=\"elementor-heading-title elementor-size-default\">Branche de la famille Pic \u00e9tablie en l'Ev\u00each\u00e9 de B\u00e2le<\/h2>\t\t\t\t<\/div>\n\t\t\t\t<\/div>\n\t\t\t\t\t<\/div>\n\t\t<\/div>\n\t\t\t\t\t<\/div>\n\t\t<\/section>\n\t\t\t\t<section class=\"elementor-section elementor-top-section elementor-element elementor-element-187d1c15 elementor-section-boxed elementor-section-height-default elementor-section-height-default\" data-id=\"187d1c15\" data-element_type=\"section\" data-e-type=\"section\">\n\t\t\t\t\t\t<div class=\"elementor-container elementor-column-gap-default\">\n\t\t\t\t\t<div class=\"elementor-column elementor-col-100 elementor-top-column elementor-element elementor-element-6539d444\" data-id=\"6539d444\" data-element_type=\"column\" data-e-type=\"column\">\n\t\t\t<div class=\"elementor-widget-wrap elementor-element-populated\">\n\t\t\t\t\t\t<div class=\"elementor-element elementor-element-8457048 elementor-widget elementor-widget-heading\" data-id=\"8457048\" data-element_type=\"widget\" data-e-type=\"widget\" data-widget_type=\"heading.default\">\n\t\t\t\t<div class=\"elementor-widget-container\">\n\t\t\t\t\t<h4 class=\"elementor-heading-title elementor-size-default\">par Jean-Philippe Gobat<\/h4>\t\t\t\t<\/div>\n\t\t\t\t<\/div>\n\t\t\t\t<div class=\"elementor-element elementor-element-e7770b6 elementor-widget elementor-widget-spacer\" data-id=\"e7770b6\" data-element_type=\"widget\" data-e-type=\"widget\" data-widget_type=\"spacer.default\">\n\t\t\t\t<div class=\"elementor-widget-container\">\n\t\t\t\t\t\t\t<div class=\"elementor-spacer\">\n\t\t\t<div class=\"elementor-spacer-inner\"><\/div>\n\t\t<\/div>\n\t\t\t\t\t\t<\/div>\n\t\t\t\t<\/div>\n\t\t\t\t<div class=\"elementor-element elementor-element-4d49286 elementor-widget elementor-widget-text-editor\" data-id=\"4d49286\" data-element_type=\"widget\" data-e-type=\"widget\" data-widget_type=\"text-editor.default\">\n\t\t\t\t<div class=\"elementor-widget-container\">\n\t\t\t\t\t\t\t\t\t<p>\u00ab\u00a0&#8230;Je suis, h\u00e9las, dans l&rsquo;incapacit\u00e9 de faire le pont avec les Py du Val de Travers. Ce qui est certain, par contre, c&rsquo;est qu&rsquo;il s&rsquo;agit d&rsquo;une famille de charbonniers. D\u00e8s le premier mentionn\u00e9 en Pr\u00e9v\u00f4t\u00e9 de Moutier-Grandval, <strong>Louys Py<\/strong>, de Travers, d\u00e9c\u00e9d\u00e9 apr\u00e8s le 20 avril 1662, charbonnier \u00e0 Ch\u00e2tillon, au Mont sur Courtetelle, \u00e0 Glovelier. Epoux, avant le 18 octobre 1636, de Catherine Schvitzerlet, de Moutier. On ignore leur descendance. <\/p><p>Il y a bien <strong>Jean Nicolas Pic et ses fr\u00e8res<\/strong>, de Noiraigue. Ma\u00eetres-charbonniers, on comprend leurs diff\u00e9rents lieux de vie, car ils se d\u00e9pla\u00e7aient suivant les saisons dans les for\u00eats. Ceci se passe au XVII\u00e8me si\u00e8cle sur la Montagne d&rsquo;Undervelier, jusqu&rsquo;\u00e0 <strong>Jean Pic<\/strong> et ses <strong>fr\u00e8res<\/strong>, ma\u00eetres-charbonniers aux Forges de La Reuchenette en Bas-Erguel; ils sont cit\u00e9s le 3 f\u00e9vrier 1675.\u00a0\u00bb<\/p>\t\t\t\t\t\t\t\t<\/div>\n\t\t\t\t<\/div>\n\t\t\t\t<div class=\"elementor-element elementor-element-8693706 elementor-widget elementor-widget-text-editor\" data-id=\"8693706\" data-element_type=\"widget\" data-e-type=\"widget\" data-widget_type=\"text-editor.default\">\n\t\t\t\t<div class=\"elementor-widget-container\">\n\t\t\t\t\t\t\t\t\t<p>La famille <strong>Py<\/strong> ou <strong>Pic<\/strong> originaire du Val de Morteau, selon le docteur Olivier Clottu, a envoy\u00e9 deux branches dans l&rsquo;\u00e9v\u00each\u00e9 de B\u00e2le: L&rsquo;une de Noiraigue est la souche des <strong>Pic<\/strong>, bourgeois de Souboz, \u00e9teinte au XVIII\u00e8me si\u00e8cle, et des <strong>Pic<\/strong> de Courfaivre, actuels. L&rsquo;autre, de Travers, est donn\u00e9e ci-dessous en ses d\u00e9buts. Toutes deux \u00e9taient familles de ma\u00eetres-charbonniers. <\/p><p><strong>NN&#8230; Pic<\/strong>, communier de Travers a trois fils: <strong>Jean<\/strong>, <strong>David<\/strong> et <strong>Pierre<\/strong>.<\/p>\t\t\t\t\t\t\t\t<\/div>\n\t\t\t\t<\/div>\n\t\t\t\t<div class=\"elementor-element elementor-element-2012e89 elementor-widget elementor-widget-heading\" data-id=\"2012e89\" data-element_type=\"widget\" data-e-type=\"widget\" data-widget_type=\"heading.default\">\n\t\t\t\t<div class=\"elementor-widget-container\">\n\t\t\t\t\t<h3 class=\"elementor-heading-title elementor-size-default\">Jean Pic<\/h3>\t\t\t\t<\/div>\n\t\t\t\t<\/div>\n\t\t\t\t<div class=\"elementor-element elementor-element-6688c70 elementor-widget elementor-widget-text-editor\" data-id=\"6688c70\" data-element_type=\"widget\" data-e-type=\"widget\" data-widget_type=\"text-editor.default\">\n\t\t\t\t<div class=\"elementor-widget-container\">\n\t\t\t\t\t\t\t\t\t<p><strong>a) Jean Pic<\/strong> communier de Travers en la principaut\u00e9 de Neuch\u00e2tel, sujet de Son Altesse. Ma\u00eetre-charbonnier ri\u00e8re La Heutte; il y est cit\u00e9 le 25 ao\u00fbt 1677; \u00e0 Corg\u00e9mont d\u00e8s 1683. Il est \u00e9crit dans un manuscrit: \u00ab\u00a0<em>Jean Pic, de Travers en la comt\u00e9 de Neufch\u00e2tel, maistre coupeur de bois es Forges de Magnifique Seigneur Pierre Esaye Chemilleret chastelain d&rsquo;Erguel<\/em>\u00ab\u00a0. La Communaut\u00e9 de Corg\u00e9mont donne une attestation de bon comportement au dit Jean Pic, de Travers, maistre coupeur de bois, qui travaille dans les bois pour le service des forges de La Reuchenette, appartenant \u00e0 S.A. le Prince Ev\u00eaque, dat\u00e9e du 22 d\u00e9cembre 1691. Le notaire et maire Abram Miche, de Malleray envoie une lettre, aux environs de 1698, disant que lui et le forestier ont mesur\u00e9 des bois es Hautes Joux, que Jean Pic le charbonnier est venu prendre \u00e0 Malleray, par ordre de la Seigneurie, le bois pour les forges de La Reuchenette. Le 30 janvier 1699, il fait son partage avec ses enfants de son premier mariage, et teste \u00e0 Corg\u00e9mont le 2 juillet 1706. Il \u00e9pouse, aux environs de 1670, <strong>Marguerite Morel<\/strong> fille de Vallier, et d&rsquo;Eve Cugnet. Veuf, il \u00e9pouse en deuxi\u00e8mes noces, trait\u00e9 du 3 janvier 1699, <strong>Susanne Vorpe<\/strong> de Sombeval, fille de feu Pierre.<\/p><p>Enfants du premier lit:<\/p><ul><li>Jean Henry vivant aux Breuleux; cit\u00e9 le 2 janvier 1714.<\/li><li>Pierre habitant \u00e0 Corg\u00e9mont; cit\u00e9 le 7 d\u00e9cembre 1713. Par contrat du 29 d\u00e9cembre 1697, il est en apprentissage chez son beau-fr\u00e8re Abel Rollier, de Nods, maistre-cordonnier et borellier.<\/li><li>Elisabeth elle \u00e9pouse Vallier Pr\u00eatre, de Corg\u00e9mont, maistre-tailleur.<\/li><li>Marguerite \u00e9pouse Abel Rollier, de Nods, maistre-cordonnier et borrelier.<\/li><\/ul><p>Enfant du deuxi\u00e8me lit:<\/p><ul><li>Abraham cit\u00e9 \u00e0 Corg\u00e9mont le 28 d\u00e9cembre 1724, cousin germain de David Pic qui est meunier \u00e0 Tavannes.\u00a0<\/li><\/ul>\t\t\t\t\t\t\t\t<\/div>\n\t\t\t\t<\/div>\n\t\t\t\t<div class=\"elementor-element elementor-element-8d917a8 elementor-widget elementor-widget-heading\" data-id=\"8d917a8\" data-element_type=\"widget\" data-e-type=\"widget\" data-widget_type=\"heading.default\">\n\t\t\t\t<div class=\"elementor-widget-container\">\n\t\t\t\t\t<h3 class=\"elementor-heading-title elementor-size-default\">David Pic<\/h3>\t\t\t\t<\/div>\n\t\t\t\t<\/div>\n\t\t\t\t<div class=\"elementor-element elementor-element-76cd5db elementor-widget elementor-widget-text-editor\" data-id=\"76cd5db\" data-element_type=\"widget\" data-e-type=\"widget\" data-widget_type=\"text-editor.default\">\n\t\t\t\t<div class=\"elementor-widget-container\">\n\t\t\t\t\t\t\t\t\t<p><strong>b) David Pic<\/strong> ma\u00eetre coupeur de bois \u00e0 La Heutte, mais vivant aussi \u00e0 Tavannes dans la pr\u00e9v\u00f4t\u00e9; cit\u00e9 d\u00e8s 1686; il amodie sa vacherie sur La Montagne de l&rsquo;Envers, en 1721. Son \u00e9pouse <strong>Barbelle Bindit<\/strong> de La Heutte au Bas Erguel, encore vivante le 6 mai 1737, \u00e0\u00a0 Cort\u00e9bert, \u00e9tait fille d&rsquo;Abram Bindit, et de Marguerite Voutat. Elle est m\u00e8re de quatre filles mari\u00e9es et de 3 fils:<\/p><ul><li>David meunier \u00e0 Tavannes<\/li><li>Jacob forgeron \u00e9migr\u00e9 en Prusse<\/li><li>Abram.<\/li><\/ul>\t\t\t\t\t\t\t\t<\/div>\n\t\t\t\t<\/div>\n\t\t\t\t<div class=\"elementor-element elementor-element-03ea2ff elementor-widget elementor-widget-heading\" data-id=\"03ea2ff\" data-element_type=\"widget\" data-e-type=\"widget\" data-widget_type=\"heading.default\">\n\t\t\t\t<div class=\"elementor-widget-container\">\n\t\t\t\t\t<h3 class=\"elementor-heading-title elementor-size-default\">Pierre Pic<\/h3>\t\t\t\t<\/div>\n\t\t\t\t<\/div>\n\t\t\t\t<div class=\"elementor-element elementor-element-6e5fd43 elementor-widget elementor-widget-text-editor\" data-id=\"6e5fd43\" data-element_type=\"widget\" data-e-type=\"widget\" data-widget_type=\"text-editor.default\">\n\t\t\t\t<div class=\"elementor-widget-container\">\n\t\t\t\t\t\t\t\t\t<p><strong>c) Pierre Pic<\/strong> r\u00e9sidant aux Places sur Tramelan; communier des Montagnes de Tramelan d\u00e8s le 26 juin 1700. Son trait\u00e9 de mariage pass\u00e9 devant notaire est dat\u00e9 du 18 janvier 1689, avec <strong>Anne Grison<\/strong> fille de Georges, du village de Saules, et de Jeannette Sautebin, dont trois fils:<\/p><ul><li>Pierre charpentier<\/li><li>David ma\u00eetre cordonnier<\/li><li>Jean Jacques<\/li><\/ul><p>Les trois font souche des Pic, paroissiens de Tramelan, avec descendance \u00e0 Tavannes, Reconvilier.<\/p>\t\t\t\t\t\t\t\t<\/div>\n\t\t\t\t<\/div>\n\t\t\t\t\t<\/div>\n\t\t<\/div>\n\t\t\t\t\t<\/div>\n\t\t<\/section>\n\t\t\t\t<section class=\"elementor-section elementor-top-section elementor-element elementor-element-394a1564 elementor-section-boxed elementor-section-height-default elementor-section-height-default\" data-id=\"394a1564\" data-element_type=\"section\" data-e-type=\"section\">\n\t\t\t\t\t\t<div class=\"elementor-container elementor-column-gap-default\">\n\t\t\t\t\t<div class=\"elementor-column elementor-col-33 elementor-top-column elementor-element elementor-element-2e538c5c\" data-id=\"2e538c5c\" data-element_type=\"column\" data-e-type=\"column\">\n\t\t\t<div class=\"elementor-widget-wrap elementor-element-populated\">\n\t\t\t\t\t\t<div class=\"elementor-element elementor-element-824257a elementor-widget elementor-widget-button\" data-id=\"824257a\" data-element_type=\"widget\" data-e-type=\"widget\" data-widget_type=\"button.default\">\n\t\t\t\t<div class=\"elementor-widget-container\">\n\t\t\t\t\t\t\t\t\t<div class=\"elementor-button-wrapper\">\n\t\t\t\t\t<a class=\"elementor-button elementor-button-link elementor-size-sm\" href=\"https:\/\/www.sngenealogie.ch\/wp\/bulletins\/bulletin-25\/souches-famille-pic\/\">\n\t\t\t\t\t\t<span class=\"elementor-button-content-wrapper\">\n\t\t\t\t\t\t<span class=\"elementor-button-icon\">\n\t\t\t\t<i aria-hidden=\"true\" class=\"fas fa-arrow-left\"><\/i>\t\t\t<\/span>\n\t\t\t\t\t\t\t\t\t<span class=\"elementor-button-text\">Article pr\u00e9c\u00e9dent<\/span>\n\t\t\t\t\t<\/span>\n\t\t\t\t\t<\/a>\n\t\t\t\t<\/div>\n\t\t\t\t\t\t\t\t<\/div>\n\t\t\t\t<\/div>\n\t\t\t\t\t<\/div>\n\t\t<\/div>\n\t\t\t\t<div class=\"elementor-column elementor-col-33 elementor-top-column elementor-element elementor-element-99cc7f\" data-id=\"99cc7f\" data-element_type=\"column\" data-e-type=\"column\">\n\t\t\t<div class=\"elementor-widget-wrap elementor-element-populated\">\n\t\t\t\t\t\t<div class=\"elementor-element elementor-element-7414bc44 elementor-align-center elementor-widget elementor-widget-button\" data-id=\"7414bc44\" data-element_type=\"widget\" data-e-type=\"widget\" data-widget_type=\"button.default\">\n\t\t\t\t<div class=\"elementor-widget-container\">\n\t\t\t\t\t\t\t\t\t<div class=\"elementor-button-wrapper\">\n\t\t\t\t\t<a class=\"elementor-button elementor-button-link elementor-size-sm\" href=\"https:\/\/www.sngenealogie.ch\/wp\/bulletins\/bulletin-25\/\">\n\t\t\t\t\t\t<span class=\"elementor-button-content-wrapper\">\n\t\t\t\t\t\t<span class=\"elementor-button-icon\">\n\t\t\t\t<i aria-hidden=\"true\" class=\"fas fa-arrow-up\"><\/i>\t\t\t<\/span>\n\t\t\t\t\t\t\t\t\t<span class=\"elementor-button-text\">Bulletin 25<\/span>\n\t\t\t\t\t<\/span>\n\t\t\t\t\t<\/a>\n\t\t\t\t<\/div>\n\t\t\t\t\t\t\t\t<\/div>\n\t\t\t\t<\/div>\n\t\t\t\t\t<\/div>\n\t\t<\/div>\n\t\t\t\t<div class=\"elementor-column elementor-col-33 elementor-top-column elementor-element elementor-element-35e0edd6\" data-id=\"35e0edd6\" data-element_type=\"column\" data-e-type=\"column\">\n\t\t\t<div class=\"elementor-widget-wrap elementor-element-populated\">\n\t\t\t\t\t\t<div class=\"elementor-element elementor-element-4febe7b0 elementor-align-right elementor-widget elementor-widget-button\" data-id=\"4febe7b0\" data-element_type=\"widget\" data-e-type=\"widget\" data-widget_type=\"button.default\">\n\t\t\t\t<div class=\"elementor-widget-container\">\n\t\t\t\t\t\t\t\t\t<div class=\"elementor-button-wrapper\">\n\t\t\t\t\t<a class=\"elementor-button elementor-button-link elementor-size-sm\" href=\"https:\/\/www.sngenealogie.ch\/wp\/bulletins\/bulletin-25\/jaques-de-pierre-25\/\">\n\t\t\t\t\t\t<span class=\"elementor-button-content-wrapper\">\n\t\t\t\t\t\t<span class=\"elementor-button-icon\">\n\t\t\t\t<i aria-hidden=\"true\" class=\"fas fa-arrow-right\"><\/i>\t\t\t<\/span>\n\t\t\t\t\t\t\t\t\t<span class=\"elementor-button-text\">Article suivant<\/span>\n\t\t\t\t\t<\/span>\n\t\t\t\t\t<\/a>\n\t\t\t\t<\/div>\n\t\t\t\t\t\t\t\t<\/div>\n\t\t\t\t<\/div>\n\t\t\t\t\t<\/div>\n\t\t<\/div>\n\t\t\t\t\t<\/div>\n\t\t<\/section>\n\t\t\t\t<\/div>\n\t\t","protected":false},"excerpt":{"rendered":"<p>Bulletin 25 \/ 2005 Branche de la famille Pic \u00e9tablie en l&rsquo;Ev\u00each\u00e9 de B\u00e2le par Jean-Philippe Gobat \u00ab\u00a0&#8230;Je suis, h\u00e9las, [&hellip;]<\/p>\n","protected":false},"author":1,"featured_media":0,"parent":2774,"menu_order":0,"comment_status":"closed","ping_status":"closed","template":"","meta":{"site-sidebar-layout":"no-sidebar","site-content-layout":"page-builder","ast-site-content-layout":"default","site-content-style":"default","site-sidebar-style":"default","ast-global-header-display":"","ast-banner-title-visibility":"","ast-main-header-display":"","ast-hfb-above-header-display":"","ast-hfb-below-header-display":"","ast-hfb-mobile-header-display":"","site-post-title":"disabled","ast-breadcrumbs-content":"","ast-featured-img":"disabled","footer-sml-layout":"","ast-disable-related-posts":"","theme-transparent-header-meta":"default","adv-header-id-meta":"","stick-header-meta":"","header-above-stick-meta":"","header-main-stick-meta":"","header-below-stick-meta":"","astra-migrate-meta-layouts":"default","ast-page-background-enabled":"default","ast-page-background-meta":{"desktop":{"background-color":"","background-image":"","background-repeat":"repeat","background-position":"center center","background-size":"auto","background-attachment":"scroll","background-type":"","background-media":"","overlay-type":"","overlay-color":"","overlay-opacity":"","overlay-gradient":""},"tablet":{"background-color":"","background-image":"","background-repeat":"repeat","background-position":"center center","background-size":"auto","background-attachment":"scroll","background-type":"","background-media":"","overlay-type":"","overlay-color":"","overlay-opacity":"","overlay-gradient":""},"mobile":{"background-color":"","background-image":"","background-repeat":"repeat","background-position":"center center","background-size":"auto","background-attachment":"scroll","background-type":"","background-media":"","overlay-type":"","overlay-color":"","overlay-opacity":"","overlay-gradient":""}},"ast-content-background-meta":{"desktop":{"background-color":"var(--ast-global-color-5)","background-image":"","background-repeat":"repeat","background-position":"center center","background-size":"auto","background-attachment":"scroll","background-type":"","background-media":"","overlay-type":"","overlay-color":"","overlay-opacity":"","overlay-gradient":""},"tablet":{"background-color":"var(--ast-global-color-5)","background-image":"","background-repeat":"repeat","background-position":"center center","background-size":"auto","background-attachment":"scroll","background-type":"","background-media":"","overlay-type":"","overlay-color":"","overlay-opacity":"","overlay-gradient":""},"mobile":{"background-color":"var(--ast-global-color-5)","background-image":"","background-repeat":"repeat","background-position":"center center","background-size":"auto","background-attachment":"scroll","background-type":"","background-media":"","overlay-type":"","overlay-color":"","overlay-opacity":"","overlay-gradient":""}},"footnotes":""},"wf_page_folders":[41],"class_list":["post-8555","page","type-page","status-publish","hentry"],"_links":{"self":[{"href":"https:\/\/www.sngenealogie.ch\/wp\/wp-json\/wp\/v2\/pages\/8555","targetHints":{"allow":["GET"]}}],"collection":[{"href":"https:\/\/www.sngenealogie.ch\/wp\/wp-json\/wp\/v2\/pages"}],"about":[{"href":"https:\/\/www.sngenealogie.ch\/wp\/wp-json\/wp\/v2\/types\/page"}],"author":[{"embeddable":true,"href":"https:\/\/www.sngenealogie.ch\/wp\/wp-json\/wp\/v2\/users\/1"}],"replies":[{"embeddable":true,"href":"https:\/\/www.sngenealogie.ch\/wp\/wp-json\/wp\/v2\/comments?post=8555"}],"version-history":[{"count":8,"href":"https:\/\/www.sngenealogie.ch\/wp\/wp-json\/wp\/v2\/pages\/8555\/revisions"}],"predecessor-version":[{"id":8701,"href":"https:\/\/www.sngenealogie.ch\/wp\/wp-json\/wp\/v2\/pages\/8555\/revisions\/8701"}],"up":[{"embeddable":true,"href":"https:\/\/www.sngenealogie.ch\/wp\/wp-json\/wp\/v2\/pages\/2774"}],"wp:attachment":[{"href":"https:\/\/www.sngenealogie.ch\/wp\/wp-json\/wp\/v2\/media?parent=8555"}],"wp:term":[{"taxonomy":"wf_page_folders","embeddable":true,"href":"https:\/\/www.sngenealogie.ch\/wp\/wp-json\/wp\/v2\/wf_page_folders?post=8555"}],"curies":[{"name":"wp","href":"https:\/\/api.w.org\/{rel}","templated":true}]}}