{"id":8867,"date":"2021-07-27T19:14:08","date_gmt":"2021-07-27T17:14:08","guid":{"rendered":"https:\/\/www.sngenealogie.ch\/wp\/?page_id=8867"},"modified":"2021-07-28T18:21:36","modified_gmt":"2021-07-28T16:21:36","slug":"les-jaquet-droz","status":"publish","type":"page","link":"https:\/\/www.sngenealogie.ch\/wp\/bulletins\/bulletin-27\/les-jaquet-droz\/","title":{"rendered":"Les Jaquet-Droz"},"content":{"rendered":"\t\t<div data-elementor-type=\"wp-page\" data-elementor-id=\"8867\" class=\"elementor elementor-8867\">\n\t\t\t\t\t\t<section class=\"elementor-section elementor-top-section elementor-element elementor-element-6c184fb4 elementor-section-boxed elementor-section-height-default elementor-section-height-default\" data-id=\"6c184fb4\" data-element_type=\"section\" data-e-type=\"section\" data-settings=\"{&quot;background_background&quot;:&quot;gradient&quot;}\">\n\t\t\t\t\t\t<div class=\"elementor-container elementor-column-gap-no\">\n\t\t\t\t\t<div class=\"elementor-column elementor-col-100 elementor-top-column elementor-element elementor-element-3c4f2430\" data-id=\"3c4f2430\" data-element_type=\"column\" data-e-type=\"column\">\n\t\t\t<div class=\"elementor-widget-wrap elementor-element-populated\">\n\t\t\t\t\t\t<div class=\"elementor-element elementor-element-28a7be6c elementor-widget elementor-widget-heading\" data-id=\"28a7be6c\" data-element_type=\"widget\" data-e-type=\"widget\" data-widget_type=\"heading.default\">\n\t\t\t\t<div class=\"elementor-widget-container\">\n\t\t\t\t\t<h5 class=\"elementor-heading-title elementor-size-default\">Bulletin 27 \/ D\u00e9cembre 2005<\/h5>\t\t\t\t<\/div>\n\t\t\t\t<\/div>\n\t\t\t\t<div class=\"elementor-element elementor-element-64b397dc elementor-widget elementor-widget-heading\" data-id=\"64b397dc\" data-element_type=\"widget\" data-e-type=\"widget\" data-widget_type=\"heading.default\">\n\t\t\t\t<div class=\"elementor-widget-container\">\n\t\t\t\t\t<h2 class=\"elementor-heading-title elementor-size-default\">Les Jaquet-Droz du Locle et de la Chaux-de-Fonds, bourgeois de Valangin<\/h2>\t\t\t\t<\/div>\n\t\t\t\t<\/div>\n\t\t\t\t\t<\/div>\n\t\t<\/div>\n\t\t\t\t\t<\/div>\n\t\t<\/section>\n\t\t\t\t<section class=\"elementor-section elementor-top-section elementor-element elementor-element-187d1c15 elementor-section-boxed elementor-section-height-default elementor-section-height-default\" data-id=\"187d1c15\" data-element_type=\"section\" data-e-type=\"section\">\n\t\t\t\t\t\t<div class=\"elementor-container elementor-column-gap-default\">\n\t\t\t\t\t<div class=\"elementor-column elementor-col-100 elementor-top-column elementor-element elementor-element-6539d444\" data-id=\"6539d444\" data-element_type=\"column\" data-e-type=\"column\">\n\t\t\t<div class=\"elementor-widget-wrap elementor-element-populated\">\n\t\t\t\t\t\t<div class=\"elementor-element elementor-element-8457048 elementor-widget elementor-widget-heading\" data-id=\"8457048\" data-element_type=\"widget\" data-e-type=\"widget\" data-widget_type=\"heading.default\">\n\t\t\t\t<div class=\"elementor-widget-container\">\n\t\t\t\t\t<h4 class=\"elementor-heading-title elementor-size-default\">par Pierre-Arnold Borel<\/h4>\t\t\t\t<\/div>\n\t\t\t\t<\/div>\n\t\t\t\t<div class=\"elementor-element elementor-element-e7770b6 elementor-widget elementor-widget-spacer\" data-id=\"e7770b6\" data-element_type=\"widget\" data-e-type=\"widget\" data-widget_type=\"spacer.default\">\n\t\t\t\t<div class=\"elementor-widget-container\">\n\t\t\t\t\t\t\t<div class=\"elementor-spacer\">\n\t\t\t<div class=\"elementor-spacer-inner\"><\/div>\n\t\t<\/div>\n\t\t\t\t\t\t<\/div>\n\t\t\t\t<\/div>\n\t\t\t\t<div class=\"elementor-element elementor-element-4d49286 elementor-widget elementor-widget-text-editor\" data-id=\"4d49286\" data-element_type=\"widget\" data-e-type=\"widget\" data-widget_type=\"text-editor.default\">\n\t\t\t\t<div class=\"elementor-widget-container\">\n\t\t\t\t\t\t\t\t\t<p>Les Noires Joux, nom si \u00e9vocateur pour d\u00e9crire nos montagnes, aust\u00e9rit\u00e9 d&rsquo;un paysage o\u00f9 le sapin domine, robe sombre, \u00e9gay\u00e9e pourtant par une multitude de joyaux color\u00e9s, nos fleurs. Les Noires Joux d&rsquo;abord, puis aussi, \u00ab\u00a0Le Clos de la Franchise\u00a0\u00bb, apr\u00e8s les privil\u00e8ges accord\u00e9s par les seigneurs de Valangin aux premiers colons.<\/p><p>1151 &#8211; Trois si\u00e8cles passent depuis que les moines et les fr\u00e8res convers de Fontaine Andr\u00e9 se sont \u00e9tablis dans la vall\u00e9e du Locle, suivis par les taillables, de serve condition.<\/p>\t\t\t\t\t\t\t\t<\/div>\n\t\t\t\t<\/div>\n\t\t\t\t<div class=\"elementor-element elementor-element-5a39b81 elementor-widget elementor-widget-heading\" data-id=\"5a39b81\" data-element_type=\"widget\" data-e-type=\"widget\" data-widget_type=\"heading.default\">\n\t\t\t\t<div class=\"elementor-widget-container\">\n\t\t\t\t\t<h3 class=\"elementor-heading-title elementor-size-default\">Premi\u00e8re g\u00e9n\u00e9ration<\/h3>\t\t\t\t<\/div>\n\t\t\t\t<\/div>\n\t\t\t\t<div class=\"elementor-element elementor-element-b5c3c75 elementor-widget elementor-widget-text-editor\" data-id=\"b5c3c75\" data-element_type=\"widget\" data-e-type=\"widget\" data-widget_type=\"text-editor.default\">\n\t\t\t\t<div class=\"elementor-widget-container\">\n\t\t\t\t\t\t\t\t\t<p>1439 &#8211;\u00a0PIERRE DROZ, descendant de ces d\u00e9fricheurs, marie sa fille \u00e0 Jehan Taillard, du Locle. (Taillard signifie porteur d&rsquo;\u00e9p\u00e9e).<\/p>\t\t\t\t\t\t\t\t<\/div>\n\t\t\t\t<\/div>\n\t\t\t\t<div class=\"elementor-element elementor-element-58ea476 elementor-widget elementor-widget-heading\" data-id=\"58ea476\" data-element_type=\"widget\" data-e-type=\"widget\" data-widget_type=\"heading.default\">\n\t\t\t\t<div class=\"elementor-widget-container\">\n\t\t\t\t\t<h3 class=\"elementor-heading-title elementor-size-default\">Deuxi\u00e8me g\u00e9n\u00e9ration<\/h3>\t\t\t\t<\/div>\n\t\t\t\t<\/div>\n\t\t\t\t<div class=\"elementor-element elementor-element-e7db261 elementor-widget elementor-widget-text-editor\" data-id=\"e7db261\" data-element_type=\"widget\" data-e-type=\"widget\" data-widget_type=\"text-editor.default\">\n\t\t\t\t<div class=\"elementor-widget-container\">\n\t\t\t\t\t\t\t\t\t<p>JEHAN est venu s&rsquo;\u00e9tablir sur les terres de son beau-p\u00e8re. Les enfants porteront, de ce fait, le nom de famille de leur m\u00e8re et abandonneront celui de Taillard.<\/p>\t\t\t\t\t\t\t\t<\/div>\n\t\t\t\t<\/div>\n\t\t\t\t<div class=\"elementor-element elementor-element-4a1ff3e elementor-widget elementor-widget-heading\" data-id=\"4a1ff3e\" data-element_type=\"widget\" data-e-type=\"widget\" data-widget_type=\"heading.default\">\n\t\t\t\t<div class=\"elementor-widget-container\">\n\t\t\t\t\t<h3 class=\"elementor-heading-title elementor-size-default\">Troisi\u00e8me g\u00e9n\u00e9ration<\/h3>\t\t\t\t<\/div>\n\t\t\t\t<\/div>\n\t\t\t\t<div class=\"elementor-element elementor-element-3334a33 elementor-widget elementor-widget-text-editor\" data-id=\"3334a33\" data-element_type=\"widget\" data-e-type=\"widget\" data-widget_type=\"text-editor.default\">\n\t\t\t\t<div class=\"elementor-widget-container\">\n\t\t\t\t\t\t\t\t\t<p>JAQUET et son fr\u00e8re Othenin se partagent les terres ancestrales des Escharbots sises Es Plattures.<\/p><p>1502 &#8211; Fiers de leurs libert\u00e9s, ils confirment \u00e9galement leurs droits d&rsquo;hommes libres et de bourgeois de Valangin.<\/p><p>La tribu Droz s&rsquo;agrandit, les homonymes foisonnent. Pour pouvoir les diff\u00e9rencier, on ajoute le pr\u00e9nom du p\u00e8re: on voit l&rsquo;Othenette chez Humbert DROZ, ensuite Pernette chez Blaise DROZ ou Pierrolet chez Jaquet DROZ.\u00a0<\/p><p>1528 &#8211; Jaquet est mort depuis peu de temps, ses enfants sortent d&rsquo;indivision en se partageant le maix de leur p\u00e8re, qui est de 133 3\/4 faux cultivables.<\/p>\t\t\t\t\t\t\t\t<\/div>\n\t\t\t\t<\/div>\n\t\t\t\t<div class=\"elementor-element elementor-element-347b069 elementor-widget elementor-widget-heading\" data-id=\"347b069\" data-element_type=\"widget\" data-e-type=\"widget\" data-widget_type=\"heading.default\">\n\t\t\t\t<div class=\"elementor-widget-container\">\n\t\t\t\t\t<h3 class=\"elementor-heading-title elementor-size-default\">Quatri\u00e8me g\u00e9n\u00e9ration<\/h3>\t\t\t\t<\/div>\n\t\t\t\t<\/div>\n\t\t\t\t<div class=\"elementor-element elementor-element-aaf54f5 elementor-widget elementor-widget-text-editor\" data-id=\"aaf54f5\" data-element_type=\"widget\" data-e-type=\"widget\" data-widget_type=\"text-editor.default\">\n\t\t\t\t<div class=\"elementor-widget-container\">\n\t\t\t\t\t\t\t\t\t<p>Pierre s&rsquo;\u00e9tablit aux Cernayes du Locle, Jehan \u00e0 la Haute Fye. C&rsquo;est de lui que descend la branche dite du <em>Valanvron<\/em>, encore largement repr\u00e9sent\u00e9e au XVIII\u00e8me si\u00e8cle. Il a cinq fils: Loys, Guillaume, Pierre, Jehan et Blaiset, et une fille nomm\u00e9e Perrenon.<\/p><p>22 f\u00e9vrier 1533 &#8211; Blaise se fixe aux Esplatures; il occupe la charge de gouverneur du Locle. Dame Guillemette de Vergy lui accense aussi un maix au Valanvron.<\/p><p>Estevena, soeur de Pierre, de Jehan et de Biaise, \u00e9pouse Girard\u00a0Montandon fils de Petitjehan du Locle, tandis que sa s\u0153ur, Pernette, semble rester c\u00e9libataire.<\/p><p>OTHENIN, sixi\u00e8me enfant de Jaques, a laiss\u00e9 peu de traces. On sait qu&rsquo;il reprend partiellement le maix de famille.<\/p>\t\t\t\t\t\t\t\t<\/div>\n\t\t\t\t<\/div>\n\t\t\t\t<div class=\"elementor-element elementor-element-7123c7d elementor-widget elementor-widget-heading\" data-id=\"7123c7d\" data-element_type=\"widget\" data-e-type=\"widget\" data-widget_type=\"heading.default\">\n\t\t\t\t<div class=\"elementor-widget-container\">\n\t\t\t\t\t<h3 class=\"elementor-heading-title elementor-size-default\">Cinqui\u00e8me g\u00e9n\u00e9ration<\/h3>\t\t\t\t<\/div>\n\t\t\t\t<\/div>\n\t\t\t\t<div class=\"elementor-element elementor-element-6fce696 elementor-widget elementor-widget-text-editor\" data-id=\"6fce696\" data-element_type=\"widget\" data-e-type=\"widget\" data-widget_type=\"text-editor.default\">\n\t\t\t\t<div class=\"elementor-widget-container\">\n\t\t\t\t\t\t\t\t\t<p>24 mars 1538 &#8211; Il laisse deux filles, Thi\u00e9baulda et Biaisa. Cette derni\u00e8re, lors de son mariage, donne une quittance de dot \u00e0 son p\u00e8re pour un beau trossel, 2 faux et demie de terre, une bonne vache laiti\u00e8re et une brebis.<\/p><p>Elle \u00e9pouse un certain Antoyne fils de Symon, venu de la paroisse de Semur en Bourgogne.<\/p><p>08 juillet 1552 &#8211; 25 ao\u00fbt 1580 &#8211; BLAISE, le fils unique, franc habergeant et bourgeois de Valangin reconna\u00eet poss\u00e9der 71 faux de terre \u00e0 l&rsquo;envers des Esplatures avec un maix aux Escharbots. Par la suite, il ach\u00e8te encore un autre maix au Valanvron.<\/p>\t\t\t\t\t\t\t\t<\/div>\n\t\t\t\t<\/div>\n\t\t\t\t<div class=\"elementor-element elementor-element-987d170 elementor-widget elementor-widget-heading\" data-id=\"987d170\" data-element_type=\"widget\" data-e-type=\"widget\" data-widget_type=\"heading.default\">\n\t\t\t\t<div class=\"elementor-widget-container\">\n\t\t\t\t\t<h3 class=\"elementor-heading-title elementor-size-default\">Sixi\u00e8me g\u00e9n\u00e9ration<\/h3>\t\t\t\t<\/div>\n\t\t\t\t<\/div>\n\t\t\t\t<div class=\"elementor-element elementor-element-7dbebb1 elementor-widget elementor-widget-text-editor\" data-id=\"7dbebb1\" data-element_type=\"widget\" data-e-type=\"widget\" data-widget_type=\"text-editor.default\">\n\t\t\t\t<div class=\"elementor-widget-container\">\n\t\t\t\t\t\t\t\t\t<p>12 septembre 1585 &#8211; JONAS para\u00eet \u00eatre \u00e9galement fils unique. C&rsquo;est un fort beau parti, aussi peut-il pr\u00e9tendre \u00e0 la main de Biaisa Droz, la fille de Jehan du Locle. Sa dot est bien coquette: mille livres faibles, un trossel, un bon lit et une vache laiti\u00e8re valant 25 livres<br \/>faibles!<\/p>\t\t\t\t\t\t\t\t<\/div>\n\t\t\t\t<\/div>\n\t\t\t\t<div class=\"elementor-element elementor-element-fcf9b83 elementor-widget elementor-widget-heading\" data-id=\"fcf9b83\" data-element_type=\"widget\" data-e-type=\"widget\" data-widget_type=\"heading.default\">\n\t\t\t\t<div class=\"elementor-widget-container\">\n\t\t\t\t\t<h3 class=\"elementor-heading-title elementor-size-default\">Septi\u00e8me g\u00e9n\u00e9ration<\/h3>\t\t\t\t<\/div>\n\t\t\t\t<\/div>\n\t\t\t\t<div class=\"elementor-element elementor-element-acb4025 elementor-widget elementor-widget-text-editor\" data-id=\"acb4025\" data-element_type=\"widget\" data-e-type=\"widget\" data-widget_type=\"text-editor.default\">\n\t\t\t\t<div class=\"elementor-widget-container\">\n\t\t\t\t\t\t\t\t\t<p>3 f\u00e9vrier 1651 &#8211;\u00a0ABRAM, le fils a\u00een\u00e9, conserve le domaine des Esplatures, tandis que Jean, le cadet, va s&rsquo;\u00e9tablir \u00e0 La Prise Gaultier sur Couvet.<br \/>29 d\u00e9cembre 1660 &#8211; Nous voyons Abram dans sa ferme du Foulet s&rsquo;occuper d&rsquo;\u00e9levage et d&rsquo;agriculture. En hiver, les femmes font de la dentelle, les hommes aussi, peut-\u00eatre, puisqu&rsquo;on parle de dentelliers! On file le chanvre cultiv\u00e9 dans les chenevi\u00e8res. La famille Jaquet-Droz a peut-\u00eatre figur\u00e9 \u00e9galement parmi les premiers paysans horlogeurs du pays.<\/p><p>La politique ne laisse pas Abram indiff\u00e9rent, puisqu&rsquo;il est nomm\u00e9 conseiller du Locle. Pour parfaire son bonheur, Magdelaine Jacot-Parel du Locle lui donne sept enfants.<\/p><p>\u271e 27 f\u00e9vrier 1678<\/p>\t\t\t\t\t\t\t\t<\/div>\n\t\t\t\t<\/div>\n\t\t\t\t<div class=\"elementor-element elementor-element-536b2c0 elementor-widget elementor-widget-heading\" data-id=\"536b2c0\" data-element_type=\"widget\" data-e-type=\"widget\" data-widget_type=\"heading.default\">\n\t\t\t\t<div class=\"elementor-widget-container\">\n\t\t\t\t\t<h3 class=\"elementor-heading-title elementor-size-default\">Huiti\u00e8me g\u00e9n\u00e9ration<\/h3>\t\t\t\t<\/div>\n\t\t\t\t<\/div>\n\t\t\t\t<div class=\"elementor-element elementor-element-f67d621 elementor-widget elementor-widget-text-editor\" data-id=\"f67d621\" data-element_type=\"widget\" data-e-type=\"widget\" data-widget_type=\"text-editor.default\">\n\t\t\t\t<div class=\"elementor-widget-container\">\n\t\t\t\t\t\t\t\t\t<p>Louise, femme de David Robert, fils de Jacques; Jacqua, Magdelaine et Marie; une de ses trois derni\u00e8res filles a \u00e9pous\u00e9 Jacques Courvoisier-Cl\u00e9ment; mais laquelle? Abram, Moyse, qui conserve le bien des Esplatures. Rompant avec la coutume ancestrale, PIERRE quitte la juridiction du Locle et vient s&rsquo;\u00e9tablir \u00e0 La Chaux-de-Fonds. Il ach\u00e8te au Grand Quartier de la Vieille Chaux, une maison avec un four pour cuire le pain, un courtil et un droit de participation \u00e0 la fontaine du village.<\/p><p>2 d\u00e9cembre 1661 &#8211; Il ach\u00e8te encore un autre domaine avec terre arable, cernil, bois, p\u00e2quier et all\u00e9e d&rsquo;arbres de la maison au chemin public. On semble pouvoir situer ce dernier \u00ab Sur le Pont \u00bb o\u00f9 vit \u00e9galement la famille de sa femme. Marchand drapier comme son beau-p\u00e8re, Pierre Jaquet-Droz devient un important personnage du village. Membre du Conseil des Vingt et du Conseil de justice, il rendra de nombreux services \u00e0 la communaut\u00e9.<\/p><p>3 avril 1708 &#8211; Afin d&rsquo;am\u00e9liorer la position de ses fils, il leur alloue \u00e0 chacun une avance d&rsquo;hoirie de mille \u00e9cus petits.<\/p><p>\u271e 27 avril 1708<\/p><p>Magdelaine Amey-Droz survit vingt ans \u00e0 Pierre, son mari; elle est fille du marchand drapier Josu\u00e9 Amey-Droz, gouverneur de la mairie, et de MAGDELAINE SANDOZ fille de Jean fils Willemin, et petite-fille d&rsquo;Abraham Amey-Droz, fils de Josu\u00e9, fils d&rsquo;Amey, fils de Claude Droz, fils d&rsquo;Otheneret et de Jehanne Robert, fille de Guillaume.<\/p><p>\u271e 26 mai 1740<\/p>\t\t\t\t\t\t\t\t<\/div>\n\t\t\t\t<\/div>\n\t\t\t\t<div class=\"elementor-element elementor-element-4d3f55d elementor-widget elementor-widget-heading\" data-id=\"4d3f55d\" data-element_type=\"widget\" data-e-type=\"widget\" data-widget_type=\"heading.default\">\n\t\t\t\t<div class=\"elementor-widget-container\">\n\t\t\t\t\t<h3 class=\"elementor-heading-title elementor-size-default\">Neuvi\u00e8me g\u00e9n\u00e9ration<\/h3>\t\t\t\t<\/div>\n\t\t\t\t<\/div>\n\t\t\t\t<div class=\"elementor-element elementor-element-9059e65 elementor-widget elementor-widget-text-editor\" data-id=\"9059e65\" data-element_type=\"widget\" data-e-type=\"widget\" data-widget_type=\"text-editor.default\">\n\t\t\t\t<div class=\"elementor-widget-container\">\n\t\t\t\t\t\t\t\t\t<p>Pierre dans son testament cite ses enfants: Anne-Marie, Fredrich, Suzanne, l&rsquo;\u00e9pouse de Josu\u00e9 Huguenin-Junet, ancien d&rsquo;\u00e9glise et justicier; Magdelaine, la femme de Jonas Montandon des Eplatures. Quant \u00e0 Moyse \u00ab policeur et graveur \u00bb, il \u00e9pouse Lucr\u00e8ce Sandoz dite \u00ab des Orgues \u00bb.<\/p><p>N\u00e9 le 14 d\u00e9cembre 1686 &#8211; \u271e 28 d\u00e9cembre 1711 &#8211;\u00a0ABRAM retient le maix \u00ab Dessus le Pont \u00bb o\u00f9 il fait de l&rsquo;\u00e9levage (24.12.1767). Lors d&rsquo;une vente de deux taureaux de l&rsquo;ann\u00e9e, de poil noir et blanc (28.10.1711), pour lesquels il retire la somme de 645 batz, il assure \u00e0 l&rsquo;acheteur qu&rsquo;ils sont en parfaite sant\u00e9, ayant p\u00e2tur\u00e9 tout l&rsquo;\u00e9t\u00e9 l&rsquo;excellente herbe de Pouillerel!.<\/p><p>C&rsquo;est dans la maison voisine \u00ab\u00a0Sur le Pont\u00a0\u00bb qu&rsquo;il a trouv\u00e9 femme.<\/p><p>Marie-Magdelaine est la fille du capitaine des milices de la compagnie du Valanvron, Daniel Droz, fils de Daniel, fils de Pierre, bourgeois de Valangin. \u271e 30 novembre 1749 \u00e0 env. 60 ans.<\/p>\t\t\t\t\t\t\t\t<\/div>\n\t\t\t\t<\/div>\n\t\t\t\t<div class=\"elementor-element elementor-element-b96ca0c elementor-widget elementor-widget-heading\" data-id=\"b96ca0c\" data-element_type=\"widget\" data-e-type=\"widget\" data-widget_type=\"heading.default\">\n\t\t\t\t<div class=\"elementor-widget-container\">\n\t\t\t\t\t<h3 class=\"elementor-heading-title elementor-size-default\">Dixi\u00e8me g\u00e9n\u00e9ration<\/h3>\t\t\t\t<\/div>\n\t\t\t\t<\/div>\n\t\t\t\t<div class=\"elementor-element elementor-element-95ce7d7 elementor-widget elementor-widget-text-editor\" data-id=\"95ce7d7\" data-element_type=\"widget\" data-e-type=\"widget\" data-widget_type=\"text-editor.default\">\n\t\t\t\t<div class=\"elementor-widget-container\">\n\t\t\t\t\t\t\t\t\t<p>Encore une fois, un fils unique et trois filles. Marie-Magdelaine, Anne-Marie et Suzanne-Marie, qui meurt d&rsquo;apoplexie le jour de ses noces avec David Robert, l&rsquo;officier des milices. Tout ceci pour arriver \u00e0 <strong>PIERRE<\/strong>, notre c\u00e9l\u00e8bre cr\u00e9ateur d&rsquo;automates. N\u00e9 le 28 juillet 1721.<\/p><p>1738-1740 : Il \u00e9tudie la philosophie \u00e0 l&rsquo;universit\u00e9 de B\u00e2le.<\/p><p>22 octobre 1747 : Il passe un contrat pour une horloge qu&rsquo;il a confectionn\u00e9e; serait-ce la premi\u00e8re?<br \/>C&rsquo;est son mariage avec Marianne Sandoz-Gendre, fille d&rsquo;Abram-Louis jur\u00e9 en renfort de La Chaux-de-Fonds, petite fille de Jacques Sandoz Gendre, justicier. Et d&rsquo;Elisabeth Guyot, arri\u00e8re-petite-fille d&rsquo;Abraham Sandoz-Gendre et de de Judith Sandoz, fille de Jacques Sandoz du Locle. Anne-Marie Robert, sa m\u00e8re, femme d&rsquo;Abram-Louis Sandoz-Gendre est la fille d&rsquo;Abram Robert du Cernil des Combes \u00e0 Pouillerel, fils d&rsquo;Abram Robert et de Suzanne Humbert-Droz, fille d&rsquo;Esa\u00efe Humbert-Droz de la Sombaille, fils de Josu\u00e9. Esa\u00efe Humbert-Droz de la Sombaille a \u00e9pous\u00e9 Suzanne Amey-Droz, fille de David, conseiller, fils d&rsquo;Abram, r\u00e9sidant aux Endroits du Cemil-Antoine.<\/p><p>Marie-Anne, la femme de Pierre Jaquet-Droz, meurt des suites de couches \u271e 27 d\u00e9cembre 1755, laissant \u00e0 Pierre Jaquet-Droz trois petits enfants: Henri-Louis, Julie, qui deviendra Madame Jacques-Louis Perrot, de Neuch\u00e2tel, et Charlotte.<\/p>\t\t\t\t\t\t\t\t<\/div>\n\t\t\t\t<\/div>\n\t\t\t\t<div class=\"elementor-element elementor-element-e24be79 elementor-widget elementor-widget-heading\" data-id=\"e24be79\" data-element_type=\"widget\" data-e-type=\"widget\" data-widget_type=\"heading.default\">\n\t\t\t\t<div class=\"elementor-widget-container\">\n\t\t\t\t\t<h3 class=\"elementor-heading-title elementor-size-default\">Onzi\u00e8me g\u00e9n\u00e9ration<\/h3>\t\t\t\t<\/div>\n\t\t\t\t<\/div>\n\t\t\t\t<div class=\"elementor-element elementor-element-c825197 elementor-widget elementor-widget-text-editor\" data-id=\"c825197\" data-element_type=\"widget\" data-e-type=\"widget\" data-widget_type=\"text-editor.default\">\n\t\t\t\t<div class=\"elementor-widget-container\">\n\t\t\t\t\t\t\t\t\t<p>HENRI-LOUIS, collaborateur de son p\u00e8re, meurt pr\u00e9matur\u00e9ment de phtisie \u00e0 Naples. Avec lui s&rsquo;\u00e9teint la descendance m\u00e2le de cette branche, mais leurs chers enfants, les automates Jaquet-Droz, gardent gr\u00e2ce au remontoir, une vie magique. N\u00e9 le 13 octobre 1752 &#8211; \u271e 15 novembre 1791.<\/p>\t\t\t\t\t\t\t\t<\/div>\n\t\t\t\t<\/div>\n\t\t\t\t<section class=\"elementor-section elementor-inner-section elementor-element elementor-element-dbcd033 elementor-section-boxed elementor-section-height-default elementor-section-height-default\" data-id=\"dbcd033\" data-element_type=\"section\" data-e-type=\"section\">\n\t\t\t\t\t\t<div class=\"elementor-container elementor-column-gap-default\">\n\t\t\t\t\t<div class=\"elementor-column elementor-col-50 elementor-inner-column elementor-element elementor-element-1cc4c45\" data-id=\"1cc4c45\" data-element_type=\"column\" data-e-type=\"column\">\n\t\t\t<div class=\"elementor-widget-wrap elementor-element-populated\">\n\t\t\t\t\t\t<div class=\"elementor-element elementor-element-7dcffb0 elementor-widget elementor-widget-image\" data-id=\"7dcffb0\" data-element_type=\"widget\" data-e-type=\"widget\" data-widget_type=\"image.default\">\n\t\t\t\t<div class=\"elementor-widget-container\">\n\t\t\t\t\t\t\t\t\t\t\t\t<figure class=\"wp-caption\">\n\t\t\t\t\t\t\t\t\t\t\t<a href=\"https:\/\/fr.wikipedia.org\/wiki\/Pierre_Jaquet-Droz\">\n\t\t\t\t\t\t\t<img fetchpriority=\"high\" decoding=\"async\" width=\"250\" height=\"322\" src=\"https:\/\/www.sngenealogie.ch\/wp\/wp-content\/uploads\/bul-27-pierre-jaquet-droz.jpg\" class=\"attachment-large size-large wp-image-8869\" alt=\"\" srcset=\"https:\/\/www.sngenealogie.ch\/wp\/wp-content\/uploads\/bul-27-pierre-jaquet-droz.jpg 250w, https:\/\/www.sngenealogie.ch\/wp\/wp-content\/uploads\/bul-27-pierre-jaquet-droz-233x300.jpg 233w\" sizes=\"(max-width: 250px) 100vw, 250px\" \/>\t\t\t\t\t\t\t\t<\/a>\n\t\t\t\t\t\t\t\t\t\t\t<figcaption class=\"widget-image-caption wp-caption-text\">Pierre Jaquet-Droz (1721-1790)<\/figcaption>\n\t\t\t\t\t\t\t\t\t\t<\/figure>\n\t\t\t\t\t\t\t\t\t<\/div>\n\t\t\t\t<\/div>\n\t\t\t\t\t<\/div>\n\t\t<\/div>\n\t\t\t\t<div class=\"elementor-column elementor-col-50 elementor-inner-column elementor-element elementor-element-e2b9de4\" data-id=\"e2b9de4\" data-element_type=\"column\" data-e-type=\"column\">\n\t\t\t<div class=\"elementor-widget-wrap elementor-element-populated\">\n\t\t\t\t\t\t<div class=\"elementor-element elementor-element-15d4f04 elementor-widget elementor-widget-text-editor\" data-id=\"15d4f04\" data-element_type=\"widget\" data-e-type=\"widget\" data-widget_type=\"text-editor.default\">\n\t\t\t\t<div class=\"elementor-widget-container\">\n\t\t\t\t\t\t\t\t\t<p><em>N&rsquo;est-ce pas merveilleux que des personnages faits de main d&rsquo;homme d\u00e9fient les si\u00e8cles et nous enchantent par leurs gestes pr\u00e9cis d&rsquo;automates? C&rsquo;est eux qui perp\u00e9tuent le nom de JAQUET-DROZ.<\/em><\/p><p style=\"text-align: right;\">Avril 1971<\/p>\t\t\t\t\t\t\t\t<\/div>\n\t\t\t\t<\/div>\n\t\t\t\t\t<\/div>\n\t\t<\/div>\n\t\t\t\t\t<\/div>\n\t\t<\/section>\n\t\t\t\t\t<\/div>\n\t\t<\/div>\n\t\t\t\t\t<\/div>\n\t\t<\/section>\n\t\t\t\t<section class=\"elementor-section elementor-top-section elementor-element elementor-element-394a1564 elementor-section-boxed elementor-section-height-default elementor-section-height-default\" data-id=\"394a1564\" data-element_type=\"section\" data-e-type=\"section\">\n\t\t\t\t\t\t<div class=\"elementor-container elementor-column-gap-default\">\n\t\t\t\t\t<div class=\"elementor-column elementor-col-33 elementor-top-column elementor-element elementor-element-2e538c5c\" data-id=\"2e538c5c\" data-element_type=\"column\" data-e-type=\"column\">\n\t\t\t<div class=\"elementor-widget-wrap elementor-element-populated\">\n\t\t\t\t\t\t<div class=\"elementor-element elementor-element-824257a elementor-widget elementor-widget-button\" data-id=\"824257a\" data-element_type=\"widget\" data-e-type=\"widget\" data-widget_type=\"button.default\">\n\t\t\t\t<div class=\"elementor-widget-container\">\n\t\t\t\t\t\t\t\t\t<div class=\"elementor-button-wrapper\">\n\t\t\t\t\t<a class=\"elementor-button elementor-button-link elementor-size-sm\" href=\"https:\/\/www.sngenealogie.ch\/wp\/bulletins\/bulletin-27\/famille-jaquet-droz-au-valanvron\/\">\n\t\t\t\t\t\t<span class=\"elementor-button-content-wrapper\">\n\t\t\t\t\t\t<span class=\"elementor-button-icon\">\n\t\t\t\t<i aria-hidden=\"true\" class=\"fas fa-arrow-left\"><\/i>\t\t\t<\/span>\n\t\t\t\t\t\t\t\t\t<span class=\"elementor-button-text\">Article pr\u00e9c\u00e9dent<\/span>\n\t\t\t\t\t<\/span>\n\t\t\t\t\t<\/a>\n\t\t\t\t<\/div>\n\t\t\t\t\t\t\t\t<\/div>\n\t\t\t\t<\/div>\n\t\t\t\t\t<\/div>\n\t\t<\/div>\n\t\t\t\t<div class=\"elementor-column elementor-col-33 elementor-top-column elementor-element elementor-element-99cc7f\" data-id=\"99cc7f\" data-element_type=\"column\" data-e-type=\"column\">\n\t\t\t<div class=\"elementor-widget-wrap elementor-element-populated\">\n\t\t\t\t\t\t<div class=\"elementor-element elementor-element-7414bc44 elementor-align-center elementor-widget elementor-widget-button\" data-id=\"7414bc44\" data-element_type=\"widget\" data-e-type=\"widget\" data-widget_type=\"button.default\">\n\t\t\t\t<div class=\"elementor-widget-container\">\n\t\t\t\t\t\t\t\t\t<div class=\"elementor-button-wrapper\">\n\t\t\t\t\t<a class=\"elementor-button elementor-button-link elementor-size-sm\" href=\"https:\/\/www.sngenealogie.ch\/wp\/bulletins\/bulletin-27\/\">\n\t\t\t\t\t\t<span class=\"elementor-button-content-wrapper\">\n\t\t\t\t\t\t<span class=\"elementor-button-icon\">\n\t\t\t\t<i aria-hidden=\"true\" class=\"fas fa-arrow-up\"><\/i>\t\t\t<\/span>\n\t\t\t\t\t\t\t\t\t<span class=\"elementor-button-text\">Bulletin 27<\/span>\n\t\t\t\t\t<\/span>\n\t\t\t\t\t<\/a>\n\t\t\t\t<\/div>\n\t\t\t\t\t\t\t\t<\/div>\n\t\t\t\t<\/div>\n\t\t\t\t\t<\/div>\n\t\t<\/div>\n\t\t\t\t<div class=\"elementor-column elementor-col-33 elementor-top-column elementor-element elementor-element-35e0edd6\" data-id=\"35e0edd6\" data-element_type=\"column\" data-e-type=\"column\">\n\t\t\t<div class=\"elementor-widget-wrap elementor-element-populated\">\n\t\t\t\t\t\t<div class=\"elementor-element elementor-element-4febe7b0 elementor-align-right elementor-widget elementor-widget-button\" data-id=\"4febe7b0\" data-element_type=\"widget\" data-e-type=\"widget\" data-widget_type=\"button.default\">\n\t\t\t\t<div class=\"elementor-widget-container\">\n\t\t\t\t\t\t\t\t\t<div class=\"elementor-button-wrapper\">\n\t\t\t\t\t<a class=\"elementor-button elementor-button-link elementor-size-sm\" href=\"https:\/\/www.sngenealogie.ch\/wp\/bulletins\/bulletin-27\/famille-roulet-bourgeois-de-neuchatel\/\">\n\t\t\t\t\t\t<span class=\"elementor-button-content-wrapper\">\n\t\t\t\t\t\t<span class=\"elementor-button-icon\">\n\t\t\t\t<i aria-hidden=\"true\" class=\"fas fa-arrow-right\"><\/i>\t\t\t<\/span>\n\t\t\t\t\t\t\t\t\t<span class=\"elementor-button-text\">Article suivant<\/span>\n\t\t\t\t\t<\/span>\n\t\t\t\t\t<\/a>\n\t\t\t\t<\/div>\n\t\t\t\t\t\t\t\t<\/div>\n\t\t\t\t<\/div>\n\t\t\t\t\t<\/div>\n\t\t<\/div>\n\t\t\t\t\t<\/div>\n\t\t<\/section>\n\t\t\t\t<\/div>\n\t\t","protected":false},"excerpt":{"rendered":"<p>Bulletin 27 \/ D\u00e9cembre 2005 Les Jaquet-Droz du Locle et de la Chaux-de-Fonds, bourgeois de Valangin par Pierre-Arnold Borel Les [&hellip;]<\/p>\n","protected":false},"author":1,"featured_media":0,"parent":2755,"menu_order":0,"comment_status":"closed","ping_status":"closed","template":"","meta":{"site-sidebar-layout":"no-sidebar","site-content-layout":"page-builder","ast-site-content-layout":"default","site-content-style":"default","site-sidebar-style":"default","ast-global-header-display":"","ast-banner-title-visibility":"","ast-main-header-display":"","ast-hfb-above-header-display":"","ast-hfb-below-header-display":"","ast-hfb-mobile-header-display":"","site-post-title":"disabled","ast-breadcrumbs-content":"","ast-featured-img":"disabled","footer-sml-layout":"","ast-disable-related-posts":"","theme-transparent-header-meta":"default","adv-header-id-meta":"","stick-header-meta":"","header-above-stick-meta":"","header-main-stick-meta":"","header-below-stick-meta":"","astra-migrate-meta-layouts":"default","ast-page-background-enabled":"default","ast-page-background-meta":{"desktop":{"background-color":"","background-image":"","background-repeat":"repeat","background-position":"center center","background-size":"auto","background-attachment":"scroll","background-type":"","background-media":"","overlay-type":"","overlay-color":"","overlay-opacity":"","overlay-gradient":""},"tablet":{"background-color":"","background-image":"","background-repeat":"repeat","background-position":"center center","background-size":"auto","background-attachment":"scroll","background-type":"","background-media":"","overlay-type":"","overlay-color":"","overlay-opacity":"","overlay-gradient":""},"mobile":{"background-color":"","background-image":"","background-repeat":"repeat","background-position":"center center","background-size":"auto","background-attachment":"scroll","background-type":"","background-media":"","overlay-type":"","overlay-color":"","overlay-opacity":"","overlay-gradient":""}},"ast-content-background-meta":{"desktop":{"background-color":"var(--ast-global-color-5)","background-image":"","background-repeat":"repeat","background-position":"center center","background-size":"auto","background-attachment":"scroll","background-type":"","background-media":"","overlay-type":"","overlay-color":"","overlay-opacity":"","overlay-gradient":""},"tablet":{"background-color":"var(--ast-global-color-5)","background-image":"","background-repeat":"repeat","background-position":"center center","background-size":"auto","background-attachment":"scroll","background-type":"","background-media":"","overlay-type":"","overlay-color":"","overlay-opacity":"","overlay-gradient":""},"mobile":{"background-color":"var(--ast-global-color-5)","background-image":"","background-repeat":"repeat","background-position":"center center","background-size":"auto","background-attachment":"scroll","background-type":"","background-media":"","overlay-type":"","overlay-color":"","overlay-opacity":"","overlay-gradient":""}},"footnotes":""},"wf_page_folders":[43],"class_list":["post-8867","page","type-page","status-publish","hentry"],"_links":{"self":[{"href":"https:\/\/www.sngenealogie.ch\/wp\/wp-json\/wp\/v2\/pages\/8867","targetHints":{"allow":["GET"]}}],"collection":[{"href":"https:\/\/www.sngenealogie.ch\/wp\/wp-json\/wp\/v2\/pages"}],"about":[{"href":"https:\/\/www.sngenealogie.ch\/wp\/wp-json\/wp\/v2\/types\/page"}],"author":[{"embeddable":true,"href":"https:\/\/www.sngenealogie.ch\/wp\/wp-json\/wp\/v2\/users\/1"}],"replies":[{"embeddable":true,"href":"https:\/\/www.sngenealogie.ch\/wp\/wp-json\/wp\/v2\/comments?post=8867"}],"version-history":[{"count":11,"href":"https:\/\/www.sngenealogie.ch\/wp\/wp-json\/wp\/v2\/pages\/8867\/revisions"}],"predecessor-version":[{"id":9053,"href":"https:\/\/www.sngenealogie.ch\/wp\/wp-json\/wp\/v2\/pages\/8867\/revisions\/9053"}],"up":[{"embeddable":true,"href":"https:\/\/www.sngenealogie.ch\/wp\/wp-json\/wp\/v2\/pages\/2755"}],"wp:attachment":[{"href":"https:\/\/www.sngenealogie.ch\/wp\/wp-json\/wp\/v2\/media?parent=8867"}],"wp:term":[{"taxonomy":"wf_page_folders","embeddable":true,"href":"https:\/\/www.sngenealogie.ch\/wp\/wp-json\/wp\/v2\/wf_page_folders?post=8867"}],"curies":[{"name":"wp","href":"https:\/\/api.w.org\/{rel}","templated":true}]}}