{"id":9030,"date":"2021-07-28T17:22:01","date_gmt":"2021-07-28T15:22:01","guid":{"rendered":"https:\/\/www.sngenealogie.ch\/wp\/?page_id=9030"},"modified":"2021-07-28T18:38:14","modified_gmt":"2021-07-28T16:38:14","slug":"aventures-david-francois-clerc","status":"publish","type":"page","link":"https:\/\/www.sngenealogie.ch\/wp\/bulletins\/bulletin-28\/aventures-david-francois-clerc\/","title":{"rendered":"Aventures David-Fran\u00e7ois Clerc"},"content":{"rendered":"\t\t<div data-elementor-type=\"wp-page\" data-elementor-id=\"9030\" class=\"elementor elementor-9030\">\n\t\t\t\t\t\t<section class=\"elementor-section elementor-top-section elementor-element elementor-element-6c184fb4 elementor-section-boxed elementor-section-height-default elementor-section-height-default\" data-id=\"6c184fb4\" data-element_type=\"section\" data-e-type=\"section\" data-settings=\"{&quot;background_background&quot;:&quot;gradient&quot;}\">\n\t\t\t\t\t\t<div class=\"elementor-container elementor-column-gap-no\">\n\t\t\t\t\t<div class=\"elementor-column elementor-col-100 elementor-top-column elementor-element elementor-element-3c4f2430\" data-id=\"3c4f2430\" data-element_type=\"column\" data-e-type=\"column\">\n\t\t\t<div class=\"elementor-widget-wrap elementor-element-populated\">\n\t\t\t\t\t\t<div class=\"elementor-element elementor-element-28a7be6c elementor-widget elementor-widget-heading\" data-id=\"28a7be6c\" data-element_type=\"widget\" data-e-type=\"widget\" data-widget_type=\"heading.default\">\n\t\t\t\t<div class=\"elementor-widget-container\">\n\t\t\t\t\t<h5 class=\"elementor-heading-title elementor-size-default\">Bulletin 28 \/ Mai 2006<\/h5>\t\t\t\t<\/div>\n\t\t\t\t<\/div>\n\t\t\t\t<div class=\"elementor-element elementor-element-64b397dc elementor-widget elementor-widget-heading\" data-id=\"64b397dc\" data-element_type=\"widget\" data-e-type=\"widget\" data-widget_type=\"heading.default\">\n\t\t\t\t<div class=\"elementor-widget-container\">\n\t\t\t\t\t<h2 class=\"elementor-heading-title elementor-size-default\">Les aventures de David-Fran\u00e7ois Clerc, <br>Caporal des Gardes Suisses<\/h2>\t\t\t\t<\/div>\n\t\t\t\t<\/div>\n\t\t\t\t\t<\/div>\n\t\t<\/div>\n\t\t\t\t\t<\/div>\n\t\t<\/section>\n\t\t\t\t<section class=\"elementor-section elementor-top-section elementor-element elementor-element-187d1c15 elementor-section-boxed elementor-section-height-default elementor-section-height-default\" data-id=\"187d1c15\" data-element_type=\"section\" data-e-type=\"section\">\n\t\t\t\t\t\t<div class=\"elementor-container elementor-column-gap-default\">\n\t\t\t\t\t<div class=\"elementor-column elementor-col-100 elementor-top-column elementor-element elementor-element-6539d444\" data-id=\"6539d444\" data-element_type=\"column\" data-e-type=\"column\">\n\t\t\t<div class=\"elementor-widget-wrap elementor-element-populated\">\n\t\t\t\t\t\t<div class=\"elementor-element elementor-element-8457048 elementor-widget elementor-widget-heading\" data-id=\"8457048\" data-element_type=\"widget\" data-e-type=\"widget\" data-widget_type=\"heading.default\">\n\t\t\t\t<div class=\"elementor-widget-container\">\n\t\t\t\t\t<h4 class=\"elementor-heading-title elementor-size-default\">par Andr\u00e9-Hubert le Clerc<\/h4>\t\t\t\t<\/div>\n\t\t\t\t<\/div>\n\t\t\t\t<div class=\"elementor-element elementor-element-e7770b6 elementor-widget elementor-widget-spacer\" data-id=\"e7770b6\" data-element_type=\"widget\" data-e-type=\"widget\" data-widget_type=\"spacer.default\">\n\t\t\t\t<div class=\"elementor-widget-container\">\n\t\t\t\t\t\t\t<div class=\"elementor-spacer\">\n\t\t\t<div class=\"elementor-spacer-inner\"><\/div>\n\t\t<\/div>\n\t\t\t\t\t\t<\/div>\n\t\t\t\t<\/div>\n\t\t\t\t<div class=\"elementor-element elementor-element-4d49286 elementor-widget elementor-widget-text-editor\" data-id=\"4d49286\" data-element_type=\"widget\" data-e-type=\"widget\" data-widget_type=\"text-editor.default\">\n\t\t\t\t<div class=\"elementor-widget-container\">\n\t\t\t\t\t\t\t\t\t<p><em>Les familles suisses et donc celles du Val de Travers ont donn\u00e9 beaucoup de militaires au service de l&rsquo;\u00e9tranger. La famille Clerc [1] de M\u00f4tiers n&rsquo;\u00e9chappe pas \u00e0 la r\u00e8gle et elle compte notamment parmi ses membres, un caporal qui s&rsquo;illustra pendant la R\u00e9volution Fran\u00e7aise. Ici sont pr\u00e9sent\u00e9s sa lign\u00e9e et le personnage.\u00a0<\/em><\/p>\t\t\t\t\t\t\t\t<\/div>\n\t\t\t\t<\/div>\n\t\t\t\t<div class=\"elementor-element elementor-element-d19fa3b elementor-widget elementor-widget-text-editor\" data-id=\"d19fa3b\" data-element_type=\"widget\" data-e-type=\"widget\" data-widget_type=\"text-editor.default\">\n\t\t\t\t<div class=\"elementor-widget-container\">\n\t\t\t\t\t\t\t\t\t<p><strong>I Pierre Clerc<\/strong>, mort bien avant 1553, Il aurait en fait v\u00e9cu essentiellement au XV\u00e8me si\u00e8cle. On peut situer sa date de naissance entre 1450 et 1500. Il serait l&rsquo;anc\u00eatre des Clerc de M\u00f4tiers et ceux de Fleurier. Il est connu par les reconnaissances de biens faites par ses enfants ou petits-enfants. Un Pierre Clerc de M\u00f4tiers est cit\u00e9 dans les actes de chancellerie le 22 octobre 1493 (vol. a fol. 101-AEN), d&rsquo;o\u00f9<\/p><ol><li>Grand-Jacques, mort avant 1544 et qui eut peut-\u00eatre Guillauma qui \u00e9pouse Jehan Barrelet.<\/li><li>Guillaume, mort entre 1526 et 1545, qui continue.<\/li><li>Claude, qui suit en II<\/li><li>Petit-Jacques qui fait reconnaissance de ses biens en 1555, mort entre cette date et 1561, et qui continue.<\/li><li>et 6. Peut-\u00eatre Jehau n\u00e9 vers 1490, \u00e9poux de N. Vaucher et Pierre n\u00e9 vers 1492, mort en 1553 et \u00e9poux de Marie Vaucher, les deux filles de Jacques VAUCHER, auteur des <strong><em>Clerc de Fleurier<\/em><\/strong>.<\/li><\/ol>\t\t\t\t\t\t\t\t<\/div>\n\t\t\t\t<\/div>\n\t\t\t\t<div class=\"elementor-element elementor-element-e51681f elementor-widget elementor-widget-text-editor\" data-id=\"e51681f\" data-element_type=\"widget\" data-e-type=\"widget\" data-widget_type=\"text-editor.default\">\n\t\t\t\t<div class=\"elementor-widget-container\">\n\t\t\t\t\t\t\t\t\t<p><strong>II Claude Clerc<\/strong>, fait reconnaissance de ses biens \u00e0 M\u00f4tiers en 1555 et 1561. Il \u00e9pouse Clauda N., d&rsquo;o\u00f9<\/p><ul><li>Antoine qui suit en III.<\/li><\/ul>\t\t\t\t\t\t\t\t<\/div>\n\t\t\t\t<\/div>\n\t\t\t\t<div class=\"elementor-element elementor-element-fba6639 elementor-widget elementor-widget-text-editor\" data-id=\"fba6639\" data-element_type=\"widget\" data-e-type=\"widget\" data-widget_type=\"text-editor.default\">\n\t\t\t\t<div class=\"elementor-widget-container\">\n\t\t\t\t\t\t\t\t\t<p><strong>III Antoine Clerc de Sagneula<\/strong> (Sagneula est une terre se trouvant pr\u00e8s de M\u00f4tiers). Il fait reconnaissance de ses biens \u00e0 M\u00f4tiers en 1561 et \u00e9pouse N?. puis <strong>Catherine Bovet<\/strong>, fille de Bartholomey Bovet, d&rsquo;o\u00f9 du 1er mariage<\/p><ol><li>Antoine, qui suit en IV<\/li><li>Du 1er ou du 2\u00e8me mariage, Jacques qui continue la branche des Clerc-Bordon de Boveresse.<\/li><\/ol><p>Sans doute du second mariage<\/p><p style=\"padding-left: 40px;\">3. Georges, mort en 1611, franc habergeant en 1586, qui continue la branche des Clerc de Sagneula.<\/p>\t\t\t\t\t\t\t\t<\/div>\n\t\t\t\t<\/div>\n\t\t\t\t<div class=\"elementor-element elementor-element-b89a774 elementor-widget elementor-widget-text-editor\" data-id=\"b89a774\" data-element_type=\"widget\" data-e-type=\"widget\" data-widget_type=\"text-editor.default\">\n\t\t\t\t<div class=\"elementor-widget-container\">\n\t\t\t\t\t\t\t\t\t<p><strong>IV Antoine CLERC de SAGNEULA<\/strong>, mort entre 1628 et 1648. Catherine BOVET est dite comme \u00e9tant sa belle-m\u00e8re en 1611 (manuel du Conseil d&rsquo;Etat vol. 5 fol. 535, 7 juin 1611), \u00e9pouse N?, d&rsquo;o\u00f9<\/p><ol><li>Pierre, qui suit en V<\/li><li>Jean, mort en juillet 1675, propri\u00e9taire \u00e0 Sagneula, \u00e9pouse N? puis Marguerite Tissot, morte fin f\u00e9vrier 1685, fille de Balthasar Tissot de Couvet. Jean est auteur de la branche Clerc de Rolle et le Clerc, dont descend l&rsquo;auteur de cet article. Dans cette branche, on peut aussi citer Samuel-Abram le Clerc 1774-1812, Lieutenant au 24\u00e8me r\u00e9giment des chasseurs de Napol\u00e9on, mort sur la Vistule, et qui re\u00e7ut la L\u00e9gion d&rsquo;Honneur.<\/li><li>Susanne, vivante en 1663<\/li><li>peut-\u00eatre Clauda, vivante en 1650 qui \u00e9pouse avant cette date Daniel Franel.<\/li><\/ol>\t\t\t\t\t\t\t\t<\/div>\n\t\t\t\t<\/div>\n\t\t\t\t<div class=\"elementor-element elementor-element-35cde2e elementor-widget elementor-widget-text-editor\" data-id=\"35cde2e\" data-element_type=\"widget\" data-e-type=\"widget\" data-widget_type=\"text-editor.default\">\n\t\t\t\t<div class=\"elementor-widget-container\">\n\t\t\t\t\t\t\t\t\t<p><strong>V Pierre Clerc dit Bordon<\/strong>, mort entre 1668 et le 2 mars 1675. Il \u00e9pouse Elisabeth Matthey, fille d&rsquo;Abraham Matthey, d&rsquo;o\u00f9<\/p><ol><li>Fran\u00e7ois, qui suit en VI<\/li><li>Claudy, n\u00e9 vers 1630, mort en avril 1694, marchand. Il \u00e9pouse N?, puis (trait\u00e9 de mariage chez le notaire d&rsquo;Yvernois de M\u00f4tiers le 25 juin 1681) Anne-Marie Boy de la Tour, fille de Joseph Boy de la TOUR, jur\u00e9 et assesseur du consistoire seigneurial de Vauxtravers. Post\u00e9rit\u00e9 des deux mariages.<\/li><\/ol>\t\t\t\t\t\t\t\t<\/div>\n\t\t\t\t<\/div>\n\t\t\t\t<div class=\"elementor-element elementor-element-2072635 elementor-widget elementor-widget-text-editor\" data-id=\"2072635\" data-element_type=\"widget\" data-e-type=\"widget\" data-widget_type=\"text-editor.default\">\n\t\t\t\t<div class=\"elementor-widget-container\">\n\t\t\t\t\t\t\t\t\t<p><strong>VI Fran\u00e7ois Clerc dit BORDON<\/strong>, n\u00e9 vers 1620, mort en 1695. Il reconna\u00eet ses biens \u00e0 M\u00f4tiers en 1658. Il est grangier, et avait \u00e9pous\u00e9 Isabeau Giroud, vivante en 1693, fille de Georges Giroud, d&rsquo;o\u00f9<\/p><ol><li>Henry-Fran\u00e7ois qui suit en VII<\/li><li>N?, qui \u00e9pouse Jean Clerc de Sagneula, baptis\u00e9 \u00e0 M\u00f4tiers le 6 janvier 1650, fils de Fran\u00e7ois, et install\u00e9 \u00e0 Combremont-le-Petit VD o\u00f9 il est r\u00e9gent d&rsquo;\u00e9cole d\u00e8s 1680, et au moins jusqu&rsquo;en 1718.<\/li><li>peut-\u00eatre N?, qui \u00e9pouse Abraham Petitpierre.<\/li><li>Barbely, 25 octobre 1646<\/li><li>Laurence, 10 f\u00e9vrier 1650<\/li><li>Esabeau, 27 mars 1653<\/li><\/ol><p>C&rsquo;est sans doute une de ces trois filles qui \u00e9pouse Jean Clerc de Sagneula.<\/p>\t\t\t\t\t\t\t\t<\/div>\n\t\t\t\t<\/div>\n\t\t\t\t<div class=\"elementor-element elementor-element-7746b8c elementor-widget elementor-widget-text-editor\" data-id=\"7746b8c\" data-element_type=\"widget\" data-e-type=\"widget\" data-widget_type=\"text-editor.default\">\n\t\t\t\t<div class=\"elementor-widget-container\">\n\t\t\t\t\t\t\t\t\t<p><strong>VII Henry-Fran\u00e7ois Clerc dit Bordon<\/strong>, n\u00e9 avant 1644, mort avant 1695. Il exerce une activit\u00e9 de charpentier en 1672. La succession a lieu le 24 mars 1696 (notaire Joseph Divernois DI70), ne laissant \u00e0 ses 6 enfants que des dettes. Il avait \u00e9pous\u00e9 Elisabeth Matthey, fille de David Matthey, d&rsquo;o\u00f9, baptis\u00e9s \u00e0 M\u00f4tiers:<\/p><ol><li>Fran\u00e7ois, 21 octobre 1666, qui suit en VIII<\/li><li>Jeanne, 6 d\u00e9cembre 1668<\/li><li>Rose, 9 f\u00e9vrier 1670<\/li><li>Jean-Jacques, 5 avril 1672, mort avant 1722, tailleur de pierre. Il \u00e9pouse \u00e0 M\u00f4tiers le 15 janvier 1695, Marie Calame, fille de Jean Calame du Locle. Ses partages ont lieu le 12 janvier 1725 (notaire BOY de la TOUR), ne laissant que deux h\u00e9ritiers. D&rsquo;o\u00f9 baptis\u00e9s \u00e0 M\u00f4tiers:<ol><li>Jean-Henry, 3 septembre 1699, mort \u00e0 M\u00f4tiers le 10 juin 1771, mar\u00e9chal-ferrant, ancien d&rsquo;\u00e9glise de M\u00f4tiers, doyen des anciens, gouverneur de M\u00f4tiers en 1756, 1762, et 1770. Il \u00e9pouse Isabeau Besancenet, inhum\u00e9e \u00e0 M\u00f4tiers le 2 d\u00e9cembre 1772, fille du Capitaine Besancenet de Boveresse.<\/li><li>Susanne-Marie, n\u00e9e en octobre 1703, qui \u00e9pouse \u00e0 M\u00f4tiers le 1er octobre 1726 David Cuve du Petit Bayard, Ma\u00eetre horloger.<\/li><\/ol><\/li><li>Abraham Clerc dit Bordon, 15 mars 1673, Ma\u00eetre charpentier, conseiller de commune, \u00e9pouse N?, d&rsquo;o\u00f9 post\u00e9rit\u00e9 jusqu&rsquo;\u00e0 nos jours avec Evelyn Gasser-Clerc.<\/li><li>Claudy Clerc dit Bordon, 10 novembre 1678, charpentier, \u00e9pouse le 2 janvier 1703 Marie-Elisabeth Boy de la Tour, fille de feu Claudy, dont entre autres un fils Joseph 1708-1779, qui fut garde suisse \u00e0 l&rsquo;h\u00f4tel de Hollande \u00e0 Paris. Cette branche a post\u00e9rit\u00e9 actuelle avec notamment Francis CLERC \u00e0 Cormondr\u00e8che, n\u00e9 en 1930. <a href=\"https:\/\/www.sngenealogie.ch\/wp\/bulletins\/bulletin-28\/les-clerc-de-sagneula\/\"><i class=\"fas fa-arrow-right\"><\/i><\/a><\/li><\/ol>\t\t\t\t\t\t\t\t<\/div>\n\t\t\t\t<\/div>\n\t\t\t\t<div class=\"elementor-element elementor-element-290562f elementor-widget elementor-widget-text-editor\" data-id=\"290562f\" data-element_type=\"widget\" data-e-type=\"widget\" data-widget_type=\"text-editor.default\">\n\t\t\t\t<div class=\"elementor-widget-container\">\n\t\t\t\t\t\t\t\t\t<p><strong>VIII. Honorable Fran\u00e7ois CLERC<\/strong>, baptis\u00e9 \u00e0 M\u00f4tiers le 21 octobre 1666, mort \u00e0 M\u00f4tiers le 10 juin 1750, Petit sautier du Val de Travers le 13 juin 1701, puis Grand Sautier le 13 d\u00e9cembre 1712, serait mar\u00e9chal et aurait eu sa maison de M\u00f4tiers inond\u00e9e le 21 niai 1689 (<em>journal Joseph Divernois et F. Boy de la Tour 1704<\/em>). Il \u00e9pouse N?, d&rsquo;o\u00f9 baptis\u00e9s \u00e0 M\u00f4tiers:<\/p><ol><li>Elisabeth, 13 janvier 1695, morte \u00e0 M\u00f4tiers le 19 d\u00e9cembre 1775. Elle \u00e9pouse \u00e0 M\u00f4tiers le 15 f\u00e9vrier 1716 Jean-Jacques Perrenoud de la Sagne.<\/li><li>Henry-Fran\u00e7ois, 27 septembre 1696, mort avant 1771, le sergent de M\u00f4tiers, conseiller de M\u00f4tiers, GrandSautier. Il \u00e9pouse Jeanne-Suzanne Guiez d&rsquo;Estoy, n\u00e9e vers 1694, morte \u00e0 M\u00f4tiers le 4 avril 1771, fille de Gabriel Guiez d&rsquo;Aubonne. Post\u00e9rit\u00e9.<\/li><li>Jeanne-Marie, 9 octobre 1698, morte \u00e0 M\u00f4tiers le 13 f\u00e9vrier 1740, Elle \u00e9pouse \u00e0 M\u00f4tiers le 23 avril 1720 Charles-Louis Jeanrenaud, mort avant 1740 <\/li><li>Barbely, 20 f\u00e9vrier 1701<\/li><li>Susanne-Marie dite Manon, baptis\u00e9e le 18 f\u00e9vrier 1703, morte \u00e0 M\u00f4tiers le 11 octobre 1770<\/li><li>Marie-Madeleine, 24 juillet 1707, \u00e9pouse \u00e0 M\u00f4tiers le 24 novembre 1736 Abraham Meitzener.<\/li><li>David-Fran\u00e7ois, 18 mai 1710, qui suit en IX<\/li><li>Mariane, 13 juin 1713, \u00e9pouse \u00e0 M\u00f4tiers le 15 novembre 1740 David Perrenoud, Bourgeois de Valangin.<\/li><li>Marie-Ursule, 6 septembre 1716, morte \u00e0 M\u00f4tiers le 14 f\u00e9vrier 1740 (\u00e0 moins qu&rsquo;il ne s&rsquo;agisse d&rsquo;une Clerc de Sagneula)\u00a0<\/li><\/ol>\t\t\t\t\t\t\t\t<\/div>\n\t\t\t\t<\/div>\n\t\t\t\t<div class=\"elementor-element elementor-element-5cf16ce elementor-widget elementor-widget-text-editor\" data-id=\"5cf16ce\" data-element_type=\"widget\" data-e-type=\"widget\" data-widget_type=\"text-editor.default\">\n\t\t\t\t<div class=\"elementor-widget-container\">\n\t\t\t\t\t\t\t\t\t<p><strong>IX. David-Fran\u00e7ois Clerc<\/strong>, baptis\u00e9 \u00e0 M\u00f4tiers le 18 mai 1710, inhum\u00e9 \u00e0 M\u00f4tiers le 19 avril 1777, notaire, sergent de justice de M\u00f4tiers, Grand Sautier de M\u00f4tiers, \u00e9pouse Elisabeth Barrelet de Boveresse, inhum\u00e9e \u00e0 M\u00f4tiers le 9 mars 1791, d&rsquo;o\u00f9 baptis\u00e9s \u00e0 M\u00f4tiers :<\/p><ol><li>Fran\u00e7ois-Louis , qui suit en X<\/li><li>Marie-Henriette, 16 mars 1732<\/li><li>Susanne-Henriette, 13 octobre 1736, morte \u00e0 M\u00f4tiers le 14 ao\u00fbt 1781<\/li><li>Abraham-Henri, 25 novembre \u20ac738, vivant en 1766<\/li><li>Esther, 12 f\u00e9vrier 1741, morte \u00e0M\u00f4tiers \u20ace 11 avril 1825<\/li><li>Simon-David, 27 d\u00e9cembre 1743, inhum\u00e9 \u00e0 M\u00f4tiers le 25 octobre 1798, Grand Sautier du Val de Travers, \u00e9pouse \u00e0 M\u00f4tiers le 24 f\u00e9vrier 1770 Marie-Louise Clerc, n\u00e9e vers 1742, morte \u00e0 M\u00f4tiers le 23 avril 1802, fille d&rsquo;Abraham CLERC de M\u00f4tiers, fournier, et de Jeanne Duvet. D&rsquo;o\u00f9 post\u00e9rit\u00e9 jusqu&rsquo;\u00e0 nos jours.<\/li><li>Marie-Elisabeth, 27 f\u00e9vrier 1746<\/li><\/ol>\t\t\t\t\t\t\t\t<\/div>\n\t\t\t\t<\/div>\n\t\t\t\t<div class=\"elementor-element elementor-element-e964db0 elementor-widget elementor-widget-text-editor\" data-id=\"e964db0\" data-element_type=\"widget\" data-e-type=\"widget\" data-widget_type=\"text-editor.default\">\n\t\t\t\t<div class=\"elementor-widget-container\">\n\t\t\t\t\t\t\t\t\t<p><strong>X. Fran\u00e7ois-Louis Clerc<\/strong>, n\u00e9 vers 1731 ou 1734, mort \u00e0 M\u00f4tiers le 8 ao\u00fbt 1814, Sautier de Cortaillod en remplacement de son beau-p\u00e8re en 1758, re\u00e7u communier de M\u00f4tiers en 1760. Il \u00e9pouse, en premi\u00e8res noces, \u00e0 Colombier le 18 juin 1757 Suzanne-Marie\u00a0 Braillard, n\u00e9e vers 1722, morte \u00e0 M\u00f4tiers le 1er f\u00e9vrier 1788, fille de Josu\u00e9 BRAILLARD de Colombier, justicier de Colombier et, en deuxi\u00e8mes noces, sans doute \u00e0 M\u00f4tiers le 9 janvier 1790, Jeanne-Madeleine Barrelet, n\u00e9e vers 1734, morte \u00e0 M\u00f4tiers le 30 septembre 1798, fille de Claudy Barrelet de Boveresse, d&rsquo;o\u00f9 baptis\u00e9s \u00e0 M\u00f4tiers du premier mariage:<\/p><ol><li>Susanne-Marie, baptis\u00e9e \u00e0 Colombier le 11 novembre 1758, morte \u00e0 M\u00f4tiers le 12 mai 1835<\/li><li>David-Fran\u00e7ois, 31 mai 1761<\/li><li>David-Fran\u00e7ois, 18 d\u00e9cembre 1762, qui suit en XI<\/li><li>Marie-Madeleine, 9 mars 1765, morte \u00e0 M\u00f4tiers le 25 juin 1766<\/li><li>Jeanne-Elisabeth, 29 mars 1766, morte \u00e0 M\u00f4tiers le 6 mai 1766<\/li><\/ol>\t\t\t\t\t\t\t\t<\/div>\n\t\t\t\t<\/div>\n\t\t\t\t<div class=\"elementor-element elementor-element-0486ec8 elementor-widget elementor-widget-text-editor\" data-id=\"0486ec8\" data-element_type=\"widget\" data-e-type=\"widget\" data-widget_type=\"text-editor.default\">\n\t\t\t\t<div class=\"elementor-widget-container\">\n\t\t\t\t\t\t\t\t\t<p><strong>XI. David-Fran\u00e7ois Clerc<\/strong>, baptis\u00e9 \u00e0 M\u00f4tiers le 18 d\u00e9cembre 1762, mort \u00e0 M\u00f4tiers le 13 d\u00e9cembre 1851, notaire, Petit sautier puis Grand Sautier du Val de Travers le 29 septembre 1801. Caporal au r\u00e9giment des Gardes Suisses, il a particip\u00e9 \u00e0 la d\u00e9fense des Tuileries le 10 ao\u00fbt 1792. <em>\u00abBel homme, taill\u00e9 en hercule, fort et robuste comme un ch\u00eane, il avait conserv\u00e9 sous l&rsquo;habit civil l&rsquo;allure martiale du militaire qui a fait ses preuves.\u00bb (Lettre du Pasteur PERRIN de M\u00f4tiers au mus\u00e9e Neuch\u00e2telois, fin XIX\u00e8me).<\/em><\/p><p>En effet, le 10 ao\u00fbt 1792, il fait partie des gardes suisses qui d\u00e9fendent le palais des Tuileries. Avec 4 de ses hommes, il s&#8217;empare d&rsquo;un des canons que les insurg\u00e9s devaient installer pour viser le grand escalier des Tuileries. Dans ce combat, il est bless\u00e9 au c\u00f4t\u00e9 gauche par une pique. Pendant que les insurg\u00e9s p\u00e9n\u00e8trent dans le palais, David-Fran\u00e7ois et ses hommes plus ou moins bless\u00e9s, \u00e9chappent au massacre en se r\u00e9fugiant dans une maison de la rue St-Honor\u00e9. Heureusement pour eux, il s&rsquo;agit d&rsquo;une famille royaliste. Ils sont cach\u00e9s quelques jours dans les combles o\u00f9 ils sont soign\u00e9s et nourris. Finalement, David-Fran\u00e7ois r\u00e9cup\u00e8re des habits civils et regagne M\u00f4tiers sans \u00eatre inqui\u00e9t\u00e9. L\u00e0, il re\u00e7oit une caisse o\u00f9 il a la joie de retrouver son uniforme envoy\u00e9 par ses sauveurs de la rue St-Honor\u00e9. Il conservera cet uniforme qu&rsquo;il aimera porter notamment le dimanche uniquement par beau temps, pour \u00e9viter de l&rsquo;ab\u00eemer, et les jours de tirs et d&rsquo;abbaye. A M\u00f4tiers, David-Fran\u00e7ois est consid\u00e9r\u00e9 comme un h\u00e9ros, ses exploits suscit\u00e8rent des vocations militaires dans le village. C&rsquo;est en 1819 qu&rsquo;il re\u00e7oit la m\u00e9daille \u00abdu 10 ao\u00fbt \u00bb. Enfin David-Fran\u00e7ois fut nomm\u00e9 gardien du Lion de Lucerne en 1821 au moment de son inauguration, fonction qu&rsquo;il assume jusqu&rsquo;en 1824, date de son retour au pays. Il avait \u00e9pous\u00e9 \u00e0 M\u00f4tiers le 3 f\u00e9vrier 1798 Marianne Zimmermann, morte \u00e0 M\u00f4tiers le 29 septembre 1836, fille de Fran\u00e7ois-Ferdinand Zimmermann, de Furney ou Steffisbourg canton de Berne, meunier \u00e0 M\u00f4tiers, d&rsquo;o\u00f9 n\u00e9s \u00e0 M\u00f4tiers\u00a0<\/p><ol><li>Marie-Ad\u00e9la\u00efde, 28 mai 1798<\/li><li>Henriette-Aspasie, 2 f\u00e9vrier 1800, \u00e9pouse \u00e0 M\u00f4tiers le 1er novembre 1823 Henri Bovet.<\/li><li>Louise-Caroline, 1er mars 1802, inhum\u00e9e \u00e0 M\u00f4tiers le 11 mai 1835, \u00e9pouse Alphonse Franel de M\u00f4tiers, Bourgeois de Neuch\u00e2tel.<\/li><li>Jeanne-Marianne, 12 f\u00e9vrier 1804, morte \u00e0 M\u00f4tiers le 28 mai 1875, \u00e9pouse Fran\u00e7ois-Louis Luthi.<\/li><li>Fran\u00e7ois-Alexandre28 mars 1806, qui suit<\/li><li>Anne-Sophie, 2 f\u00e9vrier 1808, morte \u00e0 M\u00f4tiers le 19 janvier 1817<\/li><li>Nanette-Elodie, 24 ao\u00fbt 1810, morte \u00e0 M\u00e9tiers le 3 mai 1815 de rougeole.<\/li><\/ol>\t\t\t\t\t\t\t\t<\/div>\n\t\t\t\t<\/div>\n\t\t\t\t<div class=\"elementor-element elementor-element-992bd1d elementor-widget elementor-widget-text-editor\" data-id=\"992bd1d\" data-element_type=\"widget\" data-e-type=\"widget\" data-widget_type=\"text-editor.default\">\n\t\t\t\t<div class=\"elementor-widget-container\">\n\t\t\t\t\t\t\t\t\t<p><strong>XII. Fran\u00e7ois-Alexandre Clerc<\/strong>, n\u00e9 \u00e0 M\u00f4tiers le 28 mars 1806, mort \u00e0 M\u00f4tiers le 17 septembre 1849. Il \u00e9pouse Marie-Emilie Thi\u00e9baud, fille de Daniel-Fran\u00e7ois Thi\u00e9baud et Susanne-Marie Thi\u00e9baud, d&rsquo;o\u00f9 n\u00e9s \u00e0 M\u00f4tiers<\/p><ol><li>Sophie-Henriette, 11 juin 1838, morte \u00e0 M\u00f4tiers le 24 ao\u00fbt 1838<\/li><li>Marie-Ad\u00e8le, 29 novembre 1839, morte \u00e0 M\u00f4tiers le 21 mars 1840<\/li><\/ol>\t\t\t\t\t\t\t\t<\/div>\n\t\t\t\t<\/div>\n\t\t\t\t\t<\/div>\n\t\t<\/div>\n\t\t\t\t\t<\/div>\n\t\t<\/section>\n\t\t\t\t<section class=\"elementor-section elementor-top-section elementor-element elementor-element-3d3973fa elementor-section-boxed elementor-section-height-default elementor-section-height-default\" data-id=\"3d3973fa\" data-element_type=\"section\" data-e-type=\"section\">\n\t\t\t\t\t\t<div class=\"elementor-container elementor-column-gap-default\">\n\t\t\t\t\t<div class=\"elementor-column elementor-col-100 elementor-top-column elementor-element elementor-element-14632964\" data-id=\"14632964\" data-element_type=\"column\" data-e-type=\"column\">\n\t\t\t<div class=\"elementor-widget-wrap elementor-element-populated\">\n\t\t\t\t\t\t<div class=\"elementor-element elementor-element-38fc4a9e elementor-widget elementor-widget-heading\" data-id=\"38fc4a9e\" data-element_type=\"widget\" data-e-type=\"widget\" data-widget_type=\"heading.default\">\n\t\t\t\t<div class=\"elementor-widget-container\">\n\t\t\t\t\t<h4 class=\"elementor-heading-title elementor-size-default\">Notes<\/h4>\t\t\t\t<\/div>\n\t\t\t\t<\/div>\n\t\t\t\t<div class=\"elementor-element elementor-element-744abc03 elementor-widget elementor-widget-text-editor\" data-id=\"744abc03\" data-element_type=\"widget\" data-e-type=\"widget\" data-widget_type=\"text-editor.default\">\n\t\t\t\t<div class=\"elementor-widget-container\">\n\t\t\t\t\t\t\t\t\t<ol><li>Sources : Recherche par Andr\u00e9-Hubert le Clec, Evelyne Gasser-Clerc ; et Pierre-Andr\u00e9 Clerc pour les premi\u00e8res g\u00e9n\u00e9rations Clerc. Mus\u00e9e Neuch\u00e2telois 1897.<\/li><\/ol>\t\t\t\t\t\t\t\t<\/div>\n\t\t\t\t<\/div>\n\t\t\t\t\t<\/div>\n\t\t<\/div>\n\t\t\t\t\t<\/div>\n\t\t<\/section>\n\t\t\t\t<section class=\"elementor-section elementor-top-section elementor-element elementor-element-394a1564 elementor-section-boxed elementor-section-height-default elementor-section-height-default\" data-id=\"394a1564\" data-element_type=\"section\" data-e-type=\"section\">\n\t\t\t\t\t\t<div class=\"elementor-container elementor-column-gap-default\">\n\t\t\t\t\t<div class=\"elementor-column elementor-col-33 elementor-top-column elementor-element elementor-element-2e538c5c\" data-id=\"2e538c5c\" data-element_type=\"column\" data-e-type=\"column\">\n\t\t\t<div class=\"elementor-widget-wrap elementor-element-populated\">\n\t\t\t\t\t\t<div class=\"elementor-element elementor-element-824257a elementor-widget elementor-widget-button\" data-id=\"824257a\" data-element_type=\"widget\" data-e-type=\"widget\" data-widget_type=\"button.default\">\n\t\t\t\t<div class=\"elementor-widget-container\">\n\t\t\t\t\t\t\t\t\t<div class=\"elementor-button-wrapper\">\n\t\t\t\t\t<a class=\"elementor-button elementor-button-link elementor-size-sm\" href=\"https:\/\/www.sngenealogie.ch\/wp\/bulletins\/bulletin-28\/famille-thiebaud-de-brot-dessous\/\">\n\t\t\t\t\t\t<span class=\"elementor-button-content-wrapper\">\n\t\t\t\t\t\t<span class=\"elementor-button-icon\">\n\t\t\t\t<i aria-hidden=\"true\" class=\"fas fa-arrow-left\"><\/i>\t\t\t<\/span>\n\t\t\t\t\t\t\t\t\t<span class=\"elementor-button-text\">Article pr\u00e9c\u00e9dent<\/span>\n\t\t\t\t\t<\/span>\n\t\t\t\t\t<\/a>\n\t\t\t\t<\/div>\n\t\t\t\t\t\t\t\t<\/div>\n\t\t\t\t<\/div>\n\t\t\t\t\t<\/div>\n\t\t<\/div>\n\t\t\t\t<div class=\"elementor-column elementor-col-33 elementor-top-column elementor-element elementor-element-99cc7f\" data-id=\"99cc7f\" data-element_type=\"column\" data-e-type=\"column\">\n\t\t\t<div class=\"elementor-widget-wrap elementor-element-populated\">\n\t\t\t\t\t\t<div class=\"elementor-element elementor-element-7414bc44 elementor-align-center elementor-widget elementor-widget-button\" data-id=\"7414bc44\" data-element_type=\"widget\" data-e-type=\"widget\" data-widget_type=\"button.default\">\n\t\t\t\t<div class=\"elementor-widget-container\">\n\t\t\t\t\t\t\t\t\t<div class=\"elementor-button-wrapper\">\n\t\t\t\t\t<a class=\"elementor-button elementor-button-link elementor-size-sm\" href=\"https:\/\/www.sngenealogie.ch\/wp\/bulletins\/bulletin-28\/\">\n\t\t\t\t\t\t<span class=\"elementor-button-content-wrapper\">\n\t\t\t\t\t\t<span class=\"elementor-button-icon\">\n\t\t\t\t<i aria-hidden=\"true\" class=\"fas fa-arrow-up\"><\/i>\t\t\t<\/span>\n\t\t\t\t\t\t\t\t\t<span class=\"elementor-button-text\">Bulletin 28<\/span>\n\t\t\t\t\t<\/span>\n\t\t\t\t\t<\/a>\n\t\t\t\t<\/div>\n\t\t\t\t\t\t\t\t<\/div>\n\t\t\t\t<\/div>\n\t\t\t\t\t<\/div>\n\t\t<\/div>\n\t\t\t\t<div class=\"elementor-column elementor-col-33 elementor-top-column elementor-element elementor-element-35e0edd6\" data-id=\"35e0edd6\" data-element_type=\"column\" data-e-type=\"column\">\n\t\t\t<div class=\"elementor-widget-wrap elementor-element-populated\">\n\t\t\t\t\t\t<div class=\"elementor-element elementor-element-4febe7b0 elementor-align-right elementor-widget elementor-widget-button\" data-id=\"4febe7b0\" data-element_type=\"widget\" data-e-type=\"widget\" data-widget_type=\"button.default\">\n\t\t\t\t<div class=\"elementor-widget-container\">\n\t\t\t\t\t\t\t\t\t<div class=\"elementor-button-wrapper\">\n\t\t\t\t\t<a class=\"elementor-button elementor-button-link elementor-size-sm\" href=\"https:\/\/www.sngenealogie.ch\/wp\/bulletins\/bulletin-28\/les-clerc-de-sagneula\/\">\n\t\t\t\t\t\t<span class=\"elementor-button-content-wrapper\">\n\t\t\t\t\t\t<span class=\"elementor-button-icon\">\n\t\t\t\t<i aria-hidden=\"true\" class=\"fas fa-arrow-right\"><\/i>\t\t\t<\/span>\n\t\t\t\t\t\t\t\t\t<span class=\"elementor-button-text\">Article suivant<\/span>\n\t\t\t\t\t<\/span>\n\t\t\t\t\t<\/a>\n\t\t\t\t<\/div>\n\t\t\t\t\t\t\t\t<\/div>\n\t\t\t\t<\/div>\n\t\t\t\t\t<\/div>\n\t\t<\/div>\n\t\t\t\t\t<\/div>\n\t\t<\/section>\n\t\t\t\t<\/div>\n\t\t","protected":false},"excerpt":{"rendered":"<p>Bulletin 28 \/ Mai 2006 Les aventures de David-Fran\u00e7ois Clerc, Caporal des Gardes Suisses par Andr\u00e9-Hubert le Clerc Les familles [&hellip;]<\/p>\n","protected":false},"author":1,"featured_media":0,"parent":2747,"menu_order":0,"comment_status":"closed","ping_status":"closed","template":"","meta":{"site-sidebar-layout":"no-sidebar","site-content-layout":"page-builder","ast-site-content-layout":"default","site-content-style":"default","site-sidebar-style":"default","ast-global-header-display":"","ast-banner-title-visibility":"","ast-main-header-display":"","ast-hfb-above-header-display":"","ast-hfb-below-header-display":"","ast-hfb-mobile-header-display":"","site-post-title":"disabled","ast-breadcrumbs-content":"","ast-featured-img":"disabled","footer-sml-layout":"","ast-disable-related-posts":"","theme-transparent-header-meta":"default","adv-header-id-meta":"","stick-header-meta":"","header-above-stick-meta":"","header-main-stick-meta":"","header-below-stick-meta":"","astra-migrate-meta-layouts":"default","ast-page-background-enabled":"default","ast-page-background-meta":{"desktop":{"background-color":"","background-image":"","background-repeat":"repeat","background-position":"center center","background-size":"auto","background-attachment":"scroll","background-type":"","background-media":"","overlay-type":"","overlay-color":"","overlay-opacity":"","overlay-gradient":""},"tablet":{"background-color":"","background-image":"","background-repeat":"repeat","background-position":"center center","background-size":"auto","background-attachment":"scroll","background-type":"","background-media":"","overlay-type":"","overlay-color":"","overlay-opacity":"","overlay-gradient":""},"mobile":{"background-color":"","background-image":"","background-repeat":"repeat","background-position":"center center","background-size":"auto","background-attachment":"scroll","background-type":"","background-media":"","overlay-type":"","overlay-color":"","overlay-opacity":"","overlay-gradient":""}},"ast-content-background-meta":{"desktop":{"background-color":"var(--ast-global-color-5)","background-image":"","background-repeat":"repeat","background-position":"center center","background-size":"auto","background-attachment":"scroll","background-type":"","background-media":"","overlay-type":"","overlay-color":"","overlay-opacity":"","overlay-gradient":""},"tablet":{"background-color":"var(--ast-global-color-5)","background-image":"","background-repeat":"repeat","background-position":"center center","background-size":"auto","background-attachment":"scroll","background-type":"","background-media":"","overlay-type":"","overlay-color":"","overlay-opacity":"","overlay-gradient":""},"mobile":{"background-color":"var(--ast-global-color-5)","background-image":"","background-repeat":"repeat","background-position":"center center","background-size":"auto","background-attachment":"scroll","background-type":"","background-media":"","overlay-type":"","overlay-color":"","overlay-opacity":"","overlay-gradient":""}},"footnotes":""},"wf_page_folders":[44],"class_list":["post-9030","page","type-page","status-publish","hentry"],"_links":{"self":[{"href":"https:\/\/www.sngenealogie.ch\/wp\/wp-json\/wp\/v2\/pages\/9030","targetHints":{"allow":["GET"]}}],"collection":[{"href":"https:\/\/www.sngenealogie.ch\/wp\/wp-json\/wp\/v2\/pages"}],"about":[{"href":"https:\/\/www.sngenealogie.ch\/wp\/wp-json\/wp\/v2\/types\/page"}],"author":[{"embeddable":true,"href":"https:\/\/www.sngenealogie.ch\/wp\/wp-json\/wp\/v2\/users\/1"}],"replies":[{"embeddable":true,"href":"https:\/\/www.sngenealogie.ch\/wp\/wp-json\/wp\/v2\/comments?post=9030"}],"version-history":[{"count":8,"href":"https:\/\/www.sngenealogie.ch\/wp\/wp-json\/wp\/v2\/pages\/9030\/revisions"}],"predecessor-version":[{"id":9073,"href":"https:\/\/www.sngenealogie.ch\/wp\/wp-json\/wp\/v2\/pages\/9030\/revisions\/9073"}],"up":[{"embeddable":true,"href":"https:\/\/www.sngenealogie.ch\/wp\/wp-json\/wp\/v2\/pages\/2747"}],"wp:attachment":[{"href":"https:\/\/www.sngenealogie.ch\/wp\/wp-json\/wp\/v2\/media?parent=9030"}],"wp:term":[{"taxonomy":"wf_page_folders","embeddable":true,"href":"https:\/\/www.sngenealogie.ch\/wp\/wp-json\/wp\/v2\/wf_page_folders?post=9030"}],"curies":[{"name":"wp","href":"https:\/\/api.w.org\/{rel}","templated":true}]}}