{"id":9145,"date":"2021-07-29T08:36:42","date_gmt":"2021-07-29T06:36:42","guid":{"rendered":"https:\/\/www.sngenealogie.ch\/wp\/?page_id=9145"},"modified":"2021-07-29T09:41:57","modified_gmt":"2021-07-29T07:41:57","slug":"sortie-3-septembre-2006","status":"publish","type":"page","link":"https:\/\/www.sngenealogie.ch\/wp\/bulletins\/bulletin-29\/sortie-3-septembre-2006\/","title":{"rendered":"Sortie 3 septembre 2006"},"content":{"rendered":"\t\t<div data-elementor-type=\"wp-page\" data-elementor-id=\"9145\" class=\"elementor elementor-9145\">\n\t\t\t\t\t\t<section class=\"elementor-section elementor-top-section elementor-element elementor-element-6c184fb4 elementor-section-boxed elementor-section-height-default elementor-section-height-default\" data-id=\"6c184fb4\" data-element_type=\"section\" data-e-type=\"section\" data-settings=\"{&quot;background_background&quot;:&quot;gradient&quot;}\">\n\t\t\t\t\t\t<div class=\"elementor-container elementor-column-gap-no\">\n\t\t\t\t\t<div class=\"elementor-column elementor-col-100 elementor-top-column elementor-element elementor-element-3c4f2430\" data-id=\"3c4f2430\" data-element_type=\"column\" data-e-type=\"column\">\n\t\t\t<div class=\"elementor-widget-wrap elementor-element-populated\">\n\t\t\t\t\t\t<div class=\"elementor-element elementor-element-28a7be6c elementor-widget elementor-widget-heading\" data-id=\"28a7be6c\" data-element_type=\"widget\" data-e-type=\"widget\" data-widget_type=\"heading.default\">\n\t\t\t\t<div class=\"elementor-widget-container\">\n\t\t\t\t\t<h5 class=\"elementor-heading-title elementor-size-default\">Bulletin 29 \/ Septembre 2006<\/h5>\t\t\t\t<\/div>\n\t\t\t\t<\/div>\n\t\t\t\t<div class=\"elementor-element elementor-element-64b397dc elementor-widget elementor-widget-heading\" data-id=\"64b397dc\" data-element_type=\"widget\" data-e-type=\"widget\" data-widget_type=\"heading.default\">\n\t\t\t\t<div class=\"elementor-widget-container\">\n\t\t\t\t\t<h2 class=\"elementor-heading-title elementor-size-default\">Journ\u00e9e familiale \u00e0 la Ferme Robert avec la SNG<br>\nDimanche 3 septembre 2006<\/h2>\t\t\t\t<\/div>\n\t\t\t\t<\/div>\n\t\t\t\t\t<\/div>\n\t\t<\/div>\n\t\t\t\t\t<\/div>\n\t\t<\/section>\n\t\t\t\t<section class=\"elementor-section elementor-top-section elementor-element elementor-element-187d1c15 elementor-section-boxed elementor-section-height-default elementor-section-height-default\" data-id=\"187d1c15\" data-element_type=\"section\" data-e-type=\"section\">\n\t\t\t\t\t\t<div class=\"elementor-container elementor-column-gap-default\">\n\t\t\t\t\t<div class=\"elementor-column elementor-col-100 elementor-top-column elementor-element elementor-element-6539d444\" data-id=\"6539d444\" data-element_type=\"column\" data-e-type=\"column\">\n\t\t\t<div class=\"elementor-widget-wrap elementor-element-populated\">\n\t\t\t\t\t\t<div class=\"elementor-element elementor-element-8457048 elementor-widget elementor-widget-heading\" data-id=\"8457048\" data-element_type=\"widget\" data-e-type=\"widget\" data-widget_type=\"heading.default\">\n\t\t\t\t<div class=\"elementor-widget-container\">\n\t\t\t\t\t<h4 class=\"elementor-heading-title elementor-size-default\">par Fran\u00e7oise Favre-Martel, secr\u00e9taire<\/h4>\t\t\t\t<\/div>\n\t\t\t\t<\/div>\n\t\t\t\t<div class=\"elementor-element elementor-element-e7770b6 elementor-widget elementor-widget-spacer\" data-id=\"e7770b6\" data-element_type=\"widget\" data-e-type=\"widget\" data-widget_type=\"spacer.default\">\n\t\t\t\t<div class=\"elementor-widget-container\">\n\t\t\t\t\t\t\t<div class=\"elementor-spacer\">\n\t\t\t<div class=\"elementor-spacer-inner\"><\/div>\n\t\t<\/div>\n\t\t\t\t\t\t<\/div>\n\t\t\t\t<\/div>\n\t\t\t\t<div class=\"elementor-element elementor-element-4d49286 elementor-widget elementor-widget-text-editor\" data-id=\"4d49286\" data-element_type=\"widget\" data-e-type=\"widget\" data-widget_type=\"text-editor.default\">\n\t\t\t\t<div class=\"elementor-widget-container\">\n\t\t\t\t\t\t\t\t\t<p>Venus des quatre coins du canton et m\u00eame de bien plus loin, une trentaine de personnes ont r\u00e9pondu pr\u00e9sents \u00e0 l&rsquo;invitation de la SNG, en ce premier dimanche de septembre. Apr\u00e8s un mois d&rsquo;ao\u00fbt froid et humide, le soleil brille et la temp\u00e9rature est agr\u00e9able, ce qui est de bon augure !<\/p><p>La pr\u00e9sidente Anne-Lise Fischer accueille et salue chacun et chacune tandis que Denis Robert-Charrue, en tant qu&rsquo;organisateur de la journ\u00e9e et membre de l&rsquo;Association des Amis de la Ferme Robert, nous pr\u00e9sente les lieux. Nous sommes ici dans un magnifique site naturel, \u00e0 972 m d&rsquo;altitude, au pied du Creux-du-Van, qui doit son nom au mot celte \u00ab\u00a0van\u00a0\u00bb, qui signifie \u00ab\u00a0pente rocheuse, combe rocheuse\u00a0\u00bb. Cela n&rsquo;a donc rien \u00e0 voir avec Eole comme on le croit souvent \u00e0 tort ! <\/p><p>Nous commen\u00e7ons la visite de cette \u00ab\u00a0recul\u00e9e\u00a0\u00bb jurassienne par une petite grimp\u00e9e jusqu&rsquo;\u00e0 la Fontaine Froide o\u00f9 un ap\u00e9ritif nous attend. Selon la tradition, nous \u00ab\u00a0troublerons\u00a0\u00bb la fontaine avec de la bleue. Denis Robert-Charrue en fait la d\u00e9monstration : il sort de son sac \u00e0 dos un verre \u00e0 pied et une bouteille d&rsquo;absinthe dont il verse 2 doigts dans le verre. Sur la cuill\u00e8re ad hoc, il pose un morceau de sucre, puis laisse doucement couler l&rsquo;eau sur le tout. Dans le verre, la boisson prend une belle couleur laiteuse. Pas besoin d&rsquo;ajouter de gla\u00e7ons : ici, l&rsquo;eau coule en permanence \u00e0 + ou \u2013 5\u00b0. Les enfants, eux, auront \u00e0 une \u00ab\u00a0absinthe sans alcool\u00a0\u00bb, qui n&rsquo;est pas bleue, mais ambr\u00e9e ! Chacun peut essayer de se pr\u00e9parer une bleue, avec ou sans sucre, selon que l&rsquo;on pr\u00e9f\u00e8re la boire am\u00e8re ou douce. Les langues se d\u00e9lient, on fait connaissance car il y a une forte proportion de \u00ab\u00a0nouveaux\u00a0\u00bb pour cette rencontre.<\/p><p>Apr\u00e8s le repas, pique-nique ou menu servi par les soins du restaurant, pris dans ce qui \u00e9tait autrefois l&rsquo;\u00e9table de la ferme, nous nous retrouvons dans le petit b\u00e2timent tout neuf sis juste au-dessous de la ferme. C&rsquo;est un g\u00eete moderne, confortable et tr\u00e8s beau, tout en bois, qui s&rsquo;appelle \u00ab\u00a0L&rsquo;Abri du Van\u00a0\u00bb et qui peut accueillir une trentaine de personnes pour des WE ou des camps. <\/p><p>Germain Hausmann nous pr\u00e9sente la famille ROBERT, depuis Nicolas ROBERT, anc\u00eatre de tous les ROBERT et premier du nom, cit\u00e9 en 1401, jusqu&rsquo;aux nombreuses ramifications des Robert-Nicoud, Robert-Grandpierre, Robert-Charrue\u2026 que l&rsquo;on trouve aujourd&rsquo;hui. <\/p><p>C&rsquo;est ensuite Denis Robert-Charrue qui encha\u00eene en parlant de David et Abram ROBERT, deux fr\u00e8res qui s&rsquo;\u00e9tablirent au Creux-du-Van et y construisirent une ferme en 1752. Cette ferme, qui est devant nous, est rest\u00e9e entre les mains de la famille et en exploitation jusqu&rsquo;en 1882. Depuis cette \u00e9poque, elle sert d&rsquo;auberge et l&rsquo;on y accueille les promeneurs.<\/p><p>Bien s\u00fbr, on ne peut pas venir ici sans \u00e9voquer le dernier ours du canton, abattu en 1757 par David Robert. Le souvenir est encore l\u00e0, concr\u00e8tement, puisque l&rsquo;on peut voir deux des pattes de l&rsquo;ours clou\u00e9es au-dessus de la porte d&rsquo;entr\u00e9e.<\/p><p>C&rsquo;est \u00e0 Gilberte Gerber, arri\u00e8re petite-fille de Lina ROBERT-NICOUD et Christian SANTSCHY, les derniers occupants de la ferme, qu&rsquo;est revenu le mot de la fin. Elle \u00e9voque pour nous ce couple et la vie qu&rsquo;ils ont men\u00e9e en ces lieux, elle qui ne porte plus leur nom, mais qui les garde dans son c\u0153ur.<\/p><p>Avant de se quitter, les moins press\u00e9s profitent encore du soleil et de la beaut\u00e9 du site, attabl\u00e9s \u00e0 la terrasse du restaurant, en bavardant. Il nous reste \u00e0 dire un grand merci \u00e0 Denis Robert-Charrue qui a organis\u00e9 cette journ\u00e9e de d\u00e9tente, o\u00f9 les membres de la SNG ont conjugu\u00e9 g\u00e9n\u00e9alogie et convivialit\u00e9 !\u00a0<\/p><p style=\"text-align: right;\">Fran\u00e7oise Favre-Martel<br \/>Secr\u00e9taire<\/p>\t\t\t\t\t\t\t\t<\/div>\n\t\t\t\t<\/div>\n\t\t\t\t\t<\/div>\n\t\t<\/div>\n\t\t\t\t\t<\/div>\n\t\t<\/section>\n\t\t\t\t<section class=\"elementor-section elementor-top-section elementor-element elementor-element-394a1564 elementor-section-boxed elementor-section-height-default elementor-section-height-default\" data-id=\"394a1564\" data-element_type=\"section\" data-e-type=\"section\">\n\t\t\t\t\t\t<div class=\"elementor-container elementor-column-gap-default\">\n\t\t\t\t\t<div class=\"elementor-column elementor-col-33 elementor-top-column elementor-element elementor-element-2e538c5c\" data-id=\"2e538c5c\" data-element_type=\"column\" data-e-type=\"column\">\n\t\t\t<div class=\"elementor-widget-wrap elementor-element-populated\">\n\t\t\t\t\t\t<div class=\"elementor-element elementor-element-824257a elementor-widget elementor-widget-button\" data-id=\"824257a\" data-element_type=\"widget\" data-e-type=\"widget\" data-widget_type=\"button.default\">\n\t\t\t\t<div class=\"elementor-widget-container\">\n\t\t\t\t\t\t\t\t\t<div class=\"elementor-button-wrapper\">\n\t\t\t\t\t<a class=\"elementor-button elementor-button-link elementor-size-sm\" href=\"https:\/\/www.sngenealogie.ch\/wp\/bulletins\/bulletin-29\/curiosite-jacot-des-combes-matthey\/\">\n\t\t\t\t\t\t<span class=\"elementor-button-content-wrapper\">\n\t\t\t\t\t\t<span class=\"elementor-button-icon\">\n\t\t\t\t<i aria-hidden=\"true\" class=\"fas fa-arrow-left\"><\/i>\t\t\t<\/span>\n\t\t\t\t\t\t\t\t\t<span class=\"elementor-button-text\">Article pr\u00e9c\u00e9dent<\/span>\n\t\t\t\t\t<\/span>\n\t\t\t\t\t<\/a>\n\t\t\t\t<\/div>\n\t\t\t\t\t\t\t\t<\/div>\n\t\t\t\t<\/div>\n\t\t\t\t\t<\/div>\n\t\t<\/div>\n\t\t\t\t<div class=\"elementor-column elementor-col-33 elementor-top-column elementor-element elementor-element-99cc7f\" data-id=\"99cc7f\" data-element_type=\"column\" data-e-type=\"column\">\n\t\t\t<div class=\"elementor-widget-wrap elementor-element-populated\">\n\t\t\t\t\t\t<div class=\"elementor-element elementor-element-7414bc44 elementor-align-center elementor-widget elementor-widget-button\" data-id=\"7414bc44\" data-element_type=\"widget\" data-e-type=\"widget\" data-widget_type=\"button.default\">\n\t\t\t\t<div class=\"elementor-widget-container\">\n\t\t\t\t\t\t\t\t\t<div class=\"elementor-button-wrapper\">\n\t\t\t\t\t<a class=\"elementor-button elementor-button-link elementor-size-sm\" href=\"https:\/\/www.sngenealogie.ch\/wp\/bulletins\/bulletin-29\/\">\n\t\t\t\t\t\t<span class=\"elementor-button-content-wrapper\">\n\t\t\t\t\t\t<span class=\"elementor-button-icon\">\n\t\t\t\t<i aria-hidden=\"true\" class=\"fas fa-arrow-up\"><\/i>\t\t\t<\/span>\n\t\t\t\t\t\t\t\t\t<span class=\"elementor-button-text\">Bulletin 29<\/span>\n\t\t\t\t\t<\/span>\n\t\t\t\t\t<\/a>\n\t\t\t\t<\/div>\n\t\t\t\t\t\t\t\t<\/div>\n\t\t\t\t<\/div>\n\t\t\t\t\t<\/div>\n\t\t<\/div>\n\t\t\t\t<div class=\"elementor-column elementor-col-33 elementor-top-column elementor-element elementor-element-35e0edd6\" data-id=\"35e0edd6\" data-element_type=\"column\" data-e-type=\"column\">\n\t\t\t<div class=\"elementor-widget-wrap elementor-element-populated\">\n\t\t\t\t\t\t<div class=\"elementor-element elementor-element-4febe7b0 elementor-align-right elementor-widget elementor-widget-button\" data-id=\"4febe7b0\" data-element_type=\"widget\" data-e-type=\"widget\" data-widget_type=\"button.default\">\n\t\t\t\t<div class=\"elementor-widget-container\">\n\t\t\t\t\t\t\t\t\t<div class=\"elementor-button-wrapper\">\n\t\t\t\t\t<a class=\"elementor-button elementor-button-link elementor-size-sm\" href=\"https:\/\/www.sngenealogie.ch\/wp\/bulletins\/bulletin-29\/les-surprises-de-la-genealogie\/\">\n\t\t\t\t\t\t<span class=\"elementor-button-content-wrapper\">\n\t\t\t\t\t\t<span class=\"elementor-button-icon\">\n\t\t\t\t<i aria-hidden=\"true\" class=\"fas fa-arrow-right\"><\/i>\t\t\t<\/span>\n\t\t\t\t\t\t\t\t\t<span class=\"elementor-button-text\">Article suivant<\/span>\n\t\t\t\t\t<\/span>\n\t\t\t\t\t<\/a>\n\t\t\t\t<\/div>\n\t\t\t\t\t\t\t\t<\/div>\n\t\t\t\t<\/div>\n\t\t\t\t\t<\/div>\n\t\t<\/div>\n\t\t\t\t\t<\/div>\n\t\t<\/section>\n\t\t\t\t<\/div>\n\t\t","protected":false},"excerpt":{"rendered":"<p>Bulletin 29 \/ Septembre 2006 Journ\u00e9e familiale \u00e0 la Ferme Robert avec la SNG Dimanche 3 septembre 2006 par Fran\u00e7oise [&hellip;]<\/p>\n","protected":false},"author":1,"featured_media":0,"parent":2739,"menu_order":0,"comment_status":"closed","ping_status":"closed","template":"","meta":{"site-sidebar-layout":"no-sidebar","site-content-layout":"page-builder","ast-site-content-layout":"default","site-content-style":"default","site-sidebar-style":"default","ast-global-header-display":"","ast-banner-title-visibility":"","ast-main-header-display":"","ast-hfb-above-header-display":"","ast-hfb-below-header-display":"","ast-hfb-mobile-header-display":"","site-post-title":"disabled","ast-breadcrumbs-content":"","ast-featured-img":"disabled","footer-sml-layout":"","ast-disable-related-posts":"","theme-transparent-header-meta":"default","adv-header-id-meta":"","stick-header-meta":"","header-above-stick-meta":"","header-main-stick-meta":"","header-below-stick-meta":"","astra-migrate-meta-layouts":"default","ast-page-background-enabled":"default","ast-page-background-meta":{"desktop":{"background-color":"","background-image":"","background-repeat":"repeat","background-position":"center center","background-size":"auto","background-attachment":"scroll","background-type":"","background-media":"","overlay-type":"","overlay-color":"","overlay-opacity":"","overlay-gradient":""},"tablet":{"background-color":"","background-image":"","background-repeat":"repeat","background-position":"center center","background-size":"auto","background-attachment":"scroll","background-type":"","background-media":"","overlay-type":"","overlay-color":"","overlay-opacity":"","overlay-gradient":""},"mobile":{"background-color":"","background-image":"","background-repeat":"repeat","background-position":"center center","background-size":"auto","background-attachment":"scroll","background-type":"","background-media":"","overlay-type":"","overlay-color":"","overlay-opacity":"","overlay-gradient":""}},"ast-content-background-meta":{"desktop":{"background-color":"var(--ast-global-color-5)","background-image":"","background-repeat":"repeat","background-position":"center center","background-size":"auto","background-attachment":"scroll","background-type":"","background-media":"","overlay-type":"","overlay-color":"","overlay-opacity":"","overlay-gradient":""},"tablet":{"background-color":"var(--ast-global-color-5)","background-image":"","background-repeat":"repeat","background-position":"center center","background-size":"auto","background-attachment":"scroll","background-type":"","background-media":"","overlay-type":"","overlay-color":"","overlay-opacity":"","overlay-gradient":""},"mobile":{"background-color":"var(--ast-global-color-5)","background-image":"","background-repeat":"repeat","background-position":"center center","background-size":"auto","background-attachment":"scroll","background-type":"","background-media":"","overlay-type":"","overlay-color":"","overlay-opacity":"","overlay-gradient":""}},"footnotes":""},"wf_page_folders":[45],"class_list":["post-9145","page","type-page","status-publish","hentry"],"_links":{"self":[{"href":"https:\/\/www.sngenealogie.ch\/wp\/wp-json\/wp\/v2\/pages\/9145","targetHints":{"allow":["GET"]}}],"collection":[{"href":"https:\/\/www.sngenealogie.ch\/wp\/wp-json\/wp\/v2\/pages"}],"about":[{"href":"https:\/\/www.sngenealogie.ch\/wp\/wp-json\/wp\/v2\/types\/page"}],"author":[{"embeddable":true,"href":"https:\/\/www.sngenealogie.ch\/wp\/wp-json\/wp\/v2\/users\/1"}],"replies":[{"embeddable":true,"href":"https:\/\/www.sngenealogie.ch\/wp\/wp-json\/wp\/v2\/comments?post=9145"}],"version-history":[{"count":8,"href":"https:\/\/www.sngenealogie.ch\/wp\/wp-json\/wp\/v2\/pages\/9145\/revisions"}],"predecessor-version":[{"id":9196,"href":"https:\/\/www.sngenealogie.ch\/wp\/wp-json\/wp\/v2\/pages\/9145\/revisions\/9196"}],"up":[{"embeddable":true,"href":"https:\/\/www.sngenealogie.ch\/wp\/wp-json\/wp\/v2\/pages\/2739"}],"wp:attachment":[{"href":"https:\/\/www.sngenealogie.ch\/wp\/wp-json\/wp\/v2\/media?parent=9145"}],"wp:term":[{"taxonomy":"wf_page_folders","embeddable":true,"href":"https:\/\/www.sngenealogie.ch\/wp\/wp-json\/wp\/v2\/wf_page_folders?post=9145"}],"curies":[{"name":"wp","href":"https:\/\/api.w.org\/{rel}","templated":true}]}}