{"id":9847,"date":"2021-08-01T08:20:55","date_gmt":"2021-08-01T06:20:55","guid":{"rendered":"https:\/\/www.sngenealogie.ch\/wp\/?page_id=9847"},"modified":"2021-08-01T09:43:05","modified_gmt":"2021-08-01T07:43:05","slug":"descendance-theophile-parel","status":"publish","type":"page","link":"https:\/\/www.sngenealogie.ch\/wp\/bulletins\/bulletin-37\/descendance-theophile-parel\/","title":{"rendered":"Descendance Th\u00e9ophile Parel"},"content":{"rendered":"\t\t<div data-elementor-type=\"wp-page\" data-elementor-id=\"9847\" class=\"elementor elementor-9847\">\n\t\t\t\t\t\t<section class=\"elementor-section elementor-top-section elementor-element elementor-element-6c184fb4 elementor-section-boxed elementor-section-height-default elementor-section-height-default\" data-id=\"6c184fb4\" data-element_type=\"section\" data-e-type=\"section\" data-settings=\"{&quot;background_background&quot;:&quot;gradient&quot;}\">\n\t\t\t\t\t\t<div class=\"elementor-container elementor-column-gap-no\">\n\t\t\t\t\t<div class=\"elementor-column elementor-col-100 elementor-top-column elementor-element elementor-element-3c4f2430\" data-id=\"3c4f2430\" data-element_type=\"column\" data-e-type=\"column\">\n\t\t\t<div class=\"elementor-widget-wrap elementor-element-populated\">\n\t\t\t\t\t\t<div class=\"elementor-element elementor-element-28a7be6c elementor-widget elementor-widget-heading\" data-id=\"28a7be6c\" data-element_type=\"widget\" data-e-type=\"widget\" data-widget_type=\"heading.default\">\n\t\t\t\t<div class=\"elementor-widget-container\">\n\t\t\t\t\t<h5 class=\"elementor-heading-title elementor-size-default\">Bulletin 37 \/ Mai 2009<\/h5>\t\t\t\t<\/div>\n\t\t\t\t<\/div>\n\t\t\t\t<div class=\"elementor-element elementor-element-64b397dc elementor-widget elementor-widget-heading\" data-id=\"64b397dc\" data-element_type=\"widget\" data-e-type=\"widget\" data-widget_type=\"heading.default\">\n\t\t\t\t<div class=\"elementor-widget-container\">\n\t\t\t\t\t<h2 class=\"elementor-heading-title elementor-size-default\">Descendance de Th\u00e9ophile Parel, du Locle<\/h2>\t\t\t\t<\/div>\n\t\t\t\t<\/div>\n\t\t\t\t\t<\/div>\n\t\t<\/div>\n\t\t\t\t\t<\/div>\n\t\t<\/section>\n\t\t\t\t<section class=\"elementor-section elementor-top-section elementor-element elementor-element-187d1c15 elementor-section-boxed elementor-section-height-default elementor-section-height-default\" data-id=\"187d1c15\" data-element_type=\"section\" data-e-type=\"section\">\n\t\t\t\t\t\t<div class=\"elementor-container elementor-column-gap-default\">\n\t\t\t\t\t<div class=\"elementor-column elementor-col-100 elementor-top-column elementor-element elementor-element-6539d444\" data-id=\"6539d444\" data-element_type=\"column\" data-e-type=\"column\">\n\t\t\t<div class=\"elementor-widget-wrap elementor-element-populated\">\n\t\t\t\t\t\t<div class=\"elementor-element elementor-element-8457048 elementor-widget elementor-widget-heading\" data-id=\"8457048\" data-element_type=\"widget\" data-e-type=\"widget\" data-widget_type=\"heading.default\">\n\t\t\t\t<div class=\"elementor-widget-container\">\n\t\t\t\t\t<h4 class=\"elementor-heading-title elementor-size-default\">par Evelyn Gasser-Clerc<\/h4>\t\t\t\t<\/div>\n\t\t\t\t<\/div>\n\t\t\t\t<div class=\"elementor-element elementor-element-e7770b6 elementor-widget elementor-widget-spacer\" data-id=\"e7770b6\" data-element_type=\"widget\" data-e-type=\"widget\" data-widget_type=\"spacer.default\">\n\t\t\t\t<div class=\"elementor-widget-container\">\n\t\t\t\t\t\t\t<div class=\"elementor-spacer\">\n\t\t\t<div class=\"elementor-spacer-inner\"><\/div>\n\t\t<\/div>\n\t\t\t\t\t\t<\/div>\n\t\t\t\t<\/div>\n\t\t\t\t<div class=\"elementor-element elementor-element-4d49286 elementor-widget elementor-widget-text-editor\" data-id=\"4d49286\" data-element_type=\"widget\" data-e-type=\"widget\" data-widget_type=\"text-editor.default\">\n\t\t\t\t<div class=\"elementor-widget-container\">\n\t\t\t\t\t\t\t\t\t<p><strong>Th\u00e9ophile Parel<\/strong>, n\u00e9 le 17 janvier 1778 \u00e0 St-Imier, d\u00e9c\u00e9d\u00e9 le 16.6.1860, \u00e9pouse en 1801, aux Planchettes, Marianne Droz, d&rsquo;o\u00f9:<\/p><ul><li>Louis-Th\u00e9ophile, 24.12.1801 alli\u00e9 Henriette Calame en 1825. <\/li><li>C\u00e9lestine, 24.4.1803 alli\u00e9e Fr\u00e9d\u00e9ric Eug\u00e8ne Perret de Renan.<\/li><li>Augustine, 25.3.1805, phtisique.<\/li><li>Z\u00e9lie, 28.8.1807 alli\u00e9e Abraham Fr\u00e9d\u00e9ric Calame en 1825.<\/li><li>C\u00e9cile, 29.1.1809 alli\u00e9e Charles Ulysse Brandt.<\/li><li>Eug\u00e9nie, 18.12.1810 alli\u00e9e Justin B\u00e9guin en 1832 (Charles B\u00e9guin, pharmacien au Locle).<\/li><li><strong>F\u00e9licien<\/strong>, 1812, branche du professeur Henri Parel, Lausanne.<\/li><li><strong>C\u00e9lestin<\/strong>, 1813, branche de Henri Eug\u00e8ne Parel, Bienne, Lausanne, Montreux.<\/li><li>Elise, 27.11.1814 alli\u00e9e Louis-Fr\u00e9d\u00e9ric Calame 10.5.1838.<\/li><li>Justin ,16.2.1816 alli\u00e9 Justine Matile 7.6.1839.<\/li><li>Justine, 10. 5.1817 au Locle alli\u00e9e \u00e0 Ulysse Othenin-Girard, 23.3.1839, d\u00e9c\u00e9d\u00e9e le 11.1.1845.<\/li><li><strong>Eug\u00e8ne<\/strong>, 25.3.1827 alli\u00e9 Ad\u00e8le Hirschi le 30.1.1841, branche de Francis Richard Parel de Gen\u00e8ve *1948.<\/li><li>Lucien, 20.10.1822 alli\u00e9 Fanny Robert-Grandpierre 23.5.1846.<\/li><li><strong>Z\u00e9lim-Constant<\/strong>, 18.4.1825, branche de Ami-Auguste, Henri et Auguste Parel de Peseux.<\/li><li>Auguste-Ami 13.1.1827 d\u00e9c. 1843<\/li><\/ul>\t\t\t\t\t\t\t\t<\/div>\n\t\t\t\t<\/div>\n\t\t\t\t<div class=\"elementor-element elementor-element-df3e996 elementor-widget elementor-widget-heading\" data-id=\"df3e996\" data-element_type=\"widget\" data-e-type=\"widget\" data-widget_type=\"heading.default\">\n\t\t\t\t<div class=\"elementor-widget-container\">\n\t\t\t\t\t<h3 class=\"elementor-heading-title elementor-size-default\">Branche de Z\u00e9lim-Constant Parel 1825<\/h3>\t\t\t\t<\/div>\n\t\t\t\t<\/div>\n\t\t\t\t<div class=\"elementor-element elementor-element-ad36299 elementor-widget elementor-widget-text-editor\" data-id=\"ad36299\" data-element_type=\"widget\" data-e-type=\"widget\" data-widget_type=\"text-editor.default\">\n\t\t\t\t<div class=\"elementor-widget-container\">\n\t\t\t\t\t\t\t\t\t<p><strong>Z\u00e9lim-Constant<\/strong>, n\u00e9 le 18 avril 1825 au Locle, \u00e9pouse le 30 juin 1849 Julie-Fran\u00e7oise Vuille, d&rsquo;o\u00f9<\/p><ul><li>Laure-Amanda, n\u00e9e le 25.4.1854, \u00e9pouse Paul Vuilleumier \u00e0 Neuch\u00e2tel le 1.6.1876. Leurs enfants sont:<ul><li>Arnold-Aim\u00e9,<\/li><li>Paul,<\/li><li>Blanche (Paul Graber),<\/li><li>Laure Eug\u00e9nie (Sch\u00fcpbach),<\/li><li>Augusta \u00c9lisabeth (Hayer)<\/li><\/ul><\/li><li>Ami-Auguste, n\u00e9 le 28 mars 1850, pasteur, \u00e9pouse Elisabeth Sommer, d&rsquo;o\u00f9<ul><li>Henri, n\u00e9 le 15.12.1878, pasteur, \u00e9pouse 25.12.1893 Anna Schaeffer, d\u00e9c\u00e9d\u00e9 le 22. 2.1948. d&rsquo;o\u00f9<ul><li>Lucette, n\u00e9e le 30.3.1906, infirmi\u00e8re<\/li><li>Annie, n\u00e9e le 19.6.1907, pianiste, alli\u00e9e Achille Delflasse, violoniste <\/li><li>Claudine, n\u00e9e le 22.8.1911 alli\u00e9e Ren\u00e9 Voeltzel, m\u00e9decin, le 9.3.1935 <\/li><\/ul><\/li><li>Emmanuel, n\u00e9 le 24.2.1880, instituteur, d\u00e9c\u00e9d\u00e9 en 1955, \u00e9pouses: Rose Borel en premi\u00e8res noces puis Blanche Reichel d\u2019o\u00f9<br \/><ul><li>Blaise Emmanuel n\u00e9 18.12.1932<\/li><li>Claude Henry 16.4.1935 alli\u00e9 Antoinette Cornuz = Anne 1963<\/li><\/ul><\/li><li>Auguste, n\u00e9 le 12.7.1875, docteur \u00e0 Peseux, d\u00e9c\u00e9d\u00e9 en 1931, \u00e9pouse le 23.2.1900, Alice-Henriette Matthey. d&rsquo;o\u00f9<ul><li>Jean-Auguste, n\u00e9e en 1901, d\u00e9c\u00e9d\u00e9 en 1925<\/li><li>Pierre-Henri, n\u00e9 le 1.7.1902, d\u00e9c\u00e9d\u00e9 1941, \u00e9pouse en 1930 C\u00e9cile Boy de la Tour, d&rsquo;o\u00f9:<br \/><ul><li>Jean-Pierre, n\u00e9 le 26.5.1931, \u00e9pouse le 6.12.1958 Marianne Elisabeth Hofer<br \/><ul><li>Thierry 1959 Peseux<\/li><\/ul><\/li><\/ul><\/li><li>Max, n\u00e9 en 1906, \u00e9pouse le 1.6.1940 Ren\u00e9e-Marie Noverraz. d\u00e9c\u00e9d\u00e9 en 2000. d&rsquo;o\u00f9:<br \/><ul><li>Bertrand, n\u00e9 le 23.12.1941 <\/li><li>Jean-Luc, n\u00e9 le 13.5.1946, pasteur<\/li><\/ul><\/li><\/ul><\/li><\/ul><\/li><\/ul>\t\t\t\t\t\t\t\t<\/div>\n\t\t\t\t<\/div>\n\t\t\t\t<div class=\"elementor-element elementor-element-b03fc38 elementor-widget elementor-widget-heading\" data-id=\"b03fc38\" data-element_type=\"widget\" data-e-type=\"widget\" data-widget_type=\"heading.default\">\n\t\t\t\t<div class=\"elementor-widget-container\">\n\t\t\t\t\t<h3 class=\"elementor-heading-title elementor-size-default\">Branche de C\u00e9lestin Parel 1813-<\/h3>\t\t\t\t<\/div>\n\t\t\t\t<\/div>\n\t\t\t\t<div class=\"elementor-element elementor-element-6fa62ee elementor-widget elementor-widget-text-editor\" data-id=\"6fa62ee\" data-element_type=\"widget\" data-e-type=\"widget\" data-widget_type=\"text-editor.default\">\n\t\t\t\t<div class=\"elementor-widget-container\">\n\t\t\t\t\t\t\t\t\t<p><strong>C\u00e9lestin<\/strong>, fils de Th\u00e9ophile, n\u00e9 le 3 novembre 1813, \u00e9pouse le 26.9.1846 Elise Robert , d&rsquo;o\u00f9:<\/p><ul><li>Henri-Louis, n\u00e9 le 21 avril 1849, d\u00e9c\u00e9d\u00e9 en 1877. <\/li><li>Eug\u00e8ne, n\u00e9 le 24 janvier 1847, d\u00e9c\u00e9d\u00e9 en 1914, \u00e9pouse, le 4 novembre 1875\u00a0Henriette Frech, d\u00e9c\u00e9d\u00e9e le 4.7.1943 au Locle d&rsquo;o\u00f9<br \/><ul><li>Jules C\u00e9sar n\u00e9 le 25 mai 1877, d\u00e9c\u00e9d\u00e9 11.2.1958<\/li><li>Marie-Louise n\u00e9e le 7 d\u00e9cembre 1878, \u00e9pouse en 1906 Jules-Bernard Matthey-de-l&rsquo; Endroit (deux fils Eug\u00e8ne et G\u00e9rard)<\/li><li>Bertha Augusta n\u00e9e le 27.6.1886, \u00e9pouse aux Planchettes, le 19.4.1907, Emile Br\u00fcgger (Alice-Ida, Charles, Ernest, Yvonne, Elisa) <\/li><li>Henri Eug\u00e8ne, n\u00e9 le 14 octobre 1888, d\u00e9c\u00e9d\u00e9 en 1977, \u00e9pouse le 7.4.1916 Elise Br\u00fcgger n\u00e9e le 11.3.1888, d\u00e9c\u00e9d\u00e9 en 1926. d&rsquo;o\u00f9<br \/><ul><li>Yvonne Madeleine, n\u00e9e le 11 janvier 1917, \u00e9pouse \u00e0 Lausanne le 1.1.1944, Roger Waegli. 3 filles: Josy 1944-1998, Raymonde 1946, Rolande 1948<\/li><li>Charles Henri, n\u00e9 le 2 mars 1918, \u00e9pouse \u00e0 Peseux le 21.5.1945 Claudine Jeanmonod. 2 filles: Danielle Dominique, 5.6.1947, Christine Suzanne, 17.9.1948<\/li><li>Suzanne H\u00e9l\u00e8ne, n\u00e9e le 10 janvier 1921 \u00e9pouse \u00e0 Bienne, le 18 avril 1942, Georges Clerc. 3 filles: Eveline 1943, Marie-Jeanne 1944, Micheline 1946<\/li><li>Gabrielle Elisabeth, n\u00e9e le 14 d\u00e9cembre 1925, \u00e9pouse \u00e0 Bienne, en 1952 Walter Aebi. Deux enfants: Jean-Pierre 1953, Gabi 1956<\/li><\/ul><\/li><li>Jeanne C\u00e9cile n\u00e9e le 16 mai 1890, \u00e9pouse en 1909 Charles Hirschy. D\u00e9c\u00e9d\u00e9e \u00e0 Bellelay en 1976<\/li><\/ul><\/li><\/ul><p>Cette branche Parel est \u00e9teinte, faute d&rsquo;h\u00e9ritiers m\u00e2les.<\/p>\t\t\t\t\t\t\t\t<\/div>\n\t\t\t\t<\/div>\n\t\t\t\t<div class=\"elementor-element elementor-element-ab53aae elementor-widget elementor-widget-heading\" data-id=\"ab53aae\" data-element_type=\"widget\" data-e-type=\"widget\" data-widget_type=\"heading.default\">\n\t\t\t\t<div class=\"elementor-widget-container\">\n\t\t\t\t\t<h3 class=\"elementor-heading-title elementor-size-default\">Branche de F\u00e9licien Parel 1812-<\/h3>\t\t\t\t<\/div>\n\t\t\t\t<\/div>\n\t\t\t\t<div class=\"elementor-element elementor-element-dd5b663 elementor-widget elementor-widget-text-editor\" data-id=\"dd5b663\" data-element_type=\"widget\" data-e-type=\"widget\" data-widget_type=\"text-editor.default\">\n\t\t\t\t<div class=\"elementor-widget-container\">\n\t\t\t\t\t\t\t\t\t<p>Jean Ulysse, 1850, \u00e9pouse Clotilde Turban 1851-1942. <\/p><ul><li>Jean Alfred 1875-1952 x 1899 Alice Borel 1879-1940.<\/li><li>Henri Jean, 16.2.1902 La Chaux-de-Fonds, \u00e9pouse, le 15.7.1933 Jeanne Guignard, auteure de l&rsquo;\u00e9tude g\u00e9n\u00e9alogique des Parel dat\u00e9e de 1965 et d\u00e9pos\u00e9e au Locle (Archives et Biblioth\u00e8que).<\/li><\/ul>\t\t\t\t\t\t\t\t<\/div>\n\t\t\t\t<\/div>\n\t\t\t\t\t<\/div>\n\t\t<\/div>\n\t\t\t\t\t<\/div>\n\t\t<\/section>\n\t\t\t\t<section class=\"elementor-section elementor-top-section elementor-element elementor-element-3fefe897 elementor-section-boxed elementor-section-height-default elementor-section-height-default\" data-id=\"3fefe897\" data-element_type=\"section\" data-e-type=\"section\">\n\t\t\t\t\t\t<div class=\"elementor-container elementor-column-gap-default\">\n\t\t\t\t\t<div class=\"elementor-column elementor-col-100 elementor-top-column elementor-element elementor-element-e0003c8\" data-id=\"e0003c8\" data-element_type=\"column\" data-e-type=\"column\">\n\t\t\t<div class=\"elementor-widget-wrap elementor-element-populated\">\n\t\t\t\t\t\t<div class=\"elementor-element elementor-element-46a486a elementor-widget elementor-widget-heading\" data-id=\"46a486a\" data-element_type=\"widget\" data-e-type=\"widget\" data-widget_type=\"heading.default\">\n\t\t\t\t<div class=\"elementor-widget-container\">\n\t\t\t\t\t<h2 class=\"elementor-heading-title elementor-size-default\">Copie de l\u2019acte de bourgeoise des Parrel, du 17 d\u00e9cembre 1573 et la reconfirmation du 9 juin 1660 (reconnaissance d\u2019Abraham Parrel)<\/h2>\t\t\t\t<\/div>\n\t\t\t\t<\/div>\n\t\t\t\t<div class=\"elementor-element elementor-element-24e5226 elementor-widget elementor-widget-text-editor\" data-id=\"24e5226\" data-element_type=\"widget\" data-e-type=\"widget\" data-widget_type=\"text-editor.default\">\n\t\t\t\t<div class=\"elementor-widget-container\">\n\t\t\t\t\t\t\t\t\t<p><em>Nous Jaques de Stavay, Chevalier Seigneur de Mollondin, Mareschal de Camps et Arm\u00e9es e France, gouverneur g\u00e9n\u00e9ral es comtez souverains de Neufchastel et Vallangin, pour et au nom de Tr\u00e8s Illustre Haut Puissant prince Henry, par la gr\u00e2ce de Dieu, souverain des dicts lieux, duc de Longueville et d\u2019Estouteville, comte de Danois, de St-Pol, Chaumont, Tancerville, Pair de France, gouverneur et lieutenant g\u00e9n\u00e9ral pour le Roy et constable h\u00e9r\u00e9ditaire de la Province de Normandie, savoir faisons que sur la tr\u00e8s humble\u00a0 requeste qui nous a \u00e9t\u00e9 faite par la lign\u00e9e et descendance du d\u00e9funt Othenin Parrel du Locle, nomm\u00e9s Abraham, fils de feu Abraham Parrel demeurant de par \u00e0 Montb\u00e9liard, Abraham, Jean et Josu\u00e9 furent fils de feu Jean Parrel, du Locle, et Daniel, Josu\u00e9, Pierre et Jean savoir fils de feu Daniel Parrel, tous du dit Locle, \u00e0 ce qu\u2019il nous plut au nom de son Altesse ratifier leur lettre de bourgeoise de Vallangin d\u2019autre part, afin de la pouvoir inscrire en la reconnaissance et r\u00e9novation pr\u00e9sente, de quoy les sieurs commissaires modernes font\u00a0 difficult\u00e9 tant pour l\u2019usurpation du titre du souverain que nous trouvons que les dits Seigneurs et Dames y d\u00e9nomm\u00e9z s\u2019y attribuent au pr\u00e9judice des droits de son Altesse et de ses tr\u00e8s illustres Pr\u00e9d\u00e9cesseurs \u00e0 qui ils appartenaient, que pour l\u2019impuissance du vassal \u00e0 alt\u00e9rer les conditions des sujets par la diminution de son fief, et pour n\u2019avoir le dit comter et comtesse est\u00e9 paisible possesseur d\u2019Icelle, \u00e0 raison de quoi la dite lettre n\u2019a pu se subsister, Cependant pour bonnes consid\u00e9rations et pour gratifier les dits Parrel devant nomm\u00e9s, apr\u00e8s avoir particip\u00e9 de l\u2019avis de Messieurs du Conseil d\u2019Estat, Nous avons au nom de Sa dite Altesse, conform\u00e9ment \u00e0 ses ordres pr\u00e9c\u00e9dens et suivans,\u00a0ceux et et le pouvoir que nous avons receus d\u2019Elle, ratifi\u00e9 et par l\u00e0 ratifions la dite Bourgeoisie, ordonnant aux dits sieurs commissaires de ne faire difficult\u00e9 de l\u2019ins\u00e9rer aux dits Reconnaissances les qualifians de Bourgeois de Vallangin, ainsy qu\u2019ils y sont nommez pour jouir des b\u00e9n\u00e9fices port\u00e9s \u00e0 Icelle, sans que la deffectuoisit\u00e9 susdit leur puisse pr\u00e9judicier par le temps pass\u00e9 ny pour l\u2019advenir.<\/em><\/p><p><em>Et est-ce moyennant la somme de cent vingt cinq livres, monnaye faible, applicable au profit de Sa dite Altesse, \u00e0 sa recepte des deniers casuestes?, en outre les droits accoutumez, laquelle ils ont promptement d\u00e9livr\u00e9, dont ils en demeurent quittes pour eux et les\u00a0 leurs, Em t\u00e9moignage de quoy nous avons sign\u00e9 les pr\u00e9sentes de nostre main et \u00e0 Icelles appos\u00e9 le cachet de nos Armes.<\/em><\/p><p><em>Fait au chasteau de Neufchastel, le huiti\u00e8me juin mille six cent soixante.<\/em><\/p><p style=\"text-align: right;\"><em>Sign\u00e9: J. Stavay-Mollondin<\/em><\/p>\t\t\t\t\t\t\t\t<\/div>\n\t\t\t\t<\/div>\n\t\t\t\t<div class=\"elementor-element elementor-element-438ee44 elementor-widget elementor-widget-text-editor\" data-id=\"438ee44\" data-element_type=\"widget\" data-e-type=\"widget\" data-widget_type=\"text-editor.default\">\n\t\t\t\t<div class=\"elementor-widget-container\">\n\t\t\t\t\t\t\t\t\t<p>Copi\u00e9 fid\u00e8lement d\u2019apr\u00e8s un parchemin \u00e9crit des deux c\u00f4t\u00e9s; d\u2019un des c\u00f4t\u00e9s est la lettre originale de 17 Xbre 1573 presque illisible pour l\u2019\u00e9criture et le style; de l\u2019autre est la lettre de renovation du 8 juin 1660. Ce parchemin est d\u00e9pos\u00e9 dans les Archives de la Communaut\u00e9 du Locle, grand coffre ferr\u00e9, caissette No 3, ce parchemin porte le No 79 \u00e9crit en encre rouge et muni de deux sceaux en cire rouge dont un dans une bo\u00eete<\/p>\t\t\t\t\t\t\t\t<\/div>\n\t\t\t\t<\/div>\n\t\t\t\t\t<\/div>\n\t\t<\/div>\n\t\t\t\t\t<\/div>\n\t\t<\/section>\n\t\t\t\t<section class=\"elementor-section elementor-top-section elementor-element elementor-element-394a1564 elementor-section-boxed elementor-section-height-default elementor-section-height-default\" data-id=\"394a1564\" data-element_type=\"section\" data-e-type=\"section\">\n\t\t\t\t\t\t<div class=\"elementor-container elementor-column-gap-default\">\n\t\t\t\t\t<div class=\"elementor-column elementor-col-33 elementor-top-column elementor-element elementor-element-2e538c5c\" data-id=\"2e538c5c\" data-element_type=\"column\" data-e-type=\"column\">\n\t\t\t<div class=\"elementor-widget-wrap elementor-element-populated\">\n\t\t\t\t\t\t<div class=\"elementor-element elementor-element-824257a elementor-widget elementor-widget-button\" data-id=\"824257a\" data-element_type=\"widget\" data-e-type=\"widget\" data-widget_type=\"button.default\">\n\t\t\t\t<div class=\"elementor-widget-container\">\n\t\t\t\t\t\t\t\t\t<div class=\"elementor-button-wrapper\">\n\t\t\t\t\t<a class=\"elementor-button elementor-button-link elementor-size-sm\" href=\"https:\/\/www.sngenealogie.ch\/wp\/bulletins\/bulletin-37\/famille-convert-au-17e\/\">\n\t\t\t\t\t\t<span class=\"elementor-button-content-wrapper\">\n\t\t\t\t\t\t<span class=\"elementor-button-icon\">\n\t\t\t\t<i aria-hidden=\"true\" class=\"fas fa-arrow-left\"><\/i>\t\t\t<\/span>\n\t\t\t\t\t\t\t\t\t<span class=\"elementor-button-text\">Article pr\u00e9c\u00e9dent<\/span>\n\t\t\t\t\t<\/span>\n\t\t\t\t\t<\/a>\n\t\t\t\t<\/div>\n\t\t\t\t\t\t\t\t<\/div>\n\t\t\t\t<\/div>\n\t\t\t\t\t<\/div>\n\t\t<\/div>\n\t\t\t\t<div class=\"elementor-column elementor-col-33 elementor-top-column elementor-element elementor-element-99cc7f\" data-id=\"99cc7f\" data-element_type=\"column\" data-e-type=\"column\">\n\t\t\t<div class=\"elementor-widget-wrap elementor-element-populated\">\n\t\t\t\t\t\t<div class=\"elementor-element elementor-element-7414bc44 elementor-align-center elementor-widget elementor-widget-button\" data-id=\"7414bc44\" data-element_type=\"widget\" data-e-type=\"widget\" data-widget_type=\"button.default\">\n\t\t\t\t<div class=\"elementor-widget-container\">\n\t\t\t\t\t\t\t\t\t<div class=\"elementor-button-wrapper\">\n\t\t\t\t\t<a class=\"elementor-button elementor-button-link elementor-size-sm\" href=\"https:\/\/www.sngenealogie.ch\/wp\/bulletins\/bulletin-37\/\">\n\t\t\t\t\t\t<span class=\"elementor-button-content-wrapper\">\n\t\t\t\t\t\t<span class=\"elementor-button-icon\">\n\t\t\t\t<i aria-hidden=\"true\" class=\"fas fa-arrow-up\"><\/i>\t\t\t<\/span>\n\t\t\t\t\t\t\t\t\t<span class=\"elementor-button-text\">Bulletin 37<\/span>\n\t\t\t\t\t<\/span>\n\t\t\t\t\t<\/a>\n\t\t\t\t<\/div>\n\t\t\t\t\t\t\t\t<\/div>\n\t\t\t\t<\/div>\n\t\t\t\t\t<\/div>\n\t\t<\/div>\n\t\t\t\t<div class=\"elementor-column elementor-col-33 elementor-top-column elementor-element elementor-element-35e0edd6\" data-id=\"35e0edd6\" data-element_type=\"column\" data-e-type=\"column\">\n\t\t\t<div class=\"elementor-widget-wrap elementor-element-populated\">\n\t\t\t\t\t\t<div class=\"elementor-element elementor-element-4febe7b0 elementor-align-right elementor-widget elementor-widget-button\" data-id=\"4febe7b0\" data-element_type=\"widget\" data-e-type=\"widget\" data-widget_type=\"button.default\">\n\t\t\t\t<div class=\"elementor-widget-container\">\n\t\t\t\t\t\t\t\t\t<div class=\"elementor-button-wrapper\">\n\t\t\t\t\t<a class=\"elementor-button elementor-button-link elementor-size-sm\" href=\"https:\/\/www.sngenealogie.ch\/wp\/bulletins\/bulletin-37\/anecdote-pierre-arnold-borel\/\">\n\t\t\t\t\t\t<span class=\"elementor-button-content-wrapper\">\n\t\t\t\t\t\t<span class=\"elementor-button-icon\">\n\t\t\t\t<i aria-hidden=\"true\" class=\"fas fa-arrow-right\"><\/i>\t\t\t<\/span>\n\t\t\t\t\t\t\t\t\t<span class=\"elementor-button-text\">Article suivant<\/span>\n\t\t\t\t\t<\/span>\n\t\t\t\t\t<\/a>\n\t\t\t\t<\/div>\n\t\t\t\t\t\t\t\t<\/div>\n\t\t\t\t<\/div>\n\t\t\t\t\t<\/div>\n\t\t<\/div>\n\t\t\t\t\t<\/div>\n\t\t<\/section>\n\t\t\t\t<\/div>\n\t\t","protected":false},"excerpt":{"rendered":"<p>Bulletin 37 \/ Mai 2009 Descendance de Th\u00e9ophile Parel, du Locle par Evelyn Gasser-Clerc Th\u00e9ophile Parel, n\u00e9 le 17 janvier [&hellip;]<\/p>\n","protected":false},"author":1,"featured_media":0,"parent":2672,"menu_order":0,"comment_status":"closed","ping_status":"closed","template":"","meta":{"site-sidebar-layout":"no-sidebar","site-content-layout":"page-builder","ast-site-content-layout":"default","site-content-style":"default","site-sidebar-style":"default","ast-global-header-display":"","ast-banner-title-visibility":"","ast-main-header-display":"","ast-hfb-above-header-display":"","ast-hfb-below-header-display":"","ast-hfb-mobile-header-display":"","site-post-title":"disabled","ast-breadcrumbs-content":"","ast-featured-img":"disabled","footer-sml-layout":"","ast-disable-related-posts":"","theme-transparent-header-meta":"default","adv-header-id-meta":"","stick-header-meta":"","header-above-stick-meta":"","header-main-stick-meta":"","header-below-stick-meta":"","astra-migrate-meta-layouts":"default","ast-page-background-enabled":"default","ast-page-background-meta":{"desktop":{"background-color":"","background-image":"","background-repeat":"repeat","background-position":"center center","background-size":"auto","background-attachment":"scroll","background-type":"","background-media":"","overlay-type":"","overlay-color":"","overlay-opacity":"","overlay-gradient":""},"tablet":{"background-color":"","background-image":"","background-repeat":"repeat","background-position":"center center","background-size":"auto","background-attachment":"scroll","background-type":"","background-media":"","overlay-type":"","overlay-color":"","overlay-opacity":"","overlay-gradient":""},"mobile":{"background-color":"","background-image":"","background-repeat":"repeat","background-position":"center center","background-size":"auto","background-attachment":"scroll","background-type":"","background-media":"","overlay-type":"","overlay-color":"","overlay-opacity":"","overlay-gradient":""}},"ast-content-background-meta":{"desktop":{"background-color":"var(--ast-global-color-5)","background-image":"","background-repeat":"repeat","background-position":"center center","background-size":"auto","background-attachment":"scroll","background-type":"","background-media":"","overlay-type":"","overlay-color":"","overlay-opacity":"","overlay-gradient":""},"tablet":{"background-color":"var(--ast-global-color-5)","background-image":"","background-repeat":"repeat","background-position":"center center","background-size":"auto","background-attachment":"scroll","background-type":"","background-media":"","overlay-type":"","overlay-color":"","overlay-opacity":"","overlay-gradient":""},"mobile":{"background-color":"var(--ast-global-color-5)","background-image":"","background-repeat":"repeat","background-position":"center center","background-size":"auto","background-attachment":"scroll","background-type":"","background-media":"","overlay-type":"","overlay-color":"","overlay-opacity":"","overlay-gradient":""}},"footnotes":""},"wf_page_folders":[53],"class_list":["post-9847","page","type-page","status-publish","hentry"],"_links":{"self":[{"href":"https:\/\/www.sngenealogie.ch\/wp\/wp-json\/wp\/v2\/pages\/9847","targetHints":{"allow":["GET"]}}],"collection":[{"href":"https:\/\/www.sngenealogie.ch\/wp\/wp-json\/wp\/v2\/pages"}],"about":[{"href":"https:\/\/www.sngenealogie.ch\/wp\/wp-json\/wp\/v2\/types\/page"}],"author":[{"embeddable":true,"href":"https:\/\/www.sngenealogie.ch\/wp\/wp-json\/wp\/v2\/users\/1"}],"replies":[{"embeddable":true,"href":"https:\/\/www.sngenealogie.ch\/wp\/wp-json\/wp\/v2\/comments?post=9847"}],"version-history":[{"count":8,"href":"https:\/\/www.sngenealogie.ch\/wp\/wp-json\/wp\/v2\/pages\/9847\/revisions"}],"predecessor-version":[{"id":9922,"href":"https:\/\/www.sngenealogie.ch\/wp\/wp-json\/wp\/v2\/pages\/9847\/revisions\/9922"}],"up":[{"embeddable":true,"href":"https:\/\/www.sngenealogie.ch\/wp\/wp-json\/wp\/v2\/pages\/2672"}],"wp:attachment":[{"href":"https:\/\/www.sngenealogie.ch\/wp\/wp-json\/wp\/v2\/media?parent=9847"}],"wp:term":[{"taxonomy":"wf_page_folders","embeddable":true,"href":"https:\/\/www.sngenealogie.ch\/wp\/wp-json\/wp\/v2\/wf_page_folders?post=9847"}],"curies":[{"name":"wp","href":"https:\/\/api.w.org\/{rel}","templated":true}]}}