{"id":9991,"date":"2021-08-01T17:16:02","date_gmt":"2021-08-01T15:16:02","guid":{"rendered":"https:\/\/www.sngenealogie.ch\/wp\/?page_id=9991"},"modified":"2021-08-01T19:14:22","modified_gmt":"2021-08-01T17:14:22","slug":"jequier-fleurier","status":"publish","type":"page","link":"https:\/\/www.sngenealogie.ch\/wp\/bulletins\/bulletin-38\/jequier-fleurier\/","title":{"rendered":"Jequier Fleurier"},"content":{"rendered":"\t\t<div data-elementor-type=\"wp-page\" data-elementor-id=\"9991\" class=\"elementor elementor-9991\">\n\t\t\t\t\t\t<section class=\"elementor-section elementor-top-section elementor-element elementor-element-6c184fb4 elementor-section-boxed elementor-section-height-default elementor-section-height-default\" data-id=\"6c184fb4\" data-element_type=\"section\" data-e-type=\"section\" data-settings=\"{&quot;background_background&quot;:&quot;gradient&quot;}\">\n\t\t\t\t\t\t<div class=\"elementor-container elementor-column-gap-no\">\n\t\t\t\t\t<div class=\"elementor-column elementor-col-100 elementor-top-column elementor-element elementor-element-3c4f2430\" data-id=\"3c4f2430\" data-element_type=\"column\" data-e-type=\"column\">\n\t\t\t<div class=\"elementor-widget-wrap elementor-element-populated\">\n\t\t\t\t\t\t<div class=\"elementor-element elementor-element-28a7be6c elementor-widget elementor-widget-heading\" data-id=\"28a7be6c\" data-element_type=\"widget\" data-e-type=\"widget\" data-widget_type=\"heading.default\">\n\t\t\t\t<div class=\"elementor-widget-container\">\n\t\t\t\t\t<h5 class=\"elementor-heading-title elementor-size-default\">Bulletin 38 \/ Septembre 2009<\/h5>\t\t\t\t<\/div>\n\t\t\t\t<\/div>\n\t\t\t\t<div class=\"elementor-element elementor-element-64b397dc elementor-widget elementor-widget-heading\" data-id=\"64b397dc\" data-element_type=\"widget\" data-e-type=\"widget\" data-widget_type=\"heading.default\">\n\t\t\t\t<div class=\"elementor-widget-container\">\n\t\t\t\t\t<h2 class=\"elementor-heading-title elementor-size-default\">Les JEQUIER de Fleurier<\/h2>\t\t\t\t<\/div>\n\t\t\t\t<\/div>\n\t\t\t\t\t<\/div>\n\t\t<\/div>\n\t\t\t\t\t<\/div>\n\t\t<\/section>\n\t\t\t\t<section class=\"elementor-section elementor-top-section elementor-element elementor-element-187d1c15 elementor-section-boxed elementor-section-height-default elementor-section-height-default\" data-id=\"187d1c15\" data-element_type=\"section\" data-e-type=\"section\">\n\t\t\t\t\t\t<div class=\"elementor-container elementor-column-gap-default\">\n\t\t\t\t\t<div class=\"elementor-column elementor-col-100 elementor-top-column elementor-element elementor-element-6539d444\" data-id=\"6539d444\" data-element_type=\"column\" data-e-type=\"column\">\n\t\t\t<div class=\"elementor-widget-wrap elementor-element-populated\">\n\t\t\t\t\t\t<div class=\"elementor-element elementor-element-8457048 elementor-widget elementor-widget-heading\" data-id=\"8457048\" data-element_type=\"widget\" data-e-type=\"widget\" data-widget_type=\"heading.default\">\n\t\t\t\t<div class=\"elementor-widget-container\">\n\t\t\t\t\t<h4 class=\"elementor-heading-title elementor-size-default\">rapport\u00e9 par Fran\u00e7oise Favre, secr\u00e9taire<\/h4>\t\t\t\t<\/div>\n\t\t\t\t<\/div>\n\t\t\t\t<div class=\"elementor-element elementor-element-e7770b6 elementor-widget elementor-widget-spacer\" data-id=\"e7770b6\" data-element_type=\"widget\" data-e-type=\"widget\" data-widget_type=\"spacer.default\">\n\t\t\t\t<div class=\"elementor-widget-container\">\n\t\t\t\t\t\t\t<div class=\"elementor-spacer\">\n\t\t\t<div class=\"elementor-spacer-inner\"><\/div>\n\t\t<\/div>\n\t\t\t\t\t\t<\/div>\n\t\t\t\t<\/div>\n\t\t\t\t<div class=\"elementor-element elementor-element-b352f90 elementor-widget elementor-widget-heading\" data-id=\"b352f90\" data-element_type=\"widget\" data-e-type=\"widget\" data-widget_type=\"heading.default\">\n\t\t\t\t<div class=\"elementor-widget-container\">\n\t\t\t\t\t<h4 class=\"elementor-heading-title elementor-size-default\">Famille pr\u00e9sent\u00e9e par Paul Favre,<br>\nle vendredi 24 avril 2009 \u00e0 19 h 30 au Caf\u00e9 de l'Union \u00e0 Fontainemelon avec la pr\u00e9sence d'une d\u00e9l\u00e9gation de la famille Jequier<\/h4>\t\t\t\t<\/div>\n\t\t\t\t<\/div>\n\t\t\t\t<section class=\"elementor-section elementor-inner-section elementor-element elementor-element-80d921a elementor-section-boxed elementor-section-height-default elementor-section-height-default\" data-id=\"80d921a\" data-element_type=\"section\" data-e-type=\"section\">\n\t\t\t\t\t\t<div class=\"elementor-container elementor-column-gap-default\">\n\t\t\t\t\t<div class=\"elementor-column elementor-col-50 elementor-inner-column elementor-element elementor-element-3ecf501\" data-id=\"3ecf501\" data-element_type=\"column\" data-e-type=\"column\">\n\t\t\t<div class=\"elementor-widget-wrap elementor-element-populated\">\n\t\t\t\t\t\t<div class=\"elementor-element elementor-element-4d49286 elementor-widget elementor-widget-text-editor\" data-id=\"4d49286\" data-element_type=\"widget\" data-e-type=\"widget\" data-widget_type=\"text-editor.default\">\n\t\t\t\t<div class=\"elementor-widget-container\">\n\t\t\t\t\t\t\t\t\t<p>Les JEQUIER sont pr\u00e9sents \u00e0 Fleurier d\u00e8s le 12e si\u00e8cle. <\/p><p>Des JEQUIER deviennent bourgeois de Neuch\u00e2tel en 1787. Certains seront citoyens de Gen\u00e8ve d\u00e8s 1815. D&rsquo;autres ach\u00e8teront la bourgeoise de Corsier s\/Vevey en 1956.<\/p><p>L&rsquo;orthographe du nom a fluctu\u00e9 au fil des temps : JEQUIER, JACQUIER, JECQUIER, J\u00c9QUIER [1]\u2026<\/p><p>Depuis 1951, une branche porte officiellement le nom de J\u00c9QUIER (avec accent). Une branche de la famille est dite JEQUIER-dit-PAPE sans qu&rsquo;on connaisse l&rsquo;origine du surnom (aujourd&rsquo;hui, le surnom est oubli\u00e9). <\/p><p>On trouve des JEQUIER en Suisse, mais aussi en France, en Angleterre, en Espagne, au Chili, en Argentine, aux Etats-Unis\u2026 et tous font partis de la m\u00eame famille. Seule la branche d&rsquo;Argentine n&rsquo;a pas encore pu \u00eatre reli\u00e9e \u00e0 l&rsquo;arbre.<\/p><p>A l&rsquo;origine de la famille, Aymonet JEQUIER, avant 1500, et ses trois fils : Pierre dit le Vieil, Jean et Pierre dit le Jeune.<\/p><p>Le 16 f\u00e9vrier 1553 \u00e0 Fleurier, Pierre Jacquier le Jeune reconna\u00eet ses biens. Au m\u00eame moment Claude, fils de Pierre Jacquier le Vieil, Georges, Pierre, Jaques et Jeanneret, fils de Jean Jequier reconnaissent aussi leurs biens<\/p>\t\t\t\t\t\t\t\t<\/div>\n\t\t\t\t<\/div>\n\t\t\t\t\t<\/div>\n\t\t<\/div>\n\t\t\t\t<div class=\"elementor-column elementor-col-50 elementor-inner-column elementor-element elementor-element-fad7048\" data-id=\"fad7048\" data-element_type=\"column\" data-e-type=\"column\">\n\t\t\t<div class=\"elementor-widget-wrap elementor-element-populated\">\n\t\t\t\t\t\t<div class=\"elementor-element elementor-element-5d8f853 elementor-widget elementor-widget-image\" data-id=\"5d8f853\" data-element_type=\"widget\" data-e-type=\"widget\" data-widget_type=\"image.default\">\n\t\t\t\t<div class=\"elementor-widget-container\">\n\t\t\t\t\t\t\t\t\t\t\t\t<figure class=\"wp-caption\">\n\t\t\t\t\t\t\t\t\t\t<img fetchpriority=\"high\" decoding=\"async\" width=\"268\" height=\"278\" src=\"https:\/\/www.sngenealogie.ch\/wp\/wp-content\/uploads\/bul-38-armoirie-jequier.jpg\" class=\"attachment-large size-large wp-image-9993\" alt=\"\" \/>\t\t\t\t\t\t\t\t\t\t\t<figcaption class=\"widget-image-caption wp-caption-text\">La plus ancienne armoirie des Jequier<\/figcaption>\n\t\t\t\t\t\t\t\t\t\t<\/figure>\n\t\t\t\t\t\t\t\t\t<\/div>\n\t\t\t\t<\/div>\n\t\t\t\t\t<\/div>\n\t\t<\/div>\n\t\t\t\t\t<\/div>\n\t\t<\/section>\n\t\t\t\t<div class=\"elementor-element elementor-element-8f373c9 elementor-widget elementor-widget-heading\" data-id=\"8f373c9\" data-element_type=\"widget\" data-e-type=\"widget\" data-widget_type=\"heading.default\">\n\t\t\t\t<div class=\"elementor-widget-container\">\n\t\t\t\t\t<h3 class=\"elementor-heading-title elementor-size-default\">Les JEQUIER de Neuch\u00e2tel<\/h3>\t\t\t\t<\/div>\n\t\t\t\t<\/div>\n\t\t\t\t<div class=\"elementor-element elementor-element-564612d elementor-widget elementor-widget-text-editor\" data-id=\"564612d\" data-element_type=\"widget\" data-e-type=\"widget\" data-widget_type=\"text-editor.default\">\n\t\t\t\t<div class=\"elementor-widget-container\">\n\t\t\t\t\t\t\t\t\t<p><strong>Jonas JEQUIER<\/strong> (1723-1800) notaire, justicier et ancien d&rsquo;Eglise, gouverneur de Fleurier devient bourgeois de Neuch\u00e2tel le 15 janvier 1787. <\/p><p><strong>Charles Gustave JEQUIER<\/strong> (1789-1859), son petit-fils, est lieutenant colonel \u00e0 l&rsquo;arm\u00e9e, chef du IVe arrondissement militaire, d\u00e9put\u00e9 au Corps l\u00e9gislatif et associ\u00e9 \u00e0 la maison d&rsquo;indiennes Bovet et Cie de Boudry.<\/p>\t\t\t\t\t\t\t\t<\/div>\n\t\t\t\t<\/div>\n\t\t\t\t<div class=\"elementor-element elementor-element-11b7099 elementor-widget elementor-widget-heading\" data-id=\"11b7099\" data-element_type=\"widget\" data-e-type=\"widget\" data-widget_type=\"heading.default\">\n\t\t\t\t<div class=\"elementor-widget-container\">\n\t\t\t\t\t<h3 class=\"elementor-heading-title elementor-size-default\">Les JEQUIER de Gen\u00e8ve<\/h3>\t\t\t\t<\/div>\n\t\t\t\t<\/div>\n\t\t\t\t<div class=\"elementor-element elementor-element-805fb18 elementor-widget elementor-widget-text-editor\" data-id=\"805fb18\" data-element_type=\"widget\" data-e-type=\"widget\" data-widget_type=\"text-editor.default\">\n\t\t\t\t<div class=\"elementor-widget-container\">\n\t\t\t\t\t\t\t\t\t<p>Henri Louis JEQUIER (1768-1844) est n\u00e9 \u00e0 Fleurier. Il va s&rsquo;installer comme ma\u00e7on \u00e0 Gen\u00e8ve o\u00f9 il est naturalis\u00e9 le 14 janvier 1815. N&rsquo;ayant pas de descendants m\u00e2les, l&rsquo;origine se perd.<\/p><p>Jean <strong>\u00ab\u00a0Louis\u00a0\u00bb JEQUIER<\/strong> (1808- 1876) est le neveu d&rsquo;Henri Louis. Lui aussi est n\u00e9 \u00e0 Fleurier et va aller s&rsquo;installer \u00e0 Gen\u00e8ve o\u00f9 il recevra la citoyennet\u00e9 genevoise le 8 ao\u00fbt 1848. Cette branche subsiste encore.<\/p><p>Entrepreneur, il s&rsquo;associe d&rsquo;abord avec son fr\u00e8re fondant l&rsquo;entreprise \u00ab\u00a0Jequier Fr\u00e8res\u00a0\u00bb puis, apr\u00e8s le d\u00e9c\u00e8s de celui-ci, en 1859, avec son fils \u00c9douard, fondant l&rsquo;entreprise \u00ab\u00a0Jequier &amp; Fils\u00a0\u00bb.\u00a0<\/p><p>Ils emportent le march\u00e9 de la construction des b\u00e2timents acad\u00e9miques, qu&rsquo;\u00c9douard ne verra pas, car il meurt avant le d\u00e9but des travaux. Les impr\u00e9vus et une vision trop optimiste provoqueront la faillite de l&rsquo;entreprise avant qu&rsquo;elle ait pu mener \u00e0 terme la construction [2].<\/p>\t\t\t\t\t\t\t\t<\/div>\n\t\t\t\t<\/div>\n\t\t\t\t<div class=\"elementor-element elementor-element-43b8400 elementor-widget elementor-widget-heading\" data-id=\"43b8400\" data-element_type=\"widget\" data-e-type=\"widget\" data-widget_type=\"heading.default\">\n\t\t\t\t<div class=\"elementor-widget-container\">\n\t\t\t\t\t<h3 class=\"elementor-heading-title elementor-size-default\">Quelques personnalit\u00e9s parmi les JEQUIER<\/h3>\t\t\t\t<\/div>\n\t\t\t\t<\/div>\n\t\t\t\t<div class=\"elementor-element elementor-element-7059baf elementor-widget elementor-widget-text-editor\" data-id=\"7059baf\" data-element_type=\"widget\" data-e-type=\"widget\" data-widget_type=\"text-editor.default\">\n\t\t\t\t<div class=\"elementor-widget-container\">\n\t\t\t\t\t\t\t\t\t<p><strong>Jules Samuel JEQUIER<\/strong> (1834-1898) originaire du Val-de-Travers, fait des \u00e9tudes d&rsquo;ing\u00e9nieur architecte \u00e0 Gen\u00e8ve. mais tr\u00e8s vite, il abandonne la profession pour se consacrer \u00e0 la peinture. Apr\u00e8s sa mort, sa famille organise une exposition de ses \u0153uvres \u00e0 son domicile \u00e0 Gen\u00e8ve. Tr\u00e8s actif dans la vie culturelle genevoise, il fait partie de plusieurs soci\u00e9t\u00e9s litt\u00e9raires et artistiques [3]. <\/p><p>Portant les m\u00eames pr\u00e9noms, <strong>Jules Samuel JEQUIER<\/strong> (1835-1915) est horloger. Avec son \u00e9pouse Marie THEVENAZ, ils auront 14 enfants : 7 gar\u00e7ons et 7 filles ! Jules Samuel a r\u00e9dig\u00e9 \u00e0 l&rsquo;intention de ses descendants ses m\u00e9moires et l&rsquo;histoire de sa famille. Son arri\u00e8re petite-fille, historienne, ayant retrouv\u00e9 ce manuscrit, l&rsquo;a repris et enrichie de nombreux documents et photographies. L&rsquo;ouvrage se lit comme un roman [4]. <\/p><p><strong>Jules \u00c9douard JEQUIER-DOGE<\/strong> (1907-1988) professeur de m\u00e9decine \u00e0 Gen\u00e8ve, est le petit-fils de Jules Samuel et de Marie THEVENAZ. Il obtient son dipl\u00f4me f\u00e9d\u00e9ral de m\u00e9decine en 1933.<\/p><p><strong>Robert JEQUIER<\/strong> (1899-2002) pasteur, est \u00e9galement un petit-fils de Jules Samuel et de Marie THEVENAZ. Apr\u00e8s un s\u00e9jour en Egypte dans les ann\u00e9es vingt, il exercera son minist\u00e8re au Locle de 1930 \u00e0 1966, mais demeurera au Locle jusqu&rsquo;\u00e0 sa mort. Il a gagn\u00e9 son pari de vivre sur 3 si\u00e8cles ! <\/p><p><strong>\u00c9douard JEQUIER-BUTTICAZ<\/strong> (1864-1944) est un descendant de la branche genevoise. M\u00e9decin lui aussi, apr\u00e8s avoir \u00e9pous\u00e9 Emma BUTTICAZ, il quitte la Suisse le 16 janvier 1886 pour aller s&rsquo;\u00e9tablir au Chili o\u00f9 il s&rsquo;occupera des colons fran\u00e7ais dans le Sud du pays. Avec son fr\u00e8re <strong>John JEQUIER<\/strong>, architecte, ils sont \u00e0 l&rsquo;origine d&rsquo;une nombreuse descendance \u00e9tablie au Chili. <\/p><p><strong>Gustave Louis J\u00c9QUIER<\/strong> (1868-1948) est professeur d&rsquo;\u00e9gyptologie \u00e0 l&rsquo;Universit\u00e9 de Neuch\u00e2tel. Il participe \u00e0 plusieurs campagnes de fouilles en \u00c9gypte o\u00f9 il fait une d\u00e9couverte sensationnelle en mettant \u00e0 jour une grosse pierre noire portant le code d&rsquo;Hammourabi (qui se trouve au Louvre). Il est officier de la l\u00e9gion d&rsquo;honneur et correspondant de l&rsquo;Institut de France. Il a l\u00e9gu\u00e9 au Mus\u00e9e d&rsquo;ethnographie de Neuch\u00e2tel toutes ses archives. Actuellement, un travail de recherche et de valorisation de ces documents est r\u00e9alis\u00e9e par une jeune doctorante. <\/p><p><strong>L\u00e9on<\/strong> (1905-1996) et <strong>Michel<\/strong> (1909-1996) <strong>J\u00c9QUIER<\/strong>, fils de Gustave, collaboreront avec leur p\u00e8re pour \u00e9tablir le c\u00e9l\u00e8bre Armorial neuch\u00e2telois. Le premier est ing\u00e9nieur \u00e9lectricien et travaillera en France et en Suisse. Le second est m\u00e9decin et professeur de\u00a0 neurologie \u00e0 l&rsquo;Universit\u00e9 de Lausanne.\u00a0<\/p><p>Apr\u00e8s cette pr\u00e9sentation, les nombreux repr\u00e9sentants pr\u00e9sents de la familles JEQUIER se sont pr\u00e9sent\u00e9s et la s\u00e9ance s&rsquo;est termin\u00e9e sur un riche \u00e9change.<\/p>\t\t\t\t\t\t\t\t<\/div>\n\t\t\t\t<\/div>\n\t\t\t\t\t<\/div>\n\t\t<\/div>\n\t\t\t\t\t<\/div>\n\t\t<\/section>\n\t\t\t\t<section class=\"elementor-section elementor-top-section elementor-element elementor-element-c9e76ef elementor-section-boxed elementor-section-height-default elementor-section-height-default\" data-id=\"c9e76ef\" data-element_type=\"section\" data-e-type=\"section\">\n\t\t\t\t\t\t<div class=\"elementor-container elementor-column-gap-default\">\n\t\t\t\t\t<div class=\"elementor-column elementor-col-100 elementor-top-column elementor-element elementor-element-1d217c91\" data-id=\"1d217c91\" data-element_type=\"column\" data-e-type=\"column\">\n\t\t\t<div class=\"elementor-widget-wrap elementor-element-populated\">\n\t\t\t\t\t\t<div class=\"elementor-element elementor-element-4687677c elementor-widget elementor-widget-heading\" data-id=\"4687677c\" data-element_type=\"widget\" data-e-type=\"widget\" data-widget_type=\"heading.default\">\n\t\t\t\t<div class=\"elementor-widget-container\">\n\t\t\t\t\t<h4 class=\"elementor-heading-title elementor-size-default\">Notes<\/h4>\t\t\t\t<\/div>\n\t\t\t\t<\/div>\n\t\t\t\t<div class=\"elementor-element elementor-element-2c80923 elementor-widget elementor-widget-text-editor\" data-id=\"2c80923\" data-element_type=\"widget\" data-e-type=\"widget\" data-widget_type=\"text-editor.default\">\n\t\t\t\t<div class=\"elementor-widget-container\">\n\t\t\t\t\t\t\t\t\t<ol><li>Armoiries cit\u00e9e dans l&rsquo;Armorial neuch\u00e2telois de Michel et L\u00e9on J\u00e9quier<\/li><li>Voir le Journal de Gen\u00e8ve : 2 d\u00e9cembre 1871 ; 2 mai 1872 ; 4 septembre 1872<\/li><li>Voir le Journal de Gen\u00e8ve du 27 ao\u00fbt 1898<\/li><li>\u00ab\u00a0La maison des souvenir\u00a0\u00bb, Ariane Brunko-M\u00e9autis, Ed. Gilles Attinger &#8211; 2008<\/li><\/ol>\t\t\t\t\t\t\t\t<\/div>\n\t\t\t\t<\/div>\n\t\t\t\t\t<\/div>\n\t\t<\/div>\n\t\t\t\t\t<\/div>\n\t\t<\/section>\n\t\t\t\t<section class=\"elementor-section elementor-top-section elementor-element elementor-element-394a1564 elementor-section-boxed elementor-section-height-default elementor-section-height-default\" data-id=\"394a1564\" data-element_type=\"section\" data-e-type=\"section\">\n\t\t\t\t\t\t<div class=\"elementor-container elementor-column-gap-default\">\n\t\t\t\t\t<div class=\"elementor-column elementor-col-33 elementor-top-column elementor-element elementor-element-2e538c5c\" data-id=\"2e538c5c\" data-element_type=\"column\" data-e-type=\"column\">\n\t\t\t<div class=\"elementor-widget-wrap elementor-element-populated\">\n\t\t\t\t\t\t<div class=\"elementor-element elementor-element-824257a elementor-widget elementor-widget-button\" data-id=\"824257a\" data-element_type=\"widget\" data-e-type=\"widget\" data-widget_type=\"button.default\">\n\t\t\t\t<div class=\"elementor-widget-container\">\n\t\t\t\t\t\t\t\t\t<div class=\"elementor-button-wrapper\">\n\t\t\t\t\t<a class=\"elementor-button elementor-button-link elementor-size-sm\" href=\"https:\/\/www.sngenealogie.ch\/wp\/bulletins\/bulletin-38\/souche-famille-baley\/\">\n\t\t\t\t\t\t<span class=\"elementor-button-content-wrapper\">\n\t\t\t\t\t\t<span class=\"elementor-button-icon\">\n\t\t\t\t<i aria-hidden=\"true\" class=\"fas fa-arrow-left\"><\/i>\t\t\t<\/span>\n\t\t\t\t\t\t\t\t\t<span class=\"elementor-button-text\">Article pr\u00e9c\u00e9dent<\/span>\n\t\t\t\t\t<\/span>\n\t\t\t\t\t<\/a>\n\t\t\t\t<\/div>\n\t\t\t\t\t\t\t\t<\/div>\n\t\t\t\t<\/div>\n\t\t\t\t\t<\/div>\n\t\t<\/div>\n\t\t\t\t<div class=\"elementor-column elementor-col-33 elementor-top-column elementor-element elementor-element-99cc7f\" data-id=\"99cc7f\" data-element_type=\"column\" data-e-type=\"column\">\n\t\t\t<div class=\"elementor-widget-wrap elementor-element-populated\">\n\t\t\t\t\t\t<div class=\"elementor-element elementor-element-7414bc44 elementor-align-center elementor-widget elementor-widget-button\" data-id=\"7414bc44\" data-element_type=\"widget\" data-e-type=\"widget\" data-widget_type=\"button.default\">\n\t\t\t\t<div class=\"elementor-widget-container\">\n\t\t\t\t\t\t\t\t\t<div class=\"elementor-button-wrapper\">\n\t\t\t\t\t<a class=\"elementor-button elementor-button-link elementor-size-sm\" href=\"https:\/\/www.sngenealogie.ch\/wp\/bulletins\/bulletin-38\/\">\n\t\t\t\t\t\t<span class=\"elementor-button-content-wrapper\">\n\t\t\t\t\t\t<span class=\"elementor-button-icon\">\n\t\t\t\t<i aria-hidden=\"true\" class=\"fas fa-arrow-up\"><\/i>\t\t\t<\/span>\n\t\t\t\t\t\t\t\t\t<span class=\"elementor-button-text\">Bulletin 38<\/span>\n\t\t\t\t\t<\/span>\n\t\t\t\t\t<\/a>\n\t\t\t\t<\/div>\n\t\t\t\t\t\t\t\t<\/div>\n\t\t\t\t<\/div>\n\t\t\t\t\t<\/div>\n\t\t<\/div>\n\t\t\t\t<div class=\"elementor-column elementor-col-33 elementor-top-column elementor-element elementor-element-35e0edd6\" data-id=\"35e0edd6\" data-element_type=\"column\" data-e-type=\"column\">\n\t\t\t<div class=\"elementor-widget-wrap elementor-element-populated\">\n\t\t\t\t\t\t<div class=\"elementor-element elementor-element-4febe7b0 elementor-align-right elementor-widget elementor-widget-button\" data-id=\"4febe7b0\" data-element_type=\"widget\" data-e-type=\"widget\" data-widget_type=\"button.default\">\n\t\t\t\t<div class=\"elementor-widget-container\">\n\t\t\t\t\t\t\t\t\t<div class=\"elementor-button-wrapper\">\n\t\t\t\t\t<a class=\"elementor-button elementor-button-link elementor-size-sm\" href=\"https:\/\/www.sngenealogie.ch\/wp\/bulletins\/bulletin-38\/peine-de-bannissement-a-neuchatel\/\">\n\t\t\t\t\t\t<span class=\"elementor-button-content-wrapper\">\n\t\t\t\t\t\t<span class=\"elementor-button-icon\">\n\t\t\t\t<i aria-hidden=\"true\" class=\"fas fa-arrow-right\"><\/i>\t\t\t<\/span>\n\t\t\t\t\t\t\t\t\t<span class=\"elementor-button-text\">Article suivant<\/span>\n\t\t\t\t\t<\/span>\n\t\t\t\t\t<\/a>\n\t\t\t\t<\/div>\n\t\t\t\t\t\t\t\t<\/div>\n\t\t\t\t<\/div>\n\t\t\t\t\t<\/div>\n\t\t<\/div>\n\t\t\t\t\t<\/div>\n\t\t<\/section>\n\t\t\t\t<\/div>\n\t\t","protected":false},"excerpt":{"rendered":"<p>Bulletin 38 \/ Septembre 2009 Les JEQUIER de Fleurier rapport\u00e9 par Fran\u00e7oise Favre, secr\u00e9taire Famille pr\u00e9sent\u00e9e par Paul Favre, le [&hellip;]<\/p>\n","protected":false},"author":1,"featured_media":0,"parent":2661,"menu_order":0,"comment_status":"closed","ping_status":"closed","template":"","meta":{"site-sidebar-layout":"no-sidebar","site-content-layout":"page-builder","ast-site-content-layout":"default","site-content-style":"default","site-sidebar-style":"default","ast-global-header-display":"","ast-banner-title-visibility":"","ast-main-header-display":"","ast-hfb-above-header-display":"","ast-hfb-below-header-display":"","ast-hfb-mobile-header-display":"","site-post-title":"disabled","ast-breadcrumbs-content":"","ast-featured-img":"disabled","footer-sml-layout":"","ast-disable-related-posts":"","theme-transparent-header-meta":"default","adv-header-id-meta":"","stick-header-meta":"","header-above-stick-meta":"","header-main-stick-meta":"","header-below-stick-meta":"","astra-migrate-meta-layouts":"default","ast-page-background-enabled":"default","ast-page-background-meta":{"desktop":{"background-color":"","background-image":"","background-repeat":"repeat","background-position":"center center","background-size":"auto","background-attachment":"scroll","background-type":"","background-media":"","overlay-type":"","overlay-color":"","overlay-opacity":"","overlay-gradient":""},"tablet":{"background-color":"","background-image":"","background-repeat":"repeat","background-position":"center center","background-size":"auto","background-attachment":"scroll","background-type":"","background-media":"","overlay-type":"","overlay-color":"","overlay-opacity":"","overlay-gradient":""},"mobile":{"background-color":"","background-image":"","background-repeat":"repeat","background-position":"center center","background-size":"auto","background-attachment":"scroll","background-type":"","background-media":"","overlay-type":"","overlay-color":"","overlay-opacity":"","overlay-gradient":""}},"ast-content-background-meta":{"desktop":{"background-color":"var(--ast-global-color-5)","background-image":"","background-repeat":"repeat","background-position":"center center","background-size":"auto","background-attachment":"scroll","background-type":"","background-media":"","overlay-type":"","overlay-color":"","overlay-opacity":"","overlay-gradient":""},"tablet":{"background-color":"var(--ast-global-color-5)","background-image":"","background-repeat":"repeat","background-position":"center center","background-size":"auto","background-attachment":"scroll","background-type":"","background-media":"","overlay-type":"","overlay-color":"","overlay-opacity":"","overlay-gradient":""},"mobile":{"background-color":"var(--ast-global-color-5)","background-image":"","background-repeat":"repeat","background-position":"center center","background-size":"auto","background-attachment":"scroll","background-type":"","background-media":"","overlay-type":"","overlay-color":"","overlay-opacity":"","overlay-gradient":""}},"footnotes":""},"wf_page_folders":[54],"class_list":["post-9991","page","type-page","status-publish","hentry"],"_links":{"self":[{"href":"https:\/\/www.sngenealogie.ch\/wp\/wp-json\/wp\/v2\/pages\/9991","targetHints":{"allow":["GET"]}}],"collection":[{"href":"https:\/\/www.sngenealogie.ch\/wp\/wp-json\/wp\/v2\/pages"}],"about":[{"href":"https:\/\/www.sngenealogie.ch\/wp\/wp-json\/wp\/v2\/types\/page"}],"author":[{"embeddable":true,"href":"https:\/\/www.sngenealogie.ch\/wp\/wp-json\/wp\/v2\/users\/1"}],"replies":[{"embeddable":true,"href":"https:\/\/www.sngenealogie.ch\/wp\/wp-json\/wp\/v2\/comments?post=9991"}],"version-history":[{"count":8,"href":"https:\/\/www.sngenealogie.ch\/wp\/wp-json\/wp\/v2\/pages\/9991\/revisions"}],"predecessor-version":[{"id":10053,"href":"https:\/\/www.sngenealogie.ch\/wp\/wp-json\/wp\/v2\/pages\/9991\/revisions\/10053"}],"up":[{"embeddable":true,"href":"https:\/\/www.sngenealogie.ch\/wp\/wp-json\/wp\/v2\/pages\/2661"}],"wp:attachment":[{"href":"https:\/\/www.sngenealogie.ch\/wp\/wp-json\/wp\/v2\/media?parent=9991"}],"wp:term":[{"taxonomy":"wf_page_folders","embeddable":true,"href":"https:\/\/www.sngenealogie.ch\/wp\/wp-json\/wp\/v2\/wf_page_folders?post=9991"}],"curies":[{"name":"wp","href":"https:\/\/api.w.org\/{rel}","templated":true}]}}